{"id":218,"date":"2016-10-28T13:34:47","date_gmt":"2016-10-28T11:34:47","guid":{"rendered":"https:\/\/wl.heimpixel.de\/vorlage\/fairer-handel\/"},"modified":"2025-01-25T23:13:52","modified_gmt":"2025-01-25T22:13:52","slug":"fairer-handel","status":"publish","type":"page","link":"https:\/\/weltlaeden.de\/pforzheim\/fairer-handel\/","title":{"rendered":"Fairer Handel"},"content":{"rendered":"<div class=\"wpb-content-wrapper\"><p>[vc_row][vc_column]<div class=\"wl_einzelbild\"><p><img loading=\"lazy\" decoding=\"async\" class=\"alignnone size-full wp-image-nsm-3-15\" src=\"https:\/\/weltlaeden.de\/pforzheim\/wp-content\/uploads\/sites\/3\/2016\/11\/FairerHandel_ElPuente_Fingerpuppen_EccoExe_Peru.jpg\" alt=\"\" width=\"1200\" height=\"519\" \/><\/p><\/div>[\/vc_column][\/vc_row][vc_row][vc_column][vc_empty_space][vc_column_text]<\/p>\n<h2 class=\"western\"><strong><span style=\"color: #ff9900\">Fairer Handel in Pforzheim<\/span><\/strong><\/h2>\n<p>[\/vc_column_text][vc_column_text]<\/p>\n<div class=\"wpb_text_column wpb_content_element \">\n<div class=\"wpb_wrapper\">\n<p class=\"normal\" style=\"text-align: left\">\u201eGerechte Bezahlung der Produzenten. Keine Kinderarbeit\u201c, f\u00e4llt den meisten Menschen spontan<br \/>\nzum Thema fairer Handel ein. Das sind zwei ganz wichtige Punkte, aber der faire Handel kann noch<br \/>\nviel mehr: Langfristige Handelsbeziehungen, Abnahmegarantien, Marktzugang f\u00fcr benachteiligte<br \/>\nProduzenten, wenig Zwischenhandel, sozialvertr\u00e4gliche Arbeitsbedingungen, F\u00f6rderung der<br \/>\nFrauenrechte, des Umweltschutzes usw. (siehe \u201eKriterien des Fairen Handels\u201c).<\/p>\n<p class=\"normal\" style=\"text-align: left\">Unsere derzeitigen Produktions- und Konsummuster sind weder nachhaltig noch gerecht. Sie gehen<br \/>\nvor allem zu Lasten des globalen S\u00fcdens. Wir setzen uns daher f\u00fcr nichts weniger als eine bessere,<br \/>\ngerechtere Welt ein. Utopisch? Der faire Handel w\u00e4chst von Jahr zu Jahr, fast immer zweistellig.<br \/>\nL\u00e4ngst sind fair gehandelte Produkte \u2013 auch in Pforzheim \u2013 in konventionellen Superm\u00e4rkten und<br \/>\nDiscountern erh\u00e4ltlich, wenngleich sie nur einen winzigen Teil ihres Sortiments ausmachen. Den<br \/>\nAnfang machten jedoch die Weltl\u00e4den, in Pforzheim bereits 1982. Weltl\u00e4den gehen in ihrer Arbeit<br \/>\n\u00fcber den reinen Produktverkauf hinaus.<\/p>\n<p class=\"normal\" style=\"text-align: left\">Wir haben es uns zum Ziel gesetzt, das Bewusstsein f\u00fcr den fairen Handel allgemein wie auch in<br \/>\nPforzheim zu f\u00f6rdern. Aktionen im Weltladen, bildungspolitische Arbeit f\u00fcr Erwachsene, F\u00fchrungen<br \/>\nf\u00fcr Schulklassen, Zusammenarbeit mit verschiedenen Pforzheimer Einrichtungen (z. B. FRAG, VHS) \u2013<br \/>\nauf vielf\u00e4ltige Art sensibilisieren wir die \u00d6ffentlichkeit f\u00fcr die Anliegen des fairen Handels.<\/p>\n<p class=\"normal\" style=\"text-align: left\">Seit November 2019 darf sich Pforzheim \u201eFairhandelsstadt\u201c nennen. Um diesen Titel zu erhalten,<br \/>\nverpflichtet sich eine Mindestzahl von Gesch\u00e4ften, gastronomischen Betrieben und \u00f6ffentlichen<br \/>\nEinrichtungen zu Verkauf oder Ausschank fair gehandelter Produkte. Die Zahl der Mitstreiter w\u00e4chst!<\/p>\n<\/div>\n<\/div>\n<p>[\/vc_column_text][\/vc_column][\/vc_row][vc_row][vc_column][vc_empty_space][vc_column_text]<\/p>\n<h2><strong><span style=\"color: #ff9900\">Fairer Handel bedeutet f\u00fcr Weltl\u00e4den&#8230;<\/span><\/strong><\/h2>\n<p>[\/vc_column_text][vc_column_text]<\/p>\n<div class=\"wpb_text_column wpb_content_element \">\n<div class=\"wpb_wrapper\">\n<p><strong>Verkaufen: <\/strong>Weil der Verkauf fair gehandelter Produkte das Leben f\u00fcr die Produzent\/innen verbessert.<\/p>\n<p><strong>Informieren: <\/strong>Weil politische Kampagnen die Rahmenbedingungen f\u00fcr die Menschen im S\u00fcden ver\u00e4ndern k\u00f6nnen.<\/p>\n<p><strong>Lernen:<\/strong> Weil Mitarbeiter\/innen und Kund\/innen viel \u00fcber die globalisierte Welt wissen sollten, um zu verstehen, wie unser Konsum die Welt ver\u00e4ndert \u2013 zum Guten oder zum Schlechten.<\/p>\n<\/div>\n<\/div>\n<p>[\/vc_column_text][\/vc_column][\/vc_row][vc_row][vc_column][vc_empty_space][vc_column_text]<\/p>\n<h2><strong><span style=\"color: #ff9900\">Kriterien des Fairen Handels<\/span><\/strong><\/h2>\n<p>[\/vc_column_text][vc_column_text]<\/p>\n<div class=\"wpb_text_column wpb_content_element \">\n<div class=\"wpb_wrapper\">\n<p><span class=\"normal\">Die<strong> <a href=\"https:\/\/weltlaeden.de\/bilderpool\/wp-content\/uploads\/sites\/3\/2019\/09\/Konvention_der_Weltl%C3%A4den.pdf\" target=\"_blank\" rel=\"noopener\">Konvention der Weltl\u00e4den<\/a><\/strong> ist das Grundsatzpapier f\u00fcr den Fairen Handel der Weltl\u00e4den und Fair-Handels-Gruppen. Sie wurde in einem jahrelangen Dialog gemeinsam entwickelt und erstmals 1997 von der Mitgliederversammlung des Weltladen-Dachverbandes beschlossen. Die Kriterien der Konvention der Weltl\u00e4den in der aktuellen Version decken sich mit den zehn Prinzipien der World Fair Trade Organization (<a href=\"http:\/\/www.wfto.com\" target=\"_blank\" rel=\"noopener\">WFTO<\/a>).<br \/>\n<\/span><\/p>\n<p><span class=\"normal\">Fairer Handel, wie ihn die Weltl\u00e4den betreiben, strebt eine gleichberechtigte Partnerschaft des Nordens mit dem S\u00fcden an. Daher wendet die Konvention die Kriterien auf alle wesentlichen Akteure im Fairen Handel an: auf Produzent\/innen, Importeure sowie Weltl\u00e4den und Fair-Handels-Gruppen.<\/span><\/p>\n<\/div>\n<\/div>\n<p>[\/vc_column_text][vc_column_text]<span class=\"normal\"><strong>Grundkriterien der Konvention:<\/strong><\/span><\/p>\n<ul>\n<li>Handelspraktiken<\/li>\n<li>Arbeitsbedingungen<\/li>\n<li>Transparenz<\/li>\n<li>Bildungs- und Informationsarbeit<\/li>\n<li>\u00d6ffentlichkeitsarbeit<\/li>\n<li>Umweltschutz<\/li>\n<li>Erg\u00e4nzungsprodukte (z.B. regionale Produkte)<\/li>\n<\/ul>\n<p>[\/vc_column_text][\/vc_column][\/vc_row][vc_row][vc_column][vc_empty_space][vc_column_text]<\/p>\n<h2><span style=\"color: #ff9900\"><strong>Links zu Akteuren des Fairen Handels<\/strong><\/span><\/h2>\n<p>[\/vc_column_text][vc_column_text]<\/p>\n<div class=\"wpb_text_column wpb_content_element \">\n<div class=\"wpb_wrapper\">\n<p><strong>Weltl\u00e4den<\/strong><\/p>\n<ul>\n<li><a href=\"https:\/\/weltlaeden.de\" target=\"_blank\" rel=\"noopener\">Weltladen-Dachverband<\/a><\/li>\n<\/ul>\n<p><strong>Importorganisationen (Auswahl)<br \/>\n<\/strong><\/p>\n<ul>\n<li><a href=\"http:\/\/www.banafair.de\" target=\"_blank\" rel=\"noopener\">BanaFair<\/a><\/li>\n<li><a href=\"http:\/\/www.weltpartner.de\">WeltPartner<\/a><\/li>\n<li><a href=\"http:\/\/www.el-puente.de\" target=\"_blank\" rel=\"noopener\">El Puente<\/a><\/li>\n<li><a href=\"http:\/\/www.gepa.de\/\" target=\"_blank\" rel=\"noopener\">GEPA \u2013 The Fair Trade Company<\/a><\/li>\n<li><a href=\"https:\/\/www.globo-fairtrade.com\/\" target=\"_blank\" rel=\"noopener\">GLOBO<\/a><\/li>\n<\/ul>\n<p><strong>Netzwerke und Infos \u00fcber Produzent\/innen<br \/>\n<\/strong><\/p>\n<ul>\n<li><a href=\"http:\/\/www.forum-fairer-handel.de\" target=\"_blank\" rel=\"noopener\">Forum Fairer Handel<\/a><\/li>\n<li><a href=\"https:\/\/www.fair-band.de\" target=\"_blank\" rel=\"noopener\">FAIR BAND<\/a><\/li>\n<li><a href=\"http:\/\/www.wfto.com\/\" target=\"_blank\" rel=\"noopener\">World Fair Trade Organization\u00a0(WFTO)<\/a><\/li>\n<li><a href=\"http:\/\/fairtrade.de\">fairtrade.de<\/a><\/li>\n<\/ul>\n<p><strong>Siegelorganisationen<\/strong><\/p>\n<ul>\n<li><a href=\"http:\/\/www.naturland.de\/index.php?option=com_content&amp;view=category&amp;layout=blog&amp;id=148&amp;Itemid=888&amp;lang=de\">Naturland Fair<\/a><\/li>\n<li><a href=\"http:\/\/www.fairtrade-deutschland.de\" target=\"_blank\" rel=\"noopener\">Fairtrade Deutschland<\/a><\/li>\n<li><a href=\"http:\/\/www.fairtrade.net\" target=\"_blank\" rel=\"noopener\">Fairtrade International<\/a><\/li>\n<\/ul>\n<\/div>\n<\/div>\n<p>[\/vc_column_text][\/vc_column][\/vc_row][vc_row][vc_column][vc_empty_space][vc_column_text]<\/p>\n<h1><span style=\"color: #ff9900\"><strong>Unsere Lieferanten<\/strong><\/span><\/h1>\n<p>[\/vc_column_text][vc_column_text css=&#8220;&#8220;]<\/p>\n<div class=\"wpb_text_column wpb_content_element \">\n<div class=\"wpb_wrapper\">\n<p>&nbsp;<\/p>\n<table border=\"0\" rules=\"all\" cellspacing=\"3\" align=\"center\">\n<thead class=\"gross\">\n<tr>\n<td style=\"text-align: center\"><strong>Lieferantenlogo<\/strong><\/td>\n<td><strong>Lieferantenname<\/strong><\/td>\n<td style=\"text-align: center\"><strong>Lieferantenadresse<\/strong><\/td>\n<\/tr>\n<\/thead>\n<tbody>\n<tr>\n<td><img loading=\"lazy\" decoding=\"async\" class=\"size-full wp-image-1204 aligncenter\" src=\"https:\/\/weltlaeden.de\/pforzheim\/wp-content\/uploads\/sites\/61\/2025\/01\/Akar.png\" alt=\"\" width=\"100\" height=\"43\" \/><\/td>\n<td>Akar Warenhandel<\/td>\n<td>Am Bleichbach 4a<\/p>\n<p>85452 Moosinning<\/p>\n<p><a href=\"https:\/\/www.akarfairtrade.de\/\" target=\"_blank\" rel=\"noopener\">http:\/\/www.akarfairtrade.de\/<\/a><\/td>\n<\/tr>\n<tr>\n<td><img loading=\"lazy\" decoding=\"async\" class=\" wp-image-1205 aligncenter\" src=\"https:\/\/weltlaeden.de\/pforzheim\/wp-content\/uploads\/sites\/61\/2025\/01\/CfA.jpg\" alt=\"\" width=\"136\" height=\"109\" srcset=\"https:\/\/weltlaeden.de\/pforzheim\/wp-content\/uploads\/sites\/61\/2025\/01\/CfA.jpg 750w, https:\/\/weltlaeden.de\/pforzheim\/wp-content\/uploads\/sites\/61\/2025\/01\/CfA-300x240.jpg 300w\" sizes=\"auto, (max-width: 136px) 100vw, 136px\" \/><\/td>\n<td>Cards from Afrika<\/td>\n<td>Brickfields House. 15-16<\/p>\n<p>Cheddars Lane CB5 8LD Cambridge<\/p>\n<p><a href=\"http:\/\/www.cardsfromafrica.de\/\" target=\"_blank\" rel=\"noopener\">http:\/\/www.cardsfromafrica.de\/<\/a><\/td>\n<\/tr>\n<tr>\n<td><img loading=\"lazy\" decoding=\"async\" class=\"size-full wp-image-1206 aligncenter\" src=\"https:\/\/weltlaeden.de\/pforzheim\/wp-content\/uploads\/sites\/61\/2025\/01\/contigo.png\" alt=\"\" width=\"78\" height=\"100\" \/><\/td>\n<td>Contigo<\/td>\n<td>Wilhelm-Lambrecht-Str. 3<\/p>\n<p>37079 G\u00f6ttingen<\/p>\n<p><a href=\"http:\/\/www.contigo.de\/\">htt<\/a><a href=\"http:\/\/www.contigo.de\/\" target=\"_blank\" rel=\"noopener\">p:\/\/www.contigo.de\/<\/a><\/td>\n<\/tr>\n<tr>\n<td>\u00a0<img loading=\"lazy\" decoding=\"async\" class=\" wp-image-688 aligncenter\" src=\"https:\/\/weltlaeden.de\/pforzheim\/wp-content\/uploads\/sites\/61\/2019\/09\/Webversion-WeltPartner-Logo-1024x1024.jpg\" alt=\"\" width=\"101\" height=\"102\" \/><\/td>\n<td>WeltPartner<\/td>\n<td>\n<p style=\"font-weight: 400\">Hinzistobler Stra\u00dfe 10<\/p>\n<p style=\"font-weight: 400\">88212 Ravensburg<\/p>\n<p><a href=\"http:\/\/www.weltpartner.de\/\" target=\"_blank\" rel=\"noopener\">http:\/\/www.weltpartner.de<\/a><\/td>\n<\/tr>\n<tr>\n<td><img loading=\"lazy\" decoding=\"async\" class=\" wp-image-1208 aligncenter\" src=\"https:\/\/weltlaeden.de\/pforzheim\/wp-content\/uploads\/sites\/61\/2025\/01\/EP.png\" alt=\"\" width=\"156\" height=\"61\" \/><\/td>\n<td>El-Puente<\/td>\n<td>Lise-Meitner-Str. 9<\/p>\n<p>31171 Nordstemmen<\/p>\n<p><a href=\"http:\/\/www.el-puente.de\/\">http:<\/a><a href=\"http:\/\/www.el-puente.de\/\" target=\"_blank\" rel=\"noopener\">\/\/www.el-puente.de\/<\/a><\/td>\n<\/tr>\n<tr>\n<td><img loading=\"lazy\" decoding=\"async\" class=\"size-full wp-image-1209 aligncenter\" src=\"https:\/\/weltlaeden.de\/pforzheim\/wp-content\/uploads\/sites\/61\/2025\/01\/FTC-Breisgau.png\" alt=\"\" width=\"100\" height=\"97\" \/><\/td>\n<td>FTC-Breisgau<\/td>\n<td>Hauptstr. 25<br \/>\n79359 Riegel<br \/>\n<a href=\"http:\/\/www.fairtradecenter.info\/\" target=\"_blank\" rel=\"noopener\">http:\/\/www.fairtradecenter.info\/<\/a><\/td>\n<\/tr>\n<tr>\n<td><img loading=\"lazy\" decoding=\"async\" class=\"size-full wp-image-1210 aligncenter\" src=\"https:\/\/weltlaeden.de\/pforzheim\/wp-content\/uploads\/sites\/61\/2025\/01\/GEPA.png\" alt=\"\" width=\"87\" height=\"100\" \/><\/td>\n<td>GEPA<\/td>\n<td>GEPA-Weg 1<br \/>\n42327 Wuppertal<br \/>\n<a href=\"http:\/\/www.gepa.de\/\" target=\"_blank\" rel=\"noopener\">http:\/\/www.gepa.de\/<\/a><\/td>\n<\/tr>\n<tr>\n<td><img loading=\"lazy\" decoding=\"async\" class=\" wp-image-1211 aligncenter\" src=\"https:\/\/weltlaeden.de\/pforzheim\/wp-content\/uploads\/sites\/61\/2025\/01\/GLOBO-1024x563.jpg\" alt=\"\" width=\"118\" height=\"65\" srcset=\"https:\/\/weltlaeden.de\/pforzheim\/wp-content\/uploads\/sites\/61\/2025\/01\/GLOBO-1024x563.jpg 1024w, https:\/\/weltlaeden.de\/pforzheim\/wp-content\/uploads\/sites\/61\/2025\/01\/GLOBO-300x165.jpg 300w, https:\/\/weltlaeden.de\/pforzheim\/wp-content\/uploads\/sites\/61\/2025\/01\/GLOBO-768x422.jpg 768w, https:\/\/weltlaeden.de\/pforzheim\/wp-content\/uploads\/sites\/61\/2025\/01\/GLOBO.jpg 1092w\" sizes=\"auto, (max-width: 118px) 100vw, 118px\" \/><\/td>\n<td>GLOBO<\/td>\n<td>Westerntor 26<br \/>\n31699 Beckedorf<br \/>\n<a href=\"http:\/\/www.globo-fairtrade.com\/magento\/\" target=\"_blank\" rel=\"noopener\">http:\/\/www.globo-fairtrade.com\/<\/a><\/td>\n<\/tr>\n<tr>\n<td><img loading=\"lazy\" decoding=\"async\" class=\" wp-image-1212 aligncenter\" src=\"https:\/\/weltlaeden.de\/pforzheim\/wp-content\/uploads\/sites\/61\/2025\/01\/graswurzel.gif\" alt=\"\" width=\"141\" height=\"96\" \/><\/td>\n<td>graswurzel<\/td>\n<td>Sch\u00fcsselstra\u00dfe 3<br \/>\n63877 Sailauf<br \/>\n<a href=\"http:\/\/www.graswurzel.com\/\" target=\"_blank\" rel=\"noopener\">http:\/\/www.graswurzel.com\/<\/a><\/td>\n<\/tr>\n<tr>\n<td><img loading=\"lazy\" decoding=\"async\" class=\"size-full wp-image-1213 aligncenter\" src=\"https:\/\/weltlaeden.de\/pforzheim\/wp-content\/uploads\/sites\/61\/2025\/01\/Gundara.gif\" alt=\"\" width=\"75\" height=\"84\" \/><\/td>\n<td>Gundara<\/td>\n<td>Kiefholzstra\u00dfe 417<br \/>\n12435 Berlin<br \/>\n<a href=\"http:\/\/www.gundara.com\/\" target=\"_blank\" rel=\"noopener\">http:\/\/www.gundara.com\/<\/a><\/td>\n<\/tr>\n<tr>\n<td><img loading=\"lazy\" decoding=\"async\" class=\"wp-image-1214 aligncenter\" src=\"https:\/\/weltlaeden.de\/pforzheim\/wp-content\/uploads\/sites\/61\/2025\/01\/isuna.jpg\" alt=\"\" width=\"84\" height=\"134\" srcset=\"https:\/\/weltlaeden.de\/pforzheim\/wp-content\/uploads\/sites\/61\/2025\/01\/isuna.jpg 312w, https:\/\/weltlaeden.de\/pforzheim\/wp-content\/uploads\/sites\/61\/2025\/01\/isuna-189x300.jpg 189w\" sizes=\"auto, (max-width: 84px) 100vw, 84px\" \/><\/td>\n<td>ISUNA-Keramik<\/td>\n<td>Schwarzwaldtra\u00dfe 52<br \/>\n76593 Gernsbach<br \/>\n<a href=\"http:\/\/www.isuna.de\/\" target=\"_blank\" rel=\"noopener\">http:\/\/www.isuna.de\/<\/a><\/td>\n<\/tr>\n<tr>\n<td><img loading=\"lazy\" decoding=\"async\" class=\"alignnone wp-image-1215\" src=\"https:\/\/weltlaeden.de\/pforzheim\/wp-content\/uploads\/sites\/61\/2025\/01\/Kalakosh.jpg\" alt=\"\" width=\"160\" height=\"49\" srcset=\"https:\/\/weltlaeden.de\/pforzheim\/wp-content\/uploads\/sites\/61\/2025\/01\/Kalakosh.jpg 350w, https:\/\/weltlaeden.de\/pforzheim\/wp-content\/uploads\/sites\/61\/2025\/01\/Kalakosh-300x92.jpg 300w\" sizes=\"auto, (max-width: 160px) 100vw, 160px\" \/><\/td>\n<td>kalakosh<\/td>\n<td>G\u00fcnthersburgallee 14<br \/>\n60316 Frankfurt am Main<br \/>\n<a href=\"http:\/\/www.kalakosh.de\/\" target=\"_blank\" rel=\"noopener\">http:\/\/www.kalakosh.de\/<\/a><\/td>\n<\/tr>\n<tr>\n<td><\/td>\n<td><\/td>\n<td><\/td>\n<\/tr>\n<tr>\n<td><img loading=\"lazy\" decoding=\"async\" class=\"size-full wp-image-1217 aligncenter\" src=\"https:\/\/weltlaeden.de\/pforzheim\/wp-content\/uploads\/sites\/61\/2025\/01\/Kepocko.png\" alt=\"\" width=\"100\" height=\"100\" \/><\/td>\n<td>Kepocko<\/td>\n<td>Kantnerstr. 11<br \/>\n94501 Aldersbach<br \/>\n<a href=\"http:\/\/www.afrika-style.de\/\">htt<\/a><a href=\"http:\/\/www.afrika-style.de\/\" target=\"_blank\" rel=\"noopener\">http:\/\/www.afrika-style.de\/<\/a><\/td>\n<\/tr>\n<tr>\n<td><img loading=\"lazy\" decoding=\"async\" class=\"alignnone wp-image-1218\" src=\"https:\/\/weltlaeden.de\/pforzheim\/wp-content\/uploads\/sites\/61\/2025\/01\/recycelBAR-1024x325.jpg\" alt=\"\" width=\"179\" height=\"57\" srcset=\"https:\/\/weltlaeden.de\/pforzheim\/wp-content\/uploads\/sites\/61\/2025\/01\/recycelBAR-1024x325.jpg 1024w, https:\/\/weltlaeden.de\/pforzheim\/wp-content\/uploads\/sites\/61\/2025\/01\/recycelBAR-300x95.jpg 300w, https:\/\/weltlaeden.de\/pforzheim\/wp-content\/uploads\/sites\/61\/2025\/01\/recycelBAR-768x244.jpg 768w, https:\/\/weltlaeden.de\/pforzheim\/wp-content\/uploads\/sites\/61\/2025\/01\/recycelBAR-1536x487.jpg 1536w, https:\/\/weltlaeden.de\/pforzheim\/wp-content\/uploads\/sites\/61\/2025\/01\/recycelBAR-2048x650.jpg 2048w\" sizes=\"auto, (max-width: 179px) 100vw, 179px\" \/><\/td>\n<td>recycelBAR<\/td>\n<td>Oberlohnstr. 3<br \/>\n78467 Konstanz<br \/>\n<a href=\"http:\/\/www.recyclebar.de\/\" target=\"_blank\" rel=\"noopener\">http:\/\/www.recyclebar.de\/<\/a><\/td>\n<\/tr>\n<tr>\n<td><img loading=\"lazy\" decoding=\"async\" class=\"size-full wp-image-1201 aligncenter\" src=\"https:\/\/weltlaeden.de\/pforzheim\/wp-content\/uploads\/sites\/61\/2025\/01\/respecca.png\" alt=\"\" width=\"100\" height=\"65\" \/><\/td>\n<td>Respecca<\/td>\n<td>M\u00fcnsinger Stra\u00dfe 9<br \/>\n72829 Engstingen<br \/>\n<a href=\"http:\/\/www.respecca.com\/\" target=\"_blank\" rel=\"noopener\">http:\/\/www.respecca.com\/<\/a><\/td>\n<\/tr>\n<tr>\n<td><img loading=\"lazy\" decoding=\"async\" class=\"wp-image-1202 aligncenter\" src=\"https:\/\/weltlaeden.de\/pforzheim\/wp-content\/uploads\/sites\/61\/2025\/01\/Sarana_Logo.jpg\" alt=\"\" width=\"73\" height=\"92\" srcset=\"https:\/\/weltlaeden.de\/pforzheim\/wp-content\/uploads\/sites\/61\/2025\/01\/Sarana_Logo.jpg 600w, https:\/\/weltlaeden.de\/pforzheim\/wp-content\/uploads\/sites\/61\/2025\/01\/Sarana_Logo-238x300.jpg 238w\" sizes=\"auto, (max-width: 73px) 100vw, 73px\" \/><\/td>\n<td>Sarana<\/td>\n<td>Industrieweg 16a<br \/>\n4104 AR Culemborg, Nederland<br \/>\n<a href=\"http:\/\/www.sarana.nl\/\" target=\"_blank\" rel=\"noopener\">http:\/\/www.sarana.nl\/<\/a><\/td>\n<\/tr>\n<tr>\n<td><img loading=\"lazy\" decoding=\"async\" class=\"wp-image-1203 aligncenter\" src=\"https:\/\/weltlaeden.de\/pforzheim\/wp-content\/uploads\/sites\/61\/2025\/01\/Suedsinn.jpg\" alt=\"\" width=\"103\" height=\"75\" srcset=\"https:\/\/weltlaeden.de\/pforzheim\/wp-content\/uploads\/sites\/61\/2025\/01\/Suedsinn.jpg 700w, https:\/\/weltlaeden.de\/pforzheim\/wp-content\/uploads\/sites\/61\/2025\/01\/Suedsinn-300x218.jpg 300w\" sizes=\"auto, (max-width: 103px) 100vw, 103px\" \/><\/td>\n<td>S\u00fcdsinn<\/td>\n<td>Dorfstr. 12<br \/>\n16866 Wutike<br \/>\n<a href=\"http:\/\/www.suedsinn.de\/\" target=\"_blank\" rel=\"noopener\">http:\/\/www.suedsinn.de\/<\/a><\/td>\n<\/tr>\n<\/tbody>\n<\/table>\n<\/div>\n<\/div>\n<p>[\/vc_column_text][\/vc_column][\/vc_row]<\/p>\n<\/div>","protected":false},"excerpt":{"rendered":"<p>[vc_row][vc_column][\/vc_column][\/vc_row][vc_row][vc_column][vc_empty_space][vc_column_text] Fairer Handel in Pforzheim [\/vc_column_text][vc_column_text] \u201eGerechte Bezahlung der Produzenten. Keine Kinderarbeit\u201c, f\u00e4llt den meisten Menschen spontan zum Thema fairer Handel ein. Das sind zwei ganz wichtige Punkte, aber der faire Handel kann noch viel mehr: Langfristige Handelsbeziehungen, Abnahmegarantien, Marktzugang f\u00fcr benachteiligte Produzenten, wenig Zwischenhandel, sozialvertr\u00e4gliche Arbeitsbedingungen, F\u00f6rderung der Frauenrechte, des Umweltschutzes usw. (siehe \u201eKriterien&hellip;<\/p>\n","protected":false},"author":1,"featured_media":0,"parent":0,"menu_order":4,"comment_status":"closed","ping_status":"closed","template":"","meta":{"footnotes":""},"class_list":["post-218","page","type-page","status-publish","hentry","description-off"],"yoast_head":"<!-- This site is optimized with the Yoast SEO plugin v26.8 - https:\/\/yoast.com\/product\/yoast-seo-wordpress\/ -->\n<title>Fairer Handel - Weltladen Pforzheim<\/title>\n<meta name=\"robots\" content=\"index, follow, max-snippet:-1, max-image-preview:large, max-video-preview:-1\" \/>\n<link rel=\"canonical\" href=\"https:\/\/weltlaeden.de\/pforzheim\/fairer-handel\/\" \/>\n<meta property=\"og:locale\" content=\"de_DE\" \/>\n<meta property=\"og:type\" content=\"article\" \/>\n<meta property=\"og:title\" content=\"Fairer Handel - Weltladen Pforzheim\" \/>\n<meta property=\"og:description\" content=\"[vc_row][vc_column][\/vc_column][\/vc_row][vc_row][vc_column][vc_empty_space][vc_column_text] Fairer Handel in Pforzheim [\/vc_column_text][vc_column_text] \u201eGerechte Bezahlung der Produzenten. Keine Kinderarbeit\u201c, f\u00e4llt den meisten Menschen spontan zum Thema fairer Handel ein. Das sind zwei ganz wichtige Punkte, aber der faire Handel kann noch viel mehr: Langfristige Handelsbeziehungen, Abnahmegarantien, Marktzugang f\u00fcr benachteiligte Produzenten, wenig Zwischenhandel, sozialvertr\u00e4gliche Arbeitsbedingungen, F\u00f6rderung der Frauenrechte, des Umweltschutzes usw. (siehe \u201eKriterien&hellip;\" \/>\n<meta property=\"og:url\" content=\"https:\/\/weltlaeden.de\/pforzheim\/fairer-handel\/\" \/>\n<meta property=\"og:site_name\" content=\"Weltladen Pforzheim\" \/>\n<meta property=\"article:modified_time\" content=\"2025-01-25T22:13:52+00:00\" \/>\n<meta property=\"og:image\" content=\"https:\/\/weltlaeden.de\/pforzheim\/wp-content\/uploads\/sites\/3\/2016\/11\/FairerHandel_ElPuente_Fingerpuppen_EccoExe_Peru.jpg\" \/>\n<meta name=\"twitter:card\" content=\"summary_large_image\" \/>\n<meta name=\"twitter:label1\" content=\"Gesch\u00e4tzte Lesezeit\" \/>\n\t<meta name=\"twitter:data1\" content=\"7\u00a0Minuten\" \/>\n<script type=\"application\/ld+json\" class=\"yoast-schema-graph\">{\"@context\":\"https:\/\/schema.org\",\"@graph\":[{\"@type\":\"WebPage\",\"@id\":\"https:\/\/weltlaeden.de\/pforzheim\/fairer-handel\/\",\"url\":\"https:\/\/weltlaeden.de\/pforzheim\/fairer-handel\/\",\"name\":\"Fairer Handel - Weltladen Pforzheim\",\"isPartOf\":{\"@id\":\"https:\/\/weltlaeden.de\/pforzheim\/#website\"},\"primaryImageOfPage\":{\"@id\":\"https:\/\/weltlaeden.de\/pforzheim\/fairer-handel\/#primaryimage\"},\"image\":{\"@id\":\"https:\/\/weltlaeden.de\/pforzheim\/fairer-handel\/#primaryimage\"},\"thumbnailUrl\":\"https:\/\/weltlaeden.de\/pforzheim\/wp-content\/uploads\/sites\/3\/2016\/11\/FairerHandel_ElPuente_Fingerpuppen_EccoExe_Peru.jpg\",\"datePublished\":\"2016-10-28T11:34:47+00:00\",\"dateModified\":\"2025-01-25T22:13:52+00:00\",\"breadcrumb\":{\"@id\":\"https:\/\/weltlaeden.de\/pforzheim\/fairer-handel\/#breadcrumb\"},\"inLanguage\":\"de\",\"potentialAction\":[{\"@type\":\"ReadAction\",\"target\":[\"https:\/\/weltlaeden.de\/pforzheim\/fairer-handel\/\"]}]},{\"@type\":\"ImageObject\",\"inLanguage\":\"de\",\"@id\":\"https:\/\/weltlaeden.de\/pforzheim\/fairer-handel\/#primaryimage\",\"url\":\"https:\/\/weltlaeden.de\/pforzheim\/wp-content\/uploads\/sites\/3\/2016\/11\/FairerHandel_ElPuente_Fingerpuppen_EccoExe_Peru.jpg\",\"contentUrl\":\"https:\/\/weltlaeden.de\/pforzheim\/wp-content\/uploads\/sites\/3\/2016\/11\/FairerHandel_ElPuente_Fingerpuppen_EccoExe_Peru.jpg\"},{\"@type\":\"BreadcrumbList\",\"@id\":\"https:\/\/weltlaeden.de\/pforzheim\/fairer-handel\/#breadcrumb\",\"itemListElement\":[{\"@type\":\"ListItem\",\"position\":1,\"name\":\"Startseite\",\"item\":\"https:\/\/weltlaeden.de\/pforzheim\/\"},{\"@type\":\"ListItem\",\"position\":2,\"name\":\"Fairer Handel\"}]},{\"@type\":\"WebSite\",\"@id\":\"https:\/\/weltlaeden.de\/pforzheim\/#website\",\"url\":\"https:\/\/weltlaeden.de\/pforzheim\/\",\"name\":\"Vorlage\",\"description\":\"Faire Produkte seit 1990\",\"potentialAction\":[{\"@type\":\"SearchAction\",\"target\":{\"@type\":\"EntryPoint\",\"urlTemplate\":\"https:\/\/weltlaeden.de\/pforzheim\/?s={search_term_string}\"},\"query-input\":{\"@type\":\"PropertyValueSpecification\",\"valueRequired\":true,\"valueName\":\"search_term_string\"}}],\"inLanguage\":\"de\"}]}<\/script>\n<!-- \/ Yoast SEO plugin. -->","yoast_head_json":{"title":"Fairer Handel - Weltladen Pforzheim","robots":{"index":"index","follow":"follow","max-snippet":"max-snippet:-1","max-image-preview":"max-image-preview:large","max-video-preview":"max-video-preview:-1"},"canonical":"https:\/\/weltlaeden.de\/pforzheim\/fairer-handel\/","og_locale":"de_DE","og_type":"article","og_title":"Fairer Handel - Weltladen Pforzheim","og_description":"[vc_row][vc_column][\/vc_column][\/vc_row][vc_row][vc_column][vc_empty_space][vc_column_text] Fairer Handel in Pforzheim [\/vc_column_text][vc_column_text] \u201eGerechte Bezahlung der Produzenten. Keine Kinderarbeit\u201c, f\u00e4llt den meisten Menschen spontan zum Thema fairer Handel ein. Das sind zwei ganz wichtige Punkte, aber der faire Handel kann noch viel mehr: Langfristige Handelsbeziehungen, Abnahmegarantien, Marktzugang f\u00fcr benachteiligte Produzenten, wenig Zwischenhandel, sozialvertr\u00e4gliche Arbeitsbedingungen, F\u00f6rderung der Frauenrechte, des Umweltschutzes usw. (siehe \u201eKriterien&hellip;","og_url":"https:\/\/weltlaeden.de\/pforzheim\/fairer-handel\/","og_site_name":"Weltladen Pforzheim","article_modified_time":"2025-01-25T22:13:52+00:00","og_image":[{"url":"https:\/\/weltlaeden.de\/pforzheim\/wp-content\/uploads\/sites\/3\/2016\/11\/FairerHandel_ElPuente_Fingerpuppen_EccoExe_Peru.jpg","type":"","width":"","height":""}],"twitter_card":"summary_large_image","twitter_misc":{"Gesch\u00e4tzte Lesezeit":"7\u00a0Minuten"},"schema":{"@context":"https:\/\/schema.org","@graph":[{"@type":"WebPage","@id":"https:\/\/weltlaeden.de\/pforzheim\/fairer-handel\/","url":"https:\/\/weltlaeden.de\/pforzheim\/fairer-handel\/","name":"Fairer Handel - Weltladen Pforzheim","isPartOf":{"@id":"https:\/\/weltlaeden.de\/pforzheim\/#website"},"primaryImageOfPage":{"@id":"https:\/\/weltlaeden.de\/pforzheim\/fairer-handel\/#primaryimage"},"image":{"@id":"https:\/\/weltlaeden.de\/pforzheim\/fairer-handel\/#primaryimage"},"thumbnailUrl":"https:\/\/weltlaeden.de\/pforzheim\/wp-content\/uploads\/sites\/3\/2016\/11\/FairerHandel_ElPuente_Fingerpuppen_EccoExe_Peru.jpg","datePublished":"2016-10-28T11:34:47+00:00","dateModified":"2025-01-25T22:13:52+00:00","breadcrumb":{"@id":"https:\/\/weltlaeden.de\/pforzheim\/fairer-handel\/#breadcrumb"},"inLanguage":"de","potentialAction":[{"@type":"ReadAction","target":["https:\/\/weltlaeden.de\/pforzheim\/fairer-handel\/"]}]},{"@type":"ImageObject","inLanguage":"de","@id":"https:\/\/weltlaeden.de\/pforzheim\/fairer-handel\/#primaryimage","url":"https:\/\/weltlaeden.de\/pforzheim\/wp-content\/uploads\/sites\/3\/2016\/11\/FairerHandel_ElPuente_Fingerpuppen_EccoExe_Peru.jpg","contentUrl":"https:\/\/weltlaeden.de\/pforzheim\/wp-content\/uploads\/sites\/3\/2016\/11\/FairerHandel_ElPuente_Fingerpuppen_EccoExe_Peru.jpg"},{"@type":"BreadcrumbList","@id":"https:\/\/weltlaeden.de\/pforzheim\/fairer-handel\/#breadcrumb","itemListElement":[{"@type":"ListItem","position":1,"name":"Startseite","item":"https:\/\/weltlaeden.de\/pforzheim\/"},{"@type":"ListItem","position":2,"name":"Fairer Handel"}]},{"@type":"WebSite","@id":"https:\/\/weltlaeden.de\/pforzheim\/#website","url":"https:\/\/weltlaeden.de\/pforzheim\/","name":"Vorlage","description":"Faire Produkte seit 1990","potentialAction":[{"@type":"SearchAction","target":{"@type":"EntryPoint","urlTemplate":"https:\/\/weltlaeden.de\/pforzheim\/?s={search_term_string}"},"query-input":{"@type":"PropertyValueSpecification","valueRequired":true,"valueName":"search_term_string"}}],"inLanguage":"de"}]}},"_links":{"self":[{"href":"https:\/\/weltlaeden.de\/pforzheim\/wp-json\/wp\/v2\/pages\/218","targetHints":{"allow":["GET"]}}],"collection":[{"href":"https:\/\/weltlaeden.de\/pforzheim\/wp-json\/wp\/v2\/pages"}],"about":[{"href":"https:\/\/weltlaeden.de\/pforzheim\/wp-json\/wp\/v2\/types\/page"}],"author":[{"embeddable":true,"href":"https:\/\/weltlaeden.de\/pforzheim\/wp-json\/wp\/v2\/users\/1"}],"replies":[{"embeddable":true,"href":"https:\/\/weltlaeden.de\/pforzheim\/wp-json\/wp\/v2\/comments?post=218"}],"version-history":[{"count":36,"href":"https:\/\/weltlaeden.de\/pforzheim\/wp-json\/wp\/v2\/pages\/218\/revisions"}],"predecessor-version":[{"id":1219,"href":"https:\/\/weltlaeden.de\/pforzheim\/wp-json\/wp\/v2\/pages\/218\/revisions\/1219"}],"wp:attachment":[{"href":"https:\/\/weltlaeden.de\/pforzheim\/wp-json\/wp\/v2\/media?parent=218"}],"curies":[{"name":"wp","href":"https:\/\/api.w.org\/{rel}","templated":true}]}}