{"id":23,"date":"2016-10-14T09:05:21","date_gmt":"2016-10-14T07:05:21","guid":{"rendered":"https:\/\/wl.heimpixel.de\/osterstrasse\/termine\/"},"modified":"2026-01-30T13:14:09","modified_gmt":"2026-01-30T12:14:09","slug":"termine","status":"publish","type":"page","link":"https:\/\/weltlaeden.de\/osterstrasse\/termine\/","title":{"rendered":"Termine"},"content":{"rendered":"<div class=\"wpb-content-wrapper\"><p>[vc_row][vc_column]<div class=\"wl_einzelbild\"><p><img loading=\"lazy\" decoding=\"async\" class=\"alignnone size-full wp-image-nsm-3-19\" src=\"https:\/\/weltlaeden.de\/osterstrasse\/wp-content\/uploads\/sites\/3\/2016\/11\/Termine.jpg\" alt=\"\" width=\"1200\" height=\"519\" \/><\/p><\/div>[vc_empty_space height=&#8220;30px&#8220;][vc_column_text]<\/p>\n<h1>Termine<\/h1>\n<p>Hier werden Veranstaltungen genannt, die entweder im Weltladen Osterstrasse stattfinden\/stattfanden oder die aufgrund der Thematik den Zielen des Fairen Handels nahestehen.<\/p>\n<h4><\/h4>\n<p>[\/vc_column_text][vc_empty_space height=&#8220;30px&#8220;][\/vc_column][\/vc_row][vc_row][vc_column width=&#8220;2\/3&#8243;][vc_column_text]<\/p>\n<h2>Kommende Termine<\/h2>\n<p>[\/vc_column_text]<ul class=\"termine-page current aktuell\"><li><h5 class=\"termine-titel\"><a href=\"https:\/\/weltlaeden.de\/osterstrasse\/termin\/indoor-osterstrassenfest\/\">Indoor-Osterstra\u00dfenfest<\/a><\/h5><p class=\"termine-date\">Sa., 02.05.2026, 10:00 bis 02.05.2026, 18:00<\/p><p class=\"termine-auszug\">Aufgrund der Fernw\u00e4rme-Baustelle wurde das diesj\u00e4hrige Osterstra\u00dfenfest abgesagt.\u00a0Jetzt haben sich Einzelh\u00e4ndler, Gastronomiebetriebe und andere Gewerbetreibende an und um die Osterstra\u00dfe zusammengeschlossen und veranstalten ein alternatives Indoor-Osterstra\u00dfenfest. Eimsb\u00fctteler*innen haben durch einen Einkaufsbummel die M\u00f6glichkeit, die L\u00e4den rund um die Osterstra\u00dfe zu unterst\u00fctzen. Der Weltladen Osterstra\u00dfe beteiligt sich mit einer Verkostung.<p class=termine-ort\"><small>Ort: <i>Weltladen Osterstra\u00dfe, Hellkamp 16, 20255 Hamburg<\/i><\/small><\/p><\/li><li><h5 class=\"termine-titel\"><a href=\"https:\/\/weltlaeden.de\/osterstrasse\/termin\/weltladentag-3\/\">Weltladentag<\/a><\/h5><p class=\"termine-date\">Sa., 09.05.2026, 10:00 bis 09.05.2026, 18:00<\/p><p class=\"termine-auszug\">Der Weltladentag 2026 steht unter dem Motto \u201eFair fruchtet!\u201c. Dies soll sichtbar machen, wie wichtig gerechte Bedingungen im globalen Fruchthandel sind. (Siehe ausf\u00fchrlichen Bericht unter Aktuell) Der Weltladen Osterstra\u00dfe beteiligt sich am Weltladentag mit Informationen und einer Verkostung.<p class=termine-ort\"><small>Ort: <i>Weltladen Osterstra\u00dfe, Hellkamp 16, 20255 Hamburg<\/i><\/small><\/p><\/li><li><h5 class=\"termine-titel\"><a href=\"https:\/\/weltlaeden.de\/osterstrasse\/termin\/der-abend-des-fairen-handels-fairer-handel-schafft-zukunft\/\">Der Abend des Fairen Handels &#8211; Fairer Handel schafft Zukunft<\/a><\/h5><p class=\"termine-date\">Do., 04.06.2026, 19:30<\/p><p class=\"termine-auszug\"><p class=\"western\" align=\"justify\">50 Jahre gibt es Fairen Handel in Deutschland \u2013 und in der Zeit hat sich viel ver\u00e4ndert: Am Anfang haben sich Reisende in einem bestimmten Land f\u00fcr die Menschen dort, f\u00fcr deren Leben und deren Kultur interessiert. Sie kauften deren Produkte, haben sie im \u201eKoffer\u201c nach Deutschland transportiert, hier angeboten und sich langsam zu einer kleinen \u201eImportstelle\u201c entwickelt. Die dabei entstandenen pers\u00f6nlichen Verbindungen bestehen bis heute, nur haben sich die Beziehungen ver\u00e4ndert: Beide Seiten entwickeln nun gemeinsam Produkte, wobei der traditionelle Hintergrund gegen\u00fcber den \u201cAnforderungen des Marktes\u201c im Hinblick auf Design und Funktionalit\u00e4t in den Hintergrund getreten sind.<\/p> <p class=\"western\" align=\"justify\">Manfred Winkler und Myoung-Hee Lim-Winkler beschreiben diese Entwicklung am Beispiel des Fair Trade Partners GLOBO.<\/p> <p class=\"western\" align=\"justify\">Gef\u00f6rdert von NUE, KED und El-Puente-Stiftung. Eintritt: 3 Euro<\/p><p class=termine-ort\"><small>Ort: <i>Weltladen Osterstrasse, Hellkamp 16, 20255 Hamburg<\/i><\/small><\/p><\/li><\/ul>[vc_empty_space height=&#8220;30px&#8220;][vc_column_text]<\/p>\n<h2>Vergangene Termine<\/h2>\n<p>[\/vc_column_text]<ul class=\"termine-page past vergangen\"><li><h5 class=\"termine-titel\"><a href=\"https:\/\/weltlaeden.de\/osterstrasse\/termin\/wie-ultra-fast-fashion-mensch-und-umwelt-ausbeutet-und-was-wir-gemeinsam-veraendern-koennen\/\">Wie Ultra-Fast Fashion Mensch und Umwelt ausbeutet \u2013 und was wir gemeinsam ver\u00e4ndern k\u00f6nnen<\/a><\/h5><p class=\"termine-date\">Fr., 24.04.2026, 19:00<\/p><p class=\"termine-auszug\"><p class=\"western\" align=\"justify\">Im Rahmen der Fashion Revolution Week erm\u00f6glicht Magdalena Gassner, Soziologin und Fair-Handels-Beraterin, einen Blick hinter die Kulissen der globalen Textilindustrie.<\/p> <p class=\"western\" align=\"justify\">Kleidung scheint heute grenzenlos verf\u00fcgbar und erschwinglich. Doch der niedrige Preis hat hohe versteckte Kosten, wie z.B. Umweltzerst\u00f6rung, prek\u00e4re Arbeitsbedingungen und strukturelle Ungleichheiten.<\/p> <p class=\"western\" align=\"justify\">Aber es gibt auch L\u00f6sungen: Faire Mode, soziale Verantwortung und kollektives Engagement sind reale Alternativen. Denn Ver\u00e4nderung entsteht nicht allein im Kleiderschrank, sondern in Gemeinschaften, Netzwerken und Initiativen.<\/p><p class=termine-ort\"><small>Ort: <i>Weltladen Bergedorf, Sachsentor 69, 21029 Hamburg<\/i><\/small><\/p><\/li><li><h5 class=\"termine-titel\"><a href=\"https:\/\/weltlaeden.de\/osterstrasse\/termin\/beyond-borders\/\">Beyond Borders<\/a><\/h5><p class=\"termine-date\">Fr., 06.03.2026, 19:00 bis 06.03.2026, 20:30<\/p><p class=\"termine-auszug\"><p class=\"western\" align=\"justify\">A Wall is a Screen ist eine Art Stadtf\u00fchrung mit Kurzfilmprogramm, bei der sich Film und Umgebung miteinander verbinden. Dabei nutzt die kostenlose Kurzfilmwanderung den \u00f6ffentlichen Raum, um Ecken und Winkel sichtbar zu machen, die sonst gerne \u00fcbersehen werden. Vermeintlich vertraute Gegenden erscheinen so in einem neuen Licht und an den Rand gedr\u00e4ngte Perspektiven werden im \u00f6ffentlichen Raum sichtbar gemacht.<\/p> <p class=\"western\" align=\"justify\">Gemeinsam mit dem Publikum wandert das K\u00fcnstlerkollektiv durch Ottensen und eignet sich mit Kreativit\u00e4t und Leidenschaft die Stadt an. Diese ungew\u00f6hnliche Veranstaltung zeigt, wie wichtig es ist, sich f\u00fcr eine feministische Gesellschaft einzusetzen.<\/p> <p class=\"western\" align=\"justify\">A Wall is a Screen ist ein mobiles Kinokunstprojekt aus Hamburg, das \u00f6ffentliche R\u00e4ume kreativ und spielerisch neu nutzt. Die Veranstaltung A Wall is a Screen \u2013 Spot on Feminismus ist Teil des Projekts. Dauer: ca. 1,5 Stunden. Kostenfrei \u2013 Spenden erw\u00fcnscht.<\/p><p class=termine-ort\"><small>Ort: <i>Treffpunkt am Alma-Wartenberg-Platz, 22765 Hamburg<\/i><\/small><\/p><\/li><li><h5 class=\"termine-titel\"><a href=\"https:\/\/weltlaeden.de\/osterstrasse\/termin\/radical-transformation-wie-das-wissen-ueber-gefuehle-die-welt-veraendern-kann\/\">Radical Transformation: Wie das Wissen \u00fcber Gef\u00fchle die Welt ver\u00e4ndern kann<\/a><\/h5><p class=\"termine-date\">Fr., 27.02.2026, 19:00<\/p><p class=\"termine-auszug\"><p class=\"western\" align=\"justify\">Der Abend ist eine Kooperation der Fair-Handels-Beratung Nord mit der Fair Trade Stadt Hamburg. Eingeladen sind Menschen, die sich f\u00fcr soziale Gerechtigkeit, Demokratie und Zivilgesellschaft engagieren oder neugierig auf neue Perspektiven gesellschaftlichen Wandels sind. In Zeiten gesellschaftlicher Umbr\u00fcche und wachsender Polarisierung f\u00e4llt es schwer, zuversichtlich zu bleiben. Wie finden wir neue Wege, Ver\u00e4nderungen zu gestalten \u2013 nicht nur mit Wissen, sondern auch mit Verbundenheit und emotionaler Klarheit? Ausgangspunkt ist das Buch von Lisa Jaspers (Mitautorin): \u201eRadical Transformation: Wie das Wissen \u00fcber Gef\u00fchle die Welt ver\u00e4ndern kann\u201c. Anmeldung unter: <a href=\"https:\/\/eveeno.com\/emotionen\">https:\/\/eveeno.com\/emotionen<\/a><\/p><p class=termine-ort\"><small>Ort: <i>eeden \u2013 Stresemannstra\u00dfe 132a (Hinterhof, hinten rechts), Hamburg<\/i><\/small><\/p><\/li><li><h5 class=\"termine-titel\"><a href=\"https:\/\/weltlaeden.de\/osterstrasse\/termin\/fairplay-im-fanshop-fc-st-pauli-und-der-hsv-legen-vor\/\">Fairplay im Fanshop: FC St. Pauli und der HSV legen vor<\/a><\/h5><p class=\"termine-date\">Di., 16.12.2025, 14:30<\/p><p class=\"termine-auszug\">Merch im Sport ist kein Nischenbusiness. Doch wo und unter welchen Bedingungen werden all diese Textilien produziert? Wie steht es um sportliche Werte wie Fairness und Respekt, wenn es um Geh\u00e4lter und Produktionsbedingungen im Globalen S\u00fcden geht? Welche deutschen Profi-Fu\u00dfballvereine kommen ihrer sozialen Verantwortung nach und achten in ihren Fanshops auf Nachhaltigkeit? Mit den Merchandise-Leitenden von FC St. Pauli und HSV, der Nachhaltigkeitsbeauftragten von cum ratione sowie dem Koordinator und Vorstand f\u00fcr Nachhaltigkeit und Engagement beim FC Internationale. Anmeldung: <a href=\"https:\/\/eveeno.com\/287067965\">https:\/\/eveeno.com\/287067965<\/a><p class=termine-ort\"><small>Ort: <i>Online-Session<\/i><\/small><\/p><\/li><li><h5 class=\"termine-titel\"><a href=\"https:\/\/weltlaeden.de\/osterstrasse\/termin\/faire-schokolade-vortrag-inkl-verkostung-in-der-stadtteilbuecherei-garstedt\/\">Faire Schokolade \u2013 Vortrag inkl. Verkostung in der Stadtteilb\u00fccherei Garstedt<\/a><\/h5><p class=\"termine-date\">Fr., 05.12.2025, 15:00 bis 05.12.2025, 17:00<\/p><p class=\"termine-auszug\"><p class=\"western\" align=\"justify\">Fair und lecker \u2013 Fairtrade Schokoladen probieren, Geschm\u00e4cker raten und mehr \u00fcber Anbau und faire Produktionsbedingungen erfahren! Verkostung und Vortrag vom Weltladen Norderstedt in der Hauptb\u00fccherei Norderstedt-Mitte. Genauere Informationen: <a href=\"https:\/\/weltlaeden.de\/norderstedt\/termin\/fairer-schokoladennachmittag-in-der-stadtbuecherei-norderstedt-mitte\/\">https:\/\/weltlaeden.de\/norderstedt\/termin\/fairtrade-schokolade-verkostung-norderstedt\/<\/a><\/p> <p align=\"justify\"><\/p><p class=termine-ort\"><small>Ort: <i>Stadtb\u00fccherei Norderstedt Mitte<\/i><\/small><\/p><\/li><li><h5 class=\"termine-titel\"><a href=\"https:\/\/weltlaeden.de\/osterstrasse\/termin\/the-promise-dokumentarfilm\/\">The Promise (Dokumentarfilm)<\/a><\/h5><p class=\"termine-date\">Mi., 03.12.2025, 18:30<\/p><p class=\"termine-auszug\">Beeindruckende Geschichten schildern, wie Westpapua durch seine einstige Kolonialmacht, die Niederlande, get\u00e4uscht und betrogen, durch Indonesien vereinnahmt wurde und bis heute unterdr\u00fcckt und ausgebeutet wird. \u201eThe Promise\u201c hat in den Niederlanden 60 Jahre nach den damaligen Ereignissen geschockt und Kontroversen zum Umgang mit der eigenen kolonialen Vergangenheit ausgel\u00f6st. Auch bei uns wissen blo\u00df wenige von der ehemaligen niederl\u00e4ndischen Kolonie in West-Neuguinea. Geschweige denn von all den kolonialen Zw\u00e4ngen, von denen der Film mit einzigartig restauriertem und koloriertem Archivmaterial erz\u00e4hlt: Stra\u00dfen, Kleidervorschriften, Religion. Vor allem aber gaben die Niederlande Anfang der 1960er Jahre ein Versprechen auf Unabh\u00e4ngigkeit an die indigenen Papua, das bis heute nicht eingel\u00f6st ist. Stattdessen erfolgte eine gewaltvolle \u00dcbernahme durch Indonesien, unterst\u00fctzt durch die USA. Gold und Erd\u00f6l spielten dabei eine erhebliche Rolle. Es begann eine Zeit der Gewalt, der Vertreibung und raschen Wandels. Etliche Papua flohen damals in die Niederlande, wo sie bis heute leben und berichten, [...] <a href=\"https:\/\/weltlaeden.de\/osterstrasse\/termin\/the-promise-dokumentarfilm\/\"><small>[WEITERLESEN]<\/small><\/a><\/p><p class=termine-ort\"><small>Ort: <i>Asien-Afrika-Institut, Universit\u00e4t Hamburg, Edmund-Siemers-Allee 1, Fl\u00fcgel Ost, Raum 123<\/i><\/small><\/p><\/li><li><h5 class=\"termine-titel\"><a href=\"https:\/\/weltlaeden.de\/osterstrasse\/termin\/blickpunkt-indien-frauen-staerken\/\">Blickpunkt Indien: Frauen st\u00e4rken<\/a><\/h5><p class=\"termine-date\">Mi., 15.10.2025, 19:30<\/p><p class=\"termine-auszug\"><p class=\"western\" align=\"justify\">Wer derzeit nach Indien reist, erlebt ein Land im Umbruch: Die Wirtschaft boomt, Verwaltung und Finanzdienstleistungen wurden systematisch digitalisiert, die Bev\u00f6lkerung w\u00e4chst. Doch die Armut geh\u00f6rt noch immer zum indischen Alltag und es bedarf vieler Anstrengungen, um die Lage der Menschen zu verbessern. Eines der Instrumente daf\u00fcr sind Mikrokredite, die es vor allem Frauen erm\u00f6glichen, eine Erwerbsm\u00f6glichkeit wie eine kleine Landwirtschaft oder ein kleines Gesch\u00e4ft aufzubauen. Der Vortrag zeigt aktuelle Beispiele aus der Praxis der Entwicklungsgenossenschaft Oikocredit, die seit 50 Jahren Mikrofinanzierung unter anderem in Indien realisiert, und bietet Zeit f\u00fcr Diskussion.<\/p> <p class=\"western\" align=\"justify\">Die Referentin Ingrid Neitzel ist stellvertretende Vorsitzende des F\u00f6rderkreises Norddeutschland e.V. der Entwicklungsgenossenschaft Oikocredit.<\/p> <p class=\"western\" align=\"justify\">Die Veranstaltung wird gef\u00f6rdert von KED, NUE und El-Puente-Stiftung.<\/p> <p class=\"western\" align=\"justify\">Unkostenbeitrag 3 Euro<\/p><p class=termine-ort\"><small>Ort: <i>Weltladen Osterstrasse, Hellkamp 16, 20255 Hamburg<\/i><\/small><\/p><\/li><li><h5 class=\"termine-titel\"><a href=\"https:\/\/weltlaeden.de\/osterstrasse\/termin\/gruener-wasserstoff-weisse-prioritaeten-energiewende-zwischen-klimagerechtigkeit-und-kolonialitaet\/\">Gr\u00fcner Wasserstoff, wei\u00dfe Priorit\u00e4ten? Energiewende zwischen Klimagerechtigkeit und Kolonialit\u00e4t<\/a><\/h5><p class=\"termine-date\">Do., 25.09.2025, 18:30 bis 25.09.2025, 20:30<\/p><p class=\"termine-auszug\"><p class=\"western\" align=\"justify\">Mit Zukunftstechnologie zur Klimaneutralit\u00e4t \u2013 so lautet das Versprechen des Globalen Nordens zum Import von \u201eGr\u00fcnem\u201c Wasserstoff. Davon sollen auch die Produktionsl\u00e4nder im Globalen S\u00fcden profitieren. Doch ein genauerer Blick auf konkrete Beispiele offenbart, welches Konfliktpotenzial die geplanten Megaprojekte bergen. Kann \u201eGr\u00fcner\u201c Wasserstoff wirklich Teil einer klimagerechten Zukunft sein? Es geht um das Recht auf Selbstbestimmung, Reparationen, solidarische Partnerschaften und \u00fcber Formen des Widerstands gegen koloniale Kontinuit\u00e4ten im Namen des Klimaschutzes.<\/p> <p class=\"western\" align=\"justify\">Die Veranstaltung ist Teil der Reihe Hamburg. handelt. dekolonial? und findet in Kooperation mit dem Deutschen Hafenmuseum statt. Kontakt: Fair Trade Stadt Hamburg, <a href=\"mailto:kampagne@fairtradestadt-hamburg.de\">kampagne@fairtradestadt-hamburg.de<\/a>, <a href=\"https:\/\/www.fairtradestadt-hamburg.de\/mitmachen\/dekolonial\/\" target=\"_blank\" rel=\"noopener\">https:\/\/www.fairtradestadt-hamburg.de\/mitmachen\/dekolonial\/<\/a><\/p><p class=termine-ort\"><small>Ort: <i>Deutsches Hafenmuseum, Standort Schuppen 50A, Australiastra\u00dfe 50A, 20457 Hamburg<\/i><\/small><\/p><\/li><li><h5 class=\"termine-titel\"><a href=\"https:\/\/weltlaeden.de\/osterstrasse\/termin\/die-zukunft-des-kaffees-bitter-oder-fair\/\">Die Zukunft des Kaffees \u2013 Bitter oder Fair?<\/a><\/h5><p class=\"termine-date\">Do., 18.09.2025, 19:30<\/p><p class=\"termine-auszug\"><p class=\"western\" align=\"justify\">Kaffee ist das beliebteste Getr\u00e4nk in Deutschland: Vier Tassen Bohnenkaffee trinken die Menschen pro Jahr durchschnittlich am Tag. Doch der Kaffeegenuss hat einen bitteren Beigeschmack. Menschenrechtsverletzungen wie Armut, Kinderarbeit und Ausbeutung geh\u00f6ren in vielen Kaffeeanbaul\u00e4ndern zum Alltag. Gleichzeitig steigt der Druck auf kleinb\u00e4uerliche Produzent*innen durch die Auswirkungen der Klimakrise, volatile Preise und Marktkonzentration. Aktuelle Recherchen aus Brasilien zeigen gar: Es kommt zu sklaven\u00e4hnlichen Arbeitsbedingungen auf den Plantagen eines Kaffeelieferanten des Weltkonzerns Nestl\u00e9.<\/p> <p class=\"western\" align=\"justify\">Evelyn Bahn von der entwicklungspolitischen Organisation INKOTA ist Referentin f\u00fcr Wirtschaft und Menschenrechte. Sie berichtet \u00fcber aktuelle Entwicklungen im Kaffeesektor und diskutiert, was Kaffeeunternehmen und Politik f\u00fcr einen fairen Kaffeehandel tun m\u00fcssen. Gef\u00f6rdert von NUE, KED und El-Puente-Stiftung.<\/p> <p class=\"western\" align=\"justify\">Kostenbeitrag 3 Euro<\/p><p class=termine-ort\"><small>Ort: <i>Weltladen Osterstrasse, Hellkamp 16, 20255 Hamburg<\/i><\/small><\/p><\/li><li><h5 class=\"termine-titel\"><a href=\"https:\/\/weltlaeden.de\/osterstrasse\/termin\/faire-elektronik-was-steckt-drin\/\">Faire Elektronik &#8211; Was steckt drin?<\/a><\/h5><p class=\"termine-date\">So., 14.09.2025, 14:00 bis 14.09.2025, 18:00<\/p><p class=\"termine-auszug\"><p class=\"western\" align=\"justify\">Mitglieder des FairL\u00f6tet e.V. bieten zwei Hands-On Workshops zum Thema Faire Elektronik an. Gemeinsam werden E-Waste und Bauteile ge\u00f6ffnet, der Bedarf an Kupfer und anderen Ressourcen anfassbar gemacht und \u00fcber die M\u00f6glichkeiten einer besseren Lieferkette gesprochen. Zwischen den Workshops ist Zeit zum Austausch.<\/p> <p class=\"western\" align=\"justify\">Eintritt frei. Anmeldung unter: post@fairloetet.de, Kontakt: FairL\u00f6tet e.V. <a href=\"https:\/\/fairloetet.de\/\" target=\"_blank\" rel=\"noopener\">https:\/\/fairloetet.de<\/a><\/p><p class=termine-ort\"><small>Ort: <i>Fab Lab Fabulous St. Pauli e.V. Halle 4K (Eingang von der Wasserseite), Stockmeyerstr. 43 Halle 4K, 20457 Hamburg<\/i><\/small><\/p><\/li><li><h5 class=\"termine-titel\"><a href=\"https:\/\/weltlaeden.de\/osterstrasse\/termin\/mittwoch-2-juli-2025-19-00-22-00-uhr-schmuck-mit-tradition-und-sinn-ein-vortrag-ueber-silberschmuck-kultur-und-gerechte-arbeit\/\">Schmuck mit Tradition und Sinn. Ein Vortrag \u00fcber Silberschmuck, Kultur und gerechte Arbeit<\/a><\/h5><p class=\"termine-date\">Mi., 02.07.2025, 19:00 bis 02.07.2025, 19:00<\/p><p class=\"termine-auszug\">s\u00fcdsinn ist ein Unternehmen, das 2001 aus einem studentischen Hilfsprojekt hervorging und fair gehandelten Silberschmuck aus Nordthailand vertreibt. Die Schmuckst\u00fccke werden von Silberschmieden des Bergvolkes der Karen nach eigenen Designs in traditioneller Handarbeit gefertigt. s\u00fcdsinn verbindet handwerkliche Tradition, fairen Handel und ansprechendes Design zu einem nachhaltigen Gesch\u00e4ftsmodell. s\u00fcdsinn legt gro\u00dfen Wert auf faire Arbeitsbedingungen, gerechte Bezahlung f\u00fcr die beteiligten Frauen und Schmiede und f\u00f6rdert die Eigenst\u00e4ndigkeit der Silberschmiede. Diese k\u00f6nnen sich daher zunehmend eigene M\u00e4rkte erschlie\u00dfen. Norbert Tomforde von s\u00fcdsinn berichtet in einem Vortrag mit Bildern \u00fcber das Projekt \u2013 seine Entstehung, Erfolge und Herausforderungen und die Auswirkungen des Fairen Handels auf das Leben der Karen-Silberschmiede. Die Veranstaltung wird von KED, NUE und El-Puente-Stiftung gef\u00f6rdert. Kostenbeitrag: 3 Euro<p class=termine-ort\"><small>Ort: <i>Weltladen Osterstrasse, Hellkamp 16, 20255 Hamburg,<\/i><\/small><\/p><\/li><li><h5 class=\"termine-titel\"><a href=\"https:\/\/weltlaeden.de\/osterstrasse\/termin\/gutes-geld-fuer-gutes-klima\/\">Gutes Geld f\u00fcr gutes Klima<\/a><\/h5><p class=\"termine-date\">Fr., 16.05.2025, 19:30 bis 16.05.2025, 12:03<\/p><p class=\"termine-auszug\"><p class=\"western\" align=\"justify\">Der Klimawandel schreitet schnell voran und hat weltweit sichtbare und sp\u00fcrbare Auswirkungen wie extreme Wetterereignisse. Der Vortrag mit Diskussion zeigt, wie Oikocredit Partnerorganisationen in Lateinamerika und Afrika bei L\u00f6sungen f\u00fcr die Anpassung an das sich ver\u00e4ndernde Klima unterst\u00fctzt. Gute Ideen in den Bereichen Landwirtschaft, Mikrofinanz und regenerative Energien sind bereits im Einsatz und machen Mut, sich zu engagieren. In der Diskussion soll es auch um die Frage gehen, was wir hier vor Ort tun k\u00f6nnen.Die Referentin Daniela Martin ist Bildungsreferentin beim F\u00f6rderkreis Norddeutschland e.V. der \u00f6kumenischen Entwicklungsgenossenschaft Oikocredit.Eintritt: 3 Euro<\/p><p class=termine-ort\"><small>Ort: <i>Weltladen Osterstrasse, Hellkamp 16, 20255 Hamburg<\/i><\/small><\/p><\/li><li><h5 class=\"termine-titel\"><a href=\"https:\/\/weltlaeden.de\/osterstrasse\/termin\/unerwuenscht-die-westdeutsche-demokratie-und-die-verfolgten-des-ns-regimes-lesung-mit-stefanie-schueler-springorum-zu-ihrem-sachbuch\/\">\u201eUnerw\u00fcnscht. Die westdeutsche Demokratie und die Verfolgten des NS-Regimes\u201c. Lesung mit Stefanie Sch\u00fcler-Springorum zu ihrem Sachbuch<\/a><\/h5><p class=\"termine-date\">Do., 15.05.2025, 20:00 bis 15.05.2025, 12:05<\/p><p class=\"termine-auszug\"><p class=\"western\" align=\"justify\">In ihrem Buch erz\u00e4hlt die Historikerin Stefanie Sch\u00fcler-Springorum, wie es j\u00fcdischen \u00dcberlebenden, Sinti und Roma und anderen Verfolgten nach dem Zweiten Weltkrieg in Westdeutschland erging. Rassismus, Antisemitismus und Diskriminierung h\u00f6rten nicht auf. \u00dcberlebende wurden privat wie \u00f6ffentlich angefeindet und ihr Leiden wurde, wenn \u00fcberhaupt, nur auf Druck der Alliierten anerkannt und entsch\u00e4digt. Die Erz\u00e4hlung von der \u201egegl\u00fcckten Demokratie\u201c in Westdeutschland gilt also keineswegs f\u00fcr alle. Das Buch leistet einen wichtigen Beitrag zu den Debatten, die wir heute \u00fcber Demokratie und Erinnerungskultur f\u00fchren.<\/p> <p class=\"western\" align=\"justify\">Eine Veranstaltung im Rahmen der <a href=\"https:\/\/8mai-hamburg.de\/veranstaltungsuebersicht\/\">Hamburger Aktionswochen zum 80. Jahrestag der Befreiung<\/a> und dem <a href=\"http:\/\/gedenken-eimsbuettel.de\/\">Eimsb\u00fcttler Monat des Gedenkens 2025<\/a>. Eintritt: 7 \u20ac<\/p><p class=termine-ort\"><small>Ort: <i>Buchladen Osterstra\u00dfe, Osterstra\u00dfe 171, 20255 Hamburg<\/i><\/small><\/p><\/li><li><h5 class=\"termine-titel\"><a href=\"https:\/\/weltlaeden.de\/osterstrasse\/termin\/10-mai-2025-weltladentag-2025\/\">10. Mai 2025 Weltladentag 2025<\/a><\/h5><p class=\"termine-date\">Sa., 10.05.2025, 10:00<\/p><p class=\"termine-auszug\">Der Europ\u00e4ische Weltladentag findet am 2. Samstag im Mai statt. Er soll die Aufmerksamkeit auf die Arbeit von Fair-Trade-Organisationen und die Notwendigkeit eines gerechteren Handelssystems auf internationaler Ebene lenken. &nbsp;<\/li><li><h5 class=\"termine-titel\"><a href=\"https:\/\/weltlaeden.de\/osterstrasse\/termin\/faire-weinprobe-mit-literatur\/\">Faire Weinprobe mit Literatur<\/a><\/h5><p class=\"termine-date\">Fr., 09.05.2025, 19:00 bis 09.05.2025, 22:00<\/p><p class=\"termine-auszug\"><p class=\"western\" align=\"justify\">Entdecken und genie\u00dfen Sie die Vielfalt fair produzierter Weine! Mit Literaturprogramm. 24 Teilnehmende. Beitrag pro Person 10 \u20ac. Anmeldung: 040 \/ 53 53 10 22 oder per E-Mail an: bestellung@eine-welt-norderstedt.de<\/p><p class=termine-ort\"><small>Ort: <i>Weltladen Norderstedt, Rathausallee 44, 22846 Norderstedt<\/i><\/small><\/p><\/li><li><h5 class=\"termine-titel\"><a href=\"https:\/\/weltlaeden.de\/osterstrasse\/termin\/decolonize-trade-erste-schritte-fuer-eine-dekoloniale-handelswende\/\">Decolonize Trade: Erste Schritte f\u00fcr eine dekoloniale Handelswende<\/a><\/h5><p class=\"termine-date\">Mi., 09.04.2025, 19:00<\/p><p class=\"termine-auszug\"><p class=\"western\" align=\"justify\">Hamburg ist Weltstadt und tr\u00e4gt den Titel Fairtrade-Stadt. Doch wie fair ist Hamburg wirklich? Diese Frage stellt sich die Veranstaltungsreihe \u201e<a href=\"https:\/\/emea01.safelinks.protection.outlook.com\/?url=https%3A%2F%2Fwww.fairtradestadt-hamburg.de%2Fmitmachen%2Fdekolonial%2F&amp;data=05%7C02%7C%7Cd4e12ddcd93e41437ae008dd618574b7%7C84df9e7fe9f640afb435aaaaaaaaaaaa%7C1%7C0%7C638773948002137181%7CUnknown%7CTWFpbGZsb3d8eyJFbXB0eU1hcGkiOnRydWUsIlYiOiIwLjAuMDAwMCIsIlAiOiJXaW4zMiIsIkFOIjoiTWFpbCIsIldUIjoyfQ%3D%3D%7C0%7C%7C%7C&amp;sdata=LPoWJDCXmnUzSdZ%2BA23ArRvks8ivvERt%2BTuS959gEJk%3D&amp;reserved=0\">Hamburg. handelt. dekolonia<\/a>l?\u201c<\/p> <p class=\"western\" align=\"justify\">In der Auftaktveranstaltung \u201eDecolonize Trade\u201c stellen Fiona Faye (Doktorandin und Aktivistin) und Aram Ziai (Professor f\u00fcr Entwicklungspolitik und Postkoloniale Studien) ihr Gutachten \u201e<a href=\"https:\/\/decolonize-berlin.de\/wp-content\/uploads\/2025\/01\/Wirtschaftspolitik_neu_denken.pdf\" target=\"_blank\" rel=\"noopener\">Wirtschaftspolitik neu denken: Schritte zur Dekolonisierung<\/a>\u201c vor. Sie vertreten die These, dass der Welthandel bis heute von kolonialen Strukturen gepr\u00e4gt ist und der Globale Norden weiterhin von der Ausbeutung im Globalen S\u00fcden profitiert. Wie k\u00f6nnte eine Wirtschaftspolitik aussehen, die koloniale Abh\u00e4ngigkeiten abbaut? In der Diskussion geht es auch um den Fairen Handel: Bleibt er ein Kompromiss innerhalb bestehender Strukturen oder kann er tats\u00e4chlich zur Dekolonisierung beitragen? Teilnehmende sind neben den Gutachter*innen Aileen Puhlmann (Lemonaid &amp; Charitea e.V.) und Gifty Rosetta Amo Antwi (Weltladen Dachverband). Anmeldung \u00fcber <a href=\"https:\/\/eveeno.com\/dekolonial\">https:\/\/eveeno.com\/dekolonial<\/a><\/p><p class=termine-ort\"><small>Ort: <i>Werkstatt f\u00fcr internationale Kultur und Politik e.V., Nernstweg 32\u201334, 22765 Hamburg<\/i><\/small><\/p><\/li><li><h5 class=\"termine-titel\"><a href=\"https:\/\/weltlaeden.de\/osterstrasse\/termin\/frauenrechte-statt-rechte-frauen-sexismus-und-antifeminismus-im-kontext-rechter-orientierungen-und-autoritaerer-gesellschaftlicher-formierung\/\">Frauenrechte statt rechte Frauen \u2013 Sexismus und Antifeminismus im Kontext rechter Orientierungen und autorit\u00e4rer gesellschaftlicher Formierung<\/a><\/h5><p class=\"termine-date\">Sa., 08.03.2025, 18:00 bis 08.03.2025, 21:00<\/p><p class=\"termine-auszug\"><p class=\"western\" align=\"justify\">Die VVN-BdA Hamburg l\u00e4dt in Kooperation mit dem Kultur Palast zu einer Veranstaltung anl\u00e4sslich des Internationalen Frauentags 2025 ein. W\u00e4hrend die Ideologie der extremen Rechten oft als strukturell frauenfeindlich beschrieben wird, engagieren sich dennoch viele Frauen aktiv in rechten Parteien und Bewegungen. Warum ist das so? Und welche Rolle spielt Antifeminismus als ideologisches Bindeglied zwischen der extremen Rechten und anderen politischen Gruppen? Diesen Fragen geht Prof. Dr. Johanna Sigl nach. Sie ist Professorin f\u00fcr politische Bildung und Soziale Arbeit und forscht seit vielen Jahren im Bereich geschlechterreflektierte Rechtsextremismusforschung. Begleitet wird die Veranstaltung von einer musikalischen Darbietung von Uwe Everding-B\u00f6hm.<\/p><\/li><li><h5 class=\"termine-titel\"><a href=\"https:\/\/weltlaeden.de\/osterstrasse\/termin\/weltgebetstag-der-frauen-2025\/\">Weltgebetstag der Frauen 2025<\/a><\/h5><p class=\"termine-date\">Fr., 07.03.2025, 17:00<\/p><p class=\"termine-auszug\"><p class=\"western\" align=\"justify\">Unabh\u00e4ngig von Religion und L\u00e4ndergrenzen setzen sich Frauen beim Weltgebetstag daf\u00fcr ein, dass M\u00e4dchen und Frauen \u00fcberall auf der Welt in Frieden, Gerechtigkeit und W\u00fcrde leben k\u00f6nnen. Die Gottesdienstordnung f\u00fcr den Weltgebetstag 2025 mit dem deutschen Titel \u201ewunderbar geschaffen!\u201c kommt von den Cookinseln im Pazifik. Es ist dem biblischen Text Psalm 139,14 entnommen. Das Plakat ist von zwei K\u00fcnstlerinnen der Cookinseln gestaltet und f\u00fcr sie Ausdruck ihrer Liebe zu ihrer Heimat, Zeichen ihres christlichen Glaubens und des kulturellen Erbes ihres Landes. Die drei Frauen im Vordergrund sollen die wichtige Rolle der Frauen bei der Bewahrung der Traditionen und dem kulturellem Erbe darstellen, als H\u00fcterinnen von Talenten, als Lehrerinnen und Mentorinnen. Alle sind zur Feier des Gottesdienstes und zum anschlie\u00dfenden Essen eingeladen. Der Weltladen ist mit einem Stand vertreten.<\/p><p class=termine-ort\"><small>Ort: <i>Christuskirche, Bei der Christuskirche 2, 20259 Hamburg<\/i><\/small><\/p><\/li><li><h5 class=\"termine-titel\"><a href=\"https:\/\/weltlaeden.de\/osterstrasse\/termin\/mit-kunst-gegen-gewalt-eine-mitmachaktion-zum-internationalen-weltfrauentag\/\">Mit Kunst gegen Gewalt! Eine Mitmachaktion zum internationalen Weltfrauentag<\/a><\/h5><p class=\"termine-date\">Di., 04.03.2025, 14:00 bis 04.03.2025, 15:30<\/p><p class=\"termine-auszug\"><p class=\"western\" align=\"justify\">Kunstwerke des Projekts \"mit kUNSt gegen gewalt!\" werden vom 4.3. bis 7.3. in einer Ausstellung gezeigt. Passend hierzu findet eine Mitmach-Aktion von Sch\u00fcler*innen des Oberstufenprofils der Stadtteilschule Bramfeld statt. Durch die Kunstwerke soll die Aufmerksamkeit im \u00f6ffentlichen Raum gesteigert, das Bewusstsein f\u00fcr dieses wichtige Thema geschaffen und die \u00d6ffentlichkeit sensibilisiert werden. Gewalt gegen Frauen und M\u00e4dchen ist ein globales Problem, das in allen Gesellschaftsschichten und Kulturen vorkommt. Daran wollen die K\u00fcnstler*innen der ausgestellten Kunstwerke auch im Rahmen des Weltfrauentags erinnern.<\/p><p class=termine-ort\"><small>Ort: <i>B\u00fccherhalle Bramfeld, Herthastra\u00dfe 18, 22179 Hamburg<\/i><\/small><\/p><\/li><li><h5 class=\"termine-titel\"><a href=\"https:\/\/weltlaeden.de\/osterstrasse\/termin\/das-leere-grab\/\">Das leere Grab<\/a><\/h5><p class=\"termine-date\">Mi., 29.01.2025, 19:00 bis 29.01.2025, 21:00<\/p><p class=\"termine-auszug\"><p class=\"western\" align=\"justify\">Wie weit die Spuren des Kolonialismus in die Gegenwart reichen, ist manchmal augenscheinlich und manchmal schwer zu erfassen. Offensichtlich ist aber, dass bis heute zehntausende menschliche Gebeine aus ehemaligen Kolonien in deutschen Museen lagern. \u201eDas leere Grab\u201c folgt zwei Familien in Tansania auf ihrer m\u00fchsamen Suche nach ihren Vorfahren: Sie ringen mit dem Dickicht deutscher und tansanischer B\u00fcrokratie, erhalten aber auch Unterst\u00fctzung von Aktivist*innen, die in Deutschland Sichtbarkeit f\u00fcr das Thema schaffen. In dem Film erz\u00e4hlt das deutsch-tansanische Regieduo Agnes Lisa Wegner und Cece Mlay von den Spuren und Traumata, die die einstige deutsche Kolonialherrschaft in tansanischen Familien und Communities bis heute hinterlassen hat \u2013 und von der St\u00e4rke und Selbsterm\u00e4chtigung der Hinterbliebenen, die sich hartn\u00e4ckig f\u00fcr eine vollst\u00e4ndige Aufkl\u00e4rung einsetzen.<\/p> <p class=\"western\" align=\"justify\">Die Veranstaltung ist Teil des W3_Projekts Koloniale Spuren \u2013 Dekoloniale Praktiken und eine Kooperation mit Ossara e. V. Anschlie\u00dfendes Gespr\u00e4ch mit der Regisseurin Agnes Lisa<\/p> [...] <a href=\"https:\/\/weltlaeden.de\/osterstrasse\/termin\/das-leere-grab\/\"><small>[WEITERLESEN]<\/small><\/a><\/p><\/li><li><h5 class=\"termine-titel\"><a href=\"https:\/\/weltlaeden.de\/osterstrasse\/termin\/vernetzte-utopien-eine-solidarische-welt-gemeinsam-gestalten\/\">Vernetzte Utopien. Eine solidarische Welt gemeinsam gestalten<\/a><\/h5><p class=\"termine-date\">Do., 07.11.2024, 18:00 bis 07.11.2024, 21:00<\/p><p class=\"termine-auszug\"><p class=\"western\" align=\"justify\">Die <a href=\"https:\/\/hamburg.global\/organe-gruppen\/das-eine-welt-promotorinnen-programm\/\" target=\"_blank\" rel=\"noopener\">Hamburger Eine Welt-Promotor*innen<\/a> m\u00f6chten sich und ihre Arbeit vorstellen: Wof\u00fcr engagieren wir uns? Welche Zukunftsvorstellungen teilen wir? Wie k\u00f6nnen wir konkret in Hamburg zu einer w\u00fcnschenswerten Welt f\u00fcr alle Menschen beitragen? Nach einer Einleitung gibt es einen gemeinsamen Workshop, anschlie\u00dfend eine Zusammenfassung und einen geselliger Ausklang.<\/p> <p class=\"western\">Anmeldung bis 5.11.2024: <a href=\"https:\/\/eveeno.com\/utopien_in_der_einen_welt\">https:\/\/eveeno.com\/utopien_in_der_einen_welt<\/a><\/p> <strong>W3 \u2013 Werkstatt f\u00fcr internationale Kultur und Politik, Nernstweg 32 - 34, 22765 Hamburg<\/strong><\/li><li><h5 class=\"termine-titel\"><a href=\"https:\/\/weltlaeden.de\/osterstrasse\/termin\/13-afrikanisches-filmfestival-hamburg-augenblicke-afrika\/\">13. Afrikanisches Filmfestival Hamburg. Augenblicke Afrika<\/a><\/h5><p class=\"termine-date\">Do., 07.11.2024 bis 17.11.2024<\/p><p class=\"termine-auszug\"><p class=\"western\" align=\"justify\">Das Filmfestival erm\u00f6glicht wieder Einblicke in die Lebenswelten der Menschen vieler afrikanischer L\u00e4nder. Globale politische, wirtschaftliche und kriegerische Auseinandersetzungen haben vielf\u00e4ltige Auswirkungen auf den Kontinent. Die Folgen tr\u00e4gt die Bev\u00f6lkerung. Der Klimawandel f\u00fchrt zu \u00dcberschwemmungen oder langen D\u00fcrreperioden, der Verlust von Ackerb\u00f6den f\u00fchrt zu Binnenmigration. Politische Machtk\u00e4mpfe und zunehmende Gewaltakte von Islamisten in einigen L\u00e4ndern zwingen Hunderttausende zur Flucht, zu einem Leben in elenden Fl\u00fcchtlingslagern. Ein kleiner Teil junger Leute sucht das Heil auf gef\u00e4hrlichen Routen nach Europa. Das Thema Migration wird in vielen Spielfilmen aufgegriffen. Interessant ist die Selbstreflexion der Protagonisten, die auch im Bleiben eine Zukunft sehen.<\/p> <p class=\"western\" align=\"justify\">Infos und Programm: <a href=\"https:\/\/www.augen-blicke-afrika.de\/blog\/\">https:\/\/www.augen-blicke-afrika.de\/blog\/<\/a><\/p><\/li><li><h5 class=\"termine-titel\"><a href=\"https:\/\/weltlaeden.de\/osterstrasse\/termin\/die-nachhaltige-nutzung-des-brasilianischen-regenwaldes-dient-dem-weltklima\/\">Die nachhaltige Nutzung des brasilianischen Regenwaldes dient dem Weltklima<\/a><\/h5><p class=\"termine-date\">Fr., 18.10.2024, 19:30<\/p><p class=\"termine-auszug\"><p class=\"western\" align=\"justify\">Der Regenwald Brasiliens ist f\u00fcr das Weltklima und damit letztlich auch f\u00fcr unser Leben von grundlegender Bedeutung. Er ist jedoch in Gefahr. Wetterextreme reihen sich immer \u00f6fter aneinander mit allen negativen Konsequenzen f\u00fcr den Wald und die Bev\u00f6lkerung. Als Ursachen werden die Abholzung aus Profitinteressen, das El Ninho-Ph\u00e4nomen, die starke Erw\u00e4rmung der Ozeane und der Klimawandel genannt. Regenwaldinstitut und Regenwaldladen setzen sich seit 1997 f\u00fcr den Erhalt Amazoniens ein, z.B. f\u00fcr die nachhaltige Nutzung der W\u00e4lder zusammen mit der traditionellen Bev\u00f6lkerung oder durch die M\u00f6glichkeit von Regenwald-Patenschaften im institutseigenen, 4500 Hektar gro\u00dfen Reservat. Dr. Rainer Putz gibt Einblicke in das \u00d6kosystem Regenwald und berichtet \u00fcber j\u00fcngste Entwicklungen in der Region sowie \u00fcber die von ihm mit initiierten Ma\u00dfnahmen zum Schutz der W\u00e4lder und seiner Bev\u00f6lkerung. Eintritt 3 Euro<\/p> <p class=\"western\" align=\"justify\">Gef\u00f6rdert von KED, El-Puente-Stiftung und NUE<\/p> <p align=\"justify\"><strong>Weltladen Osterstrasse, Hellkamp 16, 20255 Hamburg<\/strong><\/p><\/li><li><h5 class=\"termine-titel\"><a href=\"https:\/\/weltlaeden.de\/osterstrasse\/termin\/care-und-gender-in-der-sozial-oekologischen-transformation-vortrag\/\">Care und Gender in der sozial-\u00f6kologischen Transformation (Vortrag)<\/a><\/h5><p class=\"termine-date\">Do., 17.10.2024, 19:00 bis 17.10.2024, 21:00<\/p><p class=\"termine-auszug\"><p class=\"western\" align=\"justify\">Die sozial-\u00f6kologische Transformation beinhaltet die Forderung nach einer Umgestaltung der Wirtschaft, um irreversible Sch\u00e4digungen der \u00d6kosysteme und deren Auswirkungen auf die Menschheit zu vermeiden. Sie wird h\u00e4ufig mit Konzepten eines Green New Deal, einer Postwachstumsgesellschaft oder einer Solidarischen \u00d6konomie verbunden. Die drei Ans\u00e4tze nehmen aber die Geschlechterhierarchie nicht systematisch in den Blick. \u00d6konomische, \u00f6kologische und Care-Krise sind jedoch eng miteinander verkn\u00fcpft. Vortrag von Prof. Dr. Christine Bauhardt (Berlin).<\/p> <p class=\"western\" align=\"justify\">Anmeldung \u00fcber: <a href=\"https:\/\/app.guestoo.de\/public\/event\/ed3c662c-efe8-438e-b549-e0dc2b97155b?lang=de\">https:\/\/app.guestoo.de\/public\/event\/ed3c662c-efe8-438e-b549-e0dc2b97155b?lang=de<\/a><\/p> <p align=\"justify\"><strong>W3_Saal, Nernstweg 32-34, 22765 Hamburg<\/strong><\/p><\/li><li><h5 class=\"termine-titel\"><a href=\"https:\/\/weltlaeden.de\/osterstrasse\/termin\/benet-lehmann-praesentiert-esthers-spuren-die-geschichte-der-shoah-ueberlebenden-esther-bejarano-und-der-kampf-gegen-rechtsextremismus\/\">Benet Lehmann pr\u00e4sentiert: Esthers Spuren. Die Geschichte der Shoah-\u00dcberlebenden Esther Bejarano und der Kampf gegen Rechtsextremismus<\/a><\/h5><p class=\"termine-date\">Mi., 09.10.2024, 20:00<\/p><p class=\"termine-auszug\"><p class=\"western\" align=\"justify\">Die Zeitzeugin und Antifaschistin Esther Bejarano wurde mit 18 Jahren nach Auschwitz deportiert. Bis zu ihrem Lebensende k\u00e4mpfte sie gegen die deutsche Geschichtsvergessenheit an. Als Mitglied der letzten Generation, die noch mit Zeitzeug*innen sprechen kann, begibt sich Benet Lehmann auf die Spuren ihres Lebens. Benet Lehmann im Gespr\u00e4ch mit Anton Saefkow (Esther Bejaranos Enkel)<\/p> <p class=\"western\" align=\"justify\">In Kooperation mit der Rosa Luxemburg Stiftung Hamburg, gef\u00f6rdert durch die Landeszentrale f\u00fcr politische Bildung Hamburg. Eintritt: 8 Euro<\/p><p class=termine-ort\"><small>Ort: <i>Buchladen in der Osterstra\u00dfe, Osterstra\u00dfe 171, 20255 Hamburg<\/i><\/small><\/p><\/li><li><h5 class=\"termine-titel\"><a href=\"https:\/\/weltlaeden.de\/osterstrasse\/termin\/fair-klima-brunch\/\">Fair-Klima-Brunch<\/a><\/h5><p class=\"termine-date\">So., 15.09.2024, 11:30 bis 15.09.2024, 13:30<\/p><p class=\"termine-auszug\"><p class=\"western\" align=\"justify\">F\u00fcr den Brunch w\u00e4hlen Sie K\u00f6stlichkeiten aus aller Welt (M\u00fcsli, O-Saft, Kaffee, Tee, Kakao, Sekt, Honig, Marmelade, Nuss-Nougat-Creme, Brotaufstriche, Fr\u00fcchte u.v.m.) und zahlen Ihren selbst festgelegten fairen Preis! Im Rahmen der Fairen Wochen m\u00f6chten wir Menschen Impulse geben, ihr eigenes (Konsum-)Verhalten kritisch zu beleuchten, alternative Handlungsm\u00f6glichkeiten zu entdecken und auszuprobieren.<\/p><p class=termine-ort\"><small>Ort: <i>Kirchengemeinde St. Paulus HH-Billstedt, Gemeindesaal, \u00d6jendorfer Weg 10, 22111 Hamburg<\/i><\/small><\/p><\/li><li><h5 class=\"termine-titel\"><a href=\"https:\/\/weltlaeden.de\/osterstrasse\/termin\/freitag-13-9-2024-19-30-21-00-uhr-von-der-idee-zum-fairen-handel-das-projekt-utamtsi\/\">Freitag, 13.9.2024, 19.30 \u2013 21.00 Uhr: Von der Idee zum Fairen Handel \u2013 das Projekt Utamtsi<\/a><\/h5><p class=\"termine-date\">Fr., 13.09.2024, 19:30<\/p><p class=\"termine-auszug\">Utamtsi ist die Geschichte einer Begegnung in einem Studentenwohnheim in Bremen. Zwei Menschen, zwei Kulturen treffen sich an einem Ort und gr\u00fcnden 2005 Utamtsi. Utamtsi steht f\u00fcr direkten und fairen Handel, f\u00fcr \u00f6konomische, soziale und \u00f6kologische Nachhaltigkeit nach den Grunds\u00e4tzen der Agenda 21 und f\u00fcr Faire Bedingungen, die die Lebensgrundlagen aller an der Wertsch\u00f6pfungskette Beteiligten langfristig sichern. 20 Jahre sp\u00e4ter verf\u00fcgen Kaffeeb\u00e4uer*innen in Kamerun und Uganda so \u00fcber ein regelm\u00e4\u00dfiges und sicheres Einkommen durch den Export von Kaffee und Trockenfr\u00fcchten. Morin Kamga Fobissie, einer der Gr\u00fcnder von Utamtsi, schildert im Gespr\u00e4ch die Geschichte von Utamtsi und geht auf die heutige Lage, auf Probleme und weitere Planungen ein. Gef\u00f6rdert von Ort: Weltladen Osterstrasse, Hellkamp 16, 20255 Hamburg<p class=termine-ort\"><small>Ort: <i>Weltladen Osterstrasse, Hellkamp 16, 20255 Hamburg<\/i><\/small><\/p><\/li><li><h5 class=\"termine-titel\"><a href=\"https:\/\/weltlaeden.de\/osterstrasse\/termin\/von-der-idee-zum-fairen-handel-das-projekt-utamtsi\/\">Von der Idee zum Fairen Handel &#8211; das Projekt Utamtsi<\/a><\/h5><p class=\"termine-date\">Fr., 13.09.2024, 19:30 bis 13.09.2024, 21:00<\/p><p class=\"termine-auszug\"><p class=\"western\" align=\"justify\">Utamtsi ist die Geschichte einer Begegnung in einem Studentenwohnheim in Bremen. Zwei Menschen, zwei Kulturen treffen sich an einem Ort und gr\u00fcnden 2005 Utamtsi. Utamtsi steht f\u00fcr direkten und fairen Handel, f\u00fcr \u00f6konomische, soziale und \u00f6kologische Nachhaltigkeit nach den Grunds\u00e4tzen der Agenda 21 und f\u00fcr Faire Bedingungen, die die Lebensgrundlagen aller an der Wertsch\u00f6pfungskette Beteiligten langfristig sichern. 20 Jahre sp\u00e4ter verf\u00fcgen Kaffeeb\u00e4uer*innen in Kamerun und Uganda so \u00fcber ein regelm\u00e4\u00dfiges und sicheres Einkommen durch den Export von Kaffee und Trockenfr\u00fcchten. Morin Kamga Fobissie, einer der Gr\u00fcnder von Utamtsi, schildert im Gespr\u00e4ch die Geschichte von Utamtsi und geht auf die heutige Lage, auf Probleme und weitere Planungen ein. Gef\u00f6rdert von KED und El-Puente-Stiftung.<\/p><p class=termine-ort\"><small>Ort: <i>Weltladen Osterstrasse, Hellkamp 16, 20255 Hamburg<\/i><\/small><\/p><\/li><li><h5 class=\"termine-titel\"><a href=\"https:\/\/weltlaeden.de\/osterstrasse\/termin\/13-9-2-10-2024-faire-woche-2024\/\">13.9. \u2013 27.9. 2024 Faire Woche<\/a><\/h5><p class=\"termine-date\">Fr., 13.09.2024, 10:00<\/p><p class=\"termine-auszug\">Faire Woche 2024 \u2013 Fair. Und kein Grad mehr. Das Thema der Fairen Woche 2024 (13. \u2013 27.9.) lautet wie 2023 \"Klimagerechtigkeit\". Denn die Auswirkungen der Klimakatastrophe haben l\u00e4ngst zu einer globalen Krise gef\u00fchrt, von der die Menschen im Globalen S\u00fcden am st\u00e4rksten betroffen sind. Junge Menschen weltweit haben wenig zur Entstehung der Klimakrise beigetragen. Gerade sie werden aber in den n\u00e4chsten Jahren und Jahrzehnten erheblich mit ihren Folgen zu k\u00e4mpfen haben und stehen daher in der Fairen Woche 2024 im Mittelpunkt: Wie sind sie von der Klimakrise betroffen? Welche M\u00f6glichkeiten haben sie gefunden, den Ursachen der Klimakrise entgegenzutreten und klimaschonende Produktions- und Konsummuster auszuprobieren? Welche Strategien haben sie entwickelt, um mit den Folgen der Klimakrise umzugehen? Welche Formen des politischen Engagements haben sie gefunden - als Einzelpersonen, lokal, regional oder weltweit vernetzt mit anderen Menschen? Wir laden junge Menschen ein, ihre Sicht auf das Thema einzubringen und so andere [...] <a href=\"https:\/\/weltlaeden.de\/osterstrasse\/termin\/13-9-2-10-2024-faire-woche-2024\/\"><small>[WEITERLESEN]<\/small><\/a><\/p><\/li><li><h5 class=\"termine-titel\"><a href=\"https:\/\/weltlaeden.de\/osterstrasse\/termin\/webinar-die-zukunft-von-kaffeefarmerinnen-sichern-coopac-norandinos-auftrag-im-norden-perus-online-veranstaltung\/\">Webinar: Die Zukunft von Kaffeefarmer*innen sichern \u2013 COOPAC Norandinos Auftrag im Norden Perus. Online-Veranstaltung<\/a><\/h5><p class=\"termine-date\">Di., 10.09.2024, 18:30<\/p><p class=\"termine-auszug\">Wir sprechen \u00fcber die schwierige Situation von Kaffeeb\u00e4uer*innen in Peru sowie die wichtige Arbeit der Spar- und Kreditgenossenschaft COOPAC Norandino. Gemeinsam mit der GLS Investments wollen wir au\u00dferdem \u00fcber die Bedeutung von Impact Investing diskutieren. Anmeldung unter: <a href=\"https:\/\/www.oikocredit.de\/anmeldung-zukunft-kaffeefarmer-sichern\">https:\/\/www.oikocredit.de\/anmeldung-zukunft-kaffeefarmer-sichern<\/a><\/li><li><h5 class=\"termine-titel\"><a href=\"https:\/\/weltlaeden.de\/osterstrasse\/termin\/ernaehrungssouveraenitaet-als-feministische-praxis\/\">Ern\u00e4hrungssouver\u00e4nit\u00e4t als feministische Praxis<\/a><\/h5><p class=\"termine-date\">Sa., 31.08.2024, 10:00 bis 31.08.2024, 16:00<\/p><p class=\"termine-auszug\"><p class=\"western\" align=\"justify\">Jeder 11. Mensch weltweit leidet unter chronischem Hunger. Gleichzeitig landet mehr als ein Drittel aller global produzierten Lebensmittel in der M\u00fclltonne. Rein rechnerisch ist genug Nahrung vorhanden. Doch die globale Ern\u00e4hrungskrise wird von Klimakrise, \u00f6kologischen Katastrophen oder kriegerischen Auseinandersetzungen befeuert. Ern\u00e4hrungssicherheit ist eines der zentralen Ziele der Agenda 2030 der Vereinten Nationen. Das ausreichende Vorhandensein von Nahrung st\u00f6\u00dft aber auf unzul\u00e4ngliche Verteilungsmechanismen und die sozialen und \u00f6kologischen Bedingungen von Lebensmittelproduktion und -konsum werden nicht ausreichend thematisiert. Kleinb\u00e4uerliche Bewegungen aus dem globalen S\u00fcden stellen der Forderung nach Ern\u00e4hrungssicherheit daher den Ansatz der Ern\u00e4hrungssouver\u00e4nit\u00e4t gegen\u00fcber. Frauen nehmen bei Ern\u00e4hrungssicherheit und Ern\u00e4hrungssouver\u00e4nit\u00e4t eine zentrale Rolle ein, besitzen aber nur zu 20% selbst Land und sind \u00fcberproportional h\u00e4ufig von Hunger betroffen. In der Denkwerkstatt geht es um Fragen wie: Welche \u00f6kologischen und sozialen Probleme werden durch die weltweite neoliberale Agrarpolitik versch\u00e4rft? Was verstehen wir unter Ern\u00e4hrungssicherheit und Ern\u00e4hrungssouver\u00e4nit\u00e4t? Welche Rolle spielt Gender<\/p> [...] <a href=\"https:\/\/weltlaeden.de\/osterstrasse\/termin\/ernaehrungssouveraenitaet-als-feministische-praxis\/\"><small>[WEITERLESEN]<\/small><\/a><\/p><p class=termine-ort\"><small>Ort: <i>W3_Saal, Nernstweg 32-34, 22765 Hamburg<\/i><\/small><\/p><\/li><li><h5 class=\"termine-titel\"><a href=\"https:\/\/weltlaeden.de\/osterstrasse\/termin\/globales-open-air-kino-zwischen-vision-und-realitaet-wege-der-hoffnung\/\">Globales Open-Air Kino: Zwischen Vision und Realit\u00e4t: Wege der Hoffnung<\/a><\/h5><p class=\"termine-date\">Mi., 21.08.2024, 20:00 bis 25.08.2024, 20:00<\/p><p class=\"termine-auszug\">An f\u00fcnf Abenden werden Dokumentar- und Spielfilme rund um die Herausforderungen unserer Zeit gezeigt, um Visionen f\u00fcr eine gerechte und solidarische Zukunft erfahrbar zu machen. Auf der ganzen Welt gibt es Menschen, die keine Angst davor haben, sich konsequent f\u00fcr Gerechtigkeit einzusetzen, von dem konsequenten Kampf gegen die weltweite Umweltzerst\u00f6rung bis hin zu Menschen, die sich gegen das Leid der Menschen auf der Flucht einsetzen. Es gibt jeweils einen Kurzvortrag und anschlie\u00dfend einen Film. Programm: <a href=\"https:\/\/pbideutschland.de\/aktuelles\/filmreihe-im-inselpark-hamburg-wilhelmsburg-globales-open-air-kino-0\">https:\/\/pbideutschland.de\/aktuelles\/filmreihe-im-inselpark-hamburg-wilhelmsburg-globales-open-air-kino-0<\/a> Eintritt: 3 \u20ac erm\u00e4\u00dfigt, 5 \u20ac regul\u00e4r, 7 \u20ac Soli-Preis. Veranstalter: pbi \u2013 Deutscher Zweig e.V.<p class=termine-ort\"><small>Ort: <i>Lernort Kulturkapelle, Georg-Wilhelm-Stra\u00dfe 162, 21107 Hamburg<\/i><\/small><\/p><\/li><li><h5 class=\"termine-titel\"><a href=\"https:\/\/weltlaeden.de\/osterstrasse\/termin\/erinnerungsarbeit-im-fussball-im-gespraech-mit-paula-scholz-von-der-kz-gedenkstaette-neuengamme\/\">Erinnerungsarbeit im Fu\u00dfball \u2013 im Gespr\u00e4ch mit Paula Scholz von der KZ-Gedenkst\u00e4tte Neuengamme<\/a><\/h5><p class=\"termine-date\">Mo., 08.07.2024, 18:00 bis 08.07.2024, 20:00<\/p><p class=\"termine-auszug\"><p class=\"western\" align=\"justify\">Ob im Netzwerk Erinnerungsarbeit beim HSV oder durch die Holocaustgedenktage des Fanladens St. Pauli \u2013 das Gedenken an die Opfer des Nationalsozialismus spielt im Kontext Fu\u00dfball eine gro\u00dfe Rolle. Warum engagieren sich viele Menschen im Umfeld Fu\u00dfball politisch und betreiben Erinnerungsarbeit? Inwiefern bietet Fu\u00dfball einen Ankn\u00fcpfungspunkt f\u00fcr das Erinnern? Welche Leerstellen treten in der Erinnerungsarbeit im Fu\u00dfball auf und welche Versuche gibt es, diese zu f\u00fcllen? Welche Rolle spielen dabei der DFB und andere Verb\u00e4nde sowie die Vereine?<\/p> <p class=\"western\" align=\"justify\">Anmeldung \u00fcber <a href=\"https:\/\/www.vhs-hamburg.de\/kurs\/erinnerungsarbeit-im-fussball-im-gesprach-mit-paula-scholz-von-der-kz-gedenkstatte-neuengamme\/370325\">https:\/\/www.vhs-hamburg.de\/kurs\/erinnerungsarbeit-im-fussball-im-gesprach-mit-paula-scholz-von-der-kz-gedenkstatte-neuengamme\/370325<\/a><\/p><\/li><li><h5 class=\"termine-titel\"><a href=\"https:\/\/weltlaeden.de\/osterstrasse\/termin\/fussball-im-konzentrationslager\/\">Fu\u00dfball im Konzentrationslager<\/a><\/h5><p class=\"termine-date\">Sa., 06.07.2024, 14:00 bis 06.07.2024, 17:00<\/p><p class=\"termine-auszug\"><p class=\"western\" align=\"justify\">Bis heute ist wenig bekannt, dass in Konzentrationslagern auch Fu\u00dfball gespielt wurde. Die Fu\u00dfballspiele von H\u00e4ftlingen auf dem ehemaligen Appellplatz des KZ Neuengamme bieten Ankn\u00fcpfungspunkte, um \u00fcber Arbeits- und Lebensbedingungen und Hierarchien im Lager zu sprechen. Neben den Fu\u00dfballspielen im Lager werden Biografien von Verfolgten vorgestellt, die vor oder nach ihrer Lagerzeit selber Fu\u00dfball spielten oder andere Bez\u00fcge zu dem Sport hatten.<\/p><p class=termine-ort\"><small>Ort: <i>KZ-Gedenkst\u00e4tte Neuengamme, Jean-Dolidier-Weg 75, Haupteingang<\/i><\/small><\/p><\/li><li><h5 class=\"termine-titel\"><a href=\"https:\/\/weltlaeden.de\/osterstrasse\/termin\/verfolgungsgeschichten-im-nationalsozialismus-am-beispiel-des-hsv\/\">Verfolgungsgeschichten im Nationalsozialismus am Beispiel des HSV<\/a><\/h5><p class=\"termine-date\">Mi., 03.07.2024, 18:00 bis 03.07.2024, 20:30<\/p><p class=\"termine-auszug\"><p class=\"western\" align=\"justify\">Die Geschichte des Hamburger Sport-Vereins ist eng verkn\u00fcpft mit dem Grindelviertel. Bei einem Rundgang werden die Biografien von verfolgten HSV-Mitgliedern erz\u00e4hlt und anhand ihrer Schicksale Themen wie Verfolgung, Widerstand, Flucht, Deportation und Ermordung im Nationalsozialismus behandelt. Neben Stolpersteinen sind es auch Gedenktafeln oder Namensgebungen, die uns diese Geschichten nicht vergessen lassen. Daher ist der bis heute andauernde Kampf ums Gedenken ebenfalls ein wichtiger Teil des Rundgangs.<\/p><p class=termine-ort\"><small>Ort: <i>Theodor-Heuss-Platz 12 an der Tankstelle Shell gegen\u00fcber vom Bf. Dammtor<\/i><\/small><\/p><\/li><li><h5 class=\"termine-titel\"><a href=\"https:\/\/weltlaeden.de\/osterstrasse\/termin\/eine-reise-durch-die-geschichte-des-juedischen-fussballs-in-hamburg\/\">Eine Reise durch die Geschichte des j\u00fcdischen Fu\u00dfballs in Hamburg<\/a><\/h5><p class=\"termine-date\">Mo., 01.07.2024, 19:00 bis 01.07.2024, 21:00<\/p><p class=\"termine-auszug\"><p class=\"western\" align=\"justify\">In den ersten Jahrzehnten der deutschen Fu\u00dfballgeschichte im 20. Jahrhundert waren viele M\u00e4nner j\u00fcdischen Glaubens Teil der Fu\u00dfballkultur. Sie waren gefeierte Spieler, geachtete Trainer und Funktion\u00e4re, gro\u00dfz\u00fcgige F\u00f6rderer in ihren Vereinen. Das alles \u00e4nderte sich schlagartig nach dem 30. Januar 1933. Nur wenige Wochen nach der Macht\u00fcbernahme durch die Nationalsozialisten begannen viele deutsche Turn- und Sportvereine mit dem freiwilligen Ausschluss ihrer j\u00fcdischen Mitglieder. Der einzige Grund: Sie waren Juden.<\/p><p class=termine-ort\"><small>Ort: <i>Mahnmal St. Nikolai - Museum, Willy-Brandt-Str. 60, 20457 Hamburg<\/i><\/small><\/p><\/li><li><h5 class=\"termine-titel\"><a href=\"https:\/\/weltlaeden.de\/osterstrasse\/termin\/kaffee-schmuck-textilien-hamburg-fairwandeln-ein-rundgang-durch-ottensen\/\">Kaffee, Schmuck, Textilien: Hamburg FairWandeln &#8211; Ein Rundgang durch Ottensen<\/a><\/h5><p class=\"termine-date\">Sa., 25.05.2024, 11:00<\/p><p class=\"termine-auszug\"><p class=\"western\" align=\"justify\">Weltweit sind die Produktions- und Lieferketten der meisten (Konsum-)Produkte von Ausbeutung und Ungleichheit gepr\u00e4gt. Bei der Produktion von Kaffee, Schmuck und Textilien werden besonders h\u00e4ufig Frauen im Globalen S\u00fcden ausgebeutet, sodass auch Geschlechtergerechtigkeit eine zentrale Rolle spielt. Fairer Handel ist ein bekanntes Gegenkonzept. Doch w\u00e4hrend sich der Faire Handel mit Lebensmitteln zunehmender Beliebtheit erfreut, hat sich diese Entwicklung in anderen Branchen noch nicht durchsetzen k\u00f6nnen. Auf einem interaktiven Rundgang durch Ottensen wollen wir Initiativen und Menschen kennenlernen, die sich f\u00fcr solidarische Alternativen einsetzen, z.B. der Faire Handel oder ein Goldschmied in Ottensen. Ist solidarisches Wirtschaften ein wirksames Mittel, um gesellschaftlichen Krisen und \u00fcberm\u00e4\u00dfigem Konsum zu begegnen? Und wie kann der Welthandel insgesamt f\u00fcr alle Menschen gerechter werden?<\/p> <p class=\"western\" align=\"justify\">Anmeldung \u00fcber: <a href=\"https:\/\/app.guestoo.de\/public\/event\/4e37ec5c-80cc-492f-8367-3777666e62be\">https:\/\/app.guestoo.de\/public\/event\/4e37ec5c-80cc-492f-8367-3777666e62be<\/a><\/p><\/li><li><h5 class=\"termine-titel\"><a href=\"https:\/\/weltlaeden.de\/osterstrasse\/termin\/weltladentag-2\/\">Weltladentag<\/a><\/h5><p class=\"termine-date\">Sa., 11.05.2024, 10:00<\/p><p class=\"termine-auszug\"><p class=\"western\" align=\"justify\">Eine klimagerechte Welt braucht andere politische Rahmenbedingungen. Die bisher beschlossenen Ma\u00dfnahmen sind nicht genug. Zum Weltladentag, am 11. Mai 2024 fordern wir, dass f\u00fcr Klimasch\u00e4den endlich Verantwortung \u00fcbernommen wird. Klima-Hilfs-Gelder m\u00fcssen gerecht verteilt werden<\/p><p class=termine-ort\"><small>Ort: <i>Weltladen Osterstra\u00dfe, Hellkamp 16<\/i><\/small><\/p><\/li><li><h5 class=\"termine-titel\"><a href=\"https:\/\/weltlaeden.de\/osterstrasse\/termin\/aktionswoche-solidarisch-wirtschaften-gerecht-handeln\/\">Aktionswoche: Solidarisch Wirtschaften. Gerecht Handeln<\/a><\/h5><p class=\"termine-date\">Do., 02.05.2024, 10:00 bis 11.05.2024, 21:00<\/p><p class=\"termine-auszug\"><p class=\"western\" align=\"justify\">Die Krisen sind allgegenw\u00e4rtig. Das globale Wirtschaftssystem basiert auf der Ausbeutung von Mensch und Natur. Ein systemischer Wandel ist dringend notwendig, die sozial-\u00f6kologische Transformation unumg\u00e4nglich \u2013 und m\u00f6glich! Doch was k\u00f6nnen wir tun? Die Aktionswoche l\u00e4dt ein zu 10 \u201egalaktischen\u201c Tagen zum Entdecken und Mitmachen. Spannende Ausstellungen treten miteinander in Dialog und werden von Gespr\u00e4chen und Workshops begleitet. Tags\u00fcber ist KOSMOS ein interaktiver Lernort f\u00fcr Schulklassen. Abends und am Wochenende verwandelt sich KOSMOS in einen Ort der Auseinandersetzung. Weitere Infos und Veranstaltungsplan unter: <a href=\"https:\/\/www.fairtradestadt-hamburg.de\/kosmos-jupiter\/\">https:\/\/www.fairtradestadt-hamburg.de\/kosmos-jupiter\/<\/a><\/p><p class=termine-ort\"><small>Ort: <i>Jupiter, M\u00f6nckebergstra\u00dfe 2-4, 20095 Hamburg<\/i><\/small><\/p><\/li><li><h5 class=\"termine-titel\"><a href=\"https:\/\/weltlaeden.de\/osterstrasse\/termin\/wirtschaft-und-produktion-ist-eine-klima-und-geschlechtergerechte-transformation-moeglich\/\">Wirtschaft und Produktion: Ist eine klima- und geschlechtergerechte Transformation m\u00f6glich?<\/a><\/h5><p class=\"termine-date\">Sa., 20.04.2024, 10:00 bis 20.04.2024, 16:00<\/p><p class=\"termine-auszug\"><p class=\"western\" align=\"justify\">Die \u00f6kologische Krise ist eng verbunden mit der Care-Krise. Die Folgen globaler Krisen werden auf unbezahlte, aber auch bezahlte Sorgearbeitende abgew\u00e4lzt, w\u00e4hrend sich deren Arbeits- und Lebensbedingungen verschlechtern. Geschlechtergerechtigkeit ist eine der Kernfragen sozial-\u00f6kologischer Gerechtigkeit. Weltweit gibt es verschiedene Ans\u00e4tze, die versuchen, Alternativen zum bestehenden Wirtschaftssystem zu schaffen und Antworten auf die Klimakrise zu geben (z.B. Gemeinwohl\u00f6konomie). W\u00e4hrend jedoch viele von ihnen Fragen nach Gender und Care ausblenden, versuchen feministische Transformationsstrategien diese st\u00e4rker zu ber\u00fccksichtigen oder sogar in ihr Zentrum zu stellen. Die Denkwerkstatt will sich mit folgenden Fragen besch\u00e4ftigen: Was haben Care und Geschlechtergerechtigkeit mit der Klimakrise zu tun? Was verstehen wir unter \u201eWirtschaft\u201c und \u201eTransformation\u201c und welche Bedeutung hat Care darin? Welche Modelle des sozial-\u00f6kologischen Wandels gibt es, die Fragen nach Geschlechtergerechtigkeit mit einbeziehen? Welche feministischen Modelle von Wirtschaft, Arbeit und Zeit k\u00f6nnen f\u00fcr eine geschlechter- und klimagerechte Transformation n\u00fctzlich sein? Welche Utopien haben wir selbst<\/p> [...] <a href=\"https:\/\/weltlaeden.de\/osterstrasse\/termin\/wirtschaft-und-produktion-ist-eine-klima-und-geschlechtergerechte-transformation-moeglich\/\"><small>[WEITERLESEN]<\/small><\/a><\/p><p class=termine-ort\"><small>Ort: <i>W3_Saal, Nernstweg 32-34, 22765 Hamburg<\/i><\/small><\/p><\/li><li><h5 class=\"termine-titel\"><a href=\"https:\/\/weltlaeden.de\/osterstrasse\/termin\/3316\/\">Offizielle Er\u00f6ffnung des Weltladen Osterstrasse<\/a><\/h5><p class=\"termine-date\">Sa., 09.03.2024, 11:00<\/p><p class=\"termine-auszug\"><p class=\"western\" align=\"justify\">Es ist soweit: Der Weltladen Osterstrasse bezieht das neue Ladengesch\u00e4ft im Hellkamp 16. Daher laden wir am 09. M\u00e4rz 2024 um 11.00 Uhr zur offiziellen Er\u00f6ffnung ein mit Gru\u00dfworten von Falk Schmidt-Tobler (Bezirksversammlung Eimsb\u00fcttel), Christine Priessner (Fair Trade Stadt Hamburg), Albrecht Voigt (S\u00fcd-Nord-Kontor), Jette Ladiges (El Puente) und Maren Gottsmann (Kirchengemeinde Niendorf).<\/p><p class=termine-ort\"><small>Ort: <i>Hellkamp 16, 20255 Hamburg<\/i><\/small><\/p><\/li><li><h5 class=\"termine-titel\"><a href=\"https:\/\/weltlaeden.de\/osterstrasse\/termin\/klimaschutz-aber-dekolonial\/\">Klimaschutz, aber dekolonial<\/a><\/h5><p class=\"termine-date\">Mo., 22.01.2024, 19:00 bis 22.01.2024, 21:00<\/p><p class=\"termine-auszug\"><p class=\"western\" align=\"justify\">Erste Spuren einer klimafreundlichen Gesellschaft sind in Deutschland immer mehr zu sehen. Photovoltaik auf den D\u00e4chern, Windkraftanlagen oder E-Autos verk\u00fcnden das Ende fossiler Brennstoffe. F\u00fcr solche \u201egr\u00fcnen\u201c Technologien werden allerdings in steigendem Ma\u00dfe zahlreiche \u201ekritische Rohstoffe\u201c wie Lithium, Cobalt und Nickel ben\u00f6tigt. Unbeachtet bleibt dabei allerdings meist die Frage, wie sich der Abbau metallischer Rohstoffe auf die Lebensbedingungen der Menschen vor Ort auswirkt. \u201eKritische Rohstoffe\u201c werden vor allem in L\u00e4ndern des S\u00fcdens wie Chile oder Kongo abgebaut. Bekannte Probleme des Bergbaus (Umweltzerst\u00f6rung, Menschenrechtsverletzungen, Vertreibung indigener Gemeinschaften) k\u00f6nnten durch die Energiewende also massiv versch\u00e4rft werden. Wo liegen in diesem Spannungsfeld Wege hin zu einer solidarischen und global gerechten Energiewende? Gibt es M\u00f6glichkeiten, Bergbau sozial gerecht und \u00f6kologisch nachhaltig zu gestalten? Welche Wege zur Klimaneutralit\u00e4t achten indigene Rechte und Lebensweisen? Und wie kann der Wandel hin zu einer klimafreundlichen Gesellschaft in Deutschland aussehen, damit ein gutes Leben f\u00fcr alle m\u00f6glich<\/p> [...] <a href=\"https:\/\/weltlaeden.de\/osterstrasse\/termin\/klimaschutz-aber-dekolonial\/\"><small>[WEITERLESEN]<\/small><\/a><\/p><p class=termine-ort\"><small>Ort: <i>Museum der Arbeit, Wiesendamm 3, 22305 Hamburg<\/i><\/small><\/p><\/li><li><h5 class=\"termine-titel\"><a href=\"https:\/\/weltlaeden.de\/osterstrasse\/termin\/konsum-aber-fair\/\">&#8222;Konsum &#8211; aber fair!&#8220;<\/a><\/h5><p class=\"termine-date\">Di., 14.11.2023, 14:00 bis 14.11.2023, 18:00<\/p><p class=\"termine-auszug\"><p class=\"western\" align=\"justify\">Im Rahmen der KLIMAfuchs-Aktionswoche (13.-24.11.) werden Kitas dazu eingeladen, sich mit dem Thema Konsum auseinanderzusetzen, hinter Produktionsprozesse zu blicken und das Spielzeug in der eigenen Einrichtung genau unter die Lupe zu nehmen. Mit Christine Prie\u00dfner, Fachpromotorin f\u00fcr Fairen Handel bei Mobile Bildung e.V., tauchen wir am Beispiel der textilen Lieferkette in das Thema fairer Konsum ein. Wir erarbeiten gemeinsam Strategien, um unsere Kaufentscheidungen gerechter gestalten zu k\u00f6nnen. Infos: <a href=\"https:\/\/www.klimafuchs-kita.de\/alle-kitas\/offene-aktionswochen\/spielzeug-auf-reisen\/\">https:\/\/www.klimafuchs-kita.de\/alle-kitas\/offene-aktionswochen\/spielzeug-auf-reisen\/<\/a><\/p><\/li><li><h5 class=\"termine-titel\"><a href=\"https:\/\/weltlaeden.de\/osterstrasse\/termin\/fairtrade-schuelerinnenakademie-in-hamburg\/\">Fairtrade-Sch\u00fcler*innenakademie in Hamburg<\/a><\/h5><p class=\"termine-date\">Di., 14.11.2023, 09:30 bis 14.11.2023, 15:30<\/p><p class=\"termine-auszug\"><p class=\"western\" align=\"justify\">Fairtrade Deutschland e.V., Mobile Bildung e.V., das B\u00fcndnis Eine Welt Schleswig-Holstein e.V. (BEI) und der Weltladen Top 21 l\u00e4dt zur Fairtrade-Sch\u00fcler*innenakademie in Hamburg ein. Gemeinsam wollen wir uns zum fairen Handel fortbilden und unsere Skills st\u00e4rken, um uns besser f\u00fcr den fairen Handel einsetzen zu k\u00f6nnen und kreative Aktionsideen zu entwickeln. Mit Sch\u00fcler*innen der Fairtrade-School Thomas Mann Schule L\u00fcbeck haben wir spannende Ideen f\u00fcr die Gestaltung der Akademie gesammelt: In Workshops \u00fcber den fairen Handel und Fu\u00dfball, fair Fashion, KlimaFairness und Fairtrade und einer fairen Stadtrallye erfahrt ihr, was der faire Handel mit eurem Alltag zu tun hat. Anmeldung: <a href=\"https:\/\/www.fairtrade-deutschland.de\/aktiv-werden\/fairtrade-kampagnen\/schuelerinnenakademie-hamburg-14112023\">https:\/\/www.fairtrade-deutschland.de\/aktiv-werden\/fairtrade-kampagnen\/schuelerinnenakademie-hamburg-14112023<\/a><\/p><p class=termine-ort\"><small>Ort: <i>Rudolf Steiner Haus, Mittelweg 11-12, 20148 Hamburg<\/i><\/small><\/p><\/li><li><h5 class=\"termine-titel\"><a href=\"https:\/\/weltlaeden.de\/osterstrasse\/termin\/beisammen-den-bach-runter-handlungsfaehig-bleiben-in-krisenhaften-zeiten\/\">Beisammen den Bach runter. Handlungsf\u00e4hig bleiben in krisenhaften Zeiten<\/a><\/h5><p class=\"termine-date\">Sa., 11.11.2023, 10:30 bis 11.11.2023, 17:30<\/p><p class=\"termine-auszug\"><p class=\"western\" align=\"justify\">Der Zustand des Planeten und viele politische und gesellschaftliche Entwicklungen lassen nicht viel Raum f\u00fcr Optimismus. Diesen Entwicklungen ins Auge zu sehen ist eine gro\u00dfe Herausforderung. Das gilt besonders f\u00fcr Menschen, denen eine lebenswerte Gegenwart und Zukunft f\u00fcr alle am Herzen liegt. Der Workshop behandelt z.B. Fragen wie: Was haben unsere Emotionen mit unserer politischen Handlungsf\u00e4higkeit zu tun? Wie k\u00f6nnen wir den Krisen auf der Welt ins Auge sehen, ohne uns \u00fcberw\u00e4ltigen zu lassen? Was k\u00f6nnen wir vielleicht auch gemeinsam tun? Wie k\u00f6nnen wir uns st\u00e4rken \u2013 im Jetzt und f\u00fcr alles, was da noch kommt? In dem Workshop nutzt eine Gruppe von Aktivist*innen, professionellen Trainer*innen und Berater*innen verschiedene Methoden, um eigene Erfahrungen zu reflektieren, miteinander zu teilen und zu bearbeiten. Es k\u00f6nnen maximal 25 Personen teilnehmen. Der Workshop wird auf Spendenbasis angeboten. Anmeldung unter workshops@wums-kollektiv.org an.<\/p><p class=termine-ort\"><small>Ort: <i>Mokry M1, Mokrystra\u00dfe 3, 21107 Hamburg<\/i><\/small><\/p><\/li><li><h5 class=\"termine-titel\"><a href=\"https:\/\/weltlaeden.de\/osterstrasse\/termin\/buergerinnenfest-am-tag-der-deutschen-einheit-2023\/\">B\u00fcrger*innenfest am Tag der Deutschen Einheit 2023<\/a><\/h5><p class=\"termine-date\">Mo., 02.10.2023, 11:00 bis 03.10.2023, 19:00<\/p><p class=\"termine-auszug\"><p class=\"western\" align=\"justify\">Das \u201cFestival der Einheit\u201c feiert 33 Jahre deutsche Wiedervereinigung. Vielfalt, Modernit\u00e4t und Internationalit\u00e4t sind die Themen des B\u00fcrger*innenfests in Hamburg. Nat\u00fcrlich darf hier die Fair Trade Stadt Hamburg nicht fehlen! Entlang der 17 Ziele f\u00fcr nachhaltige Entwicklung pr\u00e4sentieren in einer Infomeile verschiedene Institutionen ihre Aktivit\u00e4ten und Angebote zum \u201eAktiv werden f\u00fcr eine nachhaltige Zukunft\u201c. In einem Kuppelzelt an der Binnenalster wird der Speakers Corner durchg\u00e4ngig eine B\u00fchne bieten f\u00fcr spannende Vortr\u00e4ge, Diskussionen und Zukunftsvisionen, u.a. zu textilen Lieferketten, nachhaltigem Bauen, Abfallmanagement und sozialer Teilhabe. Die Fair Trade Stadt Hamburg wird ihre entwicklungspolitische als auch die an globalen Lieferketten orientierte Arbeit im Fairen Handel durch Mitmach-Aktionen vorstellen. Der Faire Handel muss als Teil eines zukunftsf\u00e4higen Wirtschaftsmodells verstanden werden, das wir uns f\u00fcr die Stadt Hamburg w\u00fcnschen. Als Teil eines ganzheitlichen Nachhaltigkeitsverst\u00e4ndnisses positioniert sich die Projektstelle gemeinsam mit vielen anderen Akteur*innen f\u00fcr eine nachhaltige, zukunftsf\u00e4hige Stadt und fordert eine starke<\/p> [...] <a href=\"https:\/\/weltlaeden.de\/osterstrasse\/termin\/buergerinnenfest-am-tag-der-deutschen-einheit-2023\/\"><small>[WEITERLESEN]<\/small><\/a><\/p><p class=termine-ort\"><small>Ort: <i>Binnenalster, Rathaus- und G\u00e4nsemarkt, M\u00f6nckebergstra\u00dfe<\/i><\/small><\/p><\/li><li><h5 class=\"termine-titel\"><a href=\"https:\/\/weltlaeden.de\/osterstrasse\/termin\/tugba-tekkal-tor-zur-freiheit\/\">Tu\u011fba Tekkal: Tor zur Freiheit<\/a><\/h5><p class=\"termine-date\">Fr., 11.08.2023, 18:30<\/p><p class=\"termine-auszug\"><p class=\"western\" align=\"justify\">Tu\u011fba Tekkal liest aus ihrem Buch \"Tor zur Freiheit\". Sie ist Fu\u00dfballerin und Menschenrechtsaktivistin und hat mit ihrer Schwester D\u00fczen die Menschenrechtsorganisation H\u00e1war.help gegr\u00fcndet. In ihrem Buch verkn\u00fcpft sie ihre Kindheit in einer kurdisch-jesidischen Gro\u00dffamilie, ihre Liebe zum Sport, die Karriere als Profifu\u00dfballerin und ihre Arbeit als Menschenrechtsaktivistin zu einer Geschichte \u00fcber Ausgrenzung und Selbsterm\u00e4chtigung.<\/p> <p class=\"western\" align=\"justify\">Veranstaltung im Rahmen des Kampnagel-Sommerfestivals (9. - 27. August). Infos: <\/p> <p class=\"western\" align=\"justify\"><a href=\"https:\/\/kampnagel.de\/reihen\/internationales-sommerfestival-2023\">https:\/\/kampnagel.de\/reihen\/internationales-sommerfestival-2023<\/a><\/p><p class=termine-ort\"><small>Ort: <i>Kampnagel, Waldb\u00fchne<\/i><\/small><\/p><\/li><li><h5 class=\"termine-titel\"><a href=\"https:\/\/weltlaeden.de\/osterstrasse\/termin\/schnackschmiede\/\">Schnackschmiede<\/a><\/h5><p class=\"termine-date\">Sa., 03.06.2023, 10:00 bis 03.06.2023, 13:00<\/p><p class=\"termine-auszug\"><p class=\"western\" align=\"justify\">Wir brauchen mehr Engagement f\u00fcr global-lokale Zusammenh\u00e4nge. Lasst uns schnacken und planen, wie wir zusammen aktiv sein k\u00f6nnen! Mit allen Menschen aus Hamburg und Umgebung, die gesamtgesellschaftliche Ver\u00e4nderungen hin zu globaler Gerechtigkeit erreichen wollen! Wir starten den Vormittag mit einem gemeinsamen Auftakt. Anschlie\u00dfend \u00f6ffnen wir den Raum f\u00fcr pers\u00f6nliche Begegnung, in dem neue Kontakte gekn\u00fcpft und bereits bestehende Verbindungen vertieft werden k\u00f6nnen. Gemeinsam \u00fcberlegen wir, welche \u00dcberschneidungen es gibt, wie Ziele gemeinsam verfolgt werden k\u00f6nnen und wer oder was f\u00fcr die Umsetzung fehlt. Das Ziel: Bereits bestehendes Engagement sichtbar machen, Kr\u00e4fte f\u00fcr Aktivit\u00e4ten besser b\u00fcndeln, Beziehungen f\u00f6rdern.<\/p> <p class=\"western\" align=\"justify\">R\u00fcckfragen &amp; Anregungen: kontakt@hamburg.global oder 040 2260 9277.<\/p><p class=termine-ort\"><small>Ort: <i>Lernort Kulturkapelle in Wilhelmsburg, Georg-Wilhelm-Stra\u00dfe 162, 21107 Hamburg<\/i><\/small><\/p><\/li><li><h5 class=\"termine-titel\"><a href=\"https:\/\/weltlaeden.de\/osterstrasse\/termin\/veranstaltung-mit-marianne-wilke-im-rahmen-des-eimsbuetteler-monats-des-gedenkens-die-stolpersteine-vor-dem-haus-hellkamp-31\/\">Veranstaltung mit Marianne Wilke im Rahmen des Eimsb\u00fctteler Monats des Gedenkens: Die Stolpersteine vor dem Haus Hellkamp 31<\/a><\/h5><p class=\"termine-date\">So., 07.05.2023, 11:00<\/p><p class=\"termine-auszug\"><p class=\"western\" align=\"justify\">Marianne Wilke berichtet \u00fcber das Schicksal ihrer Gro\u00dfeltern. In einem G\u00fcterwagen wurden sie 1941 mit mehr als 750 Hamburger Juden und J\u00fcdinnen in das KZ Jungfernhof bei Riga deportiert und dort ermordet. Sie waren 65 und 61 Jahre alt und hatten keine Chance zu \u00fcberleben. Sie wohnten in Hamburg-Eimsb\u00fcttel Hellkamp Nr. 31. Zwei Stolpersteine erinnern dort heute an sie. Marianne Wilke wird auch dar\u00fcber berichten, was die Familiengeschichte f\u00fcr ihr eigenes Leben bedeutet hat und welche Erfahrungen sie als sogenannte Halbj\u00fcdin gemacht hat. Ihr Vater Adolf war durch seine \u201eprivilegierte Mischehe\u201c gesch\u00fctzt, aber ihr Onkel Hermann Lehmann wurde mit seiner Frau 1941 nach Minsk deportiert und dort ermordet.<\/p> <p class=\"western\" align=\"justify\">Veranstaltende: Auschwitz-Komitee in Kooperation mit dem Buchladen in der Osterstra\u00dfe<\/p><p class=termine-ort\"><small>Ort: <i>Buchladen in der Osterstra\u00dfe, Osterstra\u00dfe 171, 20255 Hamburg<\/i><\/small><\/p><\/li><li><h5 class=\"termine-titel\"><a href=\"https:\/\/weltlaeden.de\/osterstrasse\/termin\/weltladentag\/\">Weltladentag<\/a><\/h5><p class=\"termine-date\">Mi., 26.04.2023, 22:28<\/p><p class=\"termine-auszug\"><p class=\"western\" align=\"justify\">Unter dem Motto \u201eM\u00c4CHTIG unfair!\u201c wird auf die ungleichen Machtverh\u00e4ltnisse entlang der Lieferkette aufmerksam gemacht und an vergangene Aktionen angekn\u00fcpft.<\/p><p class=termine-ort\"><small>Ort: <i>Weltladen Osterstra\u00dfe, Osterstra\u00dfe 171<\/i><\/small><\/p><\/li><li><h5 class=\"termine-titel\"><a href=\"https:\/\/weltlaeden.de\/osterstrasse\/termin\/die-regenwaelder-am-amazonas-was-haben-wir-damit-zu-tun\/\">Die Regenw\u00e4lder am Amazonas &#8211; was haben wir damit zu tun?<\/a><\/h5><p class=\"termine-date\">Do., 20.04.2023, 19:30<\/p><p class=\"termine-auszug\"><p class=\"western\" align=\"justify\">Was ist der Regenwald, warum ist er so etwas Besonderes und was haben wir mit dem Regenwald zu tun? Der Vortrag von Dr. Rainer Putz (Regenwald-Institut, Regenwaldladen) geht auf die aktuelle politische Situation in Brasilien ein und stellt die klimatischen Zusammenh\u00e4nge und Auswirkungen vor. Weiterhin werden die Gefahrenpotentiale f\u00fcr die Regenw\u00e4lder aufgezeigt: Wer zerst\u00f6rt ihn und warum? In einem zweiten Teil geht es am Beispiel von zwei Projekten im Amazonasgebiet um Strategien f\u00fcr einen dauerhaften Regenwaldschutz: Nachhaltige Nutzung durch traditionelle Bev\u00f6lkerungsgruppen, M\u00f6glichkeiten im Fairer Handel.<\/p> <p class=\"western\" align=\"justify\">Eine Veranstaltung des Aktionszentrum 3. Welt e.V. in Zusammenarbeit mit dem Kirchlichen Entwicklungsdienst (KED) und der B\u00fccherhalle Eimsb\u00fcttel.<\/p><p class=termine-ort\"><small>Ort: <i>B\u00fccherhalle Eimsb\u00fcttel, Doormannsweg 12, 20259 Hamburg (Hamburg-Haus)<\/i><\/small><\/p><\/li><li><h5 class=\"termine-titel\"><a href=\"https:\/\/weltlaeden.de\/osterstrasse\/termin\/shole-pakravan-wie-man-ein-schmetterling-wird-lesung-mit-shole-pakravan-und-steffi-niederzoll\/\">Shole Pakravan: Wie man ein Schmetterling wird. Lesung mit Shole Pakravan und Steffi Niederzoll<\/a><\/h5><p class=\"termine-date\">Mo., 13.03.2023, 19:00 bis 13.03.2023, 21:00<\/p><p class=\"termine-auszug\"><p class=\"western\" align=\"justify\">Shole Pakravan floh 2017 aus ihrer Heimat Iran und lebt in Berlin. Das Buch ist ihrer Tochter sowie den zahllosen Frauen im Iran gewidmet, die nie aufgeh\u00f6rt haben, ihre Stimme gegen Unterdr\u00fcckung und Ungerechtigkeit zu erheben und damit ihr Leben riskieren. Sie erz\u00e4hlt darin die Lebensgeschichte ihrer Tochter, die wie ein Vorbote der gegenw\u00e4rtigen radikalen Proteste im Iran wirkt. Als 19-J\u00e4hrige wird diese fast vergewaltigt, setzt sich zur Wehr und sticht ihren Angreifer nieder. Nach einem Schauprozess wird sie wegen vors\u00e4tzlichen Mordes zum Tod verurteilt. Sieben Jahre setzt sie sich aus dem Todestrakt heraus f\u00fcr Frauenrechte und ihre Mith\u00e4ftlinge ein. Durch das Schicksal ihrer Tochter wurde Shole Pakravan zu einer wichtigen Menschenrechtsaktivistin, die sich gegen die Todesstrafe und f\u00fcr Frauenrechte im Iran einsetzt. F\u00fcnf Jahre lang arbeitete Steffi Niederzoll an dem Dokumentarfilm \u201eSieben Winter in Teheran\u201c, der sich mit der Familie Pakravan und ihrer Geschichte besch\u00e4ftigt.<\/p> <p class=\"western\" [...] <a href=\"https:\/\/weltlaeden.de\/osterstrasse\/termin\/shole-pakravan-wie-man-ein-schmetterling-wird-lesung-mit-shole-pakravan-und-steffi-niederzoll\/\"><small>[WEITERLESEN]<\/small><\/a><\/p><p class=termine-ort\"><small>Ort: <i>W3_Saal, Nernstweg 32-34, 22765 Hamburg<\/i><\/small><\/p><\/li><li><h5 class=\"termine-titel\"><a href=\"https:\/\/weltlaeden.de\/osterstrasse\/termin\/die-textilwirtschaft-in-krisen-nehmen-wir-den-faden-auf\/\">Die Textilwirtschaft in Krisen &#8211; Nehmen wir den Faden auf?<\/a><\/h5><p class=\"termine-date\">Di., 07.03.2023, 19:00 bis 07.03.2023, 20:30<\/p><p class=\"termine-auszug\">Lieferketten sind im Wandel. Besonders die Textilkette steht bei vielen Konsument*innen im Fokus. Forderungen nach Nachhaltigkeit und sozialen Standards sind vielf\u00e4ltig. Angesicht diverser Krisen haben auch Unternehmen Handlungsbedarf erkannt. Aber was geschieht eigentlich, wenn man an einem Faden zieht? Wie wirkt es sich z.B. aus, wenn der Konsum zur\u00fcckgeht \u2013 aufgrund von Krisen oder auch Konsumverzicht \u2013 oder wenn Unternehmen ihre Praxis \u00e4ndern? Was passiert auf der anderen Seite bei den Menschen, die f\u00fcr uns produzieren? Die Online-Veranstaltung bietet einen aktuellen Blick auf die Lage; Perspektiven von Konsument*innen und von Arbeiter*innen des Globalen S\u00fcdens treffen aufeinander. Wir sprechen \u00fcber Handlungsoptionen mit Expertinnen aus Fachorganisationen im Bereich Wirtschaft, Menschenrechte und Entwicklungspolitik. Mit Diana Sanabria beim Referentin f\u00fcr Weltwirtschaft im Zentrum f\u00fcr Mission und \u00d6kumene und Frauke Steglich vom Institut f\u00fcr Weltwirtschaft. Eine Veranstaltung unter Beteiligung des Projekts \u201eWirtschaft und Menschenrechte in Schleswig-Holstein\u201c. Die Veranstaltung ist kostenfrei<p class=termine-ort\"><small>Ort: <i>Online. Anmeldungen bis 6.3.23: breklum@akademie.nordkirche.de<\/i><\/small><\/p><\/li><li><h5 class=\"termine-titel\"><a href=\"https:\/\/weltlaeden.de\/osterstrasse\/termin\/geschlecht-und-gesundheit\/\">Geschlecht und Gesundheit<\/a><\/h5><p class=\"termine-date\">Do., 15.12.2022, 19:00 bis 15.12.2022, 21:00<\/p><p class=\"termine-auszug\"><p class=\"western\" align=\"justify\">Unsere Gesundheit h\u00e4ngt ma\u00dfgeblich von den Verh\u00e4ltnissen ab, in denen wir leben. Wer arm ist, wird h\u00e4ufiger krank und lebt k\u00fcrzer. Es geht also um mehr als den Zugang zu einer individualisierten medizinischen Behandlung: Der interaktive Vortrag gibt einen \u00dcberblick zu sozialen Komponenten von Gesundheit: Arbeiten, Wohnen, Umwelt, Stress, Mobilit\u00e4t, Rassismus \u2013 und Geschlecht. Nicht nur schadet geschlechtsspezifische Diskriminierung der Gesundheit, Frauen* und LSBTIQ* erfahren auch h\u00e4ufig geschlechtsspezifische Diskriminierungen im Gesundheitssystem. Der Fokus liegt speziell auf der Frage, wie Gesundheit, Geschlechterverh\u00e4ltnisse und Migration zusammenh\u00e4ngen.<\/p> <p class=\"western\" align=\"justify\">Voranmeldung erforderlich unter: <a href=\"https:\/\/app.guestoo.de\/public\/event\/b3160973-4cc6-4dd9-825e-21f682419c29\">https:\/\/app.guestoo.de\/public\/event\/b3160973-4cc6-4dd9-825e-21f682419c29<\/a><\/p><\/li><li><h5 class=\"termine-titel\"><a href=\"https:\/\/weltlaeden.de\/osterstrasse\/termin\/gesundheit-klimagerecht\/\">Gesundheit klimagerecht<\/a><\/h5><p class=\"termine-date\">Sa., 10.12.2022, 10:00 bis 12.12.2022, 16:00<\/p><p class=\"termine-auszug\"><p class=\"western\" align=\"justify\">Gesundheit braucht soziale Gerechtigkeit und eine gesunde Umwelt \u2013 weltweit. Insbesondere die Klimakrise f\u00fchrt zu \u00dcbersterblichkeit durch Hitzewellen oder erm\u00f6glichen es Krankheitserregern, sich in neuen Regionen auszubreiten. Gleichzeitig gibt es viele Wechselwirkungen zwischen Verst\u00e4rkern des Klimawandels und der Entstehung nicht\u00fcbertragbarer Krankheiten, beispielsweise bei der Mobilit\u00e4t oder Ern\u00e4hrung. Wir wollen uns ansehen, wie sich Klimaschutz positiv auf die Gesundheit auswirkt und wie K\u00e4mpfe f\u00fcr Klimagerechtigkeit und Forderungen f\u00fcr eine solidarische Gesundheitspolitik zusammenh\u00e4ngen.<\/p> <p class=\"western\" align=\"justify\">Die Veranstaltung ist Teil des W3_Projekts<a href=\"https:\/\/w3-hamburg.de\/start\/themen\/projekte\/zusammen-klimagerecht\/\" target=\"_blank\" rel=\"noopener\"> Zusammen klimagerecht!<\/a><\/p> <p class=\"western\" align=\"justify\">Voranmeldung erforderlich unter: <a href=\"https:\/\/app.guestoo.de\/public\/event\/709c9439-9d09-4e8a-a14e-36ef6c1598e3\">https:\/\/app.guestoo.de\/public\/event\/709c9439-9d09-4e8a-a14e-36ef6c1598e3<\/a><\/p><\/li><li><h5 class=\"termine-titel\"><a href=\"https:\/\/weltlaeden.de\/osterstrasse\/termin\/fair-schoen-die-modenschau\/\">FAIR &amp; SCH\u00d6N &#8211; die Modenschau<\/a><\/h5><p class=\"termine-date\">Fr., 30.09.2022, 19:00 bis 30.09.2022, 21:00<\/p><p class=\"termine-auszug\">&nbsp; Gemeinsam pr\u00e4sentieren drei Hamburger Weltl\u00e4den faire und nachhaltige Mode aus der Herbst-\/Winterkollektion 2022\/2023. Erleben Sie die farbenfrohen Outfits und spannenden Geschichten rund um das Thema Faire Mode und die M\u00f6glichkeit sich zum Thema auszutauschen. Eintritt: 5 \u20ac (wird bei einem Einkauf verrechnet), Karten nur im Vorverkauf bei den veranstaltenden Weltl\u00e4den. <strong>Kontaktinformationen:<\/strong> Weltladen Bergedorf\/Weltladen Harburg\/Weltladen Osterstra\u00dfe Birgit L\u00f6ffler <a href=\"mailto:info@weltladen-bergedorf.de\">info@weltladen-bergedorf.de<\/a> Telefon: 040 721 96 10 <a href=\"https:\/\/weltlaeden.de\/bergedorf\/\" target=\"_blank\" rel=\"noopener\">https:\/\/weltlaeden.de\/bergedorf\/<\/a><p class=termine-ort\"><small>Ort: <i>21029 Hamburg-Bergedorf<\/i><\/small><\/p><\/li><li><h5 class=\"termine-titel\"><a href=\"https:\/\/weltlaeden.de\/osterstrasse\/termin\/made-in-eimsbuettel-fair-steht-dir\/\">Made in Eimsb\u00fcttel &#8211; Fair steht Dir!<\/a><\/h5><p class=\"termine-date\">So., 25.09.2022, 10:00 bis 25.09.2022, 18:00<\/p><p class=\"termine-auszug\">Zur Messe \u201eMade in Eimsb\u00fcttel\u201c zeigen Eimsb\u00fctteler Gewerbetreibende ihre Produkte einem breiten Publikum. Gutes und Einmaliges aus Eimsb\u00fctteler Werkst\u00e4tten, Ateliers, K\u00fcchen und Kellereien: Die Pandemie hat viele Branchen hart getroffen, vor allem junge Unternehmen haben mit dem Neustart zu k\u00e4mpfen. Damit diese sich pr\u00e4sentieren k\u00f6nnen, veranstalten Osterstra\u00dfe e.V ., das Kreativhaus Eimsb\u00fcttel e.V . und die Eimsb\u00fctteler Nachrichten einen bunten Markt. Im Vordergrund stehen im Rahmen der bundesweiten Fairen Woche faire Produkte und Dienstleistungen und im Caf\u00e9 gibt es ausschlie\u00dflich Kuchen und Kaffee mit fairen Zutaten und aus fairer Produktion. Eine Ausstellung zum Fairen Handel rundet das Angebot ab. Eine Kooperation von Osterstra\u00dfe e.V ., Eimsb\u00fctteler Nachrichten und Weltladen Osterstra\u00dfe. Ort: Schulhof Telemannschule, Telemannstra\u00dfe 10 \u2013 Zufahrt \u00fcber Tor am Heu\u00dfweg, Ausfahrt Tor Telemannstra\u00dfe &nbsp;<\/li><li><h5 class=\"termine-titel\"><a href=\"https:\/\/weltlaeden.de\/osterstrasse\/termin\/weltladentag-maechtig-unfair\/\">Weltladentag &#8222;M\u00c4CHTIG unfair!&#8220;<\/a><\/h5><p class=\"termine-date\">Sa., 14.05.2022, 10:00<\/p><p class=\"termine-auszug\"><strong><\/strong> &nbsp; Schlechte Arbeitsbedingungen, Niedrigl\u00f6hne und Menschenrechtsverletzungen sind noch immer Teil des Alltags vieler Menschen weltweit. W\u00e4hrenddessen machen einzelne Unternehmen immense Gewinne. Produzent*innen erhalten viel zu niedrige Preise, mit denen sie oft nicht einmal die Produktionskosten decken k\u00f6nnen. Am 14. Mai 2022, dem Internationalen Tag des Fairen Handels, machen die Weltl\u00e4den unter dem Motto \u201e<a href=\"https:\/\/www.weltladen.de\/politik-veraendern\/weltladentag\/aktuelle-kampagne\/\">M\u00c4CHTIG unfair<\/a>\u201c mit einem bundesweiten Aktionstag auf die ungleichen Machtverh\u00e4ltnisse entlang globaler Lieferketten aufmerksam und fordern ein Verbot von Dumpingpreisen. Denn es braucht endlich eine gerechte Verteilung der Gewinne und existenzsichernde Einkommen weltweit. Der Faire Handel zeigt, dass ein anderes Wirtschaften m\u00f6glich ist, denn hier steht der Mensch im Mittelpunkt. Organisationen des Fairen Handels wirken den bestehenden Machtungleichgewichten entlang der Lieferkette entgegen. \u201eBeim gesamten GEPA-Sortiment streben wir existenzsichernde Einkaufspreise als Grundlage f\u00fcr die Kalkulation an, um ein w\u00fcrdiges Auskommen f\u00fcr unsere Handelspartner zu erreichen.\u201c Veselina Vasileva, GEPA Preise werden im Fairen Handel m\u00f6glichst transparent und [...] <a href=\"https:\/\/weltlaeden.de\/osterstrasse\/termin\/weltladentag-maechtig-unfair\/\"><small>[WEITERLESEN]<\/small><\/a><\/p><\/li><li><h5 class=\"termine-titel\"><a href=\"https:\/\/weltlaeden.de\/osterstrasse\/termin\/fashion-revolution-week\/\">Fashion Revolution Week<\/a><\/h5><p class=\"termine-date\">Mo., 18.04.2022 bis 24.04.2022<\/p><p class=\"termine-auszug\"><\/li><li><h5 class=\"termine-titel\"><a href=\"https:\/\/weltlaeden.de\/osterstrasse\/termin\/faire-woche\/\">Faire Woche: Zukunft fair gestalten &#8211; Hamburg, mach dich fair!<\/a><\/h5><p class=\"termine-date\">Fr., 10.09.2021, 10:00 bis 24.09.2021, 19:00<\/p><p class=\"termine-auszug\">Entdeckt auf einer Reise durch die Kontinente Handelspartner*innen unseres diesj\u00e4hrigen Schwerpunkts<a href=\"https:\/\/weltlaeden.de\/osterstrasse\/wertschoepfung-vor-ort\/\"> \u201eFAIRWERT \u2013 100% Wertsch\u00f6pfung vor Ort\u201c<\/a>. Von den Philippinen \u00fcber Indien, Pal\u00e4stina, \u00c4gypten und S\u00fcdafrika bis nach Peru: Mangos, Tee, Oliven\u00f6l, Datteltr\u00fcffel und andere Delikatessen. Der Faire Handel erm\u00f6glicht seit Beginn an gerechtere Preise f\u00fcr Rohware und mehr Wertsch\u00f6pfung in der Produktionskette. Je mehr Produktionsschritte die Handelspartner*innen selbst durchf\u00fchren, desto gr\u00f6\u00dfer ist der Gewinn f\u00fcr die Kooperative. Dieser Ertrag kann f\u00fcr soziale Projekte und andere Investitionen verwendet werden. Auch werden neue Arbeitspl\u00e4tze in der Region geschaffen, z.B. durch Marketing und Verpackung. Es k\u00f6nnen so mehr Menschen vom Fairen Handel profitieren. Neben unseren Handelspartner*innen profitieren auch Sie als Weltladen-Kund*innen: Hochwertige Produkte, hergestellt mit Stolz und in W\u00fcrde. So entsteht durch mehr Wertsch\u00f6pfung auch mehr Wertsch\u00e4tzung f\u00fcr die Arbeit. Im Weltladen steht der Mensch im Mittelpunkt!<p class=termine-ort\"><small>Ort: <i>Weltladen Osterstra\u00dfe<\/i><\/small><\/p><\/li><li><h5 class=\"termine-titel\"><a href=\"https:\/\/weltlaeden.de\/osterstrasse\/termin\/world-refugee-day\/\">World Refugee Day<\/a><\/h5><p class=\"termine-date\">So., 20.06.2021<\/p><p class=\"termine-auszug\"><\/li><li><h5 class=\"termine-titel\"><a href=\"https:\/\/weltlaeden.de\/osterstrasse\/termin\/internationaler-tag-gegen-kinderarbeit\/\">Internationaler Tag gegen Kinderarbeit<\/a><\/h5><p class=\"termine-date\">Sa., 12.06.2021<\/p><p class=\"termine-auszug\"><\/li><li><h5 class=\"termine-titel\"><a href=\"https:\/\/weltlaeden.de\/osterstrasse\/termin\/weltladentag-world-fair-trade-day\/\">Weltladentag \/ World Fair Trade Day<\/a><\/h5><p class=\"termine-date\">Sa., 08.05.2021<\/p><p class=\"termine-auszug\">Der 8. Mai 2021 ist der Internationale Tag des Fairen Handels (<a href=\"https:\/\/wfto.com\/fairtradeday2021\/\">World Fair Trade Day<\/a>). An diesem Tag macht die Fair-Handels-Bewegung global auf ihre Vision einer gerechteren Welt sowie eines Handels zum Wohle von Mensch und Umwelt aufmerksam. <a href=\"https:\/\/weltlaeden.de\/osterstrasse\/build-back-fairer\/\">Build Back Fairer<\/a>: f\u00fcr ein gerechtes und nachhaltiges Morgen, in dem soziale Fairness und \u00f6kologische Zukunftsf\u00e4higkeit Hand in Hand gehen!<\/li><li><h5 class=\"termine-titel\"><a href=\"https:\/\/weltlaeden.de\/osterstrasse\/termin\/fairer-handel-und-menschenrechte-schokolade-ohne-kinderarbeit-gibt-es-schon-digitale-veranstaltung\/\">Fairer Handel und Menschenrechte. Schokolade ohne Kinderarbeit gibt es schon. Digitale Veranstaltung<\/a><\/h5><p class=\"termine-date\">Di., 27.10.2020, 20:00<\/p><p class=\"termine-auszug\"><p class=\"yiv5993911777MsoNormal\"><\/p> <p class=\"yiv5993911777MsoNormal\" style=\"text-align: left\">Auf den Kakaoplantagen Westafrikas, wo die wichtigste Zutat f\u00fcr Schokolade angebaut wird, arbeiten rund zwei Millionen Kinder unter ausbeuterischen und gef\u00e4hrlichen Bedingungen, viele k\u00f6nnen nicht zur Schule gehen. Keiner der gro\u00dfen Schokoladenhersteller kann ausschlie\u00dfen, dass in seinen Produkten Kinderarbeit steckt: Ein Lieferkettengesetz ist gefragt. Auch m\u00fcssen Kakaob\u00e4uer*innen existenzsichernde Preise erhalten, denn Kinderarbeit und Armut h\u00e4ngen eng miteinander zusammen. Die Nichtregierungsorganisation SEND-Ghana ist hier gegen\u00fcber der Politik und der Schokoladenindustrie aktiv. Das Start-Up fairafric hat die Schokoladenproduktion vollst\u00e4ndig nach Ghana verlagert. Der Film \u201eDecolonize Chocolate\u201c berichtet \u00fcber dieses Pionierunternehmen ghanaischer Schokoladenproduktion. Filmvorf\u00fchrung, Diskussion und Vortrag mit Johannes Schorling (Inkota) und Ann-Kathrin Berek (fairafric): Make Chocolate fair!<\/p> Gef\u00f6rdert von NUE, El-Puente-Stiftung und KED.\u00a0 Anmeldung unter: <a class=\"yiv5993911777moz-txt-link-abbreviated\" href=\"mailto:mail@az3w.de\" target=\"_blank\" rel=\"nofollow noopener\">mail@az3w.de<\/a><\/li><li><h5 class=\"termine-titel\"><a href=\"https:\/\/weltlaeden.de\/osterstrasse\/termin\/20-jahre-weltladen-osterstrasse-50-jahre-fairer-handel\/\">20 Jahre Weltladen Osterstra\u00dfe, 50 Jahre Fairer Handel<\/a><\/h5><p class=\"termine-date\">Sa., 17.10.2020, 10:00 bis 30.10.2020, 19:00<\/p><p class=\"termine-auszug\">Das m\u00f6chten wir <strong>vom 17. bis zum 30. Oktober<\/strong> mit unseren wichtigsten Wegbegleiter*innen feiern. Kommen Sie vorbei und freuen Sie sich auf: <strong>Begegnung und Gespr\u00e4che<\/strong> <strong>Spannende Quizfragen f\u00fcr jung &amp; alt<\/strong> <strong>20% Rabatt auf t\u00e4glich wechselnde Lieblingsprodukte<\/strong> <strong>Tombola mit vielen attraktiven Gewinnen aus dem Fairen Handel<\/strong> Tauchen Sie ein in die Welt des Fairen Handels und lassen Sie sich FAIRf\u00fchren. Wir freuen uns auf Sie! Mehr Informationen zu den Jubil\u00e4en finden Sie <a href=\"https:\/\/weltlaeden.de\/osterstrasse\/20-jahre-weltladen-osterstrasse-50-jahre-fairer-handel-das-wollen-wir-vom-17-bis-zum-30-oktober-mit-ihnen-feiern\/\">hier<\/a>.<\/li><li><h5 class=\"termine-titel\"><a href=\"https:\/\/weltlaeden.de\/osterstrasse\/termin\/fairer-handel-und-frieden-menschenrechtsverletzungen-in-indonesischen-papua-mit-paul-metsch-digitale-veranstaltung-mit-chatfunktion\/\">Fairer Handel und Frieden: Menschenrechtsverletzungen im indonesischen Papua mit Paul Metsch. Digitale Veranstaltung mit Chatfunktion<\/a><\/h5><p class=\"termine-date\">Fr., 25.09.2020, 20:00<\/p><p class=\"termine-auszug\"><p class=\"yiv1734791528ydpd48a10e7yiv3325353013MsoNormal\">Seit Jahren wehren sich Menschenrechtsverteidiger in militarisierten Randprovinzen Indonesiens gegen wachsenden Landraub und die Ansiedlung multinationaler Minenunternehmen, die ihre Lebensgrundlagen zerst\u00f6ren. Proteste der Papuas 2019 gegen rassistische \u00dcbergriffe wurden gewaltsam unterdr\u00fcckt. Aber auch in Jakarta kommt es zu zunehmenden Protesten \u00fcberwiegend junger Menschen gegen Gesetzesinitiativen zur Beschneidung von Menschen- und B\u00fcrgerrechten. Der Friedensaktivist Paul Metsch berichtet \u00fcber den sinkenden Raum f\u00fcr die Zivilgesellschaft und \u00fcber Menschenrechtsverletzungen in Papua vor dem Hintergrund des Ressourcenabbaus und der Regenwaldzerst\u00f6rung.<\/p> <p class=\"yiv1734791528ydpd48a10e7yiv3325353013MsoNormal\">Gef\u00f6rdert von NUE, El-Puente-Stiftung und KED. Eine Aktion des Aktionszentrums Dritte Welt e.V., <a href=\"https:\/\/eur04.safelinks.protection.outlook.com\/?url=http%3A%2F%2Fwww.az3w.de%2F&amp;data=02%7C01%7C%7C01140cfa839b40739d1d08d8388c2087%7C84df9e7fe9f640afb435aaaaaaaaaaaa%7C1%7C0%7C637321521770007044&amp;sdata=FBEXofu%2F1RP3YbMR5g42TAHQZvRgBBM20Omv91IxZ2I%3D&amp;reserved=0\" target=\"_blank\" rel=\"nofollow noopener\">www.az3w.de<\/a>. Anmeldung unter <a class=\"yiv1734791528ydpd48a10e7yiv3325353013moz-txt-link-abbreviated\" href=\"mailto:mail@az3w.de\" target=\"_blank\" rel=\"nofollow noopener\">mail@az3w.de<\/a><\/p><\/li><li><h5 class=\"termine-titel\"><a href=\"https:\/\/weltlaeden.de\/osterstrasse\/termin\/fairer-handel-und-umweltschutz-der-amazonas-geht-uns-alle-an-mit-dr-rainer-putz-regenwaldinstitut-digitale-veranstaltung-mit-chatfunktion\/\">Fairer Handel und Umweltschutz. Der Amazonas geht uns alle an mit Dr. Rainer Putz, Regenwaldinstitut. Digitale Veranstaltung mit Chatfunktion<\/a><\/h5><p class=\"termine-date\">Di., 15.09.2020, 20:00<\/p><p class=\"termine-auszug\">Das brasilianische Amazonasgebiet ist f\u00fcr das Klima des gesamten Planeten von grundlegender Bedeutung. Leider geh\u00f6rt die aktuelle brasilianische Regierung mit ihrer Verweigerungshaltung in Klimafragen zu denjenigen, die Umwelt- und Klimaschutz als nachrangig gegen\u00fcber engstirnigen \u00f6konomischen Interessen ansieht. Regenwaldinstitut und Regenwaldladen in Freiburg setzen sich seit Jahrzehnten f\u00fcr den Erhalt des Gebietes ein, indem sie sowohl der einheimischen Bev\u00f6lkerung das \u00dcberleben aus einheimischer Produktion \u00fcber den Fairen Handel erm\u00f6glichen als auch Projekte organisieren. Dr. Rainer Putz vom Regenwaldinstitut berichtet \u00fcber die Bedeutung des Regenwaldes f\u00fcr das Weltklima, Hintergr\u00fcnde und Interessen von politischen Protagonisten, die nachhaltige Nutzung des institutseigenen 12 km2 gro\u00dfen Regenwaldgrundst\u00fccks durch eine benachbarte Dorfgemeinschaft sowie ein Wildkakaoprojekt. Gef\u00f6rdert von NUE, El-Puente-Stiftung und KED. Eine Aktion des Aktionszentrums Dritte Welt e.V., <a href=\"https:\/\/eur04.safelinks.protection.outlook.com\/?url=http%3A%2F%2Fwww.az3w.de%2F&amp;data=02%7C01%7C%7C01140cfa839b40739d1d08d8388c2087%7C84df9e7fe9f640afb435aaaaaaaaaaaa%7C1%7C0%7C637321521769997046&amp;sdata=IrJytgEFU1jHUbMoRV0PXwO5YgUHMaFm5OKTrCnwriM%3D&amp;reserved=0\" target=\"_blank\" rel=\"nofollow noopener\">www.az3w.de<\/a>. Anmeldung unter <a href=\"mailto:mail@az3w.de\" target=\"_blank\" rel=\"nofollow noopener\">mail@az3w.de<\/a> &nbsp;<\/li><li><h5 class=\"termine-titel\"><a href=\"https:\/\/weltlaeden.de\/osterstrasse\/termin\/postkartenaktion-ein-gutes-leben-zur-fairen-woche\/\">Mitmachaktion &#8222;Ein gutes Leben&#8220; zur Fairen Woche<\/a><\/h5><p class=\"termine-date\">Fr., 11.09.2020, 10:00 bis 25.09.2020, 19:00<\/p><p class=\"termine-auszug\">Kommen Sie bei uns im Weltladen vorbei und denken Sie mit uns dar\u00fcber nach, was f\u00fcr Sie \"ein gutes Leben\" bedeutet. Wie kann \"fair statt mehr\" zu einem guten Leben f\u00fcr alle beitragen? Unsere Mitmachaktion l\u00e4dt Sie ein mitzugestalten und zu sehen, welche Ideen Menschen in Ihrem Umfeld dazu haben. Wir freuen uns auf Sie!<\/li><li><h5 class=\"termine-titel\"><a href=\"https:\/\/weltlaeden.de\/osterstrasse\/termin\/fairer-handel-und-menschenrechte-schokolade-ohne-kinderarbeit-gibt-es-schon\/\">Achtung: Veranstaltung wird verschoben!                                Fairer Handel und  Menschenrechte  &#8211; Schokolade ohne  Kinderarbeit gibt es schon<\/a><\/h5><p class=\"termine-date\">Mi., 29.04.2020, 19:30<\/p><p class=\"termine-auszug\">Auf den Kakaoplantagen Westafrikas, wo die wichtigste Zutat f\u00fcr Schokolade angebaut wird, arbeiten rund zwei Millionen Kinder unter ausbeuterischen und gef\u00e4hrlichen Bedingungen, viele k\u00f6nnen nicht zur Schule gehen. Keiner der gro\u00dfen Schokoladenhersteller kann ausschlie\u00dfen, dass in seinen Produkten Kinderarbeit steckt: Ein Lieferkettengesetz ist gefragt. Auch m\u00fcssen Kakaob\u00e4uer*innen existenzsichernde Preise erhalten, denn Kinderarbeit und Armut h\u00e4ngen eng miteinander zusammen. Die Nichtregierungsorganisation SEND-Ghana ist hier gegen\u00fcber der Politik und der Schokoladenindustrie aktiv. Das Start-Up fairafrichat die Schokoladenproduktion vollst\u00e4ndig nach Ghana verlagert. Der Film \u201eDecolonize Chocolate\u201c\u00fcber dieses Pionierunternehmen ghanaischer Schokoladenproduktion wird durch eine Verkostung und Diskussion mit Ann-Kathrin Berek(fairafric) und einen Vortrag von Johannes Schorling(Inkota) erg\u00e4nzt: Make Chocolate fair! Gef\u00f6rdert von \u00a0\u00a0\u00a0\u00a0 \u00a0\u00a0\u00a0\u00a0<p class=termine-ort\"><small>Ort: <i>Weltladen Osterstra\u00dfe, Osterstra\u00dfe 171<\/i><\/small><\/p><\/li><li><h5 class=\"termine-titel\"><a href=\"https:\/\/weltlaeden.de\/osterstrasse\/termin\/fairer-handel-und-umweltschutz-der-amazonas-geht-uns-alle-an\/\">Achtung: Veranstaltung wird verschoben!                                 Fairer Handel und  Umweltschutz: Der Amazonas geht  uns alle an<\/a><\/h5><p class=\"termine-date\">Mi., 18.03.2020, 20:00<\/p><p class=\"termine-auszug\">Das brasilianische Amazonasgebiet ist f\u00fcr das Klima des gesamten Planeten von grundlegender Bedeutung. Leider geh\u00f6rt die aktuelle brasilianische Regierung mit ihrer Verweigerungshaltung in Klimafragen zu denjenigen, die Umwelt- und Klimaschutz als nachrangig gegen\u00fcber engstirnigen \u00f6konomischen Interessen ansieht. Regenwaldinstitut und Regenwaldladen in Freiburg setzen sich seit Jahrzehnten f\u00fcr den Erhalt des Gebietes ein, indem sie sowohl der einheimischen Bev\u00f6lkerung das \u00dcberleben aus einheimischer Produktion \u00fcber den Fairen Handel erm\u00f6glichen als auch Projekte organisieren. Dr. Rainer Putz vom Regenwaldinstitut berichtet \u00fcber die Bedeutung des Regenwaldes f\u00fcr das Weltklima, Hintergr\u00fcnde und Interessen von politischen Protagonisten, die nachhaltige Nutzung des institutseigenen 12 km2gro\u00dfen Regenwaldgrundst\u00fccks durch eine benachbarte Dorfgemeinschaft sowie ein Wildkakaoprojekt. Eintritt: 2\u20ac Gef\u00f6rdert von \u00a0\u00a0\u00a0\u00a0\u00a0\u00a0 \u00a0\u00a0\u00a0<p class=termine-ort\"><small>Ort: <i>Weltladen Osterstra\u00dfe, Osterstra\u00dfe 171<\/i><\/small><\/p><\/li><li><h5 class=\"termine-titel\"><a href=\"https:\/\/weltlaeden.de\/osterstrasse\/termin\/fairer-handel-macht-frauen-stark\/\">Ausstellung &#8222;FAIRER HANDEL. MACHT. FRAUEN. STARK.&#8220;<\/a><\/h5><p class=\"termine-date\">Do., 12.09.2019, 19:30 bis 27.09.2019, 19:00<\/p><p class=\"termine-auszug\">Im Rahmen der Fairen Woche 2019 k\u00f6nnen Sie in unserer<strong> Ausstellung vom 13. bis 27. September<\/strong> in die Welt der starken Frauen des Fairen Handels eintauchen. Hier k\u00f6nnen Sie vielf\u00e4ltige Frauenkooperativen und Empowerment-Projekte von Honduras \u00fcber Tansania und Eswatini (ehemals Swasiland) bis Nepal und Sri Lanka entdecken: Kaffee und Cashewkerne, sonnengetrocknete Tomaten und Chutneys, K\u00f6rbe, Fu\u00dfmatten und Textilien. Sie k\u00f6nnen die ausgestellten Produkte probieren oder ihre Handwerkskunst kennenlernen. Kommen Sie einfach im Weltladen Osterstra\u00dfe vorbei (Mo-Fr 10-19 Uhr, Sa 10-18 Uhr) oder besuchen Sie uns auch gerne bei unserer <strong>Vernissage am Do., den 12.09.2019 um 19:30 Uhr im Weltladen Osterstra\u00dfe<\/strong>. Zu diesem Anlass f\u00fchren wir Sie durch die Ausstellung und erz\u00e4hlen Ihnen aus erster Hand von einer Reise zu einer unserer Handelspartnerinnen. Der Faire Handel gilt als wegweisend f\u00fcr die Gleichstellung der Geschlechter und das Empowerment von Frauen. Bereits seit Anfang des Jahres setzen sich das Aktionszentrum 3. Welt e.V. [...] <a href=\"https:\/\/weltlaeden.de\/osterstrasse\/termin\/fairer-handel-macht-frauen-stark\/\"><small>[WEITERLESEN]<\/small><\/a><\/p><p class=termine-ort\"><small>Ort: <i>Weltladen Osterstra\u00dfe, Osterstra\u00dfe 171, 20255 Hamburg<\/i><\/small><\/p><\/li><li><h5 class=\"termine-titel\"><a href=\"https:\/\/weltlaeden.de\/osterstrasse\/termin\/weltfrauentag\/\">Weltfrauentag<\/a><\/h5><p class=\"termine-date\">Fr., 08.03.2019, 10:00<\/p><p class=\"termine-auszug\">Zeit die starken Frauen des Fairen Handels kennenzulernen, 10-19 Uhr Am 8. M\u00e4rz werden die \u00f6konomischen, politischen und sozialen Errungenschaften aller Frauen gefeiert. Ein wichtiger Tag auch f\u00fcr den Fairen Handel. Unsere Handelspartnerinnen zeigen, dass der Faire Handel Frauen stark macht. Mehr Wertsch\u00e4tzung, Selbstbestimmung und Unabh\u00e4ngigkeit stehen im Vordergrund. Das wollen wir gemeinsam mit Ihnen feiern! Dazu laden wir Sie herzlich ein bei uns im Weltladen Osterstra\u00dfe drei Frauenkooperativen und ihre Produkte aus der Welt des Fairen Handels kennenzulernen. Anhand von Infostationen, einer FAIRkostung von Kaffee und Cashews, kurzen Filmen zu den Handelspartnerinnen und im netten Gespr\u00e4ch, wollen wir Ihnen die inspirierenden Geschichten der starken Frauen des Fairen Handels erz\u00e4hlen. Wir freuen uns auf Ihren Besuch!<\/li><li><h5 class=\"termine-titel\"><a href=\"https:\/\/weltlaeden.de\/osterstrasse\/termin\/fairglueht-2\/\">FAIRgl\u00fcht<\/a><\/h5><p class=\"termine-date\">Fr., 14.12.2018, 16:00<\/p><p class=\"termine-auszug\"><b>16-19 Uhr <\/b> Weihnachten naht \u2013 im Dezember ist dies oft verbunden mit Hektik und Gesch\u00e4ftigkeit.\u00a0 G\u00f6nnen Sie sich daher eine kurze Auszeit im Weltladen Osterstra\u00dfe. Bei einem hei\u00dfen, alkoholfreien, fair gehandelten Gl\u00fchpunsch und guter Stimmung l\u00e4sst es sich in Ruhe st\u00f6bern. Sie k\u00f6nnen einige unserer Leckereien probieren, sich zu einem \u201eetwas anderen\u201c Punsch inspirieren lassen und vielleicht finden Sie in angenehmer Atmosph\u00e4re auch noch das eine oder andere Weihnachtsgeschenk. Fairschenken Sie gemeinsam mit uns und unseren Handelspartner*innen Perspektiven f\u00fcr eine gerechtere Welt! Wir freuen uns auf Sie!<\/li><li><h5 class=\"termine-titel\"><a href=\"https:\/\/weltlaeden.de\/osterstrasse\/termin\/fairkostung-spekulatius\/\">FAIRkostung: Spekulatius<\/a><\/h5><p class=\"termine-date\">Sa., 08.12.2018, 12:00<\/p><p class=\"termine-auszug\">Genie\u00dfen Sie bei unserer kleinen FAIRkostung an den Adventssamstagen fair gehandelte Spekulatius im Schein der vorweihnachtlichen Osterstra\u00dfe. Das Weihnachts-Traditionsgeb\u00e4ck ist aus wertvollsten Zutaten und nach einer traditionellen Rezeptur gebacken. Verfeinert ist es mit aromatischem Honig und feinen Gew\u00fcrzen.Dazu gibt es viele Informationen zu unserem Weltladen und dem Fairen Handel.Vielleicht finden Sie in angenehmer Atmosph\u00e4re auch noch das eine oder andere Weihnachtsgeschenk. Fairschenken Sie gemeinsam mit uns und unseren Handelspartner*innen Perspektiven f\u00fcr eine gerechtere Welt! Wir freuen uns auf Sie!<\/li><li><h5 class=\"termine-titel\"><a href=\"https:\/\/weltlaeden.de\/osterstrasse\/termin\/oekologischer-adventsmarkt-gut-karlshoehe\/\">\u00d6kologischer Adventsmarkt Gut Karlsh\u00f6he<\/a><\/h5><p class=\"termine-date\">Sa., 08.12.2018, 10:00 bis 09.12.2018<\/p><p class=\"termine-auszug\"><b>Am zweiten Adventswochenende verwandelt sich das Hofgel\u00e4nde in einen vorweihnachtlichen Markt f\u00fcr nachhaltige Produkte und vielf\u00e4ltiges Kunsthandwerk.<\/b> Auch der Weltladen Osterstra\u00dfe wird mit einem Stand vertreten sein. Passend zur Jahreszeit wird pr\u00e4sentiert: eine Mischung aus regionalen und landwirtschaftlichen Produkten, Informationen rund um Nachhaltigkeit, Kunsthandwerk und Design direkt vom Produzenten, sowie ein Unterhaltungsprogramm f\u00fcr die ganze Familie in einem weihnachtlichen Rahmen. F\u00fcr das leibliche Wohl sorgen zahlreiche St\u00e4nde sowie das Kleinhuis\u2018 Gartenbistro mit zahlreichen regionalen Speisen und Getr\u00e4nken zum Probieren und Kaufen. https:\/\/gut-karlshoehe.fobi24.de\/freizeit-und-kultur\/478743\/oekologischer-adventsmarkt.aspx?date=110099 <b>Termin:<\/b> Samstag, 8. und Sonntag 9. Dezember 2018, jeweils von 10:00 - 18:00 Uhr <b>Preis:<\/b> 4,00 <b>Kosten-Info:<\/b> Bis 15 Jahre freier Eintritt. <b>Treffpunkt:<\/b> Gutshof <b>Adresse:<\/b> Karlsh\u00f6he 60d, 22175 Hamburg<\/li><li><h5 class=\"termine-titel\"><a href=\"https:\/\/weltlaeden.de\/osterstrasse\/termin\/klimawandel-geht-uns-alle-an\/\">Klimawandel geht uns alle an<\/a><\/h5><p class=\"termine-date\">Do., 20.09.2018, 19:30<\/p><p class=\"termine-auszug\">Seit 40 Jahren versucht die Fairhandelsbewegung, benachteiligten Kleinb\u00e4uerInnen im globalen S\u00fcden eine Lebensperspektive unter den Bedingungen des freien Welthandels zu erm\u00f6glichen. Dies erfordert neue Ausrichtungen, ist mit ver\u00e4nderten Anbaubedingungen verbunden, frisch gepflanzte B\u00e4ume ben\u00f6tigen teilweise Jahre, bevor sie einen Ertrag liefern. Diese Perspektive wird durch den von den Industriel\u00e4ndern verursachten Klimawandel gef\u00e4hrdet. Die Klimafrage als Frage globaler Gerechtigkeit erfordert neue Handlungsstrategien, politische Allianzen und Lebensstile. Hier helfen nur ganzheitliche Antworten weiter, es m\u00fcssen umfassende Anstrengungen unternommen werden, ein neues Verst\u00e4ndnis zu entwickeln. Peter Sch\u00f6nh\u00f6ffer (Kairoseuropa\/pax christi\/attac) gibt Anregungen und m\u00f6chte den n\u00f6tigen Diskussionsprozess in Gang bringen. Eintritt: 3 Euro Wann: 20.09., 19.30 Uhr, Ort: B\u00fccherhalle Eimsb\u00fcttel, Doormannsweg 12 (Hamburg-Haus)<\/li><li><h5 class=\"termine-titel\"><a href=\"https:\/\/weltlaeden.de\/osterstrasse\/termin\/lieblingsfarbe-schokolade-ein-musikalischer-abend\/\">\u201eLieblingsfarbe Schokolade\u201c \u2013 eine musikalische Verkostung<\/a><\/h5><p class=\"termine-date\">Do., 31.05.2018, 18:30<\/p><p class=\"termine-auszug\">Musikalischer Abend rund um fair gehandelte Schokolade mit Live-Musik der Band \u201eLieblingsfarbe Schokolade\u201c und Schoko-B\u00fcfett. Kleine Filmbeitr\u00e4ge und Info-Einheiten sind vor allem f\u00fcr ein j\u00fcngeres Publikum geeignet, sich dem Thema fairer Schokolade zu n\u00e4hern. Wann: 31.05.2018 ab 18.30 Uhr Ort: Weltladen Osterstra\u00dfe, Osterstra\u00dfe 171<\/li><li><h5 class=\"termine-titel\"><a href=\"https:\/\/weltlaeden.de\/osterstrasse\/termin\/die-gruene-luege-eine-lesung\/\">\u201eDie gr\u00fcne L\u00fcge\u201c  \u2013 eine Lesung<\/a><\/h5><p class=\"termine-date\">Di., 29.05.2018, 18:30<\/p><p class=\"termine-auszug\">In ihrem Buch \u201eDie gr\u00fcne L\u00fcge\u201c kritisiert Kathrin Hartmann Konzerne und Politik und fordert Gesetze f\u00fcr Unternehmen. Die Autorin beschreibt die \u201eWeltrettung\u201c als profitables Gesch\u00e4ftsmodell und verweist auf ethisch fragw\u00fcrdige Zust\u00e4nde.\u00a0Greenwashing, also das Bem\u00fchen einiger Global Player, ihr wenig nachhaltiges Kerngesch\u00e4ft hinter \u00d6ko- und Sozialversprechen zu verstecken, sei erfolgreicher denn je. Aber jenseits der \u201egr\u00fcnen Scheinwelt\u201c schreitet die Zerst\u00f6rung rapide voran. Aus der Zusammenarbeit mit Werner Boote, mit dem zusammen Hartmann das Drehbuch fu\u0308r seinen Film \u201eThe Green Lie\u201c (2018) verfasste, entstand dieses aufru\u0308ttelnde Buch. Eintritt: Spende erw\u00fcnscht Wann: 29.05., 18.30 Uhr, Ort: Uni Hamburg, H\u00f6rsaal Von-Melle-Park 9 (Erdgeschoss)<\/li><li><h5 class=\"termine-titel\"><a href=\"https:\/\/weltlaeden.de\/osterstrasse\/termin\/the-true-cost-matinee-und-publikumsgespraech\/\">\u201eThe True Cost\u201c \u2013 Matinee und Publikumsgespr\u00e4ch<\/a><\/h5><p class=\"termine-date\">So., 27.05.2018, 12:00<\/p><p class=\"termine-auszug\">Anknu\u0308pfend an die Ausstellung \u201eIch mache deine Kleidung\u201c im Hamburg-Haus zeigt das Holi Kino den Film \u201eThe True Cost \u2013 Der Preis der Mode\u201c. Eindrucksvoll wird der Weg verfolgt, den die Kleidung macht, bevor sie zu uns ins Gesch\u00e4ft kommt. Die Doku thematisiert die Problematik, die hinter den schnelllebigen und h\u00e4ufig wechselnden Kollektionen steckt. Ein Pullover oder eine Hose f\u00fcr weniger als 10 Euro, ein Hemd f\u00fcr 5 Euro \u2013 oft geht man in die L\u00e4den und ist begeistert, wie billig die neueste Ware bei uns zu haben ist. Doch wie kann es sein, dass Garderobe hier so wenig kostet? Im Anschluss k\u00f6nnen die BesucherInnen im Rahmen eines Publikumsgespr\u00e4chs mit Uli Ott, Besitzerin der Boutique Marlowe Nature, diskutieren, die ausschlie\u00dflich fair gehandelte und \u00f6kologische Kleidung f\u00fchrt. Eintritt: 6 Euro, 7,50 Euro, 8,50 Euro Wann: 27.05. 2018, 12 Uhr, Ort: Holi Kino, Schlankreye 69<\/li><li><h5 class=\"termine-titel\"><a href=\"https:\/\/weltlaeden.de\/osterstrasse\/termin\/smartphone-rallye\/\">Smartphone Rallye<\/a><\/h5><p class=\"termine-date\">Fr., 25.05.2018, 16:00<\/p><p class=\"termine-auszug\">Das Aktionsbu\u0308ndnis \"hamburg mal fair\" bietet eine Rallye zum Thema Welthandel, Fairer Handel und nachhaltiger Konsum rund um die Osterstra\u00dfe an. Die Teilnehmenden nutzen hierf\u00fcr eine App, die sie an verschiedene Orte des fairen und unfairen Konsums fu\u0308hrt. Ziel der Rallye ist es, darauf aufmerksam zu machen, wo es in Eimsbu\u0308ttel M\u00f6glichkeiten fu\u0308r nachhaltigen Konsum und wo es noch Handlungsbedarf gibt. Bei Interesse gerne melden unter info@hamburgmalfair.de. Wann: 25.05, 16 Uhr, Ort: Startpunkt Fanny-Mendelssohn-Platz &nbsp;<\/li><li><h5 class=\"termine-titel\"><a href=\"https:\/\/weltlaeden.de\/osterstrasse\/termin\/anders-wirtschaften-aber-wie-ein-vortrag\/\">&#8222;Anders wirtschaften \u2013 aber wie?&#8220; \u2013 ein Vortrag<\/a><\/h5><p class=\"termine-date\">Do., 24.05.2018, 19:30<\/p><p class=\"termine-auszug\">Wie verortet sich der Faire Handel in der aktuellen Postwachstumsdebatte zwischen Solidarischer Landwirtschaft, Gemeinwohl\u00f6konomie und Urban Gardening? Und ist es nicht an der Zeit, auch ProduzentInnen \"im Norden\" in den Blick zu nehmen, wenn es um die F\u00f6rderungen fairer Handelsbeziehungen geht? Dr. Hans-Christoph Bill, Fair-Handels-Berater in Norddeutschland, berichtet \u00fcber aktuelle nationale und internationale Entwicklungen. Ein Vortrag mit Weinausschank. Eintritt: 3 Euro Wann: 24.05., 19.30 Uhr, Ort: Weltladen Osterstra\u00dfe, Osterstra\u00dfe 171<\/li><li><h5 class=\"termine-titel\"><a href=\"https:\/\/weltlaeden.de\/osterstrasse\/termin\/faires-fruehstueck-2\/\">Faires Fr\u00fchst\u00fcck<\/a><\/h5><p class=\"termine-date\">Di., 22.05.2018, 10:00 bis 05.06.2018<\/p><p class=\"termine-auszug\">Besuchen Sie das Osterdeich Caf\u00e9 und \u00fcberzeugen Sie sich beim Fairen Fr\u00fchst\u00fcck von einer einfachen und leckeren M\u00f6glichkeit, Gutes zu tun. Wann: 22.05. bis 05.06.2018, Mi bis So 10 Uhr bis 17 Uhr, Ort: M\u00fcggenkampstra\u00dfe 34<\/li><li><h5 class=\"termine-titel\"><a href=\"https:\/\/weltlaeden.de\/osterstrasse\/termin\/ich-mache-deine-kleidung-eine-ausstellung\/\">\u201eIch mache deine Kleidung\u201c \u2013 eine  Ausstellung<\/a><\/h5><p class=\"termine-date\">Di., 22.05.2018, 10:00 bis 01.06.2018<\/p><p class=\"termine-auszug\">Die Ausstellung zeigt neun N\u00e4herinnen aus Bangladesch und Kambodscha. In Kurztexten berichten die Frauen selbstbewusst und mutig \u00fcber ihren Arbeitsalltag und ihr Engangement als Gewerkerschafterinnen. Sie alle k\u00e4mpfen f\u00fcr die Verbesserung ihrer Arbeitsbedingungen \u2013 und die einer ganzen Branche. Wann: 22.05. bis 01.06.2018, Mo bis Sa 10 \u2013 22 Uhr, Ort: Hamburg-Haus, Dormannsweg 12<\/li><li><h5 class=\"termine-titel\"><a href=\"https:\/\/weltlaeden.de\/osterstrasse\/termin\/fairer-handel-eine-ausstellung\/\">&#8222;Fairer Handel&#8220; \u2013 eine Ausstellung<\/a><\/h5><p class=\"termine-date\">Di., 22.05.2018, 09:30 bis 30.05.2018<\/p><p class=\"termine-auszug\">Fairer Handel schafft Perspektiven f\u00fcr Produzent_innen im S\u00fcden. Fairer Handel zeigt hier und dort Wirkung und f\u00f6rdert einen gerechten Welthandel auf Augenh\u00f6he. Besuchen Sie unsere Ausstellung und erfahren Sie mehr \u00fcber Siegel und Kriterien im Fairen Handel. Wann: 22.05. bis 30.05.2018, Mo bis Fr 9.30 \u2013 18 Uhr Ort: HASPA-Filiale, Osterstrasse 125 (gg\u00fc. Karstadt)<\/li><li><h5 class=\"termine-titel\"><a href=\"https:\/\/weltlaeden.de\/osterstrasse\/termin\/faires-fruehstueck\/\">Faires Fr\u00fchst\u00fcck<\/a><\/h5><p class=\"termine-date\">Di., 22.05.2018, 08:00 bis 05.06.2018<\/p><p class=\"termine-auszug\">Besuchen Sie das Caf\u00e9 Estoril und starten Sie mit gutem Gewissen in den Tag mit ausgew\u00e4hltem Kaffee aus Fairem Handel. \u00dcberzeugen Sie sich beim Fairen Fr\u00fchst\u00fcck von einer einfachen und leckeren M\u00f6glichkeit, Gutes zu tun. Wann: 22.05. bis 05.06.2018, Mo bis Sa ab 8 Uhr, So ab 10 Uhr, Ort: Caf\u00e9 Estoril, Osterstrasse 158<\/li><li><h5 class=\"termine-titel\"><a href=\"https:\/\/weltlaeden.de\/osterstrasse\/termin\/weltladentag-aktion\/\">Weltladentag \u2013 Aktion<\/a><\/h5><p class=\"termine-date\">Sa., 12.05.2018, 12:00<\/p><p class=\"termine-auszug\">Der Weltladentag ist der politische Aktionstag von Weltl\u00e4den und findet immer am zweiten Samstag im Mai statt, 2018 zum 23. Mal. Der diesj\u00e4hrige Weltladentag markiert den Beginn einer Unterschriftenaktion an die Mitglieder des Deutschen Bundestags. Damit wollen das <a href=\"http:\/\/www.forum-fairer-handel.de\/politik\/menschmachthandelfair\/kampagne-2018\/\" target=\"_blank\" rel=\"noopener\">Forum Fairer Handel<\/a> und der <a href=\"https:\/\/www.weltladen.de\/#homeseite\" target=\"_blank\" rel=\"noopener\">Weltladen Dachverband<\/a> darauf aufmerksam machen, dass sich Deutschland u.a. im Rahmen der Nachhaltigen Entwicklungsziele dazu verpflichtet hat, sozial und umweltvertr\u00e4gliche Produktionsweisen weltweit zu f\u00f6rdern. Der Weltladen Osterstra\u00dfe beteiligt sich mit einer Probierstation, einem Infostand und der Unterschriftenaktion. Ausf\u00fchrliche Infos zum deutschlandweiten Weltlladentag 2018 gibt es bei der <a href=\"http:\/\/www.gepa.de\/meldungen\/weltladentag-2018.html\" target=\"_blank\" rel=\"noopener\">GEPA<\/a>. (Abb.: Weltladen-Dachverband) Wann: 12.05., 12 Uhr bis 15 Uhr, Ort: Weltladen Osterstra\u00dfe, Osterstra\u00dfe 171<\/li><li><h5 class=\"termine-titel\"><a href=\"https:\/\/weltlaeden.de\/osterstrasse\/termin\/fairer-handel-in-suedafrika-ein-reisebericht\/\">Fairer Handel in S\u00fcdafrika \u2013 ein Reisebericht<\/a><\/h5><p class=\"termine-date\">Di., 10.04.2018, 20:00<\/p><p class=\"termine-auszug\">Heiveld, Turqle Trading, Isuna, Kapula, All Women Recycling \u2013 hinter diesen fantasievollen Namen verbergen sich s\u00fcdafrikanische Fair-Handelspartner, die Rooibostee, Gew\u00fcrze, Keramik, Kerzen und Upcycling-Produkte herstellen. Eine kleine Gruppe von Weltladen-MitarbeiterInnen hat sie im November 2017 besucht und bei beeindruckenden Begegnungen erfahren, wie unterschiedlich Fairer Handel im Einzelnen aussehen kann \u2013 wie er wirkt, wo aber auch seine Grenzen liegen. Referentin: Christiane Baum, Gesch\u00e4ftsf\u00fchrerin Weltladen Osterstra\u00dfe Eintritt: 3 Euro Ort: Weltladen Osterstra\u00dfe, Osterstra\u00dfe 171 Veranstalter: AZ3W, www.az3w.de<\/li><li><h5 class=\"termine-titel\"><a href=\"https:\/\/weltlaeden.de\/osterstrasse\/termin\/chocolate-de-paz-filmvorfuehrung\/\">Chocolate de Paz &#8211; Filmvorf\u00fchrung<\/a><\/h5><p class=\"termine-date\">Mi., 14.03.2018, 20:00<\/p><p class=\"termine-auszug\">Die Friedensgemeinde San Jos\u00e9 de Apartad\u00f3 in Kolumbien weigert sich seit Jahren, Partei f\u00fcr eine der im bewaffneten Konflikt beteiligten Gruppen zu ergreifen (Paramilit\u00e4rs, Guerillagruppen, Armee) und k\u00e4mpft mit gewaltfreien Mitteln f\u00fcr ein Leben in Frieden. Seit 1999 wird die Gemeinde von pbi begleitet. Der Film erz\u00e4hlt anhand pers\u00f6nlicher Geschichten von ihrer Suche nach Frieden. Eintritt: 3 Euro Veranstalter: AZ3W, www.az3w.de Mittwoch, 14.3.18, 20 Uhr<\/li><li><h5 class=\"termine-titel\"><a href=\"https:\/\/weltlaeden.de\/osterstrasse\/termin\/fairglueht\/\">Weihnachtsverkostung vor dem Weltladen Osterstra\u00dfe von 12-16 Uhr<\/a><\/h5><p class=\"termine-date\">Sa., 09.12.2017, 12:00<\/p><p class=\"termine-auszug\">Anders denken zur Weihnachtszeit! Am 9.12. laden wir Sie herzlich dazu ein, den grauen Alltagstrott mit einer kulinarischen Reise in den S\u00fcden f\u00fcr einen Moment zu vergessen. Die bunte Vielfalt des Fairen Handels k\u00f6nnen Sie bei unserer <strong>Weihnachtsverkostung vor dem Weltladen Osterstra\u00dfe von 12-16 Uhr<\/strong> selbst ausprobieren. Exotischer MangoJohannisbeerpunsch trifft auf HonigSpekulatius nach altem Familienrezept lateinamerikanischer Kleinbauern. Wir freuen uns darauf, Sie mit Leckereien der anderen Art \u00fcberraschen zu d\u00fcrfen. Vielleicht inspiriert Sie dies sogar zu einem Weihnachtsgeschenk, das nicht nur die eigene Familie gl\u00fccklich macht. Wir freuen uns auf Sie und w\u00fcnschen Ihnen eine sch\u00f6ne Weihnachtszeit!<\/li><li><h5 class=\"termine-titel\"><a href=\"https:\/\/weltlaeden.de\/osterstrasse\/termin\/wein-schokolade\/\">Wein &#038; Schokolade<\/a><\/h5><p class=\"termine-date\">Fr., 29.09.2017, 19:30<\/p><p class=\"termine-auszug\">Unter dem Motto \u201eWein &amp; Schokolade\u201c laden wir Sie zu einer Verkostung mit Christian Voigt vom unserem Gro\u00dfh\u00e4ndler S\u00fcd-Nord-Kontor ein. Lernen Sie einige unserer Weine und Schokoladen kennen, erfahren Sie mehr \u00fcber deren Hintergr\u00fcnde und entscheiden Sie selbst, ob Wein &amp; Schokolade zusammenpassen! <strong>Ort:<\/strong> Weltladen Osterstra\u00dfe, Osterstra\u00dfe 171 <strong>Eintritt:<\/strong> 3,- \u20ac<\/li><li><h5 class=\"termine-titel\"><a href=\"https:\/\/weltlaeden.de\/osterstrasse\/termin\/faires-schokovergnuegen\/\">Faires Schokovergn\u00fcgen<\/a><\/h5><p class=\"termine-date\">Sa., 23.09.2017, 10:00<\/p><p class=\"termine-auszug\">Kommen Sie ab 10 Uhr in den Weltladen Osterstra\u00dfe und FAIRnaschen Sie unsere Schokoprodukte, besonderes Highlight: Fr\u00fcchte im\u00a0 Schokobrunnen! Die Band \"Lieblingsfarbe Schokolade\" sorgt zus\u00e4tzlich f\u00fcr gute Laune. Zudem k\u00f6nnen Sie sich \u00fcber Hintergr\u00fcnde des Fairen Handels informieren. <strong>Wann:<\/strong> Sa, 23.09., 10-16 Uhr <strong>Ort:<\/strong> Weltladen Osterstra\u00dfe, Osterstra\u00dfe 171<\/li><li><h5 class=\"termine-titel\"><a href=\"https:\/\/weltlaeden.de\/osterstrasse\/termin\/fairer-handel-in-der-haspa\/\">Fairer Handel in der HASPA<\/a><\/h5><p class=\"termine-date\">Mo., 18.09.2017, 09:30<\/p><p class=\"termine-auszug\">Im Rahmen des besonderen Engagements der Haspa in Eimsb\u00fcttel, um die lokal verorteten Gesch\u00e4fte zu f\u00f6rdern und die nachbarschaftlichen Beziehungen zu st\u00e4rken, ist der Weltladen Osterstra\u00dfe in der Fairen Woche mit einem Verkaufs- und Informationsstand vor Ort. <strong>Wann:<\/strong> Montag-Freitag, 18.9.-22.09., 9.30-18.00 Uhr <strong>Ort: <\/strong>HASPA-Filiale, Osterstra\u00dfe 125 (gg\u00fc. Karstadt)<\/li><\/ul>[\/vc_column][\/vc_row]<\/p>\n<\/div>","protected":false},"excerpt":{"rendered":"<p>[vc_row][vc_column][vc_empty_space height=&#8220;30px&#8220;][vc_column_text] Termine Hier werden Veranstaltungen genannt, die entweder im Weltladen Osterstrasse stattfinden\/stattfanden oder die aufgrund der Thematik den Zielen des Fairen Handels nahestehen. [\/vc_column_text][vc_empty_space height=&#8220;30px&#8220;][\/vc_column][\/vc_row][vc_row][vc_column width=&#8220;2\/3&#8243;][vc_column_text] Kommende Termine [\/vc_column_text][vc_empty_space height=&#8220;30px&#8220;][vc_column_text] Vergangene Termine [\/vc_column_text][\/vc_column][\/vc_row]<\/p>\n","protected":false},"author":1,"featured_media":0,"parent":0,"menu_order":44,"comment_status":"closed","ping_status":"closed","template":"","meta":{"footnotes":""},"class_list":["post-23","page","type-page","status-publish","hentry","description-off"],"_links":{"self":[{"href":"https:\/\/weltlaeden.de\/osterstrasse\/wp-json\/wp\/v2\/pages\/23","targetHints":{"allow":["GET"]}}],"collection":[{"href":"https:\/\/weltlaeden.de\/osterstrasse\/wp-json\/wp\/v2\/pages"}],"about":[{"href":"https:\/\/weltlaeden.de\/osterstrasse\/wp-json\/wp\/v2\/types\/page"}],"author":[{"embeddable":true,"href":"https:\/\/weltlaeden.de\/osterstrasse\/wp-json\/wp\/v2\/users\/1"}],"replies":[{"embeddable":true,"href":"https:\/\/weltlaeden.de\/osterstrasse\/wp-json\/wp\/v2\/comments?post=23"}],"version-history":[{"count":14,"href":"https:\/\/weltlaeden.de\/osterstrasse\/wp-json\/wp\/v2\/pages\/23\/revisions"}],"predecessor-version":[{"id":3629,"href":"https:\/\/weltlaeden.de\/osterstrasse\/wp-json\/wp\/v2\/pages\/23\/revisions\/3629"}],"wp:attachment":[{"href":"https:\/\/weltlaeden.de\/osterstrasse\/wp-json\/wp\/v2\/media?parent=23"}],"curies":[{"name":"wp","href":"https:\/\/api.w.org\/{rel}","templated":true}]}}