{"id":1335,"date":"2020-04-03T22:18:06","date_gmt":"2020-04-03T20:18:22","guid":{"rendered":"https:\/\/weltlaeden.de\/osterstrasse\/?page_id=1335"},"modified":"2026-01-30T13:14:09","modified_gmt":"2026-01-30T12:14:09","slug":"kunsthandwerk","status":"publish","type":"page","link":"https:\/\/weltlaeden.de\/osterstrasse\/produkte\/kunsthandwerk\/","title":{"rendered":"Kunsthandwerk"},"content":{"rendered":"<div class=\"wpb-content-wrapper\"><p>[vc_row][vc_column][vc_column_text]<\/p>\n<h1>Ein Einblick in unser Kunsthandwerkssortiment<\/h1>\n<p>[\/vc_column_text][vc_column_text]Unser Sortiment kommt ausschlie\u00dflich von anerkannten Fair-Handels-Importorganisationen<a href=\"http:\/\/www.wfto.com\" target=\"_blank\" rel=\"www.wfto.com noopener noreferrer\"><img loading=\"lazy\" decoding=\"async\" class=\"alignright wp-image-387\" src=\"https:\/\/weltlaeden.de\/ottensen\/wp-content\/uploads\/sites\/13\/2016\/10\/WFTO-Logo-Internet.jpg\" alt=\"\" width=\"126\" height=\"124\" \/><\/a> wie z.B. GEPA,<br \/>\nEl Puente, WeltPartner, Globo, Contigo, Fairkauf und vielen anderen Lieferant*innen. Alle wurden vom Weltladen-Dachverband auf die Einhaltung der Fair-Handels-Kriterien der World Fair Trade Organization \u00fcberpr\u00fcft.<\/p>\n<p>Unser besonderes Produkt des Monats \u2013 <a href=\"https:\/\/weltlaeden.de\/osterstrasse\/produkte\/fairclusiv\/\"><strong>Fairclusiv<\/strong> <\/a>\u2013 <a href=\"https:\/\/weltlaeden.de\/osterstrasse\/produkte\/fairclusiv\/\">finden Sie hier<\/a>.<\/p>\n<p>&nbsp;<\/p>\n<p><strong><img loading=\"lazy\" decoding=\"async\" class=\"wp-image-3633 alignleft\" src=\"https:\/\/weltlaeden.de\/osterstrasse\/wp-content\/uploads\/sites\/17\/2024\/12\/01_wolle.png\" alt=\"\" width=\"313\" height=\"310\" srcset=\"https:\/\/weltlaeden.de\/osterstrasse\/wp-content\/uploads\/sites\/17\/2024\/12\/01_wolle.png 567w, https:\/\/weltlaeden.de\/osterstrasse\/wp-content\/uploads\/sites\/17\/2024\/12\/01_wolle-300x297.png 300w, https:\/\/weltlaeden.de\/osterstrasse\/wp-content\/uploads\/sites\/17\/2024\/12\/01_wolle-150x150.png 150w\" sizes=\"auto, (max-width: 313px) 100vw, 313px\" \/>Textilien und Faire Mode \u2013<\/strong> Abh\u00e4ngig von der Jahreszeit bieten wir warme Pullover, Schals und M\u00fctzen oder T-Shirts und Sommermode, Socken f\u00fcr Gro\u00df und Klein und Halst\u00fccher in bunten Farben.<\/p>\n<p>&nbsp;<\/p>\n<p>&nbsp;<\/p>\n<p>&nbsp;<\/p>\n<p>&nbsp;<\/p>\n<p>&nbsp;<\/p>\n<p>&nbsp;<\/p>\n<p>&nbsp;<\/p>\n<p>&nbsp;<\/p>\n<p>&nbsp;<\/p>\n<p>&nbsp;<\/p>\n<p><strong><img loading=\"lazy\" decoding=\"async\" class=\"wp-image-3747 alignleft\" src=\"https:\/\/weltlaeden.de\/osterstrasse\/wp-content\/uploads\/sites\/17\/2024\/12\/ProdukteSchmck.jpg\" alt=\"\" width=\"313\" height=\"310\" srcset=\"https:\/\/weltlaeden.de\/osterstrasse\/wp-content\/uploads\/sites\/17\/2024\/12\/ProdukteSchmck.jpg 567w, https:\/\/weltlaeden.de\/osterstrasse\/wp-content\/uploads\/sites\/17\/2024\/12\/ProdukteSchmck-300x297.jpg 300w, https:\/\/weltlaeden.de\/osterstrasse\/wp-content\/uploads\/sites\/17\/2024\/12\/ProdukteSchmck-150x150.jpg 150w\" sizes=\"auto, (max-width: 313px) 100vw, 313px\" \/>Schmuck f\u00fcr den gro\u00dfen und kleine Geldbeutel \u2013<\/strong> Unser Silberschmuck stammt \u00fcberwiegend aus Thailand, Ketten aus Papierperlen werden in Afrika hergestellt.<\/p>\n<p>&nbsp;<\/p>\n<p>&nbsp;<\/p>\n<p>&nbsp;<\/p>\n<p>&nbsp;<\/p>\n<p>&nbsp;<\/p>\n<p>&nbsp;<\/p>\n<p>&nbsp;<\/p>\n<p>&nbsp;<\/p>\n<p>&nbsp;<\/p>\n<p>&nbsp;<\/p>\n<p><strong><img loading=\"lazy\" decoding=\"async\" class=\"wp-image-3635 alignleft\" src=\"https:\/\/weltlaeden.de\/osterstrasse\/wp-content\/uploads\/sites\/17\/2024\/12\/03_sonnenglaeser.png\" alt=\"\" width=\"314\" height=\"311\" srcset=\"https:\/\/weltlaeden.de\/osterstrasse\/wp-content\/uploads\/sites\/17\/2024\/12\/03_sonnenglaeser.png 567w, https:\/\/weltlaeden.de\/osterstrasse\/wp-content\/uploads\/sites\/17\/2024\/12\/03_sonnenglaeser-300x297.png 300w, https:\/\/weltlaeden.de\/osterstrasse\/wp-content\/uploads\/sites\/17\/2024\/12\/03_sonnenglaeser-150x150.png 150w\" sizes=\"auto, (max-width: 314px) 100vw, 314px\" \/>Sonnengl\u00e4ser (Solarlampen)<\/strong> in zwei Gr\u00f6\u00dfen bringen gem\u00fctliches Licht ohne Strom.<\/p>\n<p>&nbsp;<\/p>\n<p>&nbsp;<\/p>\n<p>&nbsp;<\/p>\n<p>&nbsp;<\/p>\n<p>&nbsp;<\/p>\n<p>&nbsp;<\/p>\n<p>&nbsp;<\/p>\n<p>&nbsp;<\/p>\n<p>&nbsp;<\/p>\n<p>&nbsp;<\/p>\n<p><strong><img loading=\"lazy\" decoding=\"async\" class=\"wp-image-3636 alignleft\" src=\"https:\/\/weltlaeden.de\/osterstrasse\/wp-content\/uploads\/sites\/17\/2024\/12\/04_geschirr.png\" alt=\"\" width=\"313\" height=\"310\" srcset=\"https:\/\/weltlaeden.de\/osterstrasse\/wp-content\/uploads\/sites\/17\/2024\/12\/04_geschirr.png 567w, https:\/\/weltlaeden.de\/osterstrasse\/wp-content\/uploads\/sites\/17\/2024\/12\/04_geschirr-300x297.png 300w, https:\/\/weltlaeden.de\/osterstrasse\/wp-content\/uploads\/sites\/17\/2024\/12\/04_geschirr-150x150.png 150w\" sizes=\"auto, (max-width: 313px) 100vw, 313px\" \/>Geschirr, auch Kindergeschirr und Gl\u00e4ser \u2013<\/strong> Ein breites Angebot an Trinkbechern, Tellern und Gl\u00e4sern, zum Teil hochwertige Einzelst\u00fccke von Isuna aus S\u00fcdafrika, bieten etwas f\u00fcr jeden Geschmack und Geldbeutel.<\/p>\n<p>&nbsp;<\/p>\n<p>&nbsp;<\/p>\n<p>&nbsp;<\/p>\n<p>&nbsp;<\/p>\n<p>&nbsp;<\/p>\n<p>&nbsp;<\/p>\n<p>&nbsp;<\/p>\n<p>&nbsp;<\/p>\n<p>&nbsp;<\/p>\n<p><strong><img loading=\"lazy\" decoding=\"async\" class=\"wp-image-3637 alignleft\" src=\"https:\/\/weltlaeden.de\/osterstrasse\/wp-content\/uploads\/sites\/17\/2024\/12\/05_utensilien.png\" alt=\"\" width=\"314\" height=\"311\" srcset=\"https:\/\/weltlaeden.de\/osterstrasse\/wp-content\/uploads\/sites\/17\/2024\/12\/05_utensilien.png 567w, https:\/\/weltlaeden.de\/osterstrasse\/wp-content\/uploads\/sites\/17\/2024\/12\/05_utensilien-300x297.png 300w, https:\/\/weltlaeden.de\/osterstrasse\/wp-content\/uploads\/sites\/17\/2024\/12\/05_utensilien-150x150.png 150w\" sizes=\"auto, (max-width: 314px) 100vw, 314px\" \/>K\u00fcchenutensilien \u2013<\/strong> M\u00f6rser, sch\u00f6n gestaltete Holzbretter oder Emailgeschirr aus Indien macht die K\u00fcche sch\u00f6n und fair. In diesem Bereich finden sich auch einige nicht fair gehandelte Produkte (Erg\u00e4nzungsprodukte), die das Sortiment jedoch inhaltlich sinnvoll abrunden.<\/p>\n<p>&nbsp;<\/p>\n<p>&nbsp;<\/p>\n<p>&nbsp;<\/p>\n<p>&nbsp;<\/p>\n<p>&nbsp;<\/p>\n<p>&nbsp;<\/p>\n<p>&nbsp;<\/p>\n<p>&nbsp;<\/p>\n<p>&nbsp;<\/p>\n<p><strong><img loading=\"lazy\" decoding=\"async\" class=\"wp-image-3638 alignleft\" src=\"https:\/\/weltlaeden.de\/osterstrasse\/wp-content\/uploads\/sites\/17\/2024\/12\/06_koerbe.png\" alt=\"\" width=\"315\" height=\"312\" srcset=\"https:\/\/weltlaeden.de\/osterstrasse\/wp-content\/uploads\/sites\/17\/2024\/12\/06_koerbe.png 567w, https:\/\/weltlaeden.de\/osterstrasse\/wp-content\/uploads\/sites\/17\/2024\/12\/06_koerbe-300x297.png 300w, https:\/\/weltlaeden.de\/osterstrasse\/wp-content\/uploads\/sites\/17\/2024\/12\/06_koerbe-150x150.png 150w\" sizes=\"auto, (max-width: 315px) 100vw, 315px\" \/>Korbwaren \u2013<\/strong> Ein wechselndes Angebot von K\u00f6rben aus verschiedenen Naturmaterialien f\u00fcr den Fr\u00fchst\u00fcckstisch, zum Einkaufen (wie z.B. Bolgak\u00f6rbe) oder zum Aufbewahren ist st\u00e4ndig vorhanden.<\/p>\n<p>&nbsp;<\/p>\n<p>&nbsp;<\/p>\n<p>&nbsp;<\/p>\n<p>&nbsp;<\/p>\n<p>&nbsp;<\/p>\n<p>&nbsp;<\/p>\n<p>&nbsp;<\/p>\n<p>&nbsp;<\/p>\n<p>&nbsp;<\/p>\n<p>&nbsp;<\/p>\n<p><strong><img loading=\"lazy\" decoding=\"async\" class=\"wp-image-3639 alignleft\" src=\"https:\/\/weltlaeden.de\/osterstrasse\/wp-content\/uploads\/sites\/17\/2024\/12\/07_wellness.png\" alt=\"\" width=\"312\" height=\"309\" srcset=\"https:\/\/weltlaeden.de\/osterstrasse\/wp-content\/uploads\/sites\/17\/2024\/12\/07_wellness.png 567w, https:\/\/weltlaeden.de\/osterstrasse\/wp-content\/uploads\/sites\/17\/2024\/12\/07_wellness-300x297.png 300w, https:\/\/weltlaeden.de\/osterstrasse\/wp-content\/uploads\/sites\/17\/2024\/12\/07_wellness-150x150.png 150w\" sizes=\"auto, (max-width: 312px) 100vw, 312px\" \/>Wellness \u2013<\/strong> Verschiedene Sorten Seifen (z.B. aus Aleppo), eine gro\u00dfe Zahl von R\u00e4ucherst\u00e4bchen mit Zubeh\u00f6r, Klangschalen oder Hamamt\u00fccher bringen Entspannung und Wohlbefinden.<\/p>\n<p>&nbsp;<\/p>\n<p>&nbsp;<\/p>\n<p>&nbsp;<\/p>\n<p>&nbsp;<\/p>\n<p>&nbsp;<\/p>\n<p>&nbsp;<\/p>\n<p>&nbsp;<\/p>\n<p>&nbsp;<\/p>\n<p>&nbsp;<\/p>\n<p>&nbsp;<\/p>\n<p><strong><img loading=\"lazy\" decoding=\"async\" class=\"wp-image-3748 alignleft\" src=\"https:\/\/weltlaeden.de\/osterstrasse\/wp-content\/uploads\/sites\/17\/2024\/12\/ProdukteSpielzeug.jpg\" alt=\"\" width=\"312\" height=\"309\" srcset=\"https:\/\/weltlaeden.de\/osterstrasse\/wp-content\/uploads\/sites\/17\/2024\/12\/ProdukteSpielzeug.jpg 567w, https:\/\/weltlaeden.de\/osterstrasse\/wp-content\/uploads\/sites\/17\/2024\/12\/ProdukteSpielzeug-300x297.jpg 300w, https:\/\/weltlaeden.de\/osterstrasse\/wp-content\/uploads\/sites\/17\/2024\/12\/ProdukteSpielzeug-150x150.jpg 150w\" sizes=\"auto, (max-width: 312px) 100vw, 312px\" \/><\/strong><strong>Filzprodukte\u00a0 \u2013<\/strong> Hochwertige farbenfrohe Filzprodukte mit zahllosen Designs wie Sitzkissen, T\u00e4schchen, Eierw\u00e4rmer oder Dekoblumen machen das Zuhause gem\u00fctlich.<\/p>\n<p>&nbsp;<\/p>\n<p>&nbsp;<\/p>\n<p>&nbsp;<\/p>\n<p>&nbsp;<\/p>\n<p>&nbsp;<\/p>\n<p>&nbsp;<\/p>\n<p>&nbsp;<\/p>\n<p>&nbsp;<\/p>\n<p>&nbsp;<\/p>\n<p>&nbsp;<\/p>\n<p><strong><img loading=\"lazy\" decoding=\"async\" class=\" wp-image-3812 alignleft\" src=\"https:\/\/weltlaeden.de\/osterstrasse\/wp-content\/uploads\/sites\/17\/2025\/01\/WL_Spielzeug.png\" alt=\"\" width=\"312\" height=\"309\" srcset=\"https:\/\/weltlaeden.de\/osterstrasse\/wp-content\/uploads\/sites\/17\/2025\/01\/WL_Spielzeug.png 567w, https:\/\/weltlaeden.de\/osterstrasse\/wp-content\/uploads\/sites\/17\/2025\/01\/WL_Spielzeug-300x297.png 300w, https:\/\/weltlaeden.de\/osterstrasse\/wp-content\/uploads\/sites\/17\/2025\/01\/WL_Spielzeug-150x150.png 150w\" sizes=\"auto, (max-width: 312px) 100vw, 312px\" \/>Spielzeug und Spiele \u2013<\/strong> Ein kleines Angebot an Spielen f\u00fcr Gro\u00df und Klein bringt Spa\u00df und \u00dcberraschungen wie die beliebten Fingerpuppen in unz\u00e4hligen Varianten oder Kaleidoskope.<\/p>\n<p>&nbsp;<\/p>\n<p>&nbsp;<\/p>\n<p>&nbsp;<\/p>\n<p>&nbsp;<\/p>\n<p>&nbsp;<\/p>\n<p>&nbsp;<\/p>\n<p>&nbsp;<\/p>\n<p>&nbsp;<\/p>\n<p>&nbsp;<\/p>\n<p><strong><img loading=\"lazy\" decoding=\"async\" class=\" wp-image-3810 alignleft\" src=\"https:\/\/weltlaeden.de\/osterstrasse\/wp-content\/uploads\/sites\/17\/2025\/01\/WL_Karten-1.png\" alt=\"\" width=\"317\" height=\"314\" srcset=\"https:\/\/weltlaeden.de\/osterstrasse\/wp-content\/uploads\/sites\/17\/2025\/01\/WL_Karten-1.png 567w, https:\/\/weltlaeden.de\/osterstrasse\/wp-content\/uploads\/sites\/17\/2025\/01\/WL_Karten-1-300x297.png 300w, https:\/\/weltlaeden.de\/osterstrasse\/wp-content\/uploads\/sites\/17\/2025\/01\/WL_Karten-1-150x150.png 150w\" sizes=\"auto, (max-width: 317px) 100vw, 317px\" \/>Gru\u00dfkarten \u2013<\/strong> Gru\u00dfkarten mit zahlreichen Motiven oder handgefertigt erm\u00f6glichen liebe Gr\u00fc\u00dfe.<\/p>\n<p>&nbsp;<\/p>\n<p>&nbsp;<\/p>\n<p>&nbsp;<\/p>\n<p>&nbsp;<\/p>\n<p>&nbsp;<\/p>\n<p>&nbsp;<\/p>\n<p>&nbsp;<\/p>\n<p>&nbsp;<\/p>\n<p>&nbsp;<\/p>\n<p>&nbsp;<\/p>\n<p><strong><img loading=\"lazy\" decoding=\"async\" class=\" wp-image-3811 alignleft\" src=\"https:\/\/weltlaeden.de\/osterstrasse\/wp-content\/uploads\/sites\/17\/2025\/01\/WL_Lederwaren.png\" alt=\"\" width=\"317\" height=\"314\" srcset=\"https:\/\/weltlaeden.de\/osterstrasse\/wp-content\/uploads\/sites\/17\/2025\/01\/WL_Lederwaren.png 567w, https:\/\/weltlaeden.de\/osterstrasse\/wp-content\/uploads\/sites\/17\/2025\/01\/WL_Lederwaren-300x297.png 300w, https:\/\/weltlaeden.de\/osterstrasse\/wp-content\/uploads\/sites\/17\/2025\/01\/WL_Lederwaren-150x150.png 150w\" sizes=\"auto, (max-width: 317px) 100vw, 317px\" \/>Lederwaren \u2013 Handtaschen, Portemonnaies, Brillenetuis<\/strong> oder <strong>Spardosen<\/strong> versch\u00f6nern den Alltag.<\/p>\n<p>&nbsp;<\/p>\n<p>&nbsp;<\/p>\n<p>&nbsp;<\/p>\n<p>&nbsp;<\/p>\n<p>&nbsp;<\/p>\n<p>&nbsp;<\/p>\n<p>&nbsp;<\/p>\n<p>&nbsp;<\/p>\n<p>&nbsp;<\/p>\n<p>&nbsp;<\/p>\n<p><strong><img loading=\"lazy\" decoding=\"async\" class=\"wp-image-3809 alignleft\" src=\"https:\/\/weltlaeden.de\/osterstrasse\/wp-content\/uploads\/sites\/17\/2025\/01\/WL_Acessoires_2.png\" alt=\"\" width=\"316\" height=\"313\" srcset=\"https:\/\/weltlaeden.de\/osterstrasse\/wp-content\/uploads\/sites\/17\/2025\/01\/WL_Acessoires_2.png 567w, https:\/\/weltlaeden.de\/osterstrasse\/wp-content\/uploads\/sites\/17\/2025\/01\/WL_Acessoires_2-300x297.png 300w, https:\/\/weltlaeden.de\/osterstrasse\/wp-content\/uploads\/sites\/17\/2025\/01\/WL_Acessoires_2-150x150.png 150w\" sizes=\"auto, (max-width: 316px) 100vw, 316px\" \/>Accessoires \u2013 Schals<\/strong> in unterschiedlichem Materialmix oder <strong><span class=\"SpellE\">Umh\u00e4ngebeutel<\/span><\/strong> erg\u00e4nzen wirkungsvoll das Outfit.<\/p>\n<p>&nbsp;<\/p>\n<p>&nbsp;<\/p>\n<p>&nbsp;<\/p>\n<p>&nbsp;<\/p>\n<p>&nbsp;<\/p>\n<p>&nbsp;<\/p>\n<p>&nbsp;<\/p>\n<p>&nbsp;<\/p>\n<p>&nbsp;<\/p>\n<p>&nbsp;<\/p>\n<p>&nbsp;<\/p>\n<p>Transparenz und langfristige Handelsbeziehungen sind wichtige Merkmale des Fairen Handels. Im globalen Handel ist es etwas Besonderes, die Menschen hinter den Produkten kennenlernen zu k\u00f6nnen. Erfahren Sie, wo, von wem und wie unser einzigartiges Kunsthandwerk hergestellt wird.[\/vc_column_text][\/vc_column][\/vc_row][vc_row][vc_column][vc_empty_space height=&#8220;20px&#8220;][\/vc_column][\/vc_row][vc_row][vc_column][vc_column_text]<\/p>\n<h2>Handwerkskunst von Prokritee aus Bangladesch<\/h2>\n<p>[\/vc_column_text][vc_row_inner][vc_column_inner width=&#8220;1\/3&#8243;]<div class=\"wl_einzelbild\"><p><a href=\"https:\/\/weltlaeden.de\/osterstrasse\/produkte\/kunsthandwerk\/prokritee\/\"><img loading=\"lazy\" decoding=\"async\" class=\"aligncenter\" src=\"https:\/\/weltlaeden.de\/vorlage\/wp-content\/uploads\/sites\/3\/2020\/10\/Prokritee-1_K.-Khatun_Quelle_Dave-Klassen-1-300x200.jpg\" alt=\"\" width=\"300\" height=\"200\" \/><\/a><\/p><\/div>[\/vc_column_inner][vc_column_inner width=&#8220;2\/3&#8243;][vc_column_text css=&#8220;.vc_custom_1647181964611{background-color: #ffffff !important;border-radius: 2px !important;}&#8220;]K\u00f6rbe aus Kaisa-Gras, handgesch\u00f6pftes Papier aus Juteresten, Sessel aus recycelten Sari-Stoffen,\u2026 Prokritee bedeutet auf Bengalisch \u201eNatur\u201c. Alle Produkte werden von Hand und ausschlie\u00dflich aus nat\u00fcrlichen oder recycelten Materialien gefertigt. Genau so bunt und vielf\u00e4ltig wie die Muster und Materialen der Produkte von Prokritee sind die Geschichten der Frauen, die sie herstellen. <a href=\"https:\/\/weltlaeden.de\/osterstrasse\/produkte\/kunsthandwerk\/prokritee\/\">Erfahren Sie mehr &#8230;<\/a>[\/vc_column_text][\/vc_column_inner][\/vc_row_inner][vc_empty_space][vc_column_text]<\/p>\n<h2>Seifen von SOAP-n-SCENT aus Thailand<\/h2>\n<p>[\/vc_column_text][vc_row_inner][vc_column_inner width=&#8220;1\/3&#8243;]<div class=\"wl_einzelbild\"><p><a href=\"https:\/\/weltlaeden.de\/osterstrasse\/produkte\/kunsthandwerk\/soap-n-scent\/\"><img loading=\"lazy\" decoding=\"async\" class=\"aligncenter wp-image-563 size-medium\" src=\"https:\/\/weltlaeden.de\/vorlagensammlung\/wp-content\/uploads\/sites\/153\/2021\/03\/Soap-n-scent-1_Verpacken_Quelle_GEPA_600x400-300x200.jpg\" alt=\"\" width=\"300\" height=\"200\" \/><\/a><\/p><\/div>[\/vc_column_inner][vc_column_inner width=&#8220;2\/3&#8243;][vc_column_text css=&#8220;.vc_custom_1647182010514{background-color: #ffffff !important;border-radius: 2px !important;}&#8220;]Die Seifenmanufaktur von SOAP-n-SCENT ist eher eine gro\u00dfe K\u00fcche als eine Produktionshalle. Dort arbeiten mehr Menschen als Maschinen. Die Manufaktur in Chiang Mai ist ein heller, fr\u00f6hlicher Ort, an dem die Mitarbeiter*innen mit gro\u00dfer Sorgfalt die Seifen aus pflanzlichen \u00d6len in Handarbeit herstellen. <a href=\"https:\/\/weltlaeden.de\/osterstrasse\/produkte\/kunsthandwerk\/soap-n-scent\/\">Erfahren Sie mehr &#8230;<\/a>[\/vc_column_text][\/vc_column_inner][\/vc_row_inner][vc_empty_space][vc_column_text]<\/p>\n<h2>Sonnengl\u00e4ser von Suntoy in S\u00fcdafrika<\/h2>\n<p>[\/vc_column_text][vc_row_inner][vc_column_inner width=&#8220;1\/3&#8243;]<div class=\"wl_einzelbild\"><p><a href=\"https:\/\/weltlaeden.de\/osterstrasse\/produkte\/kunsthandwerk\/sonnenglas\/\"><img loading=\"lazy\" decoding=\"async\" class=\"aligncenter size-medium wp-image-nsm-3-116\" src=\"https:\/\/weltlaeden.de\/vorlagensammlung\/wp-content\/uploads\/sites\/3\/2021\/12\/Sonnenglas-I_Sonnengl\u00e4ser_Q_Sonnenglas_600x400-300x200.png\" alt=\"\" width=\"300\" height=\"200\" \/><\/a><\/p><\/div>[\/vc_column_inner][vc_column_inner width=&#8220;2\/3&#8243;][vc_column_text css=&#8220;.vc_custom_1647182053749{background-color: #ffffff !important;border-radius: 2px !important;}&#8220;]Die handgefertigte Solarlampe ist nicht nur eine stimmungsvolle Dekoration, sondern dient in S\u00fcdafrika als nachhaltige und sichere Lichtquelle f\u00fcr Gebiete ohne Stromanschluss. Die Produktion sichert 75 Arbeitspl\u00e4tze f\u00fcr zuvor arbeitslose M\u00e4nner und Frauen in Johannesburg. <a href=\"https:\/\/weltlaeden.de\/osterstrasse\/produkte\/kunsthandwerk\/sonnenglas\/\">Erfahren Sie mehr &#8230;<\/a>[\/vc_column_text][\/vc_column_inner][\/vc_row_inner][vc_empty_space][vc_column_text]<\/p>\n<h2>Farbenfrohe Keramik von ISUNA aus S\u00fcdafrika<\/h2>\n<p>[\/vc_column_text][vc_row_inner][vc_column_inner width=&#8220;1\/3&#8243;]<div class=\"wl_einzelbild\"><p><a href=\"https:\/\/weltlaeden.de\/osterstrasse\/produkte\/kunsthandwerk\/isuna\/\"><img loading=\"lazy\" decoding=\"async\" class=\"alignleft size-medium wp-image-1521\" src=\"https:\/\/weltlaeden.de\/osterstrasse\/wp-content\/uploads\/sites\/17\/2020\/10\/ISUNA_Pastateller_MGassner-01-300x300.jpeg\" alt=\"\" width=\"300\" height=\"300\" \/><\/a><\/p><\/div>[\/vc_column_inner][vc_column_inner width=&#8220;2\/3&#8243;][vc_column_text css=&#8220;.vc_custom_1647182053749{background-color: #ffffff !important;border-radius: 2px !important;}&#8220;]ISUNA-Keramik ist so bunt wie die Regenbogen-Nation S\u00fcdafrika, in der sie entsteht. Das Erfolgsgeheimnis der afrikanische Keramik-K\u00fcnstler*innen ist hochwertige Qualit\u00e4t und k\u00fcnstlerisch wertvolle Manufaktur. <a href=\"https:\/\/weltlaeden.de\/osterstrasse\/produkte\/kunsthandwerk\/isuna\/\">Erfahren Sie mehr &#8230;<\/a>[\/vc_column_text][\/vc_column_inner][\/vc_row_inner]<\/p>\n<h2><\/h2>\n<h2><\/h2>\n<h2><\/h2>\n<h2><\/h2>\n<h2><\/h2>\n<p>&nbsp;<\/p>\n<h2>Kunstvolle Kokosnussschalen von Craft Link aus Vietnam<\/h2>\n<p><img loading=\"lazy\" decoding=\"async\" class=\"wp-image-1593 size-medium alignleft\" src=\"https:\/\/weltlaeden.de\/osterstrasse\/wp-content\/uploads\/sites\/17\/2020\/12\/IMG_3096_6798-HDR-300x200.jpg\" alt=\"\" width=\"300\" height=\"200\" srcset=\"https:\/\/weltlaeden.de\/osterstrasse\/wp-content\/uploads\/sites\/17\/2020\/12\/IMG_3096_6798-HDR-300x200.jpg 300w, https:\/\/weltlaeden.de\/osterstrasse\/wp-content\/uploads\/sites\/17\/2020\/12\/IMG_3096_6798-HDR-768x512.jpg 768w, https:\/\/weltlaeden.de\/osterstrasse\/wp-content\/uploads\/sites\/17\/2020\/12\/IMG_3096_6798-HDR-1024x683.jpg 1024w, https:\/\/weltlaeden.de\/osterstrasse\/wp-content\/uploads\/sites\/17\/2020\/12\/IMG_3096_6798-HDR.jpg 1920w\" sizes=\"auto, (max-width: 300px) 100vw, 300px\" \/>Craft Link ist eine vietnamesische Fair-Handels-Organisation, deren prim\u00e4re Aufgabe darin liegt, benachteiligte Gruppen von Kunsthandwerker*innen in Vietnam zu f\u00f6rdern und zu unterst\u00fctzen und somit das kulturelle Erbe zu erhalten. <a href=\"https:\/\/weltlaeden.de\/osterstrasse\/produkte\/kunsthandwerk\/craft-link\/\">Erfahren Sie mehr &#8230;<\/a>[\/vc_column_text][\/vc_column_inner][\/vc_row_inner][vc_empty_space][vc_column_text]<\/p>\n<h2><\/h2>\n<h2><\/h2>\n<h2><\/h2>\n<h2><\/h2>\n<h2><\/h2>\n<h2>Kerzen von Wax Industri aus Indonesien<\/h2>\n<p><a href=\"https:\/\/weltlaeden.de\/osterstrasse\/produkte\/kunsthandwerk\/wax-industri\/\"><img loading=\"lazy\" decoding=\"async\" class=\"wp-image-1598 alignleft\" src=\"https:\/\/weltlaeden.de\/osterstrasse\/wp-content\/uploads\/sites\/17\/2020\/12\/Kerzen-von-Wax-Industri.jpg\" alt=\"\" width=\"175\" height=\"175\" srcset=\"https:\/\/weltlaeden.de\/osterstrasse\/wp-content\/uploads\/sites\/17\/2020\/12\/Kerzen-von-Wax-Industri.jpg 1080w, https:\/\/weltlaeden.de\/osterstrasse\/wp-content\/uploads\/sites\/17\/2020\/12\/Kerzen-von-Wax-Industri-150x150.jpg 150w, https:\/\/weltlaeden.de\/osterstrasse\/wp-content\/uploads\/sites\/17\/2020\/12\/Kerzen-von-Wax-Industri-300x300.jpg 300w, https:\/\/weltlaeden.de\/osterstrasse\/wp-content\/uploads\/sites\/17\/2020\/12\/Kerzen-von-Wax-Industri-768x768.jpg 768w, https:\/\/weltlaeden.de\/osterstrasse\/wp-content\/uploads\/sites\/17\/2020\/12\/Kerzen-von-Wax-Industri-1024x1024.jpg 1024w\" sizes=\"auto, (max-width: 175px) 100vw, 175px\" \/><\/a>In der indonesischen Kerzenmanufaktur Wax Industri wird ausgezeichnete Arbeit geleistet. Daher k\u00f6nnen wir Ihnen vegane, handgegossene und durchgef\u00e4rbte Kerzen aus nachhaltigem, zertifiziertem Palmwachs pr\u00e4sentieren. Sie finden sie bei uns in unterschiedlichen Farben, diversen Formen und Gr\u00f6\u00dfen sowie in glatter oder marmorierter Optik. <a href=\"https:\/\/weltlaeden.de\/osterstrasse\/produkte\/kunsthandwerk\/wax-industri\/\">Erfahren Sie mehr &#8230;<\/a><\/p>\n<h2><\/h2>\n<h2><\/h2>\n<h2><\/h2>\n<p>&nbsp;<\/p>\n<\/div>","protected":false},"excerpt":{"rendered":"<p>[vc_row][vc_column][vc_column_text] Ein Einblick in unser Kunsthandwerkssortiment [\/vc_column_text][vc_column_text]Unser Sortiment kommt ausschlie\u00dflich von anerkannten Fair-Handels-Importorganisationen wie z.B. GEPA, El Puente, WeltPartner, Globo, Contigo, Fairkauf und vielen anderen Lieferant*innen. Alle wurden vom Weltladen-Dachverband auf die Einhaltung der Fair-Handels-Kriterien der World Fair Trade Organization \u00fcberpr\u00fcft. Unser besonderes Produkt des Monats \u2013 Fairclusiv \u2013 finden Sie hier. &nbsp; Textilien und&hellip;<\/p>\n","protected":false},"author":97,"featured_media":1593,"parent":217,"menu_order":34,"comment_status":"closed","ping_status":"closed","template":"","meta":{"footnotes":""},"class_list":["post-1335","page","type-page","status-publish","has-post-thumbnail","hentry","description-off"],"_links":{"self":[{"href":"https:\/\/weltlaeden.de\/osterstrasse\/wp-json\/wp\/v2\/pages\/1335","targetHints":{"allow":["GET"]}}],"collection":[{"href":"https:\/\/weltlaeden.de\/osterstrasse\/wp-json\/wp\/v2\/pages"}],"about":[{"href":"https:\/\/weltlaeden.de\/osterstrasse\/wp-json\/wp\/v2\/types\/page"}],"author":[{"embeddable":true,"href":"https:\/\/weltlaeden.de\/osterstrasse\/wp-json\/wp\/v2\/users\/97"}],"replies":[{"embeddable":true,"href":"https:\/\/weltlaeden.de\/osterstrasse\/wp-json\/wp\/v2\/comments?post=1335"}],"version-history":[{"count":54,"href":"https:\/\/weltlaeden.de\/osterstrasse\/wp-json\/wp\/v2\/pages\/1335\/revisions"}],"predecessor-version":[{"id":3816,"href":"https:\/\/weltlaeden.de\/osterstrasse\/wp-json\/wp\/v2\/pages\/1335\/revisions\/3816"}],"up":[{"embeddable":true,"href":"https:\/\/weltlaeden.de\/osterstrasse\/wp-json\/wp\/v2\/pages\/217"}],"wp:featuredmedia":[{"embeddable":true,"href":"https:\/\/weltlaeden.de\/osterstrasse\/wp-json\/wp\/v2\/media\/1593"}],"wp:attachment":[{"href":"https:\/\/weltlaeden.de\/osterstrasse\/wp-json\/wp\/v2\/media?parent=1335"}],"curies":[{"name":"wp","href":"https:\/\/api.w.org\/{rel}","templated":true}]}}