{"id":720,"date":"2021-06-09T13:24:11","date_gmt":"2021-06-09T11:24:11","guid":{"rendered":"https:\/\/weltlaeden.de\/osnabrueck\/?page_id=720"},"modified":"2022-02-05T12:21:24","modified_gmt":"2022-02-05T11:21:24","slug":"portraits-von-handelspartnern-2","status":"publish","type":"page","link":"https:\/\/weltlaeden.de\/osnabrueck\/portraits-von-handelspartnern-2\/","title":{"rendered":"Unsere Handelspartner:innen"},"content":{"rendered":"<div class=\"wpb-content-wrapper\"><p>[vc_row][vc_column][vc_column_text]Transparenz und langfristige Handelsbeziehungen sind wichtige Merkmale des Fairen Handels. Im globalen Handel ist es etwas Besonderes, die Menschen hinter den Produkten kennenlernen zu k\u00f6nnen. Erfahren Sie, wo, von wem und wie besondere Lebensmittel oder faszinierendes Kunsthandwerk hergestellt werden.[\/vc_column_text][\/vc_column][\/vc_row][vc_row][vc_column][vc_empty_space height=&#8220;20px&#8220;][\/vc_column][\/vc_row][vc_row][vc_column width=&#8220;1\/2&#8243;][vc_column_text]<\/p>\n<h1>Die Rooibos-Revolution von Heiveld aus S\u00fcdafrika<\/h1>\n<p>[\/vc_column_text]<div class=\"wl_einzelbild\"><p><a href=\"?pagename=handelspartner-portrait-heiveld\"><img loading=\"lazy\" decoding=\"async\" class=\"aligncenter wp-image-nsm-3-94\" src=\"https:\/\/weltlaeden.de\/vorlagensammlung\/wp-content\/uploads\/sites\/3\/2020\/11\/Heiveld-1_K.-Kotze_Quelle_Albert-Retief_1200x800-300x200.jpg\" alt=\"\" width=\"465\" height=\"311\" \/><\/a><\/p><\/div>[vc_column_text]Die Zederberge in S\u00fcdafrika sind hei\u00df und trocken \u2013 diese karge Landschaft ist der einzige Ort auf der Welt, an dem Rooibos w\u00e4chst. Dort haben sich in der Heiveld-Kooperative 70 B\u00e4uerinnen und Bauern zusammengeschlossen, um auf ihrem eigenen Land biologisch angebauten Rooibos-Tee zu produzieren.[\/vc_column_text]<a href=\"?pagename=handelspartner-portrait-heiveld\" class=\"btn-shortcode dt-btn-s dt-btn default-btn-color default-btn-hover-color default-btn-bg-color default-btn-bg-hover-color\" target=\"_blank\" id=\"dt-btn-1\" rel=\"noopener\"><span>Erfahre mehr<\/span><\/a>[\/vc_column][vc_column width=&#8220;1\/2&#8243;][vc_column_text]<\/p>\n<h1>Guter Kaffee von APROLMA aus Honduras<\/h1>\n<p>[\/vc_column_text]<div class=\"wl_einzelbild\"><p><a href=\"?pagename=handelspartner-portrait-aprolma\"><img loading=\"lazy\" decoding=\"async\" class=\"aligncenter wp-image-nsm-3-89\" src=\"https:\/\/weltlaeden.de\/vorlage\/wp-content\/uploads\/sites\/3\/2020\/10\/APROLMA-1_R\u00f6stmeisterinnen_Quelle_GEPA-A.-Welsing-300x169.jpg\" alt=\"\" width=\"410\" height=\"231\" \/><\/a><\/p><\/div>[vc_column_text]Wir k\u00f6nnen auch anders! \u2013 das k\u00f6nnte das Motto von APROLMA sein. Zwei Besonderheiten zeichnen diese Kaffeekooperative in Honduras aus: Nur Frauen k\u00f6nnen Mitglied werden und der Kaffee wird vor Ort von den eigens ausgebildeten R\u00f6stmeisterinnen ger\u00f6stet und verpackt.[\/vc_column_text]<a href=\"?pagename=handelspartner-portrait-aprolma\" class=\"btn-shortcode dt-btn-s dt-btn default-btn-color default-btn-hover-color default-btn-bg-color default-btn-bg-hover-color\" target=\"_blank\" id=\"dt-btn-2\" rel=\"noopener\"><span>Erfahre mehr<\/span><\/a>[\/vc_column][\/vc_row][vc_row][vc_column][vc_empty_space height=&#8220;20px&#8220;][\/vc_column][\/vc_row][vc_row][vc_column width=&#8220;1\/2&#8243;][vc_column_text]<\/p>\n<h1>Seifen von SOAP-n-SCENT aus Thailand<\/h1>\n<p>[\/vc_column_text]<div class=\"wl_einzelbild\"><p><a href=\"?pagename=handelspartner-portrait-soap-n-scent\"><img loading=\"lazy\" decoding=\"async\" class=\" wp-image-563 aligncenter\" src=\"https:\/\/weltlaeden.de\/vorlagensammlung\/wp-content\/uploads\/sites\/153\/2021\/03\/Soap-n-scent-1_Verpacken_Quelle_GEPA_600x400-300x200.jpg\" alt=\"\" width=\"450\" height=\"300\" \/><\/a><\/p><\/div>[vc_column_text css=&#8220;.vc_custom_1639077332276{background-color: #ffffff !important;border-radius: 2px !important;}&#8220;]Die Seifenmanufaktur von SOAP-n-SCENT ist eher eine gro\u00dfe K\u00fcche als eine Produktionshalle. Dort arbeiten mehr Menschen als Maschinen. Die Manufaktur in Chiang Mai ist ein heller, fr\u00f6hlicher Ort, an dem die Mitarbeiter*innen mit gro\u00dfer Sorgfalt die Seifen aus pflanzlichen \u00d6len in Handarbeit herstellen.[\/vc_column_text]<a href=\"?pagename=handelspartner-portrait-soap-n-scent\" class=\"btn-shortcode dt-btn-s dt-btn default-btn-color default-btn-hover-color default-btn-bg-color default-btn-bg-hover-color\" target=\"_blank\" id=\"dt-btn-3\" rel=\"noopener\"><span>Erfahre mehr<\/span><\/a>[vc_empty_space][vc_column_text]<\/p>\n<h1>Gew\u00fcrzmischungen &amp; Co von Turqle Trading in S\u00fcdafrika<\/h1>\n<p>[\/vc_column_text]<div class=\"wl_einzelbild\"><p><a href=\"?pagename=handelspartner-portrait-turqle-trading\"><img loading=\"lazy\" decoding=\"async\" class=\"aligncenter wp-image-nsm-3-109\" src=\"https:\/\/weltlaeden.de\/vorlagensammlung\/wp-content\/uploads\/sites\/3\/2021\/05\/Turqle-Trading-II_Laodicea-Okkers_Quelle_St.-Louis_600x400-300x200.jpg\" alt=\"\" width=\"425\" height=\"283\" \/><\/a><\/p><\/div>[vc_column_text css=&#8220;.vc_custom_1639077417809{background-color: #ffffff !important;border-radius: 2px !important;}&#8220;]Sonnengereifte Tomaten, feurige Chilis und aromatische Gew\u00fcrze sind das Erfolgsrezept von Turqle Trading. Die Organisation unterst\u00fctzt kleine Betriebe beim Export verarbeiteter Lebensmittel und schafft so zukunftsf\u00e4hige Arbeitspl\u00e4tze und mehr lokale Wertsch\u00f6pfung.[\/vc_column_text]<a href=\"?pagename=handelspartner-portrait-turqle-trading\" class=\"btn-shortcode dt-btn-s dt-btn default-btn-color default-btn-hover-color default-btn-bg-color default-btn-bg-hover-color\" target=\"_blank\" id=\"dt-btn-4\" rel=\"noopener\"><span>Erfahre mehr<\/span><\/a>[vc_separator border_width=&#8220;2&#8243;][\/vc_column][vc_column width=&#8220;1\/2&#8243;][vc_column_text]<\/p>\n<h1>fairafric: Schokolade made in Ghana<\/h1>\n<p>[\/vc_column_text]<div class=\"wl_einzelbild\"><p><a href=\"?pagename=handelspartner-portrait-fairafric\"><img loading=\"lazy\" decoding=\"async\" class=\" wp-image-nsm-3-101 aligncenter\" src=\"https:\/\/weltlaeden.de\/vorlagensammlung\/wp-content\/uploads\/sites\/3\/2021\/02\/fairafric-1_Team-Schokotisch_Quelle_fairafric_1200x800-300x200.jpg\" alt=\"\" width=\"438\" height=\"292\" \/><\/a><\/p><\/div>[vc_column_text]Ghana ist eines der f\u00fchrenden Anbau- und Exportl\u00e4nder von Rohkakao, Schokolade wird dort bisher allerdings kaum produziert. Ein Gro\u00dfteil der Wertsch\u00f6pfung geschieht bei der Verarbeitung in Europa, w\u00e4hrend viele Kakaofarmer*innen in Armut leben. Das deutsch-ghanaische Unternehmen fairafric ist angetreten, das zu \u00e4ndern.[\/vc_column_text]<a href=\"?pagename=handelspartner-portrait-fairafric\" class=\"btn-shortcode dt-btn-s dt-btn default-btn-color default-btn-hover-color default-btn-bg-color default-btn-bg-hover-color\" target=\"_blank\" id=\"dt-btn-5\" rel=\"noopener\"><span>Erfahre mehr<\/span><\/a>[\/vc_column][vc_column][vc_empty_space][vc_column_text]<em>\u00a0Bildnachweise f\u00fcr diese Seite (von oben nach unten): Dave Klassen, Dave Klassen, Albert Retief, GEPA\/A. Welsing,<\/em> <em>fairafric, GEPA-The Fair Trade Company, St. Louis<br \/>\n<\/em>[\/vc_column_text][\/vc_column][\/vc_row][vc_column][\/vc_column]<\/p>\n<\/div>","protected":false},"excerpt":{"rendered":"<p>[vc_row][vc_column][vc_column_text]Transparenz und langfristige Handelsbeziehungen sind wichtige Merkmale des Fairen Handels. Im globalen Handel ist es etwas Besonderes, die Menschen hinter den Produkten kennenlernen zu k\u00f6nnen. Erfahren Sie, wo, von wem und wie besondere Lebensmittel oder faszinierendes Kunsthandwerk hergestellt werden.[\/vc_column_text][\/vc_column][\/vc_row][vc_row][vc_column][vc_empty_space height=&#8220;20px&#8220;][\/vc_column][\/vc_row][vc_row][vc_column width=&#8220;1\/2&#8243;][vc_column_text] Die Rooibos-Revolution von Heiveld aus S\u00fcdafrika [\/vc_column_text][vc_column_text]Die Zederberge in S\u00fcdafrika sind hei\u00df und trocken&hellip;<\/p>\n","protected":false},"author":84,"featured_media":0,"parent":0,"menu_order":0,"comment_status":"closed","ping_status":"closed","template":"","meta":{"footnotes":""},"class_list":["post-720","page","type-page","status-publish","hentry","description-off"],"yoast_head":"<!-- This site is optimized with the Yoast SEO plugin v26.8 - https:\/\/yoast.com\/product\/yoast-seo-wordpress\/ -->\n<title>Unsere Handelspartner:innen - Weltladen Osnabr\u00fcck<\/title>\n<meta name=\"robots\" content=\"index, follow, max-snippet:-1, max-image-preview:large, max-video-preview:-1\" \/>\n<link rel=\"canonical\" href=\"https:\/\/weltlaeden.de\/osnabrueck\/portraits-von-handelspartnern-2\/\" \/>\n<meta property=\"og:locale\" content=\"de_DE\" \/>\n<meta property=\"og:type\" content=\"article\" \/>\n<meta property=\"og:title\" content=\"Unsere Handelspartner:innen - Weltladen Osnabr\u00fcck\" \/>\n<meta property=\"og:description\" content=\"[vc_row][vc_column][vc_column_text]Transparenz und langfristige Handelsbeziehungen sind wichtige Merkmale des Fairen Handels. Im globalen Handel ist es etwas Besonderes, die Menschen hinter den Produkten kennenlernen zu k\u00f6nnen. Erfahren Sie, wo, von wem und wie besondere Lebensmittel oder faszinierendes Kunsthandwerk hergestellt werden.[\/vc_column_text][\/vc_column][\/vc_row][vc_row][vc_column][vc_empty_space height=&#8220;20px&#8220;][\/vc_column][\/vc_row][vc_row][vc_column width=&#8220;1\/2&#8243;][vc_column_text] Die Rooibos-Revolution von Heiveld aus S\u00fcdafrika [\/vc_column_text][vc_column_text]Die Zederberge in S\u00fcdafrika sind hei\u00df und trocken&hellip;\" \/>\n<meta property=\"og:url\" content=\"https:\/\/weltlaeden.de\/osnabrueck\/portraits-von-handelspartnern-2\/\" \/>\n<meta property=\"og:site_name\" content=\"Weltladen Osnabr\u00fcck\" \/>\n<meta property=\"article:modified_time\" content=\"2022-02-05T11:21:24+00:00\" \/>\n<meta property=\"og:image\" content=\"https:\/\/weltlaeden.de\/vorlagensammlung\/wp-content\/uploads\/sites\/3\/2020\/11\/Heiveld-1_K.-Kotze_Quelle_Albert-Retief_1200x800-300x200.jpg\" \/>\n<meta name=\"twitter:card\" content=\"summary_large_image\" \/>\n<meta name=\"twitter:label1\" content=\"Gesch\u00e4tzte Lesezeit\" \/>\n\t<meta name=\"twitter:data1\" content=\"3\u00a0Minuten\" \/>\n<script type=\"application\/ld+json\" class=\"yoast-schema-graph\">{\"@context\":\"https:\/\/schema.org\",\"@graph\":[{\"@type\":\"WebPage\",\"@id\":\"https:\/\/weltlaeden.de\/osnabrueck\/portraits-von-handelspartnern-2\/\",\"url\":\"https:\/\/weltlaeden.de\/osnabrueck\/portraits-von-handelspartnern-2\/\",\"name\":\"Unsere Handelspartner:innen - Weltladen Osnabr\u00fcck\",\"isPartOf\":{\"@id\":\"https:\/\/weltlaeden.de\/osnabrueck\/#website\"},\"primaryImageOfPage\":{\"@id\":\"https:\/\/weltlaeden.de\/osnabrueck\/portraits-von-handelspartnern-2\/#primaryimage\"},\"image\":{\"@id\":\"https:\/\/weltlaeden.de\/osnabrueck\/portraits-von-handelspartnern-2\/#primaryimage\"},\"thumbnailUrl\":\"https:\/\/weltlaeden.de\/vorlagensammlung\/wp-content\/uploads\/sites\/3\/2020\/11\/Heiveld-1_K.-Kotze_Quelle_Albert-Retief_1200x800-300x200.jpg\",\"datePublished\":\"2021-06-09T11:24:11+00:00\",\"dateModified\":\"2022-02-05T11:21:24+00:00\",\"breadcrumb\":{\"@id\":\"https:\/\/weltlaeden.de\/osnabrueck\/portraits-von-handelspartnern-2\/#breadcrumb\"},\"inLanguage\":\"de\",\"potentialAction\":[{\"@type\":\"ReadAction\",\"target\":[\"https:\/\/weltlaeden.de\/osnabrueck\/portraits-von-handelspartnern-2\/\"]}]},{\"@type\":\"ImageObject\",\"inLanguage\":\"de\",\"@id\":\"https:\/\/weltlaeden.de\/osnabrueck\/portraits-von-handelspartnern-2\/#primaryimage\",\"url\":\"https:\/\/weltlaeden.de\/vorlagensammlung\/wp-content\/uploads\/sites\/3\/2020\/11\/Heiveld-1_K.-Kotze_Quelle_Albert-Retief_1200x800-300x200.jpg\",\"contentUrl\":\"https:\/\/weltlaeden.de\/vorlagensammlung\/wp-content\/uploads\/sites\/3\/2020\/11\/Heiveld-1_K.-Kotze_Quelle_Albert-Retief_1200x800-300x200.jpg\"},{\"@type\":\"BreadcrumbList\",\"@id\":\"https:\/\/weltlaeden.de\/osnabrueck\/portraits-von-handelspartnern-2\/#breadcrumb\",\"itemListElement\":[{\"@type\":\"ListItem\",\"position\":1,\"name\":\"Startseite\",\"item\":\"https:\/\/weltlaeden.de\/osnabrueck\/\"},{\"@type\":\"ListItem\",\"position\":2,\"name\":\"Unsere Handelspartner:innen\"}]},{\"@type\":\"WebSite\",\"@id\":\"https:\/\/weltlaeden.de\/osnabrueck\/#website\",\"url\":\"https:\/\/weltlaeden.de\/osnabrueck\/\",\"name\":\"Vorlage\",\"description\":\"Faire Produkte seit 1990\",\"potentialAction\":[{\"@type\":\"SearchAction\",\"target\":{\"@type\":\"EntryPoint\",\"urlTemplate\":\"https:\/\/weltlaeden.de\/osnabrueck\/?s={search_term_string}\"},\"query-input\":{\"@type\":\"PropertyValueSpecification\",\"valueRequired\":true,\"valueName\":\"search_term_string\"}}],\"inLanguage\":\"de\"}]}<\/script>\n<!-- \/ Yoast SEO plugin. -->","yoast_head_json":{"title":"Unsere Handelspartner:innen - Weltladen Osnabr\u00fcck","robots":{"index":"index","follow":"follow","max-snippet":"max-snippet:-1","max-image-preview":"max-image-preview:large","max-video-preview":"max-video-preview:-1"},"canonical":"https:\/\/weltlaeden.de\/osnabrueck\/portraits-von-handelspartnern-2\/","og_locale":"de_DE","og_type":"article","og_title":"Unsere Handelspartner:innen - Weltladen Osnabr\u00fcck","og_description":"[vc_row][vc_column][vc_column_text]Transparenz und langfristige Handelsbeziehungen sind wichtige Merkmale des Fairen Handels. Im globalen Handel ist es etwas Besonderes, die Menschen hinter den Produkten kennenlernen zu k\u00f6nnen. Erfahren Sie, wo, von wem und wie besondere Lebensmittel oder faszinierendes Kunsthandwerk hergestellt werden.[\/vc_column_text][\/vc_column][\/vc_row][vc_row][vc_column][vc_empty_space height=&#8220;20px&#8220;][\/vc_column][\/vc_row][vc_row][vc_column width=&#8220;1\/2&#8243;][vc_column_text] Die Rooibos-Revolution von Heiveld aus S\u00fcdafrika [\/vc_column_text][vc_column_text]Die Zederberge in S\u00fcdafrika sind hei\u00df und trocken&hellip;","og_url":"https:\/\/weltlaeden.de\/osnabrueck\/portraits-von-handelspartnern-2\/","og_site_name":"Weltladen Osnabr\u00fcck","article_modified_time":"2022-02-05T11:21:24+00:00","og_image":[{"url":"https:\/\/weltlaeden.de\/vorlagensammlung\/wp-content\/uploads\/sites\/3\/2020\/11\/Heiveld-1_K.-Kotze_Quelle_Albert-Retief_1200x800-300x200.jpg","type":"","width":"","height":""}],"twitter_card":"summary_large_image","twitter_misc":{"Gesch\u00e4tzte Lesezeit":"3\u00a0Minuten"},"schema":{"@context":"https:\/\/schema.org","@graph":[{"@type":"WebPage","@id":"https:\/\/weltlaeden.de\/osnabrueck\/portraits-von-handelspartnern-2\/","url":"https:\/\/weltlaeden.de\/osnabrueck\/portraits-von-handelspartnern-2\/","name":"Unsere Handelspartner:innen - Weltladen Osnabr\u00fcck","isPartOf":{"@id":"https:\/\/weltlaeden.de\/osnabrueck\/#website"},"primaryImageOfPage":{"@id":"https:\/\/weltlaeden.de\/osnabrueck\/portraits-von-handelspartnern-2\/#primaryimage"},"image":{"@id":"https:\/\/weltlaeden.de\/osnabrueck\/portraits-von-handelspartnern-2\/#primaryimage"},"thumbnailUrl":"https:\/\/weltlaeden.de\/vorlagensammlung\/wp-content\/uploads\/sites\/3\/2020\/11\/Heiveld-1_K.-Kotze_Quelle_Albert-Retief_1200x800-300x200.jpg","datePublished":"2021-06-09T11:24:11+00:00","dateModified":"2022-02-05T11:21:24+00:00","breadcrumb":{"@id":"https:\/\/weltlaeden.de\/osnabrueck\/portraits-von-handelspartnern-2\/#breadcrumb"},"inLanguage":"de","potentialAction":[{"@type":"ReadAction","target":["https:\/\/weltlaeden.de\/osnabrueck\/portraits-von-handelspartnern-2\/"]}]},{"@type":"ImageObject","inLanguage":"de","@id":"https:\/\/weltlaeden.de\/osnabrueck\/portraits-von-handelspartnern-2\/#primaryimage","url":"https:\/\/weltlaeden.de\/vorlagensammlung\/wp-content\/uploads\/sites\/3\/2020\/11\/Heiveld-1_K.-Kotze_Quelle_Albert-Retief_1200x800-300x200.jpg","contentUrl":"https:\/\/weltlaeden.de\/vorlagensammlung\/wp-content\/uploads\/sites\/3\/2020\/11\/Heiveld-1_K.-Kotze_Quelle_Albert-Retief_1200x800-300x200.jpg"},{"@type":"BreadcrumbList","@id":"https:\/\/weltlaeden.de\/osnabrueck\/portraits-von-handelspartnern-2\/#breadcrumb","itemListElement":[{"@type":"ListItem","position":1,"name":"Startseite","item":"https:\/\/weltlaeden.de\/osnabrueck\/"},{"@type":"ListItem","position":2,"name":"Unsere Handelspartner:innen"}]},{"@type":"WebSite","@id":"https:\/\/weltlaeden.de\/osnabrueck\/#website","url":"https:\/\/weltlaeden.de\/osnabrueck\/","name":"Vorlage","description":"Faire Produkte seit 1990","potentialAction":[{"@type":"SearchAction","target":{"@type":"EntryPoint","urlTemplate":"https:\/\/weltlaeden.de\/osnabrueck\/?s={search_term_string}"},"query-input":{"@type":"PropertyValueSpecification","valueRequired":true,"valueName":"search_term_string"}}],"inLanguage":"de"}]}},"_links":{"self":[{"href":"https:\/\/weltlaeden.de\/osnabrueck\/wp-json\/wp\/v2\/pages\/720","targetHints":{"allow":["GET"]}}],"collection":[{"href":"https:\/\/weltlaeden.de\/osnabrueck\/wp-json\/wp\/v2\/pages"}],"about":[{"href":"https:\/\/weltlaeden.de\/osnabrueck\/wp-json\/wp\/v2\/types\/page"}],"author":[{"embeddable":true,"href":"https:\/\/weltlaeden.de\/osnabrueck\/wp-json\/wp\/v2\/users\/84"}],"replies":[{"embeddable":true,"href":"https:\/\/weltlaeden.de\/osnabrueck\/wp-json\/wp\/v2\/comments?post=720"}],"version-history":[{"count":5,"href":"https:\/\/weltlaeden.de\/osnabrueck\/wp-json\/wp\/v2\/pages\/720\/revisions"}],"predecessor-version":[{"id":848,"href":"https:\/\/weltlaeden.de\/osnabrueck\/wp-json\/wp\/v2\/pages\/720\/revisions\/848"}],"wp:attachment":[{"href":"https:\/\/weltlaeden.de\/osnabrueck\/wp-json\/wp\/v2\/media?parent=720"}],"curies":[{"name":"wp","href":"https:\/\/api.w.org\/{rel}","templated":true}]}}