{"id":219,"date":"2016-10-28T13:34:47","date_gmt":"2016-10-28T11:34:47","guid":{"rendered":"https:\/\/wl.heimpixel.de\/vorlage\/ueber-uns\/"},"modified":"2022-02-10T14:47:10","modified_gmt":"2022-02-10T13:47:10","slug":"ueber-uns","status":"publish","type":"page","link":"https:\/\/weltlaeden.de\/osnabrueck\/ueber-uns\/","title":{"rendered":"\u00dcber uns"},"content":{"rendered":"<div class=\"wpb-content-wrapper\"><p>[vc_row][vc_column][vc_column_text]Seit ihrem Entstehen zu Beginn der 1970er Jahre sind Weltl\u00e4den getragen von der Vision einer gerechten und nachhaltigen Welt. Ein wichtiges Ziel besteht darin, die Lebens- und Arbeitsbedingungen f\u00fcr Menschen in den L\u00e4ndern des S\u00fcdens zu verbessern. Denn noch immer produzieren Millionen von Menschen als Kleinb\u00e4uer*innen und\/oder Arbeiter*innen in Textilfabriken Waren unseres t\u00e4glichen Bedarfs \u2013 vielfach unter menschenunw\u00fcrdigen Bedingungen.<\/p>\n<p>Um ihre Vision zu verwirklichen, verfolgen Weltl\u00e4den einen einzigartigen\u00a0<a href=\"http:\/\/www.weltladen.de\/ueber-weltlaeden\/ansatz\/\">Ansatz<\/a>, der auf drei S\u00e4ulen basiert:<\/p>\n<ol>\n<li>Mit dem Verkauf fair gehandelter Waren schaffen sie Einkommensm\u00f6glichkeiten f\u00fcr Produzent*innen;<\/li>\n<li>Mit ihrer Informations- und Bildungsarbeit machen Weltl\u00e4den auf Ungerechtigkeiten im Welthandel aufmerksam. Sie geben Impulse, eigene Verantwortlichkeiten zu reflektieren und zeigen Handlungsoptionen auf.<\/li>\n<li>Im Dialog mit politischen Entscheidungstr\u00e4ger*innen arbeiten Weltl\u00e4den darauf hin, die Regeln des Welthandels gerechter zu gestalten.<\/li>\n<\/ol>\n<p>Bundesweit engagieren sich in rund 900 Weltl\u00e4den mehrere 10.000 Menschen und laden zum Mitmachen ein.<\/p>\n<p>&nbsp;<\/p>\n<p>Der Weltladen Osnabr\u00fcck geh\u00f6rt seit jeher zum Aktionszentrum 3. Welt e.V. und setzt sich hier in Osnabr\u00fcck f\u00fcr Fairen Handel und eine gerechtere Welt ein[\/vc_column_text][\/vc_column][vc_column][\/vc_column][\/vc_row][vc_row][\/vc_row][vc_column][\/vc_column][vc_empty_space][vc_column_text]<\/p>\n<h1>Der Verein &#8222;Aktion Dritte Welt&#8220;<\/h1>\n<p style=\"text-align: justify\">[\/vc_column_text][vc_column_text]Das <strong>Aktionszentrum Dritte Welt (A3W)<\/strong> existiert seit 1982 und hat sich dank der Unterst\u00fctzung von entwicklungspolitisch interessierten B\u00fcrgerinnen und B\u00fcrgern der Stadt Osnabr\u00fcck bis heute zu einem der gr\u00f6\u00dften Dritte-Welt-Zentren in Niedersachsen entwickelt. Wir versuchen die unterschiedlichen entwicklungspolitischen Initiativen der B\u00fcrgerschaft, der Kirchen und Politik zu b\u00fcndeln. Au\u00dferdem wollen wir entwicklungspolitisch denkende und handelnde Personen und Gruppen in Osnabr\u00fcck und Umgebung vernetzen und ihnen einen Bildungs- und Kommunikationsort bieten: also ein \u201eAktionszentrum\u201c. Zur Website des A3W&#8217;s geht es <a href=\"https:\/\/www.a3w-os.de\/\">hier.<\/a>[\/vc_column_text]<\/p>\n<\/div>","protected":false},"excerpt":{"rendered":"<p>[vc_row][vc_column][vc_column_text]Seit ihrem Entstehen zu Beginn der 1970er Jahre sind Weltl\u00e4den getragen von der Vision einer gerechten und nachhaltigen Welt. Ein wichtiges Ziel besteht darin, die Lebens- und Arbeitsbedingungen f\u00fcr Menschen in den L\u00e4ndern des S\u00fcdens zu verbessern. Denn noch immer produzieren Millionen von Menschen als Kleinb\u00e4uer*innen und\/oder Arbeiter*innen in Textilfabriken Waren unseres t\u00e4glichen Bedarfs \u2013&hellip;<\/p>\n","protected":false},"author":1,"featured_media":0,"parent":0,"menu_order":6,"comment_status":"closed","ping_status":"closed","template":"","meta":{"footnotes":""},"class_list":["post-219","page","type-page","status-publish","hentry","description-off"],"yoast_head":"<!-- This site is optimized with the Yoast SEO plugin v26.8 - https:\/\/yoast.com\/product\/yoast-seo-wordpress\/ -->\n<title>\u00dcber uns - Weltladen Osnabr\u00fcck<\/title>\n<meta name=\"robots\" content=\"index, follow, max-snippet:-1, max-image-preview:large, max-video-preview:-1\" \/>\n<link rel=\"canonical\" href=\"https:\/\/weltlaeden.de\/osnabrueck\/ueber-uns\/\" \/>\n<meta property=\"og:locale\" content=\"de_DE\" \/>\n<meta property=\"og:type\" content=\"article\" \/>\n<meta property=\"og:title\" content=\"\u00dcber uns - Weltladen Osnabr\u00fcck\" \/>\n<meta property=\"og:description\" content=\"[vc_row][vc_column][vc_column_text]Seit ihrem Entstehen zu Beginn der 1970er Jahre sind Weltl\u00e4den getragen von der Vision einer gerechten und nachhaltigen Welt. Ein wichtiges Ziel besteht darin, die Lebens- und Arbeitsbedingungen f\u00fcr Menschen in den L\u00e4ndern des S\u00fcdens zu verbessern. Denn noch immer produzieren Millionen von Menschen als Kleinb\u00e4uer*innen und\/oder Arbeiter*innen in Textilfabriken Waren unseres t\u00e4glichen Bedarfs \u2013&hellip;\" \/>\n<meta property=\"og:url\" content=\"https:\/\/weltlaeden.de\/osnabrueck\/ueber-uns\/\" \/>\n<meta property=\"og:site_name\" content=\"Weltladen Osnabr\u00fcck\" \/>\n<meta property=\"article:modified_time\" content=\"2022-02-10T13:47:10+00:00\" \/>\n<meta name=\"twitter:card\" content=\"summary_large_image\" \/>\n<meta name=\"twitter:label1\" content=\"Gesch\u00e4tzte Lesezeit\" \/>\n\t<meta name=\"twitter:data1\" content=\"2\u00a0Minuten\" \/>\n<script type=\"application\/ld+json\" class=\"yoast-schema-graph\">{\"@context\":\"https:\/\/schema.org\",\"@graph\":[{\"@type\":\"WebPage\",\"@id\":\"https:\/\/weltlaeden.de\/osnabrueck\/ueber-uns\/\",\"url\":\"https:\/\/weltlaeden.de\/osnabrueck\/ueber-uns\/\",\"name\":\"\u00dcber uns - Weltladen Osnabr\u00fcck\",\"isPartOf\":{\"@id\":\"https:\/\/weltlaeden.de\/osnabrueck\/#website\"},\"datePublished\":\"2016-10-28T11:34:47+00:00\",\"dateModified\":\"2022-02-10T13:47:10+00:00\",\"breadcrumb\":{\"@id\":\"https:\/\/weltlaeden.de\/osnabrueck\/ueber-uns\/#breadcrumb\"},\"inLanguage\":\"de\",\"potentialAction\":[{\"@type\":\"ReadAction\",\"target\":[\"https:\/\/weltlaeden.de\/osnabrueck\/ueber-uns\/\"]}]},{\"@type\":\"BreadcrumbList\",\"@id\":\"https:\/\/weltlaeden.de\/osnabrueck\/ueber-uns\/#breadcrumb\",\"itemListElement\":[{\"@type\":\"ListItem\",\"position\":1,\"name\":\"Startseite\",\"item\":\"https:\/\/weltlaeden.de\/osnabrueck\/\"},{\"@type\":\"ListItem\",\"position\":2,\"name\":\"\u00dcber uns\"}]},{\"@type\":\"WebSite\",\"@id\":\"https:\/\/weltlaeden.de\/osnabrueck\/#website\",\"url\":\"https:\/\/weltlaeden.de\/osnabrueck\/\",\"name\":\"Vorlage\",\"description\":\"Faire Produkte seit 1990\",\"potentialAction\":[{\"@type\":\"SearchAction\",\"target\":{\"@type\":\"EntryPoint\",\"urlTemplate\":\"https:\/\/weltlaeden.de\/osnabrueck\/?s={search_term_string}\"},\"query-input\":{\"@type\":\"PropertyValueSpecification\",\"valueRequired\":true,\"valueName\":\"search_term_string\"}}],\"inLanguage\":\"de\"}]}<\/script>\n<!-- \/ Yoast SEO plugin. -->","yoast_head_json":{"title":"\u00dcber uns - Weltladen Osnabr\u00fcck","robots":{"index":"index","follow":"follow","max-snippet":"max-snippet:-1","max-image-preview":"max-image-preview:large","max-video-preview":"max-video-preview:-1"},"canonical":"https:\/\/weltlaeden.de\/osnabrueck\/ueber-uns\/","og_locale":"de_DE","og_type":"article","og_title":"\u00dcber uns - Weltladen Osnabr\u00fcck","og_description":"[vc_row][vc_column][vc_column_text]Seit ihrem Entstehen zu Beginn der 1970er Jahre sind Weltl\u00e4den getragen von der Vision einer gerechten und nachhaltigen Welt. Ein wichtiges Ziel besteht darin, die Lebens- und Arbeitsbedingungen f\u00fcr Menschen in den L\u00e4ndern des S\u00fcdens zu verbessern. Denn noch immer produzieren Millionen von Menschen als Kleinb\u00e4uer*innen und\/oder Arbeiter*innen in Textilfabriken Waren unseres t\u00e4glichen Bedarfs \u2013&hellip;","og_url":"https:\/\/weltlaeden.de\/osnabrueck\/ueber-uns\/","og_site_name":"Weltladen Osnabr\u00fcck","article_modified_time":"2022-02-10T13:47:10+00:00","twitter_card":"summary_large_image","twitter_misc":{"Gesch\u00e4tzte Lesezeit":"2\u00a0Minuten"},"schema":{"@context":"https:\/\/schema.org","@graph":[{"@type":"WebPage","@id":"https:\/\/weltlaeden.de\/osnabrueck\/ueber-uns\/","url":"https:\/\/weltlaeden.de\/osnabrueck\/ueber-uns\/","name":"\u00dcber uns - Weltladen Osnabr\u00fcck","isPartOf":{"@id":"https:\/\/weltlaeden.de\/osnabrueck\/#website"},"datePublished":"2016-10-28T11:34:47+00:00","dateModified":"2022-02-10T13:47:10+00:00","breadcrumb":{"@id":"https:\/\/weltlaeden.de\/osnabrueck\/ueber-uns\/#breadcrumb"},"inLanguage":"de","potentialAction":[{"@type":"ReadAction","target":["https:\/\/weltlaeden.de\/osnabrueck\/ueber-uns\/"]}]},{"@type":"BreadcrumbList","@id":"https:\/\/weltlaeden.de\/osnabrueck\/ueber-uns\/#breadcrumb","itemListElement":[{"@type":"ListItem","position":1,"name":"Startseite","item":"https:\/\/weltlaeden.de\/osnabrueck\/"},{"@type":"ListItem","position":2,"name":"\u00dcber uns"}]},{"@type":"WebSite","@id":"https:\/\/weltlaeden.de\/osnabrueck\/#website","url":"https:\/\/weltlaeden.de\/osnabrueck\/","name":"Vorlage","description":"Faire Produkte seit 1990","potentialAction":[{"@type":"SearchAction","target":{"@type":"EntryPoint","urlTemplate":"https:\/\/weltlaeden.de\/osnabrueck\/?s={search_term_string}"},"query-input":{"@type":"PropertyValueSpecification","valueRequired":true,"valueName":"search_term_string"}}],"inLanguage":"de"}]}},"_links":{"self":[{"href":"https:\/\/weltlaeden.de\/osnabrueck\/wp-json\/wp\/v2\/pages\/219","targetHints":{"allow":["GET"]}}],"collection":[{"href":"https:\/\/weltlaeden.de\/osnabrueck\/wp-json\/wp\/v2\/pages"}],"about":[{"href":"https:\/\/weltlaeden.de\/osnabrueck\/wp-json\/wp\/v2\/types\/page"}],"author":[{"embeddable":true,"href":"https:\/\/weltlaeden.de\/osnabrueck\/wp-json\/wp\/v2\/users\/1"}],"replies":[{"embeddable":true,"href":"https:\/\/weltlaeden.de\/osnabrueck\/wp-json\/wp\/v2\/comments?post=219"}],"version-history":[{"count":27,"href":"https:\/\/weltlaeden.de\/osnabrueck\/wp-json\/wp\/v2\/pages\/219\/revisions"}],"predecessor-version":[{"id":909,"href":"https:\/\/weltlaeden.de\/osnabrueck\/wp-json\/wp\/v2\/pages\/219\/revisions\/909"}],"wp:attachment":[{"href":"https:\/\/weltlaeden.de\/osnabrueck\/wp-json\/wp\/v2\/media?parent=219"}],"curies":[{"name":"wp","href":"https:\/\/api.w.org\/{rel}","templated":true}]}}