{"version":"1.0","provider_name":"Weltladen Osnabr\u00fcck","provider_url":"https:\/\/weltlaeden.de\/osnabrueck","title":"Petitionen unterzeichnen - Weltladen Osnabr\u00fcck","type":"rich","width":600,"height":338,"html":"<blockquote class=\"wp-embedded-content\" data-secret=\"tB1bGggENq\"><a href=\"https:\/\/weltlaeden.de\/osnabrueck\/aktiv-werden\/petitionen-unterzeichnen\/\">Petitionen unterzeichnen<\/a><\/blockquote><iframe sandbox=\"allow-scripts\" security=\"restricted\" src=\"https:\/\/weltlaeden.de\/osnabrueck\/aktiv-werden\/petitionen-unterzeichnen\/embed\/#?secret=tB1bGggENq\" width=\"600\" height=\"338\" title=\"&#8222;Petitionen unterzeichnen&#8220; &#8211; Weltladen Osnabr\u00fcck\" data-secret=\"tB1bGggENq\" frameborder=\"0\" marginwidth=\"0\" marginheight=\"0\" scrolling=\"no\" class=\"wp-embedded-content\"><\/iframe><script>\n\/*! This file is auto-generated *\/\n!function(d,l){\"use strict\";l.querySelector&&d.addEventListener&&\"undefined\"!=typeof URL&&(d.wp=d.wp||{},d.wp.receiveEmbedMessage||(d.wp.receiveEmbedMessage=function(e){var t=e.data;if((t||t.secret||t.message||t.value)&&!\/[^a-zA-Z0-9]\/.test(t.secret)){for(var s,r,n,a=l.querySelectorAll('iframe[data-secret=\"'+t.secret+'\"]'),o=l.querySelectorAll('blockquote[data-secret=\"'+t.secret+'\"]'),c=new RegExp(\"^https?:$\",\"i\"),i=0;i<o.length;i++)o[i].style.display=\"none\";for(i=0;i<a.length;i++)s=a[i],e.source===s.contentWindow&&(s.removeAttribute(\"style\"),\"height\"===t.message?(1e3<(r=parseInt(t.value,10))?r=1e3:~~r<200&&(r=200),s.height=r):\"link\"===t.message&&(r=new URL(s.getAttribute(\"src\")),n=new URL(t.value),c.test(n.protocol))&&n.host===r.host&&l.activeElement===s&&(d.top.location.href=t.value))}},d.addEventListener(\"message\",d.wp.receiveEmbedMessage,!1),l.addEventListener(\"DOMContentLoaded\",function(){for(var e,t,s=l.querySelectorAll(\"iframe.wp-embedded-content\"),r=0;r<s.length;r++)(t=(e=s[r]).getAttribute(\"data-secret\"))||(t=Math.random().toString(36).substring(2,12),e.src+=\"#?secret=\"+t,e.setAttribute(\"data-secret\",t)),e.contentWindow.postMessage({message:\"ready\",secret:t},\"*\")},!1)))}(window,document);\n<\/script>\n","description":"[vc_row][vc_column width=&#8220;1\/2&#8243;][\/vc_column][vc_column width=&#8220;1\/2&#8243;][vc_column_text]Das Ziel des Radentscheids ist die Verbesserung der Lebensqualit\u00e4t in Osnabr\u00fcck. Das wird durch die Ausbauung des Radverkehrsnetzes die Anlegung sicherer Radwege an Hauptstra\u00dfen der sicheren Gestaltung an Kreuzungen der Ausbauung der Fahrradstellpl\u00e4tze und der konsequenten und transparenten F\u00f6rderung der Mobilit\u00e4tswende geschehen [\/vc_column_text][\/vc_column][\/vc_row][vc_row][vc_column][vc_separator color=&#8220;custom&#8220; accent_color=&#8220;#f39800&#8243;][\/vc_column][\/vc_row][vc_row][vc_column width=&#8220;1\/2&#8243;][\/vc_column][vc_column width=&#8220;1\/2&#8243;][vc_column_text]Amnesty International k\u00e4mpft Tag f\u00fcr Tag f\u00fcr&hellip;","thumbnail_url":"https:\/\/weltlaeden.de\/osnabrueck\/wp-content\/uploads\/sites\/56\/2022\/02\/Radentscheid_Osnabrueck_.png"}