{"id":2938,"date":"2025-07-30T10:24:34","date_gmt":"2025-07-30T08:24:34","guid":{"rendered":"https:\/\/weltlaeden.de\/offenburg\/?page_id=2938"},"modified":"2026-08-27T20:33:28","modified_gmt":"2026-08-27T18:33:28","slug":"reiseblog-tour-de-fair-2026","status":"publish","type":"page","link":"https:\/\/weltlaeden.de\/offenburg\/reiseblog-tour-de-fair-2026\/","title":{"rendered":"Reiseblog &#8211; Tour de Fair 2026"},"content":{"rendered":"<h1 style=\"text-align: left\"><strong><span style=\"color: #ff9900\">Tour de Fair 2026 &#8222;Entdecke die Ortenau und Strasbourg&#8220;<\/span><\/strong><\/h1>\n<p>Wer Zugang zu Instagram hat, gerne reinschauen. Bilder und Videos vermitteln die tollsten Eindr\u00fccke! Unter Highlights Tour de Fair 2026 wurde alles gesammelt.<\/p>\n<p><span style=\"color: #ff9900\"><a style=\"color: #ff9900\" href=\"https:\/\/www.instagram.com\/weltladenoffenburg\/\"><strong>https:\/\/www.instagram.com\/weltladenoffenburg\/<\/strong><\/a><\/span><\/p>\n<p>Es empfiehlt sich diesen Reiseblog von unten nach oben, von Tag zu Tag zu lesen!<\/p>\n<p>*************************************************************************************************<\/p>\n<h2><span style=\"color: #ff9900\"><em><strong>Update 8. August 2026<\/strong><\/em><\/span><\/h2>\n<p>Der letzte Tag f\u00fchrte uns nach Gengenbach, seit September 2026 Fairtrade-Stadt, zum &#8222;EIN.Laden &#8211; Kirche am Markt&#8220;. Anschlie\u00dfend war ein Besuch einer Streuobstwiese angesagt.<\/p>\n<p>&nbsp;<\/p>\n<p>&nbsp;<\/p>\n<p><img loading=\"lazy\" decoding=\"async\" class=\"size-medium wp-image-4093 alignleft\" src=\"https:\/\/weltlaeden.de\/offenburg\/wp-content\/uploads\/sites\/198\/2026\/08\/GengenbachmitBanner-klein-300x200.jpg\" alt=\"\" width=\"300\" height=\"200\" srcset=\"https:\/\/weltlaeden.de\/offenburg\/wp-content\/uploads\/sites\/198\/2026\/08\/GengenbachmitBanner-klein-300x200.jpg 300w, https:\/\/weltlaeden.de\/offenburg\/wp-content\/uploads\/sites\/198\/2026\/08\/GengenbachmitBanner-klein-768x512.jpg 768w, https:\/\/weltlaeden.de\/offenburg\/wp-content\/uploads\/sites\/198\/2026\/08\/GengenbachmitBanner-klein.jpg 800w\" sizes=\"auto, (max-width: 300px) 100vw, 300px\" \/>\u201eEIN.Laden \u2013 Kirche am Markt\u201c ist eine \u00f6kumenische Initiative der katholischen und evangelischen Kirchengemeinde.<\/p>\n<p>Anliegen des gemeinsamen Projekts der Franziskanerinnen vom G\u00f6ttlichen Herzen Jesu mit den katholischen und evangelischen Kirchengemeinden ist es, mitten in der Gengenbacher Innenstadt eine neue Art kirchlicher Pr\u00e4senz zu schaffen, einen offenen und transparenten Ort der Begegnung und des Gespr\u00e4chs. Zum Verkauf werden religi\u00f6se Artikel aus dem Klosterladen der Franziskanerinnen (Kerze, B\u00fccher, Kreuze, sch\u00f6ne Geschenke\u2026) und Waren aus dem fairen Handel angeboten.<\/p>\n<p>Seit dem 27. September darf sich Gengenbach offiziell \u201eFairtrade-Town\u201c nennen \u2013 als 922. Stadt in Deutschland und 176. Kommune in Baden-W\u00fcrttemberg.<\/p>\n<p>&nbsp;<\/p>\n<p>&nbsp;<\/p>\n<p><img loading=\"lazy\" decoding=\"async\" class=\"size-medium wp-image-4094 alignleft\" src=\"https:\/\/weltlaeden.de\/offenburg\/wp-content\/uploads\/sites\/198\/2026\/08\/20260808_103108klein-300x201.jpg\" alt=\"\" width=\"300\" height=\"201\" srcset=\"https:\/\/weltlaeden.de\/offenburg\/wp-content\/uploads\/sites\/198\/2026\/08\/20260808_103108klein-300x201.jpg 300w, https:\/\/weltlaeden.de\/offenburg\/wp-content\/uploads\/sites\/198\/2026\/08\/20260808_103108klein-1024x686.jpg 1024w, https:\/\/weltlaeden.de\/offenburg\/wp-content\/uploads\/sites\/198\/2026\/08\/20260808_103108klein-768x515.jpg 768w, https:\/\/weltlaeden.de\/offenburg\/wp-content\/uploads\/sites\/198\/2026\/08\/20260808_103108klein-1536x1029.jpg 1536w, https:\/\/weltlaeden.de\/offenburg\/wp-content\/uploads\/sites\/198\/2026\/08\/20260808_103108klein-2048x1372.jpg 2048w\" sizes=\"auto, (max-width: 300px) 100vw, 300px\" \/>Frau Briol vom B\u00fcrgerserviceportal der Stadt Gengenbach und Frau Martiny, Pfarrerin der evangelischen Kirchengemeinde, hatten viele Informationen zum Entstehen des \u00f6kumenischen &#8222;EIN.Laden &#8211; Kirche am Markt&#8220; und zur Ernennung zum Fairtrade-Town Gengenbach f\u00fcr uns bereit. F\u00fcr eine kleine \u00dcberraschung sorgte Frau Gertrud Uhl, die auf speziellem Wunsch von Petra Erdrich vorbeikam und eigentlich einfach nur kurz vorbeischauen wollte. Letztendlich wurde sie zum heimlichen Star der Veranstaltung, mit ihren Erz\u00e4hlungen zum Entstehen des Stadtkaffees &#8222;Schwarzer Ritter&#8220;, die sie mit initiert hatte.<\/p>\n<p>&nbsp;<\/p>\n<p>&nbsp;<\/p>\n<p>&nbsp;<\/p>\n<p>Unsere allerletzte Station waren die Streuobstwiesen in Zunsweier. Hier durften wir im Schatten der Obstb\u00e4ume den leckeren Apfel-Mango-Saft, Cidre und Apfelessig probieren und vieles \u00fcber den Streuobstanbau in der Ortenau erfahren.<\/p>\n<p>&nbsp;<\/p>\n<p><img loading=\"lazy\" decoding=\"async\" class=\"size-medium wp-image-4098 alignleft\" src=\"https:\/\/weltlaeden.de\/offenburg\/wp-content\/uploads\/sites\/198\/2026\/08\/20260808_130940klein-169x300.jpg\" alt=\"\" width=\"169\" height=\"300\" srcset=\"https:\/\/weltlaeden.de\/offenburg\/wp-content\/uploads\/sites\/198\/2026\/08\/20260808_130940klein-169x300.jpg 169w, https:\/\/weltlaeden.de\/offenburg\/wp-content\/uploads\/sites\/198\/2026\/08\/20260808_130940klein-577x1024.jpg 577w, https:\/\/weltlaeden.de\/offenburg\/wp-content\/uploads\/sites\/198\/2026\/08\/20260808_130940klein-rotated.jpg 600w\" sizes=\"auto, (max-width: 169px) 100vw, 169px\" \/><\/p>\n<p>&nbsp;<\/p>\n<p><img loading=\"lazy\" decoding=\"async\" class=\"size-medium wp-image-4097 alignleft\" src=\"https:\/\/weltlaeden.de\/offenburg\/wp-content\/uploads\/sites\/198\/2026\/08\/20260808_125832klein-169x300.jpg\" alt=\"\" width=\"169\" height=\"300\" srcset=\"https:\/\/weltlaeden.de\/offenburg\/wp-content\/uploads\/sites\/198\/2026\/08\/20260808_125832klein-169x300.jpg 169w, https:\/\/weltlaeden.de\/offenburg\/wp-content\/uploads\/sites\/198\/2026\/08\/20260808_125832klein-577x1024.jpg 577w, https:\/\/weltlaeden.de\/offenburg\/wp-content\/uploads\/sites\/198\/2026\/08\/20260808_125832klein-rotated.jpg 600w\" sizes=\"auto, (max-width: 169px) 100vw, 169px\" \/><\/p>\n<p>&nbsp;<\/p>\n<p>Am 19.10.2026 veranstaltet der F\u00f6rderverein Ortenauer Streuobstanbau (FOSA) \u00fcbrigens den 3. Ortenauer Streuobsttag in Zunsweier, mit einer Apfelsorten-Ausstellung, Kostproben\u00a0 der leckeren FOSA-Premiumprodukte wie diverse S\u00e4fte, Cidre, Apfel-Essig oder Balsamico. Der Eintritt ist frei.<\/p>\n<p>&nbsp;<\/p>\n<p>&nbsp;<\/p>\n<p>&nbsp;<\/p>\n<p>&nbsp;<\/p>\n<p>&nbsp;<\/p>\n<p>&nbsp;<\/p>\n<p>&nbsp;<\/p>\n<p>***********************************************************************************************<\/p>\n<h2><span style=\"color: #ff9900\"><em><strong>Update 7. August 2026<\/strong><\/em><\/span><\/h2>\n<p>Weltladen &#8222;Lichtblick&#8220; in Kappelrodeck und Weltladen Oberkirch, das waren unsere beiden Ziele f\u00fcr den 7. August! Und wieder eine ganz andere Landschaft, ein leichtes Auf und Ab dieses Mal, f\u00fcr unsere MitradlerInnen mit Fahrrad ohne Unterst\u00fctzung nicht immer leicht, vor allem bei der Hitze.<\/p>\n<p>&nbsp;<\/p>\n<p><img loading=\"lazy\" decoding=\"async\" class=\"size-medium wp-image-4068 alignleft\" src=\"https:\/\/weltlaeden.de\/offenburg\/wp-content\/uploads\/sites\/198\/2026\/08\/IMG_8680klein-300x139.jpg\" alt=\"\" width=\"300\" height=\"139\" srcset=\"https:\/\/weltlaeden.de\/offenburg\/wp-content\/uploads\/sites\/198\/2026\/08\/IMG_8680klein-300x139.jpg 300w, https:\/\/weltlaeden.de\/offenburg\/wp-content\/uploads\/sites\/198\/2026\/08\/IMG_8680klein.jpg 600w\" sizes=\"auto, (max-width: 300px) 100vw, 300px\" \/><\/p>\n<h4>Unterwegs im Renchtal ..<\/h4>\n<h4><\/h4>\n<p>&nbsp;<\/p>\n<p>&nbsp;<\/p>\n<p>&nbsp;<\/p>\n<p>Zum Halt beim Weltladen &#8222;Lichtblick&#8220; in Kappelrodeck kam auch B\u00fcrgermeister Stefan Hattenbach standesgem\u00e4\u00df mit dem Fahrrad. Er w\u00fcrdigte die Arbeit der Weltl\u00e4den f\u00fcr gerechte Preise und menschenw\u00fcrdige Lebensbedingungen. Das seien wichtige Voraussetzungen daf\u00fcr, dass Menschen in ihren Heimatl\u00e4ndern eine Perspektive h\u00e4tten und nicht zur Flucht gezwungen wurden. Frau Thea Schmidt und ihr Team hatten einen netten Empfang vorbereitet, mit Waffeln, ein &#8222;faires&#8220; Mango-Eis und vielen Informationen \u00fcber den seit fast 25 Jahren bestehenden kirchlichen Weltladen.<\/p>\n<p>&nbsp;<\/p>\n<p>&nbsp;<\/p>\n<h4><img loading=\"lazy\" decoding=\"async\" class=\"size-medium wp-image-4069 alignleft\" src=\"https:\/\/weltlaeden.de\/offenburg\/wp-content\/uploads\/sites\/198\/2026\/08\/20260807_112050klein-300x169.jpg\" alt=\"\" width=\"300\" height=\"169\" srcset=\"https:\/\/weltlaeden.de\/offenburg\/wp-content\/uploads\/sites\/198\/2026\/08\/20260807_112050klein-300x169.jpg 300w, https:\/\/weltlaeden.de\/offenburg\/wp-content\/uploads\/sites\/198\/2026\/08\/20260807_112050klein.jpg 600w\" sizes=\"auto, (max-width: 300px) 100vw, 300px\" \/>Frau Thea Schmidt informiert \u00fcber den Weltladen &#8222;Lichtblick&#8220;<\/h4>\n<p>&nbsp;<\/p>\n<p>&nbsp;<\/p>\n<p>&nbsp;<\/p>\n<h4><\/h4>\n<p>&nbsp;<\/p>\n<h4><\/h4>\n<h4><img loading=\"lazy\" decoding=\"async\" class=\"wp-image-4072 alignleft\" src=\"https:\/\/weltlaeden.de\/offenburg\/wp-content\/uploads\/sites\/198\/2026\/08\/20260807_120538klein-263x300.jpg\" alt=\"\" width=\"175\" height=\"200\" srcset=\"https:\/\/weltlaeden.de\/offenburg\/wp-content\/uploads\/sites\/198\/2026\/08\/20260807_120538klein-263x300.jpg 263w, https:\/\/weltlaeden.de\/offenburg\/wp-content\/uploads\/sites\/198\/2026\/08\/20260807_120538klein.jpg 593w\" sizes=\"auto, (max-width: 175px) 100vw, 175px\" \/><\/h4>\n<h4>Eine gelungene \u00dcberraschung: Mango-Eis mit fairgehandeltem Mangop\u00fcree aus dem Weltladen.<\/h4>\n<h4><\/h4>\n<p>&nbsp;<\/p>\n<p>&nbsp;<\/p>\n<p>&nbsp;<\/p>\n<p>&nbsp;<\/p>\n<p>&nbsp;<\/p>\n<h4><img loading=\"lazy\" decoding=\"async\" class=\"size-medium wp-image-4076 alignleft\" src=\"https:\/\/weltlaeden.de\/offenburg\/wp-content\/uploads\/sites\/198\/2026\/08\/Kappelrodeck-banner-klein-300x169.jpg\" alt=\"\" width=\"300\" height=\"169\" srcset=\"https:\/\/weltlaeden.de\/offenburg\/wp-content\/uploads\/sites\/198\/2026\/08\/Kappelrodeck-banner-klein-300x169.jpg 300w, https:\/\/weltlaeden.de\/offenburg\/wp-content\/uploads\/sites\/198\/2026\/08\/Kappelrodeck-banner-klein.jpg 600w\" sizes=\"auto, (max-width: 300px) 100vw, 300px\" \/><\/h4>\n<h4>Vorbereitungen f\u00fcr das Pressefoto mit Banner, in einer schmalen Gasse nicht immer einfach ..<\/h4>\n<p>&nbsp;<\/p>\n<p>&nbsp;<\/p>\n<p>&nbsp;<\/p>\n<h4><\/h4>\n<p>&nbsp;<\/p>\n<p>Weiter ging&#8217;s nach Oberkirch, zum &#8222;Treffpunkt f\u00fcr alle&#8220; und den Weltladen Oberkirch.<\/p>\n<p>Im &#8222;Treffpunkt f\u00fcr alle&#8220; stellte Gesch\u00e4ftsf\u00fchrer Achim Feyhl das Konzept des Inklusionsunternehmens vor, welches Markt, Bistro und Manufaktur unter einem Dach vereint und Menschen mit und ohne Behinderung gemeinsam besch\u00e4ftigt. Bei Kaffee und Kuchen bot sich den Teilnehmenden Gelegenheit zu Gespr\u00e4chen und einem Blick hinter die Kulissen des Hauses.<\/p>\n<p>Anschlie\u00dfend begr\u00fc\u00dften Wirtschaftsf\u00f6rderin Nadine Meier und Weltladen-Vorstand Achim Huber &#8211; beide Mitglieder der Steuerungsgruppe der Fairtrade-Stadt Oberkirch &#8211; die Radler und Radlerinnen vor dem Weltladen. Ladenleiterin Ulrike Ebert-Huber war beeindruckt vom Engagement der Gruppe. Zum Abschluss des Besuchs servierte das Weltladen-Team den G\u00e4sten in der Weinstube Renner unter dem Motto &#8222;Wein und Schokolade &#8211; it&#8217;s magic&#8220;\u00a0 regionalen Wein und fair gehandelte Schokolade, mit Weinguide und Zauberer Deger Dereli. Eine sehr gelungene Veranstaltung!<\/p>\n<p>&nbsp;<\/p>\n<p><img loading=\"lazy\" decoding=\"async\" class=\"size-medium wp-image-4085 alignleft\" src=\"https:\/\/weltlaeden.de\/offenburg\/wp-content\/uploads\/sites\/198\/2026\/08\/Screenshot-Bannerbild-Oberkirch-300x215.png\" alt=\"\" width=\"300\" height=\"215\" srcset=\"https:\/\/weltlaeden.de\/offenburg\/wp-content\/uploads\/sites\/198\/2026\/08\/Screenshot-Bannerbild-Oberkirch-300x215.png 300w, https:\/\/weltlaeden.de\/offenburg\/wp-content\/uploads\/sites\/198\/2026\/08\/Screenshot-Bannerbild-Oberkirch.png 521w\" sizes=\"auto, (max-width: 300px) 100vw, 300px\" \/><\/p>\n<h4><\/h4>\n<h4>Stelldichein vor dem Oberkircher Weltladen<\/h4>\n<p>&nbsp;<\/p>\n<p>&nbsp;<\/p>\n<p>&nbsp;<\/p>\n<p>&nbsp;<\/p>\n<h4><\/h4>\n<h4><\/h4>\n<h4><img loading=\"lazy\" decoding=\"async\" class=\"size-medium wp-image-4081 alignleft\" src=\"https:\/\/weltlaeden.de\/offenburg\/wp-content\/uploads\/sites\/198\/2026\/08\/Abendrot--255x300.png\" alt=\"\" width=\"255\" height=\"300\" srcset=\"https:\/\/weltlaeden.de\/offenburg\/wp-content\/uploads\/sites\/198\/2026\/08\/Abendrot--255x300.png 255w, https:\/\/weltlaeden.de\/offenburg\/wp-content\/uploads\/sites\/198\/2026\/08\/Abendrot-.png 519w\" sizes=\"auto, (max-width: 255px) 100vw, 255px\" \/>R\u00fcckfahrt nach Offenburg-Rammersweier bei herrlichem Abendrot<\/h4>\n<h4><\/h4>\n<h4><\/h4>\n<h4><\/h4>\n<h4><\/h4>\n<h4><\/h4>\n<h4><\/h4>\n<h4><\/h4>\n<h4>*********************************************************************************************<\/h4>\n<h2><span style=\"color: #ff9900\"><em><strong>Update 6. August 2026<\/strong><\/em><\/span><\/h2>\n<h4><img loading=\"lazy\" decoding=\"async\" class=\"size-medium wp-image-4062 alignleft\" src=\"https:\/\/weltlaeden.de\/offenburg\/wp-content\/uploads\/sites\/198\/2026\/08\/G-Stoffwechsel-Kehl-6.8.klein_-300x169.jpg\" alt=\"\" width=\"300\" height=\"169\" srcset=\"https:\/\/weltlaeden.de\/offenburg\/wp-content\/uploads\/sites\/198\/2026\/08\/G-Stoffwechsel-Kehl-6.8.klein_-300x169.jpg 300w, https:\/\/weltlaeden.de\/offenburg\/wp-content\/uploads\/sites\/198\/2026\/08\/G-Stoffwechsel-Kehl-6.8.klein_.jpg 600w\" sizes=\"auto, (max-width: 300px) 100vw, 300px\" \/><\/h4>\n<p>Auch das Sozialkaufhaus &#8222;Stoffwechsel&#8220;, das Textilien und andere Waren aus zweiter Hand verkauft, war in diesem Jahr Anlaufstelle der Tour de Fair. Seit 10 Jahren gibt es diesen Laden bereits und wird ausschlie\u00dflich von 30 Ehrenamtlichen betrieben. Dreimal pro Woche hat das Second-Hand-Gesch\u00e4ft ge\u00f6ffnet und wird von Rolf Eberhart gemeinsam mit seiner Frau Christel Bie\u00df-Eberhart geleitet. Nachhaltigkeit ist wichtig, aber nicht nur: Gut erhaltene Ware wird hier f\u00fcr wenig Geld verkauft &#8211; Bed\u00fcrftige sollen davon profitieren.<\/p>\n<p>Wir Radler und Radlerinnen durften das Gesch\u00e4ft erkunden, manch einer hat sogar das ein oder andere Sommer-Outfit gefunden.<\/p>\n<h4><\/h4>\n<p>Anschlie\u00dfend stand ein Abstecher zu den franz\u00f6sischen Weltladen-Kolleg*innen in Strasbourg auf dem Tourenplan und auch hier wurden wir wieder herzlich empfangen, mit kleinen H\u00e4ppchen und Getr\u00e4nke. Von einer Sprachbarriere keine Spur: Einige Mitarbeiter und Mitarbeiterinnen der Artisans du Monde sprachen ausgezeichnet deutsch. Au\u00dferdem war unsere Weltladenkollegin Elke extra aus Deutschland angereist und hat, wo n\u00f6tig, ins Franz\u00f6sische \u00fcbersetzt. Vielen Dank daf\u00fcr, liebe Elke.<\/p>\n<p>Eine Schifffahrt durch Strasbourg war der Abschluss, bevor \u00fcber die Pflimlinbr\u00fccke zur\u00fcck nach Deutschland geradelt wurde.<\/p>\n<p>&nbsp;<\/p>\n<p><img loading=\"lazy\" decoding=\"async\" class=\"size-medium wp-image-4061 alignleft\" src=\"https:\/\/weltlaeden.de\/offenburg\/wp-content\/uploads\/sites\/198\/2026\/08\/I-Strasbourg-6.8-2klein-300x225.jpg\" alt=\"\" width=\"300\" height=\"225\" srcset=\"https:\/\/weltlaeden.de\/offenburg\/wp-content\/uploads\/sites\/198\/2026\/08\/I-Strasbourg-6.8-2klein-300x225.jpg 300w, https:\/\/weltlaeden.de\/offenburg\/wp-content\/uploads\/sites\/198\/2026\/08\/I-Strasbourg-6.8-2klein.jpg 600w\" sizes=\"auto, (max-width: 300px) 100vw, 300px\" \/>\u00a0<strong> Besuch bei Artisans du Monde in Strasbourg<\/strong><\/p>\n<p>&nbsp;<\/p>\n<p>&nbsp;<\/p>\n<p>&nbsp;<\/p>\n<p>&nbsp;<\/p>\n<p>&nbsp;<\/p>\n<p>&nbsp;<\/p>\n<p>&nbsp;<\/p>\n<p><img loading=\"lazy\" decoding=\"async\" class=\"size-medium wp-image-4013 alignleft\" src=\"https:\/\/weltlaeden.de\/offenburg\/wp-content\/uploads\/sites\/198\/2026\/08\/20260806_124937-1-225x300.jpg\" alt=\"\" width=\"225\" height=\"300\" srcset=\"https:\/\/weltlaeden.de\/offenburg\/wp-content\/uploads\/sites\/198\/2026\/08\/20260806_124937-1-225x300.jpg 225w, https:\/\/weltlaeden.de\/offenburg\/wp-content\/uploads\/sites\/198\/2026\/08\/20260806_124937-1-768x1024.jpg 768w, https:\/\/weltlaeden.de\/offenburg\/wp-content\/uploads\/sites\/198\/2026\/08\/20260806_124937-1.jpg 957w\" sizes=\"auto, (max-width: 225px) 100vw, 225px\" \/><strong>\u00a0 Christoph Albuschkat erz\u00e4hlt \u00fcber den Weltladen-Dachverband, Elke \u00fcbersetzt.<\/strong><\/p>\n<p>&nbsp;<\/p>\n<p>&nbsp;<\/p>\n<p>&nbsp;<\/p>\n<p>&nbsp;<\/p>\n<p>&nbsp;<\/p>\n<p>&nbsp;<\/p>\n<p>&nbsp;<\/p>\n<h4><\/h4>\n<p>&nbsp;<\/p>\n<p><img loading=\"lazy\" decoding=\"async\" class=\"size-medium wp-image-4007 alignleft\" src=\"https:\/\/weltlaeden.de\/offenburg\/wp-content\/uploads\/sites\/198\/2026\/08\/Screenshot_20260808_063057_Gallery-215x300.jpg\" alt=\"\" width=\"215\" height=\"300\" srcset=\"https:\/\/weltlaeden.de\/offenburg\/wp-content\/uploads\/sites\/198\/2026\/08\/Screenshot_20260808_063057_Gallery-215x300.jpg 215w, https:\/\/weltlaeden.de\/offenburg\/wp-content\/uploads\/sites\/198\/2026\/08\/Screenshot_20260808_063057_Gallery-732x1024.jpg 732w, https:\/\/weltlaeden.de\/offenburg\/wp-content\/uploads\/sites\/198\/2026\/08\/Screenshot_20260808_063057_Gallery-768x1074.jpg 768w, https:\/\/weltlaeden.de\/offenburg\/wp-content\/uploads\/sites\/198\/2026\/08\/Screenshot_20260808_063057_Gallery.jpg 1080w\" sizes=\"auto, (max-width: 215px) 100vw, 215px\" \/><strong>Ein Zwischenstopp gab es \u00fcbrigens vorher auf der Passerelle, die Fahrrad- und Fu\u00dfg\u00e4ngerbr\u00fccke \u00fcber den Rhein. Mit als kleine \u00dcberraschung eine Gesangseinlage der Tour-de-Fair-Gruppe: die Europahymne. Eine sehr spezielle Erfahrung!<\/strong><\/p>\n<p>&nbsp;<\/p>\n<p>&nbsp;<\/p>\n<p>&nbsp;<\/p>\n<p>&nbsp;<\/p>\n<p>&nbsp;<\/p>\n<p>&nbsp;<\/p>\n<p>&nbsp;<\/p>\n<p>&nbsp;<\/p>\n<p>&nbsp;<\/p>\n<p>&nbsp;<\/p>\n<p>****************************************************************************************************<\/p>\n<h2><strong><span style=\"color: #ff9900\"><em>Update 5. August 2026<\/em><\/span><\/strong><\/h2>\n<p>Lahr, Ottenheim, Neuried-Ichenheim, so lautete der Plan heute. In Lahr erwartete uns das Weltladenteam von Esperanza. In Ottenheim besuchten wir eine Kr\u00e4utermanufaktur. Der kleinste Laden dieser Tour befindet sich in Ichenheim.<\/p>\n<p>&nbsp;<\/p>\n<p><img loading=\"lazy\" decoding=\"async\" class=\"size-medium wp-image-4002 alignleft\" src=\"https:\/\/weltlaeden.de\/offenburg\/wp-content\/uploads\/sites\/198\/2026\/08\/20260805_093944-169x300.jpg\" alt=\"\" width=\"169\" height=\"300\" srcset=\"https:\/\/weltlaeden.de\/offenburg\/wp-content\/uploads\/sites\/198\/2026\/08\/20260805_093944-169x300.jpg 169w, https:\/\/weltlaeden.de\/offenburg\/wp-content\/uploads\/sites\/198\/2026\/08\/20260805_093944-576x1024.jpg 576w, https:\/\/weltlaeden.de\/offenburg\/wp-content\/uploads\/sites\/198\/2026\/08\/20260805_093944-768x1366.jpg 768w, https:\/\/weltlaeden.de\/offenburg\/wp-content\/uploads\/sites\/198\/2026\/08\/20260805_093944-864x1536.jpg 864w, https:\/\/weltlaeden.de\/offenburg\/wp-content\/uploads\/sites\/198\/2026\/08\/20260805_093944.jpg 931w\" sizes=\"auto, (max-width: 169px) 100vw, 169px\" \/><\/p>\n<p><strong>Auf dem Weg nach Lahr ist eine kleine Trinkpause unter dem Kastanienbaum angesagt, mit Snacks, gespendet vom Bio-Markt Struxx aus Offenburg.<\/strong><\/p>\n<p>&nbsp;<\/p>\n<p>&nbsp;<\/p>\n<p>&nbsp;<\/p>\n<p>&nbsp;<\/p>\n<p>&nbsp;<\/p>\n<p>&nbsp;<\/p>\n<p>&nbsp;<\/p>\n<p>&nbsp;<\/p>\n<p>&nbsp;<\/p>\n<p>&nbsp;<\/p>\n<p><img loading=\"lazy\" decoding=\"async\" class=\"size-medium wp-image-4009 alignleft\" src=\"https:\/\/weltlaeden.de\/offenburg\/wp-content\/uploads\/sites\/198\/2026\/08\/20260805_105635-300x169.jpg\" alt=\"\" width=\"300\" height=\"169\" srcset=\"https:\/\/weltlaeden.de\/offenburg\/wp-content\/uploads\/sites\/198\/2026\/08\/20260805_105635-300x169.jpg 300w, https:\/\/weltlaeden.de\/offenburg\/wp-content\/uploads\/sites\/198\/2026\/08\/20260805_105635-1024x577.jpg 1024w, https:\/\/weltlaeden.de\/offenburg\/wp-content\/uploads\/sites\/198\/2026\/08\/20260805_105635-768x432.jpg 768w, https:\/\/weltlaeden.de\/offenburg\/wp-content\/uploads\/sites\/198\/2026\/08\/20260805_105635-1536x865.jpg 1536w, https:\/\/weltlaeden.de\/offenburg\/wp-content\/uploads\/sites\/198\/2026\/08\/20260805_105635-2048x1153.jpg 2048w\" sizes=\"auto, (max-width: 300px) 100vw, 300px\" \/><\/p>\n<p><img loading=\"lazy\" decoding=\"async\" class=\"size-medium wp-image-4023 alignleft\" src=\"https:\/\/weltlaeden.de\/offenburg\/wp-content\/uploads\/sites\/198\/2026\/08\/20260805_104851klein-169x300.jpg\" alt=\"\" width=\"169\" height=\"300\" srcset=\"https:\/\/weltlaeden.de\/offenburg\/wp-content\/uploads\/sites\/198\/2026\/08\/20260805_104851klein-169x300.jpg 169w, https:\/\/weltlaeden.de\/offenburg\/wp-content\/uploads\/sites\/198\/2026\/08\/20260805_104851klein-577x1024.jpg 577w, https:\/\/weltlaeden.de\/offenburg\/wp-content\/uploads\/sites\/198\/2026\/08\/20260805_104851klein-rotated.jpg 600w\" sizes=\"auto, (max-width: 169px) 100vw, 169px\" \/><\/p>\n<p><strong>Gro\u00dfer Empfang bei Weltladen Esperanza in\u00a0 Fairtrade-Stadt Lahr. Wir wurden sogar mit einer La Ola Welle empfangen.<\/strong><\/p>\n<p>Auf dem Lahrer Marktplatz wurden wir von zahlreichen Akteurinnen und Akteure des Weltladens sowie interessierten B\u00fcrgerinnen und B\u00fcrger begr\u00fc\u00dft.<\/p>\n<p>Bereits in 2003 war die Tour de Fair hier zu Gast und so wurde dann auch ganz stolz das alte Fotoalbum herumgereicht, mit Fotos von der damaligen Tour.<\/p>\n<p>&nbsp;<\/p>\n<p>&nbsp;<\/p>\n<p>&nbsp;<\/p>\n<p>&nbsp;<\/p>\n<p>&nbsp;<\/p>\n<p>&nbsp;<\/p>\n<div id=\"attachment_4035\" style=\"width: 310px\" class=\"wp-caption alignleft\"><img loading=\"lazy\" decoding=\"async\" aria-describedby=\"caption-attachment-4035\" class=\"wp-image-4035 size-medium\" src=\"https:\/\/weltlaeden.de\/offenburg\/wp-content\/uploads\/sites\/198\/2026\/08\/554740869-w-980-300x200.jpg\" alt=\"\" width=\"300\" height=\"200\" srcset=\"https:\/\/weltlaeden.de\/offenburg\/wp-content\/uploads\/sites\/198\/2026\/08\/554740869-w-980-300x200.jpg 300w, https:\/\/weltlaeden.de\/offenburg\/wp-content\/uploads\/sites\/198\/2026\/08\/554740869-w-980-768x513.jpg 768w, https:\/\/weltlaeden.de\/offenburg\/wp-content\/uploads\/sites\/198\/2026\/08\/554740869-w-980.jpg 980w\" sizes=\"auto, (max-width: 300px) 100vw, 300px\" \/><p id=\"caption-attachment-4035\" class=\"wp-caption-text\">Foto: Christoph Fischer-Rimpf\/Weltladen<\/p><\/div>\n<p><strong>Ein Foto mit Banner muss sein!<\/strong><\/p>\n<p>&nbsp;<\/p>\n<p>&nbsp;<\/p>\n<p>&nbsp;<\/p>\n<p>&nbsp;<\/p>\n<p>&nbsp;<\/p>\n<p>&nbsp;<\/p>\n<p>&nbsp;<\/p>\n<p><img loading=\"lazy\" decoding=\"async\" class=\"size-medium wp-image-4030 alignleft\" src=\"https:\/\/weltlaeden.de\/offenburg\/wp-content\/uploads\/sites\/198\/2026\/08\/20260805_110457-169x300.jpg\" alt=\"\" width=\"169\" height=\"300\" srcset=\"https:\/\/weltlaeden.de\/offenburg\/wp-content\/uploads\/sites\/198\/2026\/08\/20260805_110457-169x300.jpg 169w, https:\/\/weltlaeden.de\/offenburg\/wp-content\/uploads\/sites\/198\/2026\/08\/20260805_110457-577x1024.jpg 577w, https:\/\/weltlaeden.de\/offenburg\/wp-content\/uploads\/sites\/198\/2026\/08\/20260805_110457-768x1364.jpg 768w, https:\/\/weltlaeden.de\/offenburg\/wp-content\/uploads\/sites\/198\/2026\/08\/20260805_110457-865x1536.jpg 865w, https:\/\/weltlaeden.de\/offenburg\/wp-content\/uploads\/sites\/198\/2026\/08\/20260805_110457-1153x2048.jpg 1153w, https:\/\/weltlaeden.de\/offenburg\/wp-content\/uploads\/sites\/198\/2026\/08\/20260805_110457-scaled.jpg 1442w\" sizes=\"auto, (max-width: 169px) 100vw, 169px\" \/>Begr\u00fc\u00dfung durch den ersten B\u00fcrgermeister Guido Sch\u00f6neboom, Christoph Fischer-Rimpf, Sprecher der Steuerungsgruppe, und Lilli Wenzel-Teuber, Vorsitzende der Initiative Fairer Handel.<\/p>\n<p>Mehr Informationen zu diesem Tag k\u00f6nnt ihr gerne hier nachlesen: \u00a0\u00a0 <strong><a href=\"https:\/\/www.badische-zeitung.de\/radler-der-tour-de-fair-setzten-in-lahr-und-ichenheim-zeichen-fuer-fairen-handel\">https:\/\/www.badische-zeitung.de\/radler-der-tour-de-fair-setzten-in-lahr-und-ichenheim-zeichen-fuer-fairen-handel<\/a><\/strong><\/p>\n<div style=\"width: 1200px;\" class=\"wp-video\"><!--[if lt IE 9]><script>document.createElement('video');<\/script><![endif]-->\n<video class=\"wp-video-shortcode\" id=\"video-2938-1\" width=\"1200\" height=\"675\" preload=\"metadata\" controls=\"controls\"><source type=\"video\/mp4\" src=\"https:\/\/weltlaeden.de\/offenburg\/wp-content\/uploads\/sites\/198\/2026\/08\/20260805_111728.mp4?_=1\" \/><a href=\"https:\/\/weltlaeden.de\/offenburg\/wp-content\/uploads\/sites\/198\/2026\/08\/20260805_111728.mp4\">https:\/\/weltlaeden.de\/offenburg\/wp-content\/uploads\/sites\/198\/2026\/08\/20260805_111728.mp4<\/a><\/video><\/div>\n<p><strong>Das speziell f\u00fcr uns hergestellte Mango-Eis war super lecker!<\/strong><\/p>\n<p>&nbsp;<\/p>\n<p>&nbsp;<\/p>\n<p><img loading=\"lazy\" decoding=\"async\" class=\"size-medium wp-image-4028 alignleft\" src=\"https:\/\/weltlaeden.de\/offenburg\/wp-content\/uploads\/sites\/198\/2026\/08\/20260810_190525klein-300x300.jpg\" alt=\"\" width=\"300\" height=\"300\" srcset=\"https:\/\/weltlaeden.de\/offenburg\/wp-content\/uploads\/sites\/198\/2026\/08\/20260810_190525klein-300x300.jpg 300w, https:\/\/weltlaeden.de\/offenburg\/wp-content\/uploads\/sites\/198\/2026\/08\/20260810_190525klein-150x150.jpg 150w, https:\/\/weltlaeden.de\/offenburg\/wp-content\/uploads\/sites\/198\/2026\/08\/20260810_190525klein.jpg 600w\" sizes=\"auto, (max-width: 300px) 100vw, 300px\" \/><\/p>\n<p><strong>Unser zweites Ziel an diesem hei\u00dfen Tag: die Kr\u00e4utermanufaktur in Ottenheim<\/strong><\/p>\n<p>Wenn 25 Frauen, B\u00e4uerinnen und Heilpflanzen-Fachfrauen, eine gemeinsame Vision haben, dann kann daraus nur etwas Besonderes entstehen. Im Jahr 2014 wurde die Kr\u00e4utermanufaktur ins Leben gerufen. Die \u00dcberzeugung und Idee war und ist es, Tee zu erzeugen. Die Kr\u00e4uter stammen von nach Biorichtlinien kontrollierten H\u00f6fen und werden wegen der h\u00f6heren Wirkstoffgehalte als Ganzblattware in reiner Handarbeit geschnitten, abgezupft und getrocknet.<\/p>\n<p>Die Tees sind so bunt und abwechslungsreich wie die Landschaft, aus der sie kommen: von der sonnigen Rheinebene \u00fcber die H\u00f6hen des Schwarzwalds bis hin zur fruchtbaren Bodensee-Region.<\/p>\n<p>Es war sehr interessant, auch f\u00fcr nicht-TeetrinkerInnen. Wir durften verschiedene Tees und Kr\u00e4utersalze probieren. Basilikum gab es vor Ort vom Kr\u00e4uterfeld.<\/p>\n<p>Zur Information: Am 26. September ist Tag der offenen T\u00fcr!<\/p>\n<p><strong><a href=\"https:\/\/kraeuterland-bw.de\/\">https:\/\/kraeuterland-bw.de\/<\/a><\/strong><\/p>\n<p>&nbsp;<\/p>\n<p>&nbsp;<\/p>\n<p>&nbsp;<\/p>\n<p><img loading=\"lazy\" decoding=\"async\" class=\"size-medium wp-image-4014 alignleft\" src=\"https:\/\/weltlaeden.de\/offenburg\/wp-content\/uploads\/sites\/198\/2026\/08\/20260805_165209-169x300.jpg\" alt=\"\" width=\"169\" height=\"300\" srcset=\"https:\/\/weltlaeden.de\/offenburg\/wp-content\/uploads\/sites\/198\/2026\/08\/20260805_165209-169x300.jpg 169w, https:\/\/weltlaeden.de\/offenburg\/wp-content\/uploads\/sites\/198\/2026\/08\/20260805_165209-576x1024.jpg 576w, https:\/\/weltlaeden.de\/offenburg\/wp-content\/uploads\/sites\/198\/2026\/08\/20260805_165209-768x1365.jpg 768w, https:\/\/weltlaeden.de\/offenburg\/wp-content\/uploads\/sites\/198\/2026\/08\/20260805_165209-864x1536.jpg 864w, https:\/\/weltlaeden.de\/offenburg\/wp-content\/uploads\/sites\/198\/2026\/08\/20260805_165209.jpg 900w\" sizes=\"auto, (max-width: 169px) 100vw, 169px\" \/><img loading=\"lazy\" decoding=\"async\" class=\"wp-image-4053 alignleft\" src=\"https:\/\/weltlaeden.de\/offenburg\/wp-content\/uploads\/sites\/198\/2026\/08\/F-Ichenheim-5.8-300x199.jpg\" alt=\"\" width=\"435\" height=\"289\" srcset=\"https:\/\/weltlaeden.de\/offenburg\/wp-content\/uploads\/sites\/198\/2026\/08\/F-Ichenheim-5.8-300x199.jpg 300w, https:\/\/weltlaeden.de\/offenburg\/wp-content\/uploads\/sites\/198\/2026\/08\/F-Ichenheim-5.8-1024x678.jpg 1024w, https:\/\/weltlaeden.de\/offenburg\/wp-content\/uploads\/sites\/198\/2026\/08\/F-Ichenheim-5.8-768x508.jpg 768w, https:\/\/weltlaeden.de\/offenburg\/wp-content\/uploads\/sites\/198\/2026\/08\/F-Ichenheim-5.8-1536x1017.jpg 1536w, https:\/\/weltlaeden.de\/offenburg\/wp-content\/uploads\/sites\/198\/2026\/08\/F-Ichenheim-5.8-2048x1356.jpg 2048w\" sizes=\"auto, (max-width: 435px) 100vw, 435px\" \/><\/p>\n<p>Neuried-Ichenheim war bereits in 2003 Anlaufstelle der damaligen Tour de Fair. Der Weltladen feiert in diesem Jahr au\u00dferdem sein 30-j\u00e4hriges Bestehen. Gleichzeitig ist die Gemeinde Neuried zehn Jahre Fairtrade-Gemeinde.<\/p>\n<p>B\u00fcrgermeister Tobias Uhrich lie\u00df es sich nicht nehmen auf die enge Verbundenheit von Nachhaltigkeit, Regionalit\u00e4t und Fairen Handel hinzuweisen.<\/p>\n<p>&nbsp;<\/p>\n<p>&nbsp;<\/p>\n<p>&nbsp;<\/p>\n<p>&nbsp;<\/p>\n<p>&nbsp;<\/p>\n<p>&nbsp;<\/p>\n<p>&nbsp;<\/p>\n<p><strong><img loading=\"lazy\" decoding=\"async\" class=\"size-medium wp-image-4040 alignleft\" src=\"https:\/\/weltlaeden.de\/offenburg\/wp-content\/uploads\/sites\/198\/2026\/08\/20260805_151622klein-300x169.jpg\" alt=\"\" width=\"300\" height=\"169\" srcset=\"https:\/\/weltlaeden.de\/offenburg\/wp-content\/uploads\/sites\/198\/2026\/08\/20260805_151622klein-300x169.jpg 300w, https:\/\/weltlaeden.de\/offenburg\/wp-content\/uploads\/sites\/198\/2026\/08\/20260805_151622klein.jpg 600w\" sizes=\"auto, (max-width: 300px) 100vw, 300px\" \/>Auch hier wieder ein toller Empfang mit Kaffee und Kuchen, Eiskaffee und k\u00fchlen Getr\u00e4nken!<\/strong><\/p>\n<p>&nbsp;<\/p>\n<p>&nbsp;<\/p>\n<p>&nbsp;<\/p>\n<p>&nbsp;<\/p>\n<p>&nbsp;<\/p>\n<p><img loading=\"lazy\" decoding=\"async\" class=\"size-medium wp-image-4041 alignleft\" src=\"https:\/\/weltlaeden.de\/offenburg\/wp-content\/uploads\/sites\/198\/2026\/08\/20260805_151639klein-169x300.jpg\" alt=\"\" width=\"169\" height=\"300\" srcset=\"https:\/\/weltlaeden.de\/offenburg\/wp-content\/uploads\/sites\/198\/2026\/08\/20260805_151639klein-169x300.jpg 169w, https:\/\/weltlaeden.de\/offenburg\/wp-content\/uploads\/sites\/198\/2026\/08\/20260805_151639klein-577x1024.jpg 577w, https:\/\/weltlaeden.de\/offenburg\/wp-content\/uploads\/sites\/198\/2026\/08\/20260805_151639klein-rotated.jpg 600w\" sizes=\"auto, (max-width: 169px) 100vw, 169px\" \/><strong>Die Kuchentheke mit Himmelstorte !<\/strong><\/p>\n<p>&nbsp;<\/p>\n<p>&nbsp;<\/p>\n<p>&nbsp;<\/p>\n<p>&nbsp;<\/p>\n<p>&nbsp;<\/p>\n<p>&nbsp;<\/p>\n<p>&nbsp;<\/p>\n<p>&nbsp;<\/p>\n<p>&nbsp;<\/p>\n<p>&nbsp;<\/p>\n<p>Mehr Informationen zu diesem Tag k\u00f6nnt ihr gerne hier nachlesen:\u00a0 <a href=\"https:\/\/weltlaeden.de\/offenburg\/wp-content\/uploads\/sites\/198\/2026\/08\/Ichenheim-Pressebericht-vom-Mi.-12.8klein.jpg\"><strong>&#8222;Austausch \u00fcber fairen Handel&#8220; Zeitungsbericht\u00a0vom 12. August 2026<\/strong><\/a><\/p>\n<p>***************************************************************************************<\/p>\n<h2><em><span style=\"color: #ff9900\">U<\/span><\/em><em><span style=\"color: #ff9900\">pdate 4. August 2026<\/span><\/em><\/h2>\n<p>Heute war eine Fahrt mit dem (klimatisierten) Zug angesagt. Bei Temperaturen von \u00fcber 35\u00b0 C war das wohl auch die bessere L\u00f6sung.<\/p>\n<p>Sowohl in Haslach als in Wolfach wurden wir begeistert empfangen. Leider war der Weltladen Schiltach dann doch etwas zu weit weg. Wir vom Orga-Team werden Schiltach aber in naher Zukunft einen Besuch abstatten, versprochen !<\/p>\n<p class=\"wp-block-paragraph\">Die Kinzigt\u00e4ler Weltl\u00e4den sind in Wolfach, Haslach und Schiltach ans\u00e4ssig. Am 15.08.1992 wurde der Weltladen in <a href=\"https:\/\/weltlaeden-kinzigtal.de\/unsere-weltlaeden\/weltladen-wolfach\/\">Wolfach<\/a> er\u00f6ffnet; sechs Jahre sp\u00e4ter, am 17.09.1998, konnte in Haslach in den R\u00e4umen des Caritasb\u00fcros eine Filiale aufgemacht werden. Am 07.03.2010 wurde in <a href=\"https:\/\/weltlaeden-kinzigtal.de\/unsere-weltlaeden\/weltladen-schiltach\/\">Schiltach<\/a> eine weitere Filiale er\u00f6ffnet. Ein weiterer \u201eMeilenstein\u201c der Geschichte der Kinzigt\u00e4ler Weltl\u00e4den war die Einf\u00fchrung von Apfel-Mango-Saft im Kinzigtal im Herbst 2002 in Kooperation mit Fruchts\u00e4fte-Wolf in Fischerbach.<\/p>\n<p class=\"wp-block-paragraph\">Die Kinzigt\u00e4ler Weltl\u00e4den sind Mitglied im Weltladen-Dachverband und arbeiten in der AG Ortenauer Weltl\u00e4den mit.<\/p>\n<p>&nbsp;<\/p>\n<h4><em><strong><img loading=\"lazy\" decoding=\"async\" class=\"size-medium wp-image-3989 alignleft\" src=\"https:\/\/weltlaeden.de\/offenburg\/wp-content\/uploads\/sites\/198\/2026\/08\/IMG-20260805-WA0000-225x300.jpg\" alt=\"\" width=\"225\" height=\"300\" srcset=\"https:\/\/weltlaeden.de\/offenburg\/wp-content\/uploads\/sites\/198\/2026\/08\/IMG-20260805-WA0000-225x300.jpg 225w, https:\/\/weltlaeden.de\/offenburg\/wp-content\/uploads\/sites\/198\/2026\/08\/IMG-20260805-WA0000-768x1024.jpg 768w, https:\/\/weltlaeden.de\/offenburg\/wp-content\/uploads\/sites\/198\/2026\/08\/IMG-20260805-WA0000-1152x1536.jpg 1152w, https:\/\/weltlaeden.de\/offenburg\/wp-content\/uploads\/sites\/198\/2026\/08\/IMG-20260805-WA0000.jpg 1200w\" sizes=\"auto, (max-width: 225px) 100vw, 225px\" \/><\/strong><\/em><\/h4>\n<h4>Vor dem Weltladen in Wolfach<\/h4>\n<h4><\/h4>\n<p>&nbsp;<\/p>\n<p>&nbsp;<\/p>\n<h4><img loading=\"lazy\" decoding=\"async\" class=\"size-medium wp-image-3990 alignleft\" src=\"https:\/\/weltlaeden.de\/offenburg\/wp-content\/uploads\/sites\/198\/2026\/08\/IMG-20260804-WA0010-300x225.jpg\" alt=\"\" width=\"300\" height=\"225\" srcset=\"https:\/\/weltlaeden.de\/offenburg\/wp-content\/uploads\/sites\/198\/2026\/08\/IMG-20260804-WA0010-300x225.jpg 300w, https:\/\/weltlaeden.de\/offenburg\/wp-content\/uploads\/sites\/198\/2026\/08\/IMG-20260804-WA0010-1024x768.jpg 1024w, https:\/\/weltlaeden.de\/offenburg\/wp-content\/uploads\/sites\/198\/2026\/08\/IMG-20260804-WA0010-768x576.jpg 768w, https:\/\/weltlaeden.de\/offenburg\/wp-content\/uploads\/sites\/198\/2026\/08\/IMG-20260804-WA0010-1536x1152.jpg 1536w, https:\/\/weltlaeden.de\/offenburg\/wp-content\/uploads\/sites\/198\/2026\/08\/IMG-20260804-WA0010.jpg 1600w\" sizes=\"auto, (max-width: 300px) 100vw, 300px\" \/>Herr Schremp vom Weltladen Wolfach erz\u00e4hlt ..<\/h4>\n<p>&nbsp;<\/p>\n<p>&nbsp;<\/p>\n<p>&nbsp;<\/p>\n<p>&nbsp;<\/p>\n<p>&nbsp;<\/p>\n<p>&nbsp;<\/p>\n<p>&nbsp;<\/p>\n<p><img loading=\"lazy\" decoding=\"async\" class=\"size-medium wp-image-3982 alignleft\" src=\"https:\/\/weltlaeden.de\/offenburg\/wp-content\/uploads\/sites\/198\/2026\/08\/Screenshot_20260805_045354_WhatsApp-1-245x300.jpg\" alt=\"\" width=\"245\" height=\"300\" srcset=\"https:\/\/weltlaeden.de\/offenburg\/wp-content\/uploads\/sites\/198\/2026\/08\/Screenshot_20260805_045354_WhatsApp-1-245x300.jpg 245w, https:\/\/weltlaeden.de\/offenburg\/wp-content\/uploads\/sites\/198\/2026\/08\/Screenshot_20260805_045354_WhatsApp-1-835x1024.jpg 835w, https:\/\/weltlaeden.de\/offenburg\/wp-content\/uploads\/sites\/198\/2026\/08\/Screenshot_20260805_045354_WhatsApp-1-768x942.jpg 768w, https:\/\/weltlaeden.de\/offenburg\/wp-content\/uploads\/sites\/198\/2026\/08\/Screenshot_20260805_045354_WhatsApp-1.jpg 1080w\" sizes=\"auto, (max-width: 245px) 100vw, 245px\" \/><\/p>\n<h4>Vor dem Haslacher Weltladen<\/h4>\n<p>&nbsp;<\/p>\n<p>&nbsp;<\/p>\n<p>&nbsp;<\/p>\n<p>&nbsp;<\/p>\n<p>&nbsp;<\/p>\n<p>&nbsp;<\/p>\n<p>&nbsp;<\/p>\n<p>&nbsp;<\/p>\n<p>&nbsp;<\/p>\n<p>&nbsp;<\/p>\n<p>&nbsp;<\/p>\n<p><strong><img loading=\"lazy\" decoding=\"async\" class=\"size-medium wp-image-3984 alignleft\" src=\"https:\/\/weltlaeden.de\/offenburg\/wp-content\/uploads\/sites\/198\/2026\/08\/20260805_051831-300x257.jpg\" alt=\"\" width=\"300\" height=\"257\" srcset=\"https:\/\/weltlaeden.de\/offenburg\/wp-content\/uploads\/sites\/198\/2026\/08\/20260805_051831-300x257.jpg 300w, https:\/\/weltlaeden.de\/offenburg\/wp-content\/uploads\/sites\/198\/2026\/08\/20260805_051831-1024x877.jpg 1024w, https:\/\/weltlaeden.de\/offenburg\/wp-content\/uploads\/sites\/198\/2026\/08\/20260805_051831-768x658.jpg 768w, https:\/\/weltlaeden.de\/offenburg\/wp-content\/uploads\/sites\/198\/2026\/08\/20260805_051831.jpg 1327w\" sizes=\"auto, (max-width: 300px) 100vw, 300px\" \/>Im Haslacher L\u00e4dele gibt es einiges zu entdecken. Alles ist sehr geschmackvoll dekoriert.<\/strong><\/p>\n<p><strong>Der Haslacher Weltladen hat sich auf Kleidung spezialisiert.<\/strong><\/p>\n<p>&nbsp;<\/p>\n<p>&nbsp;<\/p>\n<p>&nbsp;<\/p>\n<p>&nbsp;<\/p>\n<p>&nbsp;<\/p>\n<p>&nbsp;<\/p>\n<p>&nbsp;<\/p>\n<p>&nbsp;<\/p>\n<p><strong><img loading=\"lazy\" decoding=\"async\" class=\"alignleft\" src=\"https:\/\/weltlaeden.de\/offenburg\/wp-content\/uploads\/sites\/198\/2026\/08\/20260804_101500-169x300.jpg\" alt=\"\" width=\"169\" height=\"300\" \/><\/strong><\/p>\n<p><strong>\u00dcbrigens: Dieses Mal waren die beiden Podcasterinnen vom Weltladen-Dacherverband, Annalena und Laura, mit dabei und haben kurzen Interviews mit den Teilnehmenden gef\u00fchrt. Wir sind gespannt!<\/strong><\/p>\n<p>&nbsp;<\/p>\n<p>&nbsp;<\/p>\n<p>&nbsp;<\/p>\n<p>&nbsp;<\/p>\n<p>&nbsp;<\/p>\n<p>&nbsp;<\/p>\n<p>&nbsp;<\/p>\n<p>&nbsp;<\/p>\n<p>&nbsp;<\/p>\n<p>Mehr lesen k\u00f6nnt ihr hier<strong>: <\/strong><a href=\"https:\/\/weltlaeden.de\/offenburg\/wp-content\/uploads\/sites\/198\/2026\/08\/Haslach-Wolfach-Mittelbadische-Presseklein.jpg\"><strong>&#8222;Stopp f\u00fcr fairen Handel&#8220; Mittelbadische Presse vom 6. August 2026<\/strong><\/a><\/p>\n<p>&nbsp;<\/p>\n<h2><\/h2>\n<p>*************************************************************************************<\/p>\n<h2><em><strong>Vorausblick 4.8.2026<\/strong><\/em><\/h2>\n<p><strong>Die Tour am 4.8. nach Haslach und Wolfach<\/strong> wird mit dem Zug zur\u00fcckgelegt. Anschlie\u00dfend mit dem Fahrrad zum Caf\u00e9 Marjanneke in Berghaupten. Hier wartet Miriam von Pakilia auf uns mit einem Vortrag \u00fcber fairgehandelten Silberschmuck aus Mexiko. Anschlie\u00dfend lassen wir uns die holl\u00e4ndischen Poffertjes von Marianne gut schmecken.<\/p>\n<p>**************************************************************************************<\/p>\n<h2><span style=\"color: #ff9900\"><strong><em>Update 3.Au<\/em><\/strong><\/span><span style=\"color: #ff9900\"><strong><em>gust <\/em><\/strong><\/span><span style=\"color: #ff9900\"><strong><em>2026 ca. 17.00 Uhr<\/em><\/strong><\/span><\/h2>\n<p><strong>Nat\u00fcrlich ist die erste Adresse der Weltladen Regentropfen in Offenburg. Und was f\u00fcr ein Empfang erwartet uns da! Wir werden verw\u00f6hnt mit Sekt und verschiedenen H\u00e4ppchen!\u00a0<\/strong><\/p>\n<p>&nbsp;<\/p>\n<p><img loading=\"lazy\" decoding=\"async\" class=\"size-medium wp-image-4046 alignleft\" src=\"https:\/\/weltlaeden.de\/offenburg\/wp-content\/uploads\/sites\/198\/2026\/08\/20260803_175802klein-300x169.jpg\" alt=\"\" width=\"300\" height=\"169\" srcset=\"https:\/\/weltlaeden.de\/offenburg\/wp-content\/uploads\/sites\/198\/2026\/08\/20260803_175802klein-300x169.jpg 300w, https:\/\/weltlaeden.de\/offenburg\/wp-content\/uploads\/sites\/198\/2026\/08\/20260803_175802klein.jpg 600w\" sizes=\"auto, (max-width: 300px) 100vw, 300px\" \/><\/p>\n<p>Die G\u00e4ste werden von der Gesch\u00e4ftsf\u00fchrerin Christine Junker und Vorstandsmitglied Herbert Keck begr\u00fc\u00dft.<\/p>\n<p>Ein Gru\u00dfwort gab&#8217;s auch von Herrn Marco Butz, Fachbereichsleiter Wirtschaft und Stadtentwicklung und von Petra Rumpel vom ONN (Offenburger Netzwerk f\u00fcr Nachhaltigkeit).<\/p>\n<p>Gleichzeitig mit der Tour de Fair feiern die Weltl\u00e4den der Ortenau 30-j\u00e4hriges Bestehen der Arbeitsgemeinschaft Ortenauer Weltl\u00e4den (AGOWL). \u201eZusammen ziehen wir an einem Strang f\u00fcr mehr Sichtbarkeit des Fairen Handels in der Ortenau\u201c, betont Gesch\u00e4ftsf\u00fchrerin Christine Junker.<\/p>\n<p>&nbsp;<\/p>\n<p><img loading=\"lazy\" decoding=\"async\" class=\"alignnone size-medium wp-image-4059\" src=\"https:\/\/weltlaeden.de\/offenburg\/wp-content\/uploads\/sites\/198\/2026\/08\/A-Tour-de-Fair-2026-Start-Offenburg-3.8.klein_-300x200.jpg\" alt=\"\" width=\"300\" height=\"200\" srcset=\"https:\/\/weltlaeden.de\/offenburg\/wp-content\/uploads\/sites\/198\/2026\/08\/A-Tour-de-Fair-2026-Start-Offenburg-3.8.klein_-300x200.jpg 300w, https:\/\/weltlaeden.de\/offenburg\/wp-content\/uploads\/sites\/198\/2026\/08\/A-Tour-de-Fair-2026-Start-Offenburg-3.8.klein_.jpg 600w\" sizes=\"auto, (max-width: 300px) 100vw, 300px\" \/><\/p>\n<p>&nbsp;<\/p>\n<p>&nbsp;<\/p>\n<p>&nbsp;<\/p>\n<p>&nbsp;<\/p>\n<p>Gruppenfoto vor dem Weltladen in Offenburg, dabei wird zum ersten Mal das neue Banner pr\u00e4sentiert.<\/p>\n<p>**********************************************************************************************************<\/p>\n<h2><span style=\"color: #ff9900\"><em><strong>Update 3. August 2026 ca. 14.00 Uhr<\/strong><\/em><\/span><\/h2>\n<p>&nbsp;<\/p>\n<p><img loading=\"lazy\" decoding=\"async\" class=\"size-medium wp-image-3955 alignleft\" src=\"https:\/\/weltlaeden.de\/offenburg\/wp-content\/uploads\/sites\/198\/2026\/08\/20260803_152034-169x300.jpg\" alt=\"\" width=\"169\" height=\"300\" srcset=\"https:\/\/weltlaeden.de\/offenburg\/wp-content\/uploads\/sites\/198\/2026\/08\/20260803_152034-169x300.jpg 169w, https:\/\/weltlaeden.de\/offenburg\/wp-content\/uploads\/sites\/198\/2026\/08\/20260803_152034-577x1024.jpg 577w, https:\/\/weltlaeden.de\/offenburg\/wp-content\/uploads\/sites\/198\/2026\/08\/20260803_152034-768x1364.jpg 768w, https:\/\/weltlaeden.de\/offenburg\/wp-content\/uploads\/sites\/198\/2026\/08\/20260803_152034-865x1536.jpg 865w, https:\/\/weltlaeden.de\/offenburg\/wp-content\/uploads\/sites\/198\/2026\/08\/20260803_152034-1153x2048.jpg 1153w, https:\/\/weltlaeden.de\/offenburg\/wp-content\/uploads\/sites\/198\/2026\/08\/20260803_152034-scaled.jpg 1442w\" sizes=\"auto, (max-width: 169px) 100vw, 169px\" \/><\/p>\n<p><strong>Langsam aber sicher trudeln die Teilnehmer und Teilnehmerinnen ein <\/strong><strong>und werden von Astrid Willkommen gehei\u00dfen.\u00a0<\/strong><\/p>\n<p>&nbsp;<\/p>\n<p>&nbsp;<\/p>\n<p>&nbsp;<\/p>\n<p>&nbsp;<\/p>\n<p>&nbsp;<\/p>\n<p>&nbsp;<\/p>\n<p>&nbsp;<\/p>\n<p>&nbsp;<\/p>\n<p>&nbsp;<\/p>\n<p><img loading=\"lazy\" decoding=\"async\" class=\"size-medium wp-image-3956 alignleft\" src=\"https:\/\/weltlaeden.de\/offenburg\/wp-content\/uploads\/sites\/198\/2026\/08\/20260803_165136-300x169.jpg\" alt=\"\" width=\"300\" height=\"169\" srcset=\"https:\/\/weltlaeden.de\/offenburg\/wp-content\/uploads\/sites\/198\/2026\/08\/20260803_165136-300x169.jpg 300w, https:\/\/weltlaeden.de\/offenburg\/wp-content\/uploads\/sites\/198\/2026\/08\/20260803_165136-1024x577.jpg 1024w, https:\/\/weltlaeden.de\/offenburg\/wp-content\/uploads\/sites\/198\/2026\/08\/20260803_165136-768x432.jpg 768w, https:\/\/weltlaeden.de\/offenburg\/wp-content\/uploads\/sites\/198\/2026\/08\/20260803_165136-1536x865.jpg 1536w, https:\/\/weltlaeden.de\/offenburg\/wp-content\/uploads\/sites\/198\/2026\/08\/20260803_165136-2048x1153.jpg 2048w\" sizes=\"auto, (max-width: 300px) 100vw, 300px\" \/><strong>Und dann ist, wie jedes Jahr, erst mal Flei\u00dfarbeit angesagt. <\/strong><\/p>\n<p><strong>Die Tourenschilder m\u00fcssen unterschrieben werden, ca. 70 an der Zahl. <\/strong><\/p>\n<p><strong>Bei jedem Ort die Vornamen der Teilnehmer.\u00a0<\/strong><\/p>\n<p>&nbsp;<\/p>\n<p>&nbsp;<\/p>\n<p>&nbsp;<\/p>\n<p>&nbsp;<\/p>\n<p><img loading=\"lazy\" decoding=\"async\" class=\"size-medium wp-image-3957 alignleft\" src=\"https:\/\/weltlaeden.de\/offenburg\/wp-content\/uploads\/sites\/198\/2026\/08\/20260803_233852-225x300.jpg\" alt=\"\" width=\"225\" height=\"300\" srcset=\"https:\/\/weltlaeden.de\/offenburg\/wp-content\/uploads\/sites\/198\/2026\/08\/20260803_233852-225x300.jpg 225w, https:\/\/weltlaeden.de\/offenburg\/wp-content\/uploads\/sites\/198\/2026\/08\/20260803_233852-769x1024.jpg 769w, https:\/\/weltlaeden.de\/offenburg\/wp-content\/uploads\/sites\/198\/2026\/08\/20260803_233852-768x1023.jpg 768w, https:\/\/weltlaeden.de\/offenburg\/wp-content\/uploads\/sites\/198\/2026\/08\/20260803_233852-1153x1536.jpg 1153w, https:\/\/weltlaeden.de\/offenburg\/wp-content\/uploads\/sites\/198\/2026\/08\/20260803_233852-1537x2048.jpg 1537w, https:\/\/weltlaeden.de\/offenburg\/wp-content\/uploads\/sites\/198\/2026\/08\/20260803_233852.jpg 1562w\" sizes=\"auto, (max-width: 225px) 100vw, 225px\" \/> <strong>Und so sieht es dann aus &#8230; <\/strong><\/p>\n<p><strong>Wie man sieht hatten manche eine sehr lange Anfahrt &#8230;<\/strong><\/p>\n<p>&nbsp;<\/p>\n<p>&nbsp;<\/p>\n<p>&nbsp;<\/p>\n<p>&nbsp;<\/p>\n<p>&nbsp;<\/p>\n<p>&nbsp;<\/p>\n<p>&nbsp;<\/p>\n<p>&nbsp;<\/p>\n<p>&nbsp;<\/p>\n<p><img loading=\"lazy\" decoding=\"async\" class=\"size-medium wp-image-3942 alignleft\" src=\"https:\/\/weltlaeden.de\/offenburg\/wp-content\/uploads\/sites\/198\/2026\/08\/20260803_103340-1-221x300.jpg\" alt=\"\" width=\"221\" height=\"300\" srcset=\"https:\/\/weltlaeden.de\/offenburg\/wp-content\/uploads\/sites\/198\/2026\/08\/20260803_103340-1-221x300.jpg 221w, https:\/\/weltlaeden.de\/offenburg\/wp-content\/uploads\/sites\/198\/2026\/08\/20260803_103340-1-755x1024.jpg 755w, https:\/\/weltlaeden.de\/offenburg\/wp-content\/uploads\/sites\/198\/2026\/08\/20260803_103340-1-768x1041.jpg 768w, https:\/\/weltlaeden.de\/offenburg\/wp-content\/uploads\/sites\/198\/2026\/08\/20260803_103340-1.jpg 1026w\" sizes=\"auto, (max-width: 221px) 100vw, 221px\" \/><\/p>\n<p><strong>Der Streckenplan<\/strong><\/p>\n<p>&nbsp;<\/p>\n<p>&nbsp;<\/p>\n<p>&nbsp;<\/p>\n<p>&nbsp;<\/p>\n<p>&nbsp;<\/p>\n<p>&nbsp;<\/p>\n<p>&nbsp;<\/p>\n<p>&nbsp;<\/p>\n<p>&nbsp;<\/p>\n<p>&nbsp;<\/p>\n<p><strong><em><span style=\"color: #ff9900\"><br \/>\n<img loading=\"lazy\" decoding=\"async\" class=\"wp-image-3939 size-medium alignleft\" title=\"Das neue Banner der Tour de Fair in modernem Design\" src=\"https:\/\/weltlaeden.de\/offenburg\/wp-content\/uploads\/sites\/198\/2026\/08\/20260727_183425-300x169.jpg\" alt=\"\" width=\"300\" height=\"169\" srcset=\"https:\/\/weltlaeden.de\/offenburg\/wp-content\/uploads\/sites\/198\/2026\/08\/20260727_183425-300x169.jpg 300w, https:\/\/weltlaeden.de\/offenburg\/wp-content\/uploads\/sites\/198\/2026\/08\/20260727_183425-1024x577.jpg 1024w, https:\/\/weltlaeden.de\/offenburg\/wp-content\/uploads\/sites\/198\/2026\/08\/20260727_183425-768x432.jpg 768w, https:\/\/weltlaeden.de\/offenburg\/wp-content\/uploads\/sites\/198\/2026\/08\/20260727_183425-1536x865.jpg 1536w, https:\/\/weltlaeden.de\/offenburg\/wp-content\/uploads\/sites\/198\/2026\/08\/20260727_183425.jpg 1849w\" sizes=\"auto, (max-width: 300px) 100vw, 300px\" \/><\/span><\/em><\/strong><\/p>\n<p>&nbsp;<\/p>\n<p style=\"text-align: left\"><strong>Das neue Banner der Tour de Fair in modernem Design (vorgestellt vom Orga-Team, v.l. Bernadette, Anne, Petra, Astrid)<\/strong><\/p>\n<p>&nbsp;<\/p>\n<p>&nbsp;<\/p>\n<p>&nbsp;<\/p>\n<p>&nbsp;<\/p>\n<p>****************************************************************************<\/p>\n<p>&nbsp;<\/p>\n<h2><strong><em><span style=\"color: #ff9900\">Update 3. August<\/span><\/em><\/strong><\/h2>\n<p>&nbsp;<\/p>\n<p><strong>Die ersten Zeitungsartikel in den Regionalzeitungen<\/strong><\/p>\n<p>&nbsp;<\/p>\n<h3><span style=\"color: #ff9900\"><strong><em><img loading=\"lazy\" decoding=\"async\" class=\"alignnone wp-image-3936 \" src=\"https:\/\/weltlaeden.de\/offenburg\/wp-content\/uploads\/sites\/198\/2026\/08\/20260803_101807-scaled-e1785817862463.jpg\" alt=\"Zeitungsberichte aus Acher-Rench-Zeitung, Offenburger Tageblatt, Guller\" width=\"565\" height=\"565\" \/><\/em><\/strong><\/span><\/h3>\n<h3>***************************************************************<\/h3>\n<h3><\/h3>\n<h2><span style=\"color: #ff9900\"><strong><em>Update 10.07.2026<\/em><\/strong><\/span><\/h2>\n<p><span style=\"color: #000000\">Artisans du Monde in Stra\u00dfburg macht schon Werbung auf Facebook!\u00a0<\/span><\/p>\n<p>Strasbourg, \u00e0 bient\u00f4t!<\/p>\n<h3><span style=\"color: #ff9900\"><em><img loading=\"lazy\" decoding=\"async\" class=\"size-medium wp-image-3919 alignleft\" src=\"https:\/\/weltlaeden.de\/offenburg\/wp-content\/uploads\/sites\/198\/2026\/07\/Screenshot_20260710-093903_Ecosia-134x300.jpg\" alt=\"\" width=\"134\" height=\"300\" srcset=\"https:\/\/weltlaeden.de\/offenburg\/wp-content\/uploads\/sites\/198\/2026\/07\/Screenshot_20260710-093903_Ecosia-134x300.jpg 134w, https:\/\/weltlaeden.de\/offenburg\/wp-content\/uploads\/sites\/198\/2026\/07\/Screenshot_20260710-093903_Ecosia-458x1024.jpg 458w, https:\/\/weltlaeden.de\/offenburg\/wp-content\/uploads\/sites\/198\/2026\/07\/Screenshot_20260710-093903_Ecosia-687x1536.jpg 687w, https:\/\/weltlaeden.de\/offenburg\/wp-content\/uploads\/sites\/198\/2026\/07\/Screenshot_20260710-093903_Ecosia.jpg 711w\" sizes=\"auto, (max-width: 134px) 100vw, 134px\" \/><\/em><\/span><\/h3>\n<p>&nbsp;<\/p>\n<p>&nbsp;<\/p>\n<p>&nbsp;<\/p>\n<p>&nbsp;<\/p>\n<p>&nbsp;<\/p>\n<p>&nbsp;<\/p>\n<p>&nbsp;<\/p>\n<p>&nbsp;<\/p>\n<p>&nbsp;<\/p>\n<p><a href=\"https:\/\/artisansdumonde.org\/actus-locales\/rencontre-franco-allemande-autour-du-commerce-equitable-8200\">https:\/\/artisansdumonde.org\/actus-locales\/rencontre-franco-allemande-autour-du-commerce-equitable-8200<\/a><\/p>\n<h3>**************************************************************<\/h3>\n<h2><span style=\"color: #ff9900\"><em>Update 07.07.2026<\/em><\/span><\/h2>\n<p>Soviel d\u00fcrfen wir schon verraten.<\/p>\n<p>Die Tour de Fair bekommt ein neues Banner:<\/p>\n<p>&nbsp;<\/p>\n<div id=\"attachment_3905\" style=\"width: 310px\" class=\"wp-caption aligncenter\"><img loading=\"lazy\" decoding=\"async\" aria-describedby=\"caption-attachment-3905\" class=\"wp-image-3905 size-medium\" src=\"https:\/\/weltlaeden.de\/offenburg\/wp-content\/uploads\/sites\/198\/2026\/07\/20260331_173902-klein-300x169.jpg\" alt=\"\" width=\"300\" height=\"169\" srcset=\"https:\/\/weltlaeden.de\/offenburg\/wp-content\/uploads\/sites\/198\/2026\/07\/20260331_173902-klein-300x169.jpg 300w, https:\/\/weltlaeden.de\/offenburg\/wp-content\/uploads\/sites\/198\/2026\/07\/20260331_173902-klein.jpg 600w\" sizes=\"auto, (max-width: 300px) 100vw, 300px\" \/><p id=\"caption-attachment-3905\" class=\"wp-caption-text\">Das Orga-Team mit dem alten Tour-de-Fair Banner<\/p><\/div>\n<p>&nbsp;<\/p>\n<div id=\"attachment_3897\" style=\"width: 310px\" class=\"wp-caption aligncenter\"><img loading=\"lazy\" decoding=\"async\" aria-describedby=\"caption-attachment-3897\" class=\"wp-image-3897 size-medium\" src=\"https:\/\/weltlaeden.de\/offenburg\/wp-content\/uploads\/sites\/198\/2026\/07\/1-300x234.png\" alt=\"\" width=\"300\" height=\"234\" srcset=\"https:\/\/weltlaeden.de\/offenburg\/wp-content\/uploads\/sites\/198\/2026\/07\/1-300x234.png 300w, https:\/\/weltlaeden.de\/offenburg\/wp-content\/uploads\/sites\/198\/2026\/07\/1-1024x798.png 1024w, https:\/\/weltlaeden.de\/offenburg\/wp-content\/uploads\/sites\/198\/2026\/07\/1-768x599.png 768w, https:\/\/weltlaeden.de\/offenburg\/wp-content\/uploads\/sites\/198\/2026\/07\/1.png 1080w\" sizes=\"auto, (max-width: 300px) 100vw, 300px\" \/><p id=\"caption-attachment-3897\" class=\"wp-caption-text\">Das Tour-de-Fair Banner im neuen Look<\/p><\/div>\n<h3><\/h3>\n<h3><\/h3>\n<p>&nbsp;<\/p>\n<p>&nbsp;<\/p>\n<h3>**************************************************************************************<\/h3>\n<h2 style=\"text-align: left\"><span style=\"color: #ff9900\"><em>Update 15.06.2026<\/em><\/span><\/h2>\n<p>F\u00e4llt euch etwas auf? Der Reiseblog 2025 ist pass\u00e9.<\/p>\n<p>Die Tour de Fair 2026 steht an! Und die findet dieses Mal&#8230;\u00a0 \u00a0 in der Ortenau statt!<\/p>\n<p>Vom 3. bis 9. August werden ca. 30 Radlerinnen und Radler in unserer sch\u00f6nen Ortenau unterwegs sein und verschiedene Weltl\u00e4den und Akteure des Fairen Handels besuchen. Au\u00dferdem gibt es einen Abstecher \u00fcber die Grenze nach Stra\u00dfburg, wo wir die &#8222;Artisans du Monde&#8220; besuchen werden. Damit kehrt die Tour de Fair nach 23 Jahren in die Ortenau zur\u00fcck. Damals, in 2003, befand sich der &#8222;Regentropfen&#8220; noch gegen\u00fcber vom Bahnhof und wir waren ein Etappenziel, neben Rottweil, Schramberg, Stra\u00dfburg, Lahr, Breisach und Freiburg.<\/p>\n<div id=\"attachment_3826\" style=\"width: 310px\" class=\"wp-caption alignnone\"><img loading=\"lazy\" decoding=\"async\" aria-describedby=\"caption-attachment-3826\" class=\"wp-image-3826 size-medium\" src=\"https:\/\/weltlaeden.de\/offenburg\/wp-content\/uploads\/sites\/198\/2026\/06\/2003-087-300x225.jpg\" alt=\"\" width=\"300\" height=\"225\" srcset=\"https:\/\/weltlaeden.de\/offenburg\/wp-content\/uploads\/sites\/198\/2026\/06\/2003-087-300x225.jpg 300w, https:\/\/weltlaeden.de\/offenburg\/wp-content\/uploads\/sites\/198\/2026\/06\/2003-087-768x576.jpg 768w, https:\/\/weltlaeden.de\/offenburg\/wp-content\/uploads\/sites\/198\/2026\/06\/2003-087.jpg 800w\" sizes=\"auto, (max-width: 300px) 100vw, 300px\" \/><p id=\"caption-attachment-3826\" class=\"wp-caption-text\">Tour de Fair 2003<\/p><\/div>\n<p>Viel mehr wird vorerst noch nicht verraten.\u00a0Aber die Vorbereitungen laufen schon! Wir halten Euch auf dem Laufenden!<\/p>\n<p>&nbsp;<\/p>\n<div id=\"attachment_3822\" style=\"width: 310px\" class=\"wp-caption alignnone\"><img loading=\"lazy\" decoding=\"async\" aria-describedby=\"caption-attachment-3822\" class=\"wp-image-3822 size-medium\" src=\"https:\/\/weltlaeden.de\/offenburg\/wp-content\/uploads\/sites\/198\/2026\/06\/TdF-2026-Erkundungstour-Strassburg-Passerelle-klein-300x215.jpg\" alt=\"\" width=\"300\" height=\"215\" srcset=\"https:\/\/weltlaeden.de\/offenburg\/wp-content\/uploads\/sites\/198\/2026\/06\/TdF-2026-Erkundungstour-Strassburg-Passerelle-klein-300x215.jpg 300w, https:\/\/weltlaeden.de\/offenburg\/wp-content\/uploads\/sites\/198\/2026\/06\/TdF-2026-Erkundungstour-Strassburg-Passerelle-klein.jpg 600w\" sizes=\"auto, (max-width: 300px) 100vw, 300px\" \/><p id=\"caption-attachment-3822\" class=\"wp-caption-text\">Das Orga-Team auf der Passerelle bei einer Erkundungstour zu Artisans du Monde in Stra\u00dfburg<\/p><\/div>\n","protected":false},"excerpt":{"rendered":"<p>Tour de Fair 2026 &#8222;Entdecke die Ortenau und Strasbourg&#8220; Wer Zugang zu Instagram hat, gerne reinschauen. Bilder und Videos vermitteln die tollsten Eindr\u00fccke! Unter Highlights Tour de Fair 2026 wurde alles gesammelt. https:\/\/www.instagram.com\/weltladenoffenburg\/ Es empfiehlt sich diesen Reiseblog von unten nach oben, von Tag zu Tag zu lesen! ************************************************************************************************* Update 8. August 2026 Der letzte&hellip;<\/p>\n","protected":false},"author":287,"featured_media":0,"parent":0,"menu_order":0,"comment_status":"closed","ping_status":"closed","template":"","meta":{"footnotes":""},"class_list":["post-2938","page","type-page","status-publish","hentry","description-off"],"yoast_head":"<!-- This site is optimized with the Yoast SEO plugin v26.8 - https:\/\/yoast.com\/product\/yoast-seo-wordpress\/ -->\n<title>Reiseblog - Tour de Fair 2026 - Weltladen Offenburg<\/title>\n<meta name=\"robots\" content=\"index, follow, max-snippet:-1, max-image-preview:large, max-video-preview:-1\" \/>\n<link rel=\"canonical\" href=\"https:\/\/weltlaeden.de\/offenburg\/reiseblog-tour-de-fair-2026\/\" \/>\n<meta property=\"og:locale\" content=\"de_DE\" \/>\n<meta property=\"og:type\" content=\"article\" \/>\n<meta property=\"og:title\" content=\"Reiseblog - Tour de Fair 2026 - Weltladen Offenburg\" \/>\n<meta property=\"og:description\" content=\"Tour de Fair 2026 &#8222;Entdecke die Ortenau und Strasbourg&#8220; Wer Zugang zu Instagram hat, gerne reinschauen. Bilder und Videos vermitteln die tollsten Eindr\u00fccke! Unter Highlights Tour de Fair 2026 wurde alles gesammelt. https:\/\/www.instagram.com\/weltladenoffenburg\/ Es empfiehlt sich diesen Reiseblog von unten nach oben, von Tag zu Tag zu lesen! ************************************************************************************************* Update 8. August 2026 Der letzte&hellip;\" \/>\n<meta property=\"og:url\" content=\"https:\/\/weltlaeden.de\/offenburg\/reiseblog-tour-de-fair-2026\/\" \/>\n<meta property=\"og:site_name\" content=\"Weltladen Offenburg\" \/>\n<meta property=\"article:modified_time\" content=\"2026-08-27T18:33:28+00:00\" \/>\n<meta property=\"og:image\" content=\"https:\/\/weltlaeden.de\/offenburg\/wp-content\/uploads\/sites\/198\/2026\/08\/GengenbachmitBanner-klein.jpg\" \/>\n\t<meta property=\"og:image:width\" content=\"800\" \/>\n\t<meta property=\"og:image:height\" content=\"533\" \/>\n\t<meta property=\"og:image:type\" content=\"image\/jpeg\" \/>\n<meta name=\"twitter:card\" content=\"summary_large_image\" \/>\n<meta name=\"twitter:label1\" content=\"Gesch\u00e4tzte Lesezeit\" \/>\n\t<meta name=\"twitter:data1\" content=\"20\u00a0Minuten\" \/>\n<script type=\"application\/ld+json\" class=\"yoast-schema-graph\">{\"@context\":\"https:\/\/schema.org\",\"@graph\":[{\"@type\":\"WebPage\",\"@id\":\"https:\/\/weltlaeden.de\/offenburg\/reiseblog-tour-de-fair-2026\/\",\"url\":\"https:\/\/weltlaeden.de\/offenburg\/reiseblog-tour-de-fair-2026\/\",\"name\":\"Reiseblog - Tour de Fair 2026 - Weltladen Offenburg\",\"isPartOf\":{\"@id\":\"https:\/\/weltlaeden.de\/offenburg\/#website\"},\"primaryImageOfPage\":{\"@id\":\"https:\/\/weltlaeden.de\/offenburg\/reiseblog-tour-de-fair-2026\/#primaryimage\"},\"image\":{\"@id\":\"https:\/\/weltlaeden.de\/offenburg\/reiseblog-tour-de-fair-2026\/#primaryimage\"},\"thumbnailUrl\":\"https:\/\/weltlaeden.de\/offenburg\/wp-content\/uploads\/sites\/198\/2026\/08\/GengenbachmitBanner-klein-300x200.jpg\",\"datePublished\":\"2025-07-30T08:24:34+00:00\",\"dateModified\":\"2026-08-27T18:33:28+00:00\",\"breadcrumb\":{\"@id\":\"https:\/\/weltlaeden.de\/offenburg\/reiseblog-tour-de-fair-2026\/#breadcrumb\"},\"inLanguage\":\"de\",\"potentialAction\":[{\"@type\":\"ReadAction\",\"target\":[\"https:\/\/weltlaeden.de\/offenburg\/reiseblog-tour-de-fair-2026\/\"]}]},{\"@type\":\"ImageObject\",\"inLanguage\":\"de\",\"@id\":\"https:\/\/weltlaeden.de\/offenburg\/reiseblog-tour-de-fair-2026\/#primaryimage\",\"url\":\"https:\/\/weltlaeden.de\/offenburg\/wp-content\/uploads\/sites\/198\/2026\/08\/GengenbachmitBanner-klein.jpg\",\"contentUrl\":\"https:\/\/weltlaeden.de\/offenburg\/wp-content\/uploads\/sites\/198\/2026\/08\/GengenbachmitBanner-klein.jpg\",\"width\":800,\"height\":533},{\"@type\":\"BreadcrumbList\",\"@id\":\"https:\/\/weltlaeden.de\/offenburg\/reiseblog-tour-de-fair-2026\/#breadcrumb\",\"itemListElement\":[{\"@type\":\"ListItem\",\"position\":1,\"name\":\"Startseite\",\"item\":\"https:\/\/weltlaeden.de\/offenburg\/\"},{\"@type\":\"ListItem\",\"position\":2,\"name\":\"Reiseblog &#8211; Tour de Fair 2026\"}]},{\"@type\":\"WebSite\",\"@id\":\"https:\/\/weltlaeden.de\/offenburg\/#website\",\"url\":\"https:\/\/weltlaeden.de\/offenburg\/\",\"name\":\"Weltladen Offenburg\",\"description\":\"Faire Produkte seit 1990\",\"potentialAction\":[{\"@type\":\"SearchAction\",\"target\":{\"@type\":\"EntryPoint\",\"urlTemplate\":\"https:\/\/weltlaeden.de\/offenburg\/?s={search_term_string}\"},\"query-input\":{\"@type\":\"PropertyValueSpecification\",\"valueRequired\":true,\"valueName\":\"search_term_string\"}}],\"inLanguage\":\"de\"}]}<\/script>\n<!-- \/ Yoast SEO plugin. -->","yoast_head_json":{"title":"Reiseblog - Tour de Fair 2026 - Weltladen Offenburg","robots":{"index":"index","follow":"follow","max-snippet":"max-snippet:-1","max-image-preview":"max-image-preview:large","max-video-preview":"max-video-preview:-1"},"canonical":"https:\/\/weltlaeden.de\/offenburg\/reiseblog-tour-de-fair-2026\/","og_locale":"de_DE","og_type":"article","og_title":"Reiseblog - Tour de Fair 2026 - Weltladen Offenburg","og_description":"Tour de Fair 2026 &#8222;Entdecke die Ortenau und Strasbourg&#8220; Wer Zugang zu Instagram hat, gerne reinschauen. Bilder und Videos vermitteln die tollsten Eindr\u00fccke! Unter Highlights Tour de Fair 2026 wurde alles gesammelt. https:\/\/www.instagram.com\/weltladenoffenburg\/ Es empfiehlt sich diesen Reiseblog von unten nach oben, von Tag zu Tag zu lesen! ************************************************************************************************* Update 8. August 2026 Der letzte&hellip;","og_url":"https:\/\/weltlaeden.de\/offenburg\/reiseblog-tour-de-fair-2026\/","og_site_name":"Weltladen Offenburg","article_modified_time":"2026-08-27T18:33:28+00:00","og_image":[{"width":800,"height":533,"url":"https:\/\/weltlaeden.de\/offenburg\/wp-content\/uploads\/sites\/198\/2026\/08\/GengenbachmitBanner-klein.jpg","type":"image\/jpeg"}],"twitter_card":"summary_large_image","twitter_misc":{"Gesch\u00e4tzte Lesezeit":"20\u00a0Minuten"},"schema":{"@context":"https:\/\/schema.org","@graph":[{"@type":"WebPage","@id":"https:\/\/weltlaeden.de\/offenburg\/reiseblog-tour-de-fair-2026\/","url":"https:\/\/weltlaeden.de\/offenburg\/reiseblog-tour-de-fair-2026\/","name":"Reiseblog - Tour de Fair 2026 - Weltladen Offenburg","isPartOf":{"@id":"https:\/\/weltlaeden.de\/offenburg\/#website"},"primaryImageOfPage":{"@id":"https:\/\/weltlaeden.de\/offenburg\/reiseblog-tour-de-fair-2026\/#primaryimage"},"image":{"@id":"https:\/\/weltlaeden.de\/offenburg\/reiseblog-tour-de-fair-2026\/#primaryimage"},"thumbnailUrl":"https:\/\/weltlaeden.de\/offenburg\/wp-content\/uploads\/sites\/198\/2026\/08\/GengenbachmitBanner-klein-300x200.jpg","datePublished":"2025-07-30T08:24:34+00:00","dateModified":"2026-08-27T18:33:28+00:00","breadcrumb":{"@id":"https:\/\/weltlaeden.de\/offenburg\/reiseblog-tour-de-fair-2026\/#breadcrumb"},"inLanguage":"de","potentialAction":[{"@type":"ReadAction","target":["https:\/\/weltlaeden.de\/offenburg\/reiseblog-tour-de-fair-2026\/"]}]},{"@type":"ImageObject","inLanguage":"de","@id":"https:\/\/weltlaeden.de\/offenburg\/reiseblog-tour-de-fair-2026\/#primaryimage","url":"https:\/\/weltlaeden.de\/offenburg\/wp-content\/uploads\/sites\/198\/2026\/08\/GengenbachmitBanner-klein.jpg","contentUrl":"https:\/\/weltlaeden.de\/offenburg\/wp-content\/uploads\/sites\/198\/2026\/08\/GengenbachmitBanner-klein.jpg","width":800,"height":533},{"@type":"BreadcrumbList","@id":"https:\/\/weltlaeden.de\/offenburg\/reiseblog-tour-de-fair-2026\/#breadcrumb","itemListElement":[{"@type":"ListItem","position":1,"name":"Startseite","item":"https:\/\/weltlaeden.de\/offenburg\/"},{"@type":"ListItem","position":2,"name":"Reiseblog &#8211; Tour de Fair 2026"}]},{"@type":"WebSite","@id":"https:\/\/weltlaeden.de\/offenburg\/#website","url":"https:\/\/weltlaeden.de\/offenburg\/","name":"Weltladen Offenburg","description":"Faire Produkte seit 1990","potentialAction":[{"@type":"SearchAction","target":{"@type":"EntryPoint","urlTemplate":"https:\/\/weltlaeden.de\/offenburg\/?s={search_term_string}"},"query-input":{"@type":"PropertyValueSpecification","valueRequired":true,"valueName":"search_term_string"}}],"inLanguage":"de"}]}},"_links":{"self":[{"href":"https:\/\/weltlaeden.de\/offenburg\/wp-json\/wp\/v2\/pages\/2938","targetHints":{"allow":["GET"]}}],"collection":[{"href":"https:\/\/weltlaeden.de\/offenburg\/wp-json\/wp\/v2\/pages"}],"about":[{"href":"https:\/\/weltlaeden.de\/offenburg\/wp-json\/wp\/v2\/types\/page"}],"author":[{"embeddable":true,"href":"https:\/\/weltlaeden.de\/offenburg\/wp-json\/wp\/v2\/users\/287"}],"replies":[{"embeddable":true,"href":"https:\/\/weltlaeden.de\/offenburg\/wp-json\/wp\/v2\/comments?post=2938"}],"version-history":[{"count":163,"href":"https:\/\/weltlaeden.de\/offenburg\/wp-json\/wp\/v2\/pages\/2938\/revisions"}],"predecessor-version":[{"id":4103,"href":"https:\/\/weltlaeden.de\/offenburg\/wp-json\/wp\/v2\/pages\/2938\/revisions\/4103"}],"wp:attachment":[{"href":"https:\/\/weltlaeden.de\/offenburg\/wp-json\/wp\/v2\/media?parent=2938"}],"curies":[{"name":"wp","href":"https:\/\/api.w.org\/{rel}","templated":true}]}}