{"id":2412,"date":"2025-04-02T11:25:05","date_gmt":"2025-04-02T09:25:05","guid":{"rendered":"https:\/\/weltlaeden.de\/offenburg\/?page_id=2412"},"modified":"2025-04-23T14:52:19","modified_gmt":"2025-04-23T12:52:19","slug":"actionbound-auf-den-spuren-der-nachhaltigkeit","status":"publish","type":"page","link":"https:\/\/weltlaeden.de\/offenburg\/actionbound-auf-den-spuren-der-nachhaltigkeit\/","title":{"rendered":"Auf den Spuren der Nachhaltigkeit!"},"content":{"rendered":"<h1 class=\"wp-block-heading\" style=\"text-align: center\">Kommt mit ! Auf den Spuren der Nachhaltigkeit durch Offenburg!<\/h1>\n<h1 class=\"wp-block-heading\" style=\"text-align: center\"><span style=\"color: #ffff99\"><strong><img loading=\"lazy\" decoding=\"async\" class=\" wp-image-2411 aligncenter\" src=\"https:\/\/weltlaeden.de\/offenburg\/wp-content\/uploads\/sites\/198\/2025\/04\/Fotocollage-Actionboundklein-300x252.jpg\" alt=\"\" width=\"451\" height=\"379\" srcset=\"https:\/\/weltlaeden.de\/offenburg\/wp-content\/uploads\/sites\/198\/2025\/04\/Fotocollage-Actionboundklein-300x252.jpg 300w, https:\/\/weltlaeden.de\/offenburg\/wp-content\/uploads\/sites\/198\/2025\/04\/Fotocollage-Actionboundklein-1024x861.jpg 1024w, https:\/\/weltlaeden.de\/offenburg\/wp-content\/uploads\/sites\/198\/2025\/04\/Fotocollage-Actionboundklein-768x646.jpg 768w, https:\/\/weltlaeden.de\/offenburg\/wp-content\/uploads\/sites\/198\/2025\/04\/Fotocollage-Actionboundklein.jpg 1200w\" sizes=\"auto, (max-width: 451px) 100vw, 451px\" \/><\/strong><\/span><\/h1>\n<p>&nbsp;<\/p>\n<h2 class=\"wp-block-heading has-cyan-bluish-gray-background-color has-background\" style=\"text-align: center\"><span style=\"color: #ffff99\"><strong>Achtung! Zur Zeit steht diese Rallye auf \u201eNon-Aktiv\u201c. Grund sind einige \u00c4nderungen bei den Zielen der Rallye. Wir bem\u00fchen uns um Aktualisierung. Vielen Dank f\u00fcr Ihr Verst\u00e4ndnis.<\/strong><\/span><\/h2>\n<p>&nbsp;<\/p>\n<p><strong>Actionbound ist eine digitale Rallye. Alles was du brauchst ist ein Smartphone und ein wenig Spa\u00df am Spazieren und R\u00e4tseln. Nach einer kurzen Einweisung geht es auch schon los!<\/strong><\/p>\n<p><strong>Die Tour startet und endet im\/am Weltladen. Auf der etwa 90-min\u00fctigen Tour m\u00fcssen Fragen an vordefinierten Punkten beantwortet werden. Dabei navigiert dir die App entlang der Route durch Offenburg.<\/strong><\/p>\n<p>&nbsp;<\/p>\n<h3><strong>Beginn des Spaziergangs im Weltladen.<\/strong><\/h3>\n<p>Sie k\u00f6nnen ganz spontan mit Verwandten und Bekannten auf eigene Faust loslegen. Einfach den App runterladen, QR-Code abscannen und los geht\u2019s! Den <strong><a href=\"https:\/\/www.weltladen-offenburg.de\/wp-content\/uploads\/QR-CODE-Grossformat.jpg\">QR-Code<\/a><\/strong> und weitere Infos finden Sie in der Men\u00fcleiste unter <a href=\"https:\/\/www.weltladen-offenburg.de\/2022\/10\/mit-smartphone-auf-schnitzeljagd\/\" data-type=\"link\" data-id=\"https:\/\/www.weltladen-offenburg.de\/2022\/10\/mit-smartphone-auf-schnitzeljagd\/\">Bildung \u2013 Digitale Stadtrallye<\/a>. Auch unsere MitarbeiterInnen k\u00f6nnen Rede und Antwort geben. Von Zeit zu Zeit werden auch gef\u00fchrte Wanderungen angeboten. Erkundigen Sie sich!<\/p>\n<p>F\u00fcr die Faire Woche 2022 hatte Petra, Mitarbeiterin im Weltladen, einen digitalen Spaziergang durch Offenburg zusammengestellt. Alles was man hierzu braucht ist ein funktionst\u00fcchtiges Smartphone mit der Actionbound-App, ein wenig Zeit und Spa\u00df am Spazierengehen und am R\u00e4tseln! Die Tour startet und endet im Weltladen. Auf der etwa 90-min\u00fctigen Tour, 2 km, m\u00fcssen Fragen an vordefinierten Punkten beantwortet werden. Dabei navigiert die App entlang der Route durch Offenburg.<\/p>\n<p>&nbsp;<\/p>\n<figure class=\"wp-block-image size-full\"><\/figure>\n<h3><strong>Was ist Actionbound ?<\/strong><\/h3>\n<p>Actionbound ist eine digitale Rallye. Mit der <a href=\"https:\/\/de.actionbound.com\/download\">Actionbound-App<\/a> werden spannende, lustige und lehrreiche Smartphone- und Tablet-Rallyes gespielt. Diese multimedialen Erlebnistouren werden \u201eBounds\u201cgenannt. Urspr\u00fcnglich als medienp\u00e4dagogisches Projekt gestartet, wird Actionbound heute von vielen Menschen auf der Welt zu ganz verschiedenen Zwecken genutzt.<\/p>\n<p>Es w\u00fcrde zu weit f\u00fchren, hier alles zu erkl\u00e4ren, f\u00fcr mehr Information k\u00f6nnen Sie einfach mal vorbeischauen auf <a href=\"https:\/\/de.actionbound.com\/\">https:\/\/de.actionbound.com\/<\/a><\/p>\n<p>Interesse ? Dann kommen Sie zum Weltladen. Die Mitarbeiter und Mitarbeiterinnen geben gerne Auskunft.<\/p>\n<p>Es werden \u00fcbrigens auch gef\u00fchrte Spazierg\u00e4nge angeboten. Erkundigen Sie sich ! Genaue Termine werden rechtzeitig auf dieser Website bekanntgegeben. Oder machen Sie einen Termin aus mit Petra oder Astrid !<\/p>\n<p>Mehr Infos: <a href=\"https:\/\/weltlaeden.de\/offenburg\/wp-content\/uploads\/sites\/198\/2025\/04\/anleitung-actionbound-allgemeinA4.pdf\"><span style=\"color: #ff9900\"><strong>anleitung actionbound allgemein<\/strong><\/span><\/a><\/p>\n","protected":false},"excerpt":{"rendered":"<p>Kommt mit ! Auf den Spuren der Nachhaltigkeit durch Offenburg! &nbsp; Achtung! Zur Zeit steht diese Rallye auf \u201eNon-Aktiv\u201c. Grund sind einige \u00c4nderungen bei den Zielen der Rallye. Wir bem\u00fchen uns um Aktualisierung. Vielen Dank f\u00fcr Ihr Verst\u00e4ndnis. &nbsp; Actionbound ist eine digitale Rallye. Alles was du brauchst ist ein Smartphone und ein wenig Spa\u00df&hellip;<\/p>\n","protected":false},"author":287,"featured_media":2411,"parent":0,"menu_order":0,"comment_status":"closed","ping_status":"closed","template":"","meta":{"footnotes":""},"class_list":["post-2412","page","type-page","status-publish","has-post-thumbnail","hentry","description-off"],"yoast_head":"<!-- This site is optimized with the Yoast SEO plugin v26.8 - https:\/\/yoast.com\/product\/yoast-seo-wordpress\/ -->\n<title>Auf den Spuren der Nachhaltigkeit! - Weltladen Offenburg<\/title>\n<meta name=\"robots\" content=\"index, follow, max-snippet:-1, max-image-preview:large, max-video-preview:-1\" \/>\n<link rel=\"canonical\" href=\"https:\/\/weltlaeden.de\/offenburg\/actionbound-auf-den-spuren-der-nachhaltigkeit\/\" \/>\n<meta property=\"og:locale\" content=\"de_DE\" \/>\n<meta property=\"og:type\" content=\"article\" \/>\n<meta property=\"og:title\" content=\"Auf den Spuren der Nachhaltigkeit! - Weltladen Offenburg\" \/>\n<meta property=\"og:description\" content=\"Kommt mit ! Auf den Spuren der Nachhaltigkeit durch Offenburg! &nbsp; Achtung! Zur Zeit steht diese Rallye auf \u201eNon-Aktiv\u201c. Grund sind einige \u00c4nderungen bei den Zielen der Rallye. Wir bem\u00fchen uns um Aktualisierung. Vielen Dank f\u00fcr Ihr Verst\u00e4ndnis. &nbsp; Actionbound ist eine digitale Rallye. Alles was du brauchst ist ein Smartphone und ein wenig Spa\u00df&hellip;\" \/>\n<meta property=\"og:url\" content=\"https:\/\/weltlaeden.de\/offenburg\/actionbound-auf-den-spuren-der-nachhaltigkeit\/\" \/>\n<meta property=\"og:site_name\" content=\"Weltladen Offenburg\" \/>\n<meta property=\"article:modified_time\" content=\"2025-04-23T12:52:19+00:00\" \/>\n<meta property=\"og:image\" content=\"https:\/\/weltlaeden.de\/offenburg\/wp-content\/uploads\/sites\/198\/2025\/04\/Fotocollage-Actionboundklein.jpg\" \/>\n\t<meta property=\"og:image:width\" content=\"1200\" \/>\n\t<meta property=\"og:image:height\" content=\"1009\" \/>\n\t<meta property=\"og:image:type\" content=\"image\/jpeg\" \/>\n<meta name=\"twitter:card\" content=\"summary_large_image\" \/>\n<meta name=\"twitter:label1\" content=\"Gesch\u00e4tzte Lesezeit\" \/>\n\t<meta name=\"twitter:data1\" content=\"3\u00a0Minuten\" \/>\n<script type=\"application\/ld+json\" class=\"yoast-schema-graph\">{\"@context\":\"https:\/\/schema.org\",\"@graph\":[{\"@type\":\"WebPage\",\"@id\":\"https:\/\/weltlaeden.de\/offenburg\/actionbound-auf-den-spuren-der-nachhaltigkeit\/\",\"url\":\"https:\/\/weltlaeden.de\/offenburg\/actionbound-auf-den-spuren-der-nachhaltigkeit\/\",\"name\":\"Auf den Spuren der Nachhaltigkeit! - Weltladen Offenburg\",\"isPartOf\":{\"@id\":\"https:\/\/weltlaeden.de\/offenburg\/#website\"},\"primaryImageOfPage\":{\"@id\":\"https:\/\/weltlaeden.de\/offenburg\/actionbound-auf-den-spuren-der-nachhaltigkeit\/#primaryimage\"},\"image\":{\"@id\":\"https:\/\/weltlaeden.de\/offenburg\/actionbound-auf-den-spuren-der-nachhaltigkeit\/#primaryimage\"},\"thumbnailUrl\":\"https:\/\/weltlaeden.de\/offenburg\/wp-content\/uploads\/sites\/198\/2025\/04\/Fotocollage-Actionboundklein.jpg\",\"datePublished\":\"2025-04-02T09:25:05+00:00\",\"dateModified\":\"2025-04-23T12:52:19+00:00\",\"breadcrumb\":{\"@id\":\"https:\/\/weltlaeden.de\/offenburg\/actionbound-auf-den-spuren-der-nachhaltigkeit\/#breadcrumb\"},\"inLanguage\":\"de\",\"potentialAction\":[{\"@type\":\"ReadAction\",\"target\":[\"https:\/\/weltlaeden.de\/offenburg\/actionbound-auf-den-spuren-der-nachhaltigkeit\/\"]}]},{\"@type\":\"ImageObject\",\"inLanguage\":\"de\",\"@id\":\"https:\/\/weltlaeden.de\/offenburg\/actionbound-auf-den-spuren-der-nachhaltigkeit\/#primaryimage\",\"url\":\"https:\/\/weltlaeden.de\/offenburg\/wp-content\/uploads\/sites\/198\/2025\/04\/Fotocollage-Actionboundklein.jpg\",\"contentUrl\":\"https:\/\/weltlaeden.de\/offenburg\/wp-content\/uploads\/sites\/198\/2025\/04\/Fotocollage-Actionboundklein.jpg\",\"width\":1200,\"height\":1009},{\"@type\":\"BreadcrumbList\",\"@id\":\"https:\/\/weltlaeden.de\/offenburg\/actionbound-auf-den-spuren-der-nachhaltigkeit\/#breadcrumb\",\"itemListElement\":[{\"@type\":\"ListItem\",\"position\":1,\"name\":\"Startseite\",\"item\":\"https:\/\/weltlaeden.de\/offenburg\/\"},{\"@type\":\"ListItem\",\"position\":2,\"name\":\"Auf den Spuren der Nachhaltigkeit!\"}]},{\"@type\":\"WebSite\",\"@id\":\"https:\/\/weltlaeden.de\/offenburg\/#website\",\"url\":\"https:\/\/weltlaeden.de\/offenburg\/\",\"name\":\"Weltladen Offenburg\",\"description\":\"Faire Produkte seit 1990\",\"potentialAction\":[{\"@type\":\"SearchAction\",\"target\":{\"@type\":\"EntryPoint\",\"urlTemplate\":\"https:\/\/weltlaeden.de\/offenburg\/?s={search_term_string}\"},\"query-input\":{\"@type\":\"PropertyValueSpecification\",\"valueRequired\":true,\"valueName\":\"search_term_string\"}}],\"inLanguage\":\"de\"}]}<\/script>\n<!-- \/ Yoast SEO plugin. -->","yoast_head_json":{"title":"Auf den Spuren der Nachhaltigkeit! - Weltladen Offenburg","robots":{"index":"index","follow":"follow","max-snippet":"max-snippet:-1","max-image-preview":"max-image-preview:large","max-video-preview":"max-video-preview:-1"},"canonical":"https:\/\/weltlaeden.de\/offenburg\/actionbound-auf-den-spuren-der-nachhaltigkeit\/","og_locale":"de_DE","og_type":"article","og_title":"Auf den Spuren der Nachhaltigkeit! - Weltladen Offenburg","og_description":"Kommt mit ! Auf den Spuren der Nachhaltigkeit durch Offenburg! &nbsp; Achtung! Zur Zeit steht diese Rallye auf \u201eNon-Aktiv\u201c. Grund sind einige \u00c4nderungen bei den Zielen der Rallye. Wir bem\u00fchen uns um Aktualisierung. Vielen Dank f\u00fcr Ihr Verst\u00e4ndnis. &nbsp; Actionbound ist eine digitale Rallye. Alles was du brauchst ist ein Smartphone und ein wenig Spa\u00df&hellip;","og_url":"https:\/\/weltlaeden.de\/offenburg\/actionbound-auf-den-spuren-der-nachhaltigkeit\/","og_site_name":"Weltladen Offenburg","article_modified_time":"2025-04-23T12:52:19+00:00","og_image":[{"width":1200,"height":1009,"url":"https:\/\/weltlaeden.de\/offenburg\/wp-content\/uploads\/sites\/198\/2025\/04\/Fotocollage-Actionboundklein.jpg","type":"image\/jpeg"}],"twitter_card":"summary_large_image","twitter_misc":{"Gesch\u00e4tzte Lesezeit":"3\u00a0Minuten"},"schema":{"@context":"https:\/\/schema.org","@graph":[{"@type":"WebPage","@id":"https:\/\/weltlaeden.de\/offenburg\/actionbound-auf-den-spuren-der-nachhaltigkeit\/","url":"https:\/\/weltlaeden.de\/offenburg\/actionbound-auf-den-spuren-der-nachhaltigkeit\/","name":"Auf den Spuren der Nachhaltigkeit! - Weltladen Offenburg","isPartOf":{"@id":"https:\/\/weltlaeden.de\/offenburg\/#website"},"primaryImageOfPage":{"@id":"https:\/\/weltlaeden.de\/offenburg\/actionbound-auf-den-spuren-der-nachhaltigkeit\/#primaryimage"},"image":{"@id":"https:\/\/weltlaeden.de\/offenburg\/actionbound-auf-den-spuren-der-nachhaltigkeit\/#primaryimage"},"thumbnailUrl":"https:\/\/weltlaeden.de\/offenburg\/wp-content\/uploads\/sites\/198\/2025\/04\/Fotocollage-Actionboundklein.jpg","datePublished":"2025-04-02T09:25:05+00:00","dateModified":"2025-04-23T12:52:19+00:00","breadcrumb":{"@id":"https:\/\/weltlaeden.de\/offenburg\/actionbound-auf-den-spuren-der-nachhaltigkeit\/#breadcrumb"},"inLanguage":"de","potentialAction":[{"@type":"ReadAction","target":["https:\/\/weltlaeden.de\/offenburg\/actionbound-auf-den-spuren-der-nachhaltigkeit\/"]}]},{"@type":"ImageObject","inLanguage":"de","@id":"https:\/\/weltlaeden.de\/offenburg\/actionbound-auf-den-spuren-der-nachhaltigkeit\/#primaryimage","url":"https:\/\/weltlaeden.de\/offenburg\/wp-content\/uploads\/sites\/198\/2025\/04\/Fotocollage-Actionboundklein.jpg","contentUrl":"https:\/\/weltlaeden.de\/offenburg\/wp-content\/uploads\/sites\/198\/2025\/04\/Fotocollage-Actionboundklein.jpg","width":1200,"height":1009},{"@type":"BreadcrumbList","@id":"https:\/\/weltlaeden.de\/offenburg\/actionbound-auf-den-spuren-der-nachhaltigkeit\/#breadcrumb","itemListElement":[{"@type":"ListItem","position":1,"name":"Startseite","item":"https:\/\/weltlaeden.de\/offenburg\/"},{"@type":"ListItem","position":2,"name":"Auf den Spuren der Nachhaltigkeit!"}]},{"@type":"WebSite","@id":"https:\/\/weltlaeden.de\/offenburg\/#website","url":"https:\/\/weltlaeden.de\/offenburg\/","name":"Weltladen Offenburg","description":"Faire Produkte seit 1990","potentialAction":[{"@type":"SearchAction","target":{"@type":"EntryPoint","urlTemplate":"https:\/\/weltlaeden.de\/offenburg\/?s={search_term_string}"},"query-input":{"@type":"PropertyValueSpecification","valueRequired":true,"valueName":"search_term_string"}}],"inLanguage":"de"}]}},"_links":{"self":[{"href":"https:\/\/weltlaeden.de\/offenburg\/wp-json\/wp\/v2\/pages\/2412","targetHints":{"allow":["GET"]}}],"collection":[{"href":"https:\/\/weltlaeden.de\/offenburg\/wp-json\/wp\/v2\/pages"}],"about":[{"href":"https:\/\/weltlaeden.de\/offenburg\/wp-json\/wp\/v2\/types\/page"}],"author":[{"embeddable":true,"href":"https:\/\/weltlaeden.de\/offenburg\/wp-json\/wp\/v2\/users\/287"}],"replies":[{"embeddable":true,"href":"https:\/\/weltlaeden.de\/offenburg\/wp-json\/wp\/v2\/comments?post=2412"}],"version-history":[{"count":11,"href":"https:\/\/weltlaeden.de\/offenburg\/wp-json\/wp\/v2\/pages\/2412\/revisions"}],"predecessor-version":[{"id":2643,"href":"https:\/\/weltlaeden.de\/offenburg\/wp-json\/wp\/v2\/pages\/2412\/revisions\/2643"}],"wp:featuredmedia":[{"embeddable":true,"href":"https:\/\/weltlaeden.de\/offenburg\/wp-json\/wp\/v2\/media\/2411"}],"wp:attachment":[{"href":"https:\/\/weltlaeden.de\/offenburg\/wp-json\/wp\/v2\/media?parent=2412"}],"curies":[{"name":"wp","href":"https:\/\/api.w.org\/{rel}","templated":true}]}}