{"id":2403,"date":"2025-04-01T20:56:09","date_gmt":"2025-04-01T18:56:09","guid":{"rendered":"https:\/\/weltlaeden.de\/offenburg\/?page_id=2403"},"modified":"2026-04-24T11:13:40","modified_gmt":"2026-04-24T09:13:40","slug":"buchtipps","status":"publish","type":"page","link":"https:\/\/weltlaeden.de\/offenburg\/buchtipps\/","title":{"rendered":"Buchtipps"},"content":{"rendered":"<div class=\"wpb-content-wrapper\"><p>[vc_row][vc_column][vc_column_text css=&#8220;&#8220;]<\/p>\n<div class=\"mb-3 cover-container\">\n<div class=\"cover\">\n<h1 style=\"text-align: center\">BUCHTIPPS<\/h1>\n<h1 style=\"text-align: center\"><img loading=\"lazy\" decoding=\"async\" class=\"alignnone wp-image-2395\" src=\"https:\/\/weltlaeden.de\/offenburg\/wp-content\/uploads\/sites\/198\/2025\/04\/books-2241635_1280-300x174.jpg\" alt=\"\" width=\"674\" height=\"391\" srcset=\"https:\/\/weltlaeden.de\/offenburg\/wp-content\/uploads\/sites\/198\/2025\/04\/books-2241635_1280-300x174.jpg 300w, https:\/\/weltlaeden.de\/offenburg\/wp-content\/uploads\/sites\/198\/2025\/04\/books-2241635_1280-1024x595.jpg 1024w, https:\/\/weltlaeden.de\/offenburg\/wp-content\/uploads\/sites\/198\/2025\/04\/books-2241635_1280-768x446.jpg 768w, https:\/\/weltlaeden.de\/offenburg\/wp-content\/uploads\/sites\/198\/2025\/04\/books-2241635_1280.jpg 1280w\" sizes=\"auto, (max-width: 674px) 100vw, 674px\" \/><\/h1>\n<\/div>\n<\/div>\n<div class=\"mb-3 cover-container\">\n<div class=\"cover\">\n<p><img loading=\"lazy\" decoding=\"async\" class=\"size-medium wp-image-2430 alignleft\" src=\"https:\/\/weltlaeden.de\/offenburg\/wp-content\/uploads\/sites\/198\/2025\/04\/Der-Maechtigen-Zaehmung-188x300.jpg\" alt=\"\" width=\"188\" height=\"300\" srcset=\"https:\/\/weltlaeden.de\/offenburg\/wp-content\/uploads\/sites\/198\/2025\/04\/Der-Maechtigen-Zaehmung-188x300.jpg 188w, https:\/\/weltlaeden.de\/offenburg\/wp-content\/uploads\/sites\/198\/2025\/04\/Der-Maechtigen-Zaehmung.jpg 254w\" sizes=\"auto, (max-width: 188px) 100vw, 188px\" \/><\/p>\n<p>&nbsp;<\/p>\n<\/div>\n<\/div>\n<div class=\"mb-3 cover-container\">\n<div class=\"cover\">\n<div class=\"titel h2 my-2\">Frank Herrmann<\/div>\n<div><\/div>\n<div class=\"titel h2 my-2\">Der M\u00e4chtigen Z\u00e4hmung<\/div>\n<h2 class=\"subtitel h4 my-2\">Warum Konzerne klare Spielregeln brauchen<\/h2>\n<div class=\"biblio my-3\">\n<p>oekom Verlag<\/p>\n<p>ISBN: 978-3-96238-233-9<br \/>\nSoftcover, 224 Seiten<br \/>\nErscheinungstermin: 12.04.2022<\/p>\n<\/div>\n<div class=\"mb-3\">\n<p>Faire L\u00f6hne, nachhaltige Produkte, klimaneutrales Wirtschaften &#8211; viele Konzerne geben vor, die Umwelt zu sch\u00fctzen und Menschenrechte einzuhalten. Doch zwischen Versprechen und Realit\u00e4t klaffen meist gro\u00dfe L\u00fccken, globale Ungleichheiten nehmen weiter zu. Die Politik hat diese Entwicklungen beg\u00fcnstigt. Jahrzehntelang hat sie auf Eigenverantwortung der Unternehmen und ihr freiwilliges Engagement gesetzt. Frank Herrmann ist \u00fcberzeugt: Freiwilligkeit reicht nicht. Wir brauchen mehr Anreize f\u00fcr nachhaltiges Handeln, h\u00f6here Standards und bessere M\u00f6glichkeiten, Regelverst\u00f6\u00dfe auch zu ahnden.<\/p>\n<p>&nbsp;<\/p>\n<hr \/>\n<p>&nbsp;<\/p>\n<\/div>\n<div class=\"mb-3 cover-container\">\n<div class=\"cover\"><img loading=\"lazy\" decoding=\"async\" class=\"title-cover alignleft\" src=\"https:\/\/res.cloudinary.com\/pim-red\/image\/upload\/q_auto,f_auto,w_580,q_auto,w_580,f_auto\/v1555329796\/oekom\/cover\/9783865818089_cmyk.jpg\" alt=\"Cover: FAIRreisen\" width=\"180\" height=\"275\" data-src=\"https:\/\/res.cloudinary.com\/pim-red\/image\/upload\/q_auto,f_auto,w_580,q_auto,w_580,f_auto\/v1555329796\/oekom\/cover\/9783865818089_cmyk.jpg\" \/><\/div>\n<\/div>\n<div class=\"titel h2 my-2\">Frank Herrmann<\/div>\n<div><\/div>\n<div class=\"titel h2 my-2\">FAIRreisen<\/div>\n<h2 class=\"subtitel h4 my-2\">Das Handbuch f\u00fcr alle, die umweltbewusst unterwegs sein wollen<\/h2>\n<div class=\"biblio my-3\">\n<p>oekom Verlag<\/p>\n<p>ISBN: 978-3-86581-808-9<br \/>\nSoftcover, 328 Seiten<br \/>\nErscheinungstermin: 25.07.2016<\/p>\n<\/div>\n<div class=\"mb-3\">\n<p>Welche Tourismussiegel sind seri\u00f6s? Welche Reiseveranstalter achten auf die Einhaltung von Menschenrechten? Wie kann ich das CO2 meiner Reise kompensieren? Wie wird meine Kreuzfahrt umweltfreundlicher? Wo bekomme ich \u00f6kologisch und fair produzierte Trekkingkleidung?<\/p>\n<p>Wer Antworten auf diese und viele weitere Fragen sucht, liegt bei Reisebuchautor und Tourismusexperte Frank Herrmann goldrichtig: Infok\u00e4sten, Checklisten und ein ausf\u00fchrlicher Serviceteil geben schnell und kompetent Rat. Dar\u00fcber hinaus ist das Handbuch eine umfassende Quelle der Information f\u00fcr all jene, die sich \u00fcber <span class=\"langtext-container\"><span class=\"text-appendix-body\">die Auswirkungen des Tourismusbooms auf Klima, Umwelt und die Menschen vor Ort informieren m\u00f6chten &#8211; damit Reisen f\u00fcr alle ein Gewinn ist. <\/span><\/span><\/p>\n<p>&nbsp;<\/p>\n<hr \/>\n<\/div>\n<div class=\"mb-3\">\n<p>&nbsp;<\/p>\n<p style=\"text-align: left\"><img loading=\"lazy\" decoding=\"async\" class=\" wp-image-2263 alignleft\" src=\"https:\/\/weltlaeden.de\/offenburg\/wp-content\/uploads\/sites\/198\/2025\/03\/buchimmernochklein-300x300.jpg\" alt=\"\" width=\"245\" height=\"245\" srcset=\"https:\/\/weltlaeden.de\/offenburg\/wp-content\/uploads\/sites\/198\/2025\/03\/buchimmernochklein-300x300.jpg 300w, https:\/\/weltlaeden.de\/offenburg\/wp-content\/uploads\/sites\/198\/2025\/03\/buchimmernochklein-150x150.jpg 150w, https:\/\/weltlaeden.de\/offenburg\/wp-content\/uploads\/sites\/198\/2025\/03\/buchimmernochklein.jpg 600w\" sizes=\"auto, (max-width: 245px) 100vw, 245px\" \/><\/p>\n<p>&nbsp;<\/p>\n<p style=\"text-align: left\">Angelika Nain<\/p>\n<h2>Und immer noch &#8230; Auswirkungen des Kolonialismus in Afrika<\/h2>\n<p>Kunstband, erschienen im Eigenverlag mit Unterst\u00fctzung des Kulturamts der Stadt Kehl.<\/p>\n<p>Die Auswirkungen des Kolonialismus in Afrika sind immer noch auf vielf\u00e4ltiger Weise erfahrbar. Die Druckgrafikerin Angelika Nain liefert mit ihrem neuen Kunstband &#8222;Und immer noch&#8220; eine besondere Sichtweise auf dieses Thema.<\/p>\n<p>Dabei wurden die Eindr\u00fccke einer Charity-Reise nach Gambia in 2017 von ihr\u00a0 in 14 Druckgrafiken f\u00fcr das Museum im Ritterhaus umgesetzt und in die Pr\u00e4sentation der kolonialzeitlichen Sammlung aufgenommen.<\/p>\n<p>Thematisiert werden die vorkoloniale und koloniale Geschichte sowie Aspekte von postkolonialem Rassismus und seinen Auswirkungen bis heute. Durch die Beitr\u00e4ge wird deutlich, dass Flucht, Umweltzerst\u00f6rungen, Verletzung von Menschenrechten, Armut und Korruption immer noch den afrikanischen Kontinent pr\u00e4gen. \u201eUnd immer noch\u2026\u201c sensibilisiert durch Bild und Sprache f\u00fcr die vielf\u00e4ltigen Facetten von Afrikas Geschichte und Gegenwart.<\/p>\n<p>&nbsp;<\/p>\n<hr \/>\n<p>&nbsp;<\/p>\n<\/div>\n<div style=\"text-align: left\"><img loading=\"lazy\" decoding=\"async\" class=\" wp-image-2559 alignleft\" src=\"https:\/\/weltlaeden.de\/offenburg\/wp-content\/uploads\/sites\/198\/2025\/04\/tayosabenteuerklein1-300x300.jpg\" alt=\"\" width=\"241\" height=\"241\" srcset=\"https:\/\/weltlaeden.de\/offenburg\/wp-content\/uploads\/sites\/198\/2025\/04\/tayosabenteuerklein1-300x300.jpg 300w, https:\/\/weltlaeden.de\/offenburg\/wp-content\/uploads\/sites\/198\/2025\/04\/tayosabenteuerklein1-150x150.jpg 150w, https:\/\/weltlaeden.de\/offenburg\/wp-content\/uploads\/sites\/198\/2025\/04\/tayosabenteuerklein1.jpg 600w\" sizes=\"auto, (max-width: 241px) 100vw, 241px\" \/><\/div>\n<div><\/div>\n<div><\/div>\n<div style=\"text-align: left\">Silke Stricker<\/div>\n<h2>Tayos sch\u00f6nster Tag<\/h2>\n<p>Eine Geschichte \u00fcber das Anderssein, \u00fcber Inklusion. Ein Buch, das Hoffnung macht, dass jedes Kind auf der Welt die M\u00f6glichkeit erh\u00e4lt, gef\u00f6rdert zu werden und eine Schule zu besuchen. Silke Stricker, erste Vorsitzende des Vereins Marahaba Behindertenhilfe Tansania, hat dieses Buch geschrieben. Die wundersch\u00f6nen Illustrationen stammen von der Hand von Lars Statheus, ein langj\u00e4hriger Freund der Famlie Stricker. Zu jedem Buch geh\u00f6rt ein handgen\u00e4hter Elefant. Die Elefanten hat die geh\u00f6rlose Paulina in Tansania gen\u00e4ht.<\/p>\n<p><strong>Wie alles begann &#8230;<\/strong><\/p>\n<p>Silke Stricker hat 2012 als freiwillige Mitarbeiterin in einem Krankenhaus und in einem Kindergarten in Karatu, Tansania, gearbeitet. Die vielen Schicksale behinderter Kinder und ihrer Eltern konnte sie nicht vergessen. In Tansania gibt es keine bzw. zu wenige Einrichtungen f\u00fcr Menschen mit Behinderung. So gr\u00fcndete sie mit Einheimischen eine CBO (Community Based Organisation) und das Rehabilitationscenter &#8222;Marahaba&#8220;.<\/p>\n<p>In Deutschland gr\u00fcndete sich 2012 der Verein &#8222;Marahaba Behindertenhilfe Tansania e.V.<\/p>\n<p>F\u00fcr mehr Informationen besuchen Sie die Website <a href=\"https:\/\/behindertenhilfe-tansania.de\/\">www.behindertenhilfe-tansania.de<\/a>.<\/p>\n<p>Das Kinderbuch gibt es bei uns im Weltladen<\/p>\n<hr \/>\n<\/div>\n<p>&nbsp;<\/p>\n<\/div>\n<p><img loading=\"lazy\" decoding=\"async\" class=\"size-medium wp-image-2568 alignleft\" src=\"https:\/\/weltlaeden.de\/offenburg\/wp-content\/uploads\/sites\/198\/2025\/04\/tayos-abenteuerklein-300x266.png\" alt=\"\" width=\"300\" height=\"266\" srcset=\"https:\/\/weltlaeden.de\/offenburg\/wp-content\/uploads\/sites\/198\/2025\/04\/tayos-abenteuerklein-300x266.png 300w, https:\/\/weltlaeden.de\/offenburg\/wp-content\/uploads\/sites\/198\/2025\/04\/tayos-abenteuerklein.png 592w\" sizes=\"auto, (max-width: 300px) 100vw, 300px\" \/><\/p>\n<p>Silke Stricker<\/p>\n<h2>Tayos Abenteur &#8211; Musik in den Ohren<\/h2>\n<p>Das zweite Kinderbuch von Silke Stricker.<\/p>\n<p>Tayo, der kleine Elefant aus Tansania, besucht mit seinen Freunden Deutschland.<\/p>\n<p>Der Erl\u00f6s der verkauften B\u00fccher kommt dem Projekt in Tansania zugute.<\/p>\n<p>&nbsp;<\/p>\n<p>Das Kinderbuch gibt es bei uns im Weltladen<\/p>\n<p>&nbsp;<\/p>\n<p>&nbsp;<\/p>\n<hr \/>\n<p>[\/vc_column_text]<div class=\"wl_einzelbild\"><p><img loading=\"lazy\" decoding=\"async\" class=\"size-medium wp-image-3714 alignleft\" src=\"https:\/\/weltlaeden.de\/offenburg\/wp-content\/uploads\/sites\/198\/2026\/04\/COVER_klein-212x300.jpg\" alt=\"\" width=\"212\" height=\"300\" srcset=\"https:\/\/weltlaeden.de\/offenburg\/wp-content\/uploads\/sites\/198\/2026\/04\/COVER_klein-212x300.jpg 212w, https:\/\/weltlaeden.de\/offenburg\/wp-content\/uploads\/sites\/198\/2026\/04\/COVER_klein.jpg 600w\" sizes=\"auto, (max-width: 212px) 100vw, 212px\" \/><\/p>\n<p><strong>Frank Herrmann<\/strong><\/p>\n<p><strong>DIREKT \u2013 Einkaufen (fast) ohne Supermarkt<\/strong><\/p>\n<p><strong>Fair konsumieren \u2013 regional, saisonal, bio<\/strong><\/p>\n<p>1. Auflage 2026<br \/>\n180 S., Paperback DIN A5<br \/>\nISBN 978-3-95558-424-5<\/p>\n<p>Ganz nah, und doch so fern: Die Globalisierung beschert uns eine enorme Auswahl an Lebensmitteln aus aller Welt. Meist kennen wir die Landwirte, Produzenten, Hersteller unseres Essens nicht und vertrauen stattdessen den Produktangaben gro\u00dfer Unternehmen. Mehr noch: Supermarktkonzerne und Lebensmittelproduzenten \u00addominieren den milliardenschweren Lebensmittelmarkt \u2013 oftmals zulasten von uns allen und der Umwelt.<\/p>\n<p style=\"text-align: left\">Wie kann unsere Ern\u00e4hrung gerechter, umweltfreundlicher und unabh\u00e4ngiger werden \u2013 jenseits der erdr\u00fcckenden Marktmacht gro\u00dfer Supermarkt- und Lebensmittelkonzerne? Dieses Buch stellt inspirierende Netzwerke, Initiativen und Unternehmen vor, die zeigen, wie direkter Handel zwischen Erzeugern und Konsumenten funktioniert: fair, regional, transparent und nachhaltig. Mit konkreten Beispielen, praktischen Ideen und einem klaren Blick in die Zukunft wird gezeigt, wie wir unsere Lebensmittelversorgung selbst in die Hand nehmen k\u00f6nnen \u2013 f\u00fcr mehr Vertrauen, Wertsch\u00e4tzung und Qualit\u00e4t auf unseren Tellern.<\/p>\n<p>Der Link zum Buch:<\/p>\n<p><strong><a href=\"https:\/\/www.brandes-apsel.de\/direkt-einkaufen-fast-ohne-supermarkt.html\">https:\/\/www.brandes-apsel.de\/direkt-einkaufen-fast-ohne-supermarkt.html<\/a><\/strong><\/p><\/div>[\/vc_column][\/vc_row][vc_row][vc_column]<div class=\"wl_einzelbild\"><p>\u00a0<\/p><\/div>[\/vc_column][\/vc_row]<\/p>\n<\/div>","protected":false},"excerpt":{"rendered":"<p>[vc_row][vc_column][vc_column_text css=&#8220;&#8220;] BUCHTIPPS &nbsp; Frank Herrmann Der M\u00e4chtigen Z\u00e4hmung Warum Konzerne klare Spielregeln brauchen oekom Verlag ISBN: 978-3-96238-233-9 Softcover, 224 Seiten Erscheinungstermin: 12.04.2022 Faire L\u00f6hne, nachhaltige Produkte, klimaneutrales Wirtschaften &#8211; viele Konzerne geben vor, die Umwelt zu sch\u00fctzen und Menschenrechte einzuhalten. Doch zwischen Versprechen und Realit\u00e4t klaffen meist gro\u00dfe L\u00fccken, globale Ungleichheiten nehmen weiter zu.&hellip;<\/p>\n","protected":false},"author":287,"featured_media":2395,"parent":0,"menu_order":0,"comment_status":"closed","ping_status":"closed","template":"","meta":{"footnotes":""},"class_list":["post-2403","page","type-page","status-publish","has-post-thumbnail","hentry","description-off"],"yoast_head":"<!-- This site is optimized with the Yoast SEO plugin v26.8 - https:\/\/yoast.com\/product\/yoast-seo-wordpress\/ -->\n<title>Buchtipps - Weltladen Offenburg<\/title>\n<meta name=\"robots\" content=\"index, follow, max-snippet:-1, max-image-preview:large, max-video-preview:-1\" \/>\n<link rel=\"canonical\" href=\"https:\/\/weltlaeden.de\/offenburg\/buchtipps\/\" \/>\n<meta property=\"og:locale\" content=\"de_DE\" \/>\n<meta property=\"og:type\" content=\"article\" \/>\n<meta property=\"og:title\" content=\"Buchtipps - Weltladen Offenburg\" \/>\n<meta property=\"og:description\" content=\"[vc_row][vc_column][vc_column_text css=&#8220;&#8220;] BUCHTIPPS &nbsp; Frank Herrmann Der M\u00e4chtigen Z\u00e4hmung Warum Konzerne klare Spielregeln brauchen oekom Verlag ISBN: 978-3-96238-233-9 Softcover, 224 Seiten Erscheinungstermin: 12.04.2022 Faire L\u00f6hne, nachhaltige Produkte, klimaneutrales Wirtschaften &#8211; viele Konzerne geben vor, die Umwelt zu sch\u00fctzen und Menschenrechte einzuhalten. Doch zwischen Versprechen und Realit\u00e4t klaffen meist gro\u00dfe L\u00fccken, globale Ungleichheiten nehmen weiter zu.&hellip;\" \/>\n<meta property=\"og:url\" content=\"https:\/\/weltlaeden.de\/offenburg\/buchtipps\/\" \/>\n<meta property=\"og:site_name\" content=\"Weltladen Offenburg\" \/>\n<meta property=\"article:modified_time\" content=\"2026-04-24T09:13:40+00:00\" \/>\n<meta property=\"og:image\" content=\"https:\/\/weltlaeden.de\/offenburg\/wp-content\/uploads\/sites\/198\/2025\/04\/books-2241635_1280.jpg\" \/>\n\t<meta property=\"og:image:width\" content=\"1280\" \/>\n\t<meta property=\"og:image:height\" content=\"744\" \/>\n\t<meta property=\"og:image:type\" content=\"image\/jpeg\" \/>\n<meta name=\"twitter:card\" content=\"summary_large_image\" \/>\n<meta name=\"twitter:label1\" content=\"Gesch\u00e4tzte Lesezeit\" \/>\n\t<meta name=\"twitter:data1\" content=\"6\u00a0Minuten\" \/>\n<script type=\"application\/ld+json\" class=\"yoast-schema-graph\">{\"@context\":\"https:\/\/schema.org\",\"@graph\":[{\"@type\":\"WebPage\",\"@id\":\"https:\/\/weltlaeden.de\/offenburg\/buchtipps\/\",\"url\":\"https:\/\/weltlaeden.de\/offenburg\/buchtipps\/\",\"name\":\"Buchtipps - Weltladen Offenburg\",\"isPartOf\":{\"@id\":\"https:\/\/weltlaeden.de\/offenburg\/#website\"},\"primaryImageOfPage\":{\"@id\":\"https:\/\/weltlaeden.de\/offenburg\/buchtipps\/#primaryimage\"},\"image\":{\"@id\":\"https:\/\/weltlaeden.de\/offenburg\/buchtipps\/#primaryimage\"},\"thumbnailUrl\":\"https:\/\/weltlaeden.de\/offenburg\/wp-content\/uploads\/sites\/198\/2025\/04\/books-2241635_1280.jpg\",\"datePublished\":\"2025-04-01T18:56:09+00:00\",\"dateModified\":\"2026-04-24T09:13:40+00:00\",\"breadcrumb\":{\"@id\":\"https:\/\/weltlaeden.de\/offenburg\/buchtipps\/#breadcrumb\"},\"inLanguage\":\"de\",\"potentialAction\":[{\"@type\":\"ReadAction\",\"target\":[\"https:\/\/weltlaeden.de\/offenburg\/buchtipps\/\"]}]},{\"@type\":\"ImageObject\",\"inLanguage\":\"de\",\"@id\":\"https:\/\/weltlaeden.de\/offenburg\/buchtipps\/#primaryimage\",\"url\":\"https:\/\/weltlaeden.de\/offenburg\/wp-content\/uploads\/sites\/198\/2025\/04\/books-2241635_1280.jpg\",\"contentUrl\":\"https:\/\/weltlaeden.de\/offenburg\/wp-content\/uploads\/sites\/198\/2025\/04\/books-2241635_1280.jpg\",\"width\":1280,\"height\":744},{\"@type\":\"BreadcrumbList\",\"@id\":\"https:\/\/weltlaeden.de\/offenburg\/buchtipps\/#breadcrumb\",\"itemListElement\":[{\"@type\":\"ListItem\",\"position\":1,\"name\":\"Startseite\",\"item\":\"https:\/\/weltlaeden.de\/offenburg\/\"},{\"@type\":\"ListItem\",\"position\":2,\"name\":\"Buchtipps\"}]},{\"@type\":\"WebSite\",\"@id\":\"https:\/\/weltlaeden.de\/offenburg\/#website\",\"url\":\"https:\/\/weltlaeden.de\/offenburg\/\",\"name\":\"Weltladen Offenburg\",\"description\":\"Faire Produkte seit 1990\",\"potentialAction\":[{\"@type\":\"SearchAction\",\"target\":{\"@type\":\"EntryPoint\",\"urlTemplate\":\"https:\/\/weltlaeden.de\/offenburg\/?s={search_term_string}\"},\"query-input\":{\"@type\":\"PropertyValueSpecification\",\"valueRequired\":true,\"valueName\":\"search_term_string\"}}],\"inLanguage\":\"de\"}]}<\/script>\n<!-- \/ Yoast SEO plugin. -->","yoast_head_json":{"title":"Buchtipps - Weltladen Offenburg","robots":{"index":"index","follow":"follow","max-snippet":"max-snippet:-1","max-image-preview":"max-image-preview:large","max-video-preview":"max-video-preview:-1"},"canonical":"https:\/\/weltlaeden.de\/offenburg\/buchtipps\/","og_locale":"de_DE","og_type":"article","og_title":"Buchtipps - Weltladen Offenburg","og_description":"[vc_row][vc_column][vc_column_text css=&#8220;&#8220;] BUCHTIPPS &nbsp; Frank Herrmann Der M\u00e4chtigen Z\u00e4hmung Warum Konzerne klare Spielregeln brauchen oekom Verlag ISBN: 978-3-96238-233-9 Softcover, 224 Seiten Erscheinungstermin: 12.04.2022 Faire L\u00f6hne, nachhaltige Produkte, klimaneutrales Wirtschaften &#8211; viele Konzerne geben vor, die Umwelt zu sch\u00fctzen und Menschenrechte einzuhalten. Doch zwischen Versprechen und Realit\u00e4t klaffen meist gro\u00dfe L\u00fccken, globale Ungleichheiten nehmen weiter zu.&hellip;","og_url":"https:\/\/weltlaeden.de\/offenburg\/buchtipps\/","og_site_name":"Weltladen Offenburg","article_modified_time":"2026-04-24T09:13:40+00:00","og_image":[{"width":1280,"height":744,"url":"https:\/\/weltlaeden.de\/offenburg\/wp-content\/uploads\/sites\/198\/2025\/04\/books-2241635_1280.jpg","type":"image\/jpeg"}],"twitter_card":"summary_large_image","twitter_misc":{"Gesch\u00e4tzte Lesezeit":"6\u00a0Minuten"},"schema":{"@context":"https:\/\/schema.org","@graph":[{"@type":"WebPage","@id":"https:\/\/weltlaeden.de\/offenburg\/buchtipps\/","url":"https:\/\/weltlaeden.de\/offenburg\/buchtipps\/","name":"Buchtipps - Weltladen Offenburg","isPartOf":{"@id":"https:\/\/weltlaeden.de\/offenburg\/#website"},"primaryImageOfPage":{"@id":"https:\/\/weltlaeden.de\/offenburg\/buchtipps\/#primaryimage"},"image":{"@id":"https:\/\/weltlaeden.de\/offenburg\/buchtipps\/#primaryimage"},"thumbnailUrl":"https:\/\/weltlaeden.de\/offenburg\/wp-content\/uploads\/sites\/198\/2025\/04\/books-2241635_1280.jpg","datePublished":"2025-04-01T18:56:09+00:00","dateModified":"2026-04-24T09:13:40+00:00","breadcrumb":{"@id":"https:\/\/weltlaeden.de\/offenburg\/buchtipps\/#breadcrumb"},"inLanguage":"de","potentialAction":[{"@type":"ReadAction","target":["https:\/\/weltlaeden.de\/offenburg\/buchtipps\/"]}]},{"@type":"ImageObject","inLanguage":"de","@id":"https:\/\/weltlaeden.de\/offenburg\/buchtipps\/#primaryimage","url":"https:\/\/weltlaeden.de\/offenburg\/wp-content\/uploads\/sites\/198\/2025\/04\/books-2241635_1280.jpg","contentUrl":"https:\/\/weltlaeden.de\/offenburg\/wp-content\/uploads\/sites\/198\/2025\/04\/books-2241635_1280.jpg","width":1280,"height":744},{"@type":"BreadcrumbList","@id":"https:\/\/weltlaeden.de\/offenburg\/buchtipps\/#breadcrumb","itemListElement":[{"@type":"ListItem","position":1,"name":"Startseite","item":"https:\/\/weltlaeden.de\/offenburg\/"},{"@type":"ListItem","position":2,"name":"Buchtipps"}]},{"@type":"WebSite","@id":"https:\/\/weltlaeden.de\/offenburg\/#website","url":"https:\/\/weltlaeden.de\/offenburg\/","name":"Weltladen Offenburg","description":"Faire Produkte seit 1990","potentialAction":[{"@type":"SearchAction","target":{"@type":"EntryPoint","urlTemplate":"https:\/\/weltlaeden.de\/offenburg\/?s={search_term_string}"},"query-input":{"@type":"PropertyValueSpecification","valueRequired":true,"valueName":"search_term_string"}}],"inLanguage":"de"}]}},"_links":{"self":[{"href":"https:\/\/weltlaeden.de\/offenburg\/wp-json\/wp\/v2\/pages\/2403","targetHints":{"allow":["GET"]}}],"collection":[{"href":"https:\/\/weltlaeden.de\/offenburg\/wp-json\/wp\/v2\/pages"}],"about":[{"href":"https:\/\/weltlaeden.de\/offenburg\/wp-json\/wp\/v2\/types\/page"}],"author":[{"embeddable":true,"href":"https:\/\/weltlaeden.de\/offenburg\/wp-json\/wp\/v2\/users\/287"}],"replies":[{"embeddable":true,"href":"https:\/\/weltlaeden.de\/offenburg\/wp-json\/wp\/v2\/comments?post=2403"}],"version-history":[{"count":30,"href":"https:\/\/weltlaeden.de\/offenburg\/wp-json\/wp\/v2\/pages\/2403\/revisions"}],"predecessor-version":[{"id":3718,"href":"https:\/\/weltlaeden.de\/offenburg\/wp-json\/wp\/v2\/pages\/2403\/revisions\/3718"}],"wp:featuredmedia":[{"embeddable":true,"href":"https:\/\/weltlaeden.de\/offenburg\/wp-json\/wp\/v2\/media\/2395"}],"wp:attachment":[{"href":"https:\/\/weltlaeden.de\/offenburg\/wp-json\/wp\/v2\/media?parent=2403"}],"curies":[{"name":"wp","href":"https:\/\/api.w.org\/{rel}","templated":true}]}}