{"id":219,"date":"2016-10-28T13:34:47","date_gmt":"2016-10-28T11:34:47","guid":{"rendered":"https:\/\/wl.heimpixel.de\/vorlage\/ueber-uns\/"},"modified":"2026-01-19T11:24:46","modified_gmt":"2026-01-19T10:24:46","slug":"ueber-uns","status":"publish","type":"page","link":"https:\/\/weltlaeden.de\/nordhorn\/ueber-uns\/","title":{"rendered":"\u00dcber uns"},"content":{"rendered":"<div class=\"wpb-content-wrapper\"><p>[vc_row][vc_column]<div class=\"wl_einzelbild\"><p><a class=\"dt-pswp-item\" href=\"https:\/\/weltlaeden.de\/nordhorn\/wp-content\/uploads\/sites\/213\/2025\/07\/IMG_1703.jpg\" data-dt-img-description=\"\" data-large_image_width=\"2016\" data-large_image_height=\"1512\"><img loading=\"lazy\" decoding=\"async\" class=\"size-medium wp-image-909 alignleft\" src=\"https:\/\/weltlaeden.de\/nordhorn\/wp-content\/uploads\/sites\/213\/2025\/07\/IMG_1703-300x225.jpg\" alt=\"\" width=\"300\" height=\"225\" srcset=\"https:\/\/weltlaeden.de\/nordhorn\/wp-content\/uploads\/sites\/213\/2025\/07\/IMG_1703-300x225.jpg 300w, https:\/\/weltlaeden.de\/nordhorn\/wp-content\/uploads\/sites\/213\/2025\/07\/IMG_1703-1024x768.jpg 1024w, https:\/\/weltlaeden.de\/nordhorn\/wp-content\/uploads\/sites\/213\/2025\/07\/IMG_1703-768x576.jpg 768w, https:\/\/weltlaeden.de\/nordhorn\/wp-content\/uploads\/sites\/213\/2025\/07\/IMG_1703-1536x1152.jpg 1536w, https:\/\/weltlaeden.de\/nordhorn\/wp-content\/uploads\/sites\/213\/2025\/07\/IMG_1703.jpg 2016w\" sizes=\"auto, (max-width: 300px) 100vw, 300px\" \/><\/a><a class=\"dt-pswp-item\" href=\"https:\/\/weltlaeden.de\/nordhorn\/wp-content\/uploads\/sites\/213\/2025\/07\/IMG_1706.jpg\" data-dt-img-description=\"\" data-large_image_width=\"2016\" data-large_image_height=\"1512\"><img loading=\"lazy\" decoding=\"async\" class=\"size-medium wp-image-911 alignleft\" src=\"https:\/\/weltlaeden.de\/nordhorn\/wp-content\/uploads\/sites\/213\/2025\/07\/IMG_1706-300x225.jpg\" alt=\"\" width=\"300\" height=\"225\" srcset=\"https:\/\/weltlaeden.de\/nordhorn\/wp-content\/uploads\/sites\/213\/2025\/07\/IMG_1706-300x225.jpg 300w, https:\/\/weltlaeden.de\/nordhorn\/wp-content\/uploads\/sites\/213\/2025\/07\/IMG_1706-1024x768.jpg 1024w, https:\/\/weltlaeden.de\/nordhorn\/wp-content\/uploads\/sites\/213\/2025\/07\/IMG_1706-768x576.jpg 768w, https:\/\/weltlaeden.de\/nordhorn\/wp-content\/uploads\/sites\/213\/2025\/07\/IMG_1706-1536x1152.jpg 1536w, https:\/\/weltlaeden.de\/nordhorn\/wp-content\/uploads\/sites\/213\/2025\/07\/IMG_1706.jpg 2016w\" sizes=\"auto, (max-width: 300px) 100vw, 300px\" \/><\/a><\/p><\/div>[vc_empty_space][vc_column_text]<\/p>\n<h1>\u00dcber den Weltladen Nordhorn<\/h1>\n<p>[\/vc_column_text][vc_column_text css=&#8220;&#8220;]Der Weltladen Nordhorn \u00f6ffnet seine T\u00fcren f\u00fcr alle, die sich f\u00fcr eine nachhaltige und faire Welt engagieren m\u00f6chten. Mit einer engagierten Gruppe von fast 20 Mitarbeiter*innen sind wir stets auf der Suche nach neuen Mitgliedern, die unsere ehrenamtliche Gemeinschaft bereichern m\u00f6chten.<\/p>\n<p>Unser Engagement im Weltladen geht \u00fcber den reinen Verkauf von fair gehandelten Produkten hinaus. Unser Partner f\u00fcr die Bildungsarbeit, <strong>der Arbeitskreis Eine Welt e.V.<\/strong> bietet Bildungsveranstaltungen wie Weltladenerkundungen, Vortr\u00e4ge und Filmvorf\u00fchrungen an. Bei den Weltladenerkundungen haben Kinder und Jugendliche die M\u00f6glichkeit, mehr \u00fcber die Herkunft der Produkte im Weltladen zu erfahren und die Bedingungen, unter denen sie hergestellt werden, kennenzulernen. Dabei vermitteln wir auch die Vorteile des fairen Handels. In unseren Vortr\u00e4gen und Filmvorf\u00fchrungen informieren wir \u00fcber wichtige Themen wie Kinderrechte, Weltern\u00e4hrung und die Auswirkungen des globalen Wirtschaftssystems auf Mensch und Umwelt. Wir sind gerne bereit, in Schulen, Gemeindegruppen, Vereinen und anderen Organisationen zu diesen Themen zu sprechen.<\/p>\n<p>Das B\u00fcro des Arbeitskreises Eine Welt e.V. befindet sich zentral in der Nordhorner Innenstadt, im Kulturzentrum Alte Weberei, Vechteaue 2.<\/p>\n<p><strong>Ansprechpartnerin: Lena Schoemaker (Bildungsreferentin)<\/strong><\/p>\n<p><strong>Tel.: 05921-7882616<\/strong><\/p>\n<p><strong>E-Mail: <a target=\"_new\" rel=\"noopener\">bildung@arbeitskreis-eine-welt.de<\/a><\/strong><\/p>\n<p><strong>Homepage: <a href=\"http:\/\/www.arbeitskreis-eine-welt.de\">www.arbeitskreis-eine-welt.de<\/a><\/strong><\/p>\n<p><img loading=\"lazy\" decoding=\"async\" class=\"alignnone size-medium wp-image-693\" src=\"https:\/\/weltlaeden.de\/nordhorn\/wp-content\/uploads\/sites\/213\/2024\/05\/Logo-Arbeitskreis_72dpi-300x113.png\" alt=\"\" width=\"300\" height=\"113\" srcset=\"https:\/\/weltlaeden.de\/nordhorn\/wp-content\/uploads\/sites\/213\/2024\/05\/Logo-Arbeitskreis_72dpi-300x113.png 300w, https:\/\/weltlaeden.de\/nordhorn\/wp-content\/uploads\/sites\/213\/2024\/05\/Logo-Arbeitskreis_72dpi.png 527w\" sizes=\"auto, (max-width: 300px) 100vw, 300px\" \/><\/p>\n<p>[\/vc_column_text][\/vc_column][\/vc_row][vc_row][vc_column][vc_empty_space][vc_column_text]<\/p>\n<h1>Mitmachen im Weltladen Nordhorn<\/h1>\n<p>[\/vc_column_text][vc_column_text css=&#8220;&#8220;]<a class=\"dt-pswp-item\" href=\"https:\/\/weltlaeden.de\/nordhorn\/wp-content\/uploads\/sites\/213\/2024\/04\/mitarbeiter-2.jpg\" data-dt-img-description=\"\" data-large_image_width=\"1280\" data-large_image_height=\"1262\"><img loading=\"lazy\" decoding=\"async\" class=\"aligncenter size-medium wp-image-655\" src=\"https:\/\/weltlaeden.de\/nordhorn\/wp-content\/uploads\/sites\/213\/2024\/04\/mitarbeiter-2-300x296.jpg\" alt=\"\" width=\"300\" height=\"296\" srcset=\"https:\/\/weltlaeden.de\/nordhorn\/wp-content\/uploads\/sites\/213\/2024\/04\/mitarbeiter-2-300x296.jpg 300w, https:\/\/weltlaeden.de\/nordhorn\/wp-content\/uploads\/sites\/213\/2024\/04\/mitarbeiter-2-1024x1010.jpg 1024w, https:\/\/weltlaeden.de\/nordhorn\/wp-content\/uploads\/sites\/213\/2024\/04\/mitarbeiter-2-768x757.jpg 768w, https:\/\/weltlaeden.de\/nordhorn\/wp-content\/uploads\/sites\/213\/2024\/04\/mitarbeiter-2.jpg 1280w\" sizes=\"auto, (max-width: 300px) 100vw, 300px\" \/><\/a><\/p>\n<p>&nbsp;<\/p>\n<p><strong>Wir suchen<\/strong> Menschen, die Lust haben, sich ehrenamtlich f\u00fcr eine offene, transparente, \u00f6kologische und nachhaltige Form des Wirtschaftens zu engagieren. Ob im Verkauf, der Informations- oder Bildungsarbeit &#8211; die M\u00f6glichkeiten, in unserem Team mitzumachen sind vielf\u00e4ltig und lassen sich bestimmt auch in Deinem Alltag integrieren!\u00a0 Wenn Du Dir vorstellen kannst, hinter dem Ladentisch zu stehen, Kunden zu beraten und Waren nachzuf\u00fcllen, dann hei\u00dfen wir Dich herzlich willkommen. Viele Aufgaben erfordern keine speziellen Vorkenntnisse, sondern nur Deine Bereitschaft, Deine F\u00e4higkeiten einzubringen und eventuell in neuen Bereichen dazuzulernen.<\/p>\n<p><strong>Wir bieten<\/strong> ein nettes Team aus Engagierten mit vielf\u00e4ltigen M\u00f6glichkeiten, sich selbst einzubringen. Eine Gemeinschaft, die Dich herzlich aufnimmt, einarbeitet und bei Fragen zur Verf\u00fcgung steht. Fortbildungsm\u00f6glichkeiten nach Ihren Interessen und Aufgaben. Spich uns bei Gelegenheit an oder nimm Kontakt mit uns auf, um mehr dar\u00fcber zu erfahren, wie Du Teil unseres Teams werden kannst.<\/p>\n<p>&nbsp;<\/p>\n<p><strong>Ansprechpartnerin: Christel Nordholt<\/strong><\/p>\n<p>E-Mail: <a href=\"mailto:info@weltladen-nordhorn.de\">info@weltladen-nordhorn.de<\/a><\/p>\n<p>Telefon: 05921 74764<\/p>\n<p><strong>Wir freuen uns auf Dich!<\/strong><\/p>\n<p>[\/vc_column_text][\/vc_column][\/vc_row]<\/p>\n<\/div>","protected":false},"excerpt":{"rendered":"<p>[vc_row][vc_column][vc_empty_space][vc_column_text] \u00dcber den Weltladen Nordhorn [\/vc_column_text][vc_column_text css=&#8220;&#8220;]Der Weltladen Nordhorn \u00f6ffnet seine T\u00fcren f\u00fcr alle, die sich f\u00fcr eine nachhaltige und faire Welt engagieren m\u00f6chten. Mit einer engagierten Gruppe von fast 20 Mitarbeiter*innen sind wir stets auf der Suche nach neuen Mitgliedern, die unsere ehrenamtliche Gemeinschaft bereichern m\u00f6chten. Unser Engagement im Weltladen geht \u00fcber den reinen&hellip;<\/p>\n","protected":false},"author":1,"featured_media":655,"parent":0,"menu_order":1,"comment_status":"closed","ping_status":"closed","template":"","meta":{"footnotes":""},"class_list":["post-219","page","type-page","status-publish","has-post-thumbnail","hentry","description-off"],"yoast_head":"<!-- This site is optimized with the Yoast SEO plugin v26.8 - https:\/\/yoast.com\/product\/yoast-seo-wordpress\/ -->\n<title>\u00dcber uns - Weltladen Nordhorn<\/title>\n<meta name=\"robots\" content=\"index, follow, max-snippet:-1, max-image-preview:large, max-video-preview:-1\" \/>\n<link rel=\"canonical\" href=\"https:\/\/weltlaeden.de\/nordhorn\/ueber-uns\/\" \/>\n<meta property=\"og:locale\" content=\"de_DE\" \/>\n<meta property=\"og:type\" content=\"article\" \/>\n<meta property=\"og:title\" content=\"\u00dcber uns - Weltladen Nordhorn\" \/>\n<meta property=\"og:description\" content=\"[vc_row][vc_column][vc_empty_space][vc_column_text] \u00dcber den Weltladen Nordhorn [\/vc_column_text][vc_column_text css=&#8220;&#8220;]Der Weltladen Nordhorn \u00f6ffnet seine T\u00fcren f\u00fcr alle, die sich f\u00fcr eine nachhaltige und faire Welt engagieren m\u00f6chten. Mit einer engagierten Gruppe von fast 20 Mitarbeiter*innen sind wir stets auf der Suche nach neuen Mitgliedern, die unsere ehrenamtliche Gemeinschaft bereichern m\u00f6chten. Unser Engagement im Weltladen geht \u00fcber den reinen&hellip;\" \/>\n<meta property=\"og:url\" content=\"https:\/\/weltlaeden.de\/nordhorn\/ueber-uns\/\" \/>\n<meta property=\"og:site_name\" content=\"Weltladen Nordhorn\" \/>\n<meta property=\"article:modified_time\" content=\"2026-01-19T10:24:46+00:00\" \/>\n<meta property=\"og:image\" content=\"https:\/\/weltlaeden.de\/nordhorn\/wp-content\/uploads\/sites\/213\/2024\/04\/mitarbeiter-2.jpg\" \/>\n\t<meta property=\"og:image:width\" content=\"1280\" \/>\n\t<meta property=\"og:image:height\" content=\"1262\" \/>\n\t<meta property=\"og:image:type\" content=\"image\/jpeg\" \/>\n<meta name=\"twitter:card\" content=\"summary_large_image\" \/>\n<meta name=\"twitter:label1\" content=\"Gesch\u00e4tzte Lesezeit\" \/>\n\t<meta name=\"twitter:data1\" content=\"3\u00a0Minuten\" \/>\n<script type=\"application\/ld+json\" class=\"yoast-schema-graph\">{\"@context\":\"https:\/\/schema.org\",\"@graph\":[{\"@type\":\"WebPage\",\"@id\":\"https:\/\/weltlaeden.de\/nordhorn\/ueber-uns\/\",\"url\":\"https:\/\/weltlaeden.de\/nordhorn\/ueber-uns\/\",\"name\":\"\u00dcber uns - Weltladen Nordhorn\",\"isPartOf\":{\"@id\":\"https:\/\/weltlaeden.de\/nordhorn\/#website\"},\"primaryImageOfPage\":{\"@id\":\"https:\/\/weltlaeden.de\/nordhorn\/ueber-uns\/#primaryimage\"},\"image\":{\"@id\":\"https:\/\/weltlaeden.de\/nordhorn\/ueber-uns\/#primaryimage\"},\"thumbnailUrl\":\"https:\/\/weltlaeden.de\/nordhorn\/wp-content\/uploads\/sites\/213\/2024\/04\/mitarbeiter-2.jpg\",\"datePublished\":\"2016-10-28T11:34:47+00:00\",\"dateModified\":\"2026-01-19T10:24:46+00:00\",\"breadcrumb\":{\"@id\":\"https:\/\/weltlaeden.de\/nordhorn\/ueber-uns\/#breadcrumb\"},\"inLanguage\":\"de\",\"potentialAction\":[{\"@type\":\"ReadAction\",\"target\":[\"https:\/\/weltlaeden.de\/nordhorn\/ueber-uns\/\"]}]},{\"@type\":\"ImageObject\",\"inLanguage\":\"de\",\"@id\":\"https:\/\/weltlaeden.de\/nordhorn\/ueber-uns\/#primaryimage\",\"url\":\"https:\/\/weltlaeden.de\/nordhorn\/wp-content\/uploads\/sites\/213\/2024\/04\/mitarbeiter-2.jpg\",\"contentUrl\":\"https:\/\/weltlaeden.de\/nordhorn\/wp-content\/uploads\/sites\/213\/2024\/04\/mitarbeiter-2.jpg\",\"width\":1280,\"height\":1262},{\"@type\":\"BreadcrumbList\",\"@id\":\"https:\/\/weltlaeden.de\/nordhorn\/ueber-uns\/#breadcrumb\",\"itemListElement\":[{\"@type\":\"ListItem\",\"position\":1,\"name\":\"Startseite\",\"item\":\"https:\/\/weltlaeden.de\/nordhorn\/\"},{\"@type\":\"ListItem\",\"position\":2,\"name\":\"\u00dcber uns\"}]},{\"@type\":\"WebSite\",\"@id\":\"https:\/\/weltlaeden.de\/nordhorn\/#website\",\"url\":\"https:\/\/weltlaeden.de\/nordhorn\/\",\"name\":\"Weltladen Nordhorn\",\"description\":\"Faire Produkte seit 1990\",\"potentialAction\":[{\"@type\":\"SearchAction\",\"target\":{\"@type\":\"EntryPoint\",\"urlTemplate\":\"https:\/\/weltlaeden.de\/nordhorn\/?s={search_term_string}\"},\"query-input\":{\"@type\":\"PropertyValueSpecification\",\"valueRequired\":true,\"valueName\":\"search_term_string\"}}],\"inLanguage\":\"de\"}]}<\/script>\n<!-- \/ Yoast SEO plugin. -->","yoast_head_json":{"title":"\u00dcber uns - Weltladen Nordhorn","robots":{"index":"index","follow":"follow","max-snippet":"max-snippet:-1","max-image-preview":"max-image-preview:large","max-video-preview":"max-video-preview:-1"},"canonical":"https:\/\/weltlaeden.de\/nordhorn\/ueber-uns\/","og_locale":"de_DE","og_type":"article","og_title":"\u00dcber uns - Weltladen Nordhorn","og_description":"[vc_row][vc_column][vc_empty_space][vc_column_text] \u00dcber den Weltladen Nordhorn [\/vc_column_text][vc_column_text css=&#8220;&#8220;]Der Weltladen Nordhorn \u00f6ffnet seine T\u00fcren f\u00fcr alle, die sich f\u00fcr eine nachhaltige und faire Welt engagieren m\u00f6chten. Mit einer engagierten Gruppe von fast 20 Mitarbeiter*innen sind wir stets auf der Suche nach neuen Mitgliedern, die unsere ehrenamtliche Gemeinschaft bereichern m\u00f6chten. Unser Engagement im Weltladen geht \u00fcber den reinen&hellip;","og_url":"https:\/\/weltlaeden.de\/nordhorn\/ueber-uns\/","og_site_name":"Weltladen Nordhorn","article_modified_time":"2026-01-19T10:24:46+00:00","og_image":[{"width":1280,"height":1262,"url":"https:\/\/weltlaeden.de\/nordhorn\/wp-content\/uploads\/sites\/213\/2024\/04\/mitarbeiter-2.jpg","type":"image\/jpeg"}],"twitter_card":"summary_large_image","twitter_misc":{"Gesch\u00e4tzte Lesezeit":"3\u00a0Minuten"},"schema":{"@context":"https:\/\/schema.org","@graph":[{"@type":"WebPage","@id":"https:\/\/weltlaeden.de\/nordhorn\/ueber-uns\/","url":"https:\/\/weltlaeden.de\/nordhorn\/ueber-uns\/","name":"\u00dcber uns - Weltladen Nordhorn","isPartOf":{"@id":"https:\/\/weltlaeden.de\/nordhorn\/#website"},"primaryImageOfPage":{"@id":"https:\/\/weltlaeden.de\/nordhorn\/ueber-uns\/#primaryimage"},"image":{"@id":"https:\/\/weltlaeden.de\/nordhorn\/ueber-uns\/#primaryimage"},"thumbnailUrl":"https:\/\/weltlaeden.de\/nordhorn\/wp-content\/uploads\/sites\/213\/2024\/04\/mitarbeiter-2.jpg","datePublished":"2016-10-28T11:34:47+00:00","dateModified":"2026-01-19T10:24:46+00:00","breadcrumb":{"@id":"https:\/\/weltlaeden.de\/nordhorn\/ueber-uns\/#breadcrumb"},"inLanguage":"de","potentialAction":[{"@type":"ReadAction","target":["https:\/\/weltlaeden.de\/nordhorn\/ueber-uns\/"]}]},{"@type":"ImageObject","inLanguage":"de","@id":"https:\/\/weltlaeden.de\/nordhorn\/ueber-uns\/#primaryimage","url":"https:\/\/weltlaeden.de\/nordhorn\/wp-content\/uploads\/sites\/213\/2024\/04\/mitarbeiter-2.jpg","contentUrl":"https:\/\/weltlaeden.de\/nordhorn\/wp-content\/uploads\/sites\/213\/2024\/04\/mitarbeiter-2.jpg","width":1280,"height":1262},{"@type":"BreadcrumbList","@id":"https:\/\/weltlaeden.de\/nordhorn\/ueber-uns\/#breadcrumb","itemListElement":[{"@type":"ListItem","position":1,"name":"Startseite","item":"https:\/\/weltlaeden.de\/nordhorn\/"},{"@type":"ListItem","position":2,"name":"\u00dcber uns"}]},{"@type":"WebSite","@id":"https:\/\/weltlaeden.de\/nordhorn\/#website","url":"https:\/\/weltlaeden.de\/nordhorn\/","name":"Weltladen Nordhorn","description":"Faire Produkte seit 1990","potentialAction":[{"@type":"SearchAction","target":{"@type":"EntryPoint","urlTemplate":"https:\/\/weltlaeden.de\/nordhorn\/?s={search_term_string}"},"query-input":{"@type":"PropertyValueSpecification","valueRequired":true,"valueName":"search_term_string"}}],"inLanguage":"de"}]}},"_links":{"self":[{"href":"https:\/\/weltlaeden.de\/nordhorn\/wp-json\/wp\/v2\/pages\/219","targetHints":{"allow":["GET"]}}],"collection":[{"href":"https:\/\/weltlaeden.de\/nordhorn\/wp-json\/wp\/v2\/pages"}],"about":[{"href":"https:\/\/weltlaeden.de\/nordhorn\/wp-json\/wp\/v2\/types\/page"}],"author":[{"embeddable":true,"href":"https:\/\/weltlaeden.de\/nordhorn\/wp-json\/wp\/v2\/users\/1"}],"replies":[{"embeddable":true,"href":"https:\/\/weltlaeden.de\/nordhorn\/wp-json\/wp\/v2\/comments?post=219"}],"version-history":[{"count":31,"href":"https:\/\/weltlaeden.de\/nordhorn\/wp-json\/wp\/v2\/pages\/219\/revisions"}],"predecessor-version":[{"id":915,"href":"https:\/\/weltlaeden.de\/nordhorn\/wp-json\/wp\/v2\/pages\/219\/revisions\/915"}],"wp:featuredmedia":[{"embeddable":true,"href":"https:\/\/weltlaeden.de\/nordhorn\/wp-json\/wp\/v2\/media\/655"}],"wp:attachment":[{"href":"https:\/\/weltlaeden.de\/nordhorn\/wp-json\/wp\/v2\/media?parent=219"}],"curies":[{"name":"wp","href":"https:\/\/api.w.org\/{rel}","templated":true}]}}