{"id":219,"date":"2016-10-28T13:34:47","date_gmt":"2016-10-28T11:34:47","guid":{"rendered":"https:\/\/wl.heimpixel.de\/vorlage\/ueber-uns\/"},"modified":"2026-04-19T16:09:00","modified_gmt":"2026-04-19T14:09:00","slug":"ueber-uns","status":"publish","type":"page","link":"https:\/\/weltlaeden.de\/neumuenster\/ueber-uns\/","title":{"rendered":"\u00dcber uns"},"content":{"rendered":"<div class=\"wpb-content-wrapper\"><p>[vc_row][vc_column]<div class=\"wl_einzelbild\"><p><img loading=\"lazy\" decoding=\"async\" class=\"aligncenter wp-image-482 size-large\" src=\"https:\/\/weltlaeden.de\/neumuenster\/wp-content\/uploads\/sites\/97\/2025\/06\/Weltladen-Neumuenster-06-2025-1024x576.jpg\" alt=\"\" width=\"1024\" height=\"576\" srcset=\"https:\/\/weltlaeden.de\/neumuenster\/wp-content\/uploads\/sites\/97\/2025\/06\/Weltladen-Neumuenster-06-2025-1024x576.jpg 1024w, https:\/\/weltlaeden.de\/neumuenster\/wp-content\/uploads\/sites\/97\/2025\/06\/Weltladen-Neumuenster-06-2025-300x169.jpg 300w, https:\/\/weltlaeden.de\/neumuenster\/wp-content\/uploads\/sites\/97\/2025\/06\/Weltladen-Neumuenster-06-2025-768x432.jpg 768w, https:\/\/weltlaeden.de\/neumuenster\/wp-content\/uploads\/sites\/97\/2025\/06\/Weltladen-Neumuenster-06-2025.jpg 1280w\" sizes=\"auto, (max-width: 1024px) 100vw, 1024px\" \/><\/p><\/div>[vc_empty_space][vc_column_text css=&#8220;&#8220;]<\/p>\n<h1>\u00dcber den Weltladen<\/h1>\n<p>[\/vc_column_text][vc_column_text css=&#8220;&#8220;]Der Weltladen Neum\u00fcnster steht seit 2003 f\u00fcr Fairen Handel, globale Gerechtigkeit und gelebte Solidarit\u00e4t. Getragen vom Verein Weltladen Neum\u00fcnster e.V. und unterst\u00fctzt von Kirche, Stadt und F\u00f6rdermitteln, verkaufen wir nicht nur fair gehandelte Produkte, sondern setzen uns auch aktiv f\u00fcr entwicklungspolitische Bildung ein.<br \/>\nOb bei Schulf\u00fchrungen, Vortr\u00e4gen oder Aktionen wie dem Weltladentag \u2013 wir machen Fairen Handel in Neum\u00fcnster sichtbar und erlebbar. Unser Ziel: Ein Ort des Austauschs und ein starkes Zeichen daf\u00fcr, dass gerechter Handel m\u00f6glich ist.[\/vc_column_text][\/vc_column][\/vc_row][vc_row][vc_column][vc_empty_space][vc_column_text css=&#8220;&#8220;]<\/p>\n<h1>Mitmachen im Weltladen<\/h1>\n<p>[\/vc_column_text][vc_column_text css=&#8220;&#8220;]<strong>Wir suchen<\/strong> Menschen, die Lust haben, sich ehrenamtlich f\u00fcr eine offene, transparente, \u00f6kologische und nachhaltige Form des Wirtschaftens zu engagieren. Ob im Verkauf, der Informations- oder Bildungsarbeit &#8211; die M\u00f6glichkeiten, in unserem Team mitzumachen sind vielf\u00e4ltig und lassen sich bestimmt auch in Deinen Alltag integrieren! Neben regelm\u00e4\u00dfigen Aufgaben gibt es bei uns auch immer wieder einzelne zeitlich befristete Projekte, f\u00fcr die wir Unterst\u00fctzer*innen suchen. Viele Aufgaben erfordern keine speziellen Vorkenntnisse, sondern nur Deine Bereitschaft, Deine F\u00e4higkeiten einzubringen und eventuell in neuen Bereichen dazuzulernen.<\/p>\n<p><strong>Wir bieten<\/strong> ein nettes Team aus Engagierten mit vielf\u00e4ltigen M\u00f6glichkeiten, sich selbst einzubringen. Eine Gemeinschaft, die Dich herzlich aufnimmt, einarbeitet und bei Fragen zur Verf\u00fcgung steht. Fortbildungsm\u00f6glichkeiten nach Deinen Interessen und Aufgaben.<\/p>\n<p><strong>Wir freuen uns auf Dich!<\/strong>[\/vc_column_text][\/vc_column][\/vc_row]<\/p>\n<\/div>","protected":false},"excerpt":{"rendered":"<p>[vc_row][vc_column][vc_empty_space][vc_column_text css=&#8220;&#8220;] \u00dcber den Weltladen [\/vc_column_text][vc_column_text css=&#8220;&#8220;]Der Weltladen Neum\u00fcnster steht seit 2003 f\u00fcr Fairen Handel, globale Gerechtigkeit und gelebte Solidarit\u00e4t. Getragen vom Verein Weltladen Neum\u00fcnster e.V. und unterst\u00fctzt von Kirche, Stadt und F\u00f6rdermitteln, verkaufen wir nicht nur fair gehandelte Produkte, sondern setzen uns auch aktiv f\u00fcr entwicklungspolitische Bildung ein. Ob bei Schulf\u00fchrungen, Vortr\u00e4gen oder Aktionen&hellip;<\/p>\n","protected":false},"author":1,"featured_media":482,"parent":0,"menu_order":5,"comment_status":"closed","ping_status":"closed","template":"","meta":{"footnotes":""},"class_list":["post-219","page","type-page","status-publish","has-post-thumbnail","hentry","description-off"],"yoast_head":"<!-- This site is optimized with the Yoast SEO plugin v26.8 - https:\/\/yoast.com\/product\/yoast-seo-wordpress\/ -->\n<title>\u00dcber uns - Weltladen Neum\u00fcnster<\/title>\n<meta name=\"robots\" content=\"index, follow, max-snippet:-1, max-image-preview:large, max-video-preview:-1\" \/>\n<link rel=\"canonical\" href=\"https:\/\/weltlaeden.de\/neumuenster\/ueber-uns\/\" \/>\n<meta property=\"og:locale\" content=\"de_DE\" \/>\n<meta property=\"og:type\" content=\"article\" \/>\n<meta property=\"og:title\" content=\"\u00dcber uns - Weltladen Neum\u00fcnster\" \/>\n<meta property=\"og:description\" content=\"[vc_row][vc_column][vc_empty_space][vc_column_text css=&#8220;&#8220;] \u00dcber den Weltladen [\/vc_column_text][vc_column_text css=&#8220;&#8220;]Der Weltladen Neum\u00fcnster steht seit 2003 f\u00fcr Fairen Handel, globale Gerechtigkeit und gelebte Solidarit\u00e4t. Getragen vom Verein Weltladen Neum\u00fcnster e.V. und unterst\u00fctzt von Kirche, Stadt und F\u00f6rdermitteln, verkaufen wir nicht nur fair gehandelte Produkte, sondern setzen uns auch aktiv f\u00fcr entwicklungspolitische Bildung ein. Ob bei Schulf\u00fchrungen, Vortr\u00e4gen oder Aktionen&hellip;\" \/>\n<meta property=\"og:url\" content=\"https:\/\/weltlaeden.de\/neumuenster\/ueber-uns\/\" \/>\n<meta property=\"og:site_name\" content=\"Weltladen Neum\u00fcnster\" \/>\n<meta property=\"article:modified_time\" content=\"2026-04-19T14:09:00+00:00\" \/>\n<meta property=\"og:image\" content=\"https:\/\/weltlaeden.de\/neumuenster\/wp-content\/uploads\/sites\/97\/2025\/06\/Weltladen-Neumuenster-06-2025.jpg\" \/>\n\t<meta property=\"og:image:width\" content=\"1280\" \/>\n\t<meta property=\"og:image:height\" content=\"720\" \/>\n\t<meta property=\"og:image:type\" content=\"image\/jpeg\" \/>\n<meta name=\"twitter:card\" content=\"summary_large_image\" \/>\n<meta name=\"twitter:label1\" content=\"Gesch\u00e4tzte Lesezeit\" \/>\n\t<meta name=\"twitter:data1\" content=\"2\u00a0Minuten\" \/>\n<script type=\"application\/ld+json\" class=\"yoast-schema-graph\">{\"@context\":\"https:\/\/schema.org\",\"@graph\":[{\"@type\":\"WebPage\",\"@id\":\"https:\/\/weltlaeden.de\/neumuenster\/ueber-uns\/\",\"url\":\"https:\/\/weltlaeden.de\/neumuenster\/ueber-uns\/\",\"name\":\"\u00dcber uns - Weltladen Neum\u00fcnster\",\"isPartOf\":{\"@id\":\"https:\/\/weltlaeden.de\/neumuenster\/#website\"},\"primaryImageOfPage\":{\"@id\":\"https:\/\/weltlaeden.de\/neumuenster\/ueber-uns\/#primaryimage\"},\"image\":{\"@id\":\"https:\/\/weltlaeden.de\/neumuenster\/ueber-uns\/#primaryimage\"},\"thumbnailUrl\":\"https:\/\/weltlaeden.de\/neumuenster\/wp-content\/uploads\/sites\/97\/2025\/06\/Weltladen-Neumuenster-06-2025.jpg\",\"datePublished\":\"2016-10-28T11:34:47+00:00\",\"dateModified\":\"2026-04-19T14:09:00+00:00\",\"breadcrumb\":{\"@id\":\"https:\/\/weltlaeden.de\/neumuenster\/ueber-uns\/#breadcrumb\"},\"inLanguage\":\"de\",\"potentialAction\":[{\"@type\":\"ReadAction\",\"target\":[\"https:\/\/weltlaeden.de\/neumuenster\/ueber-uns\/\"]}]},{\"@type\":\"ImageObject\",\"inLanguage\":\"de\",\"@id\":\"https:\/\/weltlaeden.de\/neumuenster\/ueber-uns\/#primaryimage\",\"url\":\"https:\/\/weltlaeden.de\/neumuenster\/wp-content\/uploads\/sites\/97\/2025\/06\/Weltladen-Neumuenster-06-2025.jpg\",\"contentUrl\":\"https:\/\/weltlaeden.de\/neumuenster\/wp-content\/uploads\/sites\/97\/2025\/06\/Weltladen-Neumuenster-06-2025.jpg\",\"width\":1280,\"height\":720},{\"@type\":\"BreadcrumbList\",\"@id\":\"https:\/\/weltlaeden.de\/neumuenster\/ueber-uns\/#breadcrumb\",\"itemListElement\":[{\"@type\":\"ListItem\",\"position\":1,\"name\":\"Startseite\",\"item\":\"https:\/\/weltlaeden.de\/neumuenster\/\"},{\"@type\":\"ListItem\",\"position\":2,\"name\":\"\u00dcber uns\"}]},{\"@type\":\"WebSite\",\"@id\":\"https:\/\/weltlaeden.de\/neumuenster\/#website\",\"url\":\"https:\/\/weltlaeden.de\/neumuenster\/\",\"name\":\"Weltladen Neum\u00fcnster\",\"description\":\"Faire Produkte\",\"potentialAction\":[{\"@type\":\"SearchAction\",\"target\":{\"@type\":\"EntryPoint\",\"urlTemplate\":\"https:\/\/weltlaeden.de\/neumuenster\/?s={search_term_string}\"},\"query-input\":{\"@type\":\"PropertyValueSpecification\",\"valueRequired\":true,\"valueName\":\"search_term_string\"}}],\"inLanguage\":\"de\"}]}<\/script>\n<!-- \/ Yoast SEO plugin. -->","yoast_head_json":{"title":"\u00dcber uns - Weltladen Neum\u00fcnster","robots":{"index":"index","follow":"follow","max-snippet":"max-snippet:-1","max-image-preview":"max-image-preview:large","max-video-preview":"max-video-preview:-1"},"canonical":"https:\/\/weltlaeden.de\/neumuenster\/ueber-uns\/","og_locale":"de_DE","og_type":"article","og_title":"\u00dcber uns - Weltladen Neum\u00fcnster","og_description":"[vc_row][vc_column][vc_empty_space][vc_column_text css=&#8220;&#8220;] \u00dcber den Weltladen [\/vc_column_text][vc_column_text css=&#8220;&#8220;]Der Weltladen Neum\u00fcnster steht seit 2003 f\u00fcr Fairen Handel, globale Gerechtigkeit und gelebte Solidarit\u00e4t. Getragen vom Verein Weltladen Neum\u00fcnster e.V. und unterst\u00fctzt von Kirche, Stadt und F\u00f6rdermitteln, verkaufen wir nicht nur fair gehandelte Produkte, sondern setzen uns auch aktiv f\u00fcr entwicklungspolitische Bildung ein. Ob bei Schulf\u00fchrungen, Vortr\u00e4gen oder Aktionen&hellip;","og_url":"https:\/\/weltlaeden.de\/neumuenster\/ueber-uns\/","og_site_name":"Weltladen Neum\u00fcnster","article_modified_time":"2026-04-19T14:09:00+00:00","og_image":[{"width":1280,"height":720,"url":"https:\/\/weltlaeden.de\/neumuenster\/wp-content\/uploads\/sites\/97\/2025\/06\/Weltladen-Neumuenster-06-2025.jpg","type":"image\/jpeg"}],"twitter_card":"summary_large_image","twitter_misc":{"Gesch\u00e4tzte Lesezeit":"2\u00a0Minuten"},"schema":{"@context":"https:\/\/schema.org","@graph":[{"@type":"WebPage","@id":"https:\/\/weltlaeden.de\/neumuenster\/ueber-uns\/","url":"https:\/\/weltlaeden.de\/neumuenster\/ueber-uns\/","name":"\u00dcber uns - Weltladen Neum\u00fcnster","isPartOf":{"@id":"https:\/\/weltlaeden.de\/neumuenster\/#website"},"primaryImageOfPage":{"@id":"https:\/\/weltlaeden.de\/neumuenster\/ueber-uns\/#primaryimage"},"image":{"@id":"https:\/\/weltlaeden.de\/neumuenster\/ueber-uns\/#primaryimage"},"thumbnailUrl":"https:\/\/weltlaeden.de\/neumuenster\/wp-content\/uploads\/sites\/97\/2025\/06\/Weltladen-Neumuenster-06-2025.jpg","datePublished":"2016-10-28T11:34:47+00:00","dateModified":"2026-04-19T14:09:00+00:00","breadcrumb":{"@id":"https:\/\/weltlaeden.de\/neumuenster\/ueber-uns\/#breadcrumb"},"inLanguage":"de","potentialAction":[{"@type":"ReadAction","target":["https:\/\/weltlaeden.de\/neumuenster\/ueber-uns\/"]}]},{"@type":"ImageObject","inLanguage":"de","@id":"https:\/\/weltlaeden.de\/neumuenster\/ueber-uns\/#primaryimage","url":"https:\/\/weltlaeden.de\/neumuenster\/wp-content\/uploads\/sites\/97\/2025\/06\/Weltladen-Neumuenster-06-2025.jpg","contentUrl":"https:\/\/weltlaeden.de\/neumuenster\/wp-content\/uploads\/sites\/97\/2025\/06\/Weltladen-Neumuenster-06-2025.jpg","width":1280,"height":720},{"@type":"BreadcrumbList","@id":"https:\/\/weltlaeden.de\/neumuenster\/ueber-uns\/#breadcrumb","itemListElement":[{"@type":"ListItem","position":1,"name":"Startseite","item":"https:\/\/weltlaeden.de\/neumuenster\/"},{"@type":"ListItem","position":2,"name":"\u00dcber uns"}]},{"@type":"WebSite","@id":"https:\/\/weltlaeden.de\/neumuenster\/#website","url":"https:\/\/weltlaeden.de\/neumuenster\/","name":"Weltladen Neum\u00fcnster","description":"Faire Produkte","potentialAction":[{"@type":"SearchAction","target":{"@type":"EntryPoint","urlTemplate":"https:\/\/weltlaeden.de\/neumuenster\/?s={search_term_string}"},"query-input":{"@type":"PropertyValueSpecification","valueRequired":true,"valueName":"search_term_string"}}],"inLanguage":"de"}]}},"_links":{"self":[{"href":"https:\/\/weltlaeden.de\/neumuenster\/wp-json\/wp\/v2\/pages\/219","targetHints":{"allow":["GET"]}}],"collection":[{"href":"https:\/\/weltlaeden.de\/neumuenster\/wp-json\/wp\/v2\/pages"}],"about":[{"href":"https:\/\/weltlaeden.de\/neumuenster\/wp-json\/wp\/v2\/types\/page"}],"author":[{"embeddable":true,"href":"https:\/\/weltlaeden.de\/neumuenster\/wp-json\/wp\/v2\/users\/1"}],"replies":[{"embeddable":true,"href":"https:\/\/weltlaeden.de\/neumuenster\/wp-json\/wp\/v2\/comments?post=219"}],"version-history":[{"count":16,"href":"https:\/\/weltlaeden.de\/neumuenster\/wp-json\/wp\/v2\/pages\/219\/revisions"}],"predecessor-version":[{"id":516,"href":"https:\/\/weltlaeden.de\/neumuenster\/wp-json\/wp\/v2\/pages\/219\/revisions\/516"}],"wp:featuredmedia":[{"embeddable":true,"href":"https:\/\/weltlaeden.de\/neumuenster\/wp-json\/wp\/v2\/media\/482"}],"wp:attachment":[{"href":"https:\/\/weltlaeden.de\/neumuenster\/wp-json\/wp\/v2\/media?parent=219"}],"curies":[{"name":"wp","href":"https:\/\/api.w.org\/{rel}","templated":true}]}}