{"version":"1.0","provider_name":"Weltladen Neum\u00fcnster","provider_url":"https:\/\/weltlaeden.de\/neumuenster","title":"\u00dcber uns - Weltladen Neum\u00fcnster","type":"rich","width":600,"height":338,"html":"<blockquote class=\"wp-embedded-content\" data-secret=\"777RZyUFlc\"><a href=\"https:\/\/weltlaeden.de\/neumuenster\/ueber-uns\/\">\u00dcber uns<\/a><\/blockquote><iframe sandbox=\"allow-scripts\" security=\"restricted\" src=\"https:\/\/weltlaeden.de\/neumuenster\/ueber-uns\/embed\/#?secret=777RZyUFlc\" width=\"600\" height=\"338\" title=\"&#8222;\u00dcber uns&#8220; &#8211; Weltladen Neum\u00fcnster\" data-secret=\"777RZyUFlc\" frameborder=\"0\" marginwidth=\"0\" marginheight=\"0\" scrolling=\"no\" class=\"wp-embedded-content\"><\/iframe><script>\n\/*! This file is auto-generated *\/\n!function(d,l){\"use strict\";l.querySelector&&d.addEventListener&&\"undefined\"!=typeof URL&&(d.wp=d.wp||{},d.wp.receiveEmbedMessage||(d.wp.receiveEmbedMessage=function(e){var t=e.data;if((t||t.secret||t.message||t.value)&&!\/[^a-zA-Z0-9]\/.test(t.secret)){for(var s,r,n,a=l.querySelectorAll('iframe[data-secret=\"'+t.secret+'\"]'),o=l.querySelectorAll('blockquote[data-secret=\"'+t.secret+'\"]'),c=new RegExp(\"^https?:$\",\"i\"),i=0;i<o.length;i++)o[i].style.display=\"none\";for(i=0;i<a.length;i++)s=a[i],e.source===s.contentWindow&&(s.removeAttribute(\"style\"),\"height\"===t.message?(1e3<(r=parseInt(t.value,10))?r=1e3:~~r<200&&(r=200),s.height=r):\"link\"===t.message&&(r=new URL(s.getAttribute(\"src\")),n=new URL(t.value),c.test(n.protocol))&&n.host===r.host&&l.activeElement===s&&(d.top.location.href=t.value))}},d.addEventListener(\"message\",d.wp.receiveEmbedMessage,!1),l.addEventListener(\"DOMContentLoaded\",function(){for(var e,t,s=l.querySelectorAll(\"iframe.wp-embedded-content\"),r=0;r<s.length;r++)(t=(e=s[r]).getAttribute(\"data-secret\"))||(t=Math.random().toString(36).substring(2,12),e.src+=\"#?secret=\"+t,e.setAttribute(\"data-secret\",t)),e.contentWindow.postMessage({message:\"ready\",secret:t},\"*\")},!1)))}(window,document);\n<\/script>\n","thumbnail_url":"https:\/\/weltlaeden.de\/neumuenster\/wp-content\/uploads\/sites\/97\/2025\/06\/Weltladen-Neumuenster-06-2025.jpg","thumbnail_width":1280,"thumbnail_height":720,"description":"[vc_row][vc_column][vc_empty_space][vc_column_text css=&#8220;&#8220;] \u00dcber den Weltladen [\/vc_column_text][vc_column_text css=&#8220;&#8220;]Der Weltladen Neum\u00fcnster steht seit 2003 f\u00fcr Fairen Handel, globale Gerechtigkeit und gelebte Solidarit\u00e4t. Getragen vom Verein Weltladen Neum\u00fcnster e.V. und unterst\u00fctzt von Kirche, Stadt und F\u00f6rdermitteln, verkaufen wir nicht nur fair gehandelte Produkte, sondern setzen uns auch aktiv f\u00fcr entwicklungspolitische Bildung ein. Ob bei Schulf\u00fchrungen, Vortr\u00e4gen oder Aktionen&hellip;"}