{"id":453,"date":"2018-12-29T19:23:28","date_gmt":"2018-12-29T18:23:28","guid":{"rendered":"https:\/\/weltlaeden.de\/netzwerk-iller-lech\/?page_id=453"},"modified":"2026-02-02T11:29:24","modified_gmt":"2026-02-02T10:29:24","slug":"netzwerk","status":"publish","type":"page","link":"https:\/\/weltlaeden.de\/netzwerk-iller-lech\/netzwerk\/","title":{"rendered":"Netzwerk"},"content":{"rendered":"<div class=\"wpb-content-wrapper\"><p>[vc_row][vc_column][vc_column_text]<\/p>\n<h1><img loading=\"lazy\" decoding=\"async\" class=\"alignright size-large wp-image-631\" src=\"https:\/\/weltlaeden.de\/netzwerk-iller-lech\/wp-content\/uploads\/sites\/58\/2018\/12\/fairnetzt-1024x233.png\" alt=\"\" width=\"1024\" height=\"233\" srcset=\"https:\/\/weltlaeden.de\/netzwerk-iller-lech\/wp-content\/uploads\/sites\/58\/2018\/12\/fairnetzt-1024x233.png 1024w, https:\/\/weltlaeden.de\/netzwerk-iller-lech\/wp-content\/uploads\/sites\/58\/2018\/12\/fairnetzt-300x68.png 300w, https:\/\/weltlaeden.de\/netzwerk-iller-lech\/wp-content\/uploads\/sites\/58\/2018\/12\/fairnetzt-768x175.png 768w, https:\/\/weltlaeden.de\/netzwerk-iller-lech\/wp-content\/uploads\/sites\/58\/2018\/12\/fairnetzt.png 1100w\" sizes=\"auto, (max-width: 1024px) 100vw, 1024px\" \/><\/h1>\n<h1>Unser Iller-Lech-Netzwerk<\/h1>\n<h2>Wir sind dabei&#8230;<\/h2>\n<ul>\n<li>Weltladen K\u00f6nigsbrunn | Bgm.-Wohlfarth-Str. 38 | 86343 K\u00f6nigsbrunn | Tel: +49 8231 919791 |\u00a0 <a href=\"https:\/\/koenigsbrunn-evangelisch.de\/weltladen-koenigsbrunn\/\" target=\"_blank\" rel=\"noopener\">Website<\/a><\/li>\n<li>Weltladen Krumbach | Karl-Mantel-Str. 3 | 86381 Krumbach | Telefon: +49 8282 880768\u00a0| <a href=\"https:\/\/www.weltladen-krumbach.de\/\" target=\"_blank\" rel=\"noopener\">Webseite<\/a><\/li>\n<li>Weltladen Wertingen | Hauptstr. 9 | 86637 Wertingen | Tel: +49 8272 6090094 | <a href=\"http:\/\/www.weltladen-wertingen.de\/index.php\" target=\"_blank\" rel=\"noopener\">Webseite<\/a><\/li>\n<li>Weltladen Buchloe | Bahnhofstr. 24 | 86807 Buchloe | Tel: +49 8241 6203| <a href=\"https:\/\/weltlaeden.de\/buchloe\/\">Webseite<\/a><\/li>\n<li>Weltladen Bad W\u00f6rishofen | B\u00fcrgermeister-St\u00f6ckle-Str. 10 | 86825 Bad W\u00f6rishofen | Tel: +49 8247 9924282\u00a0| <a href=\"http:\/\/www.weltladen-bad-woerishofen.de\" target=\"_blank\" rel=\"noopener\">Webseite<\/a><\/li>\n<li>Weltladen Schwabm\u00fcnchen | Luitpoldstr. 1A | 86830 Schwabm\u00fcnchen | Tel: +49 8232 903399 | <a href=\"http:\/\/www.weltladen-schwabmuenchen.de\/\" target=\"_blank\" rel=\"noopener\">Webseite<\/a><\/li>\n<li>Eine-Welt-Laden Untermeitingen | Schlo\u00dfberg 12 | 86836 Untermeitingen<\/li>\n<li>Eine-Welt-Laden T\u00fcrkheim | Augsburger Str. 2 | 86842 T\u00fcrkheim | Tel: +49 8245 904788 | <a href=\"http:\/\/ewk-tuerkheim.de\/weltladen\" target=\"_blank\" rel=\"noopener\">Webseite<\/a><\/li>\n<li>Weltladen Schongau | Lechtorstr. 11 | 86956 Schongau | Tel: +49 8861 2595617 | <a href=\"https:\/\/weltlaeden.de\/schongau\/\" target=\"_blank\" rel=\"noopener\">Webseite<\/a><\/li>\n<li>Weltladen Kempten | Promenadestr. 1 | 87435 Kempten | Tel: +49 831 12626 | <a href=\"http:\/\/www.weltladen-kempten.de\/\" target=\"_blank\" rel=\"noopener\">Webseite<\/a><\/li>\n<\/ul>\n<ul>\n<li>Weltladen Immenstadt | Bahnhofstr. 2 | 87509 Immenstadt im Allg\u00e4u | Tel: +49 8323 9696099| <a href=\"http:\/\/www.weltladen-oberallgaeu.de\/\" target=\"_blank\" rel=\"noopener\">Webseite<\/a><\/li>\n<li>Weltladen Sonthofen | Marktstr. 27 | 87527 Sonthofen | Tel: +49 8321 6076886 | <a href=\"http:\/\/www.weltladen-oberallgaeu.de\/\">Webseite<\/a><\/li>\n<li>Weltladen Oberstdorf | Oststr. 24 | 87561 Oberstdorf | Tel: +49 8322 959931 | <a href=\"http:\/\/www.weltladen-oberallgaeu.de\/\" target=\"_blank\" rel=\"noopener\">Webseite<\/a><\/li>\n<li>Weltladen Kaufbeuren | Kaiser-Max-Str. 20 | 87600 Kaufbeuren | Tel: +49 8341 41915\u00a0 | <a href=\"https:\/\/weltlaeden.de\/kaufbeuren\/\" target=\"_blank\" rel=\"noopener\">Webseite<\/a><\/li>\n<li><a href=\"https:\/\/kartevonmorgen.org\/#\/?center=47.953,10.208&amp;zoom=9.00&amp;search=weltl%C3%A4den-iller-lech\" target=\"_blank\" rel=\"noopener\"><img loading=\"lazy\" decoding=\"async\" class=\"alignleft wp-image-785\" src=\"https:\/\/weltlaeden.de\/netzwerk-iller-lech\/wp-content\/uploads\/sites\/58\/2020\/03\/Weltl\u00e4den-Iller-Lech_Karte_oval-e1583937477271.png\" alt=\"\" width=\"315\" height=\"488\" \/><\/a>Weltladen Marktoberdorf | Georg-Fischer-Str. 10 | 87616 Marktoberdorf | Tel: +49 8342 9191747<\/li>\n<li>Weltladen F\u00fcssen | Brotmarkt 8 | 87629 F\u00fcssen | Tel: +49 8362 940482 | <a href=\"http:\/\/www.weltladen-fuessen.de\/\" target=\"_blank\" rel=\"noopener\">Webseite<\/a><\/li>\n<li>Weltladen Memmingen | Weinmarkt 12 | 87700 Memmingen | Tel: +49 8331 89155 | <a href=\"http:\/\/www.weltladen-memmingen.de\/\" target=\"_blank\" rel=\"noopener\">Webseite<\/a><\/li>\n<li>Weltladen Mindelheim | Maximilianstr. 33 | 87719 Mindelheim | Tel: +49 8261 20308\u00a0 | <a href=\"https:\/\/weltlaeden.de\/mindelheim\/\" target=\"_blank\" rel=\"noopener\">Webseite<\/a><\/li>\n<li>Weltladen Bad Gr\u00f6nenbach | Marktstr. 18 | 87730 Bad Gr\u00f6nenbach | Tel: +49 8334 259450 | <a href=\"https:\/\/www.weltladen-badgroenenbach.de\/\" target=\"_blank\" rel=\"noopener\">Webseite<\/a><\/li>\n<li>Weltladen Buxheim | Brunogarten | 87740 Buxheim | Tel: +49 8331 963579 | <a href=\"http:\/\/eine-welt-kreis-buxheim.simdif.com\/weltladen.html\" target=\"_blank\" rel=\"noopener\">Webseite<\/a><\/li>\n<li>Weltladen Lindenberg | Hauptstr. 67 | 88161 Lindenberg | Tel: +49 8381 928415 | <a href=\"https:\/\/weltlaeden.de\/lindenberg\/\" target=\"_blank\" rel=\"noopener\">Webseite<\/a><\/li>\n<li>Fair Weltladen G\u00fcnzburg | Kapuzinergasse 1 | 89312 G\u00fcnzburg | Tel: +49 8221 9301244 | <a href=\"http:\/\/www.weltladen-guenzburg.de\" target=\"_blank\" rel=\"noopener\">Webseite<\/a>.<br \/>\n.<\/li>\n<\/ul>\n<hr \/>\n<h2>Unsere Gutscheine<\/h2>\n<p><strong>Sie m\u00f6chten einen Gutschein aus dem Weltladen verschenken?<\/strong><br \/>\nViele Weltl\u00e4den aus unserem Netzwerk akzeptieren nicht nur eigene Gutscheine, sondern auch solche von anderen L\u00e4den aus unserem Verbund.<br \/>\nHier finden Sie eine <strong>\u00dcbersicht<\/strong>, <strong><a href=\"https:\/\/weltlaeden.de\/netzwerk-iller-lech\/wp-content\/uploads\/sites\/58\/2025\/03\/Weltlaeden-die-Gutscheine-gegenseitig-akzeptieren_Stand-03-2025.pdf\" target=\"_blank\" rel=\"noopener\">bei welchem L\u00e4den unsere Verbund-Gutscheine eingel\u00f6st werden k\u00f6nnen<\/a><\/strong>.<\/p>\n<p>&nbsp;<\/p>\n<hr \/>\n<h2>So arbeiten wir<\/h2>\n<p>Vertreter der Mitarbeiter der L\u00e4den in unserem Netzwerk treffen sich insgesamt viermal j\u00e4hrlich zu einem Arbeitstreffen und einem Regionaltreffen im Fr\u00fchjahr und Sommer und einem Arbeitstreffen und einem Regionaltreffen im Herbst und Winter.<\/p>\n<p>Bei den Arbeitstreffen liegt der Schwerpunkt auf organisatorischen Dingen und der Planung unserer gemeinsamen Aktionen.<\/p>\n<p>Bei den Regionaltreffen nehmen wir zus\u00e4tzlich ein Thema zu unserer eigenen Fortbildung mit ins Programm. So halten wir uns \u00fcber aktuelle Entwicklungen im Fairtrade-Sektor auf dem Laufenden.<\/p>\n<p>Wir stehen in engen Kontakt mit unseren Importeuren und Produzentenorganisatoren, die gerne in unserer Runde aus erster Hand informieren.<\/p>\n<p>&nbsp;<\/p>\n<hr \/>\n<h2>Mitmachen<\/h2>\n<p>\u2026 kann bei uns jeder Weltladen oder jede Eine-Welt-Gruppe in unserer Region. Bitte meldet Euch einfach formlos bei unserer Koordinatorin.<\/p>\n<p><img loading=\"lazy\" decoding=\"async\" class=\"aligncenter wp-image-717 size-large\" src=\"https:\/\/weltlaeden.de\/netzwerk-iller-lech\/wp-content\/uploads\/sites\/58\/2019\/09\/Postkarte_web-1024x495.png\" alt=\"\" width=\"1024\" height=\"495\" srcset=\"https:\/\/weltlaeden.de\/netzwerk-iller-lech\/wp-content\/uploads\/sites\/58\/2019\/09\/Postkarte_web-1024x495.png 1024w, https:\/\/weltlaeden.de\/netzwerk-iller-lech\/wp-content\/uploads\/sites\/58\/2019\/09\/Postkarte_web-300x145.png 300w, https:\/\/weltlaeden.de\/netzwerk-iller-lech\/wp-content\/uploads\/sites\/58\/2019\/09\/Postkarte_web-768x371.png 768w, https:\/\/weltlaeden.de\/netzwerk-iller-lech\/wp-content\/uploads\/sites\/58\/2019\/09\/Postkarte_web.png 1251w\" sizes=\"auto, (max-width: 1024px) 100vw, 1024px\" \/><\/p>\n<p>[\/vc_column_text][\/vc_column][\/vc_row]<\/p>\n<\/div>","protected":false},"excerpt":{"rendered":"<p>[vc_row][vc_column][vc_column_text] Unser Iller-Lech-Netzwerk Wir sind dabei&#8230; Weltladen K\u00f6nigsbrunn | Bgm.-Wohlfarth-Str. 38 | 86343 K\u00f6nigsbrunn | Tel: +49 8231 919791 |\u00a0 Website Weltladen Krumbach | Karl-Mantel-Str. 3 | 86381 Krumbach | Telefon: +49 8282 880768\u00a0| Webseite Weltladen Wertingen | Hauptstr. 9 | 86637 Wertingen | Tel: +49 8272 6090094 | Webseite Weltladen Buchloe | Bahnhofstr. 24&hellip;<\/p>\n","protected":false},"author":86,"featured_media":0,"parent":0,"menu_order":1,"comment_status":"closed","ping_status":"closed","template":"","meta":{"footnotes":""},"class_list":["post-453","page","type-page","status-publish","hentry","description-off"],"yoast_head":"<!-- This site is optimized with the Yoast SEO plugin v26.8 - https:\/\/yoast.com\/product\/yoast-seo-wordpress\/ -->\n<title>Netzwerk - Weltl\u00e4den Iller-Lech<\/title>\n<meta name=\"robots\" content=\"index, follow, max-snippet:-1, max-image-preview:large, max-video-preview:-1\" \/>\n<link rel=\"canonical\" href=\"https:\/\/weltlaeden.de\/netzwerk-iller-lech\/netzwerk\/\" \/>\n<meta property=\"og:locale\" content=\"de_DE\" \/>\n<meta property=\"og:type\" content=\"article\" \/>\n<meta property=\"og:title\" content=\"Netzwerk - Weltl\u00e4den Iller-Lech\" \/>\n<meta property=\"og:description\" content=\"[vc_row][vc_column][vc_column_text] Unser Iller-Lech-Netzwerk Wir sind dabei&#8230; Weltladen K\u00f6nigsbrunn | Bgm.-Wohlfarth-Str. 38 | 86343 K\u00f6nigsbrunn | Tel: +49 8231 919791 |\u00a0 Website Weltladen Krumbach | Karl-Mantel-Str. 3 | 86381 Krumbach | Telefon: +49 8282 880768\u00a0| Webseite Weltladen Wertingen | Hauptstr. 9 | 86637 Wertingen | Tel: +49 8272 6090094 | Webseite Weltladen Buchloe | Bahnhofstr. 24&hellip;\" \/>\n<meta property=\"og:url\" content=\"https:\/\/weltlaeden.de\/netzwerk-iller-lech\/netzwerk\/\" \/>\n<meta property=\"og:site_name\" content=\"Weltl\u00e4den Iller-Lech\" \/>\n<meta property=\"article:modified_time\" content=\"2026-02-02T10:29:24+00:00\" \/>\n<meta property=\"og:image\" content=\"https:\/\/weltlaeden.de\/netzwerk-iller-lech\/wp-content\/uploads\/sites\/58\/2018\/12\/fairnetzt.png\" \/>\n\t<meta property=\"og:image:width\" content=\"1100\" \/>\n\t<meta property=\"og:image:height\" content=\"250\" \/>\n\t<meta property=\"og:image:type\" content=\"image\/png\" \/>\n<meta name=\"twitter:card\" content=\"summary_large_image\" \/>\n<meta name=\"twitter:label1\" content=\"Gesch\u00e4tzte Lesezeit\" \/>\n\t<meta name=\"twitter:data1\" content=\"4\u00a0Minuten\" \/>\n<script type=\"application\/ld+json\" class=\"yoast-schema-graph\">{\"@context\":\"https:\/\/schema.org\",\"@graph\":[{\"@type\":\"WebPage\",\"@id\":\"https:\/\/weltlaeden.de\/netzwerk-iller-lech\/netzwerk\/\",\"url\":\"https:\/\/weltlaeden.de\/netzwerk-iller-lech\/netzwerk\/\",\"name\":\"Netzwerk - Weltl\u00e4den Iller-Lech\",\"isPartOf\":{\"@id\":\"https:\/\/weltlaeden.de\/netzwerk-iller-lech\/#website\"},\"primaryImageOfPage\":{\"@id\":\"https:\/\/weltlaeden.de\/netzwerk-iller-lech\/netzwerk\/#primaryimage\"},\"image\":{\"@id\":\"https:\/\/weltlaeden.de\/netzwerk-iller-lech\/netzwerk\/#primaryimage\"},\"thumbnailUrl\":\"https:\/\/weltlaeden.de\/netzwerk-iller-lech\/wp-content\/uploads\/sites\/58\/2018\/12\/fairnetzt-1024x233.png\",\"datePublished\":\"2018-12-29T18:23:28+00:00\",\"dateModified\":\"2026-02-02T10:29:24+00:00\",\"breadcrumb\":{\"@id\":\"https:\/\/weltlaeden.de\/netzwerk-iller-lech\/netzwerk\/#breadcrumb\"},\"inLanguage\":\"de\",\"potentialAction\":[{\"@type\":\"ReadAction\",\"target\":[\"https:\/\/weltlaeden.de\/netzwerk-iller-lech\/netzwerk\/\"]}]},{\"@type\":\"ImageObject\",\"inLanguage\":\"de\",\"@id\":\"https:\/\/weltlaeden.de\/netzwerk-iller-lech\/netzwerk\/#primaryimage\",\"url\":\"https:\/\/weltlaeden.de\/netzwerk-iller-lech\/wp-content\/uploads\/sites\/58\/2018\/12\/fairnetzt.png\",\"contentUrl\":\"https:\/\/weltlaeden.de\/netzwerk-iller-lech\/wp-content\/uploads\/sites\/58\/2018\/12\/fairnetzt.png\",\"width\":1100,\"height\":250},{\"@type\":\"BreadcrumbList\",\"@id\":\"https:\/\/weltlaeden.de\/netzwerk-iller-lech\/netzwerk\/#breadcrumb\",\"itemListElement\":[{\"@type\":\"ListItem\",\"position\":1,\"name\":\"Startseite\",\"item\":\"https:\/\/weltlaeden.de\/netzwerk-iller-lech\/\"},{\"@type\":\"ListItem\",\"position\":2,\"name\":\"Netzwerk\"}]},{\"@type\":\"WebSite\",\"@id\":\"https:\/\/weltlaeden.de\/netzwerk-iller-lech\/#website\",\"url\":\"https:\/\/weltlaeden.de\/netzwerk-iller-lech\/\",\"name\":\"Vorlage\",\"description\":\"Weltladen Netzwerk f\u00fcr Austausch und gemeinsame Aktionen\",\"potentialAction\":[{\"@type\":\"SearchAction\",\"target\":{\"@type\":\"EntryPoint\",\"urlTemplate\":\"https:\/\/weltlaeden.de\/netzwerk-iller-lech\/?s={search_term_string}\"},\"query-input\":{\"@type\":\"PropertyValueSpecification\",\"valueRequired\":true,\"valueName\":\"search_term_string\"}}],\"inLanguage\":\"de\"}]}<\/script>\n<!-- \/ Yoast SEO plugin. -->","yoast_head_json":{"title":"Netzwerk - Weltl\u00e4den Iller-Lech","robots":{"index":"index","follow":"follow","max-snippet":"max-snippet:-1","max-image-preview":"max-image-preview:large","max-video-preview":"max-video-preview:-1"},"canonical":"https:\/\/weltlaeden.de\/netzwerk-iller-lech\/netzwerk\/","og_locale":"de_DE","og_type":"article","og_title":"Netzwerk - Weltl\u00e4den Iller-Lech","og_description":"[vc_row][vc_column][vc_column_text] Unser Iller-Lech-Netzwerk Wir sind dabei&#8230; Weltladen K\u00f6nigsbrunn | Bgm.-Wohlfarth-Str. 38 | 86343 K\u00f6nigsbrunn | Tel: +49 8231 919791 |\u00a0 Website Weltladen Krumbach | Karl-Mantel-Str. 3 | 86381 Krumbach | Telefon: +49 8282 880768\u00a0| Webseite Weltladen Wertingen | Hauptstr. 9 | 86637 Wertingen | Tel: +49 8272 6090094 | Webseite Weltladen Buchloe | Bahnhofstr. 24&hellip;","og_url":"https:\/\/weltlaeden.de\/netzwerk-iller-lech\/netzwerk\/","og_site_name":"Weltl\u00e4den Iller-Lech","article_modified_time":"2026-02-02T10:29:24+00:00","og_image":[{"width":1100,"height":250,"url":"https:\/\/weltlaeden.de\/netzwerk-iller-lech\/wp-content\/uploads\/sites\/58\/2018\/12\/fairnetzt.png","type":"image\/png"}],"twitter_card":"summary_large_image","twitter_misc":{"Gesch\u00e4tzte Lesezeit":"4\u00a0Minuten"},"schema":{"@context":"https:\/\/schema.org","@graph":[{"@type":"WebPage","@id":"https:\/\/weltlaeden.de\/netzwerk-iller-lech\/netzwerk\/","url":"https:\/\/weltlaeden.de\/netzwerk-iller-lech\/netzwerk\/","name":"Netzwerk - Weltl\u00e4den Iller-Lech","isPartOf":{"@id":"https:\/\/weltlaeden.de\/netzwerk-iller-lech\/#website"},"primaryImageOfPage":{"@id":"https:\/\/weltlaeden.de\/netzwerk-iller-lech\/netzwerk\/#primaryimage"},"image":{"@id":"https:\/\/weltlaeden.de\/netzwerk-iller-lech\/netzwerk\/#primaryimage"},"thumbnailUrl":"https:\/\/weltlaeden.de\/netzwerk-iller-lech\/wp-content\/uploads\/sites\/58\/2018\/12\/fairnetzt-1024x233.png","datePublished":"2018-12-29T18:23:28+00:00","dateModified":"2026-02-02T10:29:24+00:00","breadcrumb":{"@id":"https:\/\/weltlaeden.de\/netzwerk-iller-lech\/netzwerk\/#breadcrumb"},"inLanguage":"de","potentialAction":[{"@type":"ReadAction","target":["https:\/\/weltlaeden.de\/netzwerk-iller-lech\/netzwerk\/"]}]},{"@type":"ImageObject","inLanguage":"de","@id":"https:\/\/weltlaeden.de\/netzwerk-iller-lech\/netzwerk\/#primaryimage","url":"https:\/\/weltlaeden.de\/netzwerk-iller-lech\/wp-content\/uploads\/sites\/58\/2018\/12\/fairnetzt.png","contentUrl":"https:\/\/weltlaeden.de\/netzwerk-iller-lech\/wp-content\/uploads\/sites\/58\/2018\/12\/fairnetzt.png","width":1100,"height":250},{"@type":"BreadcrumbList","@id":"https:\/\/weltlaeden.de\/netzwerk-iller-lech\/netzwerk\/#breadcrumb","itemListElement":[{"@type":"ListItem","position":1,"name":"Startseite","item":"https:\/\/weltlaeden.de\/netzwerk-iller-lech\/"},{"@type":"ListItem","position":2,"name":"Netzwerk"}]},{"@type":"WebSite","@id":"https:\/\/weltlaeden.de\/netzwerk-iller-lech\/#website","url":"https:\/\/weltlaeden.de\/netzwerk-iller-lech\/","name":"Vorlage","description":"Weltladen Netzwerk f\u00fcr Austausch und gemeinsame Aktionen","potentialAction":[{"@type":"SearchAction","target":{"@type":"EntryPoint","urlTemplate":"https:\/\/weltlaeden.de\/netzwerk-iller-lech\/?s={search_term_string}"},"query-input":{"@type":"PropertyValueSpecification","valueRequired":true,"valueName":"search_term_string"}}],"inLanguage":"de"}]}},"_links":{"self":[{"href":"https:\/\/weltlaeden.de\/netzwerk-iller-lech\/wp-json\/wp\/v2\/pages\/453","targetHints":{"allow":["GET"]}}],"collection":[{"href":"https:\/\/weltlaeden.de\/netzwerk-iller-lech\/wp-json\/wp\/v2\/pages"}],"about":[{"href":"https:\/\/weltlaeden.de\/netzwerk-iller-lech\/wp-json\/wp\/v2\/types\/page"}],"author":[{"embeddable":true,"href":"https:\/\/weltlaeden.de\/netzwerk-iller-lech\/wp-json\/wp\/v2\/users\/86"}],"replies":[{"embeddable":true,"href":"https:\/\/weltlaeden.de\/netzwerk-iller-lech\/wp-json\/wp\/v2\/comments?post=453"}],"version-history":[{"count":67,"href":"https:\/\/weltlaeden.de\/netzwerk-iller-lech\/wp-json\/wp\/v2\/pages\/453\/revisions"}],"predecessor-version":[{"id":1104,"href":"https:\/\/weltlaeden.de\/netzwerk-iller-lech\/wp-json\/wp\/v2\/pages\/453\/revisions\/1104"}],"wp:attachment":[{"href":"https:\/\/weltlaeden.de\/netzwerk-iller-lech\/wp-json\/wp\/v2\/media?parent=453"}],"curies":[{"name":"wp","href":"https:\/\/api.w.org\/{rel}","templated":true}]}}