{"id":812,"date":"2025-11-27T06:53:50","date_gmt":"2025-11-27T05:53:50","guid":{"rendered":"https:\/\/weltlaeden.de\/mutterstadt\/?page_id=812"},"modified":"2026-04-11T14:19:32","modified_gmt":"2026-04-11T12:19:32","slug":"aktuelles","status":"publish","type":"page","link":"https:\/\/weltlaeden.de\/mutterstadt\/aktuelles\/","title":{"rendered":"Aktuelles"},"content":{"rendered":"<div class=\"wpb-content-wrapper\"><p>[vc_row][vc_column][vc_column_text css=&#8220;&#8220;]<\/p>\n<h1>Aktuelles<\/h1>\n<p>[\/vc_column_text][vc_separator css=&#8220;&#8220;][vc_empty_space][vc_separator][vc_separator css=&#8220;&#8220;][vc_column_text css=&#8220;&#8220;]<\/p>\n<h2 class=\"yiv1869873497MsoNormal\" style=\"text-align: center\">FAIRES FR\u00dcHST\u00dcCK 2026<\/h2>\n<p class=\"yiv1869873497MsoNormal\" style=\"text-align: center\"><strong>Es ist wieder soweit!<\/strong><\/p>\n<p class=\"yiv1869873497MsoNormal\">Die Fairtrade-Steuerungsgruppe der Gemeinde Mutterstadt und die &#8222;Initiative Eine-Welt Mutterstadt e.V.&#8220;. laden am <strong>08.Mai zwischen 9.00 und 12.00 Uhr auf den Marktplatz<\/strong> zum fairen Fr\u00fchst\u00fcck ein! Mit diesem immer am zweiten Freitag im Mai angesetzten und fest im Veranstaltungskalender der Gemeinde verankerten Termin wird eine mittlerweile\u00a0<img loading=\"lazy\" decoding=\"async\" class=\" wp-image-887 alignright\" src=\"https:\/\/weltlaeden.de\/mutterstadt\/wp-content\/uploads\/sites\/220\/2026\/05\/Screenshot-2026-04-11-at-12-33-59-Fairtrade-fruehstueck-2026-Fairtrade-Deutschland-e1775903812146-300x273.png\" alt=\"\" width=\"237\" height=\"216\" srcset=\"https:\/\/weltlaeden.de\/mutterstadt\/wp-content\/uploads\/sites\/220\/2026\/05\/Screenshot-2026-04-11-at-12-33-59-Fairtrade-fruehstueck-2026-Fairtrade-Deutschland-e1775903812146-300x273.png 300w, https:\/\/weltlaeden.de\/mutterstadt\/wp-content\/uploads\/sites\/220\/2026\/05\/Screenshot-2026-04-11-at-12-33-59-Fairtrade-fruehstueck-2026-Fairtrade-Deutschland-e1775903812146.png 703w\" sizes=\"auto, (max-width: 237px) 100vw, 237px\" \/>schon lieb gewonnene Tradition fair-folgt. Das Faire Fr\u00fchst\u00fcck ist Treffpunkt der Freunde und Unterst\u00fctzer*innen des Fairen Handels, der Besucher*innen des Wochenmarktes und der Kulturen geworden.<\/p>\n<p class=\"yiv1869873497MsoNormal\">Einfach vorbeikommen, Freunde und Nachbarn mitbringen und gemeinsam einen sch\u00f6nen Vormittag mit einer leckeren Tasse fairen Kaffees oder Tees, einem Glas Saft oder Secco sowie fairen Snacks fair-bringen. Wir laden ganz herzlich dazu ein, beim gemeinsamen Fr\u00fchst\u00fcck zu fair-weilen, miteinander fair-z\u00e4hlen und damit den Gedanken des Fairen Handels sowie der Nachhaltigkeit in Mutterstadt zu st\u00e4rken. \u00a0Also nicht fair-gessen, vorbeizuschauen! \u00a0Auf ein Wiedersehen und den Austausch freut sich die Fairtrade-Steuerungsgruppe Mutterstadt und die \u00a0&#8222;Initiative Eine-Welt Mutterstadt e.V.&#8220;.<\/p>\n<p>[\/vc_column_text][vc_empty_space][vc_empty_space]<div class=\"wl_einzelbild\"><p><img loading=\"lazy\" decoding=\"async\" class=\" wp-image-870 aligncenter\" src=\"https:\/\/weltlaeden.de\/mutterstadt\/wp-content\/uploads\/sites\/220\/2026\/03\/Sharepic-Ostern-1-819x1024-1-240x300.jpg\" alt=\"\" width=\"184\" height=\"230\" srcset=\"https:\/\/weltlaeden.de\/mutterstadt\/wp-content\/uploads\/sites\/220\/2026\/03\/Sharepic-Ostern-1-819x1024-1-240x300.jpg 240w, https:\/\/weltlaeden.de\/mutterstadt\/wp-content\/uploads\/sites\/220\/2026\/03\/Sharepic-Ostern-1-819x1024-1-768x960.jpg 768w, https:\/\/weltlaeden.de\/mutterstadt\/wp-content\/uploads\/sites\/220\/2026\/03\/Sharepic-Ostern-1-819x1024-1.jpg 819w\" sizes=\"auto, (max-width: 184px) 100vw, 184px\" \/><\/p><\/div>[\/vc_column][\/vc_row][vc_row][vc_column][vc_separator css=&#8220;&#8220;][vc_empty_space][\/vc_column][vc_column][\/vc_column][\/vc_row][vc_row][vc_column width=&#8220;1\/2&#8243;]<div class=\"wl_einzelbild\"><p><img loading=\"lazy\" decoding=\"async\" class=\"size-medium wp-image-861 alignleft\" src=\"https:\/\/weltlaeden.de\/mutterstadt\/wp-content\/uploads\/sites\/220\/2025\/12\/christmas-pictures-3862473_1280-300x225.jpg\" alt=\"\" width=\"300\" height=\"225\" srcset=\"https:\/\/weltlaeden.de\/mutterstadt\/wp-content\/uploads\/sites\/220\/2025\/12\/christmas-pictures-3862473_1280-300x225.jpg 300w, https:\/\/weltlaeden.de\/mutterstadt\/wp-content\/uploads\/sites\/220\/2025\/12\/christmas-pictures-3862473_1280-1024x768.jpg 1024w, https:\/\/weltlaeden.de\/mutterstadt\/wp-content\/uploads\/sites\/220\/2025\/12\/christmas-pictures-3862473_1280-768x576.jpg 768w, https:\/\/weltlaeden.de\/mutterstadt\/wp-content\/uploads\/sites\/220\/2025\/12\/christmas-pictures-3862473_1280.jpg 1280w\" sizes=\"auto, (max-width: 300px) 100vw, 300px\" \/><\/p><\/div>[\/vc_column][vc_column width=&#8220;1\/2&#8243;][vc_column_text css=&#8220;&#8220;]<strong>Weihnachtsw\u00fcnsche<\/strong><\/p>\n<p>Wir w\u00fcnschen Ihnen und Ihren Familien ein gesegnetes Weihnachtsfest und einen guten Start ins Neue Jahr.<\/p>\n<p>F\u00fcr die Unterst\u00fctzung im zur\u00fcckliegenden Jahr bedanken wir uns recht herzlich.[\/vc_column_text][\/vc_column][\/vc_row][vc_row][vc_column][vc_separator][vc_empty_space][\/vc_column][\/vc_row][vc_row][vc_column width=&#8220;1\/2&#8243;][vc_column_text css=&#8220;&#8220;]<\/p>\n<h4>Fair in den Advent<\/h4>\n<p>Am 28.11.2025 findet ab 17:00 Uhr die Veranstaltung &#8222;Fair in den Advent&#8220; statt. Wir freuen uns auf zahlreiche BesucherInnen, die mit uns, einem Punsch, Gl\u00fchwein oder fairen Leckereien in die besinnliche Adventszeit starten wollen.[\/vc_column_text][\/vc_column][vc_column width=&#8220;1\/2&#8243;]<div class=\"wl_einzelbild\"><p><img loading=\"lazy\" decoding=\"async\" class=\"alignnone size-medium wp-image-815\" src=\"https:\/\/weltlaeden.de\/mutterstadt\/wp-content\/uploads\/sites\/220\/2025\/11\/advent-4665306_1280-300x191.jpg\" alt=\"\" width=\"300\" height=\"191\" srcset=\"https:\/\/weltlaeden.de\/mutterstadt\/wp-content\/uploads\/sites\/220\/2025\/11\/advent-4665306_1280-300x191.jpg 300w, https:\/\/weltlaeden.de\/mutterstadt\/wp-content\/uploads\/sites\/220\/2025\/11\/advent-4665306_1280-1024x654.jpg 1024w, https:\/\/weltlaeden.de\/mutterstadt\/wp-content\/uploads\/sites\/220\/2025\/11\/advent-4665306_1280-768x490.jpg 768w, https:\/\/weltlaeden.de\/mutterstadt\/wp-content\/uploads\/sites\/220\/2025\/11\/advent-4665306_1280.jpg 1280w\" sizes=\"auto, (max-width: 300px) 100vw, 300px\" \/><\/p><\/div>[\/vc_column][\/vc_row][vc_row][vc_column][vc_separator css=&#8220;&#8220;][\/vc_column][\/vc_row][vc_row][vc_column][vc_empty_space][\/vc_column][\/vc_row]<\/p>\n<\/div>","protected":false},"excerpt":{"rendered":"<p>[vc_row][vc_column][vc_column_text css=&#8220;&#8220;] Aktuelles [\/vc_column_text][vc_separator css=&#8220;&#8220;][vc_empty_space][vc_separator][vc_separator css=&#8220;&#8220;][vc_column_text css=&#8220;&#8220;] FAIRES FR\u00dcHST\u00dcCK 2026 Es ist wieder soweit! Die Fairtrade-Steuerungsgruppe der Gemeinde Mutterstadt und die &#8222;Initiative Eine-Welt Mutterstadt e.V.&#8220;. laden am 08.Mai zwischen 9.00 und 12.00 Uhr auf den Marktplatz zum fairen Fr\u00fchst\u00fcck ein! Mit diesem immer am zweiten Freitag im Mai angesetzten und fest im Veranstaltungskalender der Gemeinde&hellip;<\/p>\n","protected":false},"author":331,"featured_media":0,"parent":0,"menu_order":0,"comment_status":"closed","ping_status":"closed","template":"","meta":{"footnotes":""},"class_list":["post-812","page","type-page","status-publish","hentry","description-off"],"yoast_head":"<!-- This site is optimized with the Yoast SEO plugin v26.8 - https:\/\/yoast.com\/product\/yoast-seo-wordpress\/ -->\n<title>Aktuelles - Weltladen Mutterstadt<\/title>\n<meta name=\"robots\" content=\"index, follow, max-snippet:-1, max-image-preview:large, max-video-preview:-1\" \/>\n<link rel=\"canonical\" href=\"https:\/\/weltlaeden.de\/mutterstadt\/aktuelles\/\" \/>\n<meta property=\"og:locale\" content=\"de_DE\" \/>\n<meta property=\"og:type\" content=\"article\" \/>\n<meta property=\"og:title\" content=\"Aktuelles - Weltladen Mutterstadt\" \/>\n<meta property=\"og:description\" content=\"[vc_row][vc_column][vc_column_text css=&#8220;&#8220;] Aktuelles [\/vc_column_text][vc_separator css=&#8220;&#8220;][vc_empty_space][vc_separator][vc_separator css=&#8220;&#8220;][vc_column_text css=&#8220;&#8220;] FAIRES FR\u00dcHST\u00dcCK 2026 Es ist wieder soweit! Die Fairtrade-Steuerungsgruppe der Gemeinde Mutterstadt und die &#8222;Initiative Eine-Welt Mutterstadt e.V.&#8220;. laden am 08.Mai zwischen 9.00 und 12.00 Uhr auf den Marktplatz zum fairen Fr\u00fchst\u00fcck ein! Mit diesem immer am zweiten Freitag im Mai angesetzten und fest im Veranstaltungskalender der Gemeinde&hellip;\" \/>\n<meta property=\"og:url\" content=\"https:\/\/weltlaeden.de\/mutterstadt\/aktuelles\/\" \/>\n<meta property=\"og:site_name\" content=\"Weltladen Mutterstadt\" \/>\n<meta property=\"article:modified_time\" content=\"2026-04-11T12:19:32+00:00\" \/>\n<meta property=\"og:image\" content=\"https:\/\/weltlaeden.de\/mutterstadt\/wp-content\/uploads\/sites\/220\/2026\/05\/Screenshot-2026-04-11-at-12-33-59-Fairtrade-fruehstueck-2026-Fairtrade-Deutschland-e1775903812146.png\" \/>\n\t<meta property=\"og:image:width\" content=\"703\" \/>\n\t<meta property=\"og:image:height\" content=\"640\" \/>\n\t<meta property=\"og:image:type\" content=\"image\/png\" \/>\n<meta name=\"twitter:card\" content=\"summary_large_image\" \/>\n<meta name=\"twitter:label1\" content=\"Gesch\u00e4tzte Lesezeit\" \/>\n\t<meta name=\"twitter:data1\" content=\"3\u00a0Minuten\" \/>\n<script type=\"application\/ld+json\" class=\"yoast-schema-graph\">{\"@context\":\"https:\/\/schema.org\",\"@graph\":[{\"@type\":\"WebPage\",\"@id\":\"https:\/\/weltlaeden.de\/mutterstadt\/aktuelles\/\",\"url\":\"https:\/\/weltlaeden.de\/mutterstadt\/aktuelles\/\",\"name\":\"Aktuelles - Weltladen Mutterstadt\",\"isPartOf\":{\"@id\":\"https:\/\/weltlaeden.de\/mutterstadt\/#website\"},\"primaryImageOfPage\":{\"@id\":\"https:\/\/weltlaeden.de\/mutterstadt\/aktuelles\/#primaryimage\"},\"image\":{\"@id\":\"https:\/\/weltlaeden.de\/mutterstadt\/aktuelles\/#primaryimage\"},\"thumbnailUrl\":\"https:\/\/weltlaeden.de\/mutterstadt\/wp-content\/uploads\/sites\/220\/2026\/05\/Screenshot-2026-04-11-at-12-33-59-Fairtrade-fruehstueck-2026-Fairtrade-Deutschland-e1775903812146-300x273.png\",\"datePublished\":\"2025-11-27T05:53:50+00:00\",\"dateModified\":\"2026-04-11T12:19:32+00:00\",\"breadcrumb\":{\"@id\":\"https:\/\/weltlaeden.de\/mutterstadt\/aktuelles\/#breadcrumb\"},\"inLanguage\":\"de\",\"potentialAction\":[{\"@type\":\"ReadAction\",\"target\":[\"https:\/\/weltlaeden.de\/mutterstadt\/aktuelles\/\"]}]},{\"@type\":\"ImageObject\",\"inLanguage\":\"de\",\"@id\":\"https:\/\/weltlaeden.de\/mutterstadt\/aktuelles\/#primaryimage\",\"url\":\"https:\/\/weltlaeden.de\/mutterstadt\/wp-content\/uploads\/sites\/220\/2026\/05\/Screenshot-2026-04-11-at-12-33-59-Fairtrade-fruehstueck-2026-Fairtrade-Deutschland-e1775903812146.png\",\"contentUrl\":\"https:\/\/weltlaeden.de\/mutterstadt\/wp-content\/uploads\/sites\/220\/2026\/05\/Screenshot-2026-04-11-at-12-33-59-Fairtrade-fruehstueck-2026-Fairtrade-Deutschland-e1775903812146.png\",\"width\":703,\"height\":640},{\"@type\":\"BreadcrumbList\",\"@id\":\"https:\/\/weltlaeden.de\/mutterstadt\/aktuelles\/#breadcrumb\",\"itemListElement\":[{\"@type\":\"ListItem\",\"position\":1,\"name\":\"Startseite\",\"item\":\"https:\/\/weltlaeden.de\/mutterstadt\/\"},{\"@type\":\"ListItem\",\"position\":2,\"name\":\"Aktuelles\"}]},{\"@type\":\"WebSite\",\"@id\":\"https:\/\/weltlaeden.de\/mutterstadt\/#website\",\"url\":\"https:\/\/weltlaeden.de\/mutterstadt\/\",\"name\":\"Weltladen Mutterstadt\",\"description\":\"Faire Produkte seit 1990\",\"potentialAction\":[{\"@type\":\"SearchAction\",\"target\":{\"@type\":\"EntryPoint\",\"urlTemplate\":\"https:\/\/weltlaeden.de\/mutterstadt\/?s={search_term_string}\"},\"query-input\":{\"@type\":\"PropertyValueSpecification\",\"valueRequired\":true,\"valueName\":\"search_term_string\"}}],\"inLanguage\":\"de\"}]}<\/script>\n<!-- \/ Yoast SEO plugin. -->","yoast_head_json":{"title":"Aktuelles - Weltladen Mutterstadt","robots":{"index":"index","follow":"follow","max-snippet":"max-snippet:-1","max-image-preview":"max-image-preview:large","max-video-preview":"max-video-preview:-1"},"canonical":"https:\/\/weltlaeden.de\/mutterstadt\/aktuelles\/","og_locale":"de_DE","og_type":"article","og_title":"Aktuelles - Weltladen Mutterstadt","og_description":"[vc_row][vc_column][vc_column_text css=&#8220;&#8220;] Aktuelles [\/vc_column_text][vc_separator css=&#8220;&#8220;][vc_empty_space][vc_separator][vc_separator css=&#8220;&#8220;][vc_column_text css=&#8220;&#8220;] FAIRES FR\u00dcHST\u00dcCK 2026 Es ist wieder soweit! Die Fairtrade-Steuerungsgruppe der Gemeinde Mutterstadt und die &#8222;Initiative Eine-Welt Mutterstadt e.V.&#8220;. laden am 08.Mai zwischen 9.00 und 12.00 Uhr auf den Marktplatz zum fairen Fr\u00fchst\u00fcck ein! Mit diesem immer am zweiten Freitag im Mai angesetzten und fest im Veranstaltungskalender der Gemeinde&hellip;","og_url":"https:\/\/weltlaeden.de\/mutterstadt\/aktuelles\/","og_site_name":"Weltladen Mutterstadt","article_modified_time":"2026-04-11T12:19:32+00:00","og_image":[{"width":703,"height":640,"url":"https:\/\/weltlaeden.de\/mutterstadt\/wp-content\/uploads\/sites\/220\/2026\/05\/Screenshot-2026-04-11-at-12-33-59-Fairtrade-fruehstueck-2026-Fairtrade-Deutschland-e1775903812146.png","type":"image\/png"}],"twitter_card":"summary_large_image","twitter_misc":{"Gesch\u00e4tzte Lesezeit":"3\u00a0Minuten"},"schema":{"@context":"https:\/\/schema.org","@graph":[{"@type":"WebPage","@id":"https:\/\/weltlaeden.de\/mutterstadt\/aktuelles\/","url":"https:\/\/weltlaeden.de\/mutterstadt\/aktuelles\/","name":"Aktuelles - Weltladen Mutterstadt","isPartOf":{"@id":"https:\/\/weltlaeden.de\/mutterstadt\/#website"},"primaryImageOfPage":{"@id":"https:\/\/weltlaeden.de\/mutterstadt\/aktuelles\/#primaryimage"},"image":{"@id":"https:\/\/weltlaeden.de\/mutterstadt\/aktuelles\/#primaryimage"},"thumbnailUrl":"https:\/\/weltlaeden.de\/mutterstadt\/wp-content\/uploads\/sites\/220\/2026\/05\/Screenshot-2026-04-11-at-12-33-59-Fairtrade-fruehstueck-2026-Fairtrade-Deutschland-e1775903812146-300x273.png","datePublished":"2025-11-27T05:53:50+00:00","dateModified":"2026-04-11T12:19:32+00:00","breadcrumb":{"@id":"https:\/\/weltlaeden.de\/mutterstadt\/aktuelles\/#breadcrumb"},"inLanguage":"de","potentialAction":[{"@type":"ReadAction","target":["https:\/\/weltlaeden.de\/mutterstadt\/aktuelles\/"]}]},{"@type":"ImageObject","inLanguage":"de","@id":"https:\/\/weltlaeden.de\/mutterstadt\/aktuelles\/#primaryimage","url":"https:\/\/weltlaeden.de\/mutterstadt\/wp-content\/uploads\/sites\/220\/2026\/05\/Screenshot-2026-04-11-at-12-33-59-Fairtrade-fruehstueck-2026-Fairtrade-Deutschland-e1775903812146.png","contentUrl":"https:\/\/weltlaeden.de\/mutterstadt\/wp-content\/uploads\/sites\/220\/2026\/05\/Screenshot-2026-04-11-at-12-33-59-Fairtrade-fruehstueck-2026-Fairtrade-Deutschland-e1775903812146.png","width":703,"height":640},{"@type":"BreadcrumbList","@id":"https:\/\/weltlaeden.de\/mutterstadt\/aktuelles\/#breadcrumb","itemListElement":[{"@type":"ListItem","position":1,"name":"Startseite","item":"https:\/\/weltlaeden.de\/mutterstadt\/"},{"@type":"ListItem","position":2,"name":"Aktuelles"}]},{"@type":"WebSite","@id":"https:\/\/weltlaeden.de\/mutterstadt\/#website","url":"https:\/\/weltlaeden.de\/mutterstadt\/","name":"Weltladen Mutterstadt","description":"Faire Produkte seit 1990","potentialAction":[{"@type":"SearchAction","target":{"@type":"EntryPoint","urlTemplate":"https:\/\/weltlaeden.de\/mutterstadt\/?s={search_term_string}"},"query-input":{"@type":"PropertyValueSpecification","valueRequired":true,"valueName":"search_term_string"}}],"inLanguage":"de"}]}},"_links":{"self":[{"href":"https:\/\/weltlaeden.de\/mutterstadt\/wp-json\/wp\/v2\/pages\/812","targetHints":{"allow":["GET"]}}],"collection":[{"href":"https:\/\/weltlaeden.de\/mutterstadt\/wp-json\/wp\/v2\/pages"}],"about":[{"href":"https:\/\/weltlaeden.de\/mutterstadt\/wp-json\/wp\/v2\/types\/page"}],"author":[{"embeddable":true,"href":"https:\/\/weltlaeden.de\/mutterstadt\/wp-json\/wp\/v2\/users\/331"}],"replies":[{"embeddable":true,"href":"https:\/\/weltlaeden.de\/mutterstadt\/wp-json\/wp\/v2\/comments?post=812"}],"version-history":[{"count":16,"href":"https:\/\/weltlaeden.de\/mutterstadt\/wp-json\/wp\/v2\/pages\/812\/revisions"}],"predecessor-version":[{"id":894,"href":"https:\/\/weltlaeden.de\/mutterstadt\/wp-json\/wp\/v2\/pages\/812\/revisions\/894"}],"wp:attachment":[{"href":"https:\/\/weltlaeden.de\/mutterstadt\/wp-json\/wp\/v2\/media?parent=812"}],"curies":[{"name":"wp","href":"https:\/\/api.w.org\/{rel}","templated":true}]}}