{"id":219,"date":"2016-10-28T13:34:47","date_gmt":"2016-10-28T11:34:47","guid":{"rendered":"https:\/\/wl.heimpixel.de\/vorlage\/ueber-uns\/"},"modified":"2025-12-07T15:17:12","modified_gmt":"2025-12-07T14:17:12","slug":"ueber-uns","status":"publish","type":"page","link":"https:\/\/weltlaeden.de\/mutterstadt\/ueber-uns\/","title":{"rendered":"\u00dcber uns"},"content":{"rendered":"<div class=\"wpb-content-wrapper\"><p>[vc_row][vc_column][vc_empty_space][vc_column_text css=&#8220;&#8220;]<\/p>\n<h1>\u00dcber den Weltladen Mutterstadt<\/h1>\n<p>[\/vc_column_text]<div class=\"wl_einzelbild\"><p><img loading=\"lazy\" decoding=\"async\" class=\"size-full wp-image-654 aligncenter\" src=\"https:\/\/weltlaeden.de\/mutterstadt\/wp-content\/uploads\/sites\/220\/2024\/12\/Weltladen.jpg\" alt=\"\" width=\"280\" height=\"290\" \/><\/p><\/div>[vc_column_text css=&#8220;&#8220;]<\/p>\n<h3 data-start=\"0\" data-end=\"54\"><span style=\"color: #ff9900\"><strong data-start=\"4\" data-end=\"52\">Die Geschichte des Weltladens Mutterstadt<\/strong><\/span><\/h3>\n<h4 data-start=\"56\" data-end=\"93\"><strong data-start=\"61\" data-end=\"91\">Gr\u00fcndung &amp; Er\u00f6ffnung<\/strong><\/h4>\n<ul data-start=\"752\" data-end=\"1018\">\n<li data-start=\"94\" data-end=\"131\">Januar 2000: Gr\u00fcndung des Vereins<\/li>\n<li data-start=\"752\" data-end=\"792\">30.11.2002: Er\u00f6ffnung des Weltladens<\/li>\n<\/ul>\n<h4 data-start=\"2263\" data-end=\"2315\"><strong data-start=\"2268\" data-end=\"2313\">Pr\u00e4senz auf M\u00e4rkten &amp; Veranstaltungen<\/strong><\/h4>\n<ul>\n<li>Abendflair<\/li>\n<li>Faires Fr\u00fchst\u00fcck<\/li>\n<li>Adventsmarkt IGS Mutterstadt<\/li>\n<\/ul>\n<h4>Regelm\u00e4\u00dfigen Veranstaltungen im Laden<\/h4>\n<ul>\n<li>Fair in den Advent<\/li>\n<li>Ladies Night<\/li>\n<li>Sommerfest<\/li>\n<li>Teilnahme am verkaufsoffenen Sonntag (Kerwe)<\/li>\n<li><span data-olk-copy-source=\"MessageBody\">Offenes Ladengesch\u00e4ft und Getr\u00e4nkeverkauf w\u00e4hrend des Fastnachtsumzuges<\/span><\/li>\n<\/ul>\n<p>&nbsp;<\/p>\n<h3><span style=\"color: #ff9900\">Projekte, die der Weltladen im Laufe der Zeit unterst\u00fctzt hat bzw. aktuell unterst\u00fctzt<\/span><\/h3>\n<h4 data-start=\"2796\" data-end=\"2839\"><strong data-start=\"2801\" data-end=\"2837\">Internationale Sozialprojekte<\/strong><\/h4>\n<ul data-start=\"2840\" data-end=\"3155\">\n<li data-start=\"2840\" data-end=\"2935\">San Salvador (22 de abril): Unterst\u00fctzung einer Armengemeinde inkl. Solaranlage (seit 2006)<\/li>\n<li data-start=\"2936\" data-end=\"2989\">Preda Freundeskreis: Kinderrechte &amp; fairer Handel<\/li>\n<li data-start=\"2990\" data-end=\"3050\">Action Survive Burundi: Hilfe zur Selbsthilfe in Burundi<\/li>\n<li data-start=\"3051\" data-end=\"3102\">Nepal (Diakonisches Werk): Nachhaltige Projekte<\/li>\n<li data-start=\"3103\" data-end=\"3155\">Nepra e.V.: Unterst\u00fctzung von Menschen mit Lepra<\/li>\n<\/ul>\n<h4 data-start=\"3157\" data-end=\"3209\"><strong data-start=\"3162\" data-end=\"3207\">Frauen- &amp; Menschenrechtsorganisationen<\/strong><\/h4>\n<ul data-start=\"3210\" data-end=\"3340\">\n<li data-start=\"3210\" data-end=\"3280\">medica mondiale: Hilfe f\u00fcr traumatisierte Frauen in Kriegsgebieten<\/li>\n<li data-start=\"3281\" data-end=\"3340\">Femnet: Einsatz f\u00fcr Frauenrechte in der Textilindustrie<\/li>\n<\/ul>\n<h4 data-start=\"3342\" data-end=\"3392\"><strong data-start=\"3347\" data-end=\"3390\">Nachhaltige Entwicklung\u00a0<\/strong><\/h4>\n<ul data-start=\"3393\" data-end=\"3511\">\n<li data-start=\"3393\" data-end=\"3455\">Landkauf S\u00fcdafrika: Unterst\u00fctzung marginalisierter Gruppen<\/li>\n<li data-start=\"3456\" data-end=\"3511\">Medico f\u00fcr Ostafrika: Gesundheits- &amp; Sozialprojekte<\/li>\n<\/ul>\n<h3 data-start=\"3695\" data-end=\"3731\"><\/h3>\n<p>&nbsp;<\/p>\n<h3 data-start=\"3695\" data-end=\"3731\"><span style=\"color: #ff9900\"><strong data-start=\"3699\" data-end=\"3729\">Unser Team &amp; Engagement<\/strong><\/span><\/h3>\n<ul data-start=\"3732\" data-end=\"3972\">\n<li data-end=\"3803\" data-start=\"3732\">Rund 25 ehrenamtliche\u00a0Mitarbeiter*innen\u00a0engagieren sich f\u00fcr den Weltladen<\/li>\n<li data-end=\"3892\" data-start=\"3804\">Mit diesem Engagement\u00a0 unterst\u00fctzen\u00a0 sie den fairen Handel und f\u00f6rdern bessere Lebensbedingungen im globalen S\u00fcden<\/li>\n<li data-end=\"3972\" data-start=\"3893\">Ohne die engagierten Mitarbeiter*innen &amp; treuen Kund*Innen w\u00e4re all das nicht m\u00f6glich<\/li>\n<\/ul>\n<p>[\/vc_column_text][\/vc_column][\/vc_row][vc_row][vc_column][vc_empty_space][vc_column_text css=&#8220;&#8220;]<\/p>\n<h1>Mitmachen im Weltladen Mutterstadt<\/h1>\n<p>[\/vc_column_text][vc_column_text css=&#8220;&#8220;]<strong>Wir suchen<\/strong> Menschen, die Lust haben, sich ehrenamtlich f\u00fcr eine offene, transparente, \u00f6kologische und nachhaltige Form des Wirtschaftens zu engagieren. Neben regelm\u00e4\u00dfigen Aufgaben gibt es bei uns auch immer wieder einzelne zeitlich befristete Projekte, f\u00fcr die wir Unterst\u00fctzer\/innen suchen. Viele Aufgaben erfordern keine speziellen Vorkenntnisse, sondern nur Deine Bereitschaft, Deine F\u00e4higkeiten einzubringen und eventuell in neuen Bereichen dazuzulernen.<\/p>\n<p><strong>Interesse?\u00a0<\/strong><\/p>\n<p>Schreibe eine E-Mail an vorstand@weltladen-mutterstadt.de<\/p>\n<p><strong>Wir freuen uns auf Dich!<\/strong>[\/vc_column_text][vc_empty_space][\/vc_column][\/vc_row]<\/p>\n<\/div>","protected":false},"excerpt":{"rendered":"<p>[vc_row][vc_column][vc_empty_space][vc_column_text css=&#8220;&#8220;] \u00dcber den Weltladen Mutterstadt [\/vc_column_text][vc_column_text css=&#8220;&#8220;] Die Geschichte des Weltladens Mutterstadt Gr\u00fcndung &amp; Er\u00f6ffnung Januar 2000: Gr\u00fcndung des Vereins 30.11.2002: Er\u00f6ffnung des Weltladens Pr\u00e4senz auf M\u00e4rkten &amp; Veranstaltungen Abendflair Faires Fr\u00fchst\u00fcck Adventsmarkt IGS Mutterstadt Regelm\u00e4\u00dfigen Veranstaltungen im Laden Fair in den Advent Ladies Night Sommerfest Teilnahme am verkaufsoffenen Sonntag (Kerwe) Offenes Ladengesch\u00e4ft und&hellip;<\/p>\n","protected":false},"author":1,"featured_media":0,"parent":0,"menu_order":6,"comment_status":"closed","ping_status":"closed","template":"","meta":{"footnotes":""},"class_list":["post-219","page","type-page","status-publish","hentry","description-off"],"yoast_head":"<!-- This site is optimized with the Yoast SEO plugin v26.8 - https:\/\/yoast.com\/product\/yoast-seo-wordpress\/ -->\n<title>\u00dcber uns - Weltladen Mutterstadt<\/title>\n<meta name=\"robots\" content=\"index, follow, max-snippet:-1, max-image-preview:large, max-video-preview:-1\" \/>\n<link rel=\"canonical\" href=\"https:\/\/weltlaeden.de\/mutterstadt\/ueber-uns\/\" \/>\n<meta property=\"og:locale\" content=\"de_DE\" \/>\n<meta property=\"og:type\" content=\"article\" \/>\n<meta property=\"og:title\" content=\"\u00dcber uns - Weltladen Mutterstadt\" \/>\n<meta property=\"og:description\" content=\"[vc_row][vc_column][vc_empty_space][vc_column_text css=&#8220;&#8220;] \u00dcber den Weltladen Mutterstadt [\/vc_column_text][vc_column_text css=&#8220;&#8220;] Die Geschichte des Weltladens Mutterstadt Gr\u00fcndung &amp; Er\u00f6ffnung Januar 2000: Gr\u00fcndung des Vereins 30.11.2002: Er\u00f6ffnung des Weltladens Pr\u00e4senz auf M\u00e4rkten &amp; Veranstaltungen Abendflair Faires Fr\u00fchst\u00fcck Adventsmarkt IGS Mutterstadt Regelm\u00e4\u00dfigen Veranstaltungen im Laden Fair in den Advent Ladies Night Sommerfest Teilnahme am verkaufsoffenen Sonntag (Kerwe) Offenes Ladengesch\u00e4ft und&hellip;\" \/>\n<meta property=\"og:url\" content=\"https:\/\/weltlaeden.de\/mutterstadt\/ueber-uns\/\" \/>\n<meta property=\"og:site_name\" content=\"Weltladen Mutterstadt\" \/>\n<meta property=\"article:modified_time\" content=\"2025-12-07T14:17:12+00:00\" \/>\n<meta property=\"og:image\" content=\"https:\/\/weltlaeden.de\/mutterstadt\/wp-content\/uploads\/sites\/220\/2024\/12\/Weltladen.jpg\" \/>\n\t<meta property=\"og:image:width\" content=\"280\" \/>\n\t<meta property=\"og:image:height\" content=\"290\" \/>\n\t<meta property=\"og:image:type\" content=\"image\/jpeg\" \/>\n<meta name=\"twitter:card\" content=\"summary_large_image\" \/>\n<meta name=\"twitter:label1\" content=\"Gesch\u00e4tzte Lesezeit\" \/>\n\t<meta name=\"twitter:data1\" content=\"2\u00a0Minuten\" \/>\n<script type=\"application\/ld+json\" class=\"yoast-schema-graph\">{\"@context\":\"https:\/\/schema.org\",\"@graph\":[{\"@type\":\"WebPage\",\"@id\":\"https:\/\/weltlaeden.de\/mutterstadt\/ueber-uns\/\",\"url\":\"https:\/\/weltlaeden.de\/mutterstadt\/ueber-uns\/\",\"name\":\"\u00dcber uns - Weltladen Mutterstadt\",\"isPartOf\":{\"@id\":\"https:\/\/weltlaeden.de\/mutterstadt\/#website\"},\"primaryImageOfPage\":{\"@id\":\"https:\/\/weltlaeden.de\/mutterstadt\/ueber-uns\/#primaryimage\"},\"image\":{\"@id\":\"https:\/\/weltlaeden.de\/mutterstadt\/ueber-uns\/#primaryimage\"},\"thumbnailUrl\":\"https:\/\/weltlaeden.de\/mutterstadt\/wp-content\/uploads\/sites\/220\/2024\/12\/Weltladen.jpg\",\"datePublished\":\"2016-10-28T11:34:47+00:00\",\"dateModified\":\"2025-12-07T14:17:12+00:00\",\"breadcrumb\":{\"@id\":\"https:\/\/weltlaeden.de\/mutterstadt\/ueber-uns\/#breadcrumb\"},\"inLanguage\":\"de\",\"potentialAction\":[{\"@type\":\"ReadAction\",\"target\":[\"https:\/\/weltlaeden.de\/mutterstadt\/ueber-uns\/\"]}]},{\"@type\":\"ImageObject\",\"inLanguage\":\"de\",\"@id\":\"https:\/\/weltlaeden.de\/mutterstadt\/ueber-uns\/#primaryimage\",\"url\":\"https:\/\/weltlaeden.de\/mutterstadt\/wp-content\/uploads\/sites\/220\/2024\/12\/Weltladen.jpg\",\"contentUrl\":\"https:\/\/weltlaeden.de\/mutterstadt\/wp-content\/uploads\/sites\/220\/2024\/12\/Weltladen.jpg\",\"width\":280,\"height\":290},{\"@type\":\"BreadcrumbList\",\"@id\":\"https:\/\/weltlaeden.de\/mutterstadt\/ueber-uns\/#breadcrumb\",\"itemListElement\":[{\"@type\":\"ListItem\",\"position\":1,\"name\":\"Startseite\",\"item\":\"https:\/\/weltlaeden.de\/mutterstadt\/\"},{\"@type\":\"ListItem\",\"position\":2,\"name\":\"\u00dcber uns\"}]},{\"@type\":\"WebSite\",\"@id\":\"https:\/\/weltlaeden.de\/mutterstadt\/#website\",\"url\":\"https:\/\/weltlaeden.de\/mutterstadt\/\",\"name\":\"Weltladen Mutterstadt\",\"description\":\"Faire Produkte seit 1990\",\"potentialAction\":[{\"@type\":\"SearchAction\",\"target\":{\"@type\":\"EntryPoint\",\"urlTemplate\":\"https:\/\/weltlaeden.de\/mutterstadt\/?s={search_term_string}\"},\"query-input\":{\"@type\":\"PropertyValueSpecification\",\"valueRequired\":true,\"valueName\":\"search_term_string\"}}],\"inLanguage\":\"de\"}]}<\/script>\n<!-- \/ Yoast SEO plugin. -->","yoast_head_json":{"title":"\u00dcber uns - Weltladen Mutterstadt","robots":{"index":"index","follow":"follow","max-snippet":"max-snippet:-1","max-image-preview":"max-image-preview:large","max-video-preview":"max-video-preview:-1"},"canonical":"https:\/\/weltlaeden.de\/mutterstadt\/ueber-uns\/","og_locale":"de_DE","og_type":"article","og_title":"\u00dcber uns - Weltladen Mutterstadt","og_description":"[vc_row][vc_column][vc_empty_space][vc_column_text css=&#8220;&#8220;] \u00dcber den Weltladen Mutterstadt [\/vc_column_text][vc_column_text css=&#8220;&#8220;] Die Geschichte des Weltladens Mutterstadt Gr\u00fcndung &amp; Er\u00f6ffnung Januar 2000: Gr\u00fcndung des Vereins 30.11.2002: Er\u00f6ffnung des Weltladens Pr\u00e4senz auf M\u00e4rkten &amp; Veranstaltungen Abendflair Faires Fr\u00fchst\u00fcck Adventsmarkt IGS Mutterstadt Regelm\u00e4\u00dfigen Veranstaltungen im Laden Fair in den Advent Ladies Night Sommerfest Teilnahme am verkaufsoffenen Sonntag (Kerwe) Offenes Ladengesch\u00e4ft und&hellip;","og_url":"https:\/\/weltlaeden.de\/mutterstadt\/ueber-uns\/","og_site_name":"Weltladen Mutterstadt","article_modified_time":"2025-12-07T14:17:12+00:00","og_image":[{"width":280,"height":290,"url":"https:\/\/weltlaeden.de\/mutterstadt\/wp-content\/uploads\/sites\/220\/2024\/12\/Weltladen.jpg","type":"image\/jpeg"}],"twitter_card":"summary_large_image","twitter_misc":{"Gesch\u00e4tzte Lesezeit":"2\u00a0Minuten"},"schema":{"@context":"https:\/\/schema.org","@graph":[{"@type":"WebPage","@id":"https:\/\/weltlaeden.de\/mutterstadt\/ueber-uns\/","url":"https:\/\/weltlaeden.de\/mutterstadt\/ueber-uns\/","name":"\u00dcber uns - Weltladen Mutterstadt","isPartOf":{"@id":"https:\/\/weltlaeden.de\/mutterstadt\/#website"},"primaryImageOfPage":{"@id":"https:\/\/weltlaeden.de\/mutterstadt\/ueber-uns\/#primaryimage"},"image":{"@id":"https:\/\/weltlaeden.de\/mutterstadt\/ueber-uns\/#primaryimage"},"thumbnailUrl":"https:\/\/weltlaeden.de\/mutterstadt\/wp-content\/uploads\/sites\/220\/2024\/12\/Weltladen.jpg","datePublished":"2016-10-28T11:34:47+00:00","dateModified":"2025-12-07T14:17:12+00:00","breadcrumb":{"@id":"https:\/\/weltlaeden.de\/mutterstadt\/ueber-uns\/#breadcrumb"},"inLanguage":"de","potentialAction":[{"@type":"ReadAction","target":["https:\/\/weltlaeden.de\/mutterstadt\/ueber-uns\/"]}]},{"@type":"ImageObject","inLanguage":"de","@id":"https:\/\/weltlaeden.de\/mutterstadt\/ueber-uns\/#primaryimage","url":"https:\/\/weltlaeden.de\/mutterstadt\/wp-content\/uploads\/sites\/220\/2024\/12\/Weltladen.jpg","contentUrl":"https:\/\/weltlaeden.de\/mutterstadt\/wp-content\/uploads\/sites\/220\/2024\/12\/Weltladen.jpg","width":280,"height":290},{"@type":"BreadcrumbList","@id":"https:\/\/weltlaeden.de\/mutterstadt\/ueber-uns\/#breadcrumb","itemListElement":[{"@type":"ListItem","position":1,"name":"Startseite","item":"https:\/\/weltlaeden.de\/mutterstadt\/"},{"@type":"ListItem","position":2,"name":"\u00dcber uns"}]},{"@type":"WebSite","@id":"https:\/\/weltlaeden.de\/mutterstadt\/#website","url":"https:\/\/weltlaeden.de\/mutterstadt\/","name":"Weltladen Mutterstadt","description":"Faire Produkte seit 1990","potentialAction":[{"@type":"SearchAction","target":{"@type":"EntryPoint","urlTemplate":"https:\/\/weltlaeden.de\/mutterstadt\/?s={search_term_string}"},"query-input":{"@type":"PropertyValueSpecification","valueRequired":true,"valueName":"search_term_string"}}],"inLanguage":"de"}]}},"_links":{"self":[{"href":"https:\/\/weltlaeden.de\/mutterstadt\/wp-json\/wp\/v2\/pages\/219","targetHints":{"allow":["GET"]}}],"collection":[{"href":"https:\/\/weltlaeden.de\/mutterstadt\/wp-json\/wp\/v2\/pages"}],"about":[{"href":"https:\/\/weltlaeden.de\/mutterstadt\/wp-json\/wp\/v2\/types\/page"}],"author":[{"embeddable":true,"href":"https:\/\/weltlaeden.de\/mutterstadt\/wp-json\/wp\/v2\/users\/1"}],"replies":[{"embeddable":true,"href":"https:\/\/weltlaeden.de\/mutterstadt\/wp-json\/wp\/v2\/comments?post=219"}],"version-history":[{"count":33,"href":"https:\/\/weltlaeden.de\/mutterstadt\/wp-json\/wp\/v2\/pages\/219\/revisions"}],"predecessor-version":[{"id":858,"href":"https:\/\/weltlaeden.de\/mutterstadt\/wp-json\/wp\/v2\/pages\/219\/revisions\/858"}],"wp:attachment":[{"href":"https:\/\/weltlaeden.de\/mutterstadt\/wp-json\/wp\/v2\/media?parent=219"}],"curies":[{"name":"wp","href":"https:\/\/api.w.org\/{rel}","templated":true}]}}