{"id":361,"date":"2018-04-05T09:52:53","date_gmt":"2018-04-05T07:52:53","guid":{"rendered":"https:\/\/weltlaeden.de\/moessingen\/?page_id=361"},"modified":"2025-11-07T16:11:03","modified_gmt":"2025-11-07T15:11:03","slug":"aktuelles","status":"publish","type":"page","link":"https:\/\/weltlaeden.de\/moessingen\/aktuelles\/","title":{"rendered":"Aktuelles"},"content":{"rendered":"<div class=\"wpb-content-wrapper\"><p>[vc_row][vc_column][vc_column_text css=&#8220;&#8220;]<\/p>\n<h1>Aktuelles<\/h1>\n<p>[\/vc_column_text][vc_column_text css=&#8220;&#8220;][\/vc_column_text][\/vc_column][\/vc_row][vc_row][vc_column][vc_single_image image=&#8220;1376&#8243; img_size=&#8220;800&#215;571&#8243; alignment=&#8220;center&#8220; css=&#8220;&#8220; image_hovers=&#8220;false&#8220;][vc_column_text css=&#8220;&#8220;]<\/p>\n<div class=\"article__prehead\"><strong><span style=\"color: #f39700\">Fachgesch\u00e4fte des Fairen Handels<\/span><\/strong><\/div>\n<h1 class=\"article__headline\"><strong><span style=\"color: #747475\"><em>Warum in den Weltladen?<\/em><\/span><\/strong><\/h1>\n<p class=\"article__teaser\"><em><span style=\"color: #747475\">Kaffee, Tee und Schokolade, aber auch Schmuck, schicke Textilien und sch\u00f6ne Geschenkideen &#8211; als Fachgesch\u00e4fte des Fairen Handels f\u00fchren Weltl\u00e4den die gr\u00f6\u00dfte Auswahl fair gehandelter Produkte. Aber Weltl\u00e4den haben noch viel mehr zu bieten &#8230;<\/span><\/em><\/p>\n<div class=\"blocks__block block block--text usertext\">\n<div class=\"blocks__block block block--text usertext\">\n<h2><strong><span style=\"color: #f39700\">Produkte mit Gesicht und Geschichte<\/span><\/strong><\/h2>\n<p><span style=\"color: #747475\">In Weltl\u00e4den finden Sie sch\u00f6ne, hochwertige und einzigartige Produkte, die Spa\u00df machen, die Neugierde wecken und den Horizont erweitern. Denn die Produkte im Weltladen erz\u00e4hlen Geschichten von den Menschen, die sie hergestellt haben. Ob es ein edles Tuch ist oder ein edles Schmuckst\u00fcck, ein Geschenk f\u00fcr die beste Freundin oder etwas, um mich selbst zu verw\u00f6hnen &#8211; die Auswahl ist gro\u00df.<\/span><\/p>\n<p>&nbsp;<\/p>\n<\/div>\n<p><img loading=\"lazy\" decoding=\"async\" class=\"alignnone wp-image-1373 size-full\" src=\"https:\/\/weltlaeden.de\/moessingen\/wp-content\/uploads\/sites\/122\/2025\/11\/Ladenf.jpg\" alt=\"\" width=\"920\" height=\"204\" srcset=\"https:\/\/weltlaeden.de\/moessingen\/wp-content\/uploads\/sites\/122\/2025\/11\/Ladenf.jpg 920w, https:\/\/weltlaeden.de\/moessingen\/wp-content\/uploads\/sites\/122\/2025\/11\/Ladenf-300x67.jpg 300w, https:\/\/weltlaeden.de\/moessingen\/wp-content\/uploads\/sites\/122\/2025\/11\/Ladenf-768x170.jpg 768w\" sizes=\"auto, (max-width: 920px) 100vw, 920px\" \/><\/p>\n<h2><strong><span style=\"color: #f39700\">Entspannt einkaufen &#8211; mit einem guten Gef\u00fchl<\/span><\/strong><\/h2>\n<p><span style=\"color: #747475\">In Weltl\u00e4den stammen bis auf wenige, gekennzeichnete Ausnahmen alle Produkte aus Fairem Handel. So k\u00f6nnen Kunden unbeschwert einkaufen, ohne auf Zeichen und Siegel achten zu m\u00fcssen. Hinzu kommt die angenehme, pers\u00f6nliche Atmosph\u00e4re im Weltladen, die viele Kunden sch\u00e4tzen und die einen Einkauf im Weltladen zu einem besonderen Erlebnis macht.<\/span><\/p>\n<h2><strong><span style=\"color: #f39700\">Weltl\u00e4den &#8211; lokale Akteure f\u00fcr einen globalen Wandel<\/span><\/strong><\/h2>\n<p><span style=\"color: #747475\">Doch Weltl\u00e4den bieten mehr als sch\u00f6ne Produkte und authentische Geschichten. Denn Weltl\u00e4den setzen sich mit ihrer politischen und ihrer Bildungsarbeit auch f\u00fcr einen sozial-\u00f6kologischen Wandel ein &#8211; vor Ort, aber auch weltweit. Ein Einkauf im Weltladen ist somit auch ein Beitrag hin zu einer Wirtschaft, die Mensch, Klima und Natur in den Mittelpunkt stellt, nicht den Profit.<\/span><\/p>\n<\/div>\n<p>[\/vc_column_text][vc_single_image image=&#8220;1232&#8243; img_size=&#8220;1294&#215;136&#8243; alignment=&#8220;center&#8220; css=&#8220;&#8220;][vc_column_text css=&#8220;&#8220;]<\/p>\n<div class=\"blocks__block block block--text usertext\">\n<h2><span style=\"color: #f39700\"><strong>100 % FAIR \u2013 Echter Fairer Handel im Weltladen<\/strong><\/span><\/h2>\n<p><span style=\"color: #747475\">Seit mehr als 50 Jahren steht der Faire Handel f\u00fcr Gerechtigkeit im Welthandel. Was einst als kleine Solidarit\u00e4tsbewegung begann, ist heute eine der gr\u00f6\u00dften entwicklungspolitischen Bewegungen Deutschlands \u2013 getragen von rund 100.000 Engagierten, die sich f\u00fcr eine gerechtere Weltwirtschaft einsetzen. Auch unser Weltladen ist Teil dieser Bewegung und m\u00f6chte mit diesem Beitrag aufkl\u00e4ren: Was bedeutet eigentlich <em>Fairer Handel<\/em> \u2013 und worin unterscheidet sich der Faire Handel im Weltladen vom sogenannten <em>Fairtrade<\/em> im Supermarkt?<\/span><\/p>\n<p><span style=\"color: #747475\">Der Welthandel ist gepr\u00e4gt von Ungleichheit. W\u00e4hrend einige Wenige von globalem Wachstum profitieren, k\u00e4mpfen Millionen Menschen am Anfang der Lieferketten ums \u00dcberleben. Ob Kaffeebauern in Honduras, Textilarbeiter in Bangladesch oder Kleinbauern in Afrika \u2013 sie alle erhalten oft nur einen Bruchteil dessen, was ihre Arbeit wert ist. Der Faire Handel setzt hier an: Er schafft faire, partnerschaftliche Beziehungen, zahlt gerechte Preise und erm\u00f6glicht langfristige Perspektiven.<\/span><\/p>\n<p><span style=\"color: #747475\">Weltl\u00e4den sind die Fachgesch\u00e4fte des Fairen Handels. \u00dcber 900 Weltl\u00e4den in Deutschland bieten das gr\u00f6\u00dfte Sortiment an fair gehandelten Produkten \u2013 vom Kaffee \u00fcber Kunsthandwerk bis zur Kleidung. Dabei gilt:<\/span><span style=\"color: #f39700\"> <strong>Alle Produkte im Weltladen sind zu 100 % fair gehandelt.<\/strong><\/span><br \/>\n<span style=\"color: #747475\">Das hei\u00dft, entlang der gesamten Lieferkette \u2013 von der Ernte bis zum Verkauf \u2013 gelten faire, transparente und \u00fcberpr\u00fcfbare Standards. Kontrolliert werden diese Prozesse von der <em>World Fair Trade Organization (WFTO)<\/em>. Ziel ist nicht die Gewinnmaximierung, sondern die F\u00f6rderung des Fairen Handels und die St\u00e4rkung der Partner im Globalen S\u00fcden.<\/span><\/p>\n<\/div>\n<p>[\/vc_column_text][vc_single_image image=&#8220;1232&#8243; img_size=&#8220;1294&#215;136&#8243; alignment=&#8220;center&#8220; css=&#8220;&#8220;][\/vc_column][\/vc_row][vc_row][vc_column][vc_column_text css=&#8220;&#8220;]<\/p>\n<h2><strong><span style=\"color: #f39700\">\u201eFairtrade\u201c im Supermarkt \u2013 ein anderer Ansatz<\/span><\/strong><\/h2>\n<p><span style=\"color: #747475\">Auch in Superm\u00e4rkten finden Verbraucher zunehmend Produkte mit dem blau-gr\u00fcnen \u201eFairtrade\u201c-Siegel. Dieses Label steht f\u00fcr Verbesserungen, etwa Mindestpreise oder Pr\u00e4mien, doch es unterscheidet sich grundlegend vom Fairen Handel der Weltl\u00e4den. Zum einen ist der faire Anteil im Endprodukt h\u00e4ufig gering \u2013 manchmal nur rund 20 Prozent \u2013, und nicht immer ist klar erkennbar, welcher Teil tats\u00e4chlich fair gehandelt wurde. Zum anderen arbeiten die meisten Supermarktketten weiterhin nach konventionellen, profitorientierten Prinzipien. Das hei\u00dft: Der Faire Handel ist hier oft nur ein kleiner Baustein innerhalb eines ansonsten nicht fairen Systems.<\/span><\/p>\n<p><span style=\"color: #747475\">Verbrauchersch\u00fctzer kritisieren deshalb, dass die Vielzahl an Siegeln oft verwirrend wirkt. Eine gesetzliche Regelung, die den Begriff \u201eFairer Handel\u201c sch\u00fctzt, gibt es bisher nicht. Umso wichtiger ist es, genau hinzusehen und zu wissen, wof\u00fcr die einzelnen Labels stehen.<\/span><\/p>\n<h2><strong><span style=\"color: #f39700\">Weltl\u00e4den machen den Unterschied<\/span><\/strong><\/h2>\n<p><span style=\"color: #747475\">Wer im Weltladen einkauft, entscheidet sich bewusst f\u00fcr eine Handelsalternative, die Menschenrechte, Umwelt und Gerechtigkeit in den Mittelpunkt stellt. Hier k\u00f6nnen Sie sicher sein: <em>Was drin ist, ist auch fair.<\/em> So steht der Weltladen nicht nur f\u00fcr nachhaltigen Konsum, sondern auch f\u00fcr gelebte Solidarit\u00e4t \u2013 Tag f\u00fcr Tag, seit \u00fcber 50 Jahren. Echter Fairer Handel ist mehr als ein Siegel \u2013 er ist eine Haltung.<\/span>[\/vc_column_text][\/vc_column][\/vc_row][vc_row][vc_column][vc_single_image image=&#8220;1232&#8243; img_size=&#8220;1294&#215;136&#8243; alignment=&#8220;center&#8220; css=&#8220;&#8220;][vc_column_text css=&#8220;&#8220;]<\/p>\n<h2><strong><span style=\"color: #f39700\">Weltl\u00e4den laden zum Mitmachen ein<\/span><\/strong><\/h2>\n<p><em><span style=\"color: #747475\">Schlie\u00dflich bieten Weltl\u00e4den auch viele M\u00f6glichkeiten f\u00fcr b\u00fcrgerschaftliches Engagement. Sei es im Warenverkauf, in der \u00d6ffentlichkeitsarbeit, bei Veranstaltungen oder der Schaufensterdekoration \u2013 mehrere 10.000 Menschen bringen ihre Talente und Leidenschaften in die Weltladenarbeit ein und machen Weltl\u00e4den so zu einer gro\u00dfen, vielf\u00e4ltigen Bewegung f\u00fcr mehr Gerechtigkeit im Welthandel.<\/span><\/em>[\/vc_column_text][vc_single_image image=&#8220;1232&#8243; img_size=&#8220;1294&#215;136&#8243; alignment=&#8220;center&#8220; css=&#8220;&#8220;][vc_column_text css=&#8220;&#8220;]<\/p>\n<h1 style=\"text-align: left\"><strong><span style=\"color: #737373\"><em>Archiv<\/em><\/span><\/strong><\/h1>\n<p><span style=\"color: #f39800\"><a href=\"https:\/\/weltlaeden.de\/moessingen\/archiv-wahlen2025\/\"><strong>Bundestagswahlen 2025 <\/strong><\/a><span style=\"color: #737373\">(23.02.2025)<\/span><\/span><\/p>\n<p><a href=\"https:\/\/weltlaeden.de\/moessingen\/weltfrauentag\/\"><strong>Weltfrauentag 2025<\/strong><\/a> (08.03.2025)<\/p>\n<p><a href=\"https:\/\/weltlaeden.de\/moessingen\/weltladentag2025\/\"><strong>Weltladentag 2025<\/strong><\/a> (10.05.2025)<\/p>\n<p><a href=\"https:\/\/weltlaeden.de\/moessingen\/archiv_erlassjahr2025\/\"><strong>Erlassjahr 2025<\/strong><\/a> (07.11.2025)[\/vc_column_text][\/vc_column][\/vc_row]<\/p>\n<\/div>","protected":false},"excerpt":{"rendered":"<p>[vc_row][vc_column][vc_column_text css=&#8220;&#8220;] Aktuelles [\/vc_column_text][vc_column_text css=&#8220;&#8220;][\/vc_column_text][\/vc_column][\/vc_row][vc_row][vc_column][vc_single_image image=&#8220;1376&#8243; img_size=&#8220;800&#215;571&#8243; alignment=&#8220;center&#8220; css=&#8220;&#8220; image_hovers=&#8220;false&#8220;][vc_column_text css=&#8220;&#8220;] Fachgesch\u00e4fte des Fairen Handels Warum in den Weltladen? Kaffee, Tee und Schokolade, aber auch Schmuck, schicke Textilien und sch\u00f6ne Geschenkideen &#8211; als Fachgesch\u00e4fte des Fairen Handels f\u00fchren Weltl\u00e4den die gr\u00f6\u00dfte Auswahl fair gehandelter Produkte. Aber Weltl\u00e4den haben noch viel mehr zu bieten &#8230; Produkte&hellip;<\/p>\n","protected":false},"author":1,"featured_media":0,"parent":0,"menu_order":2,"comment_status":"closed","ping_status":"closed","template":"","meta":{"footnotes":""},"class_list":["post-361","page","type-page","status-publish","hentry","description-off"],"yoast_head":"<!-- This site is optimized with the Yoast SEO plugin v26.8 - https:\/\/yoast.com\/product\/yoast-seo-wordpress\/ -->\n<title>Aktuelles - Weltladen M\u00f6ssingen<\/title>\n<meta name=\"robots\" content=\"index, follow, max-snippet:-1, max-image-preview:large, max-video-preview:-1\" \/>\n<link rel=\"canonical\" href=\"https:\/\/weltlaeden.de\/moessingen\/aktuelles\/\" \/>\n<meta property=\"og:locale\" content=\"de_DE\" \/>\n<meta property=\"og:type\" content=\"article\" \/>\n<meta property=\"og:title\" content=\"Aktuelles - Weltladen M\u00f6ssingen\" \/>\n<meta property=\"og:description\" content=\"[vc_row][vc_column][vc_column_text css=&#8220;&#8220;] Aktuelles [\/vc_column_text][vc_column_text css=&#8220;&#8220;][\/vc_column_text][\/vc_column][\/vc_row][vc_row][vc_column][vc_single_image image=&#8220;1376&#8243; img_size=&#8220;800&#215;571&#8243; alignment=&#8220;center&#8220; css=&#8220;&#8220; image_hovers=&#8220;false&#8220;][vc_column_text css=&#8220;&#8220;] Fachgesch\u00e4fte des Fairen Handels Warum in den Weltladen? Kaffee, Tee und Schokolade, aber auch Schmuck, schicke Textilien und sch\u00f6ne Geschenkideen &#8211; als Fachgesch\u00e4fte des Fairen Handels f\u00fchren Weltl\u00e4den die gr\u00f6\u00dfte Auswahl fair gehandelter Produkte. Aber Weltl\u00e4den haben noch viel mehr zu bieten &#8230; Produkte&hellip;\" \/>\n<meta property=\"og:url\" content=\"https:\/\/weltlaeden.de\/moessingen\/aktuelles\/\" \/>\n<meta property=\"og:site_name\" content=\"Weltladen M\u00f6ssingen\" \/>\n<meta property=\"article:modified_time\" content=\"2025-11-07T15:11:03+00:00\" \/>\n<meta property=\"og:image\" content=\"https:\/\/weltlaeden.de\/moessingen\/wp-content\/uploads\/sites\/122\/2025\/11\/Ladenf.jpg\" \/>\n<meta name=\"twitter:card\" content=\"summary_large_image\" \/>\n<meta name=\"twitter:label1\" content=\"Gesch\u00e4tzte Lesezeit\" \/>\n\t<meta name=\"twitter:data1\" content=\"6\u00a0Minuten\" \/>\n<script type=\"application\/ld+json\" class=\"yoast-schema-graph\">{\"@context\":\"https:\/\/schema.org\",\"@graph\":[{\"@type\":\"WebPage\",\"@id\":\"https:\/\/weltlaeden.de\/moessingen\/aktuelles\/\",\"url\":\"https:\/\/weltlaeden.de\/moessingen\/aktuelles\/\",\"name\":\"Aktuelles - Weltladen M\u00f6ssingen\",\"isPartOf\":{\"@id\":\"https:\/\/weltlaeden.de\/moessingen\/#website\"},\"primaryImageOfPage\":{\"@id\":\"https:\/\/weltlaeden.de\/moessingen\/aktuelles\/#primaryimage\"},\"image\":{\"@id\":\"https:\/\/weltlaeden.de\/moessingen\/aktuelles\/#primaryimage\"},\"thumbnailUrl\":\"https:\/\/weltlaeden.de\/moessingen\/wp-content\/uploads\/sites\/122\/2025\/11\/Ladenf.jpg\",\"datePublished\":\"2018-04-05T07:52:53+00:00\",\"dateModified\":\"2025-11-07T15:11:03+00:00\",\"breadcrumb\":{\"@id\":\"https:\/\/weltlaeden.de\/moessingen\/aktuelles\/#breadcrumb\"},\"inLanguage\":\"de\",\"potentialAction\":[{\"@type\":\"ReadAction\",\"target\":[\"https:\/\/weltlaeden.de\/moessingen\/aktuelles\/\"]}]},{\"@type\":\"ImageObject\",\"inLanguage\":\"de\",\"@id\":\"https:\/\/weltlaeden.de\/moessingen\/aktuelles\/#primaryimage\",\"url\":\"https:\/\/weltlaeden.de\/moessingen\/wp-content\/uploads\/sites\/122\/2025\/11\/Ladenf.jpg\",\"contentUrl\":\"https:\/\/weltlaeden.de\/moessingen\/wp-content\/uploads\/sites\/122\/2025\/11\/Ladenf.jpg\",\"width\":920,\"height\":204},{\"@type\":\"BreadcrumbList\",\"@id\":\"https:\/\/weltlaeden.de\/moessingen\/aktuelles\/#breadcrumb\",\"itemListElement\":[{\"@type\":\"ListItem\",\"position\":1,\"name\":\"Startseite\",\"item\":\"https:\/\/weltlaeden.de\/moessingen\/\"},{\"@type\":\"ListItem\",\"position\":2,\"name\":\"Aktuelles\"}]},{\"@type\":\"WebSite\",\"@id\":\"https:\/\/weltlaeden.de\/moessingen\/#website\",\"url\":\"https:\/\/weltlaeden.de\/moessingen\/\",\"name\":\"Weltladen M\u00f6ssingen\",\"description\":\"Faire Produkte seit 1990\",\"potentialAction\":[{\"@type\":\"SearchAction\",\"target\":{\"@type\":\"EntryPoint\",\"urlTemplate\":\"https:\/\/weltlaeden.de\/moessingen\/?s={search_term_string}\"},\"query-input\":{\"@type\":\"PropertyValueSpecification\",\"valueRequired\":true,\"valueName\":\"search_term_string\"}}],\"inLanguage\":\"de\"}]}<\/script>\n<!-- \/ Yoast SEO plugin. -->","yoast_head_json":{"title":"Aktuelles - Weltladen M\u00f6ssingen","robots":{"index":"index","follow":"follow","max-snippet":"max-snippet:-1","max-image-preview":"max-image-preview:large","max-video-preview":"max-video-preview:-1"},"canonical":"https:\/\/weltlaeden.de\/moessingen\/aktuelles\/","og_locale":"de_DE","og_type":"article","og_title":"Aktuelles - Weltladen M\u00f6ssingen","og_description":"[vc_row][vc_column][vc_column_text css=&#8220;&#8220;] Aktuelles [\/vc_column_text][vc_column_text css=&#8220;&#8220;][\/vc_column_text][\/vc_column][\/vc_row][vc_row][vc_column][vc_single_image image=&#8220;1376&#8243; img_size=&#8220;800&#215;571&#8243; alignment=&#8220;center&#8220; css=&#8220;&#8220; image_hovers=&#8220;false&#8220;][vc_column_text css=&#8220;&#8220;] Fachgesch\u00e4fte des Fairen Handels Warum in den Weltladen? Kaffee, Tee und Schokolade, aber auch Schmuck, schicke Textilien und sch\u00f6ne Geschenkideen &#8211; als Fachgesch\u00e4fte des Fairen Handels f\u00fchren Weltl\u00e4den die gr\u00f6\u00dfte Auswahl fair gehandelter Produkte. Aber Weltl\u00e4den haben noch viel mehr zu bieten &#8230; Produkte&hellip;","og_url":"https:\/\/weltlaeden.de\/moessingen\/aktuelles\/","og_site_name":"Weltladen M\u00f6ssingen","article_modified_time":"2025-11-07T15:11:03+00:00","og_image":[{"url":"https:\/\/weltlaeden.de\/moessingen\/wp-content\/uploads\/sites\/122\/2025\/11\/Ladenf.jpg","type":"","width":"","height":""}],"twitter_card":"summary_large_image","twitter_misc":{"Gesch\u00e4tzte Lesezeit":"6\u00a0Minuten"},"schema":{"@context":"https:\/\/schema.org","@graph":[{"@type":"WebPage","@id":"https:\/\/weltlaeden.de\/moessingen\/aktuelles\/","url":"https:\/\/weltlaeden.de\/moessingen\/aktuelles\/","name":"Aktuelles - Weltladen M\u00f6ssingen","isPartOf":{"@id":"https:\/\/weltlaeden.de\/moessingen\/#website"},"primaryImageOfPage":{"@id":"https:\/\/weltlaeden.de\/moessingen\/aktuelles\/#primaryimage"},"image":{"@id":"https:\/\/weltlaeden.de\/moessingen\/aktuelles\/#primaryimage"},"thumbnailUrl":"https:\/\/weltlaeden.de\/moessingen\/wp-content\/uploads\/sites\/122\/2025\/11\/Ladenf.jpg","datePublished":"2018-04-05T07:52:53+00:00","dateModified":"2025-11-07T15:11:03+00:00","breadcrumb":{"@id":"https:\/\/weltlaeden.de\/moessingen\/aktuelles\/#breadcrumb"},"inLanguage":"de","potentialAction":[{"@type":"ReadAction","target":["https:\/\/weltlaeden.de\/moessingen\/aktuelles\/"]}]},{"@type":"ImageObject","inLanguage":"de","@id":"https:\/\/weltlaeden.de\/moessingen\/aktuelles\/#primaryimage","url":"https:\/\/weltlaeden.de\/moessingen\/wp-content\/uploads\/sites\/122\/2025\/11\/Ladenf.jpg","contentUrl":"https:\/\/weltlaeden.de\/moessingen\/wp-content\/uploads\/sites\/122\/2025\/11\/Ladenf.jpg","width":920,"height":204},{"@type":"BreadcrumbList","@id":"https:\/\/weltlaeden.de\/moessingen\/aktuelles\/#breadcrumb","itemListElement":[{"@type":"ListItem","position":1,"name":"Startseite","item":"https:\/\/weltlaeden.de\/moessingen\/"},{"@type":"ListItem","position":2,"name":"Aktuelles"}]},{"@type":"WebSite","@id":"https:\/\/weltlaeden.de\/moessingen\/#website","url":"https:\/\/weltlaeden.de\/moessingen\/","name":"Weltladen M\u00f6ssingen","description":"Faire Produkte seit 1990","potentialAction":[{"@type":"SearchAction","target":{"@type":"EntryPoint","urlTemplate":"https:\/\/weltlaeden.de\/moessingen\/?s={search_term_string}"},"query-input":{"@type":"PropertyValueSpecification","valueRequired":true,"valueName":"search_term_string"}}],"inLanguage":"de"}]}},"_links":{"self":[{"href":"https:\/\/weltlaeden.de\/moessingen\/wp-json\/wp\/v2\/pages\/361","targetHints":{"allow":["GET"]}}],"collection":[{"href":"https:\/\/weltlaeden.de\/moessingen\/wp-json\/wp\/v2\/pages"}],"about":[{"href":"https:\/\/weltlaeden.de\/moessingen\/wp-json\/wp\/v2\/types\/page"}],"author":[{"embeddable":true,"href":"https:\/\/weltlaeden.de\/moessingen\/wp-json\/wp\/v2\/users\/1"}],"replies":[{"embeddable":true,"href":"https:\/\/weltlaeden.de\/moessingen\/wp-json\/wp\/v2\/comments?post=361"}],"version-history":[{"count":105,"href":"https:\/\/weltlaeden.de\/moessingen\/wp-json\/wp\/v2\/pages\/361\/revisions"}],"predecessor-version":[{"id":1384,"href":"https:\/\/weltlaeden.de\/moessingen\/wp-json\/wp\/v2\/pages\/361\/revisions\/1384"}],"wp:attachment":[{"href":"https:\/\/weltlaeden.de\/moessingen\/wp-json\/wp\/v2\/media?parent=361"}],"curies":[{"name":"wp","href":"https:\/\/api.w.org\/{rel}","templated":true}]}}