{"id":20,"date":"2016-10-14T09:05:21","date_gmt":"2016-10-14T07:05:21","guid":{"rendered":"https:\/\/wl.heimpixel.de\/vorlage\/weltladen-musterdorf\/"},"modified":"2026-04-21T11:02:23","modified_gmt":"2026-04-21T09:02:23","slug":"weltladen-musterdorf","status":"publish","type":"page","link":"https:\/\/weltlaeden.de\/moessingen\/","title":{"rendered":"Weltladen M\u00f6ssingen"},"content":{"rendered":"<div class=\"wpb-content-wrapper\"><p>[vc_row][vc_column]<!-- This slideshow output is generated with Advanced post slider a multipurpose responsive WordPress slideshow plugin - http:\/\/www.wpcue.com\/wordpress-plugins\/advanced-post-slider\/ -->\r\n<style>\r\n#advps_container2 .bx-wrapper .bx-viewport {\r\n\t\tbackground:#FFFFFF;\r\n}\r\n#advps_container2 .bx-wrapper .bx-pager{\r\n\ttext-align: right;\r\n\tpadding-right:5px;\r\n}\r\n#advps_container2 .bx-wrapper .bx-pager\r\n{\r\n\tbottom:-35px;\r\n\tz-index:999;\r\n}\r\n#advps_container2 .bx-wrapper .bx-controls-auto\r\n{\r\n\tbottom:6px;\r\n}\r\n#advps_container2 .bx-wrapper .bx-controls.bx-has-controls-auto.bx-has-pager .bx-pager {\r\n\ttext-align: right;\r\n}\r\n#advps_container2 .bx-wrapper .bx-controls-auto {\r\n\tz-index:99999;\r\n\ttext-align:center;width:100%;}\r\n\r\n#advps_container2 .bx-wrapper .bx-pager.bx-default-pager a {\r\n\tbackground: #666;\r\n\ttext-indent: -9999px;\r\n\tdisplay: block;\r\n\twidth: 10px;\r\n\theight: 10px;\r\n\tmargin: 0 5px;\r\n\toutline: 0;\r\n\t-moz-border-radius: 5px;\r\n\t-webkit-border-radius: 5px;\r\n\tborder-radius: 5px;\r\n\ttext-align:left;\r\n}\r\n#advps_container2 .bx-wrapper .bx-pager.bx-default-pager a:hover,\r\n#advps_container2 .bx-wrapper .bx-pager.bx-default-pager a.active {\r\n\tbackground: #000;\r\n}\r\n\r\n\/* thumbnail pager*\/\r\n#advps_container2 #bx-pager\r\n{\r\n\twidth:100%;\r\n\tposition:absolute;\r\n\tbottom:-35px;\r\n    text-align: right;\r\n\tz-index: 9999;\r\n}\r\n#advps_container2 #bx-pager a img\r\n{\r\n\tborder: 1px solid #CCCCCC;\r\n    padding: 3px;\r\n}\r\n#advps_container2 #bx-pager a:hover img, #advps_container2 #bx-pager a.active img\r\n{\r\n\tborder: 1px solid #666666;\r\n}\r\n\/* medai queries *\/\r\n#advps_container2 .advs-title,#advps_container2 .advs-title a\r\n{\r\n\tfont-size:20px;\r\n\tline-height:20px;\r\n}\r\n#advps_container2 .advps-slide p\r\n{\r\n\tfont-size:14px;\r\n\tline-height:14px;\r\n}\r\n@media screen and (max-width: 1024px){\r\n\t#advps_container2 .advs-title,#advps_container2 .advs-title a\r\n\t{\r\n\t\tfont-size:18px;\r\n\t\tline-height:18px;\r\n\t}\r\n\t#advps_container2 .advps-slide p\r\n\t{\r\n\t\tfont-size:12px;\r\n\t\tline-height:12px;\r\n\t}\r\n}\r\n@media screen and (max-width: 768px){\r\n\t#advps_container2 h2.advs-title, #advps_container2 h2.advs-title a\r\n\t{\r\n\t\tfont-size:16px;\r\n\t\tline-height:16px;\r\n\t}\r\n\t#advps_container2 .advps-slide p\r\n\t{\r\n\t\tfont-size:12px;\r\n\t\tline-height:12px;\r\n\t}\r\n}\r\n@media screen and (max-width: 650px){\r\n\t#advps_container2 h2.advs-title, #advps_container2 h2.advs-title a\r\n\t{\r\n\t\tfont-size:15px;\r\n\t\tline-height:15px;\r\n\t}\r\n\t#advps_container2 .advps-slide p\r\n\t{\r\n\t\tfont-size:12px;\r\n\t\tline-height:12px;\r\n\t}\r\n}\r\n@media screen and (max-width: 480px){\r\n\t#advps_container2 h2.advs-title, #advps_container2 h2.advs-title a\r\n\t{\r\n\t\tfont-size:15px;\r\n\t\tline-height:15px;\r\n\t}\r\n\t#advps_container2 .advps-slide p\r\n\t{\r\n\t\tfont-size:12px;\r\n\t\tline-height:12px;\r\n\t}\r\n}\r\n@media screen and (max-width: 320px){\r\n\t#advps_container2 h2.advs-title, #advps_container2 h2.advs-title a\r\n\t{\r\n\t\tfont-size:15px;\r\n\t\tline-height:15px;\r\n\t}\r\n\t#advps_container2 .advps-slide p\r\n\t{\r\n\t\tfont-size:12px;\r\n\t\tline-height:12px;\r\n\t}\r\n}\r\n<\/style>\r\n<script type=\"text\/javascript\">\r\n\t\tjQuery(document).ready(function($){\r\n\t\t\t$('#advpsslideshow_2').bxSlider({\r\n\t\t\t\tuseCSS:1,\r\n\t\t\t\tslideMargin: 0,\r\n\t\t\t\tspeed: 2001,\t\t\t\t\r\n\t\t\t\t\t\t\t\tmode: 'fade',\r\n\t\t\t\t\t\t\t\t\t\t\t\tauto: 1,\r\n\t\t\t\tautoHover: 1,\r\n\t\t\t\tpause: 3000,\r\n\t\t\t\teasing: 'linear',\r\n\t\t\t\tcontrols: 1,\r\n\t\t\t\tpager: 1,\r\n  \t\t\t\tautoControls: 0\t\t\t\t\t\t\t});\r\n\t\t\t\t\t\t$(\"#advpsslideshow_2 .advps-slide\").hover(function(){\r\n\t\t\t\t  \t\t\t},function(){\r\n\t\t\t\t\t\t\t});\r\n\t\t});\r\n\t<\/script>\r\n<div id=\"advps_container2\" class=\"advps-slide-container\" style=\"overflow:hidden;max-width:1000px;\">\r\n \r\n  <div id=\"advpsslideshow_2\">\r\n        <div class=\"advps-slide\">\r\n    \t        <img loading=\"lazy\" decoding=\"async\" width=\"800\" height=\"326\" src=\"https:\/\/weltlaeden.de\/moessingen\/wp-content\/uploads\/sites\/122\/2020\/03\/Sliderfoto-6.jpg\" class=\"attachment-full size-full wp-post-image\" alt=\"\" srcset=\"https:\/\/weltlaeden.de\/moessingen\/wp-content\/uploads\/sites\/122\/2020\/03\/Sliderfoto-6.jpg 800w, https:\/\/weltlaeden.de\/moessingen\/wp-content\/uploads\/sites\/122\/2020\/03\/Sliderfoto-6-300x122.jpg 300w, https:\/\/weltlaeden.de\/moessingen\/wp-content\/uploads\/sites\/122\/2020\/03\/Sliderfoto-6-768x313.jpg 768w\" sizes=\"auto, (max-width: 800px) 100vw, 800px\" \/>            <\/div>\r\n        <div class=\"advps-slide\">\r\n    \t        <img loading=\"lazy\" decoding=\"async\" width=\"800\" height=\"326\" src=\"https:\/\/weltlaeden.de\/moessingen\/wp-content\/uploads\/sites\/122\/2020\/03\/Sliderfoto-9.jpg\" class=\"attachment-full size-full wp-post-image\" alt=\"\" srcset=\"https:\/\/weltlaeden.de\/moessingen\/wp-content\/uploads\/sites\/122\/2020\/03\/Sliderfoto-9.jpg 800w, https:\/\/weltlaeden.de\/moessingen\/wp-content\/uploads\/sites\/122\/2020\/03\/Sliderfoto-9-300x122.jpg 300w, https:\/\/weltlaeden.de\/moessingen\/wp-content\/uploads\/sites\/122\/2020\/03\/Sliderfoto-9-768x313.jpg 768w\" sizes=\"auto, (max-width: 800px) 100vw, 800px\" \/>            <\/div>\r\n        <div class=\"advps-slide\">\r\n    \t        <img loading=\"lazy\" decoding=\"async\" width=\"800\" height=\"326\" src=\"https:\/\/weltlaeden.de\/moessingen\/wp-content\/uploads\/sites\/122\/2020\/03\/Sliderfoto-8.jpg\" class=\"attachment-full size-full wp-post-image\" alt=\"\" srcset=\"https:\/\/weltlaeden.de\/moessingen\/wp-content\/uploads\/sites\/122\/2020\/03\/Sliderfoto-8.jpg 800w, https:\/\/weltlaeden.de\/moessingen\/wp-content\/uploads\/sites\/122\/2020\/03\/Sliderfoto-8-300x122.jpg 300w, https:\/\/weltlaeden.de\/moessingen\/wp-content\/uploads\/sites\/122\/2020\/03\/Sliderfoto-8-768x313.jpg 768w\" sizes=\"auto, (max-width: 800px) 100vw, 800px\" \/>            <\/div>\r\n        <div class=\"advps-slide\">\r\n    \t        <img loading=\"lazy\" decoding=\"async\" width=\"800\" height=\"326\" src=\"https:\/\/weltlaeden.de\/moessingen\/wp-content\/uploads\/sites\/122\/2020\/03\/Sliderfoto-7.jpg\" class=\"attachment-full size-full wp-post-image\" alt=\"\" srcset=\"https:\/\/weltlaeden.de\/moessingen\/wp-content\/uploads\/sites\/122\/2020\/03\/Sliderfoto-7.jpg 800w, https:\/\/weltlaeden.de\/moessingen\/wp-content\/uploads\/sites\/122\/2020\/03\/Sliderfoto-7-300x122.jpg 300w, https:\/\/weltlaeden.de\/moessingen\/wp-content\/uploads\/sites\/122\/2020\/03\/Sliderfoto-7-768x313.jpg 768w\" sizes=\"auto, (max-width: 800px) 100vw, 800px\" \/>            <\/div>\r\n        <div class=\"advps-slide\">\r\n    \t        <img loading=\"lazy\" decoding=\"async\" width=\"800\" height=\"326\" src=\"https:\/\/weltlaeden.de\/moessingen\/wp-content\/uploads\/sites\/122\/2020\/03\/Sliderfoto-1.jpg\" class=\"attachment-full size-full wp-post-image\" alt=\"\" srcset=\"https:\/\/weltlaeden.de\/moessingen\/wp-content\/uploads\/sites\/122\/2020\/03\/Sliderfoto-1.jpg 800w, https:\/\/weltlaeden.de\/moessingen\/wp-content\/uploads\/sites\/122\/2020\/03\/Sliderfoto-1-300x122.jpg 300w, https:\/\/weltlaeden.de\/moessingen\/wp-content\/uploads\/sites\/122\/2020\/03\/Sliderfoto-1-768x313.jpg 768w\" sizes=\"auto, (max-width: 800px) 100vw, 800px\" \/>            <\/div>\r\n        <div class=\"advps-slide\">\r\n    \t        <img loading=\"lazy\" decoding=\"async\" width=\"800\" height=\"326\" src=\"https:\/\/weltlaeden.de\/moessingen\/wp-content\/uploads\/sites\/122\/2020\/03\/Sliderfoto-2.jpg\" class=\"attachment-full size-full wp-post-image\" alt=\"\" srcset=\"https:\/\/weltlaeden.de\/moessingen\/wp-content\/uploads\/sites\/122\/2020\/03\/Sliderfoto-2.jpg 800w, https:\/\/weltlaeden.de\/moessingen\/wp-content\/uploads\/sites\/122\/2020\/03\/Sliderfoto-2-300x122.jpg 300w, https:\/\/weltlaeden.de\/moessingen\/wp-content\/uploads\/sites\/122\/2020\/03\/Sliderfoto-2-768x313.jpg 768w\" sizes=\"auto, (max-width: 800px) 100vw, 800px\" \/>            <\/div>\r\n        <div class=\"advps-slide\">\r\n    \t        <img loading=\"lazy\" decoding=\"async\" width=\"800\" height=\"326\" src=\"https:\/\/weltlaeden.de\/moessingen\/wp-content\/uploads\/sites\/122\/2020\/03\/Sliderfoto-3.jpg\" class=\"attachment-full size-full wp-post-image\" alt=\"\" srcset=\"https:\/\/weltlaeden.de\/moessingen\/wp-content\/uploads\/sites\/122\/2020\/03\/Sliderfoto-3.jpg 800w, https:\/\/weltlaeden.de\/moessingen\/wp-content\/uploads\/sites\/122\/2020\/03\/Sliderfoto-3-300x122.jpg 300w, https:\/\/weltlaeden.de\/moessingen\/wp-content\/uploads\/sites\/122\/2020\/03\/Sliderfoto-3-768x313.jpg 768w\" sizes=\"auto, (max-width: 800px) 100vw, 800px\" \/>            <\/div>\r\n        <div class=\"advps-slide\">\r\n    \t        <img loading=\"lazy\" decoding=\"async\" width=\"800\" height=\"326\" src=\"https:\/\/weltlaeden.de\/moessingen\/wp-content\/uploads\/sites\/122\/2020\/03\/Sliderfoto-4.jpg\" class=\"attachment-full size-full wp-post-image\" alt=\"\" srcset=\"https:\/\/weltlaeden.de\/moessingen\/wp-content\/uploads\/sites\/122\/2020\/03\/Sliderfoto-4.jpg 800w, https:\/\/weltlaeden.de\/moessingen\/wp-content\/uploads\/sites\/122\/2020\/03\/Sliderfoto-4-300x122.jpg 300w, https:\/\/weltlaeden.de\/moessingen\/wp-content\/uploads\/sites\/122\/2020\/03\/Sliderfoto-4-768x313.jpg 768w\" sizes=\"auto, (max-width: 800px) 100vw, 800px\" \/>            <\/div>\r\n        <div class=\"advps-slide\">\r\n    \t        <img loading=\"lazy\" decoding=\"async\" width=\"800\" height=\"326\" src=\"https:\/\/weltlaeden.de\/moessingen\/wp-content\/uploads\/sites\/122\/2020\/03\/Sliderfoto-5.jpg\" class=\"attachment-full size-full wp-post-image\" alt=\"\" srcset=\"https:\/\/weltlaeden.de\/moessingen\/wp-content\/uploads\/sites\/122\/2020\/03\/Sliderfoto-5.jpg 800w, https:\/\/weltlaeden.de\/moessingen\/wp-content\/uploads\/sites\/122\/2020\/03\/Sliderfoto-5-300x122.jpg 300w, https:\/\/weltlaeden.de\/moessingen\/wp-content\/uploads\/sites\/122\/2020\/03\/Sliderfoto-5-768x313.jpg 768w\" sizes=\"auto, (max-width: 800px) 100vw, 800px\" \/>            <\/div>\r\n      <\/div>\r\n  <\/div><!-- end advps-slide-container -->\r\n<!-- \/ Advanced post slider a multipurpose responsive slideshow plugin -->\r\n[vc_empty_space height=&#8220;20px&#8220;][\/vc_column][\/vc_row][vc_row][vc_column][vc_column_text][\/vc_column_text][vc_column_text]<\/p>\n<h1 style=\"text-align: left\"><span style=\"color: #ff0000\"><strong>Willkommen im Weltladen M\u00f6ssingen!<\/strong><\/span><\/h1>\n<p>[\/vc_column_text][vc_column_text][\/vc_column_text][vc_column_text css=&#8220;&#8220;]Besuchen Sie uns im Ladengesch\u00e4ft in der Falltorstra\u00dfe 24. Gerne stellen wir Ihnen unser Sortiment vor und beraten Sie pers\u00f6nlich beim Einkauf der fair gehandelten Produkte.<\/p>\n<p>[\/vc_column_text][vc_empty_space height=&#8220;30px&#8220;][vc_column_text css=&#8220;&#8220;]<\/p>\n<h1><span style=\"color: #ff0000\"><strong>Mango-Aktion 2026<\/strong><\/span><\/h1>\n<p>Liebe Kundinnen und Kunden, liebe Mango-Liebhaber!<\/p>\n<p>Unsere Mango-Aktion 2026 ist erfolgreich abgeschlossen. Vielen Dank f\u00fcr Ihre Bestellungen.<\/p>\n<p>Ihr Weltladen-Team[\/vc_column_text][vc_empty_space][\/vc_column][\/vc_row][vc_row][vc_column][vc_column_text css=&#8220;&#8220;]<\/p>\n<h1><strong><span style=\"color: #ff0000\">Upcycling mit Herz \u2013 Weltladen unterst\u00fctzt Flaschenkunst aus Sansibar<\/span><\/strong><\/h1>\n<p>Ein wenig Farbe, ein paar Pinsel \u2013 und eine gro\u00dfe Portion Lebensfreude: So entsteht in Sansibar aus weggeworfenen Glasflaschen farbenfrohe Kunst. Der Weltladen M\u00f6ssingen freut sich, gemeinsam mit der T\u00fcbinger Hilfsorganisation \u201eGo for Zanzibar e.V.\u201c dieses besondere Projekt zu unterst\u00fctzen und die handbemalten Flaschen ins Sortiment aufzunehmen.<\/p>\n<p>Etwa 20 Minuten au\u00dferhalb von Stone Town liegt das Altenheim von Welezo. Hier leben 41 Menschen \u2013 manche alt, andere durch Krankheit oder Unfall fr\u00fch aus ihrem bisherigen Leben herausgerissen. Der Alltag ist eint\u00f6nig: Radioprogramme, kleine Gesellschaftsspiele, drei Mahlzeiten am Tag. Viel Abwechslung gibt es nicht.<\/p>\n<p>Das \u00e4nderte sich im Sommer 2024: Der Stra\u00dfenk\u00fcnstler Hemed Said Hemed, genannt <em>Banta<\/em>, und Antje Fleischer vom Verein <em>Go for Zanzibar (GOZA e.V.)<\/em> hatten eine Idee. Warum nicht die am Strand angeschwemmten Glasflaschen sammeln, reinigen und k\u00fcnstlerisch bemalen? Aus M\u00fcll wird ein Souvenir, aus Besch\u00e4ftigung wird Kreativit\u00e4t \u2013 und vielleicht sogar ein kleiner Nebenverdienst.<\/p>\n<p>Seitdem besucht Banta einmal pro Woche die Bewohner von Welezo. 5 bis 6 M\u00e4nner \u2013 die meisten sitzen im Rollstuhl \u2013 malen gemeinsam mit ihm. Sie grundieren, verzieren oder f\u00fcllen seine Skizzen mit Farbe. St\u00fcck f\u00fcr St\u00fcck entstehen kunstvolle Unikate. F\u00fcr die Teilnehmer ist das Projekt mehr als nur eine kreative T\u00e4tigkeit: Es bringt Abwechslung, Freude und Selbstvertrauen in ihren Alltag. \u201eBesser als jedes Radioprogramm!\u201c, seien die Besuche von Banta, meint einer der Beteiligten lachend.<\/p>\n<p>Die fertigen Flaschen werden in Stone Town an Touristen verkauft \u2013 und einige schaffen den Sprung von Sansibar bis nach T\u00fcbingen und M\u00f6ssingen. Bereits seit fast zwei Jahren unterst\u00fctzt der Weltladen M\u00f6ssingen die Arbeit von <em>GOZA e.V.<\/em> mit dem Verkauf von Postkarten und Muskatn\u00fcssen. Nun sind die handbemalten Flaschen aus Sansibar Teil des Weltladen-Sortiments. Der Erl\u00f6s kommt direkt den Beteiligten zugute: Ein Teil geht an den Stra\u00dfenk\u00fcnstler Banta, ein weiterer an das Altenheim in Welezo. Au\u00dferdem werden Farben, Pinsel und neue Materialien davon finanziert.<\/p>\n<p>Das Projekt zeigt eindr\u00fccklich, wie Fairer Handel, Upcycling und soziale Verantwortung Hand in Hand gehen k\u00f6nnen: M\u00fcll wird reduziert, Menschen erhalten neue Perspektiven, und Kunden k\u00f6nnen mit jedem Kauf ein St\u00fcck gelebter Solidarit\u00e4t unterst\u00fctzen.<\/p>\n<p>Die bemalten Flaschen aus Sansibar sind jetzt im Weltladen M\u00f6ssingen erh\u00e4ltlich.[\/vc_column_text][vc_empty_space height=&#8220;20px&#8220;][\/vc_column][vc_column][\/vc_column][\/vc_row][vc_row][vc_column][vc_row_inner][vc_column_inner width=&#8220;1\/3&#8243;]<div class=\"wl_einzelbild\"><p><img loading=\"lazy\" decoding=\"async\" class=\"alignnone wp-image-1344 size-medium\" src=\"https:\/\/weltlaeden.de\/moessingen\/wp-content\/uploads\/sites\/122\/2025\/09\/20250104_105420-web-640-300x225.jpg\" alt=\"\" width=\"300\" height=\"225\" srcset=\"https:\/\/weltlaeden.de\/moessingen\/wp-content\/uploads\/sites\/122\/2025\/09\/20250104_105420-web-640-300x225.jpg 300w, https:\/\/weltlaeden.de\/moessingen\/wp-content\/uploads\/sites\/122\/2025\/09\/20250104_105420-web-640.jpg 640w\" sizes=\"auto, (max-width: 300px) 100vw, 300px\" \/><\/p><\/div>[\/vc_column_inner][vc_column_inner width=&#8220;1\/3&#8243;]<div class=\"wl_einzelbild\"><p><img loading=\"lazy\" decoding=\"async\" class=\"alignnone wp-image-1345 size-medium\" src=\"https:\/\/weltlaeden.de\/moessingen\/wp-content\/uploads\/sites\/122\/2025\/09\/20250105_105806-1-300x225.jpg\" alt=\"\" width=\"300\" height=\"225\" srcset=\"https:\/\/weltlaeden.de\/moessingen\/wp-content\/uploads\/sites\/122\/2025\/09\/20250105_105806-1-300x225.jpg 300w, https:\/\/weltlaeden.de\/moessingen\/wp-content\/uploads\/sites\/122\/2025\/09\/20250105_105806-1-1024x768.jpg 1024w, https:\/\/weltlaeden.de\/moessingen\/wp-content\/uploads\/sites\/122\/2025\/09\/20250105_105806-1-768x576.jpg 768w, https:\/\/weltlaeden.de\/moessingen\/wp-content\/uploads\/sites\/122\/2025\/09\/20250105_105806-1-1536x1153.jpg 1536w, https:\/\/weltlaeden.de\/moessingen\/wp-content\/uploads\/sites\/122\/2025\/09\/20250105_105806-1-2048x1537.jpg 2048w\" sizes=\"auto, (max-width: 300px) 100vw, 300px\" \/><\/p><\/div>[\/vc_column_inner][vc_column_inner width=&#8220;1\/3&#8243;]<div class=\"wl_einzelbild\"><p><img loading=\"lazy\" decoding=\"async\" class=\"alignnone wp-image-1346 size-medium\" src=\"https:\/\/weltlaeden.de\/moessingen\/wp-content\/uploads\/sites\/122\/2025\/09\/IMG-20250901-WA0001-web-640-300x225.jpg\" alt=\"\" width=\"300\" height=\"225\" srcset=\"https:\/\/weltlaeden.de\/moessingen\/wp-content\/uploads\/sites\/122\/2025\/09\/IMG-20250901-WA0001-web-640-300x225.jpg 300w, https:\/\/weltlaeden.de\/moessingen\/wp-content\/uploads\/sites\/122\/2025\/09\/IMG-20250901-WA0001-web-640.jpg 640w\" sizes=\"auto, (max-width: 300px) 100vw, 300px\" \/><\/p><\/div>[\/vc_column_inner][\/vc_row_inner][vc_empty_space height=&#8220;30px&#8220;][vc_column_text]<\/p>\n<h2>Was Sie auf dieser Website finden:<\/h2>\n<p>[\/vc_column_text][vc_row_inner][vc_column_inner width=&#8220;1\/4&#8243;]<div class=\"wl_einzelbild\"><p><img loading=\"lazy\" decoding=\"async\" class=\"alignnone size-thumbnail wp-image-1102\" src=\"https:\/\/weltlaeden.de\/moessingen\/wp-content\/uploads\/sites\/122\/2025\/01\/Aktuelles_V2-150x150.jpg\" alt=\"\" width=\"150\" height=\"150\" srcset=\"https:\/\/weltlaeden.de\/moessingen\/wp-content\/uploads\/sites\/122\/2025\/01\/Aktuelles_V2-150x150.jpg 150w, https:\/\/weltlaeden.de\/moessingen\/wp-content\/uploads\/sites\/122\/2025\/01\/Aktuelles_V2-300x300.jpg 300w, https:\/\/weltlaeden.de\/moessingen\/wp-content\/uploads\/sites\/122\/2025\/01\/Aktuelles_V2.jpg 400w\" sizes=\"auto, (max-width: 150px) 100vw, 150px\" \/><\/p><\/div>[\/vc_column_inner][vc_column_inner width=&#8220;3\/4&#8243;][vc_column_text css=&#8220;&#8220;]<\/p>\n<h3>Aktuelles<\/h3>\n<p>Hier finden Sie Informationen zu unseren aktuellen Aktionen sowie zu allen Kampagnen, die wir unterst\u00fctzen. Wir freuen uns, Ihnen einen \u00dcberblick \u00fcber unsere Initiativen zu geben. <a href=\"https:\/\/weltlaeden.de\/moessingen\/aktuelles\/\">Erfahren Sie mehr \u00fcber unsere Arbeit.<\/a><\/p>\n<p>[\/vc_column_text][\/vc_column_inner][\/vc_row_inner][vc_separator][vc_row_inner][vc_column_inner width=&#8220;1\/4&#8243;]<div class=\"wl_einzelbild\"><p><img loading=\"lazy\" decoding=\"async\" class=\"alignleft size-thumbnail wp-image-nsm-3-15\" src=\"https:\/\/weltlaeden.de\/moessingen\/wp-content\/uploads\/sites\/3\/2016\/11\/FairerHandel_ElPuente_Fingerpuppen_EccoExe_Peru-150x150.jpg\" alt=\"\" width=\"150\" height=\"150\" \/><\/p><\/div>[\/vc_column_inner][vc_column_inner width=&#8220;3\/4&#8243;][vc_column_text]<\/p>\n<h3>Fairer Handel<\/h3>\n<p>Was meint Fairer Handel \u00fcberhaupt? Welche Kriterien m\u00fcssen eingehalten werden und wer \u00fcberpr\u00fcft diese? <a href=\"https:\/\/weltlaeden.de\/moessingen\/fairer-handel\/\">Erfahren Sie mehr &#8230;<\/a>[\/vc_column_text][\/vc_column_inner][\/vc_row_inner][vc_separator][vc_row_inner][vc_column_inner width=&#8220;1\/4&#8243;]<div class=\"wl_einzelbild\"><p><img loading=\"lazy\" decoding=\"async\" class=\"alignleft size-full wp-image-nsm-3-28\" src=\"https:\/\/weltlaeden.de\/moessingen\/wp-content\/uploads\/sites\/3\/2018\/05\/Lebensmittel_WL-Bornheim-Christian-Schilling_150x150.jpg\" alt=\"\" width=\"150\" height=\"150\" \/><\/p><\/div>[\/vc_column_inner][vc_column_inner width=&#8220;3\/4&#8243;][vc_column_text]<\/p>\n<h3>Produkte<\/h3>\n<p>Unsere Produkte im Weltladen sind nat\u00fcrlich alle aus Fairem Handel, dennoch kommen sie von unterschiedlichen Fair-Handels-Importeuren. <a href=\"https:\/\/weltlaeden.de\/moessingen\/produkte\/\">Hier zeigen wir Ihnen unser Sortiment &#8230;<\/a>[\/vc_column_text][\/vc_column_inner][\/vc_row_inner][vc_separator][vc_row_inner][vc_column_inner width=&#8220;1\/4&#8243;]<div class=\"wl_einzelbild\"><p><img loading=\"lazy\" decoding=\"async\" class=\"alignleft wp-image-1090 size-thumbnail\" src=\"https:\/\/weltlaeden.de\/moessingen\/wp-content\/uploads\/sites\/122\/2025\/01\/Fairfood-1-150x150.jpg\" alt=\"\" width=\"150\" height=\"150\" \/><\/p><\/div>[\/vc_column_inner][vc_column_inner width=&#8220;3\/4&#8243;][vc_column_text css=&#8220;&#8220;]<\/p>\n<h3>Produkte des Monats<\/h3>\n<p>Wir freuen uns, Ihnen mitteilen zu k\u00f6nnen, dass wir unser Sortiment um spannende Neuheiten erweitert haben. <a href=\"https:\/\/weltlaeden.de\/moessingen\/produkte-des-monats\">Hier zeigen wir Ihnen Besonderheiten unseres Sortiments &#8230;<\/a>[\/vc_column_text][\/vc_column_inner][\/vc_row_inner][vc_separator][vc_row_inner][vc_column_inner width=&#8220;1\/4&#8243;]<div class=\"wl_einzelbild\"><p><img loading=\"lazy\" decoding=\"async\" class=\"size-thumbnail wp-image-448\" src=\"https:\/\/weltlaeden.de\/moessingen\/wp-content\/uploads\/sites\/122\/2019\/04\/board-game-challenge-chess-209728_1200x519-150x150.png\" alt=\"\" width=\"150\" height=\"150\" \/><\/p><\/div>[\/vc_column_inner][vc_column_inner width=&#8220;3\/4&#8243;][vc_column_text]<\/p>\n<h3>\u00dcber uns<\/h3>\n<p>Wer wir sind, warum wir uns f\u00fcr Fairen Handel engagieren und wie man bei uns mitmachen kann &#8211; <a href=\"https:\/\/weltlaeden.de\/moessingen\/ueber-uns\/\">hier stellen wir uns vor &#8230;<\/a>[\/vc_column_text][\/vc_column_inner][\/vc_row_inner][vc_separator][vc_row_inner][vc_column_inner width=&#8220;1\/4&#8243;]<div class=\"wl_einzelbild\"><p><img loading=\"lazy\" decoding=\"async\" class=\"alignleft size-full wp-image-nsm-3-35\" src=\"https:\/\/weltlaeden.de\/moessingen\/wp-content\/uploads\/sites\/3\/2018\/08\/pocket-watch-1637396_1920_150x150.png\" alt=\"\" width=\"150\" height=\"150\" \/><\/p><\/div>[\/vc_column_inner][vc_column_inner width=&#8220;3\/4&#8243;][vc_column_text]<\/p>\n<h3>Termine<\/h3>\n<p>Bei uns ist immer etwas los! Wir treffen uns regelm\u00e4\u00dfig zu Teamsitzungen und Fortbildungen, organisieren aber auch immer mal wieder eine Veranstaltung zum Fairen Handel und verwandten Themen. <a href=\"https:\/\/weltlaeden.de\/moessingen\/termine\/\">Hier erfahren Sie was bei uns los ist \u2026<\/a><br \/>\n[\/vc_column_text][\/vc_column_inner][\/vc_row_inner][vc_empty_space][\/vc_column][\/vc_row]<\/p>\n<\/div>","protected":false},"excerpt":{"rendered":"<p>[vc_row][vc_column][vc_empty_space height=&#8220;20px&#8220;][\/vc_column][\/vc_row][vc_row][vc_column][vc_column_text][\/vc_column_text][vc_column_text] Willkommen im Weltladen M\u00f6ssingen! [\/vc_column_text][vc_column_text][\/vc_column_text][vc_column_text css=&#8220;&#8220;]Besuchen Sie uns im Ladengesch\u00e4ft in der Falltorstra\u00dfe 24. Gerne stellen wir Ihnen unser Sortiment vor und beraten Sie pers\u00f6nlich beim Einkauf der fair gehandelten Produkte. [\/vc_column_text][vc_empty_space height=&#8220;30px&#8220;][vc_column_text css=&#8220;&#8220;] Mango-Aktion 2026 Liebe Kundinnen und Kunden, liebe Mango-Liebhaber! Unsere Mango-Aktion 2026 ist erfolgreich abgeschlossen. Vielen Dank f\u00fcr Ihre Bestellungen.&hellip;<\/p>\n","protected":false},"author":1,"featured_media":0,"parent":0,"menu_order":0,"comment_status":"closed","ping_status":"closed","template":"","meta":{"footnotes":""},"class_list":["post-20","page","type-page","status-publish","hentry","description-off"],"yoast_head":"<!-- This site is optimized with the Yoast SEO plugin v26.8 - https:\/\/yoast.com\/product\/yoast-seo-wordpress\/ -->\n<title>Weltladen M\u00f6ssingen - Weltladen M\u00f6ssingen<\/title>\n<meta name=\"robots\" content=\"index, follow, max-snippet:-1, max-image-preview:large, max-video-preview:-1\" \/>\n<link rel=\"canonical\" href=\"https:\/\/weltlaeden.de\/moessingen\/\" \/>\n<meta property=\"og:locale\" content=\"de_DE\" \/>\n<meta property=\"og:type\" content=\"article\" \/>\n<meta property=\"og:title\" content=\"Weltladen M\u00f6ssingen - Weltladen M\u00f6ssingen\" \/>\n<meta property=\"og:description\" content=\"[vc_row][vc_column][vc_empty_space height=&#8220;20px&#8220;][\/vc_column][\/vc_row][vc_row][vc_column][vc_column_text][\/vc_column_text][vc_column_text] Willkommen im Weltladen M\u00f6ssingen! [\/vc_column_text][vc_column_text][\/vc_column_text][vc_column_text css=&#8220;&#8220;]Besuchen Sie uns im Ladengesch\u00e4ft in der Falltorstra\u00dfe 24. Gerne stellen wir Ihnen unser Sortiment vor und beraten Sie pers\u00f6nlich beim Einkauf der fair gehandelten Produkte. [\/vc_column_text][vc_empty_space height=&#8220;30px&#8220;][vc_column_text css=&#8220;&#8220;] Mango-Aktion 2026 Liebe Kundinnen und Kunden, liebe Mango-Liebhaber! Unsere Mango-Aktion 2026 ist erfolgreich abgeschlossen. Vielen Dank f\u00fcr Ihre Bestellungen.&hellip;\" \/>\n<meta property=\"og:url\" content=\"https:\/\/weltlaeden.de\/moessingen\/\" \/>\n<meta property=\"og:site_name\" content=\"Weltladen M\u00f6ssingen\" \/>\n<meta property=\"article:modified_time\" content=\"2026-04-21T09:02:23+00:00\" \/>\n<meta property=\"og:image\" content=\"https:\/\/weltlaeden.de\/moessingen\/wp-content\/uploads\/sites\/122\/2025\/09\/20250104_105420-web-640-300x225.jpg\" \/>\n<meta name=\"twitter:card\" content=\"summary_large_image\" \/>\n<meta name=\"twitter:label1\" content=\"Gesch\u00e4tzte Lesezeit\" \/>\n\t<meta name=\"twitter:data1\" content=\"6\u00a0Minuten\" \/>\n<script type=\"application\/ld+json\" class=\"yoast-schema-graph\">{\"@context\":\"https:\/\/schema.org\",\"@graph\":[{\"@type\":\"WebPage\",\"@id\":\"https:\/\/weltlaeden.de\/moessingen\/\",\"url\":\"https:\/\/weltlaeden.de\/moessingen\/\",\"name\":\"Weltladen M\u00f6ssingen - Weltladen M\u00f6ssingen\",\"isPartOf\":{\"@id\":\"https:\/\/weltlaeden.de\/moessingen\/#website\"},\"primaryImageOfPage\":{\"@id\":\"https:\/\/weltlaeden.de\/moessingen\/#primaryimage\"},\"image\":{\"@id\":\"https:\/\/weltlaeden.de\/moessingen\/#primaryimage\"},\"thumbnailUrl\":\"https:\/\/weltlaeden.de\/moessingen\/wp-content\/uploads\/sites\/122\/2025\/09\/20250104_105420-web-640-300x225.jpg\",\"datePublished\":\"2016-10-14T07:05:21+00:00\",\"dateModified\":\"2026-04-21T09:02:23+00:00\",\"breadcrumb\":{\"@id\":\"https:\/\/weltlaeden.de\/moessingen\/#breadcrumb\"},\"inLanguage\":\"de\",\"potentialAction\":[{\"@type\":\"ReadAction\",\"target\":[\"https:\/\/weltlaeden.de\/moessingen\/\"]}]},{\"@type\":\"ImageObject\",\"inLanguage\":\"de\",\"@id\":\"https:\/\/weltlaeden.de\/moessingen\/#primaryimage\",\"url\":\"https:\/\/weltlaeden.de\/moessingen\/wp-content\/uploads\/sites\/122\/2025\/09\/20250104_105420-web-640.jpg\",\"contentUrl\":\"https:\/\/weltlaeden.de\/moessingen\/wp-content\/uploads\/sites\/122\/2025\/09\/20250104_105420-web-640.jpg\",\"width\":640,\"height\":480},{\"@type\":\"BreadcrumbList\",\"@id\":\"https:\/\/weltlaeden.de\/moessingen\/#breadcrumb\",\"itemListElement\":[{\"@type\":\"ListItem\",\"position\":1,\"name\":\"Startseite\",\"item\":\"https:\/\/weltlaeden.de\/moessingen\/\"},{\"@type\":\"ListItem\",\"position\":2,\"name\":\"Weltladen M\u00f6ssingen\"}]},{\"@type\":\"WebSite\",\"@id\":\"https:\/\/weltlaeden.de\/moessingen\/#website\",\"url\":\"https:\/\/weltlaeden.de\/moessingen\/\",\"name\":\"Weltladen M\u00f6ssingen\",\"description\":\"Faire Produkte seit 1990\",\"potentialAction\":[{\"@type\":\"SearchAction\",\"target\":{\"@type\":\"EntryPoint\",\"urlTemplate\":\"https:\/\/weltlaeden.de\/moessingen\/?s={search_term_string}\"},\"query-input\":{\"@type\":\"PropertyValueSpecification\",\"valueRequired\":true,\"valueName\":\"search_term_string\"}}],\"inLanguage\":\"de\"}]}<\/script>\n<!-- \/ Yoast SEO plugin. -->","yoast_head_json":{"title":"Weltladen M\u00f6ssingen - Weltladen M\u00f6ssingen","robots":{"index":"index","follow":"follow","max-snippet":"max-snippet:-1","max-image-preview":"max-image-preview:large","max-video-preview":"max-video-preview:-1"},"canonical":"https:\/\/weltlaeden.de\/moessingen\/","og_locale":"de_DE","og_type":"article","og_title":"Weltladen M\u00f6ssingen - Weltladen M\u00f6ssingen","og_description":"[vc_row][vc_column][vc_empty_space height=&#8220;20px&#8220;][\/vc_column][\/vc_row][vc_row][vc_column][vc_column_text][\/vc_column_text][vc_column_text] Willkommen im Weltladen M\u00f6ssingen! [\/vc_column_text][vc_column_text][\/vc_column_text][vc_column_text css=&#8220;&#8220;]Besuchen Sie uns im Ladengesch\u00e4ft in der Falltorstra\u00dfe 24. Gerne stellen wir Ihnen unser Sortiment vor und beraten Sie pers\u00f6nlich beim Einkauf der fair gehandelten Produkte. [\/vc_column_text][vc_empty_space height=&#8220;30px&#8220;][vc_column_text css=&#8220;&#8220;] Mango-Aktion 2026 Liebe Kundinnen und Kunden, liebe Mango-Liebhaber! Unsere Mango-Aktion 2026 ist erfolgreich abgeschlossen. Vielen Dank f\u00fcr Ihre Bestellungen.&hellip;","og_url":"https:\/\/weltlaeden.de\/moessingen\/","og_site_name":"Weltladen M\u00f6ssingen","article_modified_time":"2026-04-21T09:02:23+00:00","og_image":[{"url":"https:\/\/weltlaeden.de\/moessingen\/wp-content\/uploads\/sites\/122\/2025\/09\/20250104_105420-web-640-300x225.jpg","type":"","width":"","height":""}],"twitter_card":"summary_large_image","twitter_misc":{"Gesch\u00e4tzte Lesezeit":"6\u00a0Minuten"},"schema":{"@context":"https:\/\/schema.org","@graph":[{"@type":"WebPage","@id":"https:\/\/weltlaeden.de\/moessingen\/","url":"https:\/\/weltlaeden.de\/moessingen\/","name":"Weltladen M\u00f6ssingen - Weltladen M\u00f6ssingen","isPartOf":{"@id":"https:\/\/weltlaeden.de\/moessingen\/#website"},"primaryImageOfPage":{"@id":"https:\/\/weltlaeden.de\/moessingen\/#primaryimage"},"image":{"@id":"https:\/\/weltlaeden.de\/moessingen\/#primaryimage"},"thumbnailUrl":"https:\/\/weltlaeden.de\/moessingen\/wp-content\/uploads\/sites\/122\/2025\/09\/20250104_105420-web-640-300x225.jpg","datePublished":"2016-10-14T07:05:21+00:00","dateModified":"2026-04-21T09:02:23+00:00","breadcrumb":{"@id":"https:\/\/weltlaeden.de\/moessingen\/#breadcrumb"},"inLanguage":"de","potentialAction":[{"@type":"ReadAction","target":["https:\/\/weltlaeden.de\/moessingen\/"]}]},{"@type":"ImageObject","inLanguage":"de","@id":"https:\/\/weltlaeden.de\/moessingen\/#primaryimage","url":"https:\/\/weltlaeden.de\/moessingen\/wp-content\/uploads\/sites\/122\/2025\/09\/20250104_105420-web-640.jpg","contentUrl":"https:\/\/weltlaeden.de\/moessingen\/wp-content\/uploads\/sites\/122\/2025\/09\/20250104_105420-web-640.jpg","width":640,"height":480},{"@type":"BreadcrumbList","@id":"https:\/\/weltlaeden.de\/moessingen\/#breadcrumb","itemListElement":[{"@type":"ListItem","position":1,"name":"Startseite","item":"https:\/\/weltlaeden.de\/moessingen\/"},{"@type":"ListItem","position":2,"name":"Weltladen M\u00f6ssingen"}]},{"@type":"WebSite","@id":"https:\/\/weltlaeden.de\/moessingen\/#website","url":"https:\/\/weltlaeden.de\/moessingen\/","name":"Weltladen M\u00f6ssingen","description":"Faire Produkte seit 1990","potentialAction":[{"@type":"SearchAction","target":{"@type":"EntryPoint","urlTemplate":"https:\/\/weltlaeden.de\/moessingen\/?s={search_term_string}"},"query-input":{"@type":"PropertyValueSpecification","valueRequired":true,"valueName":"search_term_string"}}],"inLanguage":"de"}]}},"_links":{"self":[{"href":"https:\/\/weltlaeden.de\/moessingen\/wp-json\/wp\/v2\/pages\/20","targetHints":{"allow":["GET"]}}],"collection":[{"href":"https:\/\/weltlaeden.de\/moessingen\/wp-json\/wp\/v2\/pages"}],"about":[{"href":"https:\/\/weltlaeden.de\/moessingen\/wp-json\/wp\/v2\/types\/page"}],"author":[{"embeddable":true,"href":"https:\/\/weltlaeden.de\/moessingen\/wp-json\/wp\/v2\/users\/1"}],"replies":[{"embeddable":true,"href":"https:\/\/weltlaeden.de\/moessingen\/wp-json\/wp\/v2\/comments?post=20"}],"version-history":[{"count":279,"href":"https:\/\/weltlaeden.de\/moessingen\/wp-json\/wp\/v2\/pages\/20\/revisions"}],"predecessor-version":[{"id":1420,"href":"https:\/\/weltlaeden.de\/moessingen\/wp-json\/wp\/v2\/pages\/20\/revisions\/1420"}],"wp:attachment":[{"href":"https:\/\/weltlaeden.de\/moessingen\/wp-json\/wp\/v2\/media?parent=20"}],"curies":[{"name":"wp","href":"https:\/\/api.w.org\/{rel}","templated":true}]}}