{"id":23,"date":"2016-10-14T09:05:21","date_gmt":"2016-10-14T07:05:21","guid":{"rendered":"https:\/\/wl.heimpixel.de\/vorlage\/termine\/"},"modified":"2018-08-10T10:34:16","modified_gmt":"2018-08-10T08:34:16","slug":"termine","status":"publish","type":"page","link":"https:\/\/weltlaeden.de\/moenchengladbach\/termine\/","title":{"rendered":"Termine"},"content":{"rendered":"<div class=\"wpb-content-wrapper\" id=\"wpb-content-root\"><p>[vc_row][vc_column]<div class=\"wl_einzelbild\"><p><img loading=\"lazy\" decoding=\"async\" class=\"aligncenter size-full wp-image-nsm-3-33\" src=\"https:\/\/weltlaeden.de\/moenchengladbach\/wp-content\/uploads\/sites\/3\/2018\/07\/pocket-watch-1637396_1920_pixabay.png\" alt=\"\" width=\"787\" height=\"340\" \/><\/p><\/div>[vc_empty_space height=&#8220;30px&#8220;][vc_column_text]<\/p>\n<h1>Termine<\/h1>\n<h4><\/h4>\n<p>[\/vc_column_text][vc_empty_space height=&#8220;30px&#8220;][\/vc_column][\/vc_row][vc_row][vc_column width=&#8220;2\/3&#8243;][vc_column_text]<\/p>\n<h2>Kommende Termine<\/h2>\n<p>[\/vc_column_text]<ul class=\"termine-page current aktuell\"><li><h5 class=\"termine-titel\"><a href=\"https:\/\/weltlaeden.de\/moenchengladbach\/termin\/am-5-dezember-2025-ist-probiertag\/\">Probiertag<\/a><\/h5><p class=\"termine-date\">Sa., 05.09.2026<\/p><p class=\"termine-auszug\">Freitags ist Probiertag. Dann stellen wir ein Produkt aus unserem Lebensmittel- und Getr\u00e4nkesortiment vor zum Probieren, Informieren, Kennenlernen. Im September:\u00a0Bio-Plantain-Chips und Bio-Yuca Chips von OXFAM Nur drei Zutaten: Chips aus Bio-Kochbananen bzw. Bio-Yuca, in Sonnenblumen\u00f6l frittiert und mit Meersalz verfeinert. Die gesamte Herstellung, vom Anbau bis zur Verpackung, findet direkt in Ecuador statt, so bleibt die Wertsch\u00f6pfung im Herkunftsland und f\u00f6rdert die lokalen Strukturen. Bringen Sie Abwechslung in Ihre Snackschublade.<\/li><li><h5 class=\"termine-titel\"><a href=\"https:\/\/weltlaeden.de\/moenchengladbach\/termin\/global-brunch\/\">Global Brunch<\/a><\/h5><p class=\"termine-date\">Sa., 12.09.2026, 11:00<\/p><p class=\"termine-auszug\">Zur Fairen Woche richtet der Eine Welt Laden M\u00f6nchengladbach wieder einen Global Brunch aus: In netter Runde fr\u00fchst\u00fccken, neue Menschen kennenlernen und sich dabei \u00fcber globale Zusammenh\u00e4nge austauschen - das ist das Ziel des Global Brunch. Bei einem Fr\u00fchst\u00fcck, u. a mit Kaffee und fairen Produkten aus dem Eine Welt Laden, wird das Thema, wie der Faire Handel zu\u00a0 St\u00e4rkung der Menschenrechte und zum Klimaschutz weltweit beitragen kann, diskutiert. Die Veranstaltung findet statt am <strong>Samstag, 12. September 2026, 11:00 Uhr<\/strong>, im\u00a0<strong>MehrgenerationenHaus<\/strong>, Friedhofstra\u00dfe 39, 41236 M\u00f6nchengladbach. Die Veranstaltung ist kostenfrei. Die Teilnahmezahl ist begrenzt. Bitte melden Sie sich unter <a href=\"mailto:info@eineweltladenmg.de\">info@eineweltladenmg.de<\/a> oder telefonisch unter 02161 21766 an. Wir freuen uns auf Ihr Kommen und auf einen spannenden Austausch! <a href=\"https:\/\/weltlaeden.de\/moenchengladbach\/wp-content\/uploads\/sites\/225\/2026\/09\/Global-Brunch-2026.pdf\">Global Brunch 2026<\/a><\/li><li><h5 class=\"termine-titel\"><a href=\"https:\/\/weltlaeden.de\/moenchengladbach\/termin\/film-und-gespraech-the-chocolate-war\/\">Film &#8222;Cotton Queen&#8220;<\/a><\/h5><p class=\"termine-date\">Fr., 18.09.2026, 18:30<\/p><p class=\"termine-auszug\">Der Eine Welt Laden zeigt im Rahmen der Fairen Woche am <strong>Freitag, 18. September 2026<\/strong>, <strong>um 18:30 Uhr<\/strong> den Film \u201eCotton Queen\u201c: In einem sudanesischen Baumwoll-Dorf w\u00e4chst Nafisa mit den m\u00e4rchenhaften Geschichten ihrer Gro\u00dfmutter auf. Als ein Gesch\u00e4ftsmann aus dem Ausland mit genetisch ver\u00e4ndertem Saatgut und gro\u00dfen Entwicklungspl\u00e4nen erscheint, wird sie zur Schl\u00fcsselfigur im Machtspiel um die Zukunft des Dorfes und entdeckt dabei ihre eigene St\u00e4rke. Der Film der Regisseurin Suzannah Mirghani, Tochter eines sudanesischen Vaters und einer russischen Mutter, die ihre Kindheit im Sudan verbrachte, regt zum Nachdenken an, l\u00e4dt zum Austausch ein und verdeutlicht die Bedeutung des Fairen Handels f\u00fcr eine gerechtere Textilproduktion. Ort: <strong>Cinefactory im Haus Zoar<\/strong>, Kapuzinerplatz 12 (Eingang Viersener Stra\u00dfe), M\u00f6nchengladbach Eintrittspreis: 5,00 Euro<\/li><li><h5 class=\"termine-titel\"><a href=\"https:\/\/weltlaeden.de\/moenchengladbach\/termin\/eine-welt-laden-auf-dem-rheydter-wochenmarkt\/\">Eine Welt Laden auf dem Rheydter Wochenmarkt<\/a><\/h5><p class=\"termine-date\">Sa., 26.09.2026, 08:00<\/p><p class=\"termine-auszug\">Der Eine Welt Laden geht open-air: Besuchen Sie uns zur Fairen Woche am <strong>26. September 2026 auf dem Rheydter Wochenmarkt<\/strong>! Unser Info- und Verkaufsstand l\u00e4dt dazu ein, faire Produkte kennenzulernen und mehr \u00fcber die Ziele und Visionen des Eine Welt Ladens zu erfahren. Entdecken Sie, wie fairer Handel wirkt \u2013 direkt vor Ort.<\/li><\/ul>[vc_empty_space height=&#8220;30px&#8220;][vc_column_text]<\/p>\n<h2>Vergangene Termine<\/h2>\n<p>[\/vc_column_text]<ul class=\"termine-page past vergangen\"><li><h5 class=\"termine-titel\"><a href=\"https:\/\/weltlaeden.de\/moenchengladbach\/termin\/tag-des-guten-lebens-10-jahre-eine-erde-e-v\/\">Tag des guten Lebens &#8211; 10 Jahre Eine Erde e. V.<\/a><\/h5><p class=\"termine-date\">Sa., 30.05.2026, 12:00<\/p><p class=\"termine-auszug\">10 Jahre Eine Erde e. V. - das wird jetzt gefeiert mit dem Tag des guten Lebens. Am <strong>30. Mai 2026, ab 12:00 Uhr<\/strong> beginnt die Jubil\u00e4umsfeier mit einem Stra\u00dfenfest auf der Waldhausener Stra\u00dfe mit Spiel und Spa\u00df, Kunst, Mitmachaktionen, viel Musik und gem\u00fctlichen Ecken zum Austausch. Auch der Eine Welt Laden feiert mit einem Aktionsstand mit. Hier geht es zum <a href=\"https:\/\/tantelemi.de\/2026\/03\/25\/10-jahre-eine-erde-feiern-wir-den-tag-des-guten-lebens\/\">Programm<\/a>. &nbsp; . &nbsp;<\/li><li><h5 class=\"termine-titel\"><a href=\"https:\/\/weltlaeden.de\/moenchengladbach\/termin\/weltladentag-fair-fruchtet-cocktails-und-informationen\/\">Weltladentag &#8222;Fair fruchtet&#8220; &#8211; Cocktails und Informationen<\/a><\/h5><p class=\"termine-date\">Sa., 09.05.2026, 11:00<\/p><p class=\"termine-auszug\">Unter dem Motto des Weltladentags <strong>\"Fair fruchtet\"<\/strong> l\u00e4dt der Eine Welt Laden M\u00f6nchengladbach am <strong>9. Mai 2026, zwischen 11:00 Uhr und 15:00 Uhr<\/strong> zu Cocktails mit und ohne Alkohol aus fair gehandelten Fr\u00fcchten und Zutaten ein. Gleichzeitig m\u00f6chte der\u00a0Eine Welt Laden damit auf schlechte Arbeitsbedingungen und unfair verteilte Gewinne im Handel mit u. a. Orangen, Mangos, Bananen und Kiwis aufmerksam machen. In Deutschland kontrollieren vier Unternehmen rund 85 Prozent des Lebensmittelmarktes \u2013 mit gravierenden Folgen f\u00fcr Obstproduzent*innen weltweit. Diese Marktmacht setzt Lieferant*innen massiv unter Preisdruck \u2013 h\u00e4ufig so stark, dass Produktionskosten kaum gedeckt sind. F\u00fcr die Produzent*innen bedeutet der Obstanbau oft harte k\u00f6rperliche Arbeit, niedrige L\u00f6hne und befristete Vertr\u00e4ge. Dagegen erzielen internationale Konzernen hohe Gewinne. Der Faire Handel fordert menschenw\u00fcrdige Arbeitsbedingungen und eine gerechte Wertsch\u00f6pfung entlang der Lieferketten, faire Preise, Transparenz und partnerschaftliche Handelsbeziehungen. Die Fr\u00fcchte der Cocktails, die am Weltladentag angeboten werden, kommen u. a. von SOS Rosarno in [...] <a href=\"https:\/\/weltlaeden.de\/moenchengladbach\/termin\/weltladentag-fair-fruchtet-cocktails-und-informationen\/\"><small>[WEITERLESEN]<\/small><\/a><\/p><\/li><li><h5 class=\"termine-titel\"><a href=\"https:\/\/weltlaeden.de\/moenchengladbach\/termin\/weltladentag-fair-fruchtet-dokumentarfilm-zu-erntearbeiterinnen-in-europa\/\">Weltladentag &#8222;Fair fruchtet&#8220; &#8211; Dokumentarfilm zu Erntearbeiter*innen in Europa<\/a><\/h5><p class=\"termine-date\">Fr., 08.05.2026, 18:30<\/p><p class=\"termine-auszug\">Das Motto des Weltladentags am 9. Mai 2026 lautet <strong>\u201eFair fruchtet\u201c<\/strong>. Fr\u00fcchte stehen f\u00fcr Vielfalt und Genuss. Doch hinter dem, was bei uns selbstverst\u00e4ndlich im Einkaufskorb landet, steckt viel Arbeit unter schwierigen Bedingungen. Am Weltladentag wird dieses Thema in den Blick genommen. Zur Einstimmung und als Hintergrundinformation zeigt der Eine Welt Laden M\u00f6nchengladbach am <strong>8. Mai 2026, 18:30 Uhr, im freiRAUM im Kolpinghaus, Alter Markt 10<\/strong> einen Dokumentarfilm. Die Dokumentation begleitet Erntearbeiter*innen in Italien, Spanien, Griechenland und Portugal und zeigt ihre Arbeits- und Lebensbedingungen hinter dem ganzj\u00e4hrigen Angebot von Obst und Gem\u00fcse in Europa. Der Film macht sichtbar, dass viele Migrant*innen ohne Vertrag oder soziale Absicherung arbeiten und unter gro\u00dfem Druck stehen. Der Eintritt ist frei.<\/li><li><h5 class=\"termine-titel\"><a href=\"https:\/\/weltlaeden.de\/moenchengladbach\/termin\/brunch-zum-weltgebetstag\/\">Brunch zum Weltgebetstag<\/a><\/h5><p class=\"termine-date\">Sa., 28.02.2026, 11:00<\/p><p class=\"termine-auszug\">Anl\u00e4sslich des Weltgebetstags am 6. M\u00e4rz 2026 l\u00e4dt der Eine Welt Laden am <strong>28. Februar 2026, ab 11:00 Uhr<\/strong> zum Brunch ein. Der Weltgebetstag ist eine internationale Bewegung von Frauen unterschiedlicher christlicher Konfessionen. Jedes Jahr, immer am ersten Freitag im M\u00e4rz, laden sie Frauen, M\u00e4nner, Kinder und Jugendliche ein, um gemeinsam f\u00fcr Frieden und Gerechtigkeit zu beten und zu handeln. Der Weltgebetstag besch\u00e4ftigt sich jedes Jahr mit der Lebenssituation von Frauen eines anderen Landes - in diesem Jahr Nigeria. Probieren Sie kleine Snacks, hergestellt mit Produkten aus dem Eine Welt Laden, und erfahren Sie etwas \u00fcber das Land Nigeria. Keine Anmeldung erforderlich. Wir freuen uns \u00fcber eine kleine Spende. Weitere Informationen zum Weltgebetstag finden Sie <a href=\"https:\/\/weltgebetstag.de\/idee\/\">Weltgebetstag<\/a>. Anl\u00e4sslich des Weltgebetstags bietet der Eine Welt Laden <a href=\"https:\/\/weltlaeden.de\/moenchengladbach\/produkte-zum-weltgebetstag-aus-nigeria\/\">zwei Produkte aus Nigeria<\/a> an.<\/li><li><h5 class=\"termine-titel\"><a href=\"https:\/\/weltlaeden.de\/moenchengladbach\/termin\/textiles-upcycling-mit-misereor-hungertuechern\/\">Textiles Upcycling mit Fastent\u00fcchern<\/a><\/h5><p class=\"termine-date\">Sa., 21.02.2026, 11:00<\/p><p class=\"termine-auszug\">er Eine Welt Laden M\u00f6nchengladbach e. V. veranstaltet gemeinsam mit der Stadtbibliothek M\u00f6nchengladbach am <strong>Samstag, 21. Februar 2026, von 11:00 Uhr bis 15:00 Uhr<\/strong> einen Upcycling-Workshop: Aus bunten Fastent\u00fcchern entstehen neue, alltagstaugliche Textilprodukte. Die Teilnahme am Workshop-Angebot ist kostenfrei. <strong>Ort: Stadtbibliothek M\u00f6nchengladbach<\/strong>, Atelier Urban. N\u00e4hutensilien bitte mitbringen, wenn m\u00f6glich auch die eigene N\u00e4hmaschine. Die Anmeldung erfolgt die Stadtbibliothek.<\/li><li><h5 class=\"termine-titel\"><a href=\"https:\/\/weltlaeden.de\/moenchengladbach\/termin\/adventsbasar-in-der-waldorf-schule\/\">Adventsbasar in der Citykirche<\/a><\/h5><p class=\"termine-date\">Sa., 29.11.2025, 09:00 bis 29.11.2025, 23:00<\/p><p class=\"termine-auszug\">Am 29. November 2025 findet der Adventsbasar in der Citykirche statt. Besuchen Sie unseren Stand und freuen Sie sich auf den Beginn der Adventszeit. Ort: Citykirche Alter Markt, Kirchplatz 14, 41061 M\u00f6nchengladbach Zeit: 9:00 Uhr bis 17:00 Uhr An den Adventssamstagen hat der Eine Welt Laden \u00fcbrigens immer von 10:00 Uhr bis 16:00 Uhr ge\u00f6ffnet. Wenn Sie etwas Sch\u00f6nes zu Weihnachten fairschenken m\u00f6chten, dann kommen Sie doch vorbei.<\/li><li><h5 class=\"termine-titel\"><a href=\"https:\/\/weltlaeden.de\/moenchengladbach\/termin\/adventsbasar-in-der-waldorfschule\/\">Adventsbasar in der Waldorfschule<\/a><\/h5><p class=\"termine-date\">Sa., 22.11.2025, 14:00 bis 23.11.2025, 23:00<\/p><p class=\"termine-auszug\">Am 22. November 2025 findet in der Waldorfschule M\u00f6nchengladbach der Adventsbasar statt. Der Eine Welt Laden nimmt auch in diesem Jahr mit einem Stand am Basar teil. Wir freuen uns auf Ihren Besuch. Ort: Rudolf Steiner Schule M\u00f6nchengladbach - freie Waldorfschule M\u00f6nchengladbach, Weiersweg 10, 41065 M\u00f6nchengladbach Zeit: 14:00 Uhr bis 19:00 Uhr &nbsp;<\/li><li><h5 class=\"termine-titel\"><a href=\"https:\/\/weltlaeden.de\/moenchengladbach\/termin\/suess-statt-bitter-orangen-ohne-sklaverei-informationsveranstaltung\/\">S\u00fc\u00df statt bitter: Orangen ohne Sklaverei &#8211; Informationsveranstaltung<\/a><\/h5><p class=\"termine-date\">Do., 13.11.2025, 18:00<\/p><p class=\"termine-auszug\">Wie in den letzten Jahren k\u00f6nnen auch in diesem Jahr wieder Orangen ohne Gift und Sklaverei \u00fcber den Eine Welt Laden bestellt werden. In Italien werden afrikanische Migrant*innen ausgebeutet \u2013 meist von Kleinb\u00e4uer*innen, die selbst unter dem Preisdruck von Supermarktketten stehen. Dank der Initiative SOS Rosarno erhalten Arbeiter*innen und B\u00e4uer*innen einen fairen Preis und k\u00f6nnen in W\u00fcrde leben. Um \u00fcber die Initiative zu informieren, laden wir Sie gerne zu unserer Informationsveranstaltung am <strong>Donnerstag, 13. November 2025, 18:00 Uhr<\/strong>, in den Eine Welt Laden ein. Weitere Informationen zu den Orangen und zu den Bestellungen erhalten Sie <a href=\"https:\/\/weltlaeden.de\/moenchengladbach\/suess-statt-bitter-die-orangen-aktion-orangen-ohne-sklaverei\/\">hier<\/a>.<\/li><li><h5 class=\"termine-titel\"><a href=\"https:\/\/weltlaeden.de\/moenchengladbach\/termin\/berggartenfest\/\">Berggartenfest<\/a><\/h5><p class=\"termine-date\">So., 06.07.2025, 11:00<\/p><p class=\"termine-auszug\">Das Berggartenfest findet dieses Jahr am Sonntag, 6. Juli 2025, von 11:00 bis 18:00 Uhr statt. Musikschule und Volkshochschule laden ein mit einem abwechslungsreichen Programm und vielf\u00e4ltigen Angeboten. Das Fest findet auf dem Gel\u00e4nde des Berggartens im Hans-Jonas-Park statt. Auch der Eine Welt Laden nimmt mit einem Stand als Kooperationspartner an der Veranstaltung teil. Der Eintritt ist frei. &nbsp;<\/li><li><h5 class=\"termine-titel\"><a href=\"https:\/\/weltlaeden.de\/moenchengladbach\/termin\/klangschalen-workshop\/\">Klangschalen-Workshop<\/a><\/h5><p class=\"termine-date\">Di., 24.06.2025, 18:30<\/p><p class=\"termine-auszug\">Am <strong>Dienstag, 24. Juni 2025<\/strong>, um 18:30 Uhr findet ein Klangschalen-Workshop im Laden statt. Dori vom Fair Trade Unternehmen Ganesh Nepalhandel stellt Klangschalen aus Nepal und ihre vielf\u00e4ltigen Einsatzm\u00f6glichkeiten vor. Kostenlos und unverbindlich. Keine Anmeldung erforderlich. Du hast noch Fragen? Telefon: 02161 21766 E-Mail: <a href=\"mailto:ewlmg@t-online.de\">ewlmg@t-online.de<\/a> &nbsp; &nbsp;<\/li><li><h5 class=\"termine-titel\"><a href=\"https:\/\/weltlaeden.de\/moenchengladbach\/termin\/hoffest-lenssenhof\/\">Hoffest Len\u00dfenhof<\/a><\/h5><p class=\"termine-date\">So., 22.06.2025, 11:00<\/p><p class=\"termine-auszug\">Am Sonntag, 22. Juni 2025, ab 11:00 Uhr findet wieder das Hoffest auf dem Len\u00dfenhof in Odenkirchen (Len\u00dfenhof 174) statt mit Feldf\u00fchrungen, Informationen zur biologischen Landwirtschaft, Spiel und Spa\u00df f\u00fcr Kinder und verschiedenen St\u00e4nden. Auch der Eine Welt Laden ist mit einem Stand dabei. Eine gute Idee f\u00fcr einen Familienausflug. Der Eintritt ist frei.<\/li><li><h5 class=\"termine-titel\"><a href=\"https:\/\/weltlaeden.de\/moenchengladbach\/termin\/777\/\">erlassjahr.de &#8211; Lichterkette<\/a><\/h5><p class=\"termine-date\">Sa., 10.05.2025, 10:00<\/p><p class=\"termine-auszug\">Der Eine Welt Laden M\u00f6nchengladbach unterst\u00fctzt das B\u00fcndnis erlassjahr.de. Am 24. Mai 2025 findet eine Aktion hierzu statt. Eine hohe Auslandsverschuldung zwingt viele Staaten im Globalen S\u00fcden dazu, gro\u00dfe Teile ihrer geringen Staatseinnahmen f\u00fcr die Zahlung von Zinsen und Tilgungen an das Ausland zu verwenden. Dies hat Auswirkungen auf die Bev\u00f6lkerung der betroffenen L\u00e4nder u. a. aufgrund von Steuererh\u00f6hungen, der Einf\u00fchrung von Schulgeb\u00fchren, K\u00fcrzungen in der Gesundheitsversorgung oder Schlie\u00dfung von sozialen Institutionen.Das Entschuldungsb\u00fcndnis <strong>erlassjahr.de - Entwicklung braucht Entschuldung e.\u00a0V. <\/strong>setzt sich f\u00fcr ein transparentes und faires Insolvenzverfahren ein, damit diese L\u00e4nder Schuldenerlasse erhalten k\u00f6nnen und die Lebensbedingungen der Menschen in den verschuldeten L\u00e4ndern sich verbessert. Unter dem Motto \u201eTurn Debt into Hope\u201d des diesj\u00e4hrigen Erlassjahres soll im Rahmen einer weltweiten Aktion am <strong>Samstag, 24. Mai 2025, ab ca. 12:45 Uhr bis 16:00 Uhr an der Citykirche<\/strong> eine digitale \u201eRelay of Light\u201d-Lichterkette entz\u00fcndet werden. Durch die Weitergabe von Kerzen und Lichtern [...] <a href=\"https:\/\/weltlaeden.de\/moenchengladbach\/termin\/777\/\"><small>[WEITERLESEN]<\/small><\/a><\/p><\/li><\/ul>[\/vc_column][\/vc_row]<\/p>\n<\/div>","protected":false},"excerpt":{"rendered":"<p>[vc_row][vc_column][vc_empty_space height=&#8220;30px&#8220;][vc_column_text] Termine [\/vc_column_text][vc_empty_space height=&#8220;30px&#8220;][\/vc_column][\/vc_row][vc_row][vc_column width=&#8220;2\/3&#8243;][vc_column_text] Kommende Termine [\/vc_column_text][vc_empty_space height=&#8220;30px&#8220;][vc_column_text] Vergangene Termine [\/vc_column_text][\/vc_column][\/vc_row]<\/p>\n","protected":false},"author":1,"featured_media":0,"parent":0,"menu_order":7,"comment_status":"closed","ping_status":"closed","template":"","meta":{"footnotes":""},"class_list":["post-23","page","type-page","status-publish","hentry","description-off"],"yoast_head":"<!-- This site is optimized with the Yoast SEO plugin v26.8 - https:\/\/yoast.com\/product\/yoast-seo-wordpress\/ -->\n<title>Termine - Weltladen M\u00f6nchengladbach<\/title>\n<meta name=\"robots\" content=\"index, follow, max-snippet:-1, max-image-preview:large, max-video-preview:-1\" \/>\n<link rel=\"canonical\" href=\"https:\/\/weltlaeden.de\/moenchengladbach\/termine\/\" \/>\n<meta property=\"og:locale\" content=\"de_DE\" \/>\n<meta property=\"og:type\" content=\"article\" \/>\n<meta property=\"og:title\" content=\"Termine - Weltladen M\u00f6nchengladbach\" \/>\n<meta property=\"og:description\" content=\"[vc_row][vc_column][vc_empty_space height=&#8220;30px&#8220;][vc_column_text] Termine [\/vc_column_text][vc_empty_space height=&#8220;30px&#8220;][\/vc_column][\/vc_row][vc_row][vc_column width=&#8220;2\/3&#8243;][vc_column_text] Kommende Termine [\/vc_column_text][vc_empty_space height=&#8220;30px&#8220;][vc_column_text] Vergangene Termine [\/vc_column_text][\/vc_column][\/vc_row]\" \/>\n<meta property=\"og:url\" content=\"https:\/\/weltlaeden.de\/moenchengladbach\/termine\/\" \/>\n<meta property=\"og:site_name\" content=\"Weltladen M\u00f6nchengladbach\" \/>\n<meta property=\"article:modified_time\" content=\"2018-08-10T08:34:16+00:00\" \/>\n<meta property=\"og:image\" content=\"https:\/\/weltlaeden.de\/moenchengladbach\/wp-content\/uploads\/sites\/3\/2018\/07\/pocket-watch-1637396_1920_pixabay.png\" \/>\n<meta name=\"twitter:card\" content=\"summary_large_image\" \/>\n<meta name=\"twitter:label1\" content=\"Gesch\u00e4tzte Lesezeit\" \/>\n\t<meta name=\"twitter:data1\" content=\"1\u00a0Minute\" \/>\n<script type=\"application\/ld+json\" class=\"yoast-schema-graph\">{\"@context\":\"https:\/\/schema.org\",\"@graph\":[{\"@type\":\"WebPage\",\"@id\":\"https:\/\/weltlaeden.de\/moenchengladbach\/termine\/\",\"url\":\"https:\/\/weltlaeden.de\/moenchengladbach\/termine\/\",\"name\":\"Termine - Weltladen M\u00f6nchengladbach\",\"isPartOf\":{\"@id\":\"https:\/\/weltlaeden.de\/moenchengladbach\/#website\"},\"primaryImageOfPage\":{\"@id\":\"https:\/\/weltlaeden.de\/moenchengladbach\/termine\/#primaryimage\"},\"image\":{\"@id\":\"https:\/\/weltlaeden.de\/moenchengladbach\/termine\/#primaryimage\"},\"thumbnailUrl\":\"https:\/\/weltlaeden.de\/moenchengladbach\/wp-content\/uploads\/sites\/3\/2018\/07\/pocket-watch-1637396_1920_pixabay.png\",\"datePublished\":\"2016-10-14T07:05:21+00:00\",\"dateModified\":\"2018-08-10T08:34:16+00:00\",\"breadcrumb\":{\"@id\":\"https:\/\/weltlaeden.de\/moenchengladbach\/termine\/#breadcrumb\"},\"inLanguage\":\"de\",\"potentialAction\":[{\"@type\":\"ReadAction\",\"target\":[\"https:\/\/weltlaeden.de\/moenchengladbach\/termine\/\"]}]},{\"@type\":\"ImageObject\",\"inLanguage\":\"de\",\"@id\":\"https:\/\/weltlaeden.de\/moenchengladbach\/termine\/#primaryimage\",\"url\":\"https:\/\/weltlaeden.de\/moenchengladbach\/wp-content\/uploads\/sites\/3\/2018\/07\/pocket-watch-1637396_1920_pixabay.png\",\"contentUrl\":\"https:\/\/weltlaeden.de\/moenchengladbach\/wp-content\/uploads\/sites\/3\/2018\/07\/pocket-watch-1637396_1920_pixabay.png\"},{\"@type\":\"BreadcrumbList\",\"@id\":\"https:\/\/weltlaeden.de\/moenchengladbach\/termine\/#breadcrumb\",\"itemListElement\":[{\"@type\":\"ListItem\",\"position\":1,\"name\":\"Startseite\",\"item\":\"https:\/\/weltlaeden.de\/moenchengladbach\/\"},{\"@type\":\"ListItem\",\"position\":2,\"name\":\"Termine\"}]},{\"@type\":\"WebSite\",\"@id\":\"https:\/\/weltlaeden.de\/moenchengladbach\/#website\",\"url\":\"https:\/\/weltlaeden.de\/moenchengladbach\/\",\"name\":\"Weltladen M\u00f6nchengladbach\",\"description\":\"Faire Produkte seit 1983\",\"potentialAction\":[{\"@type\":\"SearchAction\",\"target\":{\"@type\":\"EntryPoint\",\"urlTemplate\":\"https:\/\/weltlaeden.de\/moenchengladbach\/?s={search_term_string}\"},\"query-input\":{\"@type\":\"PropertyValueSpecification\",\"valueRequired\":true,\"valueName\":\"search_term_string\"}}],\"inLanguage\":\"de\"}]}<\/script>\n<!-- \/ Yoast SEO plugin. -->","yoast_head_json":{"title":"Termine - Weltladen M\u00f6nchengladbach","robots":{"index":"index","follow":"follow","max-snippet":"max-snippet:-1","max-image-preview":"max-image-preview:large","max-video-preview":"max-video-preview:-1"},"canonical":"https:\/\/weltlaeden.de\/moenchengladbach\/termine\/","og_locale":"de_DE","og_type":"article","og_title":"Termine - Weltladen M\u00f6nchengladbach","og_description":"[vc_row][vc_column][vc_empty_space height=&#8220;30px&#8220;][vc_column_text] Termine [\/vc_column_text][vc_empty_space height=&#8220;30px&#8220;][\/vc_column][\/vc_row][vc_row][vc_column width=&#8220;2\/3&#8243;][vc_column_text] Kommende Termine [\/vc_column_text][vc_empty_space height=&#8220;30px&#8220;][vc_column_text] Vergangene Termine [\/vc_column_text][\/vc_column][\/vc_row]","og_url":"https:\/\/weltlaeden.de\/moenchengladbach\/termine\/","og_site_name":"Weltladen M\u00f6nchengladbach","article_modified_time":"2018-08-10T08:34:16+00:00","og_image":[{"url":"https:\/\/weltlaeden.de\/moenchengladbach\/wp-content\/uploads\/sites\/3\/2018\/07\/pocket-watch-1637396_1920_pixabay.png","type":"","width":"","height":""}],"twitter_card":"summary_large_image","twitter_misc":{"Gesch\u00e4tzte Lesezeit":"1\u00a0Minute"},"schema":{"@context":"https:\/\/schema.org","@graph":[{"@type":"WebPage","@id":"https:\/\/weltlaeden.de\/moenchengladbach\/termine\/","url":"https:\/\/weltlaeden.de\/moenchengladbach\/termine\/","name":"Termine - Weltladen M\u00f6nchengladbach","isPartOf":{"@id":"https:\/\/weltlaeden.de\/moenchengladbach\/#website"},"primaryImageOfPage":{"@id":"https:\/\/weltlaeden.de\/moenchengladbach\/termine\/#primaryimage"},"image":{"@id":"https:\/\/weltlaeden.de\/moenchengladbach\/termine\/#primaryimage"},"thumbnailUrl":"https:\/\/weltlaeden.de\/moenchengladbach\/wp-content\/uploads\/sites\/3\/2018\/07\/pocket-watch-1637396_1920_pixabay.png","datePublished":"2016-10-14T07:05:21+00:00","dateModified":"2018-08-10T08:34:16+00:00","breadcrumb":{"@id":"https:\/\/weltlaeden.de\/moenchengladbach\/termine\/#breadcrumb"},"inLanguage":"de","potentialAction":[{"@type":"ReadAction","target":["https:\/\/weltlaeden.de\/moenchengladbach\/termine\/"]}]},{"@type":"ImageObject","inLanguage":"de","@id":"https:\/\/weltlaeden.de\/moenchengladbach\/termine\/#primaryimage","url":"https:\/\/weltlaeden.de\/moenchengladbach\/wp-content\/uploads\/sites\/3\/2018\/07\/pocket-watch-1637396_1920_pixabay.png","contentUrl":"https:\/\/weltlaeden.de\/moenchengladbach\/wp-content\/uploads\/sites\/3\/2018\/07\/pocket-watch-1637396_1920_pixabay.png"},{"@type":"BreadcrumbList","@id":"https:\/\/weltlaeden.de\/moenchengladbach\/termine\/#breadcrumb","itemListElement":[{"@type":"ListItem","position":1,"name":"Startseite","item":"https:\/\/weltlaeden.de\/moenchengladbach\/"},{"@type":"ListItem","position":2,"name":"Termine"}]},{"@type":"WebSite","@id":"https:\/\/weltlaeden.de\/moenchengladbach\/#website","url":"https:\/\/weltlaeden.de\/moenchengladbach\/","name":"Weltladen M\u00f6nchengladbach","description":"Faire Produkte seit 1983","potentialAction":[{"@type":"SearchAction","target":{"@type":"EntryPoint","urlTemplate":"https:\/\/weltlaeden.de\/moenchengladbach\/?s={search_term_string}"},"query-input":{"@type":"PropertyValueSpecification","valueRequired":true,"valueName":"search_term_string"}}],"inLanguage":"de"}]}},"_links":{"self":[{"href":"https:\/\/weltlaeden.de\/moenchengladbach\/wp-json\/wp\/v2\/pages\/23","targetHints":{"allow":["GET"]}}],"collection":[{"href":"https:\/\/weltlaeden.de\/moenchengladbach\/wp-json\/wp\/v2\/pages"}],"about":[{"href":"https:\/\/weltlaeden.de\/moenchengladbach\/wp-json\/wp\/v2\/types\/page"}],"author":[{"embeddable":true,"href":"https:\/\/weltlaeden.de\/moenchengladbach\/wp-json\/wp\/v2\/users\/1"}],"replies":[{"embeddable":true,"href":"https:\/\/weltlaeden.de\/moenchengladbach\/wp-json\/wp\/v2\/comments?post=23"}],"version-history":[{"count":14,"href":"https:\/\/weltlaeden.de\/moenchengladbach\/wp-json\/wp\/v2\/pages\/23\/revisions"}],"predecessor-version":[{"id":414,"href":"https:\/\/weltlaeden.de\/moenchengladbach\/wp-json\/wp\/v2\/pages\/23\/revisions\/414"}],"wp:attachment":[{"href":"https:\/\/weltlaeden.de\/moenchengladbach\/wp-json\/wp\/v2\/media?parent=23"}],"curies":[{"name":"wp","href":"https:\/\/api.w.org\/{rel}","templated":true}]}}