{"id":217,"date":"2016-10-28T13:34:47","date_gmt":"2016-10-28T11:34:47","guid":{"rendered":"https:\/\/wl.heimpixel.de\/vorlage\/produkte\/"},"modified":"2026-08-31T16:28:06","modified_gmt":"2026-08-31T14:28:06","slug":"produkte","status":"publish","type":"page","link":"https:\/\/weltlaeden.de\/moenchengladbach\/produkte\/","title":{"rendered":"Produkte"},"content":{"rendered":"<div class=\"wpb-content-wrapper\" id=\"wpb-content-root\"><p>[vc_row][vc_column]<div class=\"wl_einzelbild\"><p><\/p><\/div>[vc_empty_space][vc_column_text]<\/p>\n<h1>Unser Sortiment<\/h1>\n<p>[\/vc_column_text][vc_column_text]Fairer Handel ist die Grundlage f\u00fcr gute und hochwertige Produkte. Lassen Sie sich von der Vielfalt \u00fcberraschen.\u00a0Wir verkaufen fair produzierte und gehandelte Ware. Viele Lebensmittel stammen zudem aus kontrolliert biologischem Anbau.<\/p>\n<p>St\u00f6bern Sie gerne bei uns und finden Sie etwas zum Genie\u00dfen, Fairverwenden oder Fairschenken. Darauf sind wir bestens vorbereitet. Und ist mal doch nicht das Richtige dabei, k\u00f6nnen wir gerne etwas f\u00fcr Sie aus dem Sortiment unserer Handelspartner bestellen.<\/p>\n<p>K\u00f6nnen Sie sich nicht so recht entscheiden? Dann gibt es noch unsere <a href=\"https:\/\/weltlaeden.de\/moenchengladbach\/weltladen-gutschein\/\">Geschenkgutscheine<\/a>.<\/p>\n<p>[\/vc_column_text][vc_empty_space][vc_row_inner][vc_column_inner width=&#8220;1\/2&#8243;][vc_column_text]<\/p>\n<h2>Lebensmittel<\/h2>\n<p>[\/vc_column_text]<div class=\"wl_einzelbild\"><p><img loading=\"lazy\" decoding=\"async\" class=\"alignnone size-medium wp-image-682\" src=\"https:\/\/weltlaeden.de\/moenchengladbach\/wp-content\/uploads\/sites\/225\/2025\/05\/weltlaeden_bieten_eine_grosse_auswahl_an_tee-300x200.jpg\" alt=\"\" width=\"300\" height=\"200\" srcset=\"https:\/\/weltlaeden.de\/moenchengladbach\/wp-content\/uploads\/sites\/225\/2025\/05\/weltlaeden_bieten_eine_grosse_auswahl_an_tee-300x200.jpg 300w, https:\/\/weltlaeden.de\/moenchengladbach\/wp-content\/uploads\/sites\/225\/2025\/05\/weltlaeden_bieten_eine_grosse_auswahl_an_tee-1024x683.jpg 1024w, https:\/\/weltlaeden.de\/moenchengladbach\/wp-content\/uploads\/sites\/225\/2025\/05\/weltlaeden_bieten_eine_grosse_auswahl_an_tee-768x512.jpg 768w, https:\/\/weltlaeden.de\/moenchengladbach\/wp-content\/uploads\/sites\/225\/2025\/05\/weltlaeden_bieten_eine_grosse_auswahl_an_tee-1536x1024.jpg 1536w, https:\/\/weltlaeden.de\/moenchengladbach\/wp-content\/uploads\/sites\/225\/2025\/05\/weltlaeden_bieten_eine_grosse_auswahl_an_tee-2048x1365.jpg 2048w\" sizes=\"auto, (max-width: 300px) 100vw, 300px\" \/><\/p><\/div>[vc_column_text]Zu unserem Lebensmittelsortiment geh\u00f6ren:<\/p>\n<ul>\n<li>Kaffee (gemahlen, Bohne, entkoffeiniert oder auch in der Kaffeeregion ger\u00f6stet und verpackt)<\/li>\n<li>Tee (schwarz, gr\u00fcn, Kr\u00e4uter, Rooibos, im Beutel oder lose)<\/li>\n<li>gro\u00dfe Auswahl an Schokolade und\u00a0Geb\u00e4ck<\/li>\n<li>Fruchtgummis<\/li>\n<li>verschiedene Honigsorten aus Lateinamerika<\/li>\n<li>Weine<\/li>\n<li>spritzige Zitronen- und Orangenlimonade<\/li>\n<li>Trockenfr\u00fcchte und N\u00fcsse<\/li>\n<li>Gew\u00fcrze und Chutneys<\/li>\n<li>und noch andere Leckereien<\/li>\n<\/ul>\n<p>[\/vc_column_text][\/vc_column_inner][vc_column_inner width=&#8220;1\/2&#8243;][vc_column_text]<\/p>\n<h2>Kunsthandwerk &amp; Textilien<\/h2>\n<p>[\/vc_column_text]<div class=\"wl_einzelbild\"><p><img loading=\"lazy\" decoding=\"async\" class=\"alignnone size-medium wp-image-681\" src=\"https:\/\/weltlaeden.de\/moenchengladbach\/wp-content\/uploads\/sites\/225\/2025\/05\/tuecher_3_mb-300x200.jpg\" alt=\"\" width=\"300\" height=\"200\" srcset=\"https:\/\/weltlaeden.de\/moenchengladbach\/wp-content\/uploads\/sites\/225\/2025\/05\/tuecher_3_mb-300x200.jpg 300w, https:\/\/weltlaeden.de\/moenchengladbach\/wp-content\/uploads\/sites\/225\/2025\/05\/tuecher_3_mb-1024x682.jpg 1024w, https:\/\/weltlaeden.de\/moenchengladbach\/wp-content\/uploads\/sites\/225\/2025\/05\/tuecher_3_mb-768x512.jpg 768w, https:\/\/weltlaeden.de\/moenchengladbach\/wp-content\/uploads\/sites\/225\/2025\/05\/tuecher_3_mb-1536x1024.jpg 1536w, https:\/\/weltlaeden.de\/moenchengladbach\/wp-content\/uploads\/sites\/225\/2025\/05\/tuecher_3_mb-2048x1365.jpg 2048w\" sizes=\"auto, (max-width: 300px) 100vw, 300px\" \/><\/p><\/div>[vc_column_text]Das finden Sie bei uns zum Selbernutzen oder zum Verschenken:<\/p>\n<ul>\n<li>Seifen<\/li>\n<li>K\u00fcchenuntensilien, Keramik, Kerzen<\/li>\n<li>verschiedene Taschen und K\u00f6rbe<\/li>\n<li>Schmuck<\/li>\n<li>Schals und T\u00fccher<\/li>\n<li>Gru\u00dfkarten<\/li>\n<li>Zubeh\u00f6r zum G\u00e4rtnern aus fairem Kautschuk<\/li>\n<li>und &#8230;<\/li>\n<\/ul>\n<p>[\/vc_column_text][\/vc_column_inner][\/vc_row_inner][vc_row_inner][vc_column_inner width=&#8220;1\/2&#8243;][vc_separator][vc_column_text]<\/p>\n<h2>Neu im Sortiment<\/h2>\n<p>[\/vc_column_text]<div class=\"wl_einzelbild\"><p><\/p><\/div>[vc_column_text]<strong>Taschen, Schmuck und Stoffe von Trusted Craft Design<\/strong><\/p>\n<p>Die handgefertigten Produkte stammen aus S\u00fcdafrika. Aus hochwertigen Stoffen entstehen einzigartige Taschen und Schmuck, die sich durch eine hohe Qualit\u00e4t auszeichnen. Die N\u00e4herei in der N\u00e4he der Drakensberge bietet Frauen eine M\u00f6glichkeit,\u00a0in einem sicheren Umfeld und in Festanstellung Geld zu verdienen.\u00a0So k\u00f6nnen sie ihre Familien finanziell unterst\u00fctzen und ihren Kindern eine gute Bildung in der nahegelegenen Schule bieten.<\/p>\n<p>Zwischen Trusted Craft Design und der N\u00e4herei Wezandla Crafts in S\u00fcdafrika besteht eine nachhaltige Kooperation. Man entwickelt gemeinsam neue Produkte. Hierbei liegt der Fokus sowohl auf dem s\u00fcdafrikanischen Markt als auch auf dem europ\u00e4ischen, insbesondere dem deutschen Markt. Eine Kombination aus Handwerkskunst, Liebe zum Detail und kreativen Farbkompositionen &#8211; farbenfrohe Produkte, die im Alltag fr\u00f6hlich machen.<\/p>\n<p>Passend zu den Taschen bietet der Eine Welt Laden auch Stoffe aus dem Sortiment einschlie\u00dflich einer N\u00e4hanleitung f\u00fcr R\u00f6cke. Stoffe und Produkte k\u00f6nnen auf Wunsch auch bestellt werden.<\/p>\n<p><img loading=\"lazy\" decoding=\"async\" class=\"alignnone size-medium wp-image-1106\" src=\"https:\/\/weltlaeden.de\/moenchengladbach\/wp-content\/uploads\/sites\/225\/2026\/08\/Stoffcoupons-300x84.png\" alt=\"\" width=\"300\" height=\"84\" srcset=\"https:\/\/weltlaeden.de\/moenchengladbach\/wp-content\/uploads\/sites\/225\/2026\/08\/Stoffcoupons-300x84.png 300w, https:\/\/weltlaeden.de\/moenchengladbach\/wp-content\/uploads\/sites\/225\/2026\/08\/Stoffcoupons.png 628w\" sizes=\"auto, (max-width: 300px) 100vw, 300px\" \/><\/p>\n<p>Stoffcoupons<\/p>\n<p><img loading=\"lazy\" decoding=\"async\" class=\"alignnone size-medium wp-image-1107\" src=\"https:\/\/weltlaeden.de\/moenchengladbach\/wp-content\/uploads\/sites\/225\/2026\/08\/Trusted-Craft.png\" alt=\"\" width=\"193\" height=\"173\" \/><\/p>\n<p>Tasche Kube[\/vc_column_text][\/vc_column_inner][vc_column_inner width=&#8220;1\/2&#8243;][vc_separator][vc_column_text]<\/p>\n<h2>Neu im Sortiment<\/h2>\n<p>[\/vc_column_text]<div class=\"wl_einzelbild\"><p><\/p><\/div>[vc_column_text]<strong>Neu im Sortiment &#8211; M\u00fctzen, Handschuhe und Socken aus Kamel-, Yak- oder Schafwolle von Steppenstrolch<\/strong><\/p>\n<p>Die weichen M\u00fctzen und Handschuhe aus Kamel- oder Yakwolle halten Ihre Ohren und H\u00e4nde auch bei winterlichen Temperaturen angenehm warm. F\u00fcr die F\u00fc\u00dfe ist auch gesorgt: Mit Socken aus Schafwolle (f\u00fcr drau\u00dfen im Schuhwerk); sie sind besonders strapazierf\u00e4hig und langlebig; mit Socken aus Yakwolle (f\u00fcr drinnen, schuhlos); flauschig f\u00fcr Sofaabende. Alle Produkte sind aus 100 % reiner Wolle. Die Yakwolle ist die feinste Wolle im Sortiment; sie ist besonders w\u00e4rmeisolierend, leicht und weich.<\/p>\n<p>Steppenstrolch ist ein junges Unternehmen, dem es wichtig ist, dass bei der Herstellung der Textilien die Wertsch\u00f6pfung in der Mongolei bleibt. Sie setzen seit Jahren auf Familienbetriebe in Ulaanbaatar, Nomadengemeinschaften in der Steppe und eine kurze Lieferkette, um faire Produktionsbedingungen zu gew\u00e4hrleisten.<\/p>\n<p>Mehr zu Steppenstrolch finden Sie hier: <a href=\"https:\/\/steppenstrolch.de\/\">Flauschige Wolle aus der Mongolei | steppenstrolch<\/a><\/p>\n<p><img loading=\"lazy\" decoding=\"async\" class=\"alignnone wp-image-1109\" src=\"https:\/\/weltlaeden.de\/moenchengladbach\/wp-content\/uploads\/sites\/225\/2026\/08\/Socken-Steppenstrolch-190x300.png\" alt=\"\" width=\"160\" height=\"253\" srcset=\"https:\/\/weltlaeden.de\/moenchengladbach\/wp-content\/uploads\/sites\/225\/2026\/08\/Socken-Steppenstrolch-190x300.png 190w, https:\/\/weltlaeden.de\/moenchengladbach\/wp-content\/uploads\/sites\/225\/2026\/08\/Socken-Steppenstrolch.png 258w\" sizes=\"auto, (max-width: 160px) 100vw, 160px\" \/><img loading=\"lazy\" decoding=\"async\" class=\"alignnone wp-image-1110\" src=\"https:\/\/weltlaeden.de\/moenchengladbach\/wp-content\/uploads\/sites\/225\/2026\/08\/Handschuhe-Steppenstrolch-169x300.png\" alt=\"\" width=\"142\" height=\"252\" srcset=\"https:\/\/weltlaeden.de\/moenchengladbach\/wp-content\/uploads\/sites\/225\/2026\/08\/Handschuhe-Steppenstrolch-169x300.png 169w, https:\/\/weltlaeden.de\/moenchengladbach\/wp-content\/uploads\/sites\/225\/2026\/08\/Handschuhe-Steppenstrolch.png 251w\" sizes=\"auto, (max-width: 142px) 100vw, 142px\" \/><img loading=\"lazy\" decoding=\"async\" class=\"alignnone wp-image-1111\" src=\"https:\/\/weltlaeden.de\/moenchengladbach\/wp-content\/uploads\/sites\/225\/2026\/08\/Muetze-Steppenstrolch-300x277.png\" alt=\"\" width=\"203\" height=\"187\" \/>[\/vc_column_text][\/vc_column_inner][\/vc_row_inner][vc_row_inner][vc_column_inner width=&#8220;1\/2&#8243;][vc_separator][vc_column_text]<\/p>\n<h2>Produkt des Monats<\/h2>\n<p>[\/vc_column_text]<div class=\"wl_einzelbild\"><p><img loading=\"lazy\" decoding=\"async\" class=\"alignnone size-full wp-image-1128\" src=\"https:\/\/weltlaeden.de\/moenchengladbach\/wp-content\/uploads\/sites\/225\/2026\/08\/Glas.png\" alt=\"\" width=\"229\" height=\"217\" \/><\/p><\/div>[vc_column_text]<strong>Produkt des Monats September<\/strong><\/p>\n<p>10 % Rabatt auf verschiedene Keramik- und Glaswaren. Kommen Sie vorbei und st\u00f6bern Sie.<\/p>\n<p>[\/vc_column_text][\/vc_column_inner][vc_column_inner width=&#8220;1\/2&#8243;][vc_separator][vc_column_text]<\/p>\n<h2>Probiertag<\/h2>\n<p>[\/vc_column_text]<div class=\"wl_einzelbild\"><p><img loading=\"lazy\" decoding=\"async\" class=\"alignnone size-medium wp-image-1127\" src=\"https:\/\/weltlaeden.de\/moenchengladbach\/wp-content\/uploads\/sites\/225\/2026\/08\/Banana-Chips-227x300.png\" alt=\"\" width=\"227\" height=\"300\" srcset=\"https:\/\/weltlaeden.de\/moenchengladbach\/wp-content\/uploads\/sites\/225\/2026\/08\/Banana-Chips-227x300.png 227w, https:\/\/weltlaeden.de\/moenchengladbach\/wp-content\/uploads\/sites\/225\/2026\/08\/Banana-Chips.png 309w\" sizes=\"auto, (max-width: 227px) 100vw, 227px\" \/><\/p><\/div>[vc_column_text]Bio-Plantain-Chips und Bio-Yuca Chips von OXFAM<\/p>\n<p>Nur drei Zutaten: Chips aus Bio-Kochbananen bzw. Bio-Yuca, in Sonnenblumen\u00f6l frittiert und mit Meersalz verfeinert. Die gesamte Herstellung, vom Anbau bis zur Verpackung, findet direkt in Ecuador statt, so bleibt die Wertsch\u00f6pfung im Herkunftsland und f\u00f6rdert die lokalen Strukturen. Bringen Sie Abwechslung in Ihre Snackschublade.[\/vc_column_text][\/vc_column_inner][\/vc_row_inner][vc_row_inner][vc_column_inner width=&#8220;1\/2&#8243;][vc_separator][vc_column_text]<\/p>\n<h2>F\u00fcr Firmen und Institutionen<\/h2>\n<p>[\/vc_column_text]<div class=\"wl_einzelbild\"><p><img loading=\"lazy\" decoding=\"async\" class=\"alignnone size-medium wp-image-684\" src=\"https:\/\/weltlaeden.de\/moenchengladbach\/wp-content\/uploads\/sites\/225\/2025\/05\/geschenkkorb-praesentkorb_3_jubilaeum-300x200.jpg\" alt=\"\" width=\"300\" height=\"200\" srcset=\"https:\/\/weltlaeden.de\/moenchengladbach\/wp-content\/uploads\/sites\/225\/2025\/05\/geschenkkorb-praesentkorb_3_jubilaeum-300x200.jpg 300w, https:\/\/weltlaeden.de\/moenchengladbach\/wp-content\/uploads\/sites\/225\/2025\/05\/geschenkkorb-praesentkorb_3_jubilaeum-1024x683.jpg 1024w, https:\/\/weltlaeden.de\/moenchengladbach\/wp-content\/uploads\/sites\/225\/2025\/05\/geschenkkorb-praesentkorb_3_jubilaeum-768x512.jpg 768w, https:\/\/weltlaeden.de\/moenchengladbach\/wp-content\/uploads\/sites\/225\/2025\/05\/geschenkkorb-praesentkorb_3_jubilaeum-1536x1024.jpg 1536w, https:\/\/weltlaeden.de\/moenchengladbach\/wp-content\/uploads\/sites\/225\/2025\/05\/geschenkkorb-praesentkorb_3_jubilaeum-2048x1365.jpg 2048w\" sizes=\"auto, (max-width: 300px) 100vw, 300px\" \/><\/p><\/div>[vc_column_text]Ob zu Weihnachten, zu Jubil\u00e4en oder zu anderen Anl\u00e4ssen: Suchen Sie noch ein Geschenk, das Freude macht, weil Sie nicht nur etwas verschenken, sondern fair schenken?<\/p>\n<p>Im Eine Welt Laden M\u00f6nchengladbach finden Sie eine attraktive Auswahl an fair gehandelten Produkten, mit denen Sie <strong>allen<\/strong> Freude bereiten &#8211; denn fair schenken bedeutet auch, die Lebens- und Arbeitsbedingungen f\u00fcr die Menschen am Anfang der Lieferkette zu verbessern, die sozialen Rechte dieser Menschen zu st\u00e4rken und Zukunftsperspektiven zu schaffen.<\/p>\n<p>Von edlen Kaffees, Tees und Schokoladen bis hin zu Handwerksprodukten und Accessoires &#8211; wir stellen gerne passende Geschenke nach Ihren individuellen W\u00fcnschen zusammen.<\/p>\n<p>Faire Lieferzeiten bedeuten Planung: Da unsere Handelspartner*innen viele Produkte nach\u00a0 Bedarf fertigen, bitten wir um eine m\u00f6glichst fr\u00fchzeitige Bestellung. Wir beraten Sie aber auch gern zu Geschenken, die kurzfristig realisierbar sind. F\u00fcr alle Pr\u00e4sente, Geschenkt\u00fcten und -k\u00f6rbe bieten wir Ihnen gerne eine individuelle Gestaltung und Ausstattung an. Sprechen Sie uns an!\u00a0 Auf Wunsch liefern wir die Pr\u00e4sente auch.<\/p>\n<p>Weitere Informationen finden Sie im Flyer:<\/p>\n<p><a href=\"https:\/\/weltlaeden.de\/moenchengladbach\/wp-content\/uploads\/sites\/225\/2025\/11\/Flyer-Geschenke-Grosskunden.pdf\">Flyer Geschenke Gro\u00dfkunden<\/a>[\/vc_column_text][\/vc_column_inner][vc_column_inner width=&#8220;1\/2&#8243;][vc_separator][vc_column_text]<\/p>\n<h2>Suchen Sie noch ein Mitbringsel oder eine Geschenkidee?<\/h2>\n<p>[\/vc_column_text]<div class=\"wl_einzelbild\"><p><img loading=\"lazy\" decoding=\"async\" class=\"alignnone size-medium wp-image-746\" src=\"https:\/\/weltlaeden.de\/moenchengladbach\/wp-content\/uploads\/sites\/225\/2025\/05\/Tassen-in-Reihe-klein-scaled-e1749292834968-300x271.jpg\" alt=\"\" width=\"300\" height=\"271\" srcset=\"https:\/\/weltlaeden.de\/moenchengladbach\/wp-content\/uploads\/sites\/225\/2025\/05\/Tassen-in-Reihe-klein-scaled-e1749292834968-300x271.jpg 300w, https:\/\/weltlaeden.de\/moenchengladbach\/wp-content\/uploads\/sites\/225\/2025\/05\/Tassen-in-Reihe-klein-scaled-e1749292834968-1024x925.jpg 1024w, https:\/\/weltlaeden.de\/moenchengladbach\/wp-content\/uploads\/sites\/225\/2025\/05\/Tassen-in-Reihe-klein-scaled-e1749292834968-768x694.jpg 768w, https:\/\/weltlaeden.de\/moenchengladbach\/wp-content\/uploads\/sites\/225\/2025\/05\/Tassen-in-Reihe-klein-scaled-e1749292834968.jpg 1118w\" sizes=\"auto, (max-width: 300px) 100vw, 300px\" \/><\/p><\/div>[vc_column_text]Wie w\u00e4re es mit der neuen Motiv-Tasse des Eine Welt Ladens mit Bezug zur Stadt? Und dazu der beliebte M\u00f6nchengladbach oder Rheydt Caf\u00e9, eine besondere Schokolade, ein aromatischer Tee oder Geb\u00e4ck.<\/p>\n<p>&#8222;Gut leben &#8211; fair handeln&#8220; &#8211; das ist das Motto des Ladens mit Produkten aus dem fairen Handel. Lebensmittel sind Mittel zum Leben. F\u00fcr Konsument*innen und Produzent*innen. Dieser Zusammenhang wird spannend, wenn man die Geschichte erf\u00e4hrt, die zu jedem Produkt geh\u00f6rt.<\/p>\n<p>Der Eine Welt Laden M\u00f6nchengladbach ist Ihr Fachgesch\u00e4ft f\u00fcr fairen Handel in M\u00f6nchengladbach.<\/p>\n<p>Preis Tasse: 9,50 Euro, Gr\u00f6\u00dfe: 250 ml<\/p>\n<p>[\/vc_column_text][\/vc_column_inner][\/vc_row_inner][\/vc_column][\/vc_row]<\/p>\n<\/div>","protected":false},"excerpt":{"rendered":"<p>[vc_row][vc_column][vc_empty_space][vc_column_text] Unser Sortiment [\/vc_column_text][vc_column_text]Fairer Handel ist die Grundlage f\u00fcr gute und hochwertige Produkte. Lassen Sie sich von der Vielfalt \u00fcberraschen.\u00a0Wir verkaufen fair produzierte und gehandelte Ware. Viele Lebensmittel stammen zudem aus kontrolliert biologischem Anbau. St\u00f6bern Sie gerne bei uns und finden Sie etwas zum Genie\u00dfen, Fairverwenden oder Fairschenken. Darauf sind wir bestens vorbereitet. Und ist&hellip;<\/p>\n","protected":false},"author":1,"featured_media":0,"parent":0,"menu_order":5,"comment_status":"closed","ping_status":"closed","template":"","meta":{"footnotes":""},"class_list":["post-217","page","type-page","status-publish","hentry","description-off"],"yoast_head":"<!-- This site is optimized with the Yoast SEO plugin v26.8 - https:\/\/yoast.com\/product\/yoast-seo-wordpress\/ -->\n<title>Produkte - Weltladen M\u00f6nchengladbach<\/title>\n<meta name=\"robots\" content=\"index, follow, max-snippet:-1, max-image-preview:large, max-video-preview:-1\" \/>\n<link rel=\"canonical\" href=\"https:\/\/weltlaeden.de\/moenchengladbach\/produkte\/\" \/>\n<meta property=\"og:locale\" content=\"de_DE\" \/>\n<meta property=\"og:type\" content=\"article\" \/>\n<meta property=\"og:title\" content=\"Produkte - Weltladen M\u00f6nchengladbach\" \/>\n<meta property=\"og:description\" content=\"[vc_row][vc_column][vc_empty_space][vc_column_text] Unser Sortiment [\/vc_column_text][vc_column_text]Fairer Handel ist die Grundlage f\u00fcr gute und hochwertige Produkte. Lassen Sie sich von der Vielfalt \u00fcberraschen.\u00a0Wir verkaufen fair produzierte und gehandelte Ware. Viele Lebensmittel stammen zudem aus kontrolliert biologischem Anbau. St\u00f6bern Sie gerne bei uns und finden Sie etwas zum Genie\u00dfen, Fairverwenden oder Fairschenken. Darauf sind wir bestens vorbereitet. Und ist&hellip;\" \/>\n<meta property=\"og:url\" content=\"https:\/\/weltlaeden.de\/moenchengladbach\/produkte\/\" \/>\n<meta property=\"og:site_name\" content=\"Weltladen M\u00f6nchengladbach\" \/>\n<meta property=\"article:modified_time\" content=\"2026-08-31T14:28:06+00:00\" \/>\n<meta property=\"og:image\" content=\"https:\/\/weltlaeden.de\/moenchengladbach\/wp-content\/uploads\/sites\/225\/2025\/05\/weltlaeden_bieten_eine_grosse_auswahl_an_tee-scaled.jpg\" \/>\n\t<meta property=\"og:image:width\" content=\"2560\" \/>\n\t<meta property=\"og:image:height\" content=\"1707\" \/>\n\t<meta property=\"og:image:type\" content=\"image\/jpeg\" \/>\n<meta name=\"twitter:card\" content=\"summary_large_image\" \/>\n<meta name=\"twitter:label1\" content=\"Gesch\u00e4tzte Lesezeit\" \/>\n\t<meta name=\"twitter:data1\" content=\"9\u00a0Minuten\" \/>\n<script type=\"application\/ld+json\" class=\"yoast-schema-graph\">{\"@context\":\"https:\/\/schema.org\",\"@graph\":[{\"@type\":\"WebPage\",\"@id\":\"https:\/\/weltlaeden.de\/moenchengladbach\/produkte\/\",\"url\":\"https:\/\/weltlaeden.de\/moenchengladbach\/produkte\/\",\"name\":\"Produkte - Weltladen M\u00f6nchengladbach\",\"isPartOf\":{\"@id\":\"https:\/\/weltlaeden.de\/moenchengladbach\/#website\"},\"primaryImageOfPage\":{\"@id\":\"https:\/\/weltlaeden.de\/moenchengladbach\/produkte\/#primaryimage\"},\"image\":{\"@id\":\"https:\/\/weltlaeden.de\/moenchengladbach\/produkte\/#primaryimage\"},\"thumbnailUrl\":\"https:\/\/weltlaeden.de\/moenchengladbach\/wp-content\/uploads\/sites\/225\/2025\/05\/weltlaeden_bieten_eine_grosse_auswahl_an_tee-300x200.jpg\",\"datePublished\":\"2016-10-28T11:34:47+00:00\",\"dateModified\":\"2026-08-31T14:28:06+00:00\",\"breadcrumb\":{\"@id\":\"https:\/\/weltlaeden.de\/moenchengladbach\/produkte\/#breadcrumb\"},\"inLanguage\":\"de\",\"potentialAction\":[{\"@type\":\"ReadAction\",\"target\":[\"https:\/\/weltlaeden.de\/moenchengladbach\/produkte\/\"]}]},{\"@type\":\"ImageObject\",\"inLanguage\":\"de\",\"@id\":\"https:\/\/weltlaeden.de\/moenchengladbach\/produkte\/#primaryimage\",\"url\":\"https:\/\/weltlaeden.de\/moenchengladbach\/wp-content\/uploads\/sites\/225\/2025\/05\/weltlaeden_bieten_eine_grosse_auswahl_an_tee-scaled.jpg\",\"contentUrl\":\"https:\/\/weltlaeden.de\/moenchengladbach\/wp-content\/uploads\/sites\/225\/2025\/05\/weltlaeden_bieten_eine_grosse_auswahl_an_tee-scaled.jpg\",\"width\":2560,\"height\":1707},{\"@type\":\"BreadcrumbList\",\"@id\":\"https:\/\/weltlaeden.de\/moenchengladbach\/produkte\/#breadcrumb\",\"itemListElement\":[{\"@type\":\"ListItem\",\"position\":1,\"name\":\"Startseite\",\"item\":\"https:\/\/weltlaeden.de\/moenchengladbach\/\"},{\"@type\":\"ListItem\",\"position\":2,\"name\":\"Produkte\"}]},{\"@type\":\"WebSite\",\"@id\":\"https:\/\/weltlaeden.de\/moenchengladbach\/#website\",\"url\":\"https:\/\/weltlaeden.de\/moenchengladbach\/\",\"name\":\"Weltladen M\u00f6nchengladbach\",\"description\":\"Faire Produkte seit 1983\",\"potentialAction\":[{\"@type\":\"SearchAction\",\"target\":{\"@type\":\"EntryPoint\",\"urlTemplate\":\"https:\/\/weltlaeden.de\/moenchengladbach\/?s={search_term_string}\"},\"query-input\":{\"@type\":\"PropertyValueSpecification\",\"valueRequired\":true,\"valueName\":\"search_term_string\"}}],\"inLanguage\":\"de\"}]}<\/script>\n<!-- \/ Yoast SEO plugin. -->","yoast_head_json":{"title":"Produkte - Weltladen M\u00f6nchengladbach","robots":{"index":"index","follow":"follow","max-snippet":"max-snippet:-1","max-image-preview":"max-image-preview:large","max-video-preview":"max-video-preview:-1"},"canonical":"https:\/\/weltlaeden.de\/moenchengladbach\/produkte\/","og_locale":"de_DE","og_type":"article","og_title":"Produkte - Weltladen M\u00f6nchengladbach","og_description":"[vc_row][vc_column][vc_empty_space][vc_column_text] Unser Sortiment [\/vc_column_text][vc_column_text]Fairer Handel ist die Grundlage f\u00fcr gute und hochwertige Produkte. Lassen Sie sich von der Vielfalt \u00fcberraschen.\u00a0Wir verkaufen fair produzierte und gehandelte Ware. Viele Lebensmittel stammen zudem aus kontrolliert biologischem Anbau. St\u00f6bern Sie gerne bei uns und finden Sie etwas zum Genie\u00dfen, Fairverwenden oder Fairschenken. Darauf sind wir bestens vorbereitet. Und ist&hellip;","og_url":"https:\/\/weltlaeden.de\/moenchengladbach\/produkte\/","og_site_name":"Weltladen M\u00f6nchengladbach","article_modified_time":"2026-08-31T14:28:06+00:00","og_image":[{"width":2560,"height":1707,"url":"https:\/\/weltlaeden.de\/moenchengladbach\/wp-content\/uploads\/sites\/225\/2025\/05\/weltlaeden_bieten_eine_grosse_auswahl_an_tee-scaled.jpg","type":"image\/jpeg"}],"twitter_card":"summary_large_image","twitter_misc":{"Gesch\u00e4tzte Lesezeit":"9\u00a0Minuten"},"schema":{"@context":"https:\/\/schema.org","@graph":[{"@type":"WebPage","@id":"https:\/\/weltlaeden.de\/moenchengladbach\/produkte\/","url":"https:\/\/weltlaeden.de\/moenchengladbach\/produkte\/","name":"Produkte - Weltladen M\u00f6nchengladbach","isPartOf":{"@id":"https:\/\/weltlaeden.de\/moenchengladbach\/#website"},"primaryImageOfPage":{"@id":"https:\/\/weltlaeden.de\/moenchengladbach\/produkte\/#primaryimage"},"image":{"@id":"https:\/\/weltlaeden.de\/moenchengladbach\/produkte\/#primaryimage"},"thumbnailUrl":"https:\/\/weltlaeden.de\/moenchengladbach\/wp-content\/uploads\/sites\/225\/2025\/05\/weltlaeden_bieten_eine_grosse_auswahl_an_tee-300x200.jpg","datePublished":"2016-10-28T11:34:47+00:00","dateModified":"2026-08-31T14:28:06+00:00","breadcrumb":{"@id":"https:\/\/weltlaeden.de\/moenchengladbach\/produkte\/#breadcrumb"},"inLanguage":"de","potentialAction":[{"@type":"ReadAction","target":["https:\/\/weltlaeden.de\/moenchengladbach\/produkte\/"]}]},{"@type":"ImageObject","inLanguage":"de","@id":"https:\/\/weltlaeden.de\/moenchengladbach\/produkte\/#primaryimage","url":"https:\/\/weltlaeden.de\/moenchengladbach\/wp-content\/uploads\/sites\/225\/2025\/05\/weltlaeden_bieten_eine_grosse_auswahl_an_tee-scaled.jpg","contentUrl":"https:\/\/weltlaeden.de\/moenchengladbach\/wp-content\/uploads\/sites\/225\/2025\/05\/weltlaeden_bieten_eine_grosse_auswahl_an_tee-scaled.jpg","width":2560,"height":1707},{"@type":"BreadcrumbList","@id":"https:\/\/weltlaeden.de\/moenchengladbach\/produkte\/#breadcrumb","itemListElement":[{"@type":"ListItem","position":1,"name":"Startseite","item":"https:\/\/weltlaeden.de\/moenchengladbach\/"},{"@type":"ListItem","position":2,"name":"Produkte"}]},{"@type":"WebSite","@id":"https:\/\/weltlaeden.de\/moenchengladbach\/#website","url":"https:\/\/weltlaeden.de\/moenchengladbach\/","name":"Weltladen M\u00f6nchengladbach","description":"Faire Produkte seit 1983","potentialAction":[{"@type":"SearchAction","target":{"@type":"EntryPoint","urlTemplate":"https:\/\/weltlaeden.de\/moenchengladbach\/?s={search_term_string}"},"query-input":{"@type":"PropertyValueSpecification","valueRequired":true,"valueName":"search_term_string"}}],"inLanguage":"de"}]}},"_links":{"self":[{"href":"https:\/\/weltlaeden.de\/moenchengladbach\/wp-json\/wp\/v2\/pages\/217","targetHints":{"allow":["GET"]}}],"collection":[{"href":"https:\/\/weltlaeden.de\/moenchengladbach\/wp-json\/wp\/v2\/pages"}],"about":[{"href":"https:\/\/weltlaeden.de\/moenchengladbach\/wp-json\/wp\/v2\/types\/page"}],"author":[{"embeddable":true,"href":"https:\/\/weltlaeden.de\/moenchengladbach\/wp-json\/wp\/v2\/users\/1"}],"replies":[{"embeddable":true,"href":"https:\/\/weltlaeden.de\/moenchengladbach\/wp-json\/wp\/v2\/comments?post=217"}],"version-history":[{"count":100,"href":"https:\/\/weltlaeden.de\/moenchengladbach\/wp-json\/wp\/v2\/pages\/217\/revisions"}],"predecessor-version":[{"id":1131,"href":"https:\/\/weltlaeden.de\/moenchengladbach\/wp-json\/wp\/v2\/pages\/217\/revisions\/1131"}],"wp:attachment":[{"href":"https:\/\/weltlaeden.de\/moenchengladbach\/wp-json\/wp\/v2\/media?parent=217"}],"curies":[{"name":"wp","href":"https:\/\/api.w.org\/{rel}","templated":true}]}}