{"id":219,"date":"2016-10-28T13:34:47","date_gmt":"2016-10-28T11:34:47","guid":{"rendered":"https:\/\/wl.heimpixel.de\/vorlage\/ueber-uns\/"},"modified":"2026-04-13T12:13:07","modified_gmt":"2026-04-13T10:13:07","slug":"ueber-uns","status":"publish","type":"page","link":"https:\/\/weltlaeden.de\/mindelheim\/ueber-uns\/","title":{"rendered":"\u00dcber uns"},"content":{"rendered":"<div class=\"wpb-content-wrapper\"><p>[vc_row][vc_column]<div class=\"wl_einzelbild\"><p><img loading=\"lazy\" decoding=\"async\" class=\"alignnone wp-image-1160 aligncenter\" src=\"https:\/\/weltlaeden.de\/mindelheim\/wp-content\/uploads\/sites\/53\/2025\/09\/IMG_2006-300x225.jpeg\" alt=\"\" width=\"623\" height=\"467\" srcset=\"https:\/\/weltlaeden.de\/mindelheim\/wp-content\/uploads\/sites\/53\/2025\/09\/IMG_2006-300x225.jpeg 300w, https:\/\/weltlaeden.de\/mindelheim\/wp-content\/uploads\/sites\/53\/2025\/09\/IMG_2006-1024x768.jpeg 1024w, https:\/\/weltlaeden.de\/mindelheim\/wp-content\/uploads\/sites\/53\/2025\/09\/IMG_2006-768x576.jpeg 768w, https:\/\/weltlaeden.de\/mindelheim\/wp-content\/uploads\/sites\/53\/2025\/09\/IMG_2006-1536x1152.jpeg 1536w, https:\/\/weltlaeden.de\/mindelheim\/wp-content\/uploads\/sites\/53\/2025\/09\/IMG_2006-2048x1536.jpeg 2048w\" sizes=\"auto, (max-width: 623px) 100vw, 623px\" \/><\/p><\/div>[vc_empty_space][vc_column_text]<\/p>\n<h1>\u00dcber den Weltladen Mindelheim<\/h1>\n<p>[\/vc_column_text][vc_column_text css=&#8220;&#8220;]Wir sind ein engagiertes Team von 40 MitarbeiterInnen und tragen seit 1994 gemeinsam dazu bei, mit unserem Laden ein St\u00fcck fairen Handel zu verwirklichen. Wir k\u00fcmmern uns ehrenamtlich um Einkauf, Verkauf, Organisation von Aktionen und Fortbildung und die \u00d6ffentlichkeitsarbeit. Zwei hauptamtliche Kr\u00e4fte sorgen f\u00fcr Sauberkeit im Laden und daf\u00fcr, dass im B\u00fcro alles rund l\u00e4uft.<\/p>\n<p>Tr\u00e4ger des Weltladens ist der gemeinn\u00fctzige Verein &#8222;Eine-Welt-Kreis Mindelheim e.V.&#8220; mit seinem Vorstandsteam, das sich schon langj\u00e4hrig im fairen Handel engagiert.<\/p>\n<p>Unser aktuelles Vorstandsteam: Hildegard Kamper, Dr. Georg Scheuermann, Birgitt Pawlitzki (von links nach rechts)[\/vc_column_text]<div class=\"wl_einzelbild\"><p><img loading=\"lazy\" decoding=\"async\" class=\" wp-image-1079 aligncenter\" src=\"https:\/\/weltlaeden.de\/mindelheim\/wp-content\/uploads\/sites\/53\/2024\/06\/PHOTO-2024-06-06-09-12-24-300x225.jpg\" alt=\"\" width=\"614\" height=\"460\" srcset=\"https:\/\/weltlaeden.de\/mindelheim\/wp-content\/uploads\/sites\/53\/2024\/06\/PHOTO-2024-06-06-09-12-24-300x225.jpg 300w, https:\/\/weltlaeden.de\/mindelheim\/wp-content\/uploads\/sites\/53\/2024\/06\/PHOTO-2024-06-06-09-12-24-1024x768.jpg 1024w, https:\/\/weltlaeden.de\/mindelheim\/wp-content\/uploads\/sites\/53\/2024\/06\/PHOTO-2024-06-06-09-12-24-768x576.jpg 768w, https:\/\/weltlaeden.de\/mindelheim\/wp-content\/uploads\/sites\/53\/2024\/06\/PHOTO-2024-06-06-09-12-24-1536x1152.jpg 1536w, https:\/\/weltlaeden.de\/mindelheim\/wp-content\/uploads\/sites\/53\/2024\/06\/PHOTO-2024-06-06-09-12-24.jpg 2048w\" sizes=\"auto, (max-width: 614px) 100vw, 614px\" \/><\/p><\/div>[vc_empty_space][\/vc_column][\/vc_row][vc_row][vc_column][vc_column_text]<\/p>\n<h1>Wie alles begann<\/h1>\n<p>[\/vc_column_text][vc_column_text]Vor mittlerweile 25 Jahren begannen die ersten Aktivit\u00e4ten im fairen Handel in Mindelheim.<\/p>\n<p>In K\u00fcrze erfahren Sie mehr davon &#8230;[\/vc_column_text][vc_empty_space][vc_column_text]<\/p>\n<h1>Mitmachen im Weltladen Mindelheim<\/h1>\n<p>[\/vc_column_text][vc_column_text]<strong>Wir suchen<\/strong> Menschen, die Lust haben, sich ehrenamtlich f\u00fcr eine offene, transparente, \u00f6kologische und nachhaltige Form des Wirtschaftens zu engagieren. Ob im Verkauf, Einkauf oder der Informations- und \u00d6ffentlichkeitsarbeit, die M\u00f6glichkeiten in unserem Team mitzumachen sind vielf\u00e4ltig. Viele Aufgaben erfordern keine speziellen Vorkenntnisse, sondern nur Deine Bereitschaft, Deine F\u00e4higkeiten einzubringen und in neuen Bereichen dazuzulernen.<\/p>\n<p><strong>Wir bieten<\/strong> ein nettes Team, das Dich herzlich aufnimmt, einarbeitet und bei Fragen zur Verf\u00fcgung steht.<\/p>\n<p><strong>Ansprechpartnerin:<\/strong><br \/>\nChristl Schreer<br \/>\ninfo@weltladen-mindelheim.de<\/p>\n<p><strong>Wir freuen uns auf Dich!<\/strong>[\/vc_column_text][\/vc_column][\/vc_row]<\/p>\n<\/div>","protected":false},"excerpt":{"rendered":"<p>[vc_row][vc_column][vc_empty_space][vc_column_text] \u00dcber den Weltladen Mindelheim [\/vc_column_text][vc_column_text css=&#8220;&#8220;]Wir sind ein engagiertes Team von 40 MitarbeiterInnen und tragen seit 1994 gemeinsam dazu bei, mit unserem Laden ein St\u00fcck fairen Handel zu verwirklichen. Wir k\u00fcmmern uns ehrenamtlich um Einkauf, Verkauf, Organisation von Aktionen und Fortbildung und die \u00d6ffentlichkeitsarbeit. Zwei hauptamtliche Kr\u00e4fte sorgen f\u00fcr Sauberkeit im Laden und daf\u00fcr,&hellip;<\/p>\n","protected":false},"author":1,"featured_media":0,"parent":0,"menu_order":10,"comment_status":"closed","ping_status":"closed","template":"","meta":{"footnotes":""},"class_list":["post-219","page","type-page","status-publish","hentry","description-off"],"yoast_head":"<!-- This site is optimized with the Yoast SEO plugin v26.8 - https:\/\/yoast.com\/product\/yoast-seo-wordpress\/ -->\n<title>\u00dcber uns - Weltladen Mindelheim<\/title>\n<meta name=\"robots\" content=\"index, follow, max-snippet:-1, max-image-preview:large, max-video-preview:-1\" \/>\n<link rel=\"canonical\" href=\"https:\/\/weltlaeden.de\/mindelheim\/ueber-uns\/\" \/>\n<meta property=\"og:locale\" content=\"de_DE\" \/>\n<meta property=\"og:type\" content=\"article\" \/>\n<meta property=\"og:title\" content=\"\u00dcber uns - Weltladen Mindelheim\" \/>\n<meta property=\"og:description\" content=\"[vc_row][vc_column][vc_empty_space][vc_column_text] \u00dcber den Weltladen Mindelheim [\/vc_column_text][vc_column_text css=&#8220;&#8220;]Wir sind ein engagiertes Team von 40 MitarbeiterInnen und tragen seit 1994 gemeinsam dazu bei, mit unserem Laden ein St\u00fcck fairen Handel zu verwirklichen. Wir k\u00fcmmern uns ehrenamtlich um Einkauf, Verkauf, Organisation von Aktionen und Fortbildung und die \u00d6ffentlichkeitsarbeit. Zwei hauptamtliche Kr\u00e4fte sorgen f\u00fcr Sauberkeit im Laden und daf\u00fcr,&hellip;\" \/>\n<meta property=\"og:url\" content=\"https:\/\/weltlaeden.de\/mindelheim\/ueber-uns\/\" \/>\n<meta property=\"og:site_name\" content=\"Weltladen Mindelheim\" \/>\n<meta property=\"article:modified_time\" content=\"2026-04-13T10:13:07+00:00\" \/>\n<meta property=\"og:image\" content=\"https:\/\/weltlaeden.de\/mindelheim\/wp-content\/uploads\/sites\/53\/2025\/09\/IMG_2006-scaled.jpeg\" \/>\n\t<meta property=\"og:image:width\" content=\"2560\" \/>\n\t<meta property=\"og:image:height\" content=\"1920\" \/>\n\t<meta property=\"og:image:type\" content=\"image\/jpeg\" \/>\n<meta name=\"twitter:card\" content=\"summary_large_image\" \/>\n<meta name=\"twitter:label1\" content=\"Gesch\u00e4tzte Lesezeit\" \/>\n\t<meta name=\"twitter:data1\" content=\"2\u00a0Minuten\" \/>\n<script type=\"application\/ld+json\" class=\"yoast-schema-graph\">{\"@context\":\"https:\/\/schema.org\",\"@graph\":[{\"@type\":\"WebPage\",\"@id\":\"https:\/\/weltlaeden.de\/mindelheim\/ueber-uns\/\",\"url\":\"https:\/\/weltlaeden.de\/mindelheim\/ueber-uns\/\",\"name\":\"\u00dcber uns - Weltladen Mindelheim\",\"isPartOf\":{\"@id\":\"https:\/\/weltlaeden.de\/mindelheim\/#website\"},\"primaryImageOfPage\":{\"@id\":\"https:\/\/weltlaeden.de\/mindelheim\/ueber-uns\/#primaryimage\"},\"image\":{\"@id\":\"https:\/\/weltlaeden.de\/mindelheim\/ueber-uns\/#primaryimage\"},\"thumbnailUrl\":\"https:\/\/weltlaeden.de\/mindelheim\/wp-content\/uploads\/sites\/53\/2025\/09\/IMG_2006-300x225.jpeg\",\"datePublished\":\"2016-10-28T11:34:47+00:00\",\"dateModified\":\"2026-04-13T10:13:07+00:00\",\"breadcrumb\":{\"@id\":\"https:\/\/weltlaeden.de\/mindelheim\/ueber-uns\/#breadcrumb\"},\"inLanguage\":\"de\",\"potentialAction\":[{\"@type\":\"ReadAction\",\"target\":[\"https:\/\/weltlaeden.de\/mindelheim\/ueber-uns\/\"]}]},{\"@type\":\"ImageObject\",\"inLanguage\":\"de\",\"@id\":\"https:\/\/weltlaeden.de\/mindelheim\/ueber-uns\/#primaryimage\",\"url\":\"https:\/\/weltlaeden.de\/mindelheim\/wp-content\/uploads\/sites\/53\/2025\/09\/IMG_2006-scaled.jpeg\",\"contentUrl\":\"https:\/\/weltlaeden.de\/mindelheim\/wp-content\/uploads\/sites\/53\/2025\/09\/IMG_2006-scaled.jpeg\",\"width\":2560,\"height\":1920},{\"@type\":\"BreadcrumbList\",\"@id\":\"https:\/\/weltlaeden.de\/mindelheim\/ueber-uns\/#breadcrumb\",\"itemListElement\":[{\"@type\":\"ListItem\",\"position\":1,\"name\":\"Startseite\",\"item\":\"https:\/\/weltlaeden.de\/mindelheim\/\"},{\"@type\":\"ListItem\",\"position\":2,\"name\":\"\u00dcber uns\"}]},{\"@type\":\"WebSite\",\"@id\":\"https:\/\/weltlaeden.de\/mindelheim\/#website\",\"url\":\"https:\/\/weltlaeden.de\/mindelheim\/\",\"name\":\"Vorlage\",\"description\":\"Faire Produkte seit 1994\",\"potentialAction\":[{\"@type\":\"SearchAction\",\"target\":{\"@type\":\"EntryPoint\",\"urlTemplate\":\"https:\/\/weltlaeden.de\/mindelheim\/?s={search_term_string}\"},\"query-input\":{\"@type\":\"PropertyValueSpecification\",\"valueRequired\":true,\"valueName\":\"search_term_string\"}}],\"inLanguage\":\"de\"}]}<\/script>\n<!-- \/ Yoast SEO plugin. -->","yoast_head_json":{"title":"\u00dcber uns - Weltladen Mindelheim","robots":{"index":"index","follow":"follow","max-snippet":"max-snippet:-1","max-image-preview":"max-image-preview:large","max-video-preview":"max-video-preview:-1"},"canonical":"https:\/\/weltlaeden.de\/mindelheim\/ueber-uns\/","og_locale":"de_DE","og_type":"article","og_title":"\u00dcber uns - Weltladen Mindelheim","og_description":"[vc_row][vc_column][vc_empty_space][vc_column_text] \u00dcber den Weltladen Mindelheim [\/vc_column_text][vc_column_text css=&#8220;&#8220;]Wir sind ein engagiertes Team von 40 MitarbeiterInnen und tragen seit 1994 gemeinsam dazu bei, mit unserem Laden ein St\u00fcck fairen Handel zu verwirklichen. Wir k\u00fcmmern uns ehrenamtlich um Einkauf, Verkauf, Organisation von Aktionen und Fortbildung und die \u00d6ffentlichkeitsarbeit. Zwei hauptamtliche Kr\u00e4fte sorgen f\u00fcr Sauberkeit im Laden und daf\u00fcr,&hellip;","og_url":"https:\/\/weltlaeden.de\/mindelheim\/ueber-uns\/","og_site_name":"Weltladen Mindelheim","article_modified_time":"2026-04-13T10:13:07+00:00","og_image":[{"width":2560,"height":1920,"url":"https:\/\/weltlaeden.de\/mindelheim\/wp-content\/uploads\/sites\/53\/2025\/09\/IMG_2006-scaled.jpeg","type":"image\/jpeg"}],"twitter_card":"summary_large_image","twitter_misc":{"Gesch\u00e4tzte Lesezeit":"2\u00a0Minuten"},"schema":{"@context":"https:\/\/schema.org","@graph":[{"@type":"WebPage","@id":"https:\/\/weltlaeden.de\/mindelheim\/ueber-uns\/","url":"https:\/\/weltlaeden.de\/mindelheim\/ueber-uns\/","name":"\u00dcber uns - Weltladen Mindelheim","isPartOf":{"@id":"https:\/\/weltlaeden.de\/mindelheim\/#website"},"primaryImageOfPage":{"@id":"https:\/\/weltlaeden.de\/mindelheim\/ueber-uns\/#primaryimage"},"image":{"@id":"https:\/\/weltlaeden.de\/mindelheim\/ueber-uns\/#primaryimage"},"thumbnailUrl":"https:\/\/weltlaeden.de\/mindelheim\/wp-content\/uploads\/sites\/53\/2025\/09\/IMG_2006-300x225.jpeg","datePublished":"2016-10-28T11:34:47+00:00","dateModified":"2026-04-13T10:13:07+00:00","breadcrumb":{"@id":"https:\/\/weltlaeden.de\/mindelheim\/ueber-uns\/#breadcrumb"},"inLanguage":"de","potentialAction":[{"@type":"ReadAction","target":["https:\/\/weltlaeden.de\/mindelheim\/ueber-uns\/"]}]},{"@type":"ImageObject","inLanguage":"de","@id":"https:\/\/weltlaeden.de\/mindelheim\/ueber-uns\/#primaryimage","url":"https:\/\/weltlaeden.de\/mindelheim\/wp-content\/uploads\/sites\/53\/2025\/09\/IMG_2006-scaled.jpeg","contentUrl":"https:\/\/weltlaeden.de\/mindelheim\/wp-content\/uploads\/sites\/53\/2025\/09\/IMG_2006-scaled.jpeg","width":2560,"height":1920},{"@type":"BreadcrumbList","@id":"https:\/\/weltlaeden.de\/mindelheim\/ueber-uns\/#breadcrumb","itemListElement":[{"@type":"ListItem","position":1,"name":"Startseite","item":"https:\/\/weltlaeden.de\/mindelheim\/"},{"@type":"ListItem","position":2,"name":"\u00dcber uns"}]},{"@type":"WebSite","@id":"https:\/\/weltlaeden.de\/mindelheim\/#website","url":"https:\/\/weltlaeden.de\/mindelheim\/","name":"Vorlage","description":"Faire Produkte seit 1994","potentialAction":[{"@type":"SearchAction","target":{"@type":"EntryPoint","urlTemplate":"https:\/\/weltlaeden.de\/mindelheim\/?s={search_term_string}"},"query-input":{"@type":"PropertyValueSpecification","valueRequired":true,"valueName":"search_term_string"}}],"inLanguage":"de"}]}},"_links":{"self":[{"href":"https:\/\/weltlaeden.de\/mindelheim\/wp-json\/wp\/v2\/pages\/219","targetHints":{"allow":["GET"]}}],"collection":[{"href":"https:\/\/weltlaeden.de\/mindelheim\/wp-json\/wp\/v2\/pages"}],"about":[{"href":"https:\/\/weltlaeden.de\/mindelheim\/wp-json\/wp\/v2\/types\/page"}],"author":[{"embeddable":true,"href":"https:\/\/weltlaeden.de\/mindelheim\/wp-json\/wp\/v2\/users\/1"}],"replies":[{"embeddable":true,"href":"https:\/\/weltlaeden.de\/mindelheim\/wp-json\/wp\/v2\/comments?post=219"}],"version-history":[{"count":38,"href":"https:\/\/weltlaeden.de\/mindelheim\/wp-json\/wp\/v2\/pages\/219\/revisions"}],"predecessor-version":[{"id":1223,"href":"https:\/\/weltlaeden.de\/mindelheim\/wp-json\/wp\/v2\/pages\/219\/revisions\/1223"}],"wp:attachment":[{"href":"https:\/\/weltlaeden.de\/mindelheim\/wp-json\/wp\/v2\/media?parent=219"}],"curies":[{"name":"wp","href":"https:\/\/api.w.org\/{rel}","templated":true}]}}