{"version":"1.0","provider_name":"Weltladen Mindelheim","provider_url":"https:\/\/weltlaeden.de\/mindelheim","title":"\u00dcber uns - Weltladen Mindelheim","type":"rich","width":600,"height":338,"html":"<blockquote class=\"wp-embedded-content\" data-secret=\"OhUDGadoTY\"><a href=\"https:\/\/weltlaeden.de\/mindelheim\/ueber-uns\/\">\u00dcber uns<\/a><\/blockquote><iframe sandbox=\"allow-scripts\" security=\"restricted\" src=\"https:\/\/weltlaeden.de\/mindelheim\/ueber-uns\/embed\/#?secret=OhUDGadoTY\" width=\"600\" height=\"338\" title=\"&#8222;\u00dcber uns&#8220; &#8211; Weltladen Mindelheim\" data-secret=\"OhUDGadoTY\" frameborder=\"0\" marginwidth=\"0\" marginheight=\"0\" scrolling=\"no\" class=\"wp-embedded-content\"><\/iframe><script>\n\/*! This file is auto-generated *\/\n!function(d,l){\"use strict\";l.querySelector&&d.addEventListener&&\"undefined\"!=typeof URL&&(d.wp=d.wp||{},d.wp.receiveEmbedMessage||(d.wp.receiveEmbedMessage=function(e){var t=e.data;if((t||t.secret||t.message||t.value)&&!\/[^a-zA-Z0-9]\/.test(t.secret)){for(var s,r,n,a=l.querySelectorAll('iframe[data-secret=\"'+t.secret+'\"]'),o=l.querySelectorAll('blockquote[data-secret=\"'+t.secret+'\"]'),c=new RegExp(\"^https?:$\",\"i\"),i=0;i<o.length;i++)o[i].style.display=\"none\";for(i=0;i<a.length;i++)s=a[i],e.source===s.contentWindow&&(s.removeAttribute(\"style\"),\"height\"===t.message?(1e3<(r=parseInt(t.value,10))?r=1e3:~~r<200&&(r=200),s.height=r):\"link\"===t.message&&(r=new URL(s.getAttribute(\"src\")),n=new URL(t.value),c.test(n.protocol))&&n.host===r.host&&l.activeElement===s&&(d.top.location.href=t.value))}},d.addEventListener(\"message\",d.wp.receiveEmbedMessage,!1),l.addEventListener(\"DOMContentLoaded\",function(){for(var e,t,s=l.querySelectorAll(\"iframe.wp-embedded-content\"),r=0;r<s.length;r++)(t=(e=s[r]).getAttribute(\"data-secret\"))||(t=Math.random().toString(36).substring(2,12),e.src+=\"#?secret=\"+t,e.setAttribute(\"data-secret\",t)),e.contentWindow.postMessage({message:\"ready\",secret:t},\"*\")},!1)))}(window,document);\n<\/script>\n","description":"[vc_row][vc_column][vc_empty_space][vc_column_text] \u00dcber den Weltladen Mindelheim [\/vc_column_text][vc_column_text css=&#8220;&#8220;]Wir sind ein engagiertes Team von 40 MitarbeiterInnen und tragen seit 1994 gemeinsam dazu bei, mit unserem Laden ein St\u00fcck fairen Handel zu verwirklichen. Wir k\u00fcmmern uns ehrenamtlich um Einkauf, Verkauf, Organisation von Aktionen und Fortbildung und die \u00d6ffentlichkeitsarbeit. Zwei hauptamtliche Kr\u00e4fte sorgen f\u00fcr Sauberkeit im Laden und daf\u00fcr,&hellip;","thumbnail_url":"https:\/\/weltlaeden.de\/mindelheim\/wp-content\/uploads\/sites\/53\/2025\/09\/IMG_2006-scaled.jpeg","thumbnail_width":2560,"thumbnail_height":1920}