{"id":219,"date":"2016-10-28T13:34:47","date_gmt":"2016-10-28T11:34:47","guid":{"rendered":"https:\/\/wl.heimpixel.de\/vorlage\/ueber-uns\/"},"modified":"2022-02-14T23:08:05","modified_gmt":"2022-02-14T22:08:05","slug":"ueber-uns","status":"publish","type":"page","link":"https:\/\/weltlaeden.de\/messstetten\/ueber-uns\/","title":{"rendered":"\u00dcber uns"},"content":{"rendered":"<h1>\u00dcber den Weltladen Me\u00dfstetten<\/h1>\n<p>&nbsp;<\/p>\n<p>Am 27. November 1978 nahm die Idee von Dietmar Reinhardt und ein paar unverbesserlichen Optimisten aus dem Jugendkreis der Me\u00dfstetter Evangelisch-Methodistischen Friedenskirche, die ihrer Zeit voraus waren, Gestalt an. Zun\u00e4chst in den R\u00e4umen der Kirche und bald danach in einer Wohnung fand auch der erste Verkauf statt.1980 wurde der Verein &#8222;Freundeskreis Dritte Welt e.V&#8220; unter der Leitung von Dietmar Reinhardt gegr\u00fcndet. Diesem Verein traten bis heute 7 weitere Weltl\u00e4den bei. Im September 2018 sind wir, nach inzwischen 3-maligem Umzug, in den neuen Laden in der Ebinger-Str. 24 eingezogen. Im gleichen Jahr haben wir auch unser 40-j\u00e4hriges Jubil\u00e4um gro\u00df gefeiert.<\/p>\n<p>Unser Team besteht aus momentan 11 ehrenamtlichen Mitarbeiterinnen. Bis Ende September 2020 war Dietmar Reinhardt immer noch, nach bereits 42 Jahren, der Leiter unseres Ladens. Vor kurzem hat er die Leitung an Elke Beuttler weiter gegeben<\/p>\n<p>&nbsp;<\/p>\n<p>&nbsp;<\/p>\n<h2>Verabschiedung von Dietmar Reinhardt<\/h2>\n<p>&nbsp;<\/p>\n<p><a class=\"dt-pswp-item\" href=\"https:\/\/weltlaeden.de\/messstetten\/wp-content\/uploads\/sites\/150\/2022\/02\/Verabschiedung-Dietmar.jpg\" data-dt-img-description=\"\" data-large_image_width=\"466\" data-large_image_height=\"333\"><img loading=\"lazy\" decoding=\"async\" class=\"alignnone size-medium wp-image-1209\" src=\"https:\/\/weltlaeden.de\/messstetten\/wp-content\/uploads\/sites\/150\/2022\/02\/Verabschiedung-Dietmar-300x214.jpg\" alt=\"\" width=\"300\" height=\"214\" srcset=\"https:\/\/weltlaeden.de\/messstetten\/wp-content\/uploads\/sites\/150\/2022\/02\/Verabschiedung-Dietmar-300x214.jpg 300w, https:\/\/weltlaeden.de\/messstetten\/wp-content\/uploads\/sites\/150\/2022\/02\/Verabschiedung-Dietmar.jpg 466w\" sizes=\"auto, (max-width: 300px) 100vw, 300px\" \/><\/a><a class=\"dt-pswp-item\" href=\"https:\/\/weltlaeden.de\/messstetten\/wp-content\/uploads\/sites\/150\/2022\/02\/Ein-grosses-Dankeschoen-an-den-Gruender-des-Weltladens-115195.jpg\" data-dt-img-description=\"\" data-large_image_width=\"848\" data-large_image_height=\"565\"><img loading=\"lazy\" decoding=\"async\" class=\"size-medium wp-image-1210 alignright\" src=\"https:\/\/weltlaeden.de\/messstetten\/wp-content\/uploads\/sites\/150\/2022\/02\/Ein-grosses-Dankeschoen-an-den-Gruender-des-Weltladens-115195-300x200.jpg\" alt=\"\" width=\"300\" height=\"200\" srcset=\"https:\/\/weltlaeden.de\/messstetten\/wp-content\/uploads\/sites\/150\/2022\/02\/Ein-grosses-Dankeschoen-an-den-Gruender-des-Weltladens-115195-300x200.jpg 300w, https:\/\/weltlaeden.de\/messstetten\/wp-content\/uploads\/sites\/150\/2022\/02\/Ein-grosses-Dankeschoen-an-den-Gruender-des-Weltladens-115195-768x512.jpg 768w, https:\/\/weltlaeden.de\/messstetten\/wp-content\/uploads\/sites\/150\/2022\/02\/Ein-grosses-Dankeschoen-an-den-Gruender-des-Weltladens-115195.jpg 848w\" sizes=\"auto, (max-width: 300px) 100vw, 300px\" \/><\/a><\/p>\n<h2><\/h2>\n<h1><\/h1>\n<h1 style=\"text-align: center\">Unser Team 2022<\/h1>\n<p>&nbsp;<\/p>\n<p style=\"text-align: center\"><a class=\"dt-pswp-item\" href=\"https:\/\/weltlaeden.de\/messstetten\/wp-content\/uploads\/sites\/150\/2022\/02\/IMG_0399-scaled.jpg\" data-dt-img-description=\"\" data-large_image_width=\"1920\" data-large_image_height=\"1280\"><img loading=\"lazy\" decoding=\"async\" class=\"size-medium wp-image-1218 aligncenter\" src=\"https:\/\/weltlaeden.de\/messstetten\/wp-content\/uploads\/sites\/150\/2022\/02\/IMG_0399-300x200.jpg\" alt=\"\" width=\"300\" height=\"200\" srcset=\"https:\/\/weltlaeden.de\/messstetten\/wp-content\/uploads\/sites\/150\/2022\/02\/IMG_0399-300x200.jpg 300w, https:\/\/weltlaeden.de\/messstetten\/wp-content\/uploads\/sites\/150\/2022\/02\/IMG_0399-1024x683.jpg 1024w, https:\/\/weltlaeden.de\/messstetten\/wp-content\/uploads\/sites\/150\/2022\/02\/IMG_0399-768x512.jpg 768w, https:\/\/weltlaeden.de\/messstetten\/wp-content\/uploads\/sites\/150\/2022\/02\/IMG_0399-1536x1024.jpg 1536w, https:\/\/weltlaeden.de\/messstetten\/wp-content\/uploads\/sites\/150\/2022\/02\/IMG_0399-2048x1365.jpg 2048w, https:\/\/weltlaeden.de\/messstetten\/wp-content\/uploads\/sites\/150\/2022\/02\/IMG_0399-scaled.jpg 1920w\" sizes=\"auto, (max-width: 300px) 100vw, 300px\" \/>Drei Mitarbeiterinnen fehlen auf dem Bild<\/a><\/p>\n<p>&nbsp;<\/p>\n<p>&nbsp;<\/p>\n<p>&nbsp;<\/p>\n<h2><strong>Wir unterst\u00fctzen das Ziegler-Aids-Projekt<\/strong><\/h2>\n<p><a href=\"https:\/\/weltlaeden.de\/messstetten\/wp-content\/uploads\/sites\/150\/2022\/02\/7310-flyer-1.pdf\">7310-flyer<\/a><\/p>\n<h1><\/h1>\n<h1>Mitmachen im Weltladen Me\u00dfstetten<\/h1>\n<p><strong>Wir suchen<\/strong> Menschen, die Lust haben, sich ehrenamtlich f\u00fcr eine offene, transparente, \u00f6kologische und nachhaltige Form des Wirtschaftens zu engagieren. Ob im Verkauf, der Informations- oder Bildungsarbeit &#8211; die M\u00f6glichkeiten, in unserem Team mitzumachen sind vielf\u00e4ltig und lassen sich bestimmt auch in Deinen Alltag integrieren! Neben regelm\u00e4\u00dfigen Aufgaben gibt es bei uns auch immer wieder einzelne zeitlich befristete Projekte, f\u00fcr die wir Unterst\u00fctzer\/innen suchen. Viele Aufgaben erfordern keine speziellen Vorkenntnisse, sondern nur Deine Bereitschaft, Deine F\u00e4higkeiten einzubringen und eventuell in neuen Bereichen dazuzulernen.<\/p>\n<p><strong>Wir bieten<\/strong> ein nettes Team aus Engagierten mit vielf\u00e4ltigen M\u00f6glichkeiten, sich selbst einzubringen. Eine Gemeinschaft, die Dich herzlich aufnimmt, einarbeitet und bei Fragen zur Verf\u00fcgung steht. Fortbildungsm\u00f6glichkeiten nach Deinen Interessen und Aufgaben.<\/p>\n<p><strong>Ansprechpartner\/in:<\/strong><br \/>\nElke Beuttler<br \/>\n<a href=\"mailto:weltladen-messstetten@freenet.de\"><span style=\"color: #ff6600\">weltladen-messstetten@freenet.de<\/span><\/a><\/p>\n<p><strong>Wir freuen uns auf Dich!<\/strong><\/p>\n","protected":false},"excerpt":{"rendered":"<p>\u00dcber den Weltladen Me\u00dfstetten &nbsp; Am 27. November 1978 nahm die Idee von Dietmar Reinhardt und ein paar unverbesserlichen Optimisten aus dem Jugendkreis der Me\u00dfstetter Evangelisch-Methodistischen Friedenskirche, die ihrer Zeit voraus waren, Gestalt an. Zun\u00e4chst in den R\u00e4umen der Kirche und bald danach in einer Wohnung fand auch der erste Verkauf statt.1980 wurde der Verein&hellip;<\/p>\n","protected":false},"author":1,"featured_media":0,"parent":0,"menu_order":6,"comment_status":"closed","ping_status":"closed","template":"","meta":{"footnotes":""},"class_list":["post-219","page","type-page","status-publish","hentry","description-off"],"yoast_head":"<!-- This site is optimized with the Yoast SEO plugin v26.8 - https:\/\/yoast.com\/product\/yoast-seo-wordpress\/ -->\n<title>\u00dcber uns - Weltladen Me\u00dfstetten<\/title>\n<meta name=\"robots\" content=\"index, follow, max-snippet:-1, max-image-preview:large, max-video-preview:-1\" \/>\n<link rel=\"canonical\" href=\"https:\/\/weltlaeden.de\/messstetten\/ueber-uns\/\" \/>\n<meta property=\"og:locale\" content=\"de_DE\" \/>\n<meta property=\"og:type\" content=\"article\" \/>\n<meta property=\"og:title\" content=\"\u00dcber uns - Weltladen Me\u00dfstetten\" \/>\n<meta property=\"og:description\" content=\"\u00dcber den Weltladen Me\u00dfstetten &nbsp; Am 27. November 1978 nahm die Idee von Dietmar Reinhardt und ein paar unverbesserlichen Optimisten aus dem Jugendkreis der Me\u00dfstetter Evangelisch-Methodistischen Friedenskirche, die ihrer Zeit voraus waren, Gestalt an. Zun\u00e4chst in den R\u00e4umen der Kirche und bald danach in einer Wohnung fand auch der erste Verkauf statt.1980 wurde der Verein&hellip;\" \/>\n<meta property=\"og:url\" content=\"https:\/\/weltlaeden.de\/messstetten\/ueber-uns\/\" \/>\n<meta property=\"og:site_name\" content=\"Weltladen Me\u00dfstetten\" \/>\n<meta property=\"article:modified_time\" content=\"2022-02-14T22:08:05+00:00\" \/>\n<meta property=\"og:image\" content=\"https:\/\/weltlaeden.de\/messstetten\/wp-content\/uploads\/sites\/150\/2022\/02\/Verabschiedung-Dietmar-300x214.jpg\" \/>\n<meta name=\"twitter:card\" content=\"summary_large_image\" \/>\n<meta name=\"twitter:label1\" content=\"Gesch\u00e4tzte Lesezeit\" \/>\n\t<meta name=\"twitter:data1\" content=\"2\u00a0Minuten\" \/>\n<script type=\"application\/ld+json\" class=\"yoast-schema-graph\">{\"@context\":\"https:\/\/schema.org\",\"@graph\":[{\"@type\":\"WebPage\",\"@id\":\"https:\/\/weltlaeden.de\/messstetten\/ueber-uns\/\",\"url\":\"https:\/\/weltlaeden.de\/messstetten\/ueber-uns\/\",\"name\":\"\u00dcber uns - Weltladen Me\u00dfstetten\",\"isPartOf\":{\"@id\":\"https:\/\/weltlaeden.de\/messstetten\/#website\"},\"primaryImageOfPage\":{\"@id\":\"https:\/\/weltlaeden.de\/messstetten\/ueber-uns\/#primaryimage\"},\"image\":{\"@id\":\"https:\/\/weltlaeden.de\/messstetten\/ueber-uns\/#primaryimage\"},\"thumbnailUrl\":\"https:\/\/weltlaeden.de\/messstetten\/wp-content\/uploads\/sites\/150\/2022\/02\/Verabschiedung-Dietmar-300x214.jpg\",\"datePublished\":\"2016-10-28T11:34:47+00:00\",\"dateModified\":\"2022-02-14T22:08:05+00:00\",\"breadcrumb\":{\"@id\":\"https:\/\/weltlaeden.de\/messstetten\/ueber-uns\/#breadcrumb\"},\"inLanguage\":\"de\",\"potentialAction\":[{\"@type\":\"ReadAction\",\"target\":[\"https:\/\/weltlaeden.de\/messstetten\/ueber-uns\/\"]}]},{\"@type\":\"ImageObject\",\"inLanguage\":\"de\",\"@id\":\"https:\/\/weltlaeden.de\/messstetten\/ueber-uns\/#primaryimage\",\"url\":\"https:\/\/weltlaeden.de\/messstetten\/wp-content\/uploads\/sites\/150\/2022\/02\/Verabschiedung-Dietmar.jpg\",\"contentUrl\":\"https:\/\/weltlaeden.de\/messstetten\/wp-content\/uploads\/sites\/150\/2022\/02\/Verabschiedung-Dietmar.jpg\",\"width\":466,\"height\":333},{\"@type\":\"BreadcrumbList\",\"@id\":\"https:\/\/weltlaeden.de\/messstetten\/ueber-uns\/#breadcrumb\",\"itemListElement\":[{\"@type\":\"ListItem\",\"position\":1,\"name\":\"Startseite\",\"item\":\"https:\/\/weltlaeden.de\/messstetten\/\"},{\"@type\":\"ListItem\",\"position\":2,\"name\":\"\u00dcber uns\"}]},{\"@type\":\"WebSite\",\"@id\":\"https:\/\/weltlaeden.de\/messstetten\/#website\",\"url\":\"https:\/\/weltlaeden.de\/messstetten\/\",\"name\":\"Weltladen Me\u00dfstetten\",\"description\":\"Faire Produkte seit 1978\",\"potentialAction\":[{\"@type\":\"SearchAction\",\"target\":{\"@type\":\"EntryPoint\",\"urlTemplate\":\"https:\/\/weltlaeden.de\/messstetten\/?s={search_term_string}\"},\"query-input\":{\"@type\":\"PropertyValueSpecification\",\"valueRequired\":true,\"valueName\":\"search_term_string\"}}],\"inLanguage\":\"de\"}]}<\/script>\n<!-- \/ Yoast SEO plugin. -->","yoast_head_json":{"title":"\u00dcber uns - Weltladen Me\u00dfstetten","robots":{"index":"index","follow":"follow","max-snippet":"max-snippet:-1","max-image-preview":"max-image-preview:large","max-video-preview":"max-video-preview:-1"},"canonical":"https:\/\/weltlaeden.de\/messstetten\/ueber-uns\/","og_locale":"de_DE","og_type":"article","og_title":"\u00dcber uns - Weltladen Me\u00dfstetten","og_description":"\u00dcber den Weltladen Me\u00dfstetten &nbsp; Am 27. November 1978 nahm die Idee von Dietmar Reinhardt und ein paar unverbesserlichen Optimisten aus dem Jugendkreis der Me\u00dfstetter Evangelisch-Methodistischen Friedenskirche, die ihrer Zeit voraus waren, Gestalt an. Zun\u00e4chst in den R\u00e4umen der Kirche und bald danach in einer Wohnung fand auch der erste Verkauf statt.1980 wurde der Verein&hellip;","og_url":"https:\/\/weltlaeden.de\/messstetten\/ueber-uns\/","og_site_name":"Weltladen Me\u00dfstetten","article_modified_time":"2022-02-14T22:08:05+00:00","og_image":[{"url":"https:\/\/weltlaeden.de\/messstetten\/wp-content\/uploads\/sites\/150\/2022\/02\/Verabschiedung-Dietmar-300x214.jpg","type":"","width":"","height":""}],"twitter_card":"summary_large_image","twitter_misc":{"Gesch\u00e4tzte Lesezeit":"2\u00a0Minuten"},"schema":{"@context":"https:\/\/schema.org","@graph":[{"@type":"WebPage","@id":"https:\/\/weltlaeden.de\/messstetten\/ueber-uns\/","url":"https:\/\/weltlaeden.de\/messstetten\/ueber-uns\/","name":"\u00dcber uns - Weltladen Me\u00dfstetten","isPartOf":{"@id":"https:\/\/weltlaeden.de\/messstetten\/#website"},"primaryImageOfPage":{"@id":"https:\/\/weltlaeden.de\/messstetten\/ueber-uns\/#primaryimage"},"image":{"@id":"https:\/\/weltlaeden.de\/messstetten\/ueber-uns\/#primaryimage"},"thumbnailUrl":"https:\/\/weltlaeden.de\/messstetten\/wp-content\/uploads\/sites\/150\/2022\/02\/Verabschiedung-Dietmar-300x214.jpg","datePublished":"2016-10-28T11:34:47+00:00","dateModified":"2022-02-14T22:08:05+00:00","breadcrumb":{"@id":"https:\/\/weltlaeden.de\/messstetten\/ueber-uns\/#breadcrumb"},"inLanguage":"de","potentialAction":[{"@type":"ReadAction","target":["https:\/\/weltlaeden.de\/messstetten\/ueber-uns\/"]}]},{"@type":"ImageObject","inLanguage":"de","@id":"https:\/\/weltlaeden.de\/messstetten\/ueber-uns\/#primaryimage","url":"https:\/\/weltlaeden.de\/messstetten\/wp-content\/uploads\/sites\/150\/2022\/02\/Verabschiedung-Dietmar.jpg","contentUrl":"https:\/\/weltlaeden.de\/messstetten\/wp-content\/uploads\/sites\/150\/2022\/02\/Verabschiedung-Dietmar.jpg","width":466,"height":333},{"@type":"BreadcrumbList","@id":"https:\/\/weltlaeden.de\/messstetten\/ueber-uns\/#breadcrumb","itemListElement":[{"@type":"ListItem","position":1,"name":"Startseite","item":"https:\/\/weltlaeden.de\/messstetten\/"},{"@type":"ListItem","position":2,"name":"\u00dcber uns"}]},{"@type":"WebSite","@id":"https:\/\/weltlaeden.de\/messstetten\/#website","url":"https:\/\/weltlaeden.de\/messstetten\/","name":"Weltladen Me\u00dfstetten","description":"Faire Produkte seit 1978","potentialAction":[{"@type":"SearchAction","target":{"@type":"EntryPoint","urlTemplate":"https:\/\/weltlaeden.de\/messstetten\/?s={search_term_string}"},"query-input":{"@type":"PropertyValueSpecification","valueRequired":true,"valueName":"search_term_string"}}],"inLanguage":"de"}]}},"_links":{"self":[{"href":"https:\/\/weltlaeden.de\/messstetten\/wp-json\/wp\/v2\/pages\/219","targetHints":{"allow":["GET"]}}],"collection":[{"href":"https:\/\/weltlaeden.de\/messstetten\/wp-json\/wp\/v2\/pages"}],"about":[{"href":"https:\/\/weltlaeden.de\/messstetten\/wp-json\/wp\/v2\/types\/page"}],"author":[{"embeddable":true,"href":"https:\/\/weltlaeden.de\/messstetten\/wp-json\/wp\/v2\/users\/1"}],"replies":[{"embeddable":true,"href":"https:\/\/weltlaeden.de\/messstetten\/wp-json\/wp\/v2\/comments?post=219"}],"version-history":[{"count":30,"href":"https:\/\/weltlaeden.de\/messstetten\/wp-json\/wp\/v2\/pages\/219\/revisions"}],"predecessor-version":[{"id":1219,"href":"https:\/\/weltlaeden.de\/messstetten\/wp-json\/wp\/v2\/pages\/219\/revisions\/1219"}],"wp:attachment":[{"href":"https:\/\/weltlaeden.de\/messstetten\/wp-json\/wp\/v2\/media?parent=219"}],"curies":[{"name":"wp","href":"https:\/\/api.w.org\/{rel}","templated":true}]}}