{"id":735,"date":"2024-05-13T11:58:38","date_gmt":"2024-05-13T09:58:38","guid":{"rendered":"https:\/\/weltlaeden.de\/linz\/?page_id=735"},"modified":"2024-08-30T18:18:06","modified_gmt":"2024-08-30T16:18:06","slug":"wfto-fachgeschaeft","status":"publish","type":"page","link":"https:\/\/weltlaeden.de\/linz\/wfto-fachgeschaeft\/","title":{"rendered":"WFTO-Fachgesch\u00e4ft"},"content":{"rendered":"<div id=\"content-menu_wrap\">\n<div id=\"content-w3\">\n<h2 class=\"item-page\"><strong><em><span style=\"color: #ff6600\">Im Jahr 2014 \u00fcberreichte <\/span><\/em><\/strong><strong><em><span style=\"color: #ff6600\">Maria Evertz vom Weltladen-Dachverband <\/span><\/em><\/strong><strong><em><span style=\"color: #ff6600\">dem Weltladen Linz <\/span><\/em><\/strong><strong><em><span style=\"color: #ff6600\">in Anwesenheit mehrerer Vorstandsmitglieder des Vereins Eine-Welt Linz e.V. die Weltladen\/WFTO-Urkunde.<\/span><\/em><\/strong><\/h2>\n<\/div>\n<\/div>\n<article><\/article>\n<div id=\"content-menu_wrap\">\n<div id=\"content-w3\">\n<article class=\"item-page\"><em><em><strong><img loading=\"lazy\" decoding=\"async\" class=\"alignnone wp-image-1817\" src=\"https:\/\/weltlaeden.de\/linz\/wp-content\/uploads\/sites\/204\/2024\/08\/IMG_7069-fuer-Presse-300x225.jpg\" alt=\"\" width=\"461\" height=\"346\" srcset=\"https:\/\/weltlaeden.de\/linz\/wp-content\/uploads\/sites\/204\/2024\/08\/IMG_7069-fuer-Presse-300x225.jpg 300w, https:\/\/weltlaeden.de\/linz\/wp-content\/uploads\/sites\/204\/2024\/08\/IMG_7069-fuer-Presse-1024x768.jpg 1024w, https:\/\/weltlaeden.de\/linz\/wp-content\/uploads\/sites\/204\/2024\/08\/IMG_7069-fuer-Presse-768x576.jpg 768w, https:\/\/weltlaeden.de\/linz\/wp-content\/uploads\/sites\/204\/2024\/08\/IMG_7069-fuer-Presse-1536x1152.jpg 1536w, https:\/\/weltlaeden.de\/linz\/wp-content\/uploads\/sites\/204\/2024\/08\/IMG_7069-fuer-Presse.jpg 2048w\" sizes=\"auto, (max-width: 461px) 100vw, 461px\" \/><\/strong><\/em><\/em><\/article>\n<article class=\"item-page\"><em><em><strong>Von links:<\/strong> Eine-Welt-Vorsitzender bis 2023 Hans-Joachim Schmitz, Vorstandsmitglied des Weltladen-Dachverbandes <\/em><\/em><em><em>Maria Evertz, <\/em><\/em><em><em>Bildungsreferent Karl Hermann Amthauer, Vorstandsmitglied Britta Tokarz, Schriftf\u00fchrerin Luzia Kr\u00f6ll, stellv. Vorsitzende Annette F\u00f6rster.<\/em><\/em>\u00a0<\/article>\n<\/div>\n<\/div>\n<article><\/article>\n<article><\/article>\n<div id=\"content-menu_wrap\">\n<div id=\"content-w3\">\n<article class=\"item-page\">\u00a0\u00a0\u00a0\u00a0\u00a0\u00a0\u00a0\u00a0\u00a0<\/article>\n<article class=\"item-page\"><\/article>\n<article class=\"item-page\"><strong>Vorstandsmitglied Maria Evertz vom Weltladen Dachverband<\/strong> gratulierte dem Weltladen Linz zu der Auszeichnung. Wie sie sagte, hat sich der Weltladen Linz in den f\u00fcnf Jahren seines Bestehens diese Auszeichnung zu Recht verdient. Maria Evertz informierte, dass die WFTO 1989 gegr\u00fcndet wurde und ein globales Netzwerk von Organisationen des Fairen Handels aus \u00fcber 70 L\u00e4ndern ist.<br \/>\n<strong>Die WFTO-Mitglieder sind Produzenten-Kooperativen und -Vereinigungen, Export-Gesellschaften, Importeure, Einzelh\u00e4ndler, nationale und regionale Fair-Handels-Netzwerke und Finanzinstitutionen, die der Fair-Handels-Bewegung angeh\u00f6ren. Die WFTO repr\u00e4sentiert demnach die gesamte Handelskette, vom Produkt bis hin zum Verkauf.<\/strong><\/article>\n<article class=\"item-page\">\u00a0\u00a0\u00a0\u00a0\u00a0\u00a0\u00a0\u00a0\u00a0\u00a0\u00a0\u00a0\u00a0\u00a0\u00a0\u00a0\u00a0\u00a0\u00a0\u00a0\u00a0\u00a0\u00a0\u00a0\u00a0\u00a0\u00a0\u00a0\u00a0\u00a0\u00a0\u00a0\u00a0\u00a0\u00a0\u00a0\u00a0\u00a0\u00a0\u00a0\u00a0\u00a0\u00a0\u00a0\u00a0\u00a0\u00a0\u00a0\u00a0\u00a0\u00a0\u00a0\u00a0\u00a0\u00a0<\/article>\n<\/div>\n<\/div>\n<article><\/article>\n<article><\/article>\n<p><strong>Hans-Joachim Schmitz erg\u00e4nzte:<\/strong> &#8222;Mir als Vorsitzender des Vereins Eine-Welt Linz ist die Auszeichnung besonders wichtig, weil sie die erfolgreichen Bem\u00fchungen des Ladenteams, Fairen Handel in Linz zu etablieren, best\u00e4tigt. Wir verkaufen nicht nur fair gehandelte Lebensmittel und Kunsthandwerk, sondern wir informieren auch \u00fcber die Produktionsbedingungen und zeigen so, dass ein anderes Handelssystem m\u00f6glich ist. Nicht zuletzt unter Ber\u00fccksichtigung der f\u00fcr den Weltladen anfallenden monatlichen Kosten w\u00fcrden wir uns w\u00fcnschen, dass die Bev\u00f6lkerung intensiver die Produkte des Fairen Handels nutzt.\u201c<\/p>\n<p><strong><img loading=\"lazy\" decoding=\"async\" class=\"alignnone size-medium wp-image-1816\" src=\"https:\/\/weltlaeden.de\/linz\/wp-content\/uploads\/sites\/204\/2024\/08\/Die-orangefarbene-Version-darf-genutzt-werden-WFTO-Aufkleber-214x300.png\" alt=\"\" width=\"214\" height=\"300\" srcset=\"https:\/\/weltlaeden.de\/linz\/wp-content\/uploads\/sites\/204\/2024\/08\/Die-orangefarbene-Version-darf-genutzt-werden-WFTO-Aufkleber-214x300.png 214w, https:\/\/weltlaeden.de\/linz\/wp-content\/uploads\/sites\/204\/2024\/08\/Die-orangefarbene-Version-darf-genutzt-werden-WFTO-Aufkleber.png 500w\" sizes=\"auto, (max-width: 214px) 100vw, 214px\" \/><\/strong><\/p>\n<p>Das Ziel der WFTO, des weltweiten Netzwerkes f\u00fcr 100 % Fairen Handel ist, die soziale Situation benachteiligter Produzenten zu verbessern, die Zusammenarbeit von Organisationen des Fairen Handels zu f\u00f6rdern und sich f\u00fcr eine gr\u00f6\u00dfere Gerechtigkeit im Welthandel einzusetzen.<\/p>\n<p>Im Jahr 2013 f\u00fchrte die WFTO ein \u00dcberpr\u00fcfungsschema und G\u00fctesiegel f\u00fcr den Fairen Handel ein. Das WFTO-Siegel identifiziert registrierte Organisationen weltweit, die ausschlie\u00dflich mit fair gehandelten Produkten handeln. Ein Unternehmen, das dieses Siegel tr\u00e4gt, erf\u00fcllt zehn Prinzipien f\u00fcr Fairen Handel, die von der WFTO festgelegt wurden. Die Einhaltung der Standards wird durch eine Selbsteinsch\u00e4tzung, regelm\u00e4\u00dfige \u00dcberpr\u00fcfung und externe Verifizierung best\u00e4tigt.<\/p>\n<h3>Im Gegensatz zum Fairtrade-Siegel ist das WFTO-Emblem kein Produktsiegel. Es soll stattdessen Organisationen auszeichnen, die sich ganz dem Fairen Handel verschreiben.<\/h3>\n<h3>Es soll sie dadurch gegen\u00fcber kommerziellen sowie anderen Fair-Handels-Unternehmen hervorheben und signalisieren, dass ihr Kerngebiet den Fairen Handel betrifft.<\/h3>\n<p>&nbsp;<\/p>\n<h2><span style=\"color: #ff6600\"><strong>Die zehn Prinzipien der WFTO-Mitglieder:<\/strong><\/span><\/h2>\n<p>1. Chancen schaffen f\u00fcr wirtschaftlich benachteiligte Produzent*innen<\/p>\n<p>2. Transparenz und Verantwortung setzen in ihrer Gesch\u00e4ftst\u00e4tigkeit zum Wohle der Produzent*innen<\/p>\n<p>3. Gewinnmaximierung auf ihre Kosten ausschlie\u00dfen, entsprechend verpflichten sie sich zu Vorfinanzierung, falls gew\u00fcnscht, zu langfristigen Handelsbeziehungen etc.<\/p>\n<p>4. Einen fairen Preis bezahlen, der im Dialog ausgehandelt wurde und von den Produzent*innen als fair angesehen wird<\/p>\n<p>5. Zwangsarbeit ausschlie\u00dfen und die UN-Konvention zu den Rechten von Kindern respektieren<\/p>\n<p>6. F\u00fcr die Gleichberechtigung von Mann und Frau sowie f\u00fcr Nicht-Diskriminierung und Versammlungsfreiheit einsetzen<\/p>\n<p>7. Gesunde und sichere Arbeitsbedingungen schaffen<\/p>\n<p>8. Weiterbildungsma\u00dfnahmen f\u00fcr die Produzent*innen sowie f\u00fcr die eigene Belegschaft unterst\u00fctzen<\/p>\n<p>9. F\u00fcr Fairen Handel werben und sich auf politischer Ebene f\u00fcr mehr Gerechtigkeit im Internationalen Handel einsetzen<\/p>\n<p>10. Ma\u00dfnahmen des Ressourcen- und Umweltschutzes unterst\u00fctzen<\/p>\n<p>&nbsp;<\/p>\n<p>&nbsp;<\/p>\n<p>&nbsp;<\/p>\n<p>&nbsp;<\/p>\n<p>&nbsp;<\/p>\n<p>&nbsp;<\/p>\n<p>&nbsp;<\/p>\n<p>&nbsp;<\/p>\n","protected":false},"excerpt":{"rendered":"<p>Im Jahr 2014 \u00fcberreichte Maria Evertz vom Weltladen-Dachverband dem Weltladen Linz in Anwesenheit mehrerer Vorstandsmitglieder des Vereins Eine-Welt Linz e.V. die Weltladen\/WFTO-Urkunde. Von links: Eine-Welt-Vorsitzender bis 2023 Hans-Joachim Schmitz, Vorstandsmitglied des Weltladen-Dachverbandes Maria Evertz, Bildungsreferent Karl Hermann Amthauer, Vorstandsmitglied Britta Tokarz, Schriftf\u00fchrerin Luzia Kr\u00f6ll, stellv. Vorsitzende Annette F\u00f6rster.\u00a0 \u00a0\u00a0\u00a0\u00a0\u00a0\u00a0\u00a0\u00a0\u00a0 Vorstandsmitglied Maria Evertz vom Weltladen Dachverband&hellip;<\/p>\n","protected":false},"author":298,"featured_media":0,"parent":0,"menu_order":0,"comment_status":"closed","ping_status":"closed","template":"","meta":{"footnotes":""},"class_list":["post-735","page","type-page","status-publish","hentry","description-off"],"yoast_head":"<!-- This site is optimized with the Yoast SEO plugin v26.8 - https:\/\/yoast.com\/product\/yoast-seo-wordpress\/ -->\n<title>WFTO-Fachgesch\u00e4ft - Weltladen Linz am Rhein<\/title>\n<meta name=\"robots\" content=\"index, follow, max-snippet:-1, max-image-preview:large, max-video-preview:-1\" \/>\n<link rel=\"canonical\" href=\"https:\/\/weltlaeden.de\/linz\/wfto-fachgeschaeft\/\" \/>\n<meta property=\"og:locale\" content=\"de_DE\" \/>\n<meta property=\"og:type\" content=\"article\" \/>\n<meta property=\"og:title\" content=\"WFTO-Fachgesch\u00e4ft - Weltladen Linz am Rhein\" \/>\n<meta property=\"og:description\" content=\"Im Jahr 2014 \u00fcberreichte Maria Evertz vom Weltladen-Dachverband dem Weltladen Linz in Anwesenheit mehrerer Vorstandsmitglieder des Vereins Eine-Welt Linz e.V. die Weltladen\/WFTO-Urkunde. Von links: Eine-Welt-Vorsitzender bis 2023 Hans-Joachim Schmitz, Vorstandsmitglied des Weltladen-Dachverbandes Maria Evertz, Bildungsreferent Karl Hermann Amthauer, Vorstandsmitglied Britta Tokarz, Schriftf\u00fchrerin Luzia Kr\u00f6ll, stellv. Vorsitzende Annette F\u00f6rster.\u00a0 \u00a0\u00a0\u00a0\u00a0\u00a0\u00a0\u00a0\u00a0\u00a0 Vorstandsmitglied Maria Evertz vom Weltladen Dachverband&hellip;\" \/>\n<meta property=\"og:url\" content=\"https:\/\/weltlaeden.de\/linz\/wfto-fachgeschaeft\/\" \/>\n<meta property=\"og:site_name\" content=\"Weltladen Linz am Rhein\" \/>\n<meta property=\"article:modified_time\" content=\"2024-08-30T16:18:06+00:00\" \/>\n<meta property=\"og:image\" content=\"https:\/\/weltlaeden.de\/linz\/wp-content\/uploads\/sites\/204\/2024\/08\/IMG_7069-fuer-Presse-300x225.jpg\" \/>\n<meta name=\"twitter:card\" content=\"summary_large_image\" \/>\n<meta name=\"twitter:label1\" content=\"Gesch\u00e4tzte Lesezeit\" \/>\n\t<meta name=\"twitter:data1\" content=\"4\u00a0Minuten\" \/>\n<script type=\"application\/ld+json\" class=\"yoast-schema-graph\">{\"@context\":\"https:\/\/schema.org\",\"@graph\":[{\"@type\":\"WebPage\",\"@id\":\"https:\/\/weltlaeden.de\/linz\/wfto-fachgeschaeft\/\",\"url\":\"https:\/\/weltlaeden.de\/linz\/wfto-fachgeschaeft\/\",\"name\":\"WFTO-Fachgesch\u00e4ft - Weltladen Linz am Rhein\",\"isPartOf\":{\"@id\":\"https:\/\/weltlaeden.de\/linz\/#website\"},\"primaryImageOfPage\":{\"@id\":\"https:\/\/weltlaeden.de\/linz\/wfto-fachgeschaeft\/#primaryimage\"},\"image\":{\"@id\":\"https:\/\/weltlaeden.de\/linz\/wfto-fachgeschaeft\/#primaryimage\"},\"thumbnailUrl\":\"https:\/\/weltlaeden.de\/linz\/wp-content\/uploads\/sites\/204\/2024\/08\/IMG_7069-fuer-Presse-300x225.jpg\",\"datePublished\":\"2024-05-13T09:58:38+00:00\",\"dateModified\":\"2024-08-30T16:18:06+00:00\",\"breadcrumb\":{\"@id\":\"https:\/\/weltlaeden.de\/linz\/wfto-fachgeschaeft\/#breadcrumb\"},\"inLanguage\":\"de\",\"potentialAction\":[{\"@type\":\"ReadAction\",\"target\":[\"https:\/\/weltlaeden.de\/linz\/wfto-fachgeschaeft\/\"]}]},{\"@type\":\"ImageObject\",\"inLanguage\":\"de\",\"@id\":\"https:\/\/weltlaeden.de\/linz\/wfto-fachgeschaeft\/#primaryimage\",\"url\":\"https:\/\/weltlaeden.de\/linz\/wp-content\/uploads\/sites\/204\/2024\/08\/IMG_7069-fuer-Presse.jpg\",\"contentUrl\":\"https:\/\/weltlaeden.de\/linz\/wp-content\/uploads\/sites\/204\/2024\/08\/IMG_7069-fuer-Presse.jpg\",\"width\":2048,\"height\":1536},{\"@type\":\"BreadcrumbList\",\"@id\":\"https:\/\/weltlaeden.de\/linz\/wfto-fachgeschaeft\/#breadcrumb\",\"itemListElement\":[{\"@type\":\"ListItem\",\"position\":1,\"name\":\"Startseite\",\"item\":\"https:\/\/weltlaeden.de\/linz\/\"},{\"@type\":\"ListItem\",\"position\":2,\"name\":\"WFTO-Fachgesch\u00e4ft\"}]},{\"@type\":\"WebSite\",\"@id\":\"https:\/\/weltlaeden.de\/linz\/#website\",\"url\":\"https:\/\/weltlaeden.de\/linz\/\",\"name\":\"Weltladen Linz am Rhein\",\"description\":\"Faire Produkte seit 2013\",\"potentialAction\":[{\"@type\":\"SearchAction\",\"target\":{\"@type\":\"EntryPoint\",\"urlTemplate\":\"https:\/\/weltlaeden.de\/linz\/?s={search_term_string}\"},\"query-input\":{\"@type\":\"PropertyValueSpecification\",\"valueRequired\":true,\"valueName\":\"search_term_string\"}}],\"inLanguage\":\"de\"}]}<\/script>\n<!-- \/ Yoast SEO plugin. -->","yoast_head_json":{"title":"WFTO-Fachgesch\u00e4ft - Weltladen Linz am Rhein","robots":{"index":"index","follow":"follow","max-snippet":"max-snippet:-1","max-image-preview":"max-image-preview:large","max-video-preview":"max-video-preview:-1"},"canonical":"https:\/\/weltlaeden.de\/linz\/wfto-fachgeschaeft\/","og_locale":"de_DE","og_type":"article","og_title":"WFTO-Fachgesch\u00e4ft - Weltladen Linz am Rhein","og_description":"Im Jahr 2014 \u00fcberreichte Maria Evertz vom Weltladen-Dachverband dem Weltladen Linz in Anwesenheit mehrerer Vorstandsmitglieder des Vereins Eine-Welt Linz e.V. die Weltladen\/WFTO-Urkunde. Von links: Eine-Welt-Vorsitzender bis 2023 Hans-Joachim Schmitz, Vorstandsmitglied des Weltladen-Dachverbandes Maria Evertz, Bildungsreferent Karl Hermann Amthauer, Vorstandsmitglied Britta Tokarz, Schriftf\u00fchrerin Luzia Kr\u00f6ll, stellv. Vorsitzende Annette F\u00f6rster.\u00a0 \u00a0\u00a0\u00a0\u00a0\u00a0\u00a0\u00a0\u00a0\u00a0 Vorstandsmitglied Maria Evertz vom Weltladen Dachverband&hellip;","og_url":"https:\/\/weltlaeden.de\/linz\/wfto-fachgeschaeft\/","og_site_name":"Weltladen Linz am Rhein","article_modified_time":"2024-08-30T16:18:06+00:00","og_image":[{"url":"https:\/\/weltlaeden.de\/linz\/wp-content\/uploads\/sites\/204\/2024\/08\/IMG_7069-fuer-Presse-300x225.jpg","type":"","width":"","height":""}],"twitter_card":"summary_large_image","twitter_misc":{"Gesch\u00e4tzte Lesezeit":"4\u00a0Minuten"},"schema":{"@context":"https:\/\/schema.org","@graph":[{"@type":"WebPage","@id":"https:\/\/weltlaeden.de\/linz\/wfto-fachgeschaeft\/","url":"https:\/\/weltlaeden.de\/linz\/wfto-fachgeschaeft\/","name":"WFTO-Fachgesch\u00e4ft - Weltladen Linz am Rhein","isPartOf":{"@id":"https:\/\/weltlaeden.de\/linz\/#website"},"primaryImageOfPage":{"@id":"https:\/\/weltlaeden.de\/linz\/wfto-fachgeschaeft\/#primaryimage"},"image":{"@id":"https:\/\/weltlaeden.de\/linz\/wfto-fachgeschaeft\/#primaryimage"},"thumbnailUrl":"https:\/\/weltlaeden.de\/linz\/wp-content\/uploads\/sites\/204\/2024\/08\/IMG_7069-fuer-Presse-300x225.jpg","datePublished":"2024-05-13T09:58:38+00:00","dateModified":"2024-08-30T16:18:06+00:00","breadcrumb":{"@id":"https:\/\/weltlaeden.de\/linz\/wfto-fachgeschaeft\/#breadcrumb"},"inLanguage":"de","potentialAction":[{"@type":"ReadAction","target":["https:\/\/weltlaeden.de\/linz\/wfto-fachgeschaeft\/"]}]},{"@type":"ImageObject","inLanguage":"de","@id":"https:\/\/weltlaeden.de\/linz\/wfto-fachgeschaeft\/#primaryimage","url":"https:\/\/weltlaeden.de\/linz\/wp-content\/uploads\/sites\/204\/2024\/08\/IMG_7069-fuer-Presse.jpg","contentUrl":"https:\/\/weltlaeden.de\/linz\/wp-content\/uploads\/sites\/204\/2024\/08\/IMG_7069-fuer-Presse.jpg","width":2048,"height":1536},{"@type":"BreadcrumbList","@id":"https:\/\/weltlaeden.de\/linz\/wfto-fachgeschaeft\/#breadcrumb","itemListElement":[{"@type":"ListItem","position":1,"name":"Startseite","item":"https:\/\/weltlaeden.de\/linz\/"},{"@type":"ListItem","position":2,"name":"WFTO-Fachgesch\u00e4ft"}]},{"@type":"WebSite","@id":"https:\/\/weltlaeden.de\/linz\/#website","url":"https:\/\/weltlaeden.de\/linz\/","name":"Weltladen Linz am Rhein","description":"Faire Produkte seit 2013","potentialAction":[{"@type":"SearchAction","target":{"@type":"EntryPoint","urlTemplate":"https:\/\/weltlaeden.de\/linz\/?s={search_term_string}"},"query-input":{"@type":"PropertyValueSpecification","valueRequired":true,"valueName":"search_term_string"}}],"inLanguage":"de"}]}},"_links":{"self":[{"href":"https:\/\/weltlaeden.de\/linz\/wp-json\/wp\/v2\/pages\/735","targetHints":{"allow":["GET"]}}],"collection":[{"href":"https:\/\/weltlaeden.de\/linz\/wp-json\/wp\/v2\/pages"}],"about":[{"href":"https:\/\/weltlaeden.de\/linz\/wp-json\/wp\/v2\/types\/page"}],"author":[{"embeddable":true,"href":"https:\/\/weltlaeden.de\/linz\/wp-json\/wp\/v2\/users\/298"}],"replies":[{"embeddable":true,"href":"https:\/\/weltlaeden.de\/linz\/wp-json\/wp\/v2\/comments?post=735"}],"version-history":[{"count":20,"href":"https:\/\/weltlaeden.de\/linz\/wp-json\/wp\/v2\/pages\/735\/revisions"}],"predecessor-version":[{"id":1819,"href":"https:\/\/weltlaeden.de\/linz\/wp-json\/wp\/v2\/pages\/735\/revisions\/1819"}],"wp:attachment":[{"href":"https:\/\/weltlaeden.de\/linz\/wp-json\/wp\/v2\/media?parent=735"}],"curies":[{"name":"wp","href":"https:\/\/api.w.org\/{rel}","templated":true}]}}