{"id":218,"date":"2016-10-28T13:34:47","date_gmt":"2016-10-28T11:34:47","guid":{"rendered":"https:\/\/wl.heimpixel.de\/vorlage\/fairer-handel\/"},"modified":"2024-09-01T09:53:13","modified_gmt":"2024-09-01T07:53:13","slug":"fairer-handel","status":"publish","type":"page","link":"https:\/\/weltlaeden.de\/linz\/fairer-handel\/","title":{"rendered":"Fairer Handel"},"content":{"rendered":"<div class=\"wpb-content-wrapper\"><p>[vc_row][vc_column]<div class=\"wl_einzelbild\"><p><img loading=\"lazy\" decoding=\"async\" class=\"alignnone wp-image-1114\" src=\"https:\/\/weltlaeden.de\/linz\/wp-content\/uploads\/sites\/204\/2024\/07\/4063-Presse-300x200.jpg\" alt=\"\" width=\"487\" height=\"324\" srcset=\"https:\/\/weltlaeden.de\/linz\/wp-content\/uploads\/sites\/204\/2024\/07\/4063-Presse-300x200.jpg 300w, https:\/\/weltlaeden.de\/linz\/wp-content\/uploads\/sites\/204\/2024\/07\/4063-Presse-1024x683.jpg 1024w, https:\/\/weltlaeden.de\/linz\/wp-content\/uploads\/sites\/204\/2024\/07\/4063-Presse-768x512.jpg 768w, https:\/\/weltlaeden.de\/linz\/wp-content\/uploads\/sites\/204\/2024\/07\/4063-Presse-1536x1024.jpg 1536w, https:\/\/weltlaeden.de\/linz\/wp-content\/uploads\/sites\/204\/2024\/07\/4063-Presse.jpg 2048w\" sizes=\"auto, (max-width: 487px) 100vw, 487px\" \/><\/p><\/div>[\/vc_column][\/vc_row][vc_row][vc_column][vc_empty_space][vc_column_text]<\/p>\n<h1>Fairer Handel bedeutet f\u00fcr Weltl\u00e4den&#8230;<\/h1>\n<p>[\/vc_column_text][vc_column_text css=&#8220;&#8220;]<\/p>\n<div class=\"wpb_text_column wpb_content_element \">\n<div class=\"wpb_wrapper\">\n<p><strong>Verkaufen: <\/strong>Weil der Verkauf fair gehandelter Produkte das Leben f\u00fcr die Produzent\/innen verbessert.<\/p>\n<p><strong>Informieren: <\/strong>Weil politische Kampagnen die Rahmenbedingungen f\u00fcr die Menschen im S\u00fcden ver\u00e4ndern k\u00f6nnen.<\/p>\n<p><strong>Lernen:<\/strong> Weil Mitarbeiter\/innen und Kund\/innen viel \u00fcber die globalisierte Welt wissen sollten, um zu verstehen, wie unser Konsum die Welt ver\u00e4ndert \u2013 zum Guten oder zum Schlechten.<\/p>\n<h3><span style=\"color: #ff6600\"><strong><em>Weitere Informationen zum Fairen Handel \u00f6ffnen sich unter dem Men\u00fcpunkt Fairer Handel.<\/em><\/strong><\/span><\/h3>\n<\/div>\n<\/div>\n<p>[\/vc_column_text][\/vc_column][\/vc_row][vc_row][vc_column][vc_empty_space][vc_column_text]<\/p>\n<h1>Kriterien des Fairen Handels<\/h1>\n<p>[\/vc_column_text][vc_column_text]<\/p>\n<div class=\"wpb_text_column wpb_content_element \">\n<div class=\"wpb_wrapper\">\n<p><span class=\"normal\">Die<strong> <a href=\"https:\/\/weltlaeden.de\/bilderpool\/wp-content\/uploads\/sites\/3\/2019\/09\/Konvention_der_Weltl\u00e4den.pdf\" target=\"_blank\" rel=\"noopener\">Konvention der Weltl\u00e4den<\/a><\/strong> ist das Grundsatzpapier f\u00fcr den Fairen Handel der Weltl\u00e4den und Fair-Handels-Gruppen. Sie wurde in einem jahrelangen Dialog gemeinsam entwickelt und erstmals 1997 von der Mitgliederversammlung des Weltladen-Dachverbandes beschlossen. Die Kriterien der Konvention der Weltl\u00e4den in der aktuellen Version decken sich mit den zehn Prinzipien der World Fair Trade Organization (<a href=\"http:\/\/www.wfto.com\" target=\"_blank\" rel=\"noopener\">WFTO<\/a>).<br \/>\n<\/span><\/p>\n<p><span class=\"normal\">Fairer Handel, wie ihn die Weltl\u00e4den betreiben, strebt eine gleichberechtigte Partnerschaft des Nordens mit dem S\u00fcden an. Daher wendet die Konvention die Kriterien auf alle wesentlichen Akteure im Fairen Handel an: auf Produzent\/innen, Importeure sowie Weltl\u00e4den und Fair-Handels-Gruppen.<\/span><\/p>\n<\/div>\n<\/div>\n<p>[\/vc_column_text][vc_column_text]<span class=\"normal\"><strong>Grundkriterien der Konvention:<\/strong><\/span><\/p>\n<ul>\n<li>Handelspraktiken<\/li>\n<li>Arbeitsbedingungen<\/li>\n<li>Transparenz<\/li>\n<li>Bildungs- und Informationsarbeit<\/li>\n<li>\u00d6ffentlichkeitsarbeit<\/li>\n<li>Umweltschutz<\/li>\n<li>Erg\u00e4nzungsprodukte (z.B. regionale Produkte)<\/li>\n<\/ul>\n<p>[\/vc_column_text][\/vc_column][\/vc_row][vc_row][vc_column][vc_empty_space][vc_column_text]<\/p>\n<h1>Links zu Akteuren des Fairen Handels<\/h1>\n<p>[\/vc_column_text][vc_column_text]<\/p>\n<div class=\"wpb_text_column wpb_content_element \">\n<div class=\"wpb_wrapper\">\n<p><strong>Weltl\u00e4den<\/strong><\/p>\n<ul>\n<li><a href=\"http:\/\/www.weltladen.de\" target=\"_blank\" rel=\"noopener\">Weltladen-Dachverband<\/a><\/li>\n<\/ul>\n<p><strong>Importorganisationen (Auswahl)<br \/>\n<\/strong><\/p>\n<ul>\n<li><a href=\"http:\/\/www.banafair.de\" target=\"_blank\" rel=\"noopener\">BanaFair<\/a><\/li>\n<li><a href=\"http:\/\/www.el-puente.de\" target=\"_blank\" rel=\"noopener\">El Puente<\/a><\/li>\n<li><a href=\"http:\/\/www.gepa.de\/\" target=\"_blank\" rel=\"noopener\">GEPA \u2013 The Fair Trade Company<\/a><\/li>\n<li><a href=\"https:\/\/www.globo-fairtrade.com\/\" target=\"_blank\" rel=\"noopener\">GLOBO<\/a><\/li>\n<li><a href=\"https:\/\/www.weltpartner.de\/de\" target=\"_blank\" rel=\"noopener\">WeltPartner<\/a><\/li>\n<\/ul>\n<p><strong>Netzwerke und Infos \u00fcber Produzent\/innen<br \/>\n<\/strong><\/p>\n<ul>\n<li><a href=\"http:\/\/www.forum-fairer-handel.de\" target=\"_blank\" rel=\"noopener\">Forum Fairer Handel<\/a><\/li>\n<li><a href=\"https:\/\/www.fair-band.de\" target=\"_blank\" rel=\"noopener\">FAIR BAND<\/a><\/li>\n<li><a href=\"http:\/\/www.wfto.com\/\" target=\"_blank\" rel=\"noopener\">World Fair Trade Organization\u00a0(WFTO)<\/a><\/li>\n<li><a href=\"http:\/\/fairtrade.de\">fairtrade.de<\/a><\/li>\n<\/ul>\n<p><strong>Siegelorganisationen<\/strong><\/p>\n<ul>\n<li><a href=\"http:\/\/www.naturland.de\/index.php?option=com_content&amp;view=category&amp;layout=blog&amp;id=148&amp;Itemid=888&amp;lang=de\">Naturland Fair<\/a><\/li>\n<li><a href=\"http:\/\/www.fairtrade-deutschland.de\" target=\"_blank\" rel=\"noopener\">Fairtrade Deutschland<\/a><\/li>\n<li><a href=\"http:\/\/www.fairtrade.net\" target=\"_blank\" rel=\"noopener\">Fairtrade International<\/a><\/li>\n<\/ul>\n<\/div>\n<\/div>\n<p>[\/vc_column_text][\/vc_column][\/vc_row]<\/p>\n<\/div>","protected":false},"excerpt":{"rendered":"<p>[vc_row][vc_column][\/vc_column][\/vc_row][vc_row][vc_column][vc_empty_space][vc_column_text] Fairer Handel bedeutet f\u00fcr Weltl\u00e4den&#8230; [\/vc_column_text][vc_column_text css=&#8220;&#8220;] Verkaufen: Weil der Verkauf fair gehandelter Produkte das Leben f\u00fcr die Produzent\/innen verbessert. Informieren: Weil politische Kampagnen die Rahmenbedingungen f\u00fcr die Menschen im S\u00fcden ver\u00e4ndern k\u00f6nnen. Lernen: Weil Mitarbeiter\/innen und Kund\/innen viel \u00fcber die globalisierte Welt wissen sollten, um zu verstehen, wie unser Konsum die Welt ver\u00e4ndert&hellip;<\/p>\n","protected":false},"author":1,"featured_media":0,"parent":0,"menu_order":4,"comment_status":"closed","ping_status":"closed","template":"","meta":{"footnotes":""},"class_list":["post-218","page","type-page","status-publish","hentry","description-off"],"yoast_head":"<!-- This site is optimized with the Yoast SEO plugin v26.8 - https:\/\/yoast.com\/product\/yoast-seo-wordpress\/ -->\n<title>Fairer Handel - Weltladen Linz am Rhein<\/title>\n<meta name=\"robots\" content=\"index, follow, max-snippet:-1, max-image-preview:large, max-video-preview:-1\" \/>\n<link rel=\"canonical\" href=\"https:\/\/weltlaeden.de\/linz\/fairer-handel\/\" \/>\n<meta property=\"og:locale\" content=\"de_DE\" \/>\n<meta property=\"og:type\" content=\"article\" \/>\n<meta property=\"og:title\" content=\"Fairer Handel - Weltladen Linz am Rhein\" \/>\n<meta property=\"og:description\" content=\"[vc_row][vc_column][\/vc_column][\/vc_row][vc_row][vc_column][vc_empty_space][vc_column_text] Fairer Handel bedeutet f\u00fcr Weltl\u00e4den&#8230; [\/vc_column_text][vc_column_text css=&#8220;&#8220;] Verkaufen: Weil der Verkauf fair gehandelter Produkte das Leben f\u00fcr die Produzent\/innen verbessert. Informieren: Weil politische Kampagnen die Rahmenbedingungen f\u00fcr die Menschen im S\u00fcden ver\u00e4ndern k\u00f6nnen. Lernen: Weil Mitarbeiter\/innen und Kund\/innen viel \u00fcber die globalisierte Welt wissen sollten, um zu verstehen, wie unser Konsum die Welt ver\u00e4ndert&hellip;\" \/>\n<meta property=\"og:url\" content=\"https:\/\/weltlaeden.de\/linz\/fairer-handel\/\" \/>\n<meta property=\"og:site_name\" content=\"Weltladen Linz am Rhein\" \/>\n<meta property=\"article:modified_time\" content=\"2024-09-01T07:53:13+00:00\" \/>\n<meta property=\"og:image\" content=\"https:\/\/weltlaeden.de\/linz\/wp-content\/uploads\/sites\/204\/2024\/07\/4063-Presse-300x200.jpg\" \/>\n<meta name=\"twitter:card\" content=\"summary_large_image\" \/>\n<meta name=\"twitter:label1\" content=\"Gesch\u00e4tzte Lesezeit\" \/>\n\t<meta name=\"twitter:data1\" content=\"2\u00a0Minuten\" \/>\n<script type=\"application\/ld+json\" class=\"yoast-schema-graph\">{\"@context\":\"https:\/\/schema.org\",\"@graph\":[{\"@type\":\"WebPage\",\"@id\":\"https:\/\/weltlaeden.de\/linz\/fairer-handel\/\",\"url\":\"https:\/\/weltlaeden.de\/linz\/fairer-handel\/\",\"name\":\"Fairer Handel - Weltladen Linz am Rhein\",\"isPartOf\":{\"@id\":\"https:\/\/weltlaeden.de\/linz\/#website\"},\"primaryImageOfPage\":{\"@id\":\"https:\/\/weltlaeden.de\/linz\/fairer-handel\/#primaryimage\"},\"image\":{\"@id\":\"https:\/\/weltlaeden.de\/linz\/fairer-handel\/#primaryimage\"},\"thumbnailUrl\":\"https:\/\/weltlaeden.de\/linz\/wp-content\/uploads\/sites\/204\/2024\/07\/4063-Presse-300x200.jpg\",\"datePublished\":\"2016-10-28T11:34:47+00:00\",\"dateModified\":\"2024-09-01T07:53:13+00:00\",\"breadcrumb\":{\"@id\":\"https:\/\/weltlaeden.de\/linz\/fairer-handel\/#breadcrumb\"},\"inLanguage\":\"de\",\"potentialAction\":[{\"@type\":\"ReadAction\",\"target\":[\"https:\/\/weltlaeden.de\/linz\/fairer-handel\/\"]}]},{\"@type\":\"ImageObject\",\"inLanguage\":\"de\",\"@id\":\"https:\/\/weltlaeden.de\/linz\/fairer-handel\/#primaryimage\",\"url\":\"https:\/\/weltlaeden.de\/linz\/wp-content\/uploads\/sites\/204\/2024\/07\/4063-Presse.jpg\",\"contentUrl\":\"https:\/\/weltlaeden.de\/linz\/wp-content\/uploads\/sites\/204\/2024\/07\/4063-Presse.jpg\",\"width\":2048,\"height\":1365},{\"@type\":\"BreadcrumbList\",\"@id\":\"https:\/\/weltlaeden.de\/linz\/fairer-handel\/#breadcrumb\",\"itemListElement\":[{\"@type\":\"ListItem\",\"position\":1,\"name\":\"Startseite\",\"item\":\"https:\/\/weltlaeden.de\/linz\/\"},{\"@type\":\"ListItem\",\"position\":2,\"name\":\"Fairer Handel\"}]},{\"@type\":\"WebSite\",\"@id\":\"https:\/\/weltlaeden.de\/linz\/#website\",\"url\":\"https:\/\/weltlaeden.de\/linz\/\",\"name\":\"Weltladen Linz am Rhein\",\"description\":\"Faire Produkte seit 2013\",\"potentialAction\":[{\"@type\":\"SearchAction\",\"target\":{\"@type\":\"EntryPoint\",\"urlTemplate\":\"https:\/\/weltlaeden.de\/linz\/?s={search_term_string}\"},\"query-input\":{\"@type\":\"PropertyValueSpecification\",\"valueRequired\":true,\"valueName\":\"search_term_string\"}}],\"inLanguage\":\"de\"}]}<\/script>\n<!-- \/ Yoast SEO plugin. -->","yoast_head_json":{"title":"Fairer Handel - Weltladen Linz am Rhein","robots":{"index":"index","follow":"follow","max-snippet":"max-snippet:-1","max-image-preview":"max-image-preview:large","max-video-preview":"max-video-preview:-1"},"canonical":"https:\/\/weltlaeden.de\/linz\/fairer-handel\/","og_locale":"de_DE","og_type":"article","og_title":"Fairer Handel - Weltladen Linz am Rhein","og_description":"[vc_row][vc_column][\/vc_column][\/vc_row][vc_row][vc_column][vc_empty_space][vc_column_text] Fairer Handel bedeutet f\u00fcr Weltl\u00e4den&#8230; [\/vc_column_text][vc_column_text css=&#8220;&#8220;] Verkaufen: Weil der Verkauf fair gehandelter Produkte das Leben f\u00fcr die Produzent\/innen verbessert. Informieren: Weil politische Kampagnen die Rahmenbedingungen f\u00fcr die Menschen im S\u00fcden ver\u00e4ndern k\u00f6nnen. Lernen: Weil Mitarbeiter\/innen und Kund\/innen viel \u00fcber die globalisierte Welt wissen sollten, um zu verstehen, wie unser Konsum die Welt ver\u00e4ndert&hellip;","og_url":"https:\/\/weltlaeden.de\/linz\/fairer-handel\/","og_site_name":"Weltladen Linz am Rhein","article_modified_time":"2024-09-01T07:53:13+00:00","og_image":[{"url":"https:\/\/weltlaeden.de\/linz\/wp-content\/uploads\/sites\/204\/2024\/07\/4063-Presse-300x200.jpg","type":"","width":"","height":""}],"twitter_card":"summary_large_image","twitter_misc":{"Gesch\u00e4tzte Lesezeit":"2\u00a0Minuten"},"schema":{"@context":"https:\/\/schema.org","@graph":[{"@type":"WebPage","@id":"https:\/\/weltlaeden.de\/linz\/fairer-handel\/","url":"https:\/\/weltlaeden.de\/linz\/fairer-handel\/","name":"Fairer Handel - Weltladen Linz am Rhein","isPartOf":{"@id":"https:\/\/weltlaeden.de\/linz\/#website"},"primaryImageOfPage":{"@id":"https:\/\/weltlaeden.de\/linz\/fairer-handel\/#primaryimage"},"image":{"@id":"https:\/\/weltlaeden.de\/linz\/fairer-handel\/#primaryimage"},"thumbnailUrl":"https:\/\/weltlaeden.de\/linz\/wp-content\/uploads\/sites\/204\/2024\/07\/4063-Presse-300x200.jpg","datePublished":"2016-10-28T11:34:47+00:00","dateModified":"2024-09-01T07:53:13+00:00","breadcrumb":{"@id":"https:\/\/weltlaeden.de\/linz\/fairer-handel\/#breadcrumb"},"inLanguage":"de","potentialAction":[{"@type":"ReadAction","target":["https:\/\/weltlaeden.de\/linz\/fairer-handel\/"]}]},{"@type":"ImageObject","inLanguage":"de","@id":"https:\/\/weltlaeden.de\/linz\/fairer-handel\/#primaryimage","url":"https:\/\/weltlaeden.de\/linz\/wp-content\/uploads\/sites\/204\/2024\/07\/4063-Presse.jpg","contentUrl":"https:\/\/weltlaeden.de\/linz\/wp-content\/uploads\/sites\/204\/2024\/07\/4063-Presse.jpg","width":2048,"height":1365},{"@type":"BreadcrumbList","@id":"https:\/\/weltlaeden.de\/linz\/fairer-handel\/#breadcrumb","itemListElement":[{"@type":"ListItem","position":1,"name":"Startseite","item":"https:\/\/weltlaeden.de\/linz\/"},{"@type":"ListItem","position":2,"name":"Fairer Handel"}]},{"@type":"WebSite","@id":"https:\/\/weltlaeden.de\/linz\/#website","url":"https:\/\/weltlaeden.de\/linz\/","name":"Weltladen Linz am Rhein","description":"Faire Produkte seit 2013","potentialAction":[{"@type":"SearchAction","target":{"@type":"EntryPoint","urlTemplate":"https:\/\/weltlaeden.de\/linz\/?s={search_term_string}"},"query-input":{"@type":"PropertyValueSpecification","valueRequired":true,"valueName":"search_term_string"}}],"inLanguage":"de"}]}},"_links":{"self":[{"href":"https:\/\/weltlaeden.de\/linz\/wp-json\/wp\/v2\/pages\/218","targetHints":{"allow":["GET"]}}],"collection":[{"href":"https:\/\/weltlaeden.de\/linz\/wp-json\/wp\/v2\/pages"}],"about":[{"href":"https:\/\/weltlaeden.de\/linz\/wp-json\/wp\/v2\/types\/page"}],"author":[{"embeddable":true,"href":"https:\/\/weltlaeden.de\/linz\/wp-json\/wp\/v2\/users\/1"}],"replies":[{"embeddable":true,"href":"https:\/\/weltlaeden.de\/linz\/wp-json\/wp\/v2\/comments?post=218"}],"version-history":[{"count":26,"href":"https:\/\/weltlaeden.de\/linz\/wp-json\/wp\/v2\/pages\/218\/revisions"}],"predecessor-version":[{"id":1883,"href":"https:\/\/weltlaeden.de\/linz\/wp-json\/wp\/v2\/pages\/218\/revisions\/1883"}],"wp:attachment":[{"href":"https:\/\/weltlaeden.de\/linz\/wp-json\/wp\/v2\/media?parent=218"}],"curies":[{"name":"wp","href":"https:\/\/api.w.org\/{rel}","templated":true}]}}