{"id":23,"date":"2016-10-14T09:05:21","date_gmt":"2016-10-14T07:05:21","guid":{"rendered":"https:\/\/wl.heimpixel.de\/vorlage\/termine\/"},"modified":"2024-05-08T17:25:46","modified_gmt":"2024-05-08T15:25:46","slug":"termine","status":"publish","type":"page","link":"https:\/\/weltlaeden.de\/lingen\/termine\/","title":{"rendered":"Termine"},"content":{"rendered":"<div class=\"wpb-content-wrapper\"><p>[vc_row][vc_column][vc_empty_space height=&#8220;30px&#8220;]<div class=\"wl_einzelbild\"><p><img loading=\"lazy\" decoding=\"async\" class=\"size-full wp-image-490\" src=\"https:\/\/weltlaeden.de\/lingen\/wp-content\/uploads\/sites\/41\/2016\/10\/termi.jpg\" alt=\"\" width=\"787\" height=\"340\" srcset=\"https:\/\/weltlaeden.de\/lingen\/wp-content\/uploads\/sites\/41\/2016\/10\/termi.jpg 787w, https:\/\/weltlaeden.de\/lingen\/wp-content\/uploads\/sites\/41\/2016\/10\/termi-300x130.jpg 300w, https:\/\/weltlaeden.de\/lingen\/wp-content\/uploads\/sites\/41\/2016\/10\/termi-768x332.jpg 768w\" sizes=\"auto, (max-width: 787px) 100vw, 787px\" \/><\/p><\/div>[vc_empty_space height=&#8220;30px&#8220;][vc_column_text]<\/p>\n<h1><\/h1>\n<h1>Hinweis:<\/h1>\n<p>Informationen \u00fcber aktuelle Veranstaltungen anderer Veranstalter findet Ihr in der rechten Seitenleiste unter \u201eTermine\u201c!<\/p>\n<p>&nbsp;<\/p>\n<h1>Weltladentag am 11. Mai: &#8222;F\u00fcr Klimasch\u00e4den Verantwortung \u00fcbernehmen!&#8220;<\/h1>\n<p>Die Folgen des Klimawandels sind in vielen L\u00e4ndern schon dramatisch sp\u00fcrbar. Zum bundesweiten &#8222;<a href=\"https:\/\/www.weltladen.de\/politik-veraendern\/aktuelle-kampagne\/\" target=\"_blank\" rel=\"noopener\">Weltladentag<\/a>&#8220; am Samstag, 11. Mai 2024 fordern die Weltl\u00e4den, dass f\u00fcr Klimasch\u00e4den endlich Verantwortung \u00fcbernommen wird. Auch der Weltladen Lingen beteiligt sich daran und l\u00e4dt Euch von 10 bis 14 Uhr zu verschiedenen Mitmach-Aktionen in die Gro\u00dfe Str. 3 bis 5 ein! Neben einer Postkartenaktion zur gerechten Verteilung von Hilfsgeldern f\u00fcr Klimasch\u00e4den, k\u00f6nnt Ihr zum Beispiel an einem &#8222;Gl\u00fccksrad&#8220; Euer Wissen testen und Preise gewinnen.<\/p>\n<p>&nbsp;<\/p>\n<h1>Faires Fr\u00fchst\u00fcck: &#8222;Fair genie\u00dfen &#8211; Fr\u00fchst\u00fcck einmal anders&#8220; am 27. April<\/h1>\n<p>Es darf wieder geschlemmt werden! Am 27. April 2024, 9:00 Uhr, l\u00e4dt die Fairtrade- Steuerungsgruppe der Stadt Lingen zum Fairen Fr\u00fchst\u00fcck ein &#8211; und zwar in die Mensa der Gesamtschule Emsland. Die Gesamtschule stellt sich als \u201eFairtrade-Schule\u201c mit unterschiedlichen Beitr\u00e4gen informativ und kreativ vor. Das reichhaltige Fr\u00fchst\u00fcck besteht wie immer aus fairen, biologisch angebauten, saisonalen und regionalen Produkten. Musik rundet das Fr\u00fchst\u00fcck ab. <a href=\"https:\/\/weltlaeden.de\/lingen\/wp-content\/uploads\/sites\/41\/2024\/04\/Flyer-Faires-Fruehstueck-2024.pdf\" target=\"_blank\" rel=\"noopener\">[mehr]<\/a><\/p>\n<p>&nbsp;<\/p>\n<h1><\/h1>\n<h1>Weinprobe am 7. Dezember im Weltladen Lingen<\/h1>\n<p>Am 7. Dezember um 18.30 Uhr kommt Axel Seck vom Weingut Seck in Rheinhessen zu einer Weinprobe zu uns in den Weltladen Lingen. Verkostet werden ca. zw\u00f6lf Weine.<br \/>\nDazu gibt es ausgew\u00e4hlte K\u00e4sesorten, Baguette und faire Schokolade. Alle Weine sind Naturlandfair zertifiziert.<br \/>\nKosten: 27 Euro. Vorkasse ist erforderlich.<br \/>\nWir freuen uns \u00fcber Anmeldungen unter weltladen.lingen@gmx.de, Tel: 96499756 oder direkt im Laden.<\/p>\n<p>&nbsp;<\/p>\n<h1>Veranstaltung: Zweite &#8222;Faire Meile&#8220; am 1. Oktober in Lingen<\/h1>\n<p>Am Sonntag, 01.10.2023 findet von 13:00 bis 18:00 Uhr Lingens zweiter fairer-\u00f6kologischer-regionaler Markt statt. Die Fair-Trade Steuerungsgruppe Lingen bietet dem Publikum ein buntes Programm rund um die Stichworte \u201efair\u201c, \u201c\u00f6kologisch\u201c und \u201eregional\u201c. Neben Erzeugern und Fachgesch\u00e4ften werden auch Vereine, Verb\u00e4nde und Institutionen auf dem Lingener Marktplatz mitwirken (<a href=\"https:\/\/www.lingen.de\/pdf_files\/flyer-faire-meile-2023_9742_1.pdf\" target=\"_blank\" rel=\"noopener\">Flyer mit allen Teilnehmenden<\/a>). Der Weltladen Lingen wird sich mit Kaffee- und Kuchenverkauf im Alten Rathaus und mit Verkaufsst\u00e4nden auf dem Marktplatz beteiligen. <a href=\"https:\/\/www.tourismus-lingen.de\/veranstaltungen\/faire-meile\/faire-meile.html\" target=\"_blank\" rel=\"noopener\">[mehr]<\/a> Aktuelle Infos dazu auch auf der Facebook-Seite: <a href=\"https:\/\/www.facebook.com\/FairtradeStadtLingen\" target=\"_blank\" rel=\"noopener\">[mehr]<\/a>.<\/p>\n<h1><img loading=\"lazy\" decoding=\"async\" class=\"alignnone size-full wp-image-1193\" src=\"https:\/\/weltlaeden.de\/lingen\/wp-content\/uploads\/sites\/41\/2023\/09\/380167715_360913526288974_3478081815707357385_n.jpg\" alt=\"\" width=\"526\" height=\"526\" srcset=\"https:\/\/weltlaeden.de\/lingen\/wp-content\/uploads\/sites\/41\/2023\/09\/380167715_360913526288974_3478081815707357385_n.jpg 526w, https:\/\/weltlaeden.de\/lingen\/wp-content\/uploads\/sites\/41\/2023\/09\/380167715_360913526288974_3478081815707357385_n-300x300.jpg 300w, https:\/\/weltlaeden.de\/lingen\/wp-content\/uploads\/sites\/41\/2023\/09\/380167715_360913526288974_3478081815707357385_n-150x150.jpg 150w\" sizes=\"auto, (max-width: 526px) 100vw, 526px\" \/><\/h1>\n<h1>Tour: \u201eVon Hof zu Hof: erFahre die Landwirtschaft\u201c am 29. September<\/h1>\n<p>Im Rahmen der Fairen Woche wird am Freitag den 29.09.20223 ab 09:00 Uhr die Fahrradtour \u201eVon Hof zu Hof: erFahre die Landwirtschaft\u201c angeboten. Durch Felder und kleine Ortschaften f\u00fchrt Sie unsere Tour zu unterschiedlichen familiengef\u00fchrten Landwirtschaftsbetrieben und Direktvermarktern im s\u00fcdlichen Emsland. Nat\u00fcrlich bleibt auch Zeit, in den jeweiligen Hofl\u00e4den nach hausgemachten K\u00f6stlichkeiten und hochwertigen Lebensmitteln zu st\u00f6bern. In einem idyllischen Hofcaf\u00e9 erwartet Sie ein typischer Mittagsimbiss und am Nachmittag darf auch eine leckere Torte mit einheimischem Obst nicht fehlen. Angefahren werden die H\u00f6fe Heuerhof Elbergen, Querdel und Hof Krone Raue. Streckenl\u00e4nge: ca. 60 km.\u00a0Kosten: 45\u20ac. Tickets gibt es in der\u00a0<a href=\"https:\/\/www.tourismus-lingen.de\/\" target=\"_blank\" rel=\"noopener\">Tourist Information Lingen<\/a>.<\/p>\n<h1><img loading=\"lazy\" decoding=\"async\" class=\"alignnone size-full wp-image-1194\" src=\"https:\/\/weltlaeden.de\/lingen\/wp-content\/uploads\/sites\/41\/2023\/09\/Radtour.jpg\" alt=\"\" width=\"526\" height=\"526\" srcset=\"https:\/\/weltlaeden.de\/lingen\/wp-content\/uploads\/sites\/41\/2023\/09\/Radtour.jpg 526w, https:\/\/weltlaeden.de\/lingen\/wp-content\/uploads\/sites\/41\/2023\/09\/Radtour-300x300.jpg 300w, https:\/\/weltlaeden.de\/lingen\/wp-content\/uploads\/sites\/41\/2023\/09\/Radtour-150x150.jpg 150w\" sizes=\"auto, (max-width: 526px) 100vw, 526px\" \/><\/h1>\n<h1>Vortrag: &#8222;Nachhaltig reisen \u2013 mehr als nur ein Lippenbekenntnis?\u201c am Di., 29. August 2023<\/h1>\n<p><em>F\u00fcr Kurzentschlossene<\/em>: Gemeinsam mit dem AFC l\u00e4dt die Steuerungsgruppe der Fairtrade-Stadt Lingen zu diesem Vortrag ein:<\/p>\n<p>Vortrag: \u201eNachhaltig reisen \u2013 mehr als nur ein Lippenbekenntnis?\u201c<br \/>\nReferent: Frank Hermann, Sachbuchautor, u. a. des Buches &#8222;FAIRreisen &#8211; Handbuch f\u00fcr alle, die umweltbewusst unterwegs sein wollen&#8220;<br \/>\nWann: 29.08.2023 um 19:00 Uhr<br \/>\nWo: im Calvinhaus, Wilhelmstra\u00dfe 42, 49808 Lingen (Ems)<br \/>\nEintritt frei. Spenden f\u00fcr ein Projekt f\u00fcr Kinder im Jemen sind willkommen! \u00a0<a href=\"https:\/\/www.facebook.com\/photo\/?fbid=349667684080225&amp;set=pcb.349669914080002&amp;__cft__[0]=AZU4DOO4Bp96UhTbeljniVNKLkSLfqEy1hrIArCp5AsHD_wT4JKh_8N5xoBiqJEr-oa6OOP4tj2y7hFQLW5GfVFgwxWK8l_w25vMeQxhhSN3O8iJXvK4Fm9SOiU0DtH_PoszIrCuioFYmd_qfq0kBCL10rsZMJKQUvdkuMWGtK_kvoWHabPqCO6fmBYoINg3sjg&amp;__tn__=*bH-R\" target=\"_blank\" rel=\"noopener\">[mehr]<\/a><\/p>\n<p>&nbsp;<\/p>\n<h2 class=\"termine-titel\">Wein und Schokolade\u201c am 28. September!<\/h2>\n<p>Der Weltladen Lingen l\u00e4dt ein! Im Rahmen der Fairen Woche 2022 veranstaltet der Weltladen am Mittwoch, 28. September 2022 ab 19:00 Uhr einen Abend f\u00fcr Liebhaber\/innen von Wein und Schokolade. Und w\u00e4hrend Sie in lockerer Runde mit netten Leuten die fair gehandelten Produkte genie\u00dfen, gibt Ihnen Christa L\u00fcken, unsere Bildungsbeauftragte, viele Infos zu den Menschen hinter den Produkten und zu ihren Geschichten. Kosten: 10 Euro. Anmeldungen bitte an: weltladen.lingen@gmx.de oder Tel: 0591-2413. [mehr]<\/p>\n<div class=\"entry-content\">\n<div class=\"termine-titel\">\n<h2>&#8222;Erste Faire Meile Lingen&#8220;<\/h2>\n<\/div>\n<div class=\"entry-content\">\n<p>Passend zum Erntedank-Fest findet am Sonntag, 02.10.2022 von 13:00 bis 18:00 Uhr Lingens erster fairer-\u00f6kologischer-regionaler Markt statt. Die Fair-Trade Steuerungsgruppe Lingen will als Veranstalter dem Publikum ein buntes Programm rund um die Stichworte \u201efair\u201c, \u201c \u00f6kologisch\u201c und \u201eregional\u201c bieten. Neben Erzeugern und Fachgesch\u00e4ften werden auch Vereine, Verb\u00e4nde und Institutionen auf dem Lingener Marktplatz mitwirken. Der Weltladen Lingen wird sich mit Kaffee- und Kuchenverkauf im Alten Rathaus und mit Verkaufsst\u00e4nden auf dem Marktplatz beteiligen. <a href=\"https:\/\/www.tourismus-lingen.de\/pdf_files\/flyer-faire-meile-2022_8169_1.pdf\" target=\"_blank\" rel=\"noopener\">[mehr]<\/a><\/p>\n<\/div>\n<\/div>\n<h2>Faires Fr\u00fchst\u00fcck 2022 am 10.9.2022<\/h2>\n<p>Das Faire Fr\u00fchst\u00fcck im LWH zum Auftakt der Fairen Woche ist nun leider auch wieder vorbei\u2026 Nach Gru\u00dfworten des Sprechers der Steuerungsgruppe FFT Lingen, Herr Berentzen und des Oberb\u00fcrgermeisters Herrn Krone wurde das Buffet er\u00f6ffnet:<br \/>\nMit Aufstrichen und den Orangensaft vom\u00a0<a class=\"qi72231t nu7423ey n3hqoq4p r86q59rh b3qcqh3k fq87ekyn bdao358l fsf7x5fv rse6dlih s5oniofx m8h3af8h l7ghb35v kjdc1dyq kmwttqpk srn514ro oxkhqvkx rl78xhln nch0832m cr00lzj9 rn8ck1ys s3jn8y49 icdlwmnq notranslate _a6hd\" role=\"link\" href=\"https:\/\/www.instagram.com\/weltladen_lingen\/\">@weltladen_lingen<\/a>, das Obst und Gem\u00fcse vom Biohof Vaal, den K\u00e4se und Milch von der\u00a0<a class=\"qi72231t nu7423ey n3hqoq4p r86q59rh b3qcqh3k fq87ekyn bdao358l fsf7x5fv rse6dlih s5oniofx m8h3af8h l7ghb35v kjdc1dyq kmwttqpk srn514ro oxkhqvkx rl78xhln nch0832m cr00lzj9 rn8ck1ys s3jn8y49 icdlwmnq notranslate _a6hd\" role=\"link\" href=\"https:\/\/www.instagram.com\/kornblume_naturkost\/\">@kornblume_naturkost<\/a> und den Aufschnitt von Taurus Weidefleisch. Anschlie\u00dfend gab es einen Vortrag der\u00a0<a class=\"qi72231t nu7423ey n3hqoq4p r86q59rh b3qcqh3k fq87ekyn bdao358l fsf7x5fv rse6dlih s5oniofx m8h3af8h l7ghb35v kjdc1dyq kmwttqpk srn514ro oxkhqvkx rl78xhln nch0832m cr00lzj9 rn8ck1ys s3jn8y49 icdlwmnq notranslate _a6hd\" role=\"link\" href=\"https:\/\/www.instagram.com\/romeroinitiative\/\">@romeroinitiative<\/a>:<br \/>\nJede\/r hat sehr interessiert zugeh\u00f6rt, als es darum ging, wieviel Bekleidung produziert, nur wenig getragen und dann weggeworfen wird. Wieviel Ressourcen dabei verbraucht werden! Und welche L\u00f6sungsans\u00e4tze es gibt. Und eine L\u00f6sung pr\u00e4sentierte das SKF Lingen mit einer tollen Modenschau! Mit Kleidungsst\u00fccken, die teilweise neu in ihren Laden am Pferdemarkt abgeben werden &#8211; schau mal vorbei! <a href=\"https:\/\/www.instagram.com\/p\/CiXPkBhoWdA\/\" target=\"_blank\" rel=\"noopener\">https:\/\/www.instagram.com\/p\/CiXPkBhoWdA\/\u00a0<\/a><\/p>\n<h2>Aktion \u201eFlower Power \u2013 Sag\u2019s mit fairen Blumen\u201c<\/h2>\n<p>Mit Fairtrade-Rosen auf die St\u00e4rkung von Frauenrechten und den fairen Handel aufmerksam machen \u2013 dieses Ziel haben sich das Gleichstellungsb\u00fcro, das Lingener Frauenforum und die Lingener Fairtrade-Steuerungsgruppe gesetzt. Am Samstag, 12. M\u00e4rz, verteilen sie zwischen 10:00 und 12:30 Uhr hunderte fair gehandelte Rosen auf dem Lingener Marktplatz an B\u00fcrgerinnen und B\u00fcrger. Interessierte k\u00f6nnen sich zudem \u00fcber den fairen Handel mit Blumen informieren. Die Fairtrade-Rosen werden \u00fcber lokale Blumenh\u00e4ndler, die die Fairtrade-Stadt-Kampagne unterst\u00fctzen, sowie Wochenmarkt-Beschicker\/Innen bezogen.\u00a0<a href=\"https:\/\/www.instagram.com\/p\/Cay2CPGOdVh\/\" target=\"_blank\" rel=\"noopener\">[mehr]<\/a><\/p>\n<h2>Filmabend &#8222;Make The World a Better Place&#8220; im Centralkino Lingen<\/h2>\n<p>Die Weltgemeinschaft hat sich im Jahr 2015 auf 17 \u201enachhaltige Entwicklungsziele der Vereinten Nationen\u201c, die sogenannten \u201eSustainable Development Goals\u201c (SDG) geeinigt, um die Welt gerechter und nachhaltiger zu gestalten. Doch wie geht es benachteiligten Menschen im globalen S\u00fcden heute? Was bedeutet Globalisierung f\u00fcr die Menschen, die am Anfang der Produktionsketten unseres t\u00e4glichen Konsums stehen? Im Dokumentarfilm \u201eMake the world a better place\u201c sprechen die Menschen, deren Stimme zu selten Geh\u00f6r findet. Welche Herausforderungen haben sie? Haben sie Hoffnung in die Zukunft? Wenn das eigene Einkommen trotz harter Arbeit kaum ausreicht oder wenn der Kaffeeanbau durch den Klimawandel nach Generationen m\u00fchevoller Arbeit auf einmal auf der Kippe steht, dann sp\u00fcren Kleinbauernfamilien und Arbeiter*innen die H\u00e4rte vom Machtungleichgewicht im Handel. Fairtrade zeigt, dass mit fairen Handelsbedingungen eine nachhaltige Zukunft m\u00f6glich ist.<\/p>\n<p>Der Film wird am Dienstag, 22. M\u00e4rz 2022, um 20:00 Uhr im Centralkino Lingen gezeigt. Im Anschluss gibt es die M\u00f6glichkeit, mit Vertretern der Lingener Stadtratsfraktionen, des Weltladens, der Lingener Fairtrade-Steuerungsgruppe und einer Fairtrade-Aktivistin dar\u00fcber zu diskutieren und sich auszutauschen. Der Filmabend wird vom Weltladen, federf\u00fchrend von Corinna Steinkamp, organisiert.\u00a0<a href=\"https:\/\/weltlaeden.de\/lingen\/wp-content\/uploads\/sites\/41\/2022\/03\/PastedGraphic-2-002.pdf\" target=\"_blank\" rel=\"noopener\">[Mehr]<\/a><\/p>\n<h2>25. Sept. 2021: \u201eFaires Fr\u00fchst\u00fcck\u201c zum Thema Kunsthandwerk<\/h2>\n<p>Der Einladung zum 6. \u201eFairen Fr\u00fchst\u00fcck\u201c sind rund 90 G\u00e4ste gefolgt. Ausverkauft! Neben kulinarischen Gen\u00fcssen\u00a0<a href=\"https:\/\/www.instagram.com\/p\/CUPkflvIhR_\/\" target=\"_blank\" rel=\"noopener\">[mehr]<\/a>\u00a0stand das Thema Kunsthandwerk im Fokus. Melly Baumann stellte das Unternehmen \u201epakilia\u201c vor, das fair gehandelten Silberschmuck aus Mexiko nach Deutschland bringt. \u00dcber weitere Produkte aus fairem Kunsthandwerk informierte Corinna Steinkamp vom Weltladen Lingen.\u00a0<a href=\"https:\/\/nordnews.de\/faires-fruehstueck-rueckt-mexikanische-silberschmiede-in-den-fokus-organisatoren-setzen-bekenntnis-zum-fairen-handel\/\" target=\"_blank\" rel=\"noopener\">[mehr]<\/a>[\/vc_column_text][\/vc_column][\/vc_row]<\/p>\n<\/div>","protected":false},"excerpt":{"rendered":"<p>[vc_row][vc_column][vc_empty_space height=&#8220;30px&#8220;][vc_empty_space height=&#8220;30px&#8220;][vc_column_text] Hinweis: Informationen \u00fcber aktuelle Veranstaltungen anderer Veranstalter findet Ihr in der rechten Seitenleiste unter \u201eTermine\u201c! &nbsp; Weltladentag am 11. Mai: &#8222;F\u00fcr Klimasch\u00e4den Verantwortung \u00fcbernehmen!&#8220; Die Folgen des Klimawandels sind in vielen L\u00e4ndern schon dramatisch sp\u00fcrbar. Zum bundesweiten &#8222;Weltladentag&#8220; am Samstag, 11. Mai 2024 fordern die Weltl\u00e4den, dass f\u00fcr Klimasch\u00e4den endlich Verantwortung \u00fcbernommen&hellip;<\/p>\n","protected":false},"author":1,"featured_media":0,"parent":0,"menu_order":7,"comment_status":"closed","ping_status":"closed","template":"","meta":{"footnotes":""},"class_list":["post-23","page","type-page","status-publish","hentry","description-off"],"yoast_head":"<!-- This site is optimized with the Yoast SEO plugin v26.8 - https:\/\/yoast.com\/product\/yoast-seo-wordpress\/ -->\n<title>Termine - Weltladen Lingen<\/title>\n<meta name=\"robots\" content=\"index, follow, max-snippet:-1, max-image-preview:large, max-video-preview:-1\" \/>\n<link rel=\"canonical\" href=\"https:\/\/weltlaeden.de\/lingen\/termine\/\" \/>\n<meta property=\"og:locale\" content=\"de_DE\" \/>\n<meta property=\"og:type\" content=\"article\" \/>\n<meta property=\"og:title\" content=\"Termine - Weltladen Lingen\" \/>\n<meta property=\"og:description\" content=\"[vc_row][vc_column][vc_empty_space height=&#8220;30px&#8220;][vc_empty_space height=&#8220;30px&#8220;][vc_column_text] Hinweis: Informationen \u00fcber aktuelle Veranstaltungen anderer Veranstalter findet Ihr in der rechten Seitenleiste unter \u201eTermine\u201c! &nbsp; Weltladentag am 11. Mai: &#8222;F\u00fcr Klimasch\u00e4den Verantwortung \u00fcbernehmen!&#8220; Die Folgen des Klimawandels sind in vielen L\u00e4ndern schon dramatisch sp\u00fcrbar. Zum bundesweiten &#8222;Weltladentag&#8220; am Samstag, 11. Mai 2024 fordern die Weltl\u00e4den, dass f\u00fcr Klimasch\u00e4den endlich Verantwortung \u00fcbernommen&hellip;\" \/>\n<meta property=\"og:url\" content=\"https:\/\/weltlaeden.de\/lingen\/termine\/\" \/>\n<meta property=\"og:site_name\" content=\"Weltladen Lingen\" \/>\n<meta property=\"article:modified_time\" content=\"2024-05-08T15:25:46+00:00\" \/>\n<meta property=\"og:image\" content=\"https:\/\/weltlaeden.de\/lingen\/wp-content\/uploads\/sites\/41\/2016\/10\/termi.jpg\" \/>\n<meta name=\"twitter:card\" content=\"summary_large_image\" \/>\n<meta name=\"twitter:label1\" content=\"Gesch\u00e4tzte Lesezeit\" \/>\n\t<meta name=\"twitter:data1\" content=\"8\u00a0Minuten\" \/>\n<script type=\"application\/ld+json\" class=\"yoast-schema-graph\">{\"@context\":\"https:\/\/schema.org\",\"@graph\":[{\"@type\":\"WebPage\",\"@id\":\"https:\/\/weltlaeden.de\/lingen\/termine\/\",\"url\":\"https:\/\/weltlaeden.de\/lingen\/termine\/\",\"name\":\"Termine - Weltladen Lingen\",\"isPartOf\":{\"@id\":\"https:\/\/weltlaeden.de\/lingen\/#website\"},\"primaryImageOfPage\":{\"@id\":\"https:\/\/weltlaeden.de\/lingen\/termine\/#primaryimage\"},\"image\":{\"@id\":\"https:\/\/weltlaeden.de\/lingen\/termine\/#primaryimage\"},\"thumbnailUrl\":\"https:\/\/weltlaeden.de\/lingen\/wp-content\/uploads\/sites\/41\/2016\/10\/termi.jpg\",\"datePublished\":\"2016-10-14T07:05:21+00:00\",\"dateModified\":\"2024-05-08T15:25:46+00:00\",\"breadcrumb\":{\"@id\":\"https:\/\/weltlaeden.de\/lingen\/termine\/#breadcrumb\"},\"inLanguage\":\"de\",\"potentialAction\":[{\"@type\":\"ReadAction\",\"target\":[\"https:\/\/weltlaeden.de\/lingen\/termine\/\"]}]},{\"@type\":\"ImageObject\",\"inLanguage\":\"de\",\"@id\":\"https:\/\/weltlaeden.de\/lingen\/termine\/#primaryimage\",\"url\":\"https:\/\/weltlaeden.de\/lingen\/wp-content\/uploads\/sites\/41\/2016\/10\/termi.jpg\",\"contentUrl\":\"https:\/\/weltlaeden.de\/lingen\/wp-content\/uploads\/sites\/41\/2016\/10\/termi.jpg\",\"width\":787,\"height\":340,\"caption\":\"dav\"},{\"@type\":\"BreadcrumbList\",\"@id\":\"https:\/\/weltlaeden.de\/lingen\/termine\/#breadcrumb\",\"itemListElement\":[{\"@type\":\"ListItem\",\"position\":1,\"name\":\"Startseite\",\"item\":\"https:\/\/weltlaeden.de\/lingen\/\"},{\"@type\":\"ListItem\",\"position\":2,\"name\":\"Termine\"}]},{\"@type\":\"WebSite\",\"@id\":\"https:\/\/weltlaeden.de\/lingen\/#website\",\"url\":\"https:\/\/weltlaeden.de\/lingen\/\",\"name\":\"Vorlage\",\"description\":\"Faire Produkte seit 1990\",\"potentialAction\":[{\"@type\":\"SearchAction\",\"target\":{\"@type\":\"EntryPoint\",\"urlTemplate\":\"https:\/\/weltlaeden.de\/lingen\/?s={search_term_string}\"},\"query-input\":{\"@type\":\"PropertyValueSpecification\",\"valueRequired\":true,\"valueName\":\"search_term_string\"}}],\"inLanguage\":\"de\"}]}<\/script>\n<!-- \/ Yoast SEO plugin. -->","yoast_head_json":{"title":"Termine - Weltladen Lingen","robots":{"index":"index","follow":"follow","max-snippet":"max-snippet:-1","max-image-preview":"max-image-preview:large","max-video-preview":"max-video-preview:-1"},"canonical":"https:\/\/weltlaeden.de\/lingen\/termine\/","og_locale":"de_DE","og_type":"article","og_title":"Termine - Weltladen Lingen","og_description":"[vc_row][vc_column][vc_empty_space height=&#8220;30px&#8220;][vc_empty_space height=&#8220;30px&#8220;][vc_column_text] Hinweis: Informationen \u00fcber aktuelle Veranstaltungen anderer Veranstalter findet Ihr in der rechten Seitenleiste unter \u201eTermine\u201c! &nbsp; Weltladentag am 11. Mai: &#8222;F\u00fcr Klimasch\u00e4den Verantwortung \u00fcbernehmen!&#8220; Die Folgen des Klimawandels sind in vielen L\u00e4ndern schon dramatisch sp\u00fcrbar. Zum bundesweiten &#8222;Weltladentag&#8220; am Samstag, 11. Mai 2024 fordern die Weltl\u00e4den, dass f\u00fcr Klimasch\u00e4den endlich Verantwortung \u00fcbernommen&hellip;","og_url":"https:\/\/weltlaeden.de\/lingen\/termine\/","og_site_name":"Weltladen Lingen","article_modified_time":"2024-05-08T15:25:46+00:00","og_image":[{"url":"https:\/\/weltlaeden.de\/lingen\/wp-content\/uploads\/sites\/41\/2016\/10\/termi.jpg","type":"","width":"","height":""}],"twitter_card":"summary_large_image","twitter_misc":{"Gesch\u00e4tzte Lesezeit":"8\u00a0Minuten"},"schema":{"@context":"https:\/\/schema.org","@graph":[{"@type":"WebPage","@id":"https:\/\/weltlaeden.de\/lingen\/termine\/","url":"https:\/\/weltlaeden.de\/lingen\/termine\/","name":"Termine - Weltladen Lingen","isPartOf":{"@id":"https:\/\/weltlaeden.de\/lingen\/#website"},"primaryImageOfPage":{"@id":"https:\/\/weltlaeden.de\/lingen\/termine\/#primaryimage"},"image":{"@id":"https:\/\/weltlaeden.de\/lingen\/termine\/#primaryimage"},"thumbnailUrl":"https:\/\/weltlaeden.de\/lingen\/wp-content\/uploads\/sites\/41\/2016\/10\/termi.jpg","datePublished":"2016-10-14T07:05:21+00:00","dateModified":"2024-05-08T15:25:46+00:00","breadcrumb":{"@id":"https:\/\/weltlaeden.de\/lingen\/termine\/#breadcrumb"},"inLanguage":"de","potentialAction":[{"@type":"ReadAction","target":["https:\/\/weltlaeden.de\/lingen\/termine\/"]}]},{"@type":"ImageObject","inLanguage":"de","@id":"https:\/\/weltlaeden.de\/lingen\/termine\/#primaryimage","url":"https:\/\/weltlaeden.de\/lingen\/wp-content\/uploads\/sites\/41\/2016\/10\/termi.jpg","contentUrl":"https:\/\/weltlaeden.de\/lingen\/wp-content\/uploads\/sites\/41\/2016\/10\/termi.jpg","width":787,"height":340,"caption":"dav"},{"@type":"BreadcrumbList","@id":"https:\/\/weltlaeden.de\/lingen\/termine\/#breadcrumb","itemListElement":[{"@type":"ListItem","position":1,"name":"Startseite","item":"https:\/\/weltlaeden.de\/lingen\/"},{"@type":"ListItem","position":2,"name":"Termine"}]},{"@type":"WebSite","@id":"https:\/\/weltlaeden.de\/lingen\/#website","url":"https:\/\/weltlaeden.de\/lingen\/","name":"Vorlage","description":"Faire Produkte seit 1990","potentialAction":[{"@type":"SearchAction","target":{"@type":"EntryPoint","urlTemplate":"https:\/\/weltlaeden.de\/lingen\/?s={search_term_string}"},"query-input":{"@type":"PropertyValueSpecification","valueRequired":true,"valueName":"search_term_string"}}],"inLanguage":"de"}]}},"_links":{"self":[{"href":"https:\/\/weltlaeden.de\/lingen\/wp-json\/wp\/v2\/pages\/23","targetHints":{"allow":["GET"]}}],"collection":[{"href":"https:\/\/weltlaeden.de\/lingen\/wp-json\/wp\/v2\/pages"}],"about":[{"href":"https:\/\/weltlaeden.de\/lingen\/wp-json\/wp\/v2\/types\/page"}],"author":[{"embeddable":true,"href":"https:\/\/weltlaeden.de\/lingen\/wp-json\/wp\/v2\/users\/1"}],"replies":[{"embeddable":true,"href":"https:\/\/weltlaeden.de\/lingen\/wp-json\/wp\/v2\/comments?post=23"}],"version-history":[{"count":58,"href":"https:\/\/weltlaeden.de\/lingen\/wp-json\/wp\/v2\/pages\/23\/revisions"}],"predecessor-version":[{"id":1311,"href":"https:\/\/weltlaeden.de\/lingen\/wp-json\/wp\/v2\/pages\/23\/revisions\/1311"}],"wp:attachment":[{"href":"https:\/\/weltlaeden.de\/lingen\/wp-json\/wp\/v2\/media?parent=23"}],"curies":[{"name":"wp","href":"https:\/\/api.w.org\/{rel}","templated":true}]}}