{"id":2135,"date":"2024-06-26T18:34:27","date_gmt":"2024-06-26T16:34:27","guid":{"rendered":"https:\/\/weltlaeden.de\/langen\/?page_id=2135"},"modified":"2024-06-29T16:35:33","modified_gmt":"2024-06-29T14:35:33","slug":"denk-mal","status":"publish","type":"page","link":"https:\/\/weltlaeden.de\/langen\/denk-mal\/","title":{"rendered":"Denk mal!"},"content":{"rendered":"<div class=\"wpb-content-wrapper\"><p>[vc_row][vc_column][vc_empty_space][vc_column_text css=&#8220;&#8220;]<\/p>\n<h1>Denk mal! Langen gegen die Gleichg\u00fcltigkeit<\/h1>\n<p>[\/vc_column_text][\/vc_column][\/vc_row][vc_row][vc_column width=&#8220;1\/2&#8243;]<div class=\"wl_einzelbild\"><p><img loading=\"lazy\" decoding=\"async\" class=\"aligncenter wp-image-2019\" src=\"https:\/\/weltlaeden.de\/langen\/wp-content\/uploads\/sites\/50\/2023\/11\/Denkmal-gdG-Flyer-S1a-190x300.jpg\" alt=\"\" width=\"300\" height=\"474\" srcset=\"https:\/\/weltlaeden.de\/langen\/wp-content\/uploads\/sites\/50\/2023\/11\/Denkmal-gdG-Flyer-S1a-190x300.jpg 190w, https:\/\/weltlaeden.de\/langen\/wp-content\/uploads\/sites\/50\/2023\/11\/Denkmal-gdG-Flyer-S1a-649x1024.jpg 649w, https:\/\/weltlaeden.de\/langen\/wp-content\/uploads\/sites\/50\/2023\/11\/Denkmal-gdG-Flyer-S1a-768x1213.jpg 768w, https:\/\/weltlaeden.de\/langen\/wp-content\/uploads\/sites\/50\/2023\/11\/Denkmal-gdG-Flyer-S1a-973x1536.jpg 973w, https:\/\/weltlaeden.de\/langen\/wp-content\/uploads\/sites\/50\/2023\/11\/Denkmal-gdG-Flyer-S1a.jpg 1000w\" sizes=\"auto, (max-width: 300px) 100vw, 300px\" \/><\/p><\/div>[\/vc_column][vc_column width=&#8220;1\/2&#8243;]<div class=\"wl_einzelbild\"><p><img loading=\"lazy\" decoding=\"async\" class=\"aligncenter wp-image-2020\" src=\"https:\/\/weltlaeden.de\/langen\/wp-content\/uploads\/sites\/50\/2023\/11\/Denkmal-gdG-Flyer-S3a-189x300.jpg\" alt=\"\" width=\"300\" height=\"476\" srcset=\"https:\/\/weltlaeden.de\/langen\/wp-content\/uploads\/sites\/50\/2023\/11\/Denkmal-gdG-Flyer-S3a-189x300.jpg 189w, https:\/\/weltlaeden.de\/langen\/wp-content\/uploads\/sites\/50\/2023\/11\/Denkmal-gdG-Flyer-S3a-646x1024.jpg 646w, https:\/\/weltlaeden.de\/langen\/wp-content\/uploads\/sites\/50\/2023\/11\/Denkmal-gdG-Flyer-S3a-768x1218.jpg 768w, https:\/\/weltlaeden.de\/langen\/wp-content\/uploads\/sites\/50\/2023\/11\/Denkmal-gdG-Flyer-S3a-968x1536.jpg 968w, https:\/\/weltlaeden.de\/langen\/wp-content\/uploads\/sites\/50\/2023\/11\/Denkmal-gdG-Flyer-S3a.jpg 1000w\" sizes=\"auto, (max-width: 300px) 100vw, 300px\" \/><\/p><\/div>[\/vc_column][\/vc_row][vc_row][vc_column][vc_column_text css=&#8220;&#8220;][\/vc_column_text][vc_empty_space][vc_column_text css=&#8220;&#8220;]Liebe BesucherIn dieser Seite,<\/p>\n<p>herzlich Willkommen, sch\u00f6n dass Sie hier sind!<\/p>\n<p>&nbsp;<\/p>\n<p>der Weltladen Langen hat mit Unterst\u00fctzung der Partnerschaft f\u00fcr Demokratie \u201eVielfalt in Langen\u201c im Rahmen des Bundesprogramms \u201eDemokratie leben!\u201c das Projekt \u201eDenkmal gegen die Gleichg\u00fcltigkeit\u201c ins Leben gerufen. Das Denkmal soll in Langen errichtet werden und den Zusammenhalt unsere Stadtgesellschaft st\u00e4rken.<\/p>\n<p>[\/vc_column_text][vc_empty_space][\/vc_column][\/vc_row][vc_row][vc_column][vc_column_text css=&#8220;&#8220;]<\/p>\n<h1>Worum geht es?<\/h1>\n<p>[\/vc_column_text][vc_column_text css=&#8220;&#8220;]Die Idee ist, in Langen ein Denkmal gegen die Gleichg\u00fcltigkeit zu errichten.<\/p>\n<p>Es soll einen Screen geben, auf dem immer wieder neue Beitr\u00e4ge von unterschiedlichen Akteurinnen und Akteuren gezeigt werden. An der Ausgestaltung des Denkmals und der Beitr\u00e4ge sollen m\u00f6glichst viele zivilgesellschaftliche Gruppen und Einzelpersonen mitwirken.<\/p>\n<p>Wir laden Sie und Euch ein, dieses einzigartige Projekt mitzugestalten.[\/vc_column_text][vc_empty_space][\/vc_column][\/vc_row][vc_row][vc_column width=&#8220;1\/2&#8243;]<div class=\"wl_einzelbild\"><p><img loading=\"lazy\" decoding=\"async\" class=\"aligncenter wp-image-2163 size-full\" src=\"https:\/\/weltlaeden.de\/langen\/wp-content\/uploads\/sites\/50\/2024\/06\/1000012833a.jpg\" alt=\"\" width=\"600\" height=\"450\" srcset=\"https:\/\/weltlaeden.de\/langen\/wp-content\/uploads\/sites\/50\/2024\/06\/1000012833a.jpg 600w, https:\/\/weltlaeden.de\/langen\/wp-content\/uploads\/sites\/50\/2024\/06\/1000012833a-300x225.jpg 300w\" sizes=\"auto, (max-width: 600px) 100vw, 600px\" \/><\/p><\/div>[\/vc_column][vc_column width=&#8220;1\/2&#8243;]<div class=\"wl_einzelbild\"><p><img loading=\"lazy\" decoding=\"async\" class=\"aligncenter wp-image-2164 size-full\" src=\"https:\/\/weltlaeden.de\/langen\/wp-content\/uploads\/sites\/50\/2024\/06\/1000012850a.jpg\" alt=\"\" width=\"600\" height=\"451\" srcset=\"https:\/\/weltlaeden.de\/langen\/wp-content\/uploads\/sites\/50\/2024\/06\/1000012850a.jpg 600w, https:\/\/weltlaeden.de\/langen\/wp-content\/uploads\/sites\/50\/2024\/06\/1000012850a-300x226.jpg 300w\" sizes=\"auto, (max-width: 600px) 100vw, 600px\" \/><\/p><\/div>[\/vc_column][\/vc_row][vc_row][vc_column][vc_empty_space][vc_column_text css=&#8220;&#8220;]<\/p>\n<h1>Fragen \u00fcber Fragen<\/h1>\n<p>[\/vc_column_text][vc_column_text css=&#8220;&#8220;]\u2022 Wozu werden Denkm\u00e4ler gebraucht?<br \/>\n\u2022 Wer hat welches Interesse an Denkm\u00e4lern?<br \/>\n\u2022 Worin \u00e4u\u00dfert sich Gleichg\u00fcltigkeit?<br \/>\n\u2022 Wann ist Gleichg\u00fcltigkeit sch\u00e4dlich?<br \/>\n\u2022 Wie kann ein Denkmal gegen die Gleichg\u00fcltigkeit aussehen?<br \/>\n\u2022 Muss das Denkmal gesch\u00fctzt werden?<br \/>\n\u2022 Braucht es eine Satzung f\u00fcr das Denkmal?<br \/>\n\u2022 Braucht es einen Beirat f\u00fcr die Auswahl der Beitr\u00e4ge?<br \/>\n\u2022 Wie kann das Denkmal technisch ausgestaltet werden?<br \/>\n\u2022 Kann ein Denkmal demokratisch entwickelt werden?<\/p>\n<p>Wir hoffen auf einen spannenden Austausch \u00fcber diese und weitere Fragen![\/vc_column_text][vc_empty_space][\/vc_column][\/vc_row][vc_row][vc_column]<div class=\"wl_einzelbild\"><p><img loading=\"lazy\" decoding=\"async\" class=\"aligncenter wp-image-2165 size-full\" src=\"https:\/\/weltlaeden.de\/langen\/wp-content\/uploads\/sites\/50\/2024\/06\/1000012852a.jpg\" alt=\"\" width=\"1500\" height=\"500\" srcset=\"https:\/\/weltlaeden.de\/langen\/wp-content\/uploads\/sites\/50\/2024\/06\/1000012852a.jpg 1500w, https:\/\/weltlaeden.de\/langen\/wp-content\/uploads\/sites\/50\/2024\/06\/1000012852a-300x100.jpg 300w, https:\/\/weltlaeden.de\/langen\/wp-content\/uploads\/sites\/50\/2024\/06\/1000012852a-1024x341.jpg 1024w, https:\/\/weltlaeden.de\/langen\/wp-content\/uploads\/sites\/50\/2024\/06\/1000012852a-768x256.jpg 768w\" sizes=\"auto, (max-width: 1500px) 100vw, 1500px\" \/><\/p><\/div>[\/vc_column][\/vc_row][vc_row][vc_column][vc_empty_space][vc_column_text css=&#8220;&#8220;]<\/p>\n<h1>Was haben wir bisher erreicht?<\/h1>\n<p>[\/vc_column_text][vc_column_text css=&#8220;&#8220;]Im Dezember letzten Jahres wurden in einer <a href=\"https:\/\/www.op-online.de\/region\/langen\/reflexion-und-dialog-ankurbeln-ideen-denkmal-gegen-gleichgueltigkeit-langen-92721233.html\">Auftaktveranstaltung<\/a> hierzu viele Vorschl\u00e4ge und Anregungen zusammengetragen. In einer <a href=\"https:\/\/www.op-online.de\/region\/langen\/denkmal-gegen-die-gleichgueltigkeit-in-langen-nimmt-form-an-93097205.html\">Zukunftswerkstatt<\/a>, am\u00a0 25.05.2024, wurden die Ideen konkretisiert. Dabei wurden verschiedene Themenfelder diskutiert und konkrete Handlungsschritte zur Verwirklichung des Projekts erarbeitet.\u00a0 Ergebnisse und Pressemitteilungen\u00a0 zu diesen vergangenen Treffen k\u00f6nnen Sie zuk\u00fcnftig auch in der <a href=\"https:\/\/weltlaeden.de\/langen\/denk-mal\/historie\/\">Denk mal!-Historie<\/a> einsehen.<\/p>\n<p>F\u00fcr die Mithilfe an der Auftaktveranstaltung bedanken wir uns besonders bei dem Jugendforum Langen, dem Jugendparlament Egelsbach, dem Team vom Weltladen Langen, der Adolf-Reichwein-Schule und der Partnerschaft f\u00fcr Demokratie \u201eVielfalt in Langen\u201c im Rahmen des Bundesprogramms \u201eDemokratie leben!\u201c Auch danken wir Lea Wissel von der AWO \u2013 Kreisverband Offenbach Land e.V. und Carda Sch\u00fcbelin von der Stadt Langen.[\/vc_column_text][vc_empty_space][\/vc_column][\/vc_row][vc_row][vc_column][vc_column_text css=&#8220;&#8220;]<strong>Und <a href=\"https:\/\/weltlaeden.de\/langen\/wp-content\/uploads\/sites\/50\/2023\/11\/FlyerDenkMalfinalerEntwurf.pdf\">hier<\/a> k\u00f6nnen Sie unseren Flyer herunterladen.<\/strong>[\/vc_column_text][vc_empty_space][vc_empty_space][\/vc_column][\/vc_row][vc_row][vc_column width=&#8220;1\/2&#8243;]<div class=\"wl_einzelbild\"><p><img loading=\"lazy\" decoding=\"async\" class=\"aligncenter wp-image-2180 size-full\" src=\"https:\/\/weltlaeden.de\/langen\/wp-content\/uploads\/sites\/50\/2024\/06\/Sponsor2.jpg\" alt=\"\" width=\"600\" height=\"317\" srcset=\"https:\/\/weltlaeden.de\/langen\/wp-content\/uploads\/sites\/50\/2024\/06\/Sponsor2.jpg 600w, https:\/\/weltlaeden.de\/langen\/wp-content\/uploads\/sites\/50\/2024\/06\/Sponsor2-300x159.jpg 300w\" sizes=\"auto, (max-width: 600px) 100vw, 600px\" \/><\/p><\/div>[\/vc_column][vc_column width=&#8220;1\/2&#8243;]<div class=\"wl_einzelbild\"><p><img loading=\"lazy\" decoding=\"async\" class=\"alignright wp-image-2181 size-full\" src=\"https:\/\/weltlaeden.de\/langen\/wp-content\/uploads\/sites\/50\/2024\/06\/Sponsor3.jpg\" alt=\"\" width=\"600\" height=\"225\" srcset=\"https:\/\/weltlaeden.de\/langen\/wp-content\/uploads\/sites\/50\/2024\/06\/Sponsor3.jpg 600w, https:\/\/weltlaeden.de\/langen\/wp-content\/uploads\/sites\/50\/2024\/06\/Sponsor3-300x113.jpg 300w\" sizes=\"auto, (max-width: 600px) 100vw, 600px\" \/><\/p><\/div>[\/vc_column][\/vc_row]<\/p>\n<\/div>","protected":false},"excerpt":{"rendered":"<p>[vc_row][vc_column][vc_empty_space][vc_column_text css=&#8220;&#8220;] Denk mal! Langen gegen die Gleichg\u00fcltigkeit [\/vc_column_text][\/vc_column][\/vc_row][vc_row][vc_column width=&#8220;1\/2&#8243;][\/vc_column][vc_column width=&#8220;1\/2&#8243;][\/vc_column][\/vc_row][vc_row][vc_column][vc_column_text css=&#8220;&#8220;][\/vc_column_text][vc_empty_space][vc_column_text css=&#8220;&#8220;]Liebe BesucherIn dieser Seite, herzlich Willkommen, sch\u00f6n dass Sie hier sind! &nbsp; der Weltladen Langen hat mit Unterst\u00fctzung der Partnerschaft f\u00fcr Demokratie \u201eVielfalt in Langen\u201c im Rahmen des Bundesprogramms \u201eDemokratie leben!\u201c das Projekt \u201eDenkmal gegen die Gleichg\u00fcltigkeit\u201c ins Leben gerufen. Das Denkmal soll&hellip;<\/p>\n","protected":false},"author":76,"featured_media":0,"parent":0,"menu_order":5,"comment_status":"closed","ping_status":"closed","template":"","meta":{"footnotes":""},"class_list":["post-2135","page","type-page","status-publish","hentry","description-off"],"yoast_head":"<!-- This site is optimized with the Yoast SEO plugin v26.8 - https:\/\/yoast.com\/product\/yoast-seo-wordpress\/ -->\n<title>Denk mal! - Weltladen Langen<\/title>\n<meta name=\"robots\" content=\"index, follow, max-snippet:-1, max-image-preview:large, max-video-preview:-1\" \/>\n<link rel=\"canonical\" href=\"https:\/\/weltlaeden.de\/langen\/denk-mal\/\" \/>\n<meta property=\"og:locale\" content=\"de_DE\" \/>\n<meta property=\"og:type\" content=\"article\" \/>\n<meta property=\"og:title\" content=\"Denk mal! - Weltladen Langen\" \/>\n<meta property=\"og:description\" content=\"[vc_row][vc_column][vc_empty_space][vc_column_text css=&#8220;&#8220;] Denk mal! Langen gegen die Gleichg\u00fcltigkeit [\/vc_column_text][\/vc_column][\/vc_row][vc_row][vc_column width=&#8220;1\/2&#8243;][\/vc_column][vc_column width=&#8220;1\/2&#8243;][\/vc_column][\/vc_row][vc_row][vc_column][vc_column_text css=&#8220;&#8220;][\/vc_column_text][vc_empty_space][vc_column_text css=&#8220;&#8220;]Liebe BesucherIn dieser Seite, herzlich Willkommen, sch\u00f6n dass Sie hier sind! &nbsp; der Weltladen Langen hat mit Unterst\u00fctzung der Partnerschaft f\u00fcr Demokratie \u201eVielfalt in Langen\u201c im Rahmen des Bundesprogramms \u201eDemokratie leben!\u201c das Projekt \u201eDenkmal gegen die Gleichg\u00fcltigkeit\u201c ins Leben gerufen. Das Denkmal soll&hellip;\" \/>\n<meta property=\"og:url\" content=\"https:\/\/weltlaeden.de\/langen\/denk-mal\/\" \/>\n<meta property=\"og:site_name\" content=\"Weltladen Langen\" \/>\n<meta property=\"article:modified_time\" content=\"2024-06-29T14:35:33+00:00\" \/>\n<meta property=\"og:image\" content=\"https:\/\/weltlaeden.de\/langen\/wp-content\/uploads\/sites\/50\/2023\/11\/Denkmal-gdG-Flyer-S1a-190x300.jpg\" \/>\n<meta name=\"twitter:card\" content=\"summary_large_image\" \/>\n<meta name=\"twitter:label1\" content=\"Gesch\u00e4tzte Lesezeit\" \/>\n\t<meta name=\"twitter:data1\" content=\"4\u00a0Minuten\" \/>\n<script type=\"application\/ld+json\" class=\"yoast-schema-graph\">{\"@context\":\"https:\/\/schema.org\",\"@graph\":[{\"@type\":\"WebPage\",\"@id\":\"https:\/\/weltlaeden.de\/langen\/denk-mal\/\",\"url\":\"https:\/\/weltlaeden.de\/langen\/denk-mal\/\",\"name\":\"Denk mal! - Weltladen Langen\",\"isPartOf\":{\"@id\":\"https:\/\/weltlaeden.de\/langen\/#website\"},\"primaryImageOfPage\":{\"@id\":\"https:\/\/weltlaeden.de\/langen\/denk-mal\/#primaryimage\"},\"image\":{\"@id\":\"https:\/\/weltlaeden.de\/langen\/denk-mal\/#primaryimage\"},\"thumbnailUrl\":\"https:\/\/weltlaeden.de\/langen\/wp-content\/uploads\/sites\/50\/2023\/11\/Denkmal-gdG-Flyer-S1a-190x300.jpg\",\"datePublished\":\"2024-06-26T16:34:27+00:00\",\"dateModified\":\"2024-06-29T14:35:33+00:00\",\"breadcrumb\":{\"@id\":\"https:\/\/weltlaeden.de\/langen\/denk-mal\/#breadcrumb\"},\"inLanguage\":\"de\",\"potentialAction\":[{\"@type\":\"ReadAction\",\"target\":[\"https:\/\/weltlaeden.de\/langen\/denk-mal\/\"]}]},{\"@type\":\"ImageObject\",\"inLanguage\":\"de\",\"@id\":\"https:\/\/weltlaeden.de\/langen\/denk-mal\/#primaryimage\",\"url\":\"https:\/\/weltlaeden.de\/langen\/wp-content\/uploads\/sites\/50\/2023\/11\/Denkmal-gdG-Flyer-S1a.jpg\",\"contentUrl\":\"https:\/\/weltlaeden.de\/langen\/wp-content\/uploads\/sites\/50\/2023\/11\/Denkmal-gdG-Flyer-S1a.jpg\",\"width\":1000,\"height\":1579},{\"@type\":\"BreadcrumbList\",\"@id\":\"https:\/\/weltlaeden.de\/langen\/denk-mal\/#breadcrumb\",\"itemListElement\":[{\"@type\":\"ListItem\",\"position\":1,\"name\":\"Startseite\",\"item\":\"https:\/\/weltlaeden.de\/langen\/\"},{\"@type\":\"ListItem\",\"position\":2,\"name\":\"Denk mal!\"}]},{\"@type\":\"WebSite\",\"@id\":\"https:\/\/weltlaeden.de\/langen\/#website\",\"url\":\"https:\/\/weltlaeden.de\/langen\/\",\"name\":\"Vorlage\",\"description\":\"Herzlich Willkommen im Weltladen Langen\",\"potentialAction\":[{\"@type\":\"SearchAction\",\"target\":{\"@type\":\"EntryPoint\",\"urlTemplate\":\"https:\/\/weltlaeden.de\/langen\/?s={search_term_string}\"},\"query-input\":{\"@type\":\"PropertyValueSpecification\",\"valueRequired\":true,\"valueName\":\"search_term_string\"}}],\"inLanguage\":\"de\"}]}<\/script>\n<!-- \/ Yoast SEO plugin. -->","yoast_head_json":{"title":"Denk mal! - Weltladen Langen","robots":{"index":"index","follow":"follow","max-snippet":"max-snippet:-1","max-image-preview":"max-image-preview:large","max-video-preview":"max-video-preview:-1"},"canonical":"https:\/\/weltlaeden.de\/langen\/denk-mal\/","og_locale":"de_DE","og_type":"article","og_title":"Denk mal! - Weltladen Langen","og_description":"[vc_row][vc_column][vc_empty_space][vc_column_text css=&#8220;&#8220;] Denk mal! Langen gegen die Gleichg\u00fcltigkeit [\/vc_column_text][\/vc_column][\/vc_row][vc_row][vc_column width=&#8220;1\/2&#8243;][\/vc_column][vc_column width=&#8220;1\/2&#8243;][\/vc_column][\/vc_row][vc_row][vc_column][vc_column_text css=&#8220;&#8220;][\/vc_column_text][vc_empty_space][vc_column_text css=&#8220;&#8220;]Liebe BesucherIn dieser Seite, herzlich Willkommen, sch\u00f6n dass Sie hier sind! &nbsp; der Weltladen Langen hat mit Unterst\u00fctzung der Partnerschaft f\u00fcr Demokratie \u201eVielfalt in Langen\u201c im Rahmen des Bundesprogramms \u201eDemokratie leben!\u201c das Projekt \u201eDenkmal gegen die Gleichg\u00fcltigkeit\u201c ins Leben gerufen. Das Denkmal soll&hellip;","og_url":"https:\/\/weltlaeden.de\/langen\/denk-mal\/","og_site_name":"Weltladen Langen","article_modified_time":"2024-06-29T14:35:33+00:00","og_image":[{"url":"https:\/\/weltlaeden.de\/langen\/wp-content\/uploads\/sites\/50\/2023\/11\/Denkmal-gdG-Flyer-S1a-190x300.jpg","type":"","width":"","height":""}],"twitter_card":"summary_large_image","twitter_misc":{"Gesch\u00e4tzte Lesezeit":"4\u00a0Minuten"},"schema":{"@context":"https:\/\/schema.org","@graph":[{"@type":"WebPage","@id":"https:\/\/weltlaeden.de\/langen\/denk-mal\/","url":"https:\/\/weltlaeden.de\/langen\/denk-mal\/","name":"Denk mal! - Weltladen Langen","isPartOf":{"@id":"https:\/\/weltlaeden.de\/langen\/#website"},"primaryImageOfPage":{"@id":"https:\/\/weltlaeden.de\/langen\/denk-mal\/#primaryimage"},"image":{"@id":"https:\/\/weltlaeden.de\/langen\/denk-mal\/#primaryimage"},"thumbnailUrl":"https:\/\/weltlaeden.de\/langen\/wp-content\/uploads\/sites\/50\/2023\/11\/Denkmal-gdG-Flyer-S1a-190x300.jpg","datePublished":"2024-06-26T16:34:27+00:00","dateModified":"2024-06-29T14:35:33+00:00","breadcrumb":{"@id":"https:\/\/weltlaeden.de\/langen\/denk-mal\/#breadcrumb"},"inLanguage":"de","potentialAction":[{"@type":"ReadAction","target":["https:\/\/weltlaeden.de\/langen\/denk-mal\/"]}]},{"@type":"ImageObject","inLanguage":"de","@id":"https:\/\/weltlaeden.de\/langen\/denk-mal\/#primaryimage","url":"https:\/\/weltlaeden.de\/langen\/wp-content\/uploads\/sites\/50\/2023\/11\/Denkmal-gdG-Flyer-S1a.jpg","contentUrl":"https:\/\/weltlaeden.de\/langen\/wp-content\/uploads\/sites\/50\/2023\/11\/Denkmal-gdG-Flyer-S1a.jpg","width":1000,"height":1579},{"@type":"BreadcrumbList","@id":"https:\/\/weltlaeden.de\/langen\/denk-mal\/#breadcrumb","itemListElement":[{"@type":"ListItem","position":1,"name":"Startseite","item":"https:\/\/weltlaeden.de\/langen\/"},{"@type":"ListItem","position":2,"name":"Denk mal!"}]},{"@type":"WebSite","@id":"https:\/\/weltlaeden.de\/langen\/#website","url":"https:\/\/weltlaeden.de\/langen\/","name":"Vorlage","description":"Herzlich Willkommen im Weltladen Langen","potentialAction":[{"@type":"SearchAction","target":{"@type":"EntryPoint","urlTemplate":"https:\/\/weltlaeden.de\/langen\/?s={search_term_string}"},"query-input":{"@type":"PropertyValueSpecification","valueRequired":true,"valueName":"search_term_string"}}],"inLanguage":"de"}]}},"_links":{"self":[{"href":"https:\/\/weltlaeden.de\/langen\/wp-json\/wp\/v2\/pages\/2135","targetHints":{"allow":["GET"]}}],"collection":[{"href":"https:\/\/weltlaeden.de\/langen\/wp-json\/wp\/v2\/pages"}],"about":[{"href":"https:\/\/weltlaeden.de\/langen\/wp-json\/wp\/v2\/types\/page"}],"author":[{"embeddable":true,"href":"https:\/\/weltlaeden.de\/langen\/wp-json\/wp\/v2\/users\/76"}],"replies":[{"embeddable":true,"href":"https:\/\/weltlaeden.de\/langen\/wp-json\/wp\/v2\/comments?post=2135"}],"version-history":[{"count":33,"href":"https:\/\/weltlaeden.de\/langen\/wp-json\/wp\/v2\/pages\/2135\/revisions"}],"predecessor-version":[{"id":2185,"href":"https:\/\/weltlaeden.de\/langen\/wp-json\/wp\/v2\/pages\/2135\/revisions\/2185"}],"wp:attachment":[{"href":"https:\/\/weltlaeden.de\/langen\/wp-json\/wp\/v2\/media?parent=2135"}],"curies":[{"name":"wp","href":"https:\/\/api.w.org\/{rel}","templated":true}]}}