{"id":1478,"date":"2021-02-07T12:17:26","date_gmt":"2021-02-07T11:17:26","guid":{"rendered":"https:\/\/weltlaeden.de\/langen\/verein\/satzung\/"},"modified":"2021-02-07T13:08:31","modified_gmt":"2021-02-07T12:08:31","slug":"satzung","status":"publish","type":"page","link":"https:\/\/weltlaeden.de\/langen\/verein\/satzung\/","title":{"rendered":"Satzung"},"content":{"rendered":"<div class=\"wpb-content-wrapper\"><p>[vc_row][vc_column][vc_column_text]<\/p>\n<h2>Satzung des Vereins &#8222;Weltladen Langen &#8211; FairHandeln e.V.&#8220;<\/h2>\n<p>[\/vc_column_text][\/vc_column][\/vc_row][vc_row][vc_column][vc_empty_space][\/vc_column][\/vc_row][vc_row][vc_column][vc_column_text]<strong>\u00a7 1 Name, Sitz und Gesch\u00e4ftsjahr des Vereins<\/strong><\/p>\n<p>Der Verein nennt sich: <strong>Weltladen Langen &#8211; FairHandeln e.V.<\/strong><\/p>\n<p>Sitz des Vereins ist Langen\/Hessen. Der Verein ist in das Vereinsregister eingetragen.<\/p>\n<p style=\"text-align: left\">Das Gesch\u00e4ftsjahr ist das Kalenderjahr.<div class=\"gap\" style=\"line-height: 10px; height: 10px;\"><\/div>\n<p><strong>\u00a7 2 Zweck des Vereins<\/strong><\/p>\n<p>1.) Der Zweck des Vereins ist<\/p>\n<ol style=\"list-style-type: lower-alpha\">\n<li><span style=\"font-size: 14px\">die F\u00f6rderung der Erziehung, Volks- und Berufsbildung insbesondere zur\u00a0<\/span><span style=\"font-size: 14px\">Entwicklungspolitik.<\/span><\/li>\n<li>die F\u00f6rderung internationaler Gesinnung, der Toleranz auf allen Gebieten der Kultur\u00a0und des V\u00f6lkerverst\u00e4ndigungsgedankens, sofern nicht nach Satzungszweck und tats\u00e4chlicher Gesch\u00e4ftsf\u00fchrung mit der Verfassung unvereinbare oder \u00fcberwiegend touristische Aktivit\u00e4ten verfolgt werden.<\/li>\n<li>die F\u00f6rderung der Entwicklungshilfe.<\/li>\n<\/ol>\n<p>2.) Der\u00a0<span style=\"font-size: 14px\">Vereinszweck wird verwirklicht<\/span><\/p>\n<p>zu a.<\/p>\n<ul>\n<li><span style=\"font-size: 14px\">durch Bildungs- und Informationsveranstaltungen, Vortr\u00e4ge, Videoabende, Workshops, Ausstellungen u.\u00e4..<\/span><\/li>\n<li style=\"text-align: left\">durch Herausgabe entsprechender Pressemitteilungen und weitere \u00d6ffentlichkeitsarbeit \u00fcber Flyer, Brosch\u00fcren, Artikel etc..<\/li>\n<\/ul>\n<p style=\"text-align: left\">zu b.<\/p>\n<ul>\n<li style=\"text-align: left\">durch Kontakt und Austausch mit Menschen anderer V\u00f6lker z.B. durch gemeinsame Unternehmungen wie Gespr\u00e4chsabende zum Austausch \u00fcber Sitten und Gebr\u00e4uche in Familie und \u00f6ffentlichem Leben im jeweiligen Land, gemeinsames Kochen mit Menschen aus Entwicklungsl\u00e4ndern, Teilnahme an interkulturellen Veranstaltungen der Stadt und anderer Tr\u00e4ger, finanzielle Unterst\u00fctzung einzelner Projekte in Entwicklungsl\u00e4ndern.<\/li>\n<\/ul>\n<p style=\"text-align: left\">zu c.<\/p>\n<ul style=\"text-align: left\">\n<li>durch Sammeln von Spenden.<\/li>\n<li>durch finanzielle und materielle Unterst\u00fctzung von gemeinn\u00fctzigen, sozialintegrativen, genossenschaftlichen und \u00e4hnlichen Initiativen in Entwicklungsl\u00e4ndern.<\/li>\n<\/ul>\n<p>3.)\u00a0<span style=\"font-size: 14px\">Bei seiner T\u00e4tigkeit legt der Verein Wert auf Zusammenarbeit mit allen sozialen, \u00f6ffentlichen, privaten, kirchlichen und wissenschaftlichen Organisationen, die den in Abs. 1. beschriebenen Zielen des Vereins f\u00f6rderlich sind.<div class=\"gap\" style=\"line-height: 10px; height: 10px;\"><\/div><\/span><\/p>\n<p><strong style=\"font-size: 14px\">\u00a7 3 Gemeinn\u00fctzigkeit<\/strong><\/p>\n<ol style=\"text-align: left;list-style-type: lower-alpha\">\n<li>Der Verein verfolgt ausschlie\u00dflich und unmittelbar gemeinn\u00fctzige Zwecke im Sinne des Abschnitts \u201eSteuerbeg\u00fcnstigte Zwecke\u201c der Abgabenordnung in der jeweils g\u00fcltigen Fassung. Der Verein ist selbstlos t\u00e4tig. Er verfolgt nicht in erster Linie eigenwirtschaftliche Zwecke.<\/li>\n<li>Mittel des Vereins d\u00fcrfen nur f\u00fcr die satzungsm\u00e4\u00dfigen Zwecke verwendet werden. Die Mitglieder erhalten keine Zuwendungen aus Mitteln des Vereins.<\/li>\n<li>Es darf keine Person durch Ausgaben, die dem Zweck des Vereins fremd sind oder durch unverh\u00e4ltnism\u00e4\u00dfig hohe Verg\u00fctungen beg\u00fcnstigt werden.<div class=\"gap\" style=\"line-height: 10px; height: 10px;\"><\/div><\/li>\n<\/ol>\n<p><strong>\u00a7\u00a0<\/strong><strong style=\"font-size: 14px\">4 Mitgliedschaft<\/strong><\/p>\n<ol style=\"text-align: left;list-style-type: lower-alpha\">\n<li>Ordentliche Mitglieder k\u00f6nnen nat\u00fcrliche Personen werden, die dem Vereinszweck im Sinne des \u00a7 2 zustimmen.<\/li>\n<li>Au\u00dferordentliche Mitglieder k\u00f6nnen juristische Personen werden, die dem Vereinszweck im Sinne des \u00a7 2 zustimmen. Sie haben kein Stimmrecht, d\u00fcrfen an Mitgliederversammlungen teilnehmen und f\u00f6rdern den Verein finanziell.<\/li>\n<li>\u00dcber die Aufnahme nat\u00fcrlicher Personen als ordentliche Mitglieder entscheidet der Vorstand.<\/li>\n<li>\u00dcber die Aufnahme juristischer Personen entscheidet die Mitgliederversammlung mit einfacher Mehrheit.<\/li>\n<li>Die Mitgliedschaft endet durch freiwilligen Austritt, Ausschluss oder Tod des Mitglieds. Der Mitgliedsbeitrag f\u00fcr das Kalenderjahr wird nicht zur\u00fcckerstattet.<\/li>\n<li>Der freiwillige Austritt erfolgt durch eine schriftliche oder per Email \u00fcbermittelte Erkl\u00e4rung des Mitglieds. Der Austritt ist bis zum Ende des jeweiligen Monats m\u00f6glich.<\/li>\n<li>Der im \u00a7 4 Abs. 5 erw\u00e4hnte Ausschluss eines Mitglieds wegen eines den Zweck oder das Ansehen des Vereins sch\u00e4digenden Verhaltens kann nur mit einer Mehrheit von 2\/3 der auf einer Mitgliederversammlung abgegebenen Stimmen beschlossen werden.<div class=\"gap\" style=\"line-height: 10px; height: 10px;\"><\/div><\/li>\n<\/ol>\n<p><strong>\u00a7\u00a0<\/strong><strong style=\"font-size: 14px\">5 Beitrag<\/strong><\/p>\n<p style=\"text-align: left\">Jedes Mitglied verpflichtet sich zur Zahlung eines Jahresbeitrages. Die Beitragsh\u00f6he wird von der Mitgliederversammlung festgelegt. Der Beitrag ist jeweils am Anfang eines Kalenderjahres auf das Konto des Vereins einzuzahlen.<div class=\"gap\" style=\"line-height: 10px; height: 10px;\"><\/div>\n<p><strong>\u00a7\u00a0<\/strong><strong style=\"font-size: 14px\">6 Organe<\/strong><\/p>\n<p style=\"text-align: left\">Die Organe des Vereins sind<\/p>\n<ol style=\"text-align: left;list-style-type: lower-alpha\">\n<li>die Mitgliederversammlung (MV) und<\/li>\n<li>der Vorstand<div class=\"gap\" style=\"line-height: 10px; height: 10px;\"><\/div><\/li>\n<\/ol>\n<p><strong>\u00a7\u00a0<\/strong><strong style=\"font-size: 14px\">7 Mitgliederversammlung (MV)<\/strong><\/p>\n<p style=\"text-align: left\">Oberstes Organ des <strong>Weltladen Langen &#8211; FairHandeln e.V.<\/strong> ist die Mitgliederversammlung.<\/p>\n<p style=\"text-align: left\">1.) Aufgaben der Mitgliederversammlung<\/p>\n<ol style=\"list-style-type: lower-alpha\">\n<li style=\"text-align: left\">Festlegung der Richtlinien f\u00fcr die T\u00e4tigkeit des Vereins gem\u00e4\u00df \u00a7 2<\/li>\n<li style=\"text-align: left\">Wahl und Entlastung des Vorstandes<\/li>\n<li style=\"text-align: left\">Kenntnisnahme des Gesch\u00e4fts- und Kassenberichts<\/li>\n<li style=\"text-align: left\">Satzungs\u00e4nderung<\/li>\n<li style=\"text-align: left\">Ausschluss von Mitgliedern<\/li>\n<li style=\"text-align: left\">Festsetzung der Beitragsh\u00f6he<\/li>\n<li style=\"text-align: left\">Aufl\u00f6sung des Vereins gem\u00e4\u00df \u00a7 11<\/li>\n<\/ol>\n<p>2.)\u00a0<span style=\"font-size: 14px\">Einberufung und Beschlussf\u00e4higkeit der MV<\/span><\/p>\n<ol style=\"list-style-type: lower-alpha\">\n<li style=\"text-align: left\">Die MV findet mindestens einmal im Jahr statt.<\/li>\n<li style=\"text-align: left\">Die MV ist beschlussf\u00e4hig, wenn zu ihr mit einer Frist von 14 Tagen unter Beif\u00fcgung\u00a0des Tagesordnungsvorschlags eingeladen ist.<\/li>\n<li style=\"text-align: left\">Beschl\u00fcsse werden &#8211; falls in dieser Satzung nicht ausdr\u00fccklich etwas anderes vorgesehen ist &#8211; mit einfacher Stimmenmehrheit gefasst.<\/li>\n<li style=\"text-align: left\">Auf Antrag von 20% der Mitglieder muss eine MV einberufen werden.<\/li>\n<li style=\"text-align: left\">Die MV ist vom Vorstand schriftlich oder per Email einzuberufen.<\/li>\n<li style=\"text-align: left\">Ist eine MV nicht beschlussf\u00e4hig, so kann der Vorstand eine neue MV mit derselben\u00a0Tagesordnung &#8211; nicht jedoch vor Ablauf einer Frist von drei Wochen \u2013 einberufen.\u00a0Diese ist dann in jedem Fall beschlussf\u00e4hig.<\/li>\n<\/ol>\n<p>3.)\u00a0<span style=\"font-size: 14px\">Den Vorsitz der MV f\u00fchrt der\/die Vorsitzende des Vorstandes oder einer seiner\/ihrer Stellvertreter\/innen. Die Beschl\u00fcsse der MV werden protokolliert und von dem\/der Vorsitzenden sowie von dem\/der Protokollf\u00fchrer\/in unterzeichnet.<div class=\"gap\" style=\"line-height: 10px; height: 10px;\"><\/div><\/span><\/p>\n<p><strong>\u00a7\u00a0<\/strong><strong style=\"font-size: 14px\">8 Vorstand<\/strong><\/p>\n<p><span style=\"font-size: 14px\">1.) Mitglieder des Vorstands m\u00fcssen Vereinsmitglieder sein. Der Vorstand besteht aus mindestens vier Personen. Unterschreitet der Vorstand die Mindestzahl von vier Personen w\u00e4hrend seiner Amtszeit, so findet eine Zuwahl durch die Mitgliederversammlung statt.<\/span><\/p>\n<p>2.) Der Vorstand ist an die Beschl\u00fcsse der MV gebunden und f\u00fchrt die laufenden Gesch\u00e4fte.<br \/>\nEr beruft einen\/eine Kassenwart\/in.<\/p>\n<p>3.) Der Vorstand vertritt den Verein gerichtlich und au\u00dfergerichtlich. Jedes Mitglied des Vorstandes ist im Sinne des \u00a7 26 BGB einzeln vertretungsberechtigt. Rechtsgesch\u00e4fte, die den Verein mit mehr als \u20ac 1.000,&#8211; verpflichten, k\u00f6nnen nur mindestens zwei Vorstandsmitglieder gemeinsam t\u00e4tigen.<\/p>\n<p>4.) Der Vorstand hat jeder MV \u00fcber seine T\u00e4tigkeit seit der vorangegangenen MV Rechenschaft zu geben.<\/p>\n<p>5.) Wahlen und Amtszeiten<\/p>\n<ol style=\"list-style-type: lower-alpha\">\n<li>Die Vorstandsmitglieder werden f\u00fcr die Dauer von zwei Jahren gew\u00e4hlt. Sie bleiben auch nach ihrer Amtszeit bis zur Neuwahl im Amt. Wiederwahl ist m\u00f6glich.<\/li>\n<li>Die zur Wahl stehenden Vorstandsmitglieder sind von\u00a0der Mitgliederversammlung zu w\u00e4hlen. Dabei z\u00e4hlt die einfache Mehrheit.<\/li>\n<li>Der Wahlmodus ist jeweils vor der Wahl zu verabreden.<\/li>\n<li>Der Vorstand legt auf seiner konstituierenden Sitzung die Aufgabenverteilung\u00a0<span style=\"font-size: 14px\">innerhalb des Vorstandsteams f\u00fcr seine Amtszeit fest.<div class=\"gap\" style=\"line-height: 10px; height: 10px;\"><\/div><\/span><\/li>\n<\/ol>\n<p><strong>\u00a7\u00a0<\/strong><strong style=\"font-size: 14px\">9 Verg\u00fctungen<\/strong><\/p>\n<ol style=\"list-style-type: lower-alpha\">\n<li>Die \u00c4mter des Vereinsvorstandes werden grunds\u00e4tzlich ehrenamtlich ausge\u00fcbt.<\/li>\n<li>Die Mitgliederversammlung kann abweichend von Absatz (1) beschlie\u00dfen, dass Vorstandsmitgliedern f\u00fcr ihre Vorstandst\u00e4tigkeit eine angemessene Verg\u00fctung gezahlt wird.<\/li>\n<li>Vereinsmitgliedern, die nicht im Vorstand sind, kann auf Vorstandsbeschluss hin eine angemessene T\u00e4tigkeitsverg\u00fctung gezahlt werden.<div class=\"gap\" style=\"line-height: 10px; height: 10px;\"><\/div><\/li>\n<\/ol>\n<p><strong>\u00a7\u00a0<\/strong><strong style=\"font-size: 14px\">10 Satzungs\u00e4nderungen<\/strong><\/p>\n<ol style=\"text-align: left;list-style-type: lower-alpha\">\n<li>Antr\u00e4ge auf \u00c4nderung der Satzung sind schriftlich oder per Email an den Vorstand einzureichen.<\/li>\n<li>Satzungs\u00e4nderungsantr\u00e4ge m\u00fcssen mit der Einladung zur MV allen Mitgliedern schriftlich oder per Email bekannt gegeben werden.<\/li>\n<li>F\u00fcr die Satzungs\u00e4nderung ist eine 2\/3-Mehrheit der bei der MV anwesenden Mitglieder erforderlich.<div class=\"gap\" style=\"line-height: 10px; height: 10px;\"><\/div><\/li>\n<\/ol>\n<p><strong>\u00a7\u00a0<\/strong><strong style=\"font-size: 14px\">11 Aufl\u00f6sung<\/strong><\/p>\n<ol style=\"text-align: left;list-style-type: lower-alpha\">\n<li>Ein Antrag auf Aufl\u00f6sung des Vereins muss schriftlich oder per Email an den Vorstand eingereicht werden.<\/li>\n<li>Der Antrag auf Aufl\u00f6sung muss mit der Einladung zur MV allen Mitgliedern schriftlich oder per Email bekannt gegeben werden.<\/li>\n<li>Die Aufl\u00f6sung bedarf einer 2\/3-Mehrheit der bei der MV anwesenden Mitglieder.<\/li>\n<li>Bei Aufl\u00f6sung oder Aufhebung des Vereins oder bei Wegfall seines bisherigen Zwecks f\u00e4llt das Verm\u00f6gen an den Weltladen Dachverband, der es unmittelbar und ausschlie\u00dflich f\u00fcr gemeinn\u00fctzige Zwecke, mildt\u00e4tige oder kirchliche Zwecke zu verwenden hat.<div class=\"gap\" style=\"line-height: 10px; height: 10px;\"><\/div><\/li>\n<\/ol>\n<p><strong>\u00a7\u00a0<\/strong><strong style=\"font-size: 14px\">12 Gerichtsstand\/Erf\u00fcllungsort<\/strong><\/p>\n<p>Gerichtsstand und Erf\u00fcllungsort ist Langen. Vorstehender Satzungsinhalt wurde von der Mitgliederversammlung am 04.06.2019 beschlossen.<div class=\"gap\" style=\"line-height: 10px; height: 10px;\"><\/div>[\/vc_column_text][\/vc_column][\/vc_row]<\/p>\n<\/div>","protected":false},"excerpt":{"rendered":"<p>[vc_row][vc_column][vc_column_text] Satzung des Vereins &#8222;Weltladen Langen &#8211; FairHandeln e.V.&#8220; [\/vc_column_text][\/vc_column][\/vc_row][vc_row][vc_column][vc_empty_space][\/vc_column][\/vc_row][vc_row][vc_column][vc_column_text]\u00a7 1 Name, Sitz und Gesch\u00e4ftsjahr des Vereins Der Verein nennt sich: Weltladen Langen &#8211; FairHandeln e.V. Sitz des Vereins ist Langen\/Hessen. Der Verein ist in das Vereinsregister eingetragen. Das Gesch\u00e4ftsjahr ist das Kalenderjahr. \u00a7 2 Zweck des Vereins 1.) Der Zweck des Vereins ist die&hellip;<\/p>\n","protected":false},"author":76,"featured_media":0,"parent":736,"menu_order":0,"comment_status":"closed","ping_status":"closed","template":"","meta":{"footnotes":""},"class_list":["post-1478","page","type-page","status-publish","hentry","description-off"],"yoast_head":"<!-- This site is optimized with the Yoast SEO plugin v26.8 - https:\/\/yoast.com\/product\/yoast-seo-wordpress\/ -->\n<title>Satzung - Weltladen Langen<\/title>\n<meta name=\"robots\" content=\"index, follow, max-snippet:-1, max-image-preview:large, max-video-preview:-1\" \/>\n<link rel=\"canonical\" href=\"https:\/\/weltlaeden.de\/langen\/verein\/satzung\/\" \/>\n<meta property=\"og:locale\" content=\"de_DE\" \/>\n<meta property=\"og:type\" content=\"article\" \/>\n<meta property=\"og:title\" content=\"Satzung - Weltladen Langen\" \/>\n<meta property=\"og:description\" content=\"[vc_row][vc_column][vc_column_text] Satzung des Vereins &#8222;Weltladen Langen &#8211; FairHandeln e.V.&#8220; [\/vc_column_text][\/vc_column][\/vc_row][vc_row][vc_column][vc_empty_space][\/vc_column][\/vc_row][vc_row][vc_column][vc_column_text]\u00a7 1 Name, Sitz und Gesch\u00e4ftsjahr des Vereins Der Verein nennt sich: Weltladen Langen &#8211; FairHandeln e.V. Sitz des Vereins ist Langen\/Hessen. Der Verein ist in das Vereinsregister eingetragen. Das Gesch\u00e4ftsjahr ist das Kalenderjahr. \u00a7 2 Zweck des Vereins 1.) Der Zweck des Vereins ist die&hellip;\" \/>\n<meta property=\"og:url\" content=\"https:\/\/weltlaeden.de\/langen\/verein\/satzung\/\" \/>\n<meta property=\"og:site_name\" content=\"Weltladen Langen\" \/>\n<meta property=\"article:modified_time\" content=\"2021-02-07T12:08:31+00:00\" \/>\n<meta name=\"twitter:card\" content=\"summary_large_image\" \/>\n<meta name=\"twitter:label1\" content=\"Gesch\u00e4tzte Lesezeit\" \/>\n\t<meta name=\"twitter:data1\" content=\"6\u00a0Minuten\" \/>\n<script type=\"application\/ld+json\" class=\"yoast-schema-graph\">{\"@context\":\"https:\/\/schema.org\",\"@graph\":[{\"@type\":\"WebPage\",\"@id\":\"https:\/\/weltlaeden.de\/langen\/verein\/satzung\/\",\"url\":\"https:\/\/weltlaeden.de\/langen\/verein\/satzung\/\",\"name\":\"Satzung - Weltladen Langen\",\"isPartOf\":{\"@id\":\"https:\/\/weltlaeden.de\/langen\/#website\"},\"datePublished\":\"2021-02-07T11:17:26+00:00\",\"dateModified\":\"2021-02-07T12:08:31+00:00\",\"breadcrumb\":{\"@id\":\"https:\/\/weltlaeden.de\/langen\/verein\/satzung\/#breadcrumb\"},\"inLanguage\":\"de\",\"potentialAction\":[{\"@type\":\"ReadAction\",\"target\":[\"https:\/\/weltlaeden.de\/langen\/verein\/satzung\/\"]}]},{\"@type\":\"BreadcrumbList\",\"@id\":\"https:\/\/weltlaeden.de\/langen\/verein\/satzung\/#breadcrumb\",\"itemListElement\":[{\"@type\":\"ListItem\",\"position\":1,\"name\":\"Startseite\",\"item\":\"https:\/\/weltlaeden.de\/langen\/\"},{\"@type\":\"ListItem\",\"position\":2,\"name\":\"Verein\",\"item\":\"https:\/\/weltlaeden.de\/langen\/verein\/\"},{\"@type\":\"ListItem\",\"position\":3,\"name\":\"Satzung\"}]},{\"@type\":\"WebSite\",\"@id\":\"https:\/\/weltlaeden.de\/langen\/#website\",\"url\":\"https:\/\/weltlaeden.de\/langen\/\",\"name\":\"Vorlage\",\"description\":\"Herzlich Willkommen im Weltladen Langen\",\"potentialAction\":[{\"@type\":\"SearchAction\",\"target\":{\"@type\":\"EntryPoint\",\"urlTemplate\":\"https:\/\/weltlaeden.de\/langen\/?s={search_term_string}\"},\"query-input\":{\"@type\":\"PropertyValueSpecification\",\"valueRequired\":true,\"valueName\":\"search_term_string\"}}],\"inLanguage\":\"de\"}]}<\/script>\n<!-- \/ Yoast SEO plugin. -->","yoast_head_json":{"title":"Satzung - Weltladen Langen","robots":{"index":"index","follow":"follow","max-snippet":"max-snippet:-1","max-image-preview":"max-image-preview:large","max-video-preview":"max-video-preview:-1"},"canonical":"https:\/\/weltlaeden.de\/langen\/verein\/satzung\/","og_locale":"de_DE","og_type":"article","og_title":"Satzung - Weltladen Langen","og_description":"[vc_row][vc_column][vc_column_text] Satzung des Vereins &#8222;Weltladen Langen &#8211; FairHandeln e.V.&#8220; [\/vc_column_text][\/vc_column][\/vc_row][vc_row][vc_column][vc_empty_space][\/vc_column][\/vc_row][vc_row][vc_column][vc_column_text]\u00a7 1 Name, Sitz und Gesch\u00e4ftsjahr des Vereins Der Verein nennt sich: Weltladen Langen &#8211; FairHandeln e.V. Sitz des Vereins ist Langen\/Hessen. Der Verein ist in das Vereinsregister eingetragen. Das Gesch\u00e4ftsjahr ist das Kalenderjahr. \u00a7 2 Zweck des Vereins 1.) Der Zweck des Vereins ist die&hellip;","og_url":"https:\/\/weltlaeden.de\/langen\/verein\/satzung\/","og_site_name":"Weltladen Langen","article_modified_time":"2021-02-07T12:08:31+00:00","twitter_card":"summary_large_image","twitter_misc":{"Gesch\u00e4tzte Lesezeit":"6\u00a0Minuten"},"schema":{"@context":"https:\/\/schema.org","@graph":[{"@type":"WebPage","@id":"https:\/\/weltlaeden.de\/langen\/verein\/satzung\/","url":"https:\/\/weltlaeden.de\/langen\/verein\/satzung\/","name":"Satzung - Weltladen Langen","isPartOf":{"@id":"https:\/\/weltlaeden.de\/langen\/#website"},"datePublished":"2021-02-07T11:17:26+00:00","dateModified":"2021-02-07T12:08:31+00:00","breadcrumb":{"@id":"https:\/\/weltlaeden.de\/langen\/verein\/satzung\/#breadcrumb"},"inLanguage":"de","potentialAction":[{"@type":"ReadAction","target":["https:\/\/weltlaeden.de\/langen\/verein\/satzung\/"]}]},{"@type":"BreadcrumbList","@id":"https:\/\/weltlaeden.de\/langen\/verein\/satzung\/#breadcrumb","itemListElement":[{"@type":"ListItem","position":1,"name":"Startseite","item":"https:\/\/weltlaeden.de\/langen\/"},{"@type":"ListItem","position":2,"name":"Verein","item":"https:\/\/weltlaeden.de\/langen\/verein\/"},{"@type":"ListItem","position":3,"name":"Satzung"}]},{"@type":"WebSite","@id":"https:\/\/weltlaeden.de\/langen\/#website","url":"https:\/\/weltlaeden.de\/langen\/","name":"Vorlage","description":"Herzlich Willkommen im Weltladen Langen","potentialAction":[{"@type":"SearchAction","target":{"@type":"EntryPoint","urlTemplate":"https:\/\/weltlaeden.de\/langen\/?s={search_term_string}"},"query-input":{"@type":"PropertyValueSpecification","valueRequired":true,"valueName":"search_term_string"}}],"inLanguage":"de"}]}},"_links":{"self":[{"href":"https:\/\/weltlaeden.de\/langen\/wp-json\/wp\/v2\/pages\/1478","targetHints":{"allow":["GET"]}}],"collection":[{"href":"https:\/\/weltlaeden.de\/langen\/wp-json\/wp\/v2\/pages"}],"about":[{"href":"https:\/\/weltlaeden.de\/langen\/wp-json\/wp\/v2\/types\/page"}],"author":[{"embeddable":true,"href":"https:\/\/weltlaeden.de\/langen\/wp-json\/wp\/v2\/users\/76"}],"replies":[{"embeddable":true,"href":"https:\/\/weltlaeden.de\/langen\/wp-json\/wp\/v2\/comments?post=1478"}],"version-history":[{"count":2,"href":"https:\/\/weltlaeden.de\/langen\/wp-json\/wp\/v2\/pages\/1478\/revisions"}],"predecessor-version":[{"id":1480,"href":"https:\/\/weltlaeden.de\/langen\/wp-json\/wp\/v2\/pages\/1478\/revisions\/1480"}],"up":[{"embeddable":true,"href":"https:\/\/weltlaeden.de\/langen\/wp-json\/wp\/v2\/pages\/736"}],"wp:attachment":[{"href":"https:\/\/weltlaeden.de\/langen\/wp-json\/wp\/v2\/media?parent=1478"}],"curies":[{"name":"wp","href":"https:\/\/api.w.org\/{rel}","templated":true}]}}