{"version":"1.0","provider_name":"Weltladen Langen","provider_url":"https:\/\/weltlaeden.de\/langen","title":"Lebendiger Adventskalender - Weltladen Langen","type":"rich","width":600,"height":338,"html":"<blockquote class=\"wp-embedded-content\" data-secret=\"rzEvEPEOBh\"><a href=\"https:\/\/weltlaeden.de\/langen\/termin\/lebendiger-adventskalender-2\/\">Lebendiger Adventskalender<\/a><\/blockquote><iframe sandbox=\"allow-scripts\" security=\"restricted\" src=\"https:\/\/weltlaeden.de\/langen\/termin\/lebendiger-adventskalender-2\/embed\/#?secret=rzEvEPEOBh\" width=\"600\" height=\"338\" title=\"&#8222;Lebendiger Adventskalender&#8220; &#8211; Weltladen Langen\" data-secret=\"rzEvEPEOBh\" frameborder=\"0\" marginwidth=\"0\" marginheight=\"0\" scrolling=\"no\" class=\"wp-embedded-content\"><\/iframe><script>\n\/*! This file is auto-generated *\/\n!function(d,l){\"use strict\";l.querySelector&&d.addEventListener&&\"undefined\"!=typeof URL&&(d.wp=d.wp||{},d.wp.receiveEmbedMessage||(d.wp.receiveEmbedMessage=function(e){var t=e.data;if((t||t.secret||t.message||t.value)&&!\/[^a-zA-Z0-9]\/.test(t.secret)){for(var s,r,n,a=l.querySelectorAll('iframe[data-secret=\"'+t.secret+'\"]'),o=l.querySelectorAll('blockquote[data-secret=\"'+t.secret+'\"]'),c=new RegExp(\"^https?:$\",\"i\"),i=0;i<o.length;i++)o[i].style.display=\"none\";for(i=0;i<a.length;i++)s=a[i],e.source===s.contentWindow&&(s.removeAttribute(\"style\"),\"height\"===t.message?(1e3<(r=parseInt(t.value,10))?r=1e3:~~r<200&&(r=200),s.height=r):\"link\"===t.message&&(r=new URL(s.getAttribute(\"src\")),n=new URL(t.value),c.test(n.protocol))&&n.host===r.host&&l.activeElement===s&&(d.top.location.href=t.value))}},d.addEventListener(\"message\",d.wp.receiveEmbedMessage,!1),l.addEventListener(\"DOMContentLoaded\",function(){for(var e,t,s=l.querySelectorAll(\"iframe.wp-embedded-content\"),r=0;r<s.length;r++)(t=(e=s[r]).getAttribute(\"data-secret\"))||(t=Math.random().toString(36).substring(2,12),e.src+=\"#?secret=\"+t,e.setAttribute(\"data-secret\",t)),e.contentWindow.postMessage({message:\"ready\",secret:t},\"*\")},!1)))}(window,document);\n<\/script>\n","description":"Auch in diesem Jahr l\u00e4dt der Langener Weltladen im Rahmen des Lebendigen Adventskalender zum abendlichen Beisammensein mit gelesener Geschichte, Gesang und kleinen vorweihnachtlichen Leckereien ein.\u00a0Wir treffen uns im Hof neben dem Weltladen-Gesch\u00e4ft in der Bahnstra\u00dfe 102. Eine \u00dcbersicht \u00fcber alle &#8222;T\u00fcrchen&#8220; und Aktionen des vom Verkehrs- und Versch\u00f6nerungsverein Langen organisierten Lebendigen Adventskalenders erhalten Sie hier.","thumbnail_url":"https:\/\/weltlaeden.de\/langen\/wp-content\/uploads\/sites\/50\/2022\/11\/adventskalender_icon.jpg"}