{"id":23,"date":"2016-10-14T09:05:21","date_gmt":"2016-10-14T07:05:21","guid":{"rendered":"https:\/\/wl.heimpixel.de\/vorlage\/termine\/"},"modified":"2025-03-01T21:35:20","modified_gmt":"2025-03-01T20:35:20","slug":"veranstaltungen","status":"publish","type":"page","link":"https:\/\/weltlaeden.de\/landsberg\/veranstaltungen\/","title":{"rendered":"Veranstaltungen"},"content":{"rendered":"<div class=\"wpb-content-wrapper\"><p>[vc_row][vc_column][vc_column_text]<\/p>\n<h1>Das waren unsere Veranstaltungen:<\/h1>\n<h4><\/h4>\n<p>[\/vc_column_text][vc_empty_space height=&#8220;30px&#8220;][\/vc_column][\/vc_row][vc_row][vc_column width=&#8220;1\/4&#8243;][vc_single_image image=&#8220;1447&#8243; img_size=&#8220;400&#215;400&#8243; css=&#8220;&#8220;][\/vc_column][vc_column width=&#8220;3\/4&#8243;][vc_column_text css=&#8220;&#8220;]<\/p>\n<h2><strong>Aktionsstand &#8222;R\u00f6stung gegen Rechts&#8220; am 15. Februar 2025<\/strong><\/h2>\n<p class=\"typo-teaserheadline-SoleXL typo-teaserheadline-SoleXL mb-2.5 md:mb-4.5 block group-[.bg-brand]:text-white-always\">Der Weltladen Landsberg unterst\u00fctzt die Aktion von El Puente \u201eR\u00f6stung gegen Rechts\u201c und organisierte am 15. Februar 2025 erfolgreich einen Kaffeeausschank. <a style=\"font-size: 14px;font-weight: normal\" href=\"https:\/\/weltlaeden.de\/landsberg\/aktionsstand-roestung-gegen-rechts\/\">Lesen Sie hier weiter&#8230;<\/a><\/p>\n<p>[\/vc_column_text][vc_empty_space height=&#8220;50px&#8220;][\/vc_column][\/vc_row][vc_row][vc_column width=&#8220;1\/4&#8243;][vc_single_image image=&#8220;1404&#8243; img_size=&#8220;400&#215;400&#8243; css=&#8220;&#8220;][\/vc_column][vc_column width=&#8220;3\/4&#8243;][vc_column_text css=&#8220;&#8220;]<\/p>\n<h2><strong>Faire Kaffeepause am 05. Oktober 2024<\/strong><\/h2>\n<p>Am Samstag, 05. Oktober 2024 fand in der Landsberger Innenstadt am Toreingang zum Pfarrinnenhof Mari\u00e4 Himmelfahrt der Aktionsstand \u201eFaire Kaffeepause\u201c vom Weltladen Landsberg statt. <a style=\"font-size: 14px;font-weight: normal\" href=\"https:\/\/weltlaeden.de\/landsberg\/faire-kaffeepause\">Lesen Sie hier weiter&#8230;<\/a>[\/vc_column_text][vc_empty_space height=&#8220;50px&#8220;][\/vc_column][\/vc_row][vc_row][vc_column width=&#8220;1\/4&#8243;][vc_single_image image=&#8220;1243&#8243; img_size=&#8220;400&#215;400&#8243;][\/vc_column][vc_column width=&#8220;3\/4&#8243;][vc_column_text]<\/p>\n<h2><strong>Weltladenfest 40+1 am 17. September 2022<br \/>\n<\/strong><\/h2>\n<p><span style=\"font-family: Liberation Sans, sans-serif\">Gerne h\u00e4tte man das 40-j\u00e4hrige Bestehen des Weltladens im vergangenen Jahr gefeiert, doch Corona lie\u00df das nicht zu. Dann wird das eben nachgeholt<\/span>&#8230;\u00a0 <a href=\"https:\/\/weltlaeden.de\/landsberg\/weltladenfest-2022\">Lesen Sie hier weiter&#8230;<\/a>[\/vc_column_text][vc_empty_space height=&#8220;50px&#8220;][\/vc_column][\/vc_row][vc_row][vc_column width=&#8220;1\/4&#8243;][vc_single_image image=&#8220;656&#8243; img_size=&#8220;500&#215;300&#8243;][\/vc_column][vc_column width=&#8220;3\/4&#8243;][vc_column_text]<\/p>\n<h2><strong>MultiplikatorInnen-Workshop zur Handyaktion Bayern am 06. Dezember 2019<br \/>\n<\/strong><\/h2>\n<p>Handys sind in unserem Alltag mittlerweile allgegenw\u00e4rtig. Allein in Deutschland werden jedes Jahr mehr als 35 Millionen neue Handys und Smartphones gekauft. Jedes Ger\u00e4t wird anschlie\u00dfend nur ca. 18 &#8211; 24 Monate genutzt, um dann durch ein neues ersetzt zu werden&#8230;\u00a0 <a href=\"https:\/\/weltlaeden.de\/landsberg\/handy-workshop\">Lesen Sie hier weiter&#8230;<\/a>[\/vc_column_text][vc_empty_space height=&#8220;50px&#8220;][\/vc_column][\/vc_row][vc_row][vc_column width=&#8220;1\/4&#8243;][vc_single_image image=&#8220;821&#8243; img_size=&#8220;500&#215;300&#8243;][\/vc_column][vc_column width=&#8220;3\/4&#8243;][vc_column_text]<\/p>\n<h2><strong>Sommerfest des Weltladens am 27. Juli 2019<br \/>\n<\/strong><\/h2>\n<p>Das Mitarbeiterteam des Weltladens hat wieder ein erfolgreiches Sommerfest im Hof der Pfarrei Mari\u00e4 Himmelfahrt abgehalten. Die zahlreich erschienenen G\u00e4ste wurden mit leckeren Speisen sowie..\u00a0 <a href=\"https:\/\/weltlaeden.de\/landsberg\/sommerfest-2019\">Lesen Sie hier weiter&#8230;<\/a>[\/vc_column_text][vc_empty_space height=&#8220;50px&#8220;][\/vc_column][\/vc_row][vc_row][vc_column width=&#8220;1\/4&#8243;][vc_single_image image=&#8220;808&#8243; img_size=&#8220;500&#215;300&#8243;][\/vc_column][vc_column width=&#8220;3\/4&#8243;][vc_column_text]<\/p>\n<h2><strong>Besuch des Landtages am Mittwoch 05. Juni 2019 auf Einladung von Ludwig Hartmann, Fraktionsvorsitzender B\u00fcndnis 90 \/ Die Gr\u00fcnen<\/strong><\/h2>\n<p>Gemeinsam mit MitarbeiterInnen des Weltladens in Weilheim hatten wir 05.06. 2019 die Gelegenheit, auf Einladung von Ludwig Hartmann, MdL und Fraktionsvorsitzender B\u00fcndnis 90 \/ Die Gr\u00fcnen, den Bayerischen Landtag zu besuchen. <a href=\"https:\/\/weltlaeden.de\/landsberg\/besuch-des-landtages-2019\">Lesen Sie hier weiter&#8230;<\/a>[\/vc_column_text][vc_empty_space height=&#8220;50px&#8220;][\/vc_column][\/vc_row][vc_row][vc_column width=&#8220;1\/4&#8243;][vc_single_image image=&#8220;498&#8243;][\/vc_column][vc_column width=&#8220;3\/4&#8243;][vc_column_text]<\/p>\n<h2><strong>Der erste &#8222;faire&#8220; Landsberger Stadtkaffee begeistert alle!<\/strong><\/h2>\n<p>Bereits bekannt durch die &#8222;faire&#8220; Landsberger Stadtschokolade sorgt das Dominikus-Zimmermann-Gymnasium jetzt f\u00fcr neues Aufsehen auf dem Markt f\u00fcr fair gehandelte Produkte. Vertreter der Sch\u00fclerfirma des Gymnasiums pr\u00e4sentierten am Dienstag, den 29.01.2019 mit ihren beiden Lehrern Frau Partsch und Herrn Pacher im Weltladen Landsberg den neuen Landsberger Stadtkaffee. <a href=\"https:\/\/weltlaeden.de\/landsberg\/stadtkaffee-landsberg\">Lesen Sie hier weiter&#8230;<\/a>[\/vc_column_text][vc_empty_space height=&#8220;50px&#8220;][\/vc_column][\/vc_row][vc_row][vc_column width=&#8220;1\/4&#8243;][vc_single_image image=&#8220;516&#8243;][\/vc_column][vc_column width=&#8220;3\/4&#8243;][vc_column_text]<\/p>\n<h2 class=\"bodytext\" align=\"justify\"><strong>Workshop zum Thema Flucht und Asyl am 12. Oktober 2018<\/strong><\/h2>\n<p>Weltweit nimmt die Zahl von Menschen zu, die auf der Flucht vor Kriegen, Verfolgung, Diskriminierung und Zerst\u00f6rung ihrer Lebensgrundlagen sind.<\/p>\n<p>Europa reagiert mit einem versch\u00e4rften Grenzregime, dem Ausbau der &#8222;Festung Europa&#8220;. Mediale Berichterstattung bedient oft eher \u00c4ngste und Vorurteile. Aber auch die Hilfsbereitschaft gegen\u00fcber Fl\u00fcchtlingen hierzulande w\u00e4chst. <a href=\"https:\/\/weltlaeden.de\/landsberg\/workshop-flucht-und-asyl\">Lesen Sie hier weiter&#8230;<\/a>.[\/vc_column_text][vc_empty_space height=&#8220;50px&#8220;][\/vc_column][\/vc_row][vc_row][vc_column width=&#8220;1\/4&#8243;][vc_single_image image=&#8220;519&#8243;][\/vc_column][vc_column width=&#8220;3\/4&#8243;][vc_column_text]<\/p>\n<h2><strong>Sommerfest des Weltladens am 28. Juli 2018<\/strong><\/h2>\n<p>Zahlreiche Besucher kamen am Samstag, den 28. Juli 2018, zum gelungenen Sommerfest unter dem Motto &#8222;miteinander f\u00fcreinander&#8220; des Weltladens Landsberg. <a href=\"https:\/\/weltlaeden.de\/landsberg\/sommerfest-2018\">Lesen Sie hier weiter&#8230;<\/a>[\/vc_column_text][vc_empty_space height=&#8220;50px&#8220;][\/vc_column][\/vc_row]<\/p>\n<\/div>","protected":false},"excerpt":{"rendered":"<p>[vc_row][vc_column][vc_column_text] Das waren unsere Veranstaltungen: [\/vc_column_text][vc_empty_space height=&#8220;30px&#8220;][\/vc_column][\/vc_row][vc_row][vc_column width=&#8220;1\/4&#8243;][vc_single_image image=&#8220;1447&#8243; img_size=&#8220;400&#215;400&#8243; css=&#8220;&#8220;][\/vc_column][vc_column width=&#8220;3\/4&#8243;][vc_column_text css=&#8220;&#8220;] Aktionsstand &#8222;R\u00f6stung gegen Rechts&#8220; am 15. Februar 2025 Der Weltladen Landsberg unterst\u00fctzt die Aktion von El Puente \u201eR\u00f6stung gegen Rechts\u201c und organisierte am 15. Februar 2025 erfolgreich einen Kaffeeausschank. Lesen Sie hier weiter&#8230; [\/vc_column_text][vc_empty_space height=&#8220;50px&#8220;][\/vc_column][\/vc_row][vc_row][vc_column width=&#8220;1\/4&#8243;][vc_single_image image=&#8220;1404&#8243; img_size=&#8220;400&#215;400&#8243; css=&#8220;&#8220;][\/vc_column][vc_column width=&#8220;3\/4&#8243;][vc_column_text css=&#8220;&#8220;] Faire&hellip;<\/p>\n","protected":false},"author":1,"featured_media":0,"parent":0,"menu_order":6,"comment_status":"closed","ping_status":"closed","template":"","meta":{"footnotes":""},"class_list":["post-23","page","type-page","status-publish","hentry","description-off"],"yoast_head":"<!-- This site is optimized with the Yoast SEO plugin v26.8 - https:\/\/yoast.com\/product\/yoast-seo-wordpress\/ -->\n<title>Veranstaltungen - Weltladen Landsberg<\/title>\n<meta name=\"robots\" content=\"index, follow, max-snippet:-1, max-image-preview:large, max-video-preview:-1\" \/>\n<link rel=\"canonical\" href=\"https:\/\/weltlaeden.de\/landsberg\/veranstaltungen\/\" \/>\n<meta property=\"og:locale\" content=\"de_DE\" \/>\n<meta property=\"og:type\" content=\"article\" \/>\n<meta property=\"og:title\" content=\"Veranstaltungen - Weltladen Landsberg\" \/>\n<meta property=\"og:description\" content=\"[vc_row][vc_column][vc_column_text] Das waren unsere Veranstaltungen: [\/vc_column_text][vc_empty_space height=&#8220;30px&#8220;][\/vc_column][\/vc_row][vc_row][vc_column width=&#8220;1\/4&#8243;][vc_single_image image=&#8220;1447&#8243; img_size=&#8220;400&#215;400&#8243; css=&#8220;&#8220;][\/vc_column][vc_column width=&#8220;3\/4&#8243;][vc_column_text css=&#8220;&#8220;] Aktionsstand &#8222;R\u00f6stung gegen Rechts&#8220; am 15. Februar 2025 Der Weltladen Landsberg unterst\u00fctzt die Aktion von El Puente \u201eR\u00f6stung gegen Rechts\u201c und organisierte am 15. Februar 2025 erfolgreich einen Kaffeeausschank. Lesen Sie hier weiter&#8230; [\/vc_column_text][vc_empty_space height=&#8220;50px&#8220;][\/vc_column][\/vc_row][vc_row][vc_column width=&#8220;1\/4&#8243;][vc_single_image image=&#8220;1404&#8243; img_size=&#8220;400&#215;400&#8243; css=&#8220;&#8220;][\/vc_column][vc_column width=&#8220;3\/4&#8243;][vc_column_text css=&#8220;&#8220;] Faire&hellip;\" \/>\n<meta property=\"og:url\" content=\"https:\/\/weltlaeden.de\/landsberg\/veranstaltungen\/\" \/>\n<meta property=\"og:site_name\" content=\"Weltladen Landsberg\" \/>\n<meta property=\"article:modified_time\" content=\"2025-03-01T20:35:20+00:00\" \/>\n<meta name=\"twitter:card\" content=\"summary_large_image\" \/>\n<meta name=\"twitter:label1\" content=\"Gesch\u00e4tzte Lesezeit\" \/>\n\t<meta name=\"twitter:data1\" content=\"3\u00a0Minuten\" \/>\n<script type=\"application\/ld+json\" class=\"yoast-schema-graph\">{\"@context\":\"https:\/\/schema.org\",\"@graph\":[{\"@type\":\"WebPage\",\"@id\":\"https:\/\/weltlaeden.de\/landsberg\/veranstaltungen\/\",\"url\":\"https:\/\/weltlaeden.de\/landsberg\/veranstaltungen\/\",\"name\":\"Veranstaltungen - Weltladen Landsberg\",\"isPartOf\":{\"@id\":\"https:\/\/weltlaeden.de\/landsberg\/#website\"},\"datePublished\":\"2016-10-14T07:05:21+00:00\",\"dateModified\":\"2025-03-01T20:35:20+00:00\",\"breadcrumb\":{\"@id\":\"https:\/\/weltlaeden.de\/landsberg\/veranstaltungen\/#breadcrumb\"},\"inLanguage\":\"de\",\"potentialAction\":[{\"@type\":\"ReadAction\",\"target\":[\"https:\/\/weltlaeden.de\/landsberg\/veranstaltungen\/\"]}]},{\"@type\":\"BreadcrumbList\",\"@id\":\"https:\/\/weltlaeden.de\/landsberg\/veranstaltungen\/#breadcrumb\",\"itemListElement\":[{\"@type\":\"ListItem\",\"position\":1,\"name\":\"Startseite\",\"item\":\"https:\/\/weltlaeden.de\/landsberg\/\"},{\"@type\":\"ListItem\",\"position\":2,\"name\":\"Veranstaltungen\"}]},{\"@type\":\"WebSite\",\"@id\":\"https:\/\/weltlaeden.de\/landsberg\/#website\",\"url\":\"https:\/\/weltlaeden.de\/landsberg\/\",\"name\":\"Vorlage\",\"description\":\"Faire Produkte seit 1981\",\"potentialAction\":[{\"@type\":\"SearchAction\",\"target\":{\"@type\":\"EntryPoint\",\"urlTemplate\":\"https:\/\/weltlaeden.de\/landsberg\/?s={search_term_string}\"},\"query-input\":{\"@type\":\"PropertyValueSpecification\",\"valueRequired\":true,\"valueName\":\"search_term_string\"}}],\"inLanguage\":\"de\"}]}<\/script>\n<!-- \/ Yoast SEO plugin. -->","yoast_head_json":{"title":"Veranstaltungen - Weltladen Landsberg","robots":{"index":"index","follow":"follow","max-snippet":"max-snippet:-1","max-image-preview":"max-image-preview:large","max-video-preview":"max-video-preview:-1"},"canonical":"https:\/\/weltlaeden.de\/landsberg\/veranstaltungen\/","og_locale":"de_DE","og_type":"article","og_title":"Veranstaltungen - Weltladen Landsberg","og_description":"[vc_row][vc_column][vc_column_text] Das waren unsere Veranstaltungen: [\/vc_column_text][vc_empty_space height=&#8220;30px&#8220;][\/vc_column][\/vc_row][vc_row][vc_column width=&#8220;1\/4&#8243;][vc_single_image image=&#8220;1447&#8243; img_size=&#8220;400&#215;400&#8243; css=&#8220;&#8220;][\/vc_column][vc_column width=&#8220;3\/4&#8243;][vc_column_text css=&#8220;&#8220;] Aktionsstand &#8222;R\u00f6stung gegen Rechts&#8220; am 15. Februar 2025 Der Weltladen Landsberg unterst\u00fctzt die Aktion von El Puente \u201eR\u00f6stung gegen Rechts\u201c und organisierte am 15. Februar 2025 erfolgreich einen Kaffeeausschank. Lesen Sie hier weiter&#8230; [\/vc_column_text][vc_empty_space height=&#8220;50px&#8220;][\/vc_column][\/vc_row][vc_row][vc_column width=&#8220;1\/4&#8243;][vc_single_image image=&#8220;1404&#8243; img_size=&#8220;400&#215;400&#8243; css=&#8220;&#8220;][\/vc_column][vc_column width=&#8220;3\/4&#8243;][vc_column_text css=&#8220;&#8220;] Faire&hellip;","og_url":"https:\/\/weltlaeden.de\/landsberg\/veranstaltungen\/","og_site_name":"Weltladen Landsberg","article_modified_time":"2025-03-01T20:35:20+00:00","twitter_card":"summary_large_image","twitter_misc":{"Gesch\u00e4tzte Lesezeit":"3\u00a0Minuten"},"schema":{"@context":"https:\/\/schema.org","@graph":[{"@type":"WebPage","@id":"https:\/\/weltlaeden.de\/landsberg\/veranstaltungen\/","url":"https:\/\/weltlaeden.de\/landsberg\/veranstaltungen\/","name":"Veranstaltungen - Weltladen Landsberg","isPartOf":{"@id":"https:\/\/weltlaeden.de\/landsberg\/#website"},"datePublished":"2016-10-14T07:05:21+00:00","dateModified":"2025-03-01T20:35:20+00:00","breadcrumb":{"@id":"https:\/\/weltlaeden.de\/landsberg\/veranstaltungen\/#breadcrumb"},"inLanguage":"de","potentialAction":[{"@type":"ReadAction","target":["https:\/\/weltlaeden.de\/landsberg\/veranstaltungen\/"]}]},{"@type":"BreadcrumbList","@id":"https:\/\/weltlaeden.de\/landsberg\/veranstaltungen\/#breadcrumb","itemListElement":[{"@type":"ListItem","position":1,"name":"Startseite","item":"https:\/\/weltlaeden.de\/landsberg\/"},{"@type":"ListItem","position":2,"name":"Veranstaltungen"}]},{"@type":"WebSite","@id":"https:\/\/weltlaeden.de\/landsberg\/#website","url":"https:\/\/weltlaeden.de\/landsberg\/","name":"Vorlage","description":"Faire Produkte seit 1981","potentialAction":[{"@type":"SearchAction","target":{"@type":"EntryPoint","urlTemplate":"https:\/\/weltlaeden.de\/landsberg\/?s={search_term_string}"},"query-input":{"@type":"PropertyValueSpecification","valueRequired":true,"valueName":"search_term_string"}}],"inLanguage":"de"}]}},"_links":{"self":[{"href":"https:\/\/weltlaeden.de\/landsberg\/wp-json\/wp\/v2\/pages\/23","targetHints":{"allow":["GET"]}}],"collection":[{"href":"https:\/\/weltlaeden.de\/landsberg\/wp-json\/wp\/v2\/pages"}],"about":[{"href":"https:\/\/weltlaeden.de\/landsberg\/wp-json\/wp\/v2\/types\/page"}],"author":[{"embeddable":true,"href":"https:\/\/weltlaeden.de\/landsberg\/wp-json\/wp\/v2\/users\/1"}],"replies":[{"embeddable":true,"href":"https:\/\/weltlaeden.de\/landsberg\/wp-json\/wp\/v2\/comments?post=23"}],"version-history":[{"count":43,"href":"https:\/\/weltlaeden.de\/landsberg\/wp-json\/wp\/v2\/pages\/23\/revisions"}],"predecessor-version":[{"id":1453,"href":"https:\/\/weltlaeden.de\/landsberg\/wp-json\/wp\/v2\/pages\/23\/revisions\/1453"}],"wp:attachment":[{"href":"https:\/\/weltlaeden.de\/landsberg\/wp-json\/wp\/v2\/media?parent=23"}],"curies":[{"name":"wp","href":"https:\/\/api.w.org\/{rel}","templated":true}]}}