{"id":219,"date":"2016-10-28T13:34:47","date_gmt":"2016-10-28T11:34:47","guid":{"rendered":"https:\/\/wl.heimpixel.de\/vorlage\/ueber-uns\/"},"modified":"2023-12-06T17:04:03","modified_gmt":"2023-12-06T16:04:03","slug":"ueber-uns","status":"publish","type":"page","link":"https:\/\/weltlaeden.de\/kupferdreh\/ueber-uns\/","title":{"rendered":"\u00dcber uns"},"content":{"rendered":"<div class=\"wpb-content-wrapper\"><p><img decoding=\"async\" class=\"aligncenter\" src=\"https:\/\/weltlaeden.de\/kupferdreh\/wp-content\/uploads\/sites\/57\/2023\/01\/Mannschaft-Weltladen-3.jpg\" \/>[vc_row][vc_column]<div class=\"wl_einzelbild\"><p><\/p><\/div>Das Mitarbeiterteam f\u00fcr Weltladen, Marktstand und Kirchenverkauf beim Neujahrsbrunch 2023[vc_empty_space][vc_column_text]<\/p>\n<h1>\u00dcber den Weltladen Kupferdreh<\/h1>\n<p>[\/vc_column_text][vc_column_text]Unser \u00d6kumenischer Eine-Welt-Kreis verkauft schon l\u00e4nger auf dem Kupferdreher Markt vor allem Kaffee und Schokolade aus fairem Handel. Alle arbeiten ehrenamtlich, der Erl\u00f6s flie\u00dft in F\u00f6rderprojekte der kath. und ev. Gemeinden der Ruhrhalbinsel.<br \/>\nUnser selbst-gezimmerter Marktstand ist nunmehr in die Jahre gekommen. Auch um unser Sortiment auf faire Non-food-Produkte (Taschen, K\u00f6rbe etc.) auszuweiten, haben wir 2018 den &#8222;Weltladen Kupferdreh&#8220; als Ladenlokal er\u00f6ffnet.<\/p>\n<p>Im November 2023 konnten wir unser<strong> 5-j\u00e4hriges Ladenjubil\u00e4um<\/strong> begehen! Viele treue Mitstreiter und Kunden besuchten uns. Auch die Presse zeigte Interesse. Einen Bericht im WAZ Lokalteil k\u00f6nnen Sie <a href=\"https:\/\/weltlaeden.de\/kupferdreh\/wp-content\/uploads\/sites\/57\/2023\/12\/WAZ-Artikel.pdf\" target=\"_blank\" rel=\"noopener\">hier<\/a> lesen. [\/vc_column_text][\/vc_column][\/vc_row][vc_row][vc_column][vc_empty_space][vc_column_text]<\/p>\n<h1>Mitmachen !<\/h1>\n<p><img decoding=\"async\" class=\"aligncenter\" src=\"https:\/\/weltlaeden.de\/kupferdreh\/wp-content\/uploads\/sites\/57\/2023\/01\/22-05-21-Kaffeegarten.jpg\" \/>[vc_row][vc_column]<div class=\"wl_einzelbild\"><p><\/p><\/div><div class=\"wl_einzelbild\"><p><\/p><\/div>Treffen im Kaffeegarten Gruga zur Fortbildung[vc_empty_space][vc_column_text]<\/p>\n<p>[\/vc_column_text][vc_column_text]<strong>Wir suchen<\/strong> Menschen, die Lust haben, sich ehrenamtlich f\u00fcr eine offene, transparente, \u00f6kologische und nachhaltige Form des Wirtschaftens zu engagieren. Ob im Verkauf, der Informations- oder Bildungsarbeit &#8211; die M\u00f6glichkeiten, in unserem Team mitzumachen sind vielf\u00e4ltig und lassen sich bestimmt auch in Deinen Alltag integrieren!<\/p>\n<p>Neben regelm\u00e4\u00dfigen Aufgaben gibt es bei uns auch immer wieder einzelne zeitlich befristete Projekte (z.B. Adventst\u00fctenaktion), f\u00fcr die wir Unterst\u00fctzer\/innen suchen. Viele Aufgaben erfordern keine speziellen Vorkenntnisse, sondern nur Deine Bereitschaft, Deine F\u00e4higkeiten einzubringen und eventuell in neuen Bereichen dazuzulernen.<\/p>\n<p><strong>Ansprechpartner\/in:<\/strong><br \/>\nAnnette Sonnenschein<br \/>\nTel.: 0176 8736 1724<\/p>\n<p><strong>Wir freuen uns auf Dich!<\/strong>[\/vc_column_text][\/vc_column][\/vc_row]<\/p>\n<\/div>","protected":false},"excerpt":{"rendered":"<p>[vc_row][vc_column]Das Mitarbeiterteam f\u00fcr Weltladen, Marktstand und Kirchenverkauf beim Neujahrsbrunch 2023[vc_empty_space][vc_column_text] \u00dcber den Weltladen Kupferdreh [\/vc_column_text][vc_column_text]Unser \u00d6kumenischer Eine-Welt-Kreis verkauft schon l\u00e4nger auf dem Kupferdreher Markt vor allem Kaffee und Schokolade aus fairem Handel. Alle arbeiten ehrenamtlich, der Erl\u00f6s flie\u00dft in F\u00f6rderprojekte der kath. und ev. Gemeinden der Ruhrhalbinsel. Unser selbst-gezimmerter Marktstand ist nunmehr in die Jahre&hellip;<\/p>\n","protected":false},"author":1,"featured_media":568,"parent":0,"menu_order":7,"comment_status":"closed","ping_status":"closed","template":"","meta":{"footnotes":""},"class_list":["post-219","page","type-page","status-publish","has-post-thumbnail","hentry","description-off"],"yoast_head":"<!-- This site is optimized with the Yoast SEO plugin v26.8 - https:\/\/yoast.com\/product\/yoast-seo-wordpress\/ -->\n<title>\u00dcber uns - Weltladen Kupferdreh<\/title>\n<meta name=\"description\" content=\"Eine-Welt-Verkauf, Weltladen, Faire Produkte\" \/>\n<meta name=\"robots\" content=\"index, follow, max-snippet:-1, max-image-preview:large, max-video-preview:-1\" \/>\n<link rel=\"canonical\" href=\"https:\/\/weltlaeden.de\/kupferdreh\/ueber-uns\/\" \/>\n<meta property=\"og:locale\" content=\"de_DE\" \/>\n<meta property=\"og:type\" content=\"article\" \/>\n<meta property=\"og:title\" content=\"\u00dcber uns - Weltladen Kupferdreh\" \/>\n<meta property=\"og:description\" content=\"Eine-Welt-Verkauf, Weltladen, Faire Produkte\" \/>\n<meta property=\"og:url\" content=\"https:\/\/weltlaeden.de\/kupferdreh\/ueber-uns\/\" \/>\n<meta property=\"og:site_name\" content=\"Weltladen Kupferdreh\" \/>\n<meta property=\"article:modified_time\" content=\"2023-12-06T16:04:03+00:00\" \/>\n<meta property=\"og:image\" content=\"https:\/\/weltlaeden.de\/kupferdreh\/wp-content\/uploads\/sites\/57\/2020\/05\/Dich-Fair\u00e4ndern2.jpg\" \/>\n\t<meta property=\"og:image:width\" content=\"1681\" \/>\n\t<meta property=\"og:image:height\" content=\"1707\" \/>\n\t<meta property=\"og:image:type\" content=\"image\/jpeg\" \/>\n<meta name=\"twitter:card\" content=\"summary_large_image\" \/>\n<meta name=\"twitter:label1\" content=\"Gesch\u00e4tzte Lesezeit\" \/>\n\t<meta name=\"twitter:data1\" content=\"2\u00a0Minuten\" \/>\n<script type=\"application\/ld+json\" class=\"yoast-schema-graph\">{\"@context\":\"https:\/\/schema.org\",\"@graph\":[{\"@type\":\"WebPage\",\"@id\":\"https:\/\/weltlaeden.de\/kupferdreh\/ueber-uns\/\",\"url\":\"https:\/\/weltlaeden.de\/kupferdreh\/ueber-uns\/\",\"name\":\"\u00dcber uns - Weltladen Kupferdreh\",\"isPartOf\":{\"@id\":\"https:\/\/weltlaeden.de\/kupferdreh\/#website\"},\"primaryImageOfPage\":{\"@id\":\"https:\/\/weltlaeden.de\/kupferdreh\/ueber-uns\/#primaryimage\"},\"image\":{\"@id\":\"https:\/\/weltlaeden.de\/kupferdreh\/ueber-uns\/#primaryimage\"},\"thumbnailUrl\":\"https:\/\/weltlaeden.de\/kupferdreh\/wp-content\/uploads\/sites\/57\/2020\/05\/Dich-Fair\u00e4ndern2.jpg\",\"datePublished\":\"2016-10-28T11:34:47+00:00\",\"dateModified\":\"2023-12-06T16:04:03+00:00\",\"description\":\"Eine-Welt-Verkauf, Weltladen, Faire Produkte\",\"breadcrumb\":{\"@id\":\"https:\/\/weltlaeden.de\/kupferdreh\/ueber-uns\/#breadcrumb\"},\"inLanguage\":\"de\",\"potentialAction\":[{\"@type\":\"ReadAction\",\"target\":[\"https:\/\/weltlaeden.de\/kupferdreh\/ueber-uns\/\"]}]},{\"@type\":\"ImageObject\",\"inLanguage\":\"de\",\"@id\":\"https:\/\/weltlaeden.de\/kupferdreh\/ueber-uns\/#primaryimage\",\"url\":\"https:\/\/weltlaeden.de\/kupferdreh\/wp-content\/uploads\/sites\/57\/2020\/05\/Dich-Fair\u00e4ndern2.jpg\",\"contentUrl\":\"https:\/\/weltlaeden.de\/kupferdreh\/wp-content\/uploads\/sites\/57\/2020\/05\/Dich-Fair\u00e4ndern2.jpg\",\"width\":1681,\"height\":1707},{\"@type\":\"BreadcrumbList\",\"@id\":\"https:\/\/weltlaeden.de\/kupferdreh\/ueber-uns\/#breadcrumb\",\"itemListElement\":[{\"@type\":\"ListItem\",\"position\":1,\"name\":\"Startseite\",\"item\":\"https:\/\/weltlaeden.de\/kupferdreh\/\"},{\"@type\":\"ListItem\",\"position\":2,\"name\":\"\u00dcber uns\"}]},{\"@type\":\"WebSite\",\"@id\":\"https:\/\/weltlaeden.de\/kupferdreh\/#website\",\"url\":\"https:\/\/weltlaeden.de\/kupferdreh\/\",\"name\":\"Vorlage\",\"description\":\"Faire Produkte seit 1994\",\"potentialAction\":[{\"@type\":\"SearchAction\",\"target\":{\"@type\":\"EntryPoint\",\"urlTemplate\":\"https:\/\/weltlaeden.de\/kupferdreh\/?s={search_term_string}\"},\"query-input\":{\"@type\":\"PropertyValueSpecification\",\"valueRequired\":true,\"valueName\":\"search_term_string\"}}],\"inLanguage\":\"de\"}]}<\/script>\n<!-- \/ Yoast SEO plugin. -->","yoast_head_json":{"title":"\u00dcber uns - Weltladen Kupferdreh","description":"Eine-Welt-Verkauf, Weltladen, Faire Produkte","robots":{"index":"index","follow":"follow","max-snippet":"max-snippet:-1","max-image-preview":"max-image-preview:large","max-video-preview":"max-video-preview:-1"},"canonical":"https:\/\/weltlaeden.de\/kupferdreh\/ueber-uns\/","og_locale":"de_DE","og_type":"article","og_title":"\u00dcber uns - Weltladen Kupferdreh","og_description":"Eine-Welt-Verkauf, Weltladen, Faire Produkte","og_url":"https:\/\/weltlaeden.de\/kupferdreh\/ueber-uns\/","og_site_name":"Weltladen Kupferdreh","article_modified_time":"2023-12-06T16:04:03+00:00","og_image":[{"width":1681,"height":1707,"url":"https:\/\/weltlaeden.de\/kupferdreh\/wp-content\/uploads\/sites\/57\/2020\/05\/Dich-Fair\u00e4ndern2.jpg","type":"image\/jpeg"}],"twitter_card":"summary_large_image","twitter_misc":{"Gesch\u00e4tzte Lesezeit":"2\u00a0Minuten"},"schema":{"@context":"https:\/\/schema.org","@graph":[{"@type":"WebPage","@id":"https:\/\/weltlaeden.de\/kupferdreh\/ueber-uns\/","url":"https:\/\/weltlaeden.de\/kupferdreh\/ueber-uns\/","name":"\u00dcber uns - Weltladen Kupferdreh","isPartOf":{"@id":"https:\/\/weltlaeden.de\/kupferdreh\/#website"},"primaryImageOfPage":{"@id":"https:\/\/weltlaeden.de\/kupferdreh\/ueber-uns\/#primaryimage"},"image":{"@id":"https:\/\/weltlaeden.de\/kupferdreh\/ueber-uns\/#primaryimage"},"thumbnailUrl":"https:\/\/weltlaeden.de\/kupferdreh\/wp-content\/uploads\/sites\/57\/2020\/05\/Dich-Fair\u00e4ndern2.jpg","datePublished":"2016-10-28T11:34:47+00:00","dateModified":"2023-12-06T16:04:03+00:00","description":"Eine-Welt-Verkauf, Weltladen, Faire Produkte","breadcrumb":{"@id":"https:\/\/weltlaeden.de\/kupferdreh\/ueber-uns\/#breadcrumb"},"inLanguage":"de","potentialAction":[{"@type":"ReadAction","target":["https:\/\/weltlaeden.de\/kupferdreh\/ueber-uns\/"]}]},{"@type":"ImageObject","inLanguage":"de","@id":"https:\/\/weltlaeden.de\/kupferdreh\/ueber-uns\/#primaryimage","url":"https:\/\/weltlaeden.de\/kupferdreh\/wp-content\/uploads\/sites\/57\/2020\/05\/Dich-Fair\u00e4ndern2.jpg","contentUrl":"https:\/\/weltlaeden.de\/kupferdreh\/wp-content\/uploads\/sites\/57\/2020\/05\/Dich-Fair\u00e4ndern2.jpg","width":1681,"height":1707},{"@type":"BreadcrumbList","@id":"https:\/\/weltlaeden.de\/kupferdreh\/ueber-uns\/#breadcrumb","itemListElement":[{"@type":"ListItem","position":1,"name":"Startseite","item":"https:\/\/weltlaeden.de\/kupferdreh\/"},{"@type":"ListItem","position":2,"name":"\u00dcber uns"}]},{"@type":"WebSite","@id":"https:\/\/weltlaeden.de\/kupferdreh\/#website","url":"https:\/\/weltlaeden.de\/kupferdreh\/","name":"Vorlage","description":"Faire Produkte seit 1994","potentialAction":[{"@type":"SearchAction","target":{"@type":"EntryPoint","urlTemplate":"https:\/\/weltlaeden.de\/kupferdreh\/?s={search_term_string}"},"query-input":{"@type":"PropertyValueSpecification","valueRequired":true,"valueName":"search_term_string"}}],"inLanguage":"de"}]}},"_links":{"self":[{"href":"https:\/\/weltlaeden.de\/kupferdreh\/wp-json\/wp\/v2\/pages\/219","targetHints":{"allow":["GET"]}}],"collection":[{"href":"https:\/\/weltlaeden.de\/kupferdreh\/wp-json\/wp\/v2\/pages"}],"about":[{"href":"https:\/\/weltlaeden.de\/kupferdreh\/wp-json\/wp\/v2\/types\/page"}],"author":[{"embeddable":true,"href":"https:\/\/weltlaeden.de\/kupferdreh\/wp-json\/wp\/v2\/users\/1"}],"replies":[{"embeddable":true,"href":"https:\/\/weltlaeden.de\/kupferdreh\/wp-json\/wp\/v2\/comments?post=219"}],"version-history":[{"count":32,"href":"https:\/\/weltlaeden.de\/kupferdreh\/wp-json\/wp\/v2\/pages\/219\/revisions"}],"predecessor-version":[{"id":951,"href":"https:\/\/weltlaeden.de\/kupferdreh\/wp-json\/wp\/v2\/pages\/219\/revisions\/951"}],"wp:featuredmedia":[{"embeddable":true,"href":"https:\/\/weltlaeden.de\/kupferdreh\/wp-json\/wp\/v2\/media\/568"}],"wp:attachment":[{"href":"https:\/\/weltlaeden.de\/kupferdreh\/wp-json\/wp\/v2\/media?parent=219"}],"curies":[{"name":"wp","href":"https:\/\/api.w.org\/{rel}","templated":true}]}}