{"id":1282,"date":"2025-08-26T08:09:57","date_gmt":"2025-08-26T06:09:57","guid":{"rendered":"https:\/\/weltlaeden.de\/korbach\/handelspartner-portrait-fairafric-2\/"},"modified":"2025-08-26T09:40:14","modified_gmt":"2025-08-26T07:40:14","slug":"weitere-handelspartner-portraits","status":"publish","type":"page","link":"https:\/\/weltlaeden.de\/korbach\/weitere-handelspartner-portraits\/","title":{"rendered":"Weitere Handelspartner-Portraits"},"content":{"rendered":"<div class=\"wpb-content-wrapper\"><p>[vc_row][vc_column width=&#8220;1\/2&#8243;][vc_column_text css=&#8220;&#8220;]<\/p>\n<h3>Auf dieser Seite stellen wir euch einige unserer Handelspartner aus der ganzen Welt n\u00e4her vor. Ihr lernt die Herstellerinnen und Hersteller unserer Produkte kennen und erfahrt Hintergr\u00fcnde \u00fcber die Produktion. (Texte erstellt von Sabine Peter)<\/h3>\n<p>[\/vc_column_text][vc_empty_space][vc_column_text css=&#8220;&#8220;]<\/p>\n<h4>Handwerkskunst aus Zimbabwe<\/h4>\n<p>Kunsthandwerk von Matarenda aus Zimbabwe<br \/>\nMatarenda erm\u00f6glicht etwa 130 Kunsthandwerkern, zumindest einen Teil der von ihnen hergestellten Produkte zu fairen Preisen und zuverl\u00e4ssigen Liefer-bedingungen zu verkaufen.<br \/>\nMatarenda besch\u00e4ftigt inzwischen 16 Personen, bildet j\u00e4hrlich ca. 30 Studenten aus und erm\u00f6glicht die Inklusion von Behinderten, insbesondere von 18 blinden Frauen. Alle Kosten f\u00fcr die Ausbildung, Miete,<br \/>\nEssensausgabe und das Strickprogramm der blinden Frauen werden aus Spendenmitteln des Vereins \u201eMatarenda Global Friends\u201c finanziert.<br \/>\nZiele sind unter anderem:<br \/>\n\u2022 Bewahrung und Weiterentwicklung der besonderen Ausdrucksformen des Kunsthandwerks in Zimbabwe<br \/>\n\u2022 Verdienst eines existenzsichernden Einkommens f\u00fcr die K\u00fcnstler durch faire Preise<br \/>\n\u2022 neue Hoffnung f\u00fcr alleinerziehende M\u00fctter, Witwen und Gro\u00dfm\u00fctter von AIDS \u2013 Waisen, durch eigene Arbeit einen Lebensunterhalt zu sichern<br \/>\n\u2022 Nachhaltige Verwendung von lokal verf\u00fcgbaren kosteng\u00fcnstigen Ressourcen<br \/>\n\u2022 Erschlie\u00dfung eines Zugangs zum \u201eFair Trade\u201c \u2013 Markt in \u00dcbersee f\u00fcr kleine Handwerker \u2013 Gruppen[\/vc_column_text][vc_empty_space height=&#8220;20px&#8220;][vc_column_text css=&#8220;&#8220;]<\/p>\n<h4>Glasbl\u00e4serei in Mexiko<\/h4>\n<p>Mundgeblasenes Glas aus Mexico<br \/>\nDie Glasbl\u00e4serei von Alberto im Westen Mexikos fertigt aus recyceltem Glas mundgeblasene Geschirr-und Dekorationsartikel. Ein gro\u00dfer Vorteil: es werden weniger Energie und Rohstoffe verbraucht.<br \/>\nIm Betrieb arbeiten 10 Frauen und 35 M\u00e4nner, die ausf\u00fchrlich geschult wurden. Aufgrund der sozialen Absicherung seiner Mitarbeiter haben diese Zugang zu medizinischer Versorgung und Wohnungskrediten.<br \/>\nAu\u00dferdem werden sie am Unternehmensgewinn beteiligt und erhalten bezahlten Urlaub.<br \/>\nFrauen werden nicht diskriminiert und erhalten bei gleicher Arbeit gleichen Lohn, der \u00fcber dem gesetzlichen Mindestlohn liegt.<\/p>\n<p><img loading=\"lazy\" decoding=\"async\" class=\"alignleft wp-image-1304 size-full\" src=\"https:\/\/weltlaeden.de\/korbach\/wp-content\/uploads\/sites\/44\/2025\/08\/Bild1.png\" alt=\"\" width=\"261\" height=\"292\" \/><\/p>\n<p>[\/vc_column_text][vc_empty_space height=&#8220;20px&#8220;][vc_column_text css=&#8220;&#8220;]<\/p>\n<h4>Solarlichter aus S\u00fcdafrika<\/h4>\n<p>Sonnengl\u00e4ser aus S\u00fcdafrika<br \/>\nMit dem SONNENGLAS\u00ae erzeugst du Licht ein Leben lang nachhaltig und umweltbewusst und ganz individuell. \u00dcber seine Solarzellen im Deckel speichert es w\u00e4hrend des Tages Energie, die es nachts in Form von Licht wieder abgibt. Diese Methode der Lichterzeugung stellt einen einfachen Weg dar, umweltbewusst zu leben und macht einfach Spa\u00df, denn das Innere der Solarlaterne l\u00e4sst sich ganz nach Deinen W\u00fcnschen dekorieren.<br \/>\nIdeal als Gartenbeleuchtung f\u00fcr den romantisch ge-deckten Tisch, Grillpartys, Camping, zur Dekoration, oder bei Outdoor-Aktivit\u00e4ten.<\/p>\n<p>Und das ist noch lange nicht alles: Das SONNENGLAS\u00ae ist ein echtes Fair-Trade Produkt aus S\u00fcdafrika. Seine Produktion hat bisher \u00fcber 65 Vollzeit-Arbeitspl\u00e4tze f\u00fcr zuvor arbeitslose M\u00e4nner und Frauen aus Alexandra und Soweto geschaffen; sie stellen jedes einzelne SONNENGLAS\u00ae in Johannesburg in liebevoller Handarbeit her.<\/p>\n<p><img loading=\"lazy\" decoding=\"async\" class=\"alignnone size-full wp-image-1305\" src=\"https:\/\/weltlaeden.de\/korbach\/wp-content\/uploads\/sites\/44\/2025\/08\/Sonnenglas.png\" alt=\"\" width=\"245\" height=\"246\" srcset=\"https:\/\/weltlaeden.de\/korbach\/wp-content\/uploads\/sites\/44\/2025\/08\/Sonnenglas.png 245w, https:\/\/weltlaeden.de\/korbach\/wp-content\/uploads\/sites\/44\/2025\/08\/Sonnenglas-150x150.png 150w\" sizes=\"auto, (max-width: 245px) 100vw, 245px\" \/>[\/vc_column_text][vc_empty_space height=&#8220;20px&#8220;][vc_column_text css=&#8220;&#8220;]<\/p>\n<h4>Senfkreationen aus S\u00fcdafrika<\/h4>\n<p>Der Honig-Senf wird in S\u00fcdafrika unter fairen und nachhaltigen Produktionsbedingungen vom Handelspartner Turqle Trading hergestellt. Ziel ist es, die lokale Wertsch\u00f6pfung zu erh\u00f6hen und nachhaltige Arbeitspl\u00e4tze in S\u00fcdafrika zu schaffen, um dadurch zur Verbesserung der Lebenssituation der Menschen beizutragen.<br \/>\nTurqle Trading arbeitet mit 10 unabh\u00e4ngigen Produzent*innengruppen und mit 500 festen Mitarbeiter*innen an verschiedenen Produktionsorten. Fast 70 % davon sind Frauen. Die Aufgabenbereiche reichen vom Anbau \u00fcber Verarbeitung bis hin zur Qualit\u00e4tssicherung.<br \/>\nMit gezielten Aus- und Weiterbildungsprogrammen zeigt die Organisation Perspektiven auf, wie Produzent*innen ihren Lebensunterhalt selbst finanzieren k\u00f6nnen. 2,5 % des Umsatzes zahlt Turqle Trading in einen Fair Trade Fonds. Damit wird die Ausbildung der Kinder und der Angestellten in den Produktionsst\u00e4tten finanziert. Seit 2003 haben mindestens 200 Kinder pro Jahr davon profitiert, dass ihre Schulgeb\u00fchren ganz oder teilweise \u00fcbernommen wurden.[\/vc_column_text][vc_empty_space height=&#8220;20px&#8220;][vc_column_text css=&#8220;&#8220;]<\/p>\n<h4>Kaffeespezialit\u00e4ten aus Zentralafrika<\/h4>\n<p>Utamtsi Rohkaffee stammt aus direktem, fairem Handel und von Plantagen, die bereits Bio-Kaffee erzeugen oder sich auf dem Weg dorthin befinden. Viele Plantagen werden von Frauen gef\u00fchrt und bewirtschaftet. Die Kooperativen erzeugen auch Trockenfr\u00fcchte, Tees oder N\u00fcsse.<br \/>\nUtamtsi steht f\u00fcr \u00f6konomische, soziale und \u00f6kologische Nachhaltigkeit nach den Grunds\u00e4tzen der Agenda 21. Faire Bedingungen sichern die Lebensgrundlagen aller an der Wertsch\u00f6pfungskette Beteiligten langfristig. Indem wir (die R\u00f6sterei) unsere Lieferbeziehungen direkt, fair und langfristig gestalten, stellen wir sicher, dass die Bauern auch weiterhin Kaffee h\u00f6chster Qualit\u00e4t auf \u00f6kologisch vertr\u00e4gliche Art erzeugen k\u00f6nnen.<\/p>\n<p><img loading=\"lazy\" decoding=\"async\" class=\"alignnone size-medium wp-image-1307\" src=\"https:\/\/weltlaeden.de\/korbach\/wp-content\/uploads\/sites\/44\/2025\/08\/Utamtsi-300x121.png\" alt=\"\" width=\"300\" height=\"121\" srcset=\"https:\/\/weltlaeden.de\/korbach\/wp-content\/uploads\/sites\/44\/2025\/08\/Utamtsi-300x121.png 300w, https:\/\/weltlaeden.de\/korbach\/wp-content\/uploads\/sites\/44\/2025\/08\/Utamtsi.png 482w\" sizes=\"auto, (max-width: 300px) 100vw, 300px\" \/>[\/vc_column_text][vc_empty_space height=&#8220;20px&#8220;][vc_column_text css=&#8220;&#8220;]<\/p>\n<h4>Kakao aus Mittelamerika<\/h4>\n<p>Trinkschokolade aus Paraguay, Dominikanische Rep.<br \/>\nDie Bio-Zuckerrohr-B\u00e4uer*innen haben sich in der Region Arroyos y Esteros (dt. \u201eB\u00e4che und S\u00fcmpfe\u201c) zu der \u201cCooperativa Manduvir\u00e1\u201d zusammen-geschlossen (756 Mit-glieder, darunter viele Frauen).<br \/>\nIn Paraguay herrscht eine extrem ungerechte Verteilung von Boden. Die B\u00e4uer*innen haben nur kleine Fl\u00e4chen zur Verf\u00fcgung: Speziell f\u00fcr den Anbau von Zucker-rohr stehen den einzelnen B\u00e4uer*innen \u00bd &#8211; 5 Hektar Land zur Verf\u00fcgung. Der Verkauf von Zuckerrohr ist f\u00fcr sie jedoch die Haupteinnahmequelle. Daneben bauen sie Gem\u00fcse und Fr\u00fcchte an.<br \/>\nZiele der Kooperative sind: F\u00f6rderung des Anbaus verschiedener Agrarerzeugnisse und deren Vermarktung zu existenzsichernden Preisen, garantierte Abnahme der Zuckerrohrernte. Die Mitglieder k\u00f6nnen ein breites Ange-bot an Dienstleistungen in Anspruch nehmen: technische Beratung, das Mieten von LKWs und Traktoren, Schulungen, g\u00fcnstige Kredite, Sparfonds und eine kosteng\u00fcnstige medizinische Versorgung. Durch die eigene Zuckerfabrik und das Verpacken des Rohrzuckers f\u00fcr den Inlandsmarkt sind 148 feste Arbeitspl\u00e4tze entstanden sowie knapp 200 Arbeitspl\u00e4tze w\u00e4hrend der Saison.<\/p>\n<p><img loading=\"lazy\" decoding=\"async\" class=\"alignnone size-full wp-image-1306\" src=\"https:\/\/weltlaeden.de\/korbach\/wp-content\/uploads\/sites\/44\/2025\/08\/Kakao.png\" alt=\"\" width=\"229\" height=\"232\" \/>[\/vc_column_text][vc_empty_space height=&#8220;20px&#8220;][vc_empty_space height=&#8220;20px&#8220;][\/vc_column][vc_column width=&#8220;1\/2&#8243;][\/vc_column][\/vc_row]<\/p>\n<\/div>","protected":false},"excerpt":{"rendered":"<p>[vc_row][vc_column width=&#8220;1\/2&#8243;][vc_column_text css=&#8220;&#8220;] Auf dieser Seite stellen wir euch einige unserer Handelspartner aus der ganzen Welt n\u00e4her vor. Ihr lernt die Herstellerinnen und Hersteller unserer Produkte kennen und erfahrt Hintergr\u00fcnde \u00fcber die Produktion. (Texte erstellt von Sabine Peter) [\/vc_column_text][vc_empty_space][vc_column_text css=&#8220;&#8220;] Handwerkskunst aus Zimbabwe Kunsthandwerk von Matarenda aus Zimbabwe Matarenda erm\u00f6glicht etwa 130 Kunsthandwerkern, zumindest einen&hellip;<\/p>\n","protected":false},"author":338,"featured_media":0,"parent":0,"menu_order":13,"comment_status":"closed","ping_status":"closed","template":"","meta":{"footnotes":""},"class_list":["post-1282","page","type-page","status-publish","hentry","description-off"],"yoast_head":"<!-- This site is optimized with the Yoast SEO plugin v26.8 - https:\/\/yoast.com\/product\/yoast-seo-wordpress\/ -->\n<title>Weitere Handelspartner-Portraits - Weltladen Korbach<\/title>\n<meta name=\"robots\" content=\"index, follow, max-snippet:-1, max-image-preview:large, max-video-preview:-1\" \/>\n<link rel=\"canonical\" href=\"https:\/\/weltlaeden.de\/korbach\/weitere-handelspartner-portraits\/\" \/>\n<meta property=\"og:locale\" content=\"de_DE\" \/>\n<meta property=\"og:type\" content=\"article\" \/>\n<meta property=\"og:title\" content=\"Weitere Handelspartner-Portraits - Weltladen Korbach\" \/>\n<meta property=\"og:description\" content=\"[vc_row][vc_column width=&#8220;1\/2&#8243;][vc_column_text css=&#8220;&#8220;] Auf dieser Seite stellen wir euch einige unserer Handelspartner aus der ganzen Welt n\u00e4her vor. Ihr lernt die Herstellerinnen und Hersteller unserer Produkte kennen und erfahrt Hintergr\u00fcnde \u00fcber die Produktion. (Texte erstellt von Sabine Peter) [\/vc_column_text][vc_empty_space][vc_column_text css=&#8220;&#8220;] Handwerkskunst aus Zimbabwe Kunsthandwerk von Matarenda aus Zimbabwe Matarenda erm\u00f6glicht etwa 130 Kunsthandwerkern, zumindest einen&hellip;\" \/>\n<meta property=\"og:url\" content=\"https:\/\/weltlaeden.de\/korbach\/weitere-handelspartner-portraits\/\" \/>\n<meta property=\"og:site_name\" content=\"Weltladen Korbach\" \/>\n<meta property=\"article:publisher\" content=\"https:\/\/www.facebook.com\/WeltladenKorbach\/\" \/>\n<meta property=\"article:modified_time\" content=\"2025-08-26T07:40:14+00:00\" \/>\n<meta property=\"og:image\" content=\"https:\/\/weltlaeden.de\/korbach\/wp-content\/uploads\/sites\/44\/2025\/08\/Bild1.png\" \/>\n\t<meta property=\"og:image:width\" content=\"261\" \/>\n\t<meta property=\"og:image:height\" content=\"292\" \/>\n\t<meta property=\"og:image:type\" content=\"image\/png\" \/>\n<meta name=\"twitter:card\" content=\"summary_large_image\" \/>\n<meta name=\"twitter:label1\" content=\"Gesch\u00e4tzte Lesezeit\" \/>\n\t<meta name=\"twitter:data1\" content=\"6\u00a0Minuten\" \/>\n<script type=\"application\/ld+json\" class=\"yoast-schema-graph\">{\"@context\":\"https:\/\/schema.org\",\"@graph\":[{\"@type\":\"WebPage\",\"@id\":\"https:\/\/weltlaeden.de\/korbach\/weitere-handelspartner-portraits\/\",\"url\":\"https:\/\/weltlaeden.de\/korbach\/weitere-handelspartner-portraits\/\",\"name\":\"Weitere Handelspartner-Portraits - Weltladen Korbach\",\"isPartOf\":{\"@id\":\"https:\/\/weltlaeden.de\/korbach\/#website\"},\"primaryImageOfPage\":{\"@id\":\"https:\/\/weltlaeden.de\/korbach\/weitere-handelspartner-portraits\/#primaryimage\"},\"image\":{\"@id\":\"https:\/\/weltlaeden.de\/korbach\/weitere-handelspartner-portraits\/#primaryimage\"},\"thumbnailUrl\":\"https:\/\/weltlaeden.de\/korbach\/wp-content\/uploads\/sites\/44\/2025\/08\/Bild1.png\",\"datePublished\":\"2025-08-26T06:09:57+00:00\",\"dateModified\":\"2025-08-26T07:40:14+00:00\",\"breadcrumb\":{\"@id\":\"https:\/\/weltlaeden.de\/korbach\/weitere-handelspartner-portraits\/#breadcrumb\"},\"inLanguage\":\"de\",\"potentialAction\":[{\"@type\":\"ReadAction\",\"target\":[\"https:\/\/weltlaeden.de\/korbach\/weitere-handelspartner-portraits\/\"]}]},{\"@type\":\"ImageObject\",\"inLanguage\":\"de\",\"@id\":\"https:\/\/weltlaeden.de\/korbach\/weitere-handelspartner-portraits\/#primaryimage\",\"url\":\"https:\/\/weltlaeden.de\/korbach\/wp-content\/uploads\/sites\/44\/2025\/08\/Bild1.png\",\"contentUrl\":\"https:\/\/weltlaeden.de\/korbach\/wp-content\/uploads\/sites\/44\/2025\/08\/Bild1.png\",\"width\":261,\"height\":292},{\"@type\":\"BreadcrumbList\",\"@id\":\"https:\/\/weltlaeden.de\/korbach\/weitere-handelspartner-portraits\/#breadcrumb\",\"itemListElement\":[{\"@type\":\"ListItem\",\"position\":1,\"name\":\"Startseite\",\"item\":\"https:\/\/weltlaeden.de\/korbach\/\"},{\"@type\":\"ListItem\",\"position\":2,\"name\":\"Weitere Handelspartner-Portraits\"}]},{\"@type\":\"WebSite\",\"@id\":\"https:\/\/weltlaeden.de\/korbach\/#website\",\"url\":\"https:\/\/weltlaeden.de\/korbach\/\",\"name\":\"Weltladen Korbach\",\"description\":\"Faire Produkte aus aller Welt seit 1978\",\"publisher\":{\"@id\":\"https:\/\/weltlaeden.de\/korbach\/#organization\"},\"potentialAction\":[{\"@type\":\"SearchAction\",\"target\":{\"@type\":\"EntryPoint\",\"urlTemplate\":\"https:\/\/weltlaeden.de\/korbach\/?s={search_term_string}\"},\"query-input\":{\"@type\":\"PropertyValueSpecification\",\"valueRequired\":true,\"valueName\":\"search_term_string\"}}],\"inLanguage\":\"de\"},{\"@type\":\"Organization\",\"@id\":\"https:\/\/weltlaeden.de\/korbach\/#organization\",\"name\":\"Weltladen Korbach\",\"url\":\"https:\/\/weltlaeden.de\/korbach\/\",\"logo\":{\"@type\":\"ImageObject\",\"inLanguage\":\"de\",\"@id\":\"https:\/\/weltlaeden.de\/korbach\/#\/schema\/logo\/image\/\",\"url\":\"https:\/\/weltlaeden.de\/korbach\/wp-content\/uploads\/sites\/44\/2018\/10\/Korbach-orange-auf-weiss.jpg\",\"contentUrl\":\"https:\/\/weltlaeden.de\/korbach\/wp-content\/uploads\/sites\/44\/2018\/10\/Korbach-orange-auf-weiss.jpg\",\"width\":1112,\"height\":664,\"caption\":\"Weltladen Korbach\"},\"image\":{\"@id\":\"https:\/\/weltlaeden.de\/korbach\/#\/schema\/logo\/image\/\"},\"sameAs\":[\"https:\/\/www.facebook.com\/WeltladenKorbach\/\",\"https:\/\/www.instagram.com\/weltladenkorbach\/\"]}]}<\/script>\n<!-- \/ Yoast SEO plugin. -->","yoast_head_json":{"title":"Weitere Handelspartner-Portraits - Weltladen Korbach","robots":{"index":"index","follow":"follow","max-snippet":"max-snippet:-1","max-image-preview":"max-image-preview:large","max-video-preview":"max-video-preview:-1"},"canonical":"https:\/\/weltlaeden.de\/korbach\/weitere-handelspartner-portraits\/","og_locale":"de_DE","og_type":"article","og_title":"Weitere Handelspartner-Portraits - Weltladen Korbach","og_description":"[vc_row][vc_column width=&#8220;1\/2&#8243;][vc_column_text css=&#8220;&#8220;] Auf dieser Seite stellen wir euch einige unserer Handelspartner aus der ganzen Welt n\u00e4her vor. Ihr lernt die Herstellerinnen und Hersteller unserer Produkte kennen und erfahrt Hintergr\u00fcnde \u00fcber die Produktion. (Texte erstellt von Sabine Peter) [\/vc_column_text][vc_empty_space][vc_column_text css=&#8220;&#8220;] Handwerkskunst aus Zimbabwe Kunsthandwerk von Matarenda aus Zimbabwe Matarenda erm\u00f6glicht etwa 130 Kunsthandwerkern, zumindest einen&hellip;","og_url":"https:\/\/weltlaeden.de\/korbach\/weitere-handelspartner-portraits\/","og_site_name":"Weltladen Korbach","article_publisher":"https:\/\/www.facebook.com\/WeltladenKorbach\/","article_modified_time":"2025-08-26T07:40:14+00:00","og_image":[{"width":261,"height":292,"url":"https:\/\/weltlaeden.de\/korbach\/wp-content\/uploads\/sites\/44\/2025\/08\/Bild1.png","type":"image\/png"}],"twitter_card":"summary_large_image","twitter_misc":{"Gesch\u00e4tzte Lesezeit":"6\u00a0Minuten"},"schema":{"@context":"https:\/\/schema.org","@graph":[{"@type":"WebPage","@id":"https:\/\/weltlaeden.de\/korbach\/weitere-handelspartner-portraits\/","url":"https:\/\/weltlaeden.de\/korbach\/weitere-handelspartner-portraits\/","name":"Weitere Handelspartner-Portraits - Weltladen Korbach","isPartOf":{"@id":"https:\/\/weltlaeden.de\/korbach\/#website"},"primaryImageOfPage":{"@id":"https:\/\/weltlaeden.de\/korbach\/weitere-handelspartner-portraits\/#primaryimage"},"image":{"@id":"https:\/\/weltlaeden.de\/korbach\/weitere-handelspartner-portraits\/#primaryimage"},"thumbnailUrl":"https:\/\/weltlaeden.de\/korbach\/wp-content\/uploads\/sites\/44\/2025\/08\/Bild1.png","datePublished":"2025-08-26T06:09:57+00:00","dateModified":"2025-08-26T07:40:14+00:00","breadcrumb":{"@id":"https:\/\/weltlaeden.de\/korbach\/weitere-handelspartner-portraits\/#breadcrumb"},"inLanguage":"de","potentialAction":[{"@type":"ReadAction","target":["https:\/\/weltlaeden.de\/korbach\/weitere-handelspartner-portraits\/"]}]},{"@type":"ImageObject","inLanguage":"de","@id":"https:\/\/weltlaeden.de\/korbach\/weitere-handelspartner-portraits\/#primaryimage","url":"https:\/\/weltlaeden.de\/korbach\/wp-content\/uploads\/sites\/44\/2025\/08\/Bild1.png","contentUrl":"https:\/\/weltlaeden.de\/korbach\/wp-content\/uploads\/sites\/44\/2025\/08\/Bild1.png","width":261,"height":292},{"@type":"BreadcrumbList","@id":"https:\/\/weltlaeden.de\/korbach\/weitere-handelspartner-portraits\/#breadcrumb","itemListElement":[{"@type":"ListItem","position":1,"name":"Startseite","item":"https:\/\/weltlaeden.de\/korbach\/"},{"@type":"ListItem","position":2,"name":"Weitere Handelspartner-Portraits"}]},{"@type":"WebSite","@id":"https:\/\/weltlaeden.de\/korbach\/#website","url":"https:\/\/weltlaeden.de\/korbach\/","name":"Weltladen Korbach","description":"Faire Produkte aus aller Welt seit 1978","publisher":{"@id":"https:\/\/weltlaeden.de\/korbach\/#organization"},"potentialAction":[{"@type":"SearchAction","target":{"@type":"EntryPoint","urlTemplate":"https:\/\/weltlaeden.de\/korbach\/?s={search_term_string}"},"query-input":{"@type":"PropertyValueSpecification","valueRequired":true,"valueName":"search_term_string"}}],"inLanguage":"de"},{"@type":"Organization","@id":"https:\/\/weltlaeden.de\/korbach\/#organization","name":"Weltladen Korbach","url":"https:\/\/weltlaeden.de\/korbach\/","logo":{"@type":"ImageObject","inLanguage":"de","@id":"https:\/\/weltlaeden.de\/korbach\/#\/schema\/logo\/image\/","url":"https:\/\/weltlaeden.de\/korbach\/wp-content\/uploads\/sites\/44\/2018\/10\/Korbach-orange-auf-weiss.jpg","contentUrl":"https:\/\/weltlaeden.de\/korbach\/wp-content\/uploads\/sites\/44\/2018\/10\/Korbach-orange-auf-weiss.jpg","width":1112,"height":664,"caption":"Weltladen Korbach"},"image":{"@id":"https:\/\/weltlaeden.de\/korbach\/#\/schema\/logo\/image\/"},"sameAs":["https:\/\/www.facebook.com\/WeltladenKorbach\/","https:\/\/www.instagram.com\/weltladenkorbach\/"]}]}},"_links":{"self":[{"href":"https:\/\/weltlaeden.de\/korbach\/wp-json\/wp\/v2\/pages\/1282","targetHints":{"allow":["GET"]}}],"collection":[{"href":"https:\/\/weltlaeden.de\/korbach\/wp-json\/wp\/v2\/pages"}],"about":[{"href":"https:\/\/weltlaeden.de\/korbach\/wp-json\/wp\/v2\/types\/page"}],"author":[{"embeddable":true,"href":"https:\/\/weltlaeden.de\/korbach\/wp-json\/wp\/v2\/users\/338"}],"replies":[{"embeddable":true,"href":"https:\/\/weltlaeden.de\/korbach\/wp-json\/wp\/v2\/comments?post=1282"}],"version-history":[{"count":14,"href":"https:\/\/weltlaeden.de\/korbach\/wp-json\/wp\/v2\/pages\/1282\/revisions"}],"predecessor-version":[{"id":1309,"href":"https:\/\/weltlaeden.de\/korbach\/wp-json\/wp\/v2\/pages\/1282\/revisions\/1309"}],"wp:attachment":[{"href":"https:\/\/weltlaeden.de\/korbach\/wp-json\/wp\/v2\/media?parent=1282"}],"curies":[{"name":"wp","href":"https:\/\/api.w.org\/{rel}","templated":true}]}}