{"version":"1.0","provider_name":"Weltladen K\u00f6ln","provider_url":"https:\/\/weltlaeden.de\/koeln","title":"Engagement - Weltladen K\u00f6ln","type":"rich","width":600,"height":338,"html":"<blockquote class=\"wp-embedded-content\" data-secret=\"BWzvuvCefM\"><a href=\"https:\/\/weltlaeden.de\/koeln\/engagement\/\">Engagement<\/a><\/blockquote><iframe sandbox=\"allow-scripts\" security=\"restricted\" src=\"https:\/\/weltlaeden.de\/koeln\/engagement\/embed\/#?secret=BWzvuvCefM\" width=\"600\" height=\"338\" title=\"&#8222;Engagement&#8220; &#8211; Weltladen K\u00f6ln\" data-secret=\"BWzvuvCefM\" frameborder=\"0\" marginwidth=\"0\" marginheight=\"0\" scrolling=\"no\" class=\"wp-embedded-content\"><\/iframe><script>\n\/*! This file is auto-generated *\/\n!function(d,l){\"use strict\";l.querySelector&&d.addEventListener&&\"undefined\"!=typeof URL&&(d.wp=d.wp||{},d.wp.receiveEmbedMessage||(d.wp.receiveEmbedMessage=function(e){var t=e.data;if((t||t.secret||t.message||t.value)&&!\/[^a-zA-Z0-9]\/.test(t.secret)){for(var s,r,n,a=l.querySelectorAll('iframe[data-secret=\"'+t.secret+'\"]'),o=l.querySelectorAll('blockquote[data-secret=\"'+t.secret+'\"]'),c=new RegExp(\"^https?:$\",\"i\"),i=0;i<o.length;i++)o[i].style.display=\"none\";for(i=0;i<a.length;i++)s=a[i],e.source===s.contentWindow&&(s.removeAttribute(\"style\"),\"height\"===t.message?(1e3<(r=parseInt(t.value,10))?r=1e3:~~r<200&&(r=200),s.height=r):\"link\"===t.message&&(r=new URL(s.getAttribute(\"src\")),n=new URL(t.value),c.test(n.protocol))&&n.host===r.host&&l.activeElement===s&&(d.top.location.href=t.value))}},d.addEventListener(\"message\",d.wp.receiveEmbedMessage,!1),l.addEventListener(\"DOMContentLoaded\",function(){for(var e,t,s=l.querySelectorAll(\"iframe.wp-embedded-content\"),r=0;r<s.length;r++)(t=(e=s[r]).getAttribute(\"data-secret\"))||(t=Math.random().toString(36).substring(2,12),e.src+=\"#?secret=\"+t,e.setAttribute(\"data-secret\",t)),e.contentWindow.postMessage({message:\"ready\",secret:t},\"*\")},!1)))}(window,document);\n<\/script>\n","description":"[vc_row][vc_column][vc_column_text css=&#8220;&#8220;] Engagement [\/vc_column_text][\/vc_column][\/vc_row][vc_row][vc_column][vc_column_text css=&#8220;&#8220;] Engagement im Weltladen Im Weltladen K\u00f6ln\/Forum Eine Welt e.V. kannst Du Dich in folgenden Bereichen aktiv engagieren im Ladendienst \u2013 Verkauf fair gehandelter Produkte in der Bildungsarbeit \u2013 Einen Ort des globalen Lernens gestalten in der \u00d6ffentlichkeitsarbeit und politischen Kampagnenarbeit, um politische Ver\u00e4nderungen f\u00fcr einen gerechten Welthandel zu erzielen. im&hellip;","thumbnail_url":"https:\/\/weltlaeden.de\/koeln\/wp-content\/uploads\/sites\/214\/2025\/02\/Engagement_1_P1200279.jpg","thumbnail_width":1130,"thumbnail_height":639}