{"id":361,"date":"2025-06-16T09:00:06","date_gmt":"2018-04-05T07:52:53","guid":{"rendered":"https:\/\/weltlaeden.de\/katzenelnbogen\/?page_id=361"},"modified":"2025-06-16T11:56:51","modified_gmt":"2025-06-16T09:56:51","slug":"neuigkeiten","status":"publish","type":"page","link":"https:\/\/weltlaeden.de\/katzenelnbogen\/neuigkeiten\/","title":{"rendered":"Neuigkeiten"},"content":{"rendered":"<div class=\"wpb-content-wrapper\"><p>[vc_row][vc_column][vc_column_text]<\/p>\n<h1>Neuigkeiten<\/h1>\n<p>[\/vc_column_text]<style type=\"text\/css\" data-type=\"the7_shortcodes-inline-css\">.blog-shortcode.blog-masonry-shortcode-id-0ddd336bd86344bdbd47db493b51c1fd.dividers-on.classic-layout-list article {\n  padding-top: 0;\n}\n.blog-shortcode.blog-masonry-shortcode-id-0ddd336bd86344bdbd47db493b51c1fd.dividers-on.classic-layout-list article:first-of-type {\n  margin-top: 0;\n  padding-top: 0;\n}\n.blog-shortcode.blog-masonry-shortcode-id-0ddd336bd86344bdbd47db493b51c1fd.classic-layout-list.mode-list .post-entry-content {\n  width: calc(100% - );\n}\n.blog-shortcode.blog-masonry-shortcode-id-0ddd336bd86344bdbd47db493b51c1fd.classic-layout-list.mode-list .no-img .post-entry-content {\n  width: 100%;\n}\n.blog-shortcode.blog-masonry-shortcode-id-0ddd336bd86344bdbd47db493b51c1fd .filter-bg-decoration .filter-categories a.act {\n  color: #fff;\n}\n.blog-shortcode.blog-masonry-shortcode-id-0ddd336bd86344bdbd47db493b51c1fd:not(.mode-masonry) article:first-of-type,\n.blog-shortcode.blog-masonry-shortcode-id-0ddd336bd86344bdbd47db493b51c1fd:not(.mode-masonry) article.visible.first:not(.product) {\n  margin-top: 0;\n}\n.blog-shortcode.blog-masonry-shortcode-id-0ddd336bd86344bdbd47db493b51c1fd.dividers-on:not(.mode-masonry) article {\n  margin-top: 0;\n}\n.blog-shortcode.blog-masonry-shortcode-id-0ddd336bd86344bdbd47db493b51c1fd.dividers-on:not(.mode-masonry) article:first-of-type,\n.blog-shortcode.blog-masonry-shortcode-id-0ddd336bd86344bdbd47db493b51c1fd.dividers-on:not(.mode-masonry) article.visible.first:not(.product) {\n  margin-top: 0;\n  padding-top: 0;\n}\n.blog-shortcode.blog-masonry-shortcode-id-0ddd336bd86344bdbd47db493b51c1fd .post-thumbnail-wrap {\n  padding: 0px 0px 0px 0px;\n}\n.blog-shortcode.blog-masonry-shortcode-id-0ddd336bd86344bdbd47db493b51c1fd.enable-bg-rollover .post-thumbnail-rollover:after {\n  background: -webkit-linear-gradient();\n  background: linear-gradient();\n}\n.blog-shortcode.blog-masonry-shortcode-id-0ddd336bd86344bdbd47db493b51c1fd .gallery-zoom-ico {\n  width: 44px;\n  height: 44px;\n  line-height: 44px;\n  border-radius: 100px;\n  margin: -22px 0 0 -22px;\n  border-width: 0px;\n  color: #ffffff;\n}\n.bottom-overlap-layout-list.blog-shortcode.blog-masonry-shortcode-id-0ddd336bd86344bdbd47db493b51c1fd .gallery-zoom-ico {\n  margin-top: -72px;\n}\n.gradient-overlay-layout-list.blog-shortcode.blog-masonry-shortcode-id-0ddd336bd86344bdbd47db493b51c1fd .gallery-zoom-ico,\n.content-rollover-layout-list.blog-shortcode.blog-masonry-shortcode-id-0ddd336bd86344bdbd47db493b51c1fd .gallery-zoom-ico {\n  margin: 0 0 10px;\n}\n.content-align-center.gradient-overlay-layout-list.blog-shortcode.blog-masonry-shortcode-id-0ddd336bd86344bdbd47db493b51c1fd .gallery-zoom-ico,\n.content-align-center.content-rollover-layout-list.blog-shortcode.blog-masonry-shortcode-id-0ddd336bd86344bdbd47db493b51c1fd .gallery-zoom-ico {\n  margin: 0 auto 10px;\n}\n.dt-icon-bg-on.blog-shortcode.blog-masonry-shortcode-id-0ddd336bd86344bdbd47db493b51c1fd .gallery-zoom-ico {\n  background: rgba(255,255,255,0.3);\n  box-shadow: none;\n}\n.blog-shortcode.blog-masonry-shortcode-id-0ddd336bd86344bdbd47db493b51c1fd .gallery-zoom-ico > span,\n.blog-shortcode.blog-masonry-shortcode-id-0ddd336bd86344bdbd47db493b51c1fd .gallery-zoom-ico:before {\n  font-size: 32px;\n  line-height: 44px;\n}\n.blog-shortcode.blog-masonry-shortcode-id-0ddd336bd86344bdbd47db493b51c1fd .gallery-zoom-ico > span,\n.blog-shortcode.blog-masonry-shortcode-id-0ddd336bd86344bdbd47db493b51c1fd .gallery-zoom-ico:before {\n  color: #ffffff;\n}\n.blog-shortcode.blog-masonry-shortcode-id-0ddd336bd86344bdbd47db493b51c1fd .entry-title,\n.blog-shortcode.blog-masonry-shortcode-id-0ddd336bd86344bdbd47db493b51c1fd.owl-carousel .entry-title {\n  margin-bottom: 5px;\n  font-weight: bold;\n}\n.blog-shortcode.blog-masonry-shortcode-id-0ddd336bd86344bdbd47db493b51c1fd .entry-meta {\n  margin-bottom: 15px;\n}\n.blog-shortcode.blog-masonry-shortcode-id-0ddd336bd86344bdbd47db493b51c1fd .portfolio-categories {\n  margin-bottom: 15px;\n}\n.blog-shortcode.blog-masonry-shortcode-id-0ddd336bd86344bdbd47db493b51c1fd .entry-excerpt {\n  margin-bottom: 5px;\n}\n.blog-shortcode.blog-masonry-shortcode-id-0ddd336bd86344bdbd47db493b51c1fd:not(.centered-layout-list) .post-entry-content {\n  padding: 25px 30px 30px 30px;\n}\n.blog-shortcode.blog-masonry-shortcode-id-0ddd336bd86344bdbd47db493b51c1fd:not(.centered-layout-list):not(.content-bg-on):not(.mode-list) .no-img .post-entry-content {\n  padding: 0;\n}\n@media screen and (max-width: ) {\n  .blog-shortcode.blog-masonry-shortcode-id-0ddd336bd86344bdbd47db493b51c1fd article {\n    -ms-flex-flow: column nowrap;\n    flex-flow: column nowrap;\n    margin-top: 20px;\n  }\n  .blog-shortcode.blog-masonry-shortcode-id-0ddd336bd86344bdbd47db493b51c1fd.dividers-on article {\n    border: none;\n  }\n  .blog-shortcode.blog-masonry-shortcode-id-0ddd336bd86344bdbd47db493b51c1fd.content-bg-on.centered-layout-list article {\n    padding: 0;\n  }\n  .blog-shortcode.blog-masonry-shortcode-id-0ddd336bd86344bdbd47db493b51c1fd.blog-shortcode.dividers-on article,\n  .blog-shortcode.blog-masonry-shortcode-id-0ddd336bd86344bdbd47db493b51c1fd.dividers-on.classic-layout-list article {\n    margin-top: 20px;\n    padding: 0;\n  }\n  .blog-shortcode.blog-masonry-shortcode-id-0ddd336bd86344bdbd47db493b51c1fd.blog-shortcode.dividers-on article:first-of-type,\n  .blog-shortcode.blog-masonry-shortcode-id-0ddd336bd86344bdbd47db493b51c1fd.dividers-on.classic-layout-list article:first-of-type {\n    padding: 0;\n  }\n  #page .blog-shortcode.blog-masonry-shortcode-id-0ddd336bd86344bdbd47db493b51c1fd .post-thumbnail-wrap,\n  #page .blog-shortcode.blog-masonry-shortcode-id-0ddd336bd86344bdbd47db493b51c1fd .post-entry-content {\n    width: 100%;\n    margin: 0;\n    top: 0;\n  }\n  #page .blog-shortcode.blog-masonry-shortcode-id-0ddd336bd86344bdbd47db493b51c1fd .post-thumbnail-wrap {\n    padding: 0;\n  }\n  #page .blog-shortcode.blog-masonry-shortcode-id-0ddd336bd86344bdbd47db493b51c1fd .post-entry-content:after {\n    display: none;\n  }\n  #page .blog-shortcode.blog-masonry-shortcode-id-0ddd336bd86344bdbd47db493b51c1fd .project-even .post-thumbnail-wrap,\n  #page .blog-shortcode.blog-masonry-shortcode-id-0ddd336bd86344bdbd47db493b51c1fd.centered-layout-list .post-thumbnail-wrap {\n    -ms-flex-order: 0;\n    order: 0;\n  }\n  #page .blog-shortcode.blog-masonry-shortcode-id-0ddd336bd86344bdbd47db493b51c1fd.centered-layout-list .post-entry-title-content {\n    -ms-flex-order: 1;\n    order: 1;\n    width: 100%;\n    padding: 20px 20px 0;\n  }\n  #page .blog-shortcode.blog-masonry-shortcode-id-0ddd336bd86344bdbd47db493b51c1fd.centered-layout-list .post-entry-content {\n    -ms-flex-order: 2;\n    order: 2;\n    padding-top: 0;\n  }\n  #page .blog-shortcode.blog-masonry-shortcode-id-0ddd336bd86344bdbd47db493b51c1fd .fancy-categories {\n    top: 10px;\n    left: 10px;\n    bottom: auto;\n    right: auto;\n  }\n  #page .blog-shortcode.blog-masonry-shortcode-id-0ddd336bd86344bdbd47db493b51c1fd .fancy-date a {\n    top: 10px;\n    right: 10px;\n    left: auto;\n    bottom: auto;\n  }\n  #page .blog-shortcode.blog-masonry-shortcode-id-0ddd336bd86344bdbd47db493b51c1fd .post-entry-content {\n    padding: 20px;\n  }\n  #page .blog-shortcode.blog-masonry-shortcode-id-0ddd336bd86344bdbd47db493b51c1fd .entry-title {\n    margin: 3px 0 5px;\n    font-size: 20px;\n    line-height: 26px;\n  }\n  #page .blog-shortcode.blog-masonry-shortcode-id-0ddd336bd86344bdbd47db493b51c1fd .entry-meta {\n    margin: 5px 0 5px;\n  }\n  #page .blog-shortcode.blog-masonry-shortcode-id-0ddd336bd86344bdbd47db493b51c1fd .entry-excerpt {\n    margin: 15px 0 0;\n  }\n  #page .blog-shortcode.blog-masonry-shortcode-id-0ddd336bd86344bdbd47db493b51c1fd .post-details {\n    margin: 5px 0 10px;\n  }\n  #page .blog-shortcode.blog-masonry-shortcode-id-0ddd336bd86344bdbd47db493b51c1fd .post-details.details-type-link {\n    margin-bottom: 2px;\n  }\n}<\/style><div class=\"blog-shortcode blog-masonry-shortcode-id-0ddd336bd86344bdbd47db493b51c1fd mode-masonry classic-layout-list content-bg-on scale-img dt-icon-bg-off resize-by-browser-width loading-effect-none description-under-image \" data-padding=\"15px\" data-cur-page=\"1\" data-post-limit=\"-1\" data-pagination-mode=\"pages\" data-desktop-columns-num=\"2\" data-v-tablet-columns-num=\"1\" data-h-tablet-columns-num=\"2\" data-phone-columns-num=\"1\" data-width=\"0px\" data-columns=\"0\"><div class=\"iso-container\" ><div class=\"visible wf-cell iso-item\" data-post-id=\"1078\" data-date=\"2026-04-26T18:23:51+02:00\" data-name=\"Einladung zum Weltladentag am 09. Mai 2026\"><article class=\"post project-odd visible post-1078 type-post status-publish format-standard has-post-thumbnail hentry category-neues category-8\" data-name=\"Einladung zum Weltladentag am 09. Mai 2026\" data-date=\"2026-04-26T18:23:51+02:00\">\n\n<div class=\"post-thumbnail-wrap\">\n\t<div class=\"post-thumbnail\">\n\t\t\n\t\t\n\t\t<a href=\"https:\/\/weltlaeden.de\/katzenelnbogen\/einladung-zum-weltladentag-am-09-mai-2026\/\" class=\"post-thumbnail-rollover layzr-bg layzr-bg\" ><img fetchpriority=\"high\" decoding=\"async\" class=\"iso-lazy-load preload-me iso-lazy-load aspect\" src=\"data:image\/svg+xml,%3Csvg%20xmlns%3D&#39;http%3A%2F%2Fwww.w3.org%2F2000%2Fsvg&#39;%20viewBox%3D&#39;0%200%20768%20512&#39;%2F%3E\" data-src=\"https:\/\/weltlaeden.de\/katzenelnbogen\/wp-content\/uploads\/sites\/229\/2026\/04\/2-819x10241-1-768x512.jpg\" data-srcset=\"https:\/\/weltlaeden.de\/katzenelnbogen\/wp-content\/uploads\/sites\/229\/2026\/04\/2-819x10241-1-768x512.jpg 768w, https:\/\/weltlaeden.de\/katzenelnbogen\/wp-content\/uploads\/sites\/229\/2026\/04\/2-819x10241-1-819x546.jpg 819w\" loading=\"eager\" style=\"--ratio: 768 \/ 512\" sizes=\"(max-width: 768px) 100vw, 768px\" alt=\"\" title=\"2-819&#215;1024(1)\" width=\"768\" height=\"512\"  \/><\/a>\t<\/div>\n<\/div>\n\n\n<div class=\"post-entry-content\">\n\n\t<h3 class=\"entry-title\">\n\t\t<a href=\"https:\/\/weltlaeden.de\/katzenelnbogen\/einladung-zum-weltladentag-am-09-mai-2026\/\" title=\"Einladung zum Weltladentag am 09. Mai 2026\" rel=\"bookmark\">Einladung zum Weltladentag am 09. Mai 2026<\/a>\n\t<\/h3>\n\n\t<div class=\"entry-meta\"><a href=\"https:\/\/weltlaeden.de\/katzenelnbogen\/2026\/04\/26\/\" title=\"18:23\" class=\"data-link\" rel=\"bookmark\"><time class=\"entry-date updated\" datetime=\"2026-04-26T18:23:51+02:00\">26. April 2026<\/time><\/a><\/div>\n\t<div class=\"entry-excerpt\"><p>Die\u00a0Arbeitsgemeinschaft Eine Welt e.V. und der zugeh\u00f6rige Weltladen Katzenelnbogen laden auch dieses Jahr zum Weltladentag am 09.Mai 2026 ein. Der Weltladentag ist ein bundesweiter Aktionstag der Weltl\u00e4den und macht\u00a0jedes Jahr auf die Bedeutung des Fairen Handels aufmerksam. Mit Aktionen, Verkostungen und Informationsangeboten zeigen Weltl\u00e4den, wie bewusster Konsum zu mehr globaler Gerechtigkeit beitragen kann. Der Weltladentag&hellip;<\/p>\n<\/div>\n\t\n<a href=\"https:\/\/weltlaeden.de\/katzenelnbogen\/einladung-zum-weltladentag-am-09-mai-2026\/\" class=\"dt-btn-s dt-btn post-details details-type-btn\" aria-label=\"Read more about Einladung zum Weltladentag am 09. Mai 2026\">Weiterlesen<i class=\"dt-icon-the7-arrow-03\" aria-hidden=\"true\"><\/i><\/a>\n\n<\/div><\/article><\/div><div class=\"visible wf-cell iso-item\" data-post-id=\"1071\" data-date=\"2026-04-09T09:05:08+02:00\" data-name=\"Einladung zum Pflastermarkt am 26. April 2026\"><article class=\"post project-odd visible no-img post-1071 type-post status-publish format-standard hentry category-neues tag-fruehlingsmarkt tag-katzenelnbogen tag-pflastermarkt category-8\" data-name=\"Einladung zum Pflastermarkt am 26. April 2026\" data-date=\"2026-04-09T09:05:08+02:00\">\n\n<div class=\"post-entry-content\">\n\n\t<h3 class=\"entry-title\">\n\t\t<a href=\"https:\/\/weltlaeden.de\/katzenelnbogen\/einladung-zum-pflastermarkt-am-26-april-2026\/\" title=\"Einladung zum Pflastermarkt am 26. April 2026\" rel=\"bookmark\">Einladung zum Pflastermarkt am 26. April 2026<\/a>\n\t<\/h3>\n\n\t<div class=\"entry-meta\"><a href=\"https:\/\/weltlaeden.de\/katzenelnbogen\/2026\/04\/09\/\" title=\"9:05\" class=\"data-link\" rel=\"bookmark\"><time class=\"entry-date updated\" datetime=\"2026-04-09T09:05:08+02:00\">9. April 2026<\/time><\/a><\/div>\n\t<div class=\"entry-excerpt\"><p>Am Sonntag, den 26. April 2026, ist es wieder soweit: Der traditionelle Pflastermarkt in Katzenelnbogen bringt Leben in die Stadt \u2013 und wir vom Weltladen sind nat\u00fcrlich mit dabei! Wie jedes Jahr erwartet euch ein buntes Markttreiben mit regionalen Angeboten, vielf\u00e4ltigen St\u00e4nden und guter Stimmung entlang der historischen Gassen. Auch wir m\u00f6chten unseren Teil zu&hellip;<\/p>\n<\/div>\n\t\n<a href=\"https:\/\/weltlaeden.de\/katzenelnbogen\/einladung-zum-pflastermarkt-am-26-april-2026\/\" class=\"dt-btn-s dt-btn post-details details-type-btn\" aria-label=\"Read more about Einladung zum Pflastermarkt am 26. April 2026\">Weiterlesen<i class=\"dt-icon-the7-arrow-03\" aria-hidden=\"true\"><\/i><\/a>\n\n<\/div><\/article><\/div><div class=\"visible wf-cell iso-item\" data-post-id=\"1044\" data-date=\"2026-02-22T11:21:18+01:00\" data-name=\"Frauen im Fokus - 14 Tage Informationen, Produkte, Promotionen\"><article class=\"post project-odd visible post-1044 type-post status-publish format-standard has-post-thumbnail hentry category-neues tag-frauentag tag-promotion tag-weltgebetstag tag-weltladen category-8\" data-name=\"Frauen im Fokus &#8211; 14 Tage Informationen, Produkte, Promotionen\" data-date=\"2026-02-22T11:21:18+01:00\">\n\n<div class=\"post-thumbnail-wrap\">\n\t<div class=\"post-thumbnail\">\n\t\t\n\t\t\n\t\t<a href=\"https:\/\/weltlaeden.de\/katzenelnbogen\/frauen-im-fokus-14-tage-informationen-produkte-promotionen\/\" class=\"post-thumbnail-rollover layzr-bg layzr-bg\" ><img decoding=\"async\" class=\"iso-lazy-load preload-me iso-lazy-load aspect\" src=\"data:image\/svg+xml,%3Csvg%20xmlns%3D&#39;http%3A%2F%2Fwww.w3.org%2F2000%2Fsvg&#39;%20viewBox%3D&#39;0%200%20768%20512&#39;%2F%3E\" data-src=\"https:\/\/weltlaeden.de\/katzenelnbogen\/wp-content\/uploads\/sites\/229\/2026\/02\/2026_Nigeria_Titel_Rest_for_the_Weary_von_der_Kuenstlerin_Gift_Amarachi_Ottah_web_2024-World-Day-of-Prayer-International-Committee-Inc-768x512.jpg\" data-srcset=\"https:\/\/weltlaeden.de\/katzenelnbogen\/wp-content\/uploads\/sites\/229\/2026\/02\/2026_Nigeria_Titel_Rest_for_the_Weary_von_der_Kuenstlerin_Gift_Amarachi_Ottah_web_2024-World-Day-of-Prayer-International-Committee-Inc-768x512.jpg 768w, https:\/\/weltlaeden.de\/katzenelnbogen\/wp-content\/uploads\/sites\/229\/2026\/02\/2026_Nigeria_Titel_Rest_for_the_Weary_von_der_Kuenstlerin_Gift_Amarachi_Ottah_web_2024-World-Day-of-Prayer-International-Committee-Inc-799x532.jpg 799w\" loading=\"eager\" style=\"--ratio: 768 \/ 512\" sizes=\"(max-width: 768px) 100vw, 768px\" alt=\"\" title=\"2026_Nigeria_Titel_Rest_for_the_Weary_von_der_Kuenstlerin_Gift_Amarachi_Ottah_web_2024-World-Day-of-Prayer-International-Committee-Inc.\" width=\"768\" height=\"512\"  \/><\/a>\t<\/div>\n<\/div>\n\n\n<div class=\"post-entry-content\">\n\n\t<h3 class=\"entry-title\">\n\t\t<a href=\"https:\/\/weltlaeden.de\/katzenelnbogen\/frauen-im-fokus-14-tage-informationen-produkte-promotionen\/\" title=\"Frauen im Fokus &#8211; 14 Tage Informationen, Produkte, Promotionen\" rel=\"bookmark\">Frauen im Fokus &#8211; 14 Tage Informationen, Produkte, Promotionen<\/a>\n\t<\/h3>\n\n\t<div class=\"entry-meta\"><a href=\"https:\/\/weltlaeden.de\/katzenelnbogen\/2026\/02\/22\/\" title=\"11:21\" class=\"data-link\" rel=\"bookmark\"><time class=\"entry-date updated\" datetime=\"2026-02-22T11:21:18+01:00\">22. Februar 2026<\/time><\/a><\/div>\n\t<div class=\"entry-excerpt\"><p>Die ersten zwei Wochen im M\u00e4rz m\u00f6chten wir ganz den Frauen im Fairen Handel widmen. Mit den zwei Feiertagen in dieser Zeit, am 06.03. dem Weltgebetstag der Frauen und am 08.03. dem Weltfrauentag, ist das f\u00fcr uns die optimale Zeit, um hier nicht nur zu beiden Themen ausf\u00fchrlich zu informieren, sondern auch Produkte, die damit&hellip;<\/p>\n<\/div>\n\t\n<a href=\"https:\/\/weltlaeden.de\/katzenelnbogen\/frauen-im-fokus-14-tage-informationen-produkte-promotionen\/\" class=\"dt-btn-s dt-btn post-details details-type-btn\" aria-label=\"Read more about Frauen im Fokus &#8211; 14 Tage Informationen, Produkte, Promotionen\">Weiterlesen<i class=\"dt-icon-the7-arrow-03\" aria-hidden=\"true\"><\/i><\/a>\n\n<\/div><\/article><\/div><div class=\"visible wf-cell iso-item\" data-post-id=\"1029\" data-date=\"2026-01-31T11:52:49+01:00\" data-name=\"Ein Treffen zum Kennenlernen, zur\u00fcckblicken und nach Vorne schauen\"><article class=\"post project-odd visible post-1029 type-post status-publish format-standard has-post-thumbnail hentry category-neues tag-ausblick tag-fairer-handel tag-weltladen category-8\" data-name=\"Ein Treffen zum Kennenlernen, zur\u00fcckblicken und nach Vorne schauen\" data-date=\"2026-01-31T11:52:49+01:00\">\n\n<div class=\"post-thumbnail-wrap\">\n\t<div class=\"post-thumbnail\">\n\t\t\n\t\t\n\t\t<a href=\"https:\/\/weltlaeden.de\/katzenelnbogen\/ein-treffen-zum-kennenlernen-zurueckblicken-und-nach-vorne-schauen\/\" class=\"post-thumbnail-rollover layzr-bg layzr-bg\" ><img decoding=\"async\" class=\"iso-lazy-load preload-me iso-lazy-load aspect\" src=\"data:image\/svg+xml,%3Csvg%20xmlns%3D&#39;http%3A%2F%2Fwww.w3.org%2F2000%2Fsvg&#39;%20viewBox%3D&#39;0%200%20768%20512&#39;%2F%3E\" data-src=\"https:\/\/weltlaeden.de\/katzenelnbogen\/wp-content\/uploads\/sites\/229\/2026\/01\/image05-e1769856491925-768x512.png\" data-srcset=\"https:\/\/weltlaeden.de\/katzenelnbogen\/wp-content\/uploads\/sites\/229\/2026\/01\/image05-e1769856491925-768x512.png 768w, https:\/\/weltlaeden.de\/katzenelnbogen\/wp-content\/uploads\/sites\/229\/2026\/01\/image05-e1769856491925-1039x693.png 1039w\" loading=\"eager\" style=\"--ratio: 768 \/ 512\" sizes=\"(max-width: 768px) 100vw, 768px\" alt=\"\" title=\"image0(5)\" width=\"768\" height=\"512\"  \/><\/a>\t<\/div>\n<\/div>\n\n\n<div class=\"post-entry-content\">\n\n\t<h3 class=\"entry-title\">\n\t\t<a href=\"https:\/\/weltlaeden.de\/katzenelnbogen\/ein-treffen-zum-kennenlernen-zurueckblicken-und-nach-vorne-schauen\/\" title=\"Ein Treffen zum Kennenlernen, zur\u00fcckblicken und nach Vorne schauen\" rel=\"bookmark\">Ein Treffen zum Kennenlernen, zur\u00fcckblicken und nach Vorne schauen<\/a>\n\t<\/h3>\n\n\t<div class=\"entry-meta\"><a href=\"https:\/\/weltlaeden.de\/katzenelnbogen\/2026\/01\/31\/\" title=\"11:52\" class=\"data-link\" rel=\"bookmark\"><time class=\"entry-date updated\" datetime=\"2026-01-31T11:52:49+01:00\">31. Januar 2026<\/time><\/a><\/div>\n\t<div class=\"entry-excerpt\"><p>Am 25.01.2026 haben die Vereinsvorsitzenden der AG Eine Welt e.V. zusammen mit den Verkaufenden aus dem Weltladen einen ganz besonderen, gemeinsamen Nachmittag mit Kaffee &amp; Kuchen im Pfarrheim Katzenelnbogen verbracht. Neben der M\u00f6glichkeit die neuen Vorst\u00e4nde \u00fcber eine pers\u00f6nliche Vorstellung kennenzulernen, wurden die Aktivit\u00e4ten des Vorjahres in einem kleinen Review-Film betrachtet und ein erster Blick&hellip;<\/p>\n<\/div>\n\t\n<a href=\"https:\/\/weltlaeden.de\/katzenelnbogen\/ein-treffen-zum-kennenlernen-zurueckblicken-und-nach-vorne-schauen\/\" class=\"dt-btn-s dt-btn post-details details-type-btn\" aria-label=\"Read more about Ein Treffen zum Kennenlernen, zur\u00fcckblicken und nach Vorne schauen\">Weiterlesen<i class=\"dt-icon-the7-arrow-03\" aria-hidden=\"true\"><\/i><\/a>\n\n<\/div><\/article><\/div><div class=\"visible wf-cell iso-item\" data-post-id=\"1012\" data-date=\"2025-12-31T13:10:49+01:00\" data-name=\"Abbruch, Aufbruch, Umbruch \u2013 Was f\u00fcr ein Jahr\"><article class=\"post project-odd visible post-1012 type-post status-publish format-standard has-post-thumbnail hentry category-neues tag-brunch tag-jahresrueckblick tag-lesung tag-vorstandswahl category-8\" data-name=\"Abbruch, Aufbruch, Umbruch \u2013 Was f\u00fcr ein Jahr\" data-date=\"2025-12-31T13:10:49+01:00\">\n\n<div class=\"post-thumbnail-wrap\">\n\t<div class=\"post-thumbnail\">\n\t\t\n\t\t\n\t\t<a href=\"https:\/\/weltlaeden.de\/katzenelnbogen\/abbruch-aufbruch-umbruch-was-fuer-ein-jahr\/\" class=\"post-thumbnail-rollover layzr-bg layzr-bg\" ><img decoding=\"async\" class=\"iso-lazy-load preload-me iso-lazy-load aspect\" src=\"data:image\/svg+xml,%3Csvg%20xmlns%3D&#39;http%3A%2F%2Fwww.w3.org%2F2000%2Fsvg&#39;%20viewBox%3D&#39;0%200%20768%20512&#39;%2F%3E\" data-src=\"https:\/\/weltlaeden.de\/katzenelnbogen\/wp-content\/uploads\/sites\/229\/2025\/12\/man-9880887_1280-768x512.png\" data-srcset=\"https:\/\/weltlaeden.de\/katzenelnbogen\/wp-content\/uploads\/sites\/229\/2025\/12\/man-9880887_1280-768x512.png 768w, https:\/\/weltlaeden.de\/katzenelnbogen\/wp-content\/uploads\/sites\/229\/2025\/12\/man-9880887_1280-1152x768.png 1152w\" loading=\"eager\" style=\"--ratio: 768 \/ 512\" sizes=\"(max-width: 768px) 100vw, 768px\" alt=\"\" title=\"man-9880887_1280\" width=\"768\" height=\"512\"  \/><\/a>\t<\/div>\n<\/div>\n\n\n<div class=\"post-entry-content\">\n\n\t<h3 class=\"entry-title\">\n\t\t<a href=\"https:\/\/weltlaeden.de\/katzenelnbogen\/abbruch-aufbruch-umbruch-was-fuer-ein-jahr\/\" title=\"Abbruch, Aufbruch, Umbruch \u2013 Was f\u00fcr ein Jahr\" rel=\"bookmark\">Abbruch, Aufbruch, Umbruch \u2013 Was f\u00fcr ein Jahr<\/a>\n\t<\/h3>\n\n\t<div class=\"entry-meta\"><a href=\"https:\/\/weltlaeden.de\/katzenelnbogen\/2025\/12\/31\/\" title=\"13:10\" class=\"data-link\" rel=\"bookmark\"><time class=\"entry-date updated\" datetime=\"2025-12-31T13:10:49+01:00\">31. Dezember 2025<\/time><\/a><\/div>\n\t<div class=\"entry-excerpt\"><p>Das vergangene Jahr war f\u00fcr unseren Verein wie auch den Weltladen von vielen \u00c4nderungen gepr\u00e4gt. Startpunkt bildete die bereits im Vorjahr festgestellte letzte Periode des langj\u00e4hrigen Vorstandteams, das sich nach mitunter 30 Jahren Vorstandst\u00e4tigkeit nicht mehr f\u00fcr diesen Posten aufstellen lassen wollte. Zum Anfang des Jahres gab es hier allerdings keine neuen Interessenten, so dass&hellip;<\/p>\n<\/div>\n\t\n<a href=\"https:\/\/weltlaeden.de\/katzenelnbogen\/abbruch-aufbruch-umbruch-was-fuer-ein-jahr\/\" class=\"dt-btn-s dt-btn post-details details-type-btn\" aria-label=\"Read more about Abbruch, Aufbruch, Umbruch \u2013 Was f\u00fcr ein Jahr\">Weiterlesen<i class=\"dt-icon-the7-arrow-03\" aria-hidden=\"true\"><\/i><\/a>\n\n<\/div><\/article><\/div><div class=\"visible wf-cell iso-item\" data-post-id=\"995\" data-date=\"2025-12-03T14:35:49+01:00\" data-name=\"\u00d6ffnungszeiten Vorweihnachtszeit im Weltladen Katzenelnbogen + Weihnachtslose\"><article class=\"post project-odd visible post-995 type-post status-publish format-standard has-post-thumbnail hentry category-neues category-8\" data-name=\"\u00d6ffnungszeiten Vorweihnachtszeit im Weltladen Katzenelnbogen + Weihnachtslose\" data-date=\"2025-12-03T14:35:49+01:00\">\n\n<div class=\"post-thumbnail-wrap\">\n\t<div class=\"post-thumbnail\">\n\t\t\n\t\t\n\t\t<a href=\"https:\/\/weltlaeden.de\/katzenelnbogen\/oeffnungszeiten-vorweihnachtszeit-im-weltladen-katzenelnbogen-weihnachtslose\/\" class=\"post-thumbnail-rollover layzr-bg layzr-bg\" ><img decoding=\"async\" class=\"iso-lazy-load preload-me iso-lazy-load aspect\" src=\"data:image\/svg+xml,%3Csvg%20xmlns%3D&#39;http%3A%2F%2Fwww.w3.org%2F2000%2Fsvg&#39;%20viewBox%3D&#39;0%200%20768%20512&#39;%2F%3E\" data-src=\"https:\/\/weltlaeden.de\/katzenelnbogen\/wp-content\/uploads\/sites\/229\/2025\/12\/business-1294211_1280-768x512.png\" data-srcset=\"https:\/\/weltlaeden.de\/katzenelnbogen\/wp-content\/uploads\/sites\/229\/2025\/12\/business-1294211_1280-768x512.png 768w, https:\/\/weltlaeden.de\/katzenelnbogen\/wp-content\/uploads\/sites\/229\/2025\/12\/business-1294211_1280-1152x768.png 1152w\" loading=\"eager\" style=\"--ratio: 768 \/ 512\" sizes=\"(max-width: 768px) 100vw, 768px\" alt=\"\" title=\"business-1294211_1280\" width=\"768\" height=\"512\"  \/><\/a>\t<\/div>\n<\/div>\n\n\n<div class=\"post-entry-content\">\n\n\t<h3 class=\"entry-title\">\n\t\t<a href=\"https:\/\/weltlaeden.de\/katzenelnbogen\/oeffnungszeiten-vorweihnachtszeit-im-weltladen-katzenelnbogen-weihnachtslose\/\" title=\"\u00d6ffnungszeiten Vorweihnachtszeit im Weltladen Katzenelnbogen + Weihnachtslose\" rel=\"bookmark\">\u00d6ffnungszeiten Vorweihnachtszeit im Weltladen Katzenelnbogen + Weihnachtslose<\/a>\n\t<\/h3>\n\n\t<div class=\"entry-meta\"><a href=\"https:\/\/weltlaeden.de\/katzenelnbogen\/2025\/12\/03\/\" title=\"14:35\" class=\"data-link\" rel=\"bookmark\"><time class=\"entry-date updated\" datetime=\"2025-12-03T14:35:49+01:00\">3. Dezember 2025<\/time><\/a><\/div>\n\t<div class=\"entry-excerpt\"><p>[vc_row][vc_column][vc_column_text css=&#8220;&#8220;]Damit ihr genug Zeit habt, alle Eink\u00e4ufe rund um die Feiertage erledigen zu k\u00f6nnen, passen wir f\u00fcr einige Wochen unsere \u00d6ffnungszeiten ein wenig an. So haben wir direkt morgen, am 04.12., bis 19:30 Uhr ge\u00f6ffnet. Das soll den Weihnachtsmarktbesuchenden die Gelegenheit bieten, auch bei uns rein zu schauen. Dar\u00fcber hinaus werden wir Mittwochs bis&hellip;<\/p>\n<\/div>\n\t\n<a href=\"https:\/\/weltlaeden.de\/katzenelnbogen\/oeffnungszeiten-vorweihnachtszeit-im-weltladen-katzenelnbogen-weihnachtslose\/\" class=\"dt-btn-s dt-btn post-details details-type-btn\" aria-label=\"Read more about \u00d6ffnungszeiten Vorweihnachtszeit im Weltladen Katzenelnbogen + Weihnachtslose\">Weiterlesen<i class=\"dt-icon-the7-arrow-03\" aria-hidden=\"true\"><\/i><\/a>\n\n<\/div><\/article><\/div><div class=\"visible wf-cell iso-item\" data-post-id=\"974\" data-date=\"2025-11-22T16:26:38+01:00\" data-name=\"Ein rundum gelungener Abend - Lesung &quot;Vielfalt - Eine andere Geschichte der Menschheit&quot;\"><article class=\"post project-odd visible post-974 type-post status-publish format-standard has-post-thumbnail hentry category-neues tag-bildungsarbeit tag-lesung tag-vielfalt category-8\" data-name=\"Ein rundum gelungener Abend &#8211; Lesung &#8222;Vielfalt &#8211; Eine andere Geschichte der Menschheit&#8220;\" data-date=\"2025-11-22T16:26:38+01:00\">\n\n<div class=\"post-thumbnail-wrap\">\n\t<div class=\"post-thumbnail\">\n\t\t\n\t\t\n\t\t<a href=\"https:\/\/weltlaeden.de\/katzenelnbogen\/ein-rundum-gelungener-abend-lesung-vielfalt-eine-andere-geschichte-der-menschheit\/\" class=\"post-thumbnail-rollover layzr-bg layzr-bg\" ><img decoding=\"async\" class=\"iso-lazy-load preload-me iso-lazy-load aspect\" src=\"data:image\/svg+xml,%3Csvg%20xmlns%3D&#39;http%3A%2F%2Fwww.w3.org%2F2000%2Fsvg&#39;%20viewBox%3D&#39;0%200%20768%20512&#39;%2F%3E\" data-src=\"https:\/\/weltlaeden.de\/katzenelnbogen\/wp-content\/uploads\/sites\/229\/2025\/11\/IMG_0106-e1763825160992-768x512.jpg\" data-srcset=\"https:\/\/weltlaeden.de\/katzenelnbogen\/wp-content\/uploads\/sites\/229\/2025\/11\/IMG_0106-e1763825160992-768x512.jpg 768w, https:\/\/weltlaeden.de\/katzenelnbogen\/wp-content\/uploads\/sites\/229\/2025\/11\/IMG_0106-e1763825160992-960x640.jpg 960w\" loading=\"eager\" style=\"--ratio: 768 \/ 512\" sizes=\"(max-width: 768px) 100vw, 768px\" alt=\"\" title=\"IMG_0106\" width=\"768\" height=\"512\"  \/><\/a>\t<\/div>\n<\/div>\n\n\n<div class=\"post-entry-content\">\n\n\t<h3 class=\"entry-title\">\n\t\t<a href=\"https:\/\/weltlaeden.de\/katzenelnbogen\/ein-rundum-gelungener-abend-lesung-vielfalt-eine-andere-geschichte-der-menschheit\/\" title=\"Ein rundum gelungener Abend &#8211; Lesung &#8222;Vielfalt &#8211; Eine andere Geschichte der Menschheit&#8220;\" rel=\"bookmark\">Ein rundum gelungener Abend &#8211; Lesung &#8222;Vielfalt &#8211; Eine andere Geschichte der Menschheit&#8220;<\/a>\n\t<\/h3>\n\n\t<div class=\"entry-meta\"><a href=\"https:\/\/weltlaeden.de\/katzenelnbogen\/2025\/11\/22\/\" title=\"16:26\" class=\"data-link\" rel=\"bookmark\"><time class=\"entry-date updated\" datetime=\"2025-11-22T16:26:38+01:00\">22. November 2025<\/time><\/a><\/div>\n\t<div class=\"entry-excerpt\"><p>Mit etwa 30 interessiert lauschenden G\u00e4sten und einer gut gelaunten, charmanten Autorin im wunderbaren Setting der feinkleins startete unsere erste Lesung in 35 Jahren Vereinsgeschichte erfolgreich in den Abend. Morgane Llanque, die am selben Tag aus Berlin angereist war, hatte neben informativen, spannenden aber auch humorvollen Stellen aus ihrem neuen Buch &#8222;Vielfalt &#8211; Eine andere&hellip;<\/p>\n<\/div>\n\t\n<a href=\"https:\/\/weltlaeden.de\/katzenelnbogen\/ein-rundum-gelungener-abend-lesung-vielfalt-eine-andere-geschichte-der-menschheit\/\" class=\"dt-btn-s dt-btn post-details details-type-btn\" aria-label=\"Read more about Ein rundum gelungener Abend &#8211; Lesung &#8222;Vielfalt &#8211; Eine andere Geschichte der Menschheit&#8220;\">Weiterlesen<i class=\"dt-icon-the7-arrow-03\" aria-hidden=\"true\"><\/i><\/a>\n\n<\/div><\/article><\/div><div class=\"visible wf-cell iso-item\" data-post-id=\"946\" data-date=\"2025-11-04T10:00:55+01:00\" data-name=\"Jahresmitgliederversammlung 2025 AG Eine Welt e.V. - Wahl neuer Vorstand\"><article class=\"post project-odd visible post-946 type-post status-publish format-standard has-post-thumbnail hentry category-neues tag-jahresmitgliedsversammlung tag-rueckblick tag-verein tag-vorstandswahl tag-weltladen category-8\" data-name=\"Jahresmitgliederversammlung 2025 AG Eine Welt e.V. &#8211; Wahl neuer Vorstand\" data-date=\"2025-11-04T10:00:55+01:00\">\n\n<div class=\"post-thumbnail-wrap\">\n\t<div class=\"post-thumbnail\">\n\t\t\n\t\t\n\t\t<a href=\"https:\/\/weltlaeden.de\/katzenelnbogen\/jahresmitgliedsversammlung-2025-wahl-neuer-vorstand\/\" class=\"post-thumbnail-rollover layzr-bg layzr-bg\" ><img decoding=\"async\" class=\"iso-lazy-load preload-me iso-lazy-load aspect\" src=\"data:image\/svg+xml,%3Csvg%20xmlns%3D&#39;http%3A%2F%2Fwww.w3.org%2F2000%2Fsvg&#39;%20viewBox%3D&#39;0%200%20768%20512&#39;%2F%3E\" data-src=\"https:\/\/weltlaeden.de\/katzenelnbogen\/wp-content\/uploads\/sites\/229\/2025\/11\/EingangsfolieVersammlung-1-768x512.jpg\" data-srcset=\"https:\/\/weltlaeden.de\/katzenelnbogen\/wp-content\/uploads\/sites\/229\/2025\/11\/EingangsfolieVersammlung-1-768x512.jpg 768w, https:\/\/weltlaeden.de\/katzenelnbogen\/wp-content\/uploads\/sites\/229\/2025\/11\/EingangsfolieVersammlung-1-826x551.jpg 826w\" loading=\"eager\" style=\"--ratio: 768 \/ 512\" sizes=\"(max-width: 768px) 100vw, 768px\" alt=\"\" title=\"EingangsfolieVersammlung\" width=\"768\" height=\"512\"  \/><\/a>\t<\/div>\n<\/div>\n\n\n<div class=\"post-entry-content\">\n\n\t<h3 class=\"entry-title\">\n\t\t<a href=\"https:\/\/weltlaeden.de\/katzenelnbogen\/jahresmitgliedsversammlung-2025-wahl-neuer-vorstand\/\" title=\"Jahresmitgliederversammlung 2025 AG Eine Welt e.V. &#8211; Wahl neuer Vorstand\" rel=\"bookmark\">Jahresmitgliederversammlung 2025 AG Eine Welt e.V. &#8211; Wahl neuer Vorstand<\/a>\n\t<\/h3>\n\n\t<div class=\"entry-meta\"><a href=\"https:\/\/weltlaeden.de\/katzenelnbogen\/2025\/11\/04\/\" title=\"10:00\" class=\"data-link\" rel=\"bookmark\"><time class=\"entry-date updated\" datetime=\"2025-11-04T10:00:55+01:00\">4. November 2025<\/time><\/a><\/div>\n\t<div class=\"entry-excerpt\"><p>Am 30.10. fand die Jahresmitgliedsversammlung unserer AG Eine Welt e.V. im Pfarrheim Katzenelnbogen statt. Mit \u00fcber 20 Teilnehmenden war der Verein beschlussf\u00e4hig vor Ort und konnte so verschiedene Themen zu einer Entscheidung bringen. Zun\u00e4chst wurde jedoch ein kurzer R\u00fcckblick auf die vergangenen 12 Monate geworfen und ein \u00dcberblick der Veranstaltungen geliefert sowie die Ertrags- und&hellip;<\/p>\n<\/div>\n\t\n<a href=\"https:\/\/weltlaeden.de\/katzenelnbogen\/jahresmitgliedsversammlung-2025-wahl-neuer-vorstand\/\" class=\"dt-btn-s dt-btn post-details details-type-btn\" aria-label=\"Read more about Jahresmitgliederversammlung 2025 AG Eine Welt e.V. &#8211; Wahl neuer Vorstand\">Weiterlesen<i class=\"dt-icon-the7-arrow-03\" aria-hidden=\"true\"><\/i><\/a>\n\n<\/div><\/article><\/div><div class=\"visible wf-cell iso-item\" data-post-id=\"905\" data-date=\"2025-10-20T09:00:00+02:00\" data-name=\"Einladung Lesung Morgane Llanque - &quot;Vielfalt - Eine andere Geschichte der Menschheit&quot;\"><article class=\"post project-odd visible post-905 type-post status-publish format-standard has-post-thumbnail hentry category-neues tag-geschichte tag-lesung tag-vielfalt category-8\" data-name=\"Einladung Lesung Morgane Llanque &#8211; &#8222;Vielfalt &#8211; Eine andere Geschichte der Menschheit&#8220;\" data-date=\"2025-10-20T09:00:00+02:00\">\n\n<div class=\"post-thumbnail-wrap\">\n\t<div class=\"post-thumbnail\">\n\t\t\n\t\t\n\t\t<a href=\"https:\/\/weltlaeden.de\/katzenelnbogen\/einladung-lesung-morgane-llanque-vielfalt-eine-andere-geschichte-der-menschheit\/\" class=\"post-thumbnail-rollover layzr-bg layzr-bg\" ><img decoding=\"async\" class=\"iso-lazy-load preload-me iso-lazy-load aspect\" src=\"data:image\/svg+xml,%3Csvg%20xmlns%3D&#39;http%3A%2F%2Fwww.w3.org%2F2000%2Fsvg&#39;%20viewBox%3D&#39;0%200%20768%20512&#39;%2F%3E\" data-src=\"https:\/\/weltlaeden.de\/katzenelnbogen\/wp-content\/uploads\/sites\/229\/2025\/06\/U1_978-3-426-56507-0-768x512.jpg\" data-srcset=\"https:\/\/weltlaeden.de\/katzenelnbogen\/wp-content\/uploads\/sites\/229\/2025\/06\/U1_978-3-426-56507-0-768x512.jpg 768w, https:\/\/weltlaeden.de\/katzenelnbogen\/wp-content\/uploads\/sites\/229\/2025\/06\/U1_978-3-426-56507-0-1152x768.jpg 1152w\" loading=\"eager\" style=\"--ratio: 768 \/ 512\" sizes=\"(max-width: 768px) 100vw, 768px\" alt=\"\" title=\"U1_978-3-426-56507-0\" width=\"768\" height=\"512\"  \/><\/a>\t<\/div>\n<\/div>\n\n\n<div class=\"post-entry-content\">\n\n\t<h3 class=\"entry-title\">\n\t\t<a href=\"https:\/\/weltlaeden.de\/katzenelnbogen\/einladung-lesung-morgane-llanque-vielfalt-eine-andere-geschichte-der-menschheit\/\" title=\"Einladung Lesung Morgane Llanque &#8211; &#8222;Vielfalt &#8211; Eine andere Geschichte der Menschheit&#8220;\" rel=\"bookmark\">Einladung Lesung Morgane Llanque &#8211; &#8222;Vielfalt &#8211; Eine andere Geschichte der Menschheit&#8220;<\/a>\n\t<\/h3>\n\n\t<div class=\"entry-meta\"><a href=\"https:\/\/weltlaeden.de\/katzenelnbogen\/2025\/10\/20\/\" title=\"9:00\" class=\"data-link\" rel=\"bookmark\"><time class=\"entry-date updated\" datetime=\"2025-10-20T09:00:00+02:00\">20. Oktober 2025<\/time><\/a><\/div>\n\t<div class=\"entry-excerpt\"><p>Auch der November steht bei uns weiterhin unter dem Motto &#8222;Vielfalt&#8220;. Am 03. November erscheint im Droemer-Verlag das Buch &#8222;Vielfalt &#8211; eine andere Geschichte der Menschheit&#8220; der jungen Berliner Autorin Morgane Llanque und wir freuen uns sehr, sie pers\u00f6nlich zu einer Lesung bei den feinkleins in Katzenelnbogen am 21. November um 19:30 Uhr begr\u00fc\u00dfen zu&hellip;<\/p>\n<\/div>\n\t\n<a href=\"https:\/\/weltlaeden.de\/katzenelnbogen\/einladung-lesung-morgane-llanque-vielfalt-eine-andere-geschichte-der-menschheit\/\" class=\"dt-btn-s dt-btn post-details details-type-btn\" aria-label=\"Read more about Einladung Lesung Morgane Llanque &#8211; &#8222;Vielfalt &#8211; Eine andere Geschichte der Menschheit&#8220;\">Weiterlesen<i class=\"dt-icon-the7-arrow-03\" aria-hidden=\"true\"><\/i><\/a>\n\n<\/div><\/article><\/div><div class=\"visible wf-cell iso-item\" data-post-id=\"867\" data-date=\"2025-10-01T09:51:49+02:00\" data-name=\"Faire Woche 2025 - Res\u00fcmee\"><article class=\"post project-odd visible post-867 type-post status-publish format-standard has-post-thumbnail hentry category-neues tag-biodiversitaet tag-brunch tag-faire-woche tag-resuemee tag-workshop category-8\" data-name=\"Faire Woche 2025 &#8211; Res\u00fcmee\" data-date=\"2025-10-01T09:51:49+02:00\">\n\n<div class=\"post-thumbnail-wrap\">\n\t<div class=\"post-thumbnail\">\n\t\t\n\t\t\n\t\t<a href=\"https:\/\/weltlaeden.de\/katzenelnbogen\/faire-woche-2025-resuemee\/\" class=\"post-thumbnail-rollover layzr-bg layzr-bg\" ><img decoding=\"async\" class=\"iso-lazy-load preload-me iso-lazy-load aspect\" src=\"data:image\/svg+xml,%3Csvg%20xmlns%3D&#39;http%3A%2F%2Fwww.w3.org%2F2000%2Fsvg&#39;%20viewBox%3D&#39;0%200%20768%20512&#39;%2F%3E\" data-src=\"https:\/\/weltlaeden.de\/katzenelnbogen\/wp-content\/uploads\/sites\/229\/2025\/10\/IMG_9232-768x512.jpg\" data-srcset=\"https:\/\/weltlaeden.de\/katzenelnbogen\/wp-content\/uploads\/sites\/229\/2025\/10\/IMG_9232-768x512.jpg 768w, https:\/\/weltlaeden.de\/katzenelnbogen\/wp-content\/uploads\/sites\/229\/2025\/10\/IMG_9232-1152x768.jpg 1152w\" loading=\"eager\" style=\"--ratio: 768 \/ 512\" sizes=\"(max-width: 768px) 100vw, 768px\" alt=\"\" title=\"IMG_9232\" width=\"768\" height=\"512\"  \/><\/a>\t<\/div>\n<\/div>\n\n\n<div class=\"post-entry-content\">\n\n\t<h3 class=\"entry-title\">\n\t\t<a href=\"https:\/\/weltlaeden.de\/katzenelnbogen\/faire-woche-2025-resuemee\/\" title=\"Faire Woche 2025 &#8211; Res\u00fcmee\" rel=\"bookmark\">Faire Woche 2025 &#8211; Res\u00fcmee<\/a>\n\t<\/h3>\n\n\t<div class=\"entry-meta\"><a href=\"https:\/\/weltlaeden.de\/katzenelnbogen\/2025\/10\/01\/\" title=\"9:51\" class=\"data-link\" rel=\"bookmark\"><time class=\"entry-date updated\" datetime=\"2025-10-01T09:51:49+02:00\">1. Oktober 2025<\/time><\/a><\/div>\n\t<div class=\"entry-excerpt\"><p>[vc_row][vc_column][vc_column_text css=&#8220;&#8220;] Nach Auftakt der Fairen Woche am 12.09. in Mainz haben wir den Aktionszeitraum direkt mit einem Fairen Brunch am 14.09. ebenfalls gestartet. Mehr als 50 Bruncher haben sich zu diesem Anlass im Einrichmuseum eingefunden und mit uns gemeinsam einen wundersch\u00f6nen fairen Morgen mit breitem Buffet aus Fairem und regionalen Handel genossen. Neben musikalischen&hellip;<\/p>\n<\/div>\n\t\n<a href=\"https:\/\/weltlaeden.de\/katzenelnbogen\/faire-woche-2025-resuemee\/\" class=\"dt-btn-s dt-btn post-details details-type-btn\" aria-label=\"Read more about Faire Woche 2025 &#8211; Res\u00fcmee\">Weiterlesen<i class=\"dt-icon-the7-arrow-03\" aria-hidden=\"true\"><\/i><\/a>\n\n<\/div><\/article><\/div><\/div><!-- iso-container|iso-grid --><div class=\"paginator\" role=\"navigation\"><span class=\"nav-prev disabled\">\u2192<\/span><a href=\"https:\/\/weltlaeden.de\/katzenelnbogen\/wp-json\/wp\/v2\/pages\/361\/\" class=\"page-numbers act\" data-page-num=\"1\">1<\/a><a href=\"https:\/\/weltlaeden.de\/katzenelnbogen\/wp-json\/wp\/v2\/pages\/361\/page\/2\/\" class=\"page-numbers \" data-page-num=\"2\">2<\/a><a href=\"https:\/\/weltlaeden.de\/katzenelnbogen\/wp-json\/wp\/v2\/pages\/361\/page\/2\/\" class=\"page-numbers nav-next filter-item\" data-page-num=\"2\" >\u2192<\/a><\/div><\/div>[\/vc_column][\/vc_row]<\/p>\n<\/div>","protected":false},"excerpt":{"rendered":"<p>[vc_row][vc_column][vc_column_text] Neuigkeiten [\/vc_column_text][\/vc_column][\/vc_row]<\/p>\n","protected":false},"author":1,"featured_media":0,"parent":0,"menu_order":4,"comment_status":"closed","ping_status":"closed","template":"","meta":{"footnotes":""},"class_list":["post-361","page","type-page","status-publish","hentry","description-off"],"yoast_head":"<!-- This site is optimized with the Yoast SEO plugin v26.8 - https:\/\/yoast.com\/product\/yoast-seo-wordpress\/ -->\n<title>Neuigkeiten - Weltladen Katzenelnbogen<\/title>\n<meta name=\"robots\" content=\"index, follow, max-snippet:-1, max-image-preview:large, max-video-preview:-1\" \/>\n<link rel=\"canonical\" href=\"https:\/\/weltlaeden.de\/katzenelnbogen\/neuigkeiten\/\" \/>\n<meta property=\"og:locale\" content=\"de_DE\" \/>\n<meta property=\"og:type\" content=\"article\" \/>\n<meta property=\"og:title\" content=\"Neuigkeiten - Weltladen Katzenelnbogen\" \/>\n<meta property=\"og:description\" content=\"[vc_row][vc_column][vc_column_text] Neuigkeiten [\/vc_column_text][\/vc_column][\/vc_row]\" \/>\n<meta property=\"og:url\" content=\"https:\/\/weltlaeden.de\/katzenelnbogen\/neuigkeiten\/\" \/>\n<meta property=\"og:site_name\" content=\"Weltladen Katzenelnbogen\" \/>\n<meta property=\"article:modified_time\" content=\"2025-06-16T09:56:51+00:00\" \/>\n<meta name=\"twitter:card\" content=\"summary_large_image\" \/>\n<meta name=\"twitter:label1\" content=\"Gesch\u00e4tzte Lesezeit\" \/>\n\t<meta name=\"twitter:data1\" content=\"1\u00a0Minute\" \/>\n<script type=\"application\/ld+json\" class=\"yoast-schema-graph\">{\"@context\":\"https:\/\/schema.org\",\"@graph\":[{\"@type\":\"WebPage\",\"@id\":\"https:\/\/weltlaeden.de\/katzenelnbogen\/neuigkeiten\/\",\"url\":\"https:\/\/weltlaeden.de\/katzenelnbogen\/neuigkeiten\/\",\"name\":\"Neuigkeiten - Weltladen Katzenelnbogen\",\"isPartOf\":{\"@id\":\"https:\/\/weltlaeden.de\/katzenelnbogen\/#website\"},\"datePublished\":\"2018-04-05T07:52:53+00:00\",\"dateModified\":\"2025-06-16T09:56:51+00:00\",\"breadcrumb\":{\"@id\":\"https:\/\/weltlaeden.de\/katzenelnbogen\/neuigkeiten\/#breadcrumb\"},\"inLanguage\":\"de\",\"potentialAction\":[{\"@type\":\"ReadAction\",\"target\":[\"https:\/\/weltlaeden.de\/katzenelnbogen\/neuigkeiten\/\"]}]},{\"@type\":\"BreadcrumbList\",\"@id\":\"https:\/\/weltlaeden.de\/katzenelnbogen\/neuigkeiten\/#breadcrumb\",\"itemListElement\":[{\"@type\":\"ListItem\",\"position\":1,\"name\":\"Startseite\",\"item\":\"https:\/\/weltlaeden.de\/katzenelnbogen\/\"},{\"@type\":\"ListItem\",\"position\":2,\"name\":\"Neuigkeiten\"}]},{\"@type\":\"WebSite\",\"@id\":\"https:\/\/weltlaeden.de\/katzenelnbogen\/#website\",\"url\":\"https:\/\/weltlaeden.de\/katzenelnbogen\/\",\"name\":\"Weltladen Katzenelnbogen\",\"description\":\"Faire Produkte seit 1990\",\"potentialAction\":[{\"@type\":\"SearchAction\",\"target\":{\"@type\":\"EntryPoint\",\"urlTemplate\":\"https:\/\/weltlaeden.de\/katzenelnbogen\/?s={search_term_string}\"},\"query-input\":{\"@type\":\"PropertyValueSpecification\",\"valueRequired\":true,\"valueName\":\"search_term_string\"}}],\"inLanguage\":\"de\"}]}<\/script>\n<!-- \/ Yoast SEO plugin. -->","yoast_head_json":{"title":"Neuigkeiten - Weltladen Katzenelnbogen","robots":{"index":"index","follow":"follow","max-snippet":"max-snippet:-1","max-image-preview":"max-image-preview:large","max-video-preview":"max-video-preview:-1"},"canonical":"https:\/\/weltlaeden.de\/katzenelnbogen\/neuigkeiten\/","og_locale":"de_DE","og_type":"article","og_title":"Neuigkeiten - Weltladen Katzenelnbogen","og_description":"[vc_row][vc_column][vc_column_text] Neuigkeiten [\/vc_column_text][\/vc_column][\/vc_row]","og_url":"https:\/\/weltlaeden.de\/katzenelnbogen\/neuigkeiten\/","og_site_name":"Weltladen Katzenelnbogen","article_modified_time":"2025-06-16T09:56:51+00:00","twitter_card":"summary_large_image","twitter_misc":{"Gesch\u00e4tzte Lesezeit":"1\u00a0Minute"},"schema":{"@context":"https:\/\/schema.org","@graph":[{"@type":"WebPage","@id":"https:\/\/weltlaeden.de\/katzenelnbogen\/neuigkeiten\/","url":"https:\/\/weltlaeden.de\/katzenelnbogen\/neuigkeiten\/","name":"Neuigkeiten - Weltladen Katzenelnbogen","isPartOf":{"@id":"https:\/\/weltlaeden.de\/katzenelnbogen\/#website"},"datePublished":"2018-04-05T07:52:53+00:00","dateModified":"2025-06-16T09:56:51+00:00","breadcrumb":{"@id":"https:\/\/weltlaeden.de\/katzenelnbogen\/neuigkeiten\/#breadcrumb"},"inLanguage":"de","potentialAction":[{"@type":"ReadAction","target":["https:\/\/weltlaeden.de\/katzenelnbogen\/neuigkeiten\/"]}]},{"@type":"BreadcrumbList","@id":"https:\/\/weltlaeden.de\/katzenelnbogen\/neuigkeiten\/#breadcrumb","itemListElement":[{"@type":"ListItem","position":1,"name":"Startseite","item":"https:\/\/weltlaeden.de\/katzenelnbogen\/"},{"@type":"ListItem","position":2,"name":"Neuigkeiten"}]},{"@type":"WebSite","@id":"https:\/\/weltlaeden.de\/katzenelnbogen\/#website","url":"https:\/\/weltlaeden.de\/katzenelnbogen\/","name":"Weltladen Katzenelnbogen","description":"Faire Produkte seit 1990","potentialAction":[{"@type":"SearchAction","target":{"@type":"EntryPoint","urlTemplate":"https:\/\/weltlaeden.de\/katzenelnbogen\/?s={search_term_string}"},"query-input":{"@type":"PropertyValueSpecification","valueRequired":true,"valueName":"search_term_string"}}],"inLanguage":"de"}]}},"_links":{"self":[{"href":"https:\/\/weltlaeden.de\/katzenelnbogen\/wp-json\/wp\/v2\/pages\/361","targetHints":{"allow":["GET"]}}],"collection":[{"href":"https:\/\/weltlaeden.de\/katzenelnbogen\/wp-json\/wp\/v2\/pages"}],"about":[{"href":"https:\/\/weltlaeden.de\/katzenelnbogen\/wp-json\/wp\/v2\/types\/page"}],"author":[{"embeddable":true,"href":"https:\/\/weltlaeden.de\/katzenelnbogen\/wp-json\/wp\/v2\/users\/1"}],"replies":[{"embeddable":true,"href":"https:\/\/weltlaeden.de\/katzenelnbogen\/wp-json\/wp\/v2\/comments?post=361"}],"version-history":[{"count":8,"href":"https:\/\/weltlaeden.de\/katzenelnbogen\/wp-json\/wp\/v2\/pages\/361\/revisions"}],"predecessor-version":[{"id":750,"href":"https:\/\/weltlaeden.de\/katzenelnbogen\/wp-json\/wp\/v2\/pages\/361\/revisions\/750"}],"wp:attachment":[{"href":"https:\/\/weltlaeden.de\/katzenelnbogen\/wp-json\/wp\/v2\/media?parent=361"}],"curies":[{"name":"wp","href":"https:\/\/api.w.org\/{rel}","templated":true}]}}