{"id":23,"date":"2025-06-16T09:00:06","date_gmt":"2016-10-14T07:05:21","guid":{"rendered":"https:\/\/wl.heimpixel.de\/vorlage\/termine\/"},"modified":"2025-06-16T11:57:39","modified_gmt":"2025-06-16T09:57:39","slug":"termine","status":"publish","type":"page","link":"https:\/\/weltlaeden.de\/katzenelnbogen\/termine\/","title":{"rendered":"Termine"},"content":{"rendered":"<div class=\"wpb-content-wrapper\"><p>[vc_row][vc_column]<div class=\"wl_einzelbild\"><p><img loading=\"lazy\" decoding=\"async\" class=\"aligncenter size-full wp-image-nsm-3-33\" src=\"https:\/\/weltlaeden.de\/katzenelnbogen\/wp-content\/uploads\/sites\/3\/2018\/07\/pocket-watch-1637396_1920_pixabay.png\" alt=\"\" width=\"787\" height=\"340\" \/><\/p><\/div>[vc_empty_space height=&#8220;30px&#8220;][vc_column_text]<\/p>\n<h1>Termine<\/h1>\n<h4><\/h4>\n<p>[\/vc_column_text][vc_empty_space height=&#8220;30px&#8220;][\/vc_column][\/vc_row][vc_row][vc_column width=&#8220;2\/3&#8243;][vc_column_text]<\/p>\n<h2>Kommende Termine<\/h2>\n<p>[\/vc_column_text]<ul class=\"termine-page current aktuell\"><li><h5 class=\"termine-titel\"><a href=\"https:\/\/weltlaeden.de\/katzenelnbogen\/termin\/30-weltladentag\/\">30. Weltladentag<\/a><\/h5><p class=\"termine-date\">Sa., 09.05.2026<\/p><p class=\"termine-auszug\"><p class=termine-ort\"><small>Ort: <i>Deutschlandweit<\/i><\/small><\/p><\/li><li><h5 class=\"termine-titel\"><a href=\"https:\/\/weltlaeden.de\/katzenelnbogen\/termin\/woche-der-biodiversitaet\/\">Woche der Biodiversit\u00e4t<\/a><\/h5><p class=\"termine-date\">Di., 19.05.2026, 10:00 bis 23.05.2026, 12:00<\/p><p class=\"termine-auszug\">Eine Woche lang ganz unter dem Motto Artenschutz, das m\u00f6chten wir allen Kunden und Interessierten in der dritten Maiwoche bieten. Mit dem Weltbienentag am 20.05. sowie dem Tag der Artenvielfalt am 22.05. bietet sich diese Woche an, dem Thema nochmal etwas mehr Aufmerksamkeit zu schenken. Neben Informationsmaterial und Aufstellern auch zur Verbindung von Fairem Handel und Artenschutz, bieten wir allen Besuchern am 20.05. eine Honigverkostung an. Auch Schulen haben wir eingeladen, einen kleinen Workshop mit uns zu dem Thema vor Ort zu gestalten. Highlight ist am 21.05. ab 18:30 Uhr die Filmvorstellung \"Tagebuch einer Biene\" im Kreml Kino in Hahnst\u00e4tten\/Zollhaus.<p class=termine-ort\"><small>Ort: <i>Weltladen, Katzenelnbogen<\/i><\/small><\/p><\/li><li><h5 class=\"termine-titel\"><a href=\"https:\/\/weltlaeden.de\/katzenelnbogen\/termin\/weltladen-fachtage\/\">Weltladen-Fachtage<\/a><\/h5><p class=\"termine-date\">Fr., 12.06.2026 bis 13.06.2026<\/p><p class=\"termine-auszug\"><p class=termine-ort\"><small>Ort: <i>Schilde-Halle, Bad Hersfeld<\/i><\/small><\/p><\/li><li><h5 class=\"termine-titel\"><a href=\"https:\/\/weltlaeden.de\/katzenelnbogen\/termin\/catzenelnbogener-ritterspiele\/\">Catzenelnbogener Ritterspiele<\/a><\/h5><p class=\"termine-date\">Fr., 26.06.2026 bis 28.06.2026<\/p><p class=\"termine-auszug\"><p class=termine-ort\"><small>Ort: <i>Weiherwiese, Katzenelnbogen<\/i><\/small><\/p><\/li><li><h5 class=\"termine-titel\"><a href=\"https:\/\/weltlaeden.de\/katzenelnbogen\/termin\/bartholomaeus-markt-katzenelnbogen\/\">Bartholom\u00e4us-Markt Katzenelnbogen<\/a><\/h5><p class=\"termine-date\">Sa., 22.08.2026, 12:00 bis 25.08.2026, 18:00<\/p><p class=\"termine-auszug\"><p class=termine-ort\"><small>Ort: <i>Innenstadt<\/i><\/small><\/p><\/li><li><h5 class=\"termine-titel\"><a href=\"https:\/\/weltlaeden.de\/katzenelnbogen\/termin\/faire-woche\/\">Faire Woche 2026<\/a><\/h5><p class=\"termine-date\">Fr., 11.09.2026 bis 25.09.2026<\/p><p class=\"termine-auszug\"><p class=termine-ort\"><small>Ort: <i>Deutschlandweit<\/i><\/small><\/p><\/li><li><h5 class=\"termine-titel\"><a href=\"https:\/\/weltlaeden.de\/katzenelnbogen\/termin\/messe-fairgnuegt-2\/\">Messe FairG&#8217;n\u00fcgt<\/a><\/h5><p class=\"termine-date\">Fr., 25.09.2026, 10:00 bis 26.09.2026, 18:00<\/p><p class=\"termine-auszug\">Die j\u00e4hrliche Faire Messe \u00f6ffnet Ende September wieder ihre Tore in der Orangerie in Darmstadt. \u00dcber 20 Ausstellende pr\u00e4sentieren die gro\u00dfe Vielfalt, die der Faire Handel zu bieten hat sowohl f\u00fcr Fachbesucher wie auch die breite \u00d6ffentlichkeit.<p class=termine-ort\"><small>Ort: <i>Orangerie, Darmstadt<\/i><\/small><\/p><\/li><li><h5 class=\"termine-titel\"><a href=\"https:\/\/weltlaeden.de\/katzenelnbogen\/termin\/flecker-freitag-weltladen-edition\/\">Flecker Freitag Oktober &#8211; Weltladen Edition<\/a><\/h5><p class=\"termine-date\">Fr., 02.10.2026, 19:00 bis 02.10.2026, 23:30<\/p><p class=\"termine-auszug\">Wir von der AG Eine Welt e.V. und dem Weltladen Katzenelnbogen freuen uns sehr, den Flecker Freitag im Oktober ausrichten zu d\u00fcrfen. Wir freuen uns auf zahlreiche Besuchende.<p class=termine-ort\"><small>Ort: <i>Hof des Einrichmuseums<\/i><\/small><\/p><\/li><li><h5 class=\"termine-titel\"><a href=\"https:\/\/weltlaeden.de\/katzenelnbogen\/termin\/herbstmarkt-katzenelnbogen-2\/\">Herbstmarkt Katzenelnbogen<\/a><\/h5><p class=\"termine-date\">So., 11.10.2026, 13:00<\/p><p class=\"termine-auszug\"><p class=termine-ort\"><small>Ort: <i>Untertalstra\u00dfe, Katzenelnbogen<\/i><\/small><\/p><\/li><li><h5 class=\"termine-titel\"><a href=\"https:\/\/weltlaeden.de\/katzenelnbogen\/termin\/weihnachtsmarkt-katzenelnbogen-2\/\">Weihnachtsmarkt Katzenelnbogen<\/a><\/h5><p class=\"termine-date\">Do., 03.12.2026, 16:00<\/p><p class=\"termine-auszug\"><p class=termine-ort\"><small>Ort: <i>Weiherwiese, Katzenelnbogen<\/i><\/small><\/p><\/li><\/ul>[vc_empty_space height=&#8220;30px&#8220;][vc_column_text]<\/p>\n<h2>Vergangene Termine<\/h2>\n<p>[\/vc_column_text]<ul class=\"termine-page past vergangen\"><li><h5 class=\"termine-titel\"><a href=\"https:\/\/weltlaeden.de\/katzenelnbogen\/termin\/pflastermarkt-katzenelnbogen\/\">Pflastermarkt Katzenelnbogen<\/a><\/h5><p class=\"termine-date\">So., 26.04.2026<\/p><p class=\"termine-auszug\"><p class=termine-ort\"><small>Ort: <i>Untertalstra\u00dfe + Weiherwiese, Katzenelnbogen<\/i><\/small><\/p><\/li><li><h5 class=\"termine-titel\"><a href=\"https:\/\/weltlaeden.de\/katzenelnbogen\/termin\/messe-fair-handeln\/\">Messe Fair Handeln<\/a><\/h5><p class=\"termine-date\">Do., 09.04.2026 bis 12.04.2026<\/p><p class=\"termine-auszug\"><p class=termine-ort\"><small>Ort: <i>Messe Stuttgart<\/i><\/small><\/p><\/li><li><h5 class=\"termine-titel\"><a href=\"https:\/\/weltlaeden.de\/katzenelnbogen\/termin\/internationaler-frauentag\/\">Internationaler Frauentag<\/a><\/h5><p class=\"termine-date\">So., 08.03.2026<\/p><p class=\"termine-auszug\"><\/li><li><h5 class=\"termine-titel\"><a href=\"https:\/\/weltlaeden.de\/katzenelnbogen\/termin\/weltgebetstag-der-frauen\/\">Weltgebetstag der Frauen<\/a><\/h5><p class=\"termine-date\">Fr., 06.03.2026<\/p><p class=\"termine-auszug\"><\/li><li><h5 class=\"termine-titel\"><a href=\"https:\/\/weltlaeden.de\/katzenelnbogen\/termin\/weihnachtsmarkt-katzenelnbogen\/\">Weihnachtsmarkt Katzenelnbogen<\/a><\/h5><p class=\"termine-date\">Do., 04.12.2025, 16:00<\/p><p class=\"termine-auszug\"><p class=termine-ort\"><small>Ort: <i>Parkplatz Weiherwiese<\/i><\/small><\/p><\/li><li><h5 class=\"termine-titel\"><a href=\"https:\/\/weltlaeden.de\/katzenelnbogen\/termin\/lesung-morgane-llanque-vielfalt\/\">Lesung Morgane Llanque &#8211; Vielfalt<\/a><\/h5><p class=\"termine-date\">Fr., 21.11.2025, 19:30<\/p><p class=\"termine-auszug\"><strong>Eine neue Perspektive auf die Geschichte der Menschheit<\/strong> Morgane Llanque zeigt, wie vielf\u00e4ltig unsere Welt schon immer war und wie historische Dynamiken unsere Sicht auf Normalit\u00e4t pr\u00e4gen. Was Geschichte ist, wurde lange von M\u00e4nnern aus dem Westen entschieden. Hier setzt<strong>\u00a0Morgane Llanque<\/strong> an \u2013 denn was heute \u00bbnormal\u00ab und als \u00bbschon immer so\u00ab erscheint, war vor nicht allzu langer Zeit <strong>vielf\u00e4ltiger<\/strong>, diverser und unglaublicher: Sie erz\u00e4hlt von r\u00f6mischen Kaisern, die sich die Beine rasierten, von muslimischen Gelehrten am Hof von Friedrich II., von B\u00fcndnissen zwischen wei\u00dfen S\u00fcdstaatlern und den Black Panthers und von Frauen in den Anden, die in der Steinzeit jagten. So entsteht in <strong>globaler Perspektive<\/strong> eine andere Geschichte von Geld und Macht, Familie, Sexualit\u00e4t, Hautfarbe, Glaube, Klasse und Gerechtigkeit. Llanque hebt in ihrer gro\u00dfen feministischen Menschheitsgeschichte Gemeinsamkeiten statt Unterschiede hervor und zeigt, wie die Dinge so geworden sind, wie sie sind \u2013 und warum es auch ganz anders h\u00e4tte [...] <a href=\"https:\/\/weltlaeden.de\/katzenelnbogen\/termin\/lesung-morgane-llanque-vielfalt\/\"><small>[WEITERLESEN]<\/small><\/a><\/p><p class=termine-ort\"><small>Ort: <i>Buchhandlung die feinkleins, Katzenelnbogen<\/i><\/small><\/p><\/li><li><h5 class=\"termine-titel\"><a href=\"https:\/\/weltlaeden.de\/katzenelnbogen\/termin\/weltklang-festival-2025\/\">Weltklang Festival 2025<\/a><\/h5><p class=\"termine-date\">Sa., 08.11.2025, 19:00<\/p><p class=\"termine-auszug\">Auch in diesem Jahr wird die Stadthalle Katzenelnbogen wieder mit zauberhaften Kl\u00e4ngen erf\u00fcllt bei der 13. Ausf\u00fchrung des ortseigenen Weltklang Festivals. Die Besucher erwartet ein magischer Abend mit Musik aus aller Welt sowie begleitenden visuellen Highlights. Auch wir vom Weltladen sind wieder mit einem Stand vor Ort vertreten. &nbsp;<p class=termine-ort\"><small>Ort: <i>Stadthalle Katzenelnbogen<\/i><\/small><\/p><\/li><li><h5 class=\"termine-titel\"><a href=\"https:\/\/weltlaeden.de\/katzenelnbogen\/termin\/jahresversammlung-mitglieder-ag-eine-welt-e-v\/\">Jahresversammlung Mitglieder AG Eine Welt e.V.<\/a><\/h5><p class=\"termine-date\">Do., 30.10.2025, 19:30 bis 30.10.2025, 22:00<\/p><p class=\"termine-auszug\">Wie jedes Jahr l\u00e4dt die AG Eine Welt e.V. zur Mitgliederversammlung ein, um das vergangene Jahr hinsichtlich aller Aktivit\u00e4ten zu betrachten und den Vorstand f\u00fcr das Folgejahr zu w\u00e4hlen. Wir w\u00fcnschen uns zahlreiche Teilnehmende und Vorstandskandidierende.<p class=termine-ort\"><small>Ort: <i>Katholisches Pfarrheim, Im Kienborn 10, Katzenelnbogen<\/i><\/small><\/p><\/li><li><h5 class=\"termine-titel\"><a href=\"https:\/\/weltlaeden.de\/katzenelnbogen\/termin\/regionaltreffen-weltlaeden-noerdliches-rheinland-pfalz\/\">Regionaltreffen Weltl\u00e4den n\u00f6rdliches Rheinland-Pfalz<\/a><\/h5><p class=\"termine-date\">Sa., 25.10.2025, 10:00 bis 25.10.2025, 16:00<\/p><p class=\"termine-auszug\">Zwei Mal pro Jahr treffen sich dei Weltl\u00e4den der Region, um sich zu aktuellen Themen, Aktionen und Entwicklungen auszutauschen.<p class=termine-ort\"><small>Ort: <i>Mayen<\/i><\/small><\/p><\/li><li><h5 class=\"termine-titel\"><a href=\"https:\/\/weltlaeden.de\/katzenelnbogen\/termin\/herbstmarkt-katzenelnbogen\/\">Herbstmarkt Katzenelnbogen<\/a><\/h5><p class=\"termine-date\">So., 12.10.2025, 13:00 bis 12.10.2025, 18:00<\/p><p class=\"termine-auszug\">Der\u00a0Gewerbering der\u00a0Verbandsgemeinde Katzenelnbogen e.V. l\u00e4dt am <em><strong>Sonntag, 12. Oktober 2025 <\/strong><\/em>zum traditionellen Herbstmarkt in die Einrich-Metropole. Auch wir sind mit dem Weltladen mit Aktionen dabei. Schaut rein und lasst euch \u00fcberraschen!<p class=termine-ort\"><small>Ort: <i>Untertalstra\u00dfe, Katzenelnbogen<\/i><\/small><\/p><\/li><li><h5 class=\"termine-titel\"><a href=\"https:\/\/weltlaeden.de\/katzenelnbogen\/termin\/fairday-2025\/\">FairDay 2025<\/a><\/h5><p class=\"termine-date\">Di., 07.10.2025<\/p><p class=\"termine-auszug\"><p class=termine-ort\"><small>Ort: <i>ZKM Zentrum f\u00fcr Kunst und Medien, Karlsruhe<\/i><\/small><\/p><\/li><li><h5 class=\"termine-titel\"><a href=\"https:\/\/weltlaeden.de\/katzenelnbogen\/termin\/flecker-freitag-oktober\/\">Flecker Freitag Oktober &#8211; Weltladen Edition<\/a><\/h5><p class=\"termine-date\">Fr., 03.10.2025, 19:00 bis 03.10.2025, 23:30<\/p><p class=\"termine-auszug\">Wir vom Eine Welt e.V. und dem Weltladen Katzenelnbogen freuen uns sehr, den Flecker Freitag im Oktober ausrichten zu d\u00fcrfen. Kulinarisch steht alles unter dem Motto \"Herbstliche Gen\u00fcsse\". Wir freuen uns auf zahlreiche Besuchende.<p class=termine-ort\"><small>Ort: <i>Hof des Einrichmuseums<\/i><\/small><\/p><\/li><li><h5 class=\"termine-titel\"><a href=\"https:\/\/weltlaeden.de\/katzenelnbogen\/termin\/tag-des-kaffees\/\">Tag des Kaffees<\/a><\/h5><p class=\"termine-date\">Mi., 01.10.2025<\/p><p class=\"termine-auszug\">Wir freuen uns \u00fcber einen gem\u00fctlichen Kaffeeplausch oder \u00fcber einen Austausch zu unseren Kaffeeangeboten am Tag des Kaffees bei uns im Weltladen.<\/li><li><h5 class=\"termine-titel\"><a href=\"https:\/\/weltlaeden.de\/katzenelnbogen\/termin\/messe-fairgnuegt\/\">Messe FairG&#8217;n\u00fcgt<\/a><\/h5><p class=\"termine-date\">Fr., 26.09.2025, 10:00 bis 27.09.2025, 18:00<\/p><p class=\"termine-auszug\">Die j\u00e4hrliche Faire Messe \u00f6ffnet Ende September wieder ihre Tore in der Orangerie in Darmstadt. \u00dcber 20 Ausstellende pr\u00e4sentieren die gro\u00dfe Vielfalt, die der Faire Handel zu bieten hat sowohl f\u00fcr Fachbesucher wie auch die breite \u00d6ffentlichkeit.<p class=termine-ort\"><small>Ort: <i>Orangerie Darmstadt<\/i><\/small><\/p><\/li><li><h5 class=\"termine-titel\"><a href=\"https:\/\/weltlaeden.de\/katzenelnbogen\/termin\/glasrecyclingtag\/\">Glasrecyclingtag<\/a><\/h5><p class=\"termine-date\">Sa., 20.09.2025<\/p><p class=\"termine-auszug\"><p class=termine-ort\"><small>Ort: <i>Deutschlandweit<\/i><\/small><\/p><\/li><li><h5 class=\"termine-titel\"><a href=\"https:\/\/weltlaeden.de\/katzenelnbogen\/termin\/earth-night-2025\/\">Earth Night 2025<\/a><\/h5><p class=\"termine-date\">Fr., 19.09.2025, 22:00<\/p><p class=\"termine-auszug\">Lassen Sie uns gemeinsam bei Einbruch der Dunkelheit alle k\u00fcnstliche Beleuchtung f\u00fcr eine Nacht ausmachen und stattdessen den Sternenhimmel und die nat\u00fcrlich dunkle Nacht genie\u00dfen!<\/li><li><h5 class=\"termine-titel\"><a href=\"https:\/\/weltlaeden.de\/katzenelnbogen\/termin\/fairer-brunch-im-einrichmuseum\/\">Fairer Brunch im Einrichmuseum<\/a><\/h5><p class=\"termine-date\">So., 14.09.2025, 11:00 bis 14.09.2025, 14:00<\/p><p class=\"termine-auszug\">Im Rahmen der Fairen Woche m\u00f6chten wir gerne zu einem Brunch in einer besonderen Umgebung einladen und haben uns hierf\u00fcr mit dem Einrichmuseum zusammengetan. Hier wird die bewegte Geschichte der Region und damit auch die vielf\u00e4ltigen Einfl\u00fcsse, die die Kultur vor Ort ausmachen, aufgezeigt an Hand zahlreicher Ausstellungsst\u00fccke und mitunter interaktiven Vorf\u00fchrungen. Diese Umgebung stellt f\u00fcr uns sowohl einen regionalen Bezug f\u00fcr einen besonderen Brunch dar wie auch eine gute Grundlage um das Thema Vielfalt sowohl in Form der Location wie auch der Bestandteile des Brunches aus dem Fairen Handel aufzugreifen. Nach dem Brunch findet f\u00fcr alle Interessierten noch eine pers\u00f6nliche F\u00fchrung durch das Einrichmuseum statt. Wir freuen uns auf zahlreiche Teilnehmende! Die Teilnahme ist kostenlos, wir freuen uns aber \u00fcber Spenden f\u00fcr unsere Vereinsaktivit\u00e4ten. Wir starten um 11 Uhr mit dem Brunch - die F\u00fchrung schlie\u00dft dann um 13 Uhr das Event ab. Da die Platzanzahl limitiert ist, bitten [...] <a href=\"https:\/\/weltlaeden.de\/katzenelnbogen\/termin\/fairer-brunch-im-einrichmuseum\/\"><small>[WEITERLESEN]<\/small><\/a><\/p><p class=termine-ort\"><small>Ort: <i>Einrichmuseum<\/i><\/small><\/p><\/li><li><h5 class=\"termine-titel\"><a href=\"https:\/\/weltlaeden.de\/katzenelnbogen\/termin\/faire-woche-2025-thema-vielfalt\/\">Faire Woche 2025 &#8211; Thema Vielfalt<\/a><\/h5><p class=\"termine-date\">Fr., 12.09.2025 bis 26.09.2025<\/p><p class=\"termine-auszug\"><p class=termine-ort\"><small>Ort: <i>Deutschlandweit<\/i><\/small><\/p><\/li><li><h5 class=\"termine-titel\"><a href=\"https:\/\/weltlaeden.de\/katzenelnbogen\/termin\/flecker-freitag-september\/\">Flecker Freitag September<\/a><\/h5><p class=\"termine-date\">Fr., 05.09.2025, 19:00 bis 05.09.2025, 23:30<\/p><p class=\"termine-auszug\"><p class=termine-ort\"><small>Ort: <i>Hof des Einrichmuseums<\/i><\/small><\/p><\/li><li><h5 class=\"termine-titel\"><a href=\"https:\/\/weltlaeden.de\/katzenelnbogen\/termin\/bartholomaeusmarkt-katzenelnbogen\/\">Bartholom\u00e4usmarkt Katzenelnbogen<\/a><\/h5><p class=\"termine-date\">Sa., 23.08.2025, 18:00 bis 26.08.2025, 18:00<\/p><p class=\"termine-auszug\"><p class=termine-ort\"><small>Ort: <i>Innenstadt<\/i><\/small><\/p><\/li><li><h5 class=\"termine-titel\"><a href=\"https:\/\/weltlaeden.de\/katzenelnbogen\/termin\/weinfest-katzenelnbogen\/\">Weinfest Katzenelnbogen<\/a><\/h5><p class=\"termine-date\">Fr., 01.08.2025, 18:00 bis 02.08.2025, 23:55<\/p><p class=\"termine-auszug\"><p class=termine-ort\"><small>Ort: <i>Weiherwiese Katzenelnbogen<\/i><\/small><\/p><\/li><li><h5 class=\"termine-titel\"><a href=\"https:\/\/weltlaeden.de\/katzenelnbogen\/termin\/internationaler-tag-der-schokolade\/\">Internationaler Tag der Schokolade<\/a><\/h5><p class=\"termine-date\">Mo., 07.07.2025 bis 07.07.2025<\/p><p class=\"termine-auszug\">Feiert den Tag, an dem vor \u00fcber 500 Jahren die s\u00fc\u00dfe K\u00f6stlichkeit auch Europa eroberte doch mit einer wunderbaren Tafel aus unserem Sortiment!<p class=termine-ort\"><small>Ort: <i>Weltweit<\/i><\/small><\/p><\/li><li><h5 class=\"termine-titel\"><a href=\"https:\/\/weltlaeden.de\/katzenelnbogen\/termin\/flecker-freitag-juli\/\">Flecker Freitag Juli<\/a><\/h5><p class=\"termine-date\">Fr., 04.07.2025, 19:00 bis 04.07.2025, 23:30<\/p><p class=\"termine-auszug\"><p class=termine-ort\"><small>Ort: <i>Hof des Einrichmuseums<\/i><\/small><\/p><\/li><\/ul>[\/vc_column][\/vc_row]<\/p>\n<\/div>","protected":false},"excerpt":{"rendered":"<p>[vc_row][vc_column][vc_empty_space height=&#8220;30px&#8220;][vc_column_text] Termine [\/vc_column_text][vc_empty_space height=&#8220;30px&#8220;][\/vc_column][\/vc_row][vc_row][vc_column width=&#8220;2\/3&#8243;][vc_column_text] Kommende Termine [\/vc_column_text][vc_empty_space height=&#8220;30px&#8220;][vc_column_text] Vergangene Termine [\/vc_column_text][\/vc_column][\/vc_row]<\/p>\n","protected":false},"author":1,"featured_media":0,"parent":0,"menu_order":7,"comment_status":"closed","ping_status":"closed","template":"","meta":{"footnotes":""},"class_list":["post-23","page","type-page","status-publish","hentry","description-off"],"yoast_head":"<!-- This site is optimized with the Yoast SEO plugin v26.8 - https:\/\/yoast.com\/product\/yoast-seo-wordpress\/ -->\n<title>Termine - Weltladen Katzenelnbogen<\/title>\n<meta name=\"robots\" content=\"index, follow, max-snippet:-1, max-image-preview:large, max-video-preview:-1\" \/>\n<link rel=\"canonical\" href=\"https:\/\/weltlaeden.de\/katzenelnbogen\/termine\/\" \/>\n<meta property=\"og:locale\" content=\"de_DE\" \/>\n<meta property=\"og:type\" content=\"article\" \/>\n<meta property=\"og:title\" content=\"Termine - Weltladen Katzenelnbogen\" \/>\n<meta property=\"og:description\" content=\"[vc_row][vc_column][vc_empty_space height=&#8220;30px&#8220;][vc_column_text] Termine [\/vc_column_text][vc_empty_space height=&#8220;30px&#8220;][\/vc_column][\/vc_row][vc_row][vc_column width=&#8220;2\/3&#8243;][vc_column_text] Kommende Termine [\/vc_column_text][vc_empty_space height=&#8220;30px&#8220;][vc_column_text] Vergangene Termine [\/vc_column_text][\/vc_column][\/vc_row]\" \/>\n<meta property=\"og:url\" content=\"https:\/\/weltlaeden.de\/katzenelnbogen\/termine\/\" \/>\n<meta property=\"og:site_name\" content=\"Weltladen Katzenelnbogen\" \/>\n<meta property=\"article:modified_time\" content=\"2025-06-16T09:57:39+00:00\" \/>\n<meta property=\"og:image\" content=\"https:\/\/weltlaeden.de\/katzenelnbogen\/wp-content\/uploads\/sites\/3\/2018\/07\/pocket-watch-1637396_1920_pixabay.png\" \/>\n<meta name=\"twitter:card\" content=\"summary_large_image\" \/>\n<script type=\"application\/ld+json\" class=\"yoast-schema-graph\">{\"@context\":\"https:\/\/schema.org\",\"@graph\":[{\"@type\":\"WebPage\",\"@id\":\"https:\/\/weltlaeden.de\/katzenelnbogen\/termine\/\",\"url\":\"https:\/\/weltlaeden.de\/katzenelnbogen\/termine\/\",\"name\":\"Termine - Weltladen Katzenelnbogen\",\"isPartOf\":{\"@id\":\"https:\/\/weltlaeden.de\/katzenelnbogen\/#website\"},\"primaryImageOfPage\":{\"@id\":\"https:\/\/weltlaeden.de\/katzenelnbogen\/termine\/#primaryimage\"},\"image\":{\"@id\":\"https:\/\/weltlaeden.de\/katzenelnbogen\/termine\/#primaryimage\"},\"thumbnailUrl\":\"https:\/\/weltlaeden.de\/katzenelnbogen\/wp-content\/uploads\/sites\/3\/2018\/07\/pocket-watch-1637396_1920_pixabay.png\",\"datePublished\":\"2016-10-14T07:05:21+00:00\",\"dateModified\":\"2025-06-16T09:57:39+00:00\",\"breadcrumb\":{\"@id\":\"https:\/\/weltlaeden.de\/katzenelnbogen\/termine\/#breadcrumb\"},\"inLanguage\":\"de\",\"potentialAction\":[{\"@type\":\"ReadAction\",\"target\":[\"https:\/\/weltlaeden.de\/katzenelnbogen\/termine\/\"]}]},{\"@type\":\"ImageObject\",\"inLanguage\":\"de\",\"@id\":\"https:\/\/weltlaeden.de\/katzenelnbogen\/termine\/#primaryimage\",\"url\":\"https:\/\/weltlaeden.de\/katzenelnbogen\/wp-content\/uploads\/sites\/3\/2018\/07\/pocket-watch-1637396_1920_pixabay.png\",\"contentUrl\":\"https:\/\/weltlaeden.de\/katzenelnbogen\/wp-content\/uploads\/sites\/3\/2018\/07\/pocket-watch-1637396_1920_pixabay.png\"},{\"@type\":\"BreadcrumbList\",\"@id\":\"https:\/\/weltlaeden.de\/katzenelnbogen\/termine\/#breadcrumb\",\"itemListElement\":[{\"@type\":\"ListItem\",\"position\":1,\"name\":\"Startseite\",\"item\":\"https:\/\/weltlaeden.de\/katzenelnbogen\/\"},{\"@type\":\"ListItem\",\"position\":2,\"name\":\"Termine\"}]},{\"@type\":\"WebSite\",\"@id\":\"https:\/\/weltlaeden.de\/katzenelnbogen\/#website\",\"url\":\"https:\/\/weltlaeden.de\/katzenelnbogen\/\",\"name\":\"Weltladen Katzenelnbogen\",\"description\":\"Faire Produkte seit 1990\",\"potentialAction\":[{\"@type\":\"SearchAction\",\"target\":{\"@type\":\"EntryPoint\",\"urlTemplate\":\"https:\/\/weltlaeden.de\/katzenelnbogen\/?s={search_term_string}\"},\"query-input\":{\"@type\":\"PropertyValueSpecification\",\"valueRequired\":true,\"valueName\":\"search_term_string\"}}],\"inLanguage\":\"de\"}]}<\/script>\n<!-- \/ Yoast SEO plugin. -->","yoast_head_json":{"title":"Termine - Weltladen Katzenelnbogen","robots":{"index":"index","follow":"follow","max-snippet":"max-snippet:-1","max-image-preview":"max-image-preview:large","max-video-preview":"max-video-preview:-1"},"canonical":"https:\/\/weltlaeden.de\/katzenelnbogen\/termine\/","og_locale":"de_DE","og_type":"article","og_title":"Termine - Weltladen Katzenelnbogen","og_description":"[vc_row][vc_column][vc_empty_space height=&#8220;30px&#8220;][vc_column_text] Termine [\/vc_column_text][vc_empty_space height=&#8220;30px&#8220;][\/vc_column][\/vc_row][vc_row][vc_column width=&#8220;2\/3&#8243;][vc_column_text] Kommende Termine [\/vc_column_text][vc_empty_space height=&#8220;30px&#8220;][vc_column_text] Vergangene Termine [\/vc_column_text][\/vc_column][\/vc_row]","og_url":"https:\/\/weltlaeden.de\/katzenelnbogen\/termine\/","og_site_name":"Weltladen Katzenelnbogen","article_modified_time":"2025-06-16T09:57:39+00:00","og_image":[{"url":"https:\/\/weltlaeden.de\/katzenelnbogen\/wp-content\/uploads\/sites\/3\/2018\/07\/pocket-watch-1637396_1920_pixabay.png","type":"","width":"","height":""}],"twitter_card":"summary_large_image","schema":{"@context":"https:\/\/schema.org","@graph":[{"@type":"WebPage","@id":"https:\/\/weltlaeden.de\/katzenelnbogen\/termine\/","url":"https:\/\/weltlaeden.de\/katzenelnbogen\/termine\/","name":"Termine - Weltladen Katzenelnbogen","isPartOf":{"@id":"https:\/\/weltlaeden.de\/katzenelnbogen\/#website"},"primaryImageOfPage":{"@id":"https:\/\/weltlaeden.de\/katzenelnbogen\/termine\/#primaryimage"},"image":{"@id":"https:\/\/weltlaeden.de\/katzenelnbogen\/termine\/#primaryimage"},"thumbnailUrl":"https:\/\/weltlaeden.de\/katzenelnbogen\/wp-content\/uploads\/sites\/3\/2018\/07\/pocket-watch-1637396_1920_pixabay.png","datePublished":"2016-10-14T07:05:21+00:00","dateModified":"2025-06-16T09:57:39+00:00","breadcrumb":{"@id":"https:\/\/weltlaeden.de\/katzenelnbogen\/termine\/#breadcrumb"},"inLanguage":"de","potentialAction":[{"@type":"ReadAction","target":["https:\/\/weltlaeden.de\/katzenelnbogen\/termine\/"]}]},{"@type":"ImageObject","inLanguage":"de","@id":"https:\/\/weltlaeden.de\/katzenelnbogen\/termine\/#primaryimage","url":"https:\/\/weltlaeden.de\/katzenelnbogen\/wp-content\/uploads\/sites\/3\/2018\/07\/pocket-watch-1637396_1920_pixabay.png","contentUrl":"https:\/\/weltlaeden.de\/katzenelnbogen\/wp-content\/uploads\/sites\/3\/2018\/07\/pocket-watch-1637396_1920_pixabay.png"},{"@type":"BreadcrumbList","@id":"https:\/\/weltlaeden.de\/katzenelnbogen\/termine\/#breadcrumb","itemListElement":[{"@type":"ListItem","position":1,"name":"Startseite","item":"https:\/\/weltlaeden.de\/katzenelnbogen\/"},{"@type":"ListItem","position":2,"name":"Termine"}]},{"@type":"WebSite","@id":"https:\/\/weltlaeden.de\/katzenelnbogen\/#website","url":"https:\/\/weltlaeden.de\/katzenelnbogen\/","name":"Weltladen Katzenelnbogen","description":"Faire Produkte seit 1990","potentialAction":[{"@type":"SearchAction","target":{"@type":"EntryPoint","urlTemplate":"https:\/\/weltlaeden.de\/katzenelnbogen\/?s={search_term_string}"},"query-input":{"@type":"PropertyValueSpecification","valueRequired":true,"valueName":"search_term_string"}}],"inLanguage":"de"}]}},"_links":{"self":[{"href":"https:\/\/weltlaeden.de\/katzenelnbogen\/wp-json\/wp\/v2\/pages\/23","targetHints":{"allow":["GET"]}}],"collection":[{"href":"https:\/\/weltlaeden.de\/katzenelnbogen\/wp-json\/wp\/v2\/pages"}],"about":[{"href":"https:\/\/weltlaeden.de\/katzenelnbogen\/wp-json\/wp\/v2\/types\/page"}],"author":[{"embeddable":true,"href":"https:\/\/weltlaeden.de\/katzenelnbogen\/wp-json\/wp\/v2\/users\/1"}],"replies":[{"embeddable":true,"href":"https:\/\/weltlaeden.de\/katzenelnbogen\/wp-json\/wp\/v2\/comments?post=23"}],"version-history":[{"count":14,"href":"https:\/\/weltlaeden.de\/katzenelnbogen\/wp-json\/wp\/v2\/pages\/23\/revisions"}],"predecessor-version":[{"id":414,"href":"https:\/\/weltlaeden.de\/katzenelnbogen\/wp-json\/wp\/v2\/pages\/23\/revisions\/414"}],"wp:attachment":[{"href":"https:\/\/weltlaeden.de\/katzenelnbogen\/wp-json\/wp\/v2\/media?parent=23"}],"curies":[{"name":"wp","href":"https:\/\/api.w.org\/{rel}","templated":true}]}}