{"id":219,"date":"2024-06-16T09:00:06","date_gmt":"2024-06-16T07:00:06","guid":{"rendered":"https:\/\/wl.heimpixel.de\/vorlage\/ueber-uns\/"},"modified":"2025-06-21T15:30:32","modified_gmt":"2025-06-21T13:30:32","slug":"ueber-uns","status":"publish","type":"page","link":"https:\/\/weltlaeden.de\/katzenelnbogen\/ueber-uns\/","title":{"rendered":"\u00dcber uns"},"content":{"rendered":"<div class=\"wpb-content-wrapper\"><p>[vc_row][vc_column][vc_empty_space][vc_column_text css=&#8220;&#8220;]<\/p>\n<h1>\u00dcber die AG Eine Welt e.V.<\/h1>\n<p>&nbsp;<\/p>\n<p>[\/vc_column_text]<div class=\"wl_einzelbild\"><p><\/p>\n<div id=\"attachment_725\" style=\"width: 310px\" class=\"wp-caption alignleft\"><img loading=\"lazy\" decoding=\"async\" aria-describedby=\"caption-attachment-725\" class=\"wp-image-725 size-medium\" src=\"https:\/\/weltlaeden.de\/katzenelnbogen\/wp-content\/uploads\/sites\/229\/2025\/06\/ErsteJahresversammlung_Verein_1991-300x209.png\" alt=\"\" width=\"300\" height=\"209\" srcset=\"https:\/\/weltlaeden.de\/katzenelnbogen\/wp-content\/uploads\/sites\/229\/2025\/06\/ErsteJahresversammlung_Verein_1991-300x209.png 300w, https:\/\/weltlaeden.de\/katzenelnbogen\/wp-content\/uploads\/sites\/229\/2025\/06\/ErsteJahresversammlung_Verein_1991-1024x713.png 1024w, https:\/\/weltlaeden.de\/katzenelnbogen\/wp-content\/uploads\/sites\/229\/2025\/06\/ErsteJahresversammlung_Verein_1991-768x535.png 768w, https:\/\/weltlaeden.de\/katzenelnbogen\/wp-content\/uploads\/sites\/229\/2025\/06\/ErsteJahresversammlung_Verein_1991-1536x1070.png 1536w, https:\/\/weltlaeden.de\/katzenelnbogen\/wp-content\/uploads\/sites\/229\/2025\/06\/ErsteJahresversammlung_Verein_1991-2048x1427.png 2048w\" sizes=\"auto, (max-width: 300px) 100vw, 300px\" \/><p id=\"caption-attachment-725\" class=\"wp-caption-text\">1. Jahresversammlung der AG Eine Welt e.V.<\/p><\/div>\n<p><\/p><\/div>[vc_column_text css=&#8220;&#8220;]Am 27.09.1990 trafen sich 22 Engagierte, um sich zu einer m\u00f6glichen Er\u00f6ffnung eines seinerzeit Dritte-Welt-Ladens in der Katzenelnbogener Innenstadt auszutauschen. Neben Informationen zur GEPA, dem damals wichtigsten deutschen Importeur fair gehandelter Waren aus dem globalen S\u00fcden, wurden auch aktuelle Themen des Fairen Handels besprochen. Damit der Laden auch auf rechtlich sicheren Beinen stehen konnte, gr\u00fcndeten die Teilnehmenden parallel einen entsprechenden Tr\u00e4gerverein direkt vor Ort. Schon damals waren die Mitgliedsbeitr\u00e4ge prim\u00e4r zur Deckung der Ladennebenkosten gedacht sowie zur Finanzierung verschiedener Aktivit\u00e4ten, wie Veranstaltungen rund um den Fairen Handel und auch zur Unterst\u00fctzung unterschiedlicher Projekte. Der Verein ist auch weiterhin am Wachsen und erfreut sich mittlerweile \u00fcber 70 aktiver Mitglieder.<\/p>\n<p>[\/vc_column_text][vc_empty_space][vc_column_text css=&#8220;&#8220;]<\/p>\n<h1>\u00dcber den Weltladen Katzenelnbogen<\/h1>\n<p>&nbsp;<\/p>\n<p>&nbsp;<\/p>\n<p>[\/vc_column_text]<div class=\"wl_einzelbild\"><p><\/p>\n<div id=\"attachment_722\" style=\"width: 310px\" class=\"wp-caption alignleft\"><img loading=\"lazy\" decoding=\"async\" aria-describedby=\"caption-attachment-722\" class=\"wp-image-722 size-medium\" src=\"https:\/\/weltlaeden.de\/katzenelnbogen\/wp-content\/uploads\/sites\/229\/2025\/06\/Eine-Welt-Laden_Lahnstrasse5_bis99-300x207.png\" alt=\"\" width=\"300\" height=\"207\" srcset=\"https:\/\/weltlaeden.de\/katzenelnbogen\/wp-content\/uploads\/sites\/229\/2025\/06\/Eine-Welt-Laden_Lahnstrasse5_bis99-300x207.png 300w, https:\/\/weltlaeden.de\/katzenelnbogen\/wp-content\/uploads\/sites\/229\/2025\/06\/Eine-Welt-Laden_Lahnstrasse5_bis99-1024x708.png 1024w, https:\/\/weltlaeden.de\/katzenelnbogen\/wp-content\/uploads\/sites\/229\/2025\/06\/Eine-Welt-Laden_Lahnstrasse5_bis99-768x531.png 768w, https:\/\/weltlaeden.de\/katzenelnbogen\/wp-content\/uploads\/sites\/229\/2025\/06\/Eine-Welt-Laden_Lahnstrasse5_bis99-1536x1062.png 1536w, https:\/\/weltlaeden.de\/katzenelnbogen\/wp-content\/uploads\/sites\/229\/2025\/06\/Eine-Welt-Laden_Lahnstrasse5_bis99-2048x1416.png 2048w\" sizes=\"auto, (max-width: 300px) 100vw, 300px\" \/><p id=\"caption-attachment-722\" class=\"wp-caption-text\">Weltladen in der Lahnstra\u00dfe 5<\/p><\/div>\n<div id=\"attachment_723\" style=\"width: 248px\" class=\"wp-caption alignright\"><img loading=\"lazy\" decoding=\"async\" aria-describedby=\"caption-attachment-723\" class=\"wp-image-723 size-medium\" src=\"https:\/\/weltlaeden.de\/katzenelnbogen\/wp-content\/uploads\/sites\/229\/2025\/06\/EroeffnungEineWeltLaden1990-238x300.png\" alt=\"\" width=\"238\" height=\"300\" srcset=\"https:\/\/weltlaeden.de\/katzenelnbogen\/wp-content\/uploads\/sites\/229\/2025\/06\/EroeffnungEineWeltLaden1990-238x300.png 238w, https:\/\/weltlaeden.de\/katzenelnbogen\/wp-content\/uploads\/sites\/229\/2025\/06\/EroeffnungEineWeltLaden1990-812x1024.png 812w, https:\/\/weltlaeden.de\/katzenelnbogen\/wp-content\/uploads\/sites\/229\/2025\/06\/EroeffnungEineWeltLaden1990-768x968.png 768w, https:\/\/weltlaeden.de\/katzenelnbogen\/wp-content\/uploads\/sites\/229\/2025\/06\/EroeffnungEineWeltLaden1990-1219x1536.png 1219w, https:\/\/weltlaeden.de\/katzenelnbogen\/wp-content\/uploads\/sites\/229\/2025\/06\/EroeffnungEineWeltLaden1990-1625x2048.png 1625w, https:\/\/weltlaeden.de\/katzenelnbogen\/wp-content\/uploads\/sites\/229\/2025\/06\/EroeffnungEineWeltLaden1990.png 1873w\" sizes=\"auto, (max-width: 238px) 100vw, 238px\" \/><p id=\"caption-attachment-723\" class=\"wp-caption-text\">Informationsblatt f\u00fcr den Einrich &#8211; Dezember 1990<\/p><\/div>\n<p><\/p><\/div>[vc_column_text css=&#8220;&#8220;]Anfang Dezember 1990 konnte dann auch das zugeh\u00f6rige Ladenlokal damals in der Lahnstra\u00dfe 4 er\u00f6ffnet werden. 50 Vereinsmitglieder hatten \u00fcber Mitgliedsbeitr\u00e4ge sowie mit verschiedenen Aktionen die finanzielle Grundlage f\u00fcr die Er\u00f6ffnung geschaffen und boten an diesem Standort f\u00fcr die n\u00e4chsten 9 Jahre vielf\u00e4ltige Produkte aus dem Fairen Handel an.<\/p>\n<p>&nbsp;<\/p>\n<p>&nbsp;<\/p>\n<p>[\/vc_column_text]<div class=\"wl_einzelbild\"><p><\/p>\n<div id=\"attachment_724\" style=\"width: 310px\" class=\"wp-caption alignleft\"><img loading=\"lazy\" decoding=\"async\" aria-describedby=\"caption-attachment-724\" class=\"wp-image-724 size-medium\" src=\"https:\/\/weltlaeden.de\/katzenelnbogen\/wp-content\/uploads\/sites\/229\/2025\/06\/Eine-Welt-Laden_Roemerberg2_abDez99-300x207.png\" alt=\"\" width=\"300\" height=\"207\" srcset=\"https:\/\/weltlaeden.de\/katzenelnbogen\/wp-content\/uploads\/sites\/229\/2025\/06\/Eine-Welt-Laden_Roemerberg2_abDez99-300x207.png 300w, https:\/\/weltlaeden.de\/katzenelnbogen\/wp-content\/uploads\/sites\/229\/2025\/06\/Eine-Welt-Laden_Roemerberg2_abDez99-1024x706.png 1024w, https:\/\/weltlaeden.de\/katzenelnbogen\/wp-content\/uploads\/sites\/229\/2025\/06\/Eine-Welt-Laden_Roemerberg2_abDez99-768x530.png 768w, https:\/\/weltlaeden.de\/katzenelnbogen\/wp-content\/uploads\/sites\/229\/2025\/06\/Eine-Welt-Laden_Roemerberg2_abDez99-1536x1060.png 1536w, https:\/\/weltlaeden.de\/katzenelnbogen\/wp-content\/uploads\/sites\/229\/2025\/06\/Eine-Welt-Laden_Roemerberg2_abDez99-2048x1413.png 2048w\" sizes=\"auto, (max-width: 300px) 100vw, 300px\" \/><p id=\"caption-attachment-724\" class=\"wp-caption-text\">Weltladen am R\u00f6merberg 2<\/p><\/div>\n<p><\/p><\/div>[vc_column_text css=&#8220;&#8220;]Nachdem 1998 aus einem Wettbewerb das zus\u00e4tzliche Logo &#8222;Fair geht vor&#8220; hervorging und zus\u00e4tzlich die Ladenaussenfassade versch\u00f6nte, bezog der Laden ab Dezember 1999 neue R\u00e4umlichkeiten im R\u00f6merberg 2. Hier wurden in den folgenden drei Jahren Kund*innen mit Fairen Produkten aus aller Welt und vielen spannenden Aktionen rund um den Weltladentag wie auch die Faire Woche \u00fcber die Projekte des Vereins sowie die vielseitigen Anliegen der Weltladenvereinigung aufgekl\u00e4rt.<\/p>\n<p>[\/vc_column_text][vc_empty_space height=&#8220;10px&#8220;]<div class=\"wl_einzelbild\"><p><\/p>\n<div id=\"attachment_730\" style=\"width: 187px\" class=\"wp-caption alignleft\"><img loading=\"lazy\" decoding=\"async\" aria-describedby=\"caption-attachment-730\" class=\"wp-image-730 \" src=\"https:\/\/weltlaeden.de\/katzenelnbogen\/wp-content\/uploads\/sites\/229\/2025\/06\/Logo-e1750247694298-300x271.jpg\" alt=\"\" width=\"177\" height=\"160\" srcset=\"https:\/\/weltlaeden.de\/katzenelnbogen\/wp-content\/uploads\/sites\/229\/2025\/06\/Logo-e1750247694298-300x271.jpg 300w, https:\/\/weltlaeden.de\/katzenelnbogen\/wp-content\/uploads\/sites\/229\/2025\/06\/Logo-e1750247694298.jpg 330w\" sizes=\"auto, (max-width: 177px) 100vw, 177px\" \/><p id=\"caption-attachment-730\" class=\"wp-caption-text\">Neues Logo aus Logowettbewerb &#8211; 1998<\/p><\/div>\n<div id=\"attachment_727\" style=\"width: 243px\" class=\"wp-caption alignleft\"><img loading=\"lazy\" decoding=\"async\" aria-describedby=\"caption-attachment-727\" class=\"wp-image-727\" src=\"https:\/\/weltlaeden.de\/katzenelnbogen\/wp-content\/uploads\/sites\/229\/2025\/06\/Aktion_Weltladen_Roemerberg-300x206.png\" alt=\"\" width=\"233\" height=\"160\" srcset=\"https:\/\/weltlaeden.de\/katzenelnbogen\/wp-content\/uploads\/sites\/229\/2025\/06\/Aktion_Weltladen_Roemerberg-300x206.png 300w, https:\/\/weltlaeden.de\/katzenelnbogen\/wp-content\/uploads\/sites\/229\/2025\/06\/Aktion_Weltladen_Roemerberg-1024x702.png 1024w, https:\/\/weltlaeden.de\/katzenelnbogen\/wp-content\/uploads\/sites\/229\/2025\/06\/Aktion_Weltladen_Roemerberg-768x527.png 768w, https:\/\/weltlaeden.de\/katzenelnbogen\/wp-content\/uploads\/sites\/229\/2025\/06\/Aktion_Weltladen_Roemerberg-1536x1053.png 1536w, https:\/\/weltlaeden.de\/katzenelnbogen\/wp-content\/uploads\/sites\/229\/2025\/06\/Aktion_Weltladen_Roemerberg-2048x1404.png 2048w\" sizes=\"auto, (max-width: 233px) 100vw, 233px\" \/><p id=\"caption-attachment-727\" class=\"wp-caption-text\">K\u00fcche &#8211; ein Ort der Begegnung &#8211; Aktion Oktober 2001<\/p><\/div>\n<div id=\"attachment_728\" style=\"width: 236px\" class=\"wp-caption alignleft\"><img loading=\"lazy\" decoding=\"async\" aria-describedby=\"caption-attachment-728\" class=\"wp-image-728\" src=\"https:\/\/weltlaeden.de\/katzenelnbogen\/wp-content\/uploads\/sites\/229\/2025\/06\/AktionWeltladenRoemerberg-300x212.png\" alt=\"\" width=\"226\" height=\"160\" srcset=\"https:\/\/weltlaeden.de\/katzenelnbogen\/wp-content\/uploads\/sites\/229\/2025\/06\/AktionWeltladenRoemerberg-300x212.png 300w, https:\/\/weltlaeden.de\/katzenelnbogen\/wp-content\/uploads\/sites\/229\/2025\/06\/AktionWeltladenRoemerberg-1024x722.png 1024w, https:\/\/weltlaeden.de\/katzenelnbogen\/wp-content\/uploads\/sites\/229\/2025\/06\/AktionWeltladenRoemerberg-768x542.png 768w, https:\/\/weltlaeden.de\/katzenelnbogen\/wp-content\/uploads\/sites\/229\/2025\/06\/AktionWeltladenRoemerberg-1536x1083.png 1536w, https:\/\/weltlaeden.de\/katzenelnbogen\/wp-content\/uploads\/sites\/229\/2025\/06\/AktionWeltladenRoemerberg-2048x1444.png 2048w\" sizes=\"auto, (max-width: 226px) 100vw, 226px\" \/><p id=\"caption-attachment-728\" class=\"wp-caption-text\">Brot f\u00fcr die Welt Spendenaktion &#8211; 2002<\/p><\/div>\n<p><\/p><\/div>[vc_empty_space height=&#8220;20px&#8220;][vc_column_text css=&#8220;&#8220;]Seit Dezember 2002 befindet sich der Weltladen nun in der Untertalstra\u00dfe 18. Neben dem gro\u00df gefeierten 20-j\u00e4hrigen Bestehen von Verein und Weltladen wurden auch hier zahlreiche spannende Aktionen &amp; Events umgesetzt. Inzwischen ist das Ladenangebot nach \u00fcber 3 Jahrzehnten nicht mehr aus dem Stadtbild Katzenelnbogens wegzudenken und bereichert auch zuk\u00fcnftig die Einkaufslandschaft um viele unterschiedliche Produkte des Fairen Handels. \u00dcber die Jahre hinweg haben sich viele helfende H\u00e4nde f\u00fcr die Arbeit im Verein wie auch im Laden eingesetzt und diese ehrenamtilich begleitet. Es ist uns auch weiterhin ein wichtiges Anliegen, den Fairen Handel sowie einhergehend Klimaschutz wie auch Klimagerechtigkeit, Nachhaltiges Handeln sowie auch eine Gleichstellung aller Produzierenden des globalen S\u00fcdens auf den weltweiten Handelsm\u00e4rkten zu erreichen.<\/p>\n<p>Wir freuen uns auch weiterhin, eine zahlreiche und gerne auch interessierte oder engagierte Kundschaft bei uns begr\u00fc\u00dfen zu k\u00f6nnen.<\/p>\n<p>&nbsp;<\/p>\n<p>&nbsp;<\/p>\n<p>[\/vc_column_text][vc_empty_space height=&#8220;10px&#8220;]<div class=\"wl_einzelbild\"><p><\/p>\n<div id=\"attachment_731\" style=\"width: 275px\" class=\"wp-caption alignleft\"><img loading=\"lazy\" decoding=\"async\" aria-describedby=\"caption-attachment-731\" class=\"wp-image-731 \" src=\"https:\/\/weltlaeden.de\/katzenelnbogen\/wp-content\/uploads\/sites\/229\/2025\/06\/WeltladenUntertalstrasse-300x209.png\" alt=\"\" width=\"265\" height=\"185\" srcset=\"https:\/\/weltlaeden.de\/katzenelnbogen\/wp-content\/uploads\/sites\/229\/2025\/06\/WeltladenUntertalstrasse-300x209.png 300w, https:\/\/weltlaeden.de\/katzenelnbogen\/wp-content\/uploads\/sites\/229\/2025\/06\/WeltladenUntertalstrasse-1024x712.png 1024w, https:\/\/weltlaeden.de\/katzenelnbogen\/wp-content\/uploads\/sites\/229\/2025\/06\/WeltladenUntertalstrasse-768x534.png 768w, https:\/\/weltlaeden.de\/katzenelnbogen\/wp-content\/uploads\/sites\/229\/2025\/06\/WeltladenUntertalstrasse-1536x1068.png 1536w, https:\/\/weltlaeden.de\/katzenelnbogen\/wp-content\/uploads\/sites\/229\/2025\/06\/WeltladenUntertalstrasse-2048x1425.png 2048w\" sizes=\"auto, (max-width: 265px) 100vw, 265px\" \/><p id=\"caption-attachment-731\" class=\"wp-caption-text\">Weltladen in der Untertalstra\u00dfe 18<\/p><\/div>\n<div id=\"attachment_732\" style=\"width: 289px\" class=\"wp-caption alignleft\"><img loading=\"lazy\" decoding=\"async\" aria-describedby=\"caption-attachment-732\" class=\"wp-image-732\" src=\"https:\/\/weltlaeden.de\/katzenelnbogen\/wp-content\/uploads\/sites\/229\/2025\/06\/WeltladenUntertalstrasseFest-300x199.png\" alt=\"\" width=\"279\" height=\"185\" srcset=\"https:\/\/weltlaeden.de\/katzenelnbogen\/wp-content\/uploads\/sites\/229\/2025\/06\/WeltladenUntertalstrasseFest-300x199.png 300w, https:\/\/weltlaeden.de\/katzenelnbogen\/wp-content\/uploads\/sites\/229\/2025\/06\/WeltladenUntertalstrasseFest-1024x681.png 1024w, https:\/\/weltlaeden.de\/katzenelnbogen\/wp-content\/uploads\/sites\/229\/2025\/06\/WeltladenUntertalstrasseFest-768x511.png 768w, https:\/\/weltlaeden.de\/katzenelnbogen\/wp-content\/uploads\/sites\/229\/2025\/06\/WeltladenUntertalstrasseFest-1536x1021.png 1536w, https:\/\/weltlaeden.de\/katzenelnbogen\/wp-content\/uploads\/sites\/229\/2025\/06\/WeltladenUntertalstrasseFest-2048x1362.png 2048w\" sizes=\"auto, (max-width: 279px) 100vw, 279px\" \/><p id=\"caption-attachment-732\" class=\"wp-caption-text\">Herbst- und Bauernmarkt 2003<\/p><\/div>\n<p><\/p><\/div>[vc_empty_space][vc_column_text css=&#8220;&#8220;]<\/p>\n<h1>\u00dcber unsere Projekte<\/h1>\n<p>&nbsp;<\/p>\n<p>[\/vc_column_text]<div class=\"wl_einzelbild\"><p><\/p>\n<div id=\"attachment_777\" style=\"width: 287px\" class=\"wp-caption alignright\"><img loading=\"lazy\" decoding=\"async\" aria-describedby=\"caption-attachment-777\" class=\"wp-image-777\" src=\"https:\/\/weltlaeden.de\/katzenelnbogen\/wp-content\/uploads\/sites\/229\/2025\/06\/Bolivien_2.2-134x300.jpg\" alt=\"\" width=\"277\" height=\"620\" srcset=\"https:\/\/weltlaeden.de\/katzenelnbogen\/wp-content\/uploads\/sites\/229\/2025\/06\/Bolivien_2.2-134x300.jpg 134w, https:\/\/weltlaeden.de\/katzenelnbogen\/wp-content\/uploads\/sites\/229\/2025\/06\/Bolivien_2.2-457x1024.jpg 457w, https:\/\/weltlaeden.de\/katzenelnbogen\/wp-content\/uploads\/sites\/229\/2025\/06\/Bolivien_2.2-768x1721.jpg 768w, https:\/\/weltlaeden.de\/katzenelnbogen\/wp-content\/uploads\/sites\/229\/2025\/06\/Bolivien_2.2-685x1536.jpg 685w, https:\/\/weltlaeden.de\/katzenelnbogen\/wp-content\/uploads\/sites\/229\/2025\/06\/Bolivien_2.2-914x2048.jpg 914w, https:\/\/weltlaeden.de\/katzenelnbogen\/wp-content\/uploads\/sites\/229\/2025\/06\/Bolivien_2.2-scaled.jpg 1142w\" sizes=\"auto, (max-width: 277px) 100vw, 277px\" \/><p id=\"caption-attachment-777\" class=\"wp-caption-text\">Informationsblatt f\u00fcr den Einrich &#8211; April 2013<\/p><\/div>\n<p><img loading=\"lazy\" decoding=\"async\" class=\"wp-image-776 alignright\" src=\"https:\/\/weltlaeden.de\/katzenelnbogen\/wp-content\/uploads\/sites\/229\/2025\/06\/Bolivien_2.1-300x271.jpg\" alt=\"\" width=\"241\" height=\"218\" srcset=\"https:\/\/weltlaeden.de\/katzenelnbogen\/wp-content\/uploads\/sites\/229\/2025\/06\/Bolivien_2.1-300x271.jpg 300w, https:\/\/weltlaeden.de\/katzenelnbogen\/wp-content\/uploads\/sites\/229\/2025\/06\/Bolivien_2.1-1024x925.jpg 1024w, https:\/\/weltlaeden.de\/katzenelnbogen\/wp-content\/uploads\/sites\/229\/2025\/06\/Bolivien_2.1-768x694.jpg 768w, https:\/\/weltlaeden.de\/katzenelnbogen\/wp-content\/uploads\/sites\/229\/2025\/06\/Bolivien_2.1-1536x1388.jpg 1536w, https:\/\/weltlaeden.de\/katzenelnbogen\/wp-content\/uploads\/sites\/229\/2025\/06\/Bolivien_2.1-2048x1851.jpg 2048w\" sizes=\"auto, (max-width: 241px) 100vw, 241px\" \/><\/p>\n<p><\/p><\/div>[vc_column_text css=&#8220;&#8220;]Das Gr\u00fcndungsjahr 1990 des Vereins steht auch f\u00fcr den Beginn der l\u00e4ngsten Spendenpartnerschaft mit dem brasilianischen Projekt in Leme, Conhecer e Viver. \u00dcber die langj\u00e4hrige Zusammenarbeit mit Schwester M. Ludwigis Bilo SMMP konnten so \u00fcber die letzten 3 Dekaden insgesamt ca. 70.000,- EUR gesammelt und gespendet werden, um sozial benachteiligten, armen Familien den eigenen Hausbau oder die Haussanierung am Stadtrand zu erm\u00f6glichen und somit hygienische und Lebensbedingungen deutlich zu verbessern. In den letzten Jahrzehnten hat sich in diesem Gebiet die Bev\u00f6lkerung mehr als verdreifacht und gerade am Stadtrand von Leme hat sich dadurch die Armutslage im Viertel deutlich zugespitzt. Neben Projekten wie dem von uns unterst\u00fctzten &#8222;H\u00e4user statt H\u00fctten&#8220; engagieren sich die Schwestern der heiligen Maria Magdalena Postel im Rahmen eines Sozialb\u00fcros mit sozialen Sprechstunden und begleiten die Familien vor Ort bei ersten Schritten hin zu einer Verbesserung der eigenen Lebenssituation. Dar\u00fcber hinaus wurden \u00fcber die Jahre hinweg verschiedene Kinder- und Jugendarbeitsprojekte verwirklicht wie die Schaffung von Begegnungsr\u00e4umen und Angebote zur Gewaltpr\u00e4vention. Weitere Informationen gibt es unter: <a href=\"https:\/\/smmp.de\/weltweit\/brasilien\/leme-erziehung-und-praevention\/\">https:\/\/smmp.de\/weltweit\/brasilien\/leme-erziehung-und-praevention\/<\/a><\/p>\n<p>[\/vc_column_text][vc_empty_space height=&#8220;10px&#8220;][vc_column_text css=&#8220;&#8220;]Ein weiterer Projektpartner, mit dem der Verein seit \u00fcber 30 Jahren zusammenarbeitet, ist die Andheri Hilfe in Bonn. Mit Start in 2012 flossen die hier zusammengetragenen Spendengelder prim\u00e4r in das seitens des Partners der Andheri Hilfe, ODP (The Organisation for the development of People), ins Leben gerufene Ressourcenmanagementprojekt. An Hand von Selbsthilfestrukturen sollen hier\u00fcber Familien in Kamagere und anderen wirtschaftlich benachteiligten Regionen bef\u00e4higt werden, nat\u00fcrliche Ressourcen nachhaltig zu bewirtschaften und so langfristig das Grundwasserpotenzial zu erh\u00f6hen und einhergehend den eigenen Sozialstatus durch Besch\u00e4ftigung und Einkommenssteigerung zu verbessern. In den vergangenen Jahren konnten so mehr als 20.000 Familien unterst\u00fctzt, der Grundwasserspiegel erh\u00f6ht, 40 Quadratkilometer an Fl\u00e4che rekultiviert sowie neue Gemeinschaftswerte z.B. durch den Bau von insgesamt 16 Gemeindehallen geschaffen werden. Weitere Informationen gibt es unter: <a href=\"https:\/\/odpmysore.org\/watershed\/\">https:\/\/odpmysore.org\/watershed\/<\/a><\/p>\n<p>[\/vc_column_text][vc_empty_space height=&#8220;10px&#8220;]<div class=\"wl_einzelbild\"><p><\/p>\n<div id=\"attachment_772\" style=\"width: 296px\" class=\"wp-caption alignleft\"><img loading=\"lazy\" decoding=\"async\" aria-describedby=\"caption-attachment-772\" class=\"wp-image-772\" src=\"https:\/\/weltlaeden.de\/katzenelnbogen\/wp-content\/uploads\/sites\/229\/2025\/06\/\u2022-Arbeitsgemeinschaft-fuer-Eine-Welt-e.V-1-121x300.png\" alt=\"\" width=\"286\" height=\"709\" srcset=\"https:\/\/weltlaeden.de\/katzenelnbogen\/wp-content\/uploads\/sites\/229\/2025\/06\/\u2022-Arbeitsgemeinschaft-fuer-Eine-Welt-e.V-1-121x300.png 121w, https:\/\/weltlaeden.de\/katzenelnbogen\/wp-content\/uploads\/sites\/229\/2025\/06\/\u2022-Arbeitsgemeinschaft-fuer-Eine-Welt-e.V-1-413x1024.png 413w, https:\/\/weltlaeden.de\/katzenelnbogen\/wp-content\/uploads\/sites\/229\/2025\/06\/\u2022-Arbeitsgemeinschaft-fuer-Eine-Welt-e.V-1-768x1905.png 768w, https:\/\/weltlaeden.de\/katzenelnbogen\/wp-content\/uploads\/sites\/229\/2025\/06\/\u2022-Arbeitsgemeinschaft-fuer-Eine-Welt-e.V-1-619x1536.png 619w, https:\/\/weltlaeden.de\/katzenelnbogen\/wp-content\/uploads\/sites\/229\/2025\/06\/\u2022-Arbeitsgemeinschaft-fuer-Eine-Welt-e.V-1-825x2048.png 825w, https:\/\/weltlaeden.de\/katzenelnbogen\/wp-content\/uploads\/sites\/229\/2025\/06\/\u2022-Arbeitsgemeinschaft-fuer-Eine-Welt-e.V-1.png 1534w\" sizes=\"auto, (max-width: 286px) 100vw, 286px\" \/><p id=\"caption-attachment-772\" class=\"wp-caption-text\">Informationsblatt f\u00fcr den Einrich &#8211; Mai 2013<\/p><\/div>\n<p><\/p><\/div><div class=\"wl_einzelbild\"><p><\/p>\n<p>&nbsp;<\/p>\n<p><img loading=\"lazy\" decoding=\"async\" class=\"wp-image-769 alignnone\" src=\"https:\/\/weltlaeden.de\/katzenelnbogen\/wp-content\/uploads\/sites\/229\/2025\/06\/\u2022-Arbeitsgemeinschaft-fuer-Eine-Welt-e.V2-300x290.png\" alt=\"\" width=\"251\" height=\"242\" srcset=\"https:\/\/weltlaeden.de\/katzenelnbogen\/wp-content\/uploads\/sites\/229\/2025\/06\/\u2022-Arbeitsgemeinschaft-fuer-Eine-Welt-e.V2-300x290.png 300w, https:\/\/weltlaeden.de\/katzenelnbogen\/wp-content\/uploads\/sites\/229\/2025\/06\/\u2022-Arbeitsgemeinschaft-fuer-Eine-Welt-e.V2-1024x991.png 1024w, https:\/\/weltlaeden.de\/katzenelnbogen\/wp-content\/uploads\/sites\/229\/2025\/06\/\u2022-Arbeitsgemeinschaft-fuer-Eine-Welt-e.V2-768x743.png 768w, https:\/\/weltlaeden.de\/katzenelnbogen\/wp-content\/uploads\/sites\/229\/2025\/06\/\u2022-Arbeitsgemeinschaft-fuer-Eine-Welt-e.V2-1536x1486.png 1536w, https:\/\/weltlaeden.de\/katzenelnbogen\/wp-content\/uploads\/sites\/229\/2025\/06\/\u2022-Arbeitsgemeinschaft-fuer-Eine-Welt-e.V2.png 1712w\" sizes=\"auto, (max-width: 251px) 100vw, 251px\" \/><\/p><\/div>[vc_column_text css=&#8220;&#8220;]Seit 1994 unterst\u00fctzt die AG Eine Welt e.V. bereits das Centro Educativo Multifuncional Villa Armon\u00eda (CEMVA) in Bolivien, das unter der Leitung von Karen Hochmann steht. Das Projekt sammelt Spenden f\u00fcr die Fortbildung von Kindern, Jugendlichen und Erwachsenen der quechuasprachigen Urbev\u00f6lkerung, um diesen einen Zugang zu gerechter Bildung, ausreichender Verpflegung, gesundheitlicher Versorgung sowie Wohnraum zu erm\u00f6glichen. Im Rahmen unserer Spendenarbeit konnten hier bereits ein Kindergarten, eine Backstube sowie eine Schreinerei im Gr\u00fcndungsjahr eingerichtet werden. In den Folgejahren flossen die Spendengelder in den Aufbau eigener Klassenzimmer, Back-, Strick-, Alphabetisierungs- und N\u00e4hkurse sowie Schulessensangebote ein. Auch weiterhin unterst\u00fctzen wir dieses Projekt mit monatlich 50,- EUR sowie Zusatzspenden im Rahmen von spezifischen Aktionen. Weitere Informationen gibt es unter: <a href=\"https:\/\/cemva.org\/\">https:\/\/cemva.org\/<\/a><\/p>\n<p>&nbsp;<\/p>\n<p>&nbsp;<\/p>\n<p>[\/vc_column_text][\/vc_column][\/vc_row][vc_row][vc_column][vc_empty_space][vc_column_text]<\/p>\n<h1>Mitmachen im Weltladen Katzenelnbogen<\/h1>\n<p>[\/vc_column_text][vc_column_text css=&#8220;&#8220;]<strong>Wir suchen<\/strong> Menschen, die Lust haben, sich ehrenamtlich f\u00fcr eine offene, transparente, \u00f6kologische und nachhaltige Form des Wirtschaftens zu engagieren. Ob im Verkauf, der Informations- oder Bildungsarbeit &#8211; die M\u00f6glichkeiten, in unserem Team mitzumachen sind vielf\u00e4ltig und lassen sich bestimmt auch in Deinen Alltag integrieren! Neben regelm\u00e4\u00dfigen Aufgaben gibt es bei uns auch immer wieder einzelne zeitlich befristete Projekte, f\u00fcr die wir Unterst\u00fctzer\/innen suchen. Viele Aufgaben erfordern keine speziellen Vorkenntnisse, sondern nur Deine Bereitschaft, Deine F\u00e4higkeiten einzubringen und eventuell in neuen Bereichen dazuzulernen.<\/p>\n<p><strong>Wir bieten<\/strong> ein nettes Team aus Engagierten mit vielf\u00e4ltigen M\u00f6glichkeiten, sich selbst einzubringen. Eine Gemeinschaft, die Dich herzlich aufnimmt, einarbeitet und bei Fragen zur Verf\u00fcgung steht. Fortbildungsm\u00f6glichkeiten nach Deinen Interessen und Aufgaben.<\/p>\n<p><strong>Ansprechpartner\/in:<\/strong><br \/>\nAnke Metz<\/p>\n<p>weltladenkatzenelnbogen@web.de oder auch gerne \u00fcber unsere Instagram oder Facebook Seiten.<\/p>\n<p><strong>Wir freuen uns auf Dich!<\/strong>[\/vc_column_text][\/vc_column][\/vc_row]<\/p>\n<\/div>","protected":false},"excerpt":{"rendered":"<p>[vc_row][vc_column][vc_empty_space][vc_column_text css=&#8220;&#8220;] \u00dcber die AG Eine Welt e.V. &nbsp; [\/vc_column_text][vc_column_text css=&#8220;&#8220;]Am 27.09.1990 trafen sich 22 Engagierte, um sich zu einer m\u00f6glichen Er\u00f6ffnung eines seinerzeit Dritte-Welt-Ladens in der Katzenelnbogener Innenstadt auszutauschen. Neben Informationen zur GEPA, dem damals wichtigsten deutschen Importeur fair gehandelter Waren aus dem globalen S\u00fcden, wurden auch aktuelle Themen des Fairen Handels besprochen. Damit&hellip;<\/p>\n","protected":false},"author":1,"featured_media":0,"parent":0,"menu_order":1,"comment_status":"closed","ping_status":"closed","template":"","meta":{"footnotes":""},"class_list":["post-219","page","type-page","status-publish","hentry","description-off"],"yoast_head":"<!-- This site is optimized with the Yoast SEO plugin v26.8 - https:\/\/yoast.com\/product\/yoast-seo-wordpress\/ -->\n<title>\u00dcber uns - Weltladen Katzenelnbogen<\/title>\n<meta name=\"robots\" content=\"index, follow, max-snippet:-1, max-image-preview:large, max-video-preview:-1\" \/>\n<link rel=\"canonical\" href=\"https:\/\/weltlaeden.de\/katzenelnbogen\/ueber-uns\/\" \/>\n<meta property=\"og:locale\" content=\"de_DE\" \/>\n<meta property=\"og:type\" content=\"article\" \/>\n<meta property=\"og:title\" content=\"\u00dcber uns - Weltladen Katzenelnbogen\" \/>\n<meta property=\"og:description\" content=\"[vc_row][vc_column][vc_empty_space][vc_column_text css=&#8220;&#8220;] \u00dcber die AG Eine Welt e.V. &nbsp; [\/vc_column_text][vc_column_text css=&#8220;&#8220;]Am 27.09.1990 trafen sich 22 Engagierte, um sich zu einer m\u00f6glichen Er\u00f6ffnung eines seinerzeit Dritte-Welt-Ladens in der Katzenelnbogener Innenstadt auszutauschen. Neben Informationen zur GEPA, dem damals wichtigsten deutschen Importeur fair gehandelter Waren aus dem globalen S\u00fcden, wurden auch aktuelle Themen des Fairen Handels besprochen. Damit&hellip;\" \/>\n<meta property=\"og:url\" content=\"https:\/\/weltlaeden.de\/katzenelnbogen\/ueber-uns\/\" \/>\n<meta property=\"og:site_name\" content=\"Weltladen Katzenelnbogen\" \/>\n<meta property=\"article:modified_time\" content=\"2025-06-21T13:30:32+00:00\" \/>\n<meta property=\"og:image\" content=\"https:\/\/weltlaeden.de\/katzenelnbogen\/wp-content\/uploads\/sites\/229\/2025\/06\/ErsteJahresversammlung_Verein_1991-1024x713.png\" \/>\n\t<meta property=\"og:image:width\" content=\"1024\" \/>\n\t<meta property=\"og:image:height\" content=\"713\" \/>\n\t<meta property=\"og:image:type\" content=\"image\/png\" \/>\n<meta name=\"twitter:card\" content=\"summary_large_image\" \/>\n<meta name=\"twitter:label1\" content=\"Gesch\u00e4tzte Lesezeit\" \/>\n\t<meta name=\"twitter:data1\" content=\"9\u00a0Minuten\" \/>\n<script type=\"application\/ld+json\" class=\"yoast-schema-graph\">{\"@context\":\"https:\/\/schema.org\",\"@graph\":[{\"@type\":\"WebPage\",\"@id\":\"https:\/\/weltlaeden.de\/katzenelnbogen\/ueber-uns\/\",\"url\":\"https:\/\/weltlaeden.de\/katzenelnbogen\/ueber-uns\/\",\"name\":\"\u00dcber uns - Weltladen Katzenelnbogen\",\"isPartOf\":{\"@id\":\"https:\/\/weltlaeden.de\/katzenelnbogen\/#website\"},\"primaryImageOfPage\":{\"@id\":\"https:\/\/weltlaeden.de\/katzenelnbogen\/ueber-uns\/#primaryimage\"},\"image\":{\"@id\":\"https:\/\/weltlaeden.de\/katzenelnbogen\/ueber-uns\/#primaryimage\"},\"thumbnailUrl\":\"https:\/\/weltlaeden.de\/katzenelnbogen\/wp-content\/uploads\/sites\/229\/2025\/06\/ErsteJahresversammlung_Verein_1991-300x209.png\",\"datePublished\":\"2024-06-16T07:00:06+00:00\",\"dateModified\":\"2025-06-21T13:30:32+00:00\",\"breadcrumb\":{\"@id\":\"https:\/\/weltlaeden.de\/katzenelnbogen\/ueber-uns\/#breadcrumb\"},\"inLanguage\":\"de\",\"potentialAction\":[{\"@type\":\"ReadAction\",\"target\":[\"https:\/\/weltlaeden.de\/katzenelnbogen\/ueber-uns\/\"]}]},{\"@type\":\"ImageObject\",\"inLanguage\":\"de\",\"@id\":\"https:\/\/weltlaeden.de\/katzenelnbogen\/ueber-uns\/#primaryimage\",\"url\":\"https:\/\/weltlaeden.de\/katzenelnbogen\/wp-content\/uploads\/sites\/229\/2025\/06\/ErsteJahresversammlung_Verein_1991.png\",\"contentUrl\":\"https:\/\/weltlaeden.de\/katzenelnbogen\/wp-content\/uploads\/sites\/229\/2025\/06\/ErsteJahresversammlung_Verein_1991.png\",\"width\":2387,\"height\":1663},{\"@type\":\"BreadcrumbList\",\"@id\":\"https:\/\/weltlaeden.de\/katzenelnbogen\/ueber-uns\/#breadcrumb\",\"itemListElement\":[{\"@type\":\"ListItem\",\"position\":1,\"name\":\"Startseite\",\"item\":\"https:\/\/weltlaeden.de\/katzenelnbogen\/\"},{\"@type\":\"ListItem\",\"position\":2,\"name\":\"\u00dcber uns\"}]},{\"@type\":\"WebSite\",\"@id\":\"https:\/\/weltlaeden.de\/katzenelnbogen\/#website\",\"url\":\"https:\/\/weltlaeden.de\/katzenelnbogen\/\",\"name\":\"Weltladen Katzenelnbogen\",\"description\":\"Faire Produkte seit 1990\",\"potentialAction\":[{\"@type\":\"SearchAction\",\"target\":{\"@type\":\"EntryPoint\",\"urlTemplate\":\"https:\/\/weltlaeden.de\/katzenelnbogen\/?s={search_term_string}\"},\"query-input\":{\"@type\":\"PropertyValueSpecification\",\"valueRequired\":true,\"valueName\":\"search_term_string\"}}],\"inLanguage\":\"de\"}]}<\/script>\n<!-- \/ Yoast SEO plugin. -->","yoast_head_json":{"title":"\u00dcber uns - Weltladen Katzenelnbogen","robots":{"index":"index","follow":"follow","max-snippet":"max-snippet:-1","max-image-preview":"max-image-preview:large","max-video-preview":"max-video-preview:-1"},"canonical":"https:\/\/weltlaeden.de\/katzenelnbogen\/ueber-uns\/","og_locale":"de_DE","og_type":"article","og_title":"\u00dcber uns - Weltladen Katzenelnbogen","og_description":"[vc_row][vc_column][vc_empty_space][vc_column_text css=&#8220;&#8220;] \u00dcber die AG Eine Welt e.V. &nbsp; [\/vc_column_text][vc_column_text css=&#8220;&#8220;]Am 27.09.1990 trafen sich 22 Engagierte, um sich zu einer m\u00f6glichen Er\u00f6ffnung eines seinerzeit Dritte-Welt-Ladens in der Katzenelnbogener Innenstadt auszutauschen. Neben Informationen zur GEPA, dem damals wichtigsten deutschen Importeur fair gehandelter Waren aus dem globalen S\u00fcden, wurden auch aktuelle Themen des Fairen Handels besprochen. Damit&hellip;","og_url":"https:\/\/weltlaeden.de\/katzenelnbogen\/ueber-uns\/","og_site_name":"Weltladen Katzenelnbogen","article_modified_time":"2025-06-21T13:30:32+00:00","og_image":[{"width":1024,"height":713,"url":"https:\/\/weltlaeden.de\/katzenelnbogen\/wp-content\/uploads\/sites\/229\/2025\/06\/ErsteJahresversammlung_Verein_1991-1024x713.png","type":"image\/png"}],"twitter_card":"summary_large_image","twitter_misc":{"Gesch\u00e4tzte Lesezeit":"9\u00a0Minuten"},"schema":{"@context":"https:\/\/schema.org","@graph":[{"@type":"WebPage","@id":"https:\/\/weltlaeden.de\/katzenelnbogen\/ueber-uns\/","url":"https:\/\/weltlaeden.de\/katzenelnbogen\/ueber-uns\/","name":"\u00dcber uns - Weltladen Katzenelnbogen","isPartOf":{"@id":"https:\/\/weltlaeden.de\/katzenelnbogen\/#website"},"primaryImageOfPage":{"@id":"https:\/\/weltlaeden.de\/katzenelnbogen\/ueber-uns\/#primaryimage"},"image":{"@id":"https:\/\/weltlaeden.de\/katzenelnbogen\/ueber-uns\/#primaryimage"},"thumbnailUrl":"https:\/\/weltlaeden.de\/katzenelnbogen\/wp-content\/uploads\/sites\/229\/2025\/06\/ErsteJahresversammlung_Verein_1991-300x209.png","datePublished":"2024-06-16T07:00:06+00:00","dateModified":"2025-06-21T13:30:32+00:00","breadcrumb":{"@id":"https:\/\/weltlaeden.de\/katzenelnbogen\/ueber-uns\/#breadcrumb"},"inLanguage":"de","potentialAction":[{"@type":"ReadAction","target":["https:\/\/weltlaeden.de\/katzenelnbogen\/ueber-uns\/"]}]},{"@type":"ImageObject","inLanguage":"de","@id":"https:\/\/weltlaeden.de\/katzenelnbogen\/ueber-uns\/#primaryimage","url":"https:\/\/weltlaeden.de\/katzenelnbogen\/wp-content\/uploads\/sites\/229\/2025\/06\/ErsteJahresversammlung_Verein_1991.png","contentUrl":"https:\/\/weltlaeden.de\/katzenelnbogen\/wp-content\/uploads\/sites\/229\/2025\/06\/ErsteJahresversammlung_Verein_1991.png","width":2387,"height":1663},{"@type":"BreadcrumbList","@id":"https:\/\/weltlaeden.de\/katzenelnbogen\/ueber-uns\/#breadcrumb","itemListElement":[{"@type":"ListItem","position":1,"name":"Startseite","item":"https:\/\/weltlaeden.de\/katzenelnbogen\/"},{"@type":"ListItem","position":2,"name":"\u00dcber uns"}]},{"@type":"WebSite","@id":"https:\/\/weltlaeden.de\/katzenelnbogen\/#website","url":"https:\/\/weltlaeden.de\/katzenelnbogen\/","name":"Weltladen Katzenelnbogen","description":"Faire Produkte seit 1990","potentialAction":[{"@type":"SearchAction","target":{"@type":"EntryPoint","urlTemplate":"https:\/\/weltlaeden.de\/katzenelnbogen\/?s={search_term_string}"},"query-input":{"@type":"PropertyValueSpecification","valueRequired":true,"valueName":"search_term_string"}}],"inLanguage":"de"}]}},"_links":{"self":[{"href":"https:\/\/weltlaeden.de\/katzenelnbogen\/wp-json\/wp\/v2\/pages\/219","targetHints":{"allow":["GET"]}}],"collection":[{"href":"https:\/\/weltlaeden.de\/katzenelnbogen\/wp-json\/wp\/v2\/pages"}],"about":[{"href":"https:\/\/weltlaeden.de\/katzenelnbogen\/wp-json\/wp\/v2\/types\/page"}],"author":[{"embeddable":true,"href":"https:\/\/weltlaeden.de\/katzenelnbogen\/wp-json\/wp\/v2\/users\/1"}],"replies":[{"embeddable":true,"href":"https:\/\/weltlaeden.de\/katzenelnbogen\/wp-json\/wp\/v2\/comments?post=219"}],"version-history":[{"count":20,"href":"https:\/\/weltlaeden.de\/katzenelnbogen\/wp-json\/wp\/v2\/pages\/219\/revisions"}],"predecessor-version":[{"id":792,"href":"https:\/\/weltlaeden.de\/katzenelnbogen\/wp-json\/wp\/v2\/pages\/219\/revisions\/792"}],"wp:attachment":[{"href":"https:\/\/weltlaeden.de\/katzenelnbogen\/wp-json\/wp\/v2\/media?parent=219"}],"curies":[{"name":"wp","href":"https:\/\/api.w.org\/{rel}","templated":true}]}}