{"id":23,"date":"2016-10-14T09:05:21","date_gmt":"2016-10-14T07:05:21","guid":{"rendered":"https:\/\/wl.heimpixel.de\/vorlage\/termine\/"},"modified":"2019-09-09T11:48:08","modified_gmt":"2019-09-09T09:48:08","slug":"termine","status":"publish","type":"page","link":"https:\/\/weltlaeden.de\/kaiserslautern\/termine\/","title":{"rendered":"Termine"},"content":{"rendered":"<div class=\"wpb-content-wrapper\"><p>[vc_row][vc_column]<div class=\"wl_einzelbild\"><p><img loading=\"lazy\" decoding=\"async\" class=\"aligncenter size-full wp-image-nsm-3-33\" src=\"https:\/\/weltlaeden.de\/kaiserslautern\/wp-content\/uploads\/sites\/3\/2018\/07\/pocket-watch-1637396_1920_pixabay.png\" alt=\"\" width=\"787\" height=\"340\" \/><\/p><\/div>[vc_empty_space height=&#8220;30px&#8220;][vc_column_text]<\/p>\n<h1>Termine<\/h1>\n<h4><\/h4>\n<p>[\/vc_column_text][vc_empty_space height=&#8220;30px&#8220;][\/vc_column][\/vc_row][vc_row][vc_column][vc_column_text]<\/p>\n<h2>Kommende Termine<\/h2>\n<p>[\/vc_column_text]<ul class=\"termine-page current aktuell\">[vc_empty_space height=&#8220;30px&#8220;][vc_column_text]<\/p>\n<h2>Vergangene Termine<\/h2>\n<p>[\/vc_column_text]<ul class=\"termine-page past vergangen\"><li><h5 class=\"termine-titel\"><a href=\"https:\/\/weltlaeden.de\/kaiserslautern\/termin\/schokoladengenuss-beginnt-mit-fairen-preisen\/\">Schokoladengenuss beginnt mit fairen Preisen<\/a><\/h5><p class=\"termine-date\">Fr., 09.05.2025 bis 17.05.2025<\/p><p class=\"termine-auszug\">Rund um den diesj\u00e4hrigen Weltladentag am 10. Mai ist bei uns Einiges los. Es geht um die negativen Auswirkungen des Klimawandels auf den Kakao-Anbau, die Probleme der Kakaob\u00e4uer*innen und die Notwendigkeit, Ihnen durch Zahlung Fairer Kakao-Preise die Existenz zu sichern und Investitionen in einen nachhaltigen Kakao-Anbau zu erm\u00f6glichen. Dazu gibt es viele Infos, eine Unterschriftensammlung f\u00fcr Faire Kakaopreise auch in der konventionellen Schokoladenindustrie, einen Quiz mit Gewinnen, Kostproben unserer Fair gehandelten Schokoladen und Rabatte auf einige Sorten. Unsere \"Schokowoche\" geht vom 9. Mai bis zum 17. Mai. Mehr Infos zum Weltladentag und zur Situation im Kakao-Anbau beim Weltladendachverband <a href=\"http:\/\/www.weltlaeden.de\">http:\/\/www.weltladen.de<\/a>\u00a0 und bei Inkota <a href=\"http:\/\/www.inkota.de\/faire-kakaopreise\">http:\/\/www.inkota.de\/faire-kakaopreise<\/a><p class=termine-ort\"><small>Ort: <i>Weltladen Kaiserslautern<\/i><\/small><\/p><\/li><li><h5 class=\"termine-titel\"><a href=\"https:\/\/weltlaeden.de\/kaiserslautern\/termin\/fair-handeln-fuer-klimagerechtigkeit-weltweit\/\">Fair Handeln f\u00fcr Klimagerechtigkeit weltweit<\/a><\/h5><p class=\"termine-date\">Sa., 21.09.2024 bis 28.09.2024<\/p><p class=\"termine-auszug\"><strong>Eine Aktion zur Fairen Woche 2024<\/strong> 21. - 28. September zu den Laden\u00f6ffnungszeiten &nbsp; Kleine Ladenrallye und Schaufenster zum Mitmachen. Sie k\u00f6nnen bei uns erkunden, wie der Faire Handel Umwelt und Klima schont und zu mehr Klimagerechtigkeit weltweit beitr\u00e4gt. Teilnehmende haben Aussicht auf einen Gewinn. Mit Ihren Ideen zur Vergr\u00f6\u00dferung Ihres \u00f6kologischen Handabdrucks gestalten Sie unser Schaufenster mit. &nbsp;<\/li><li><h5 class=\"termine-titel\"><a href=\"https:\/\/weltlaeden.de\/kaiserslautern\/termin\/mangoprobierwoche-vom-24-6-29-6-2024\/\">Mangoprobierwoche vom 24.6. &#8211; 29.6.2024<\/a><\/h5><p class=\"termine-date\">Fr., 21.06.2024 bis 29.06.2024<\/p><p class=\"termine-auszug\"><p class=termine-ort\"><small>Ort: <i>Weltladen Kaiserslautern<\/i><\/small><\/p><\/li><li><h5 class=\"termine-titel\"><a href=\"https:\/\/weltlaeden.de\/kaiserslautern\/termin\/multivisionsshow-weltreise\/\">Multivisionsshow &#8222;Weltreise&#8220; zu Fair-Trade-Produzenten, Naturwundern, Heiligt\u00fcmern<\/a><\/h5><p class=\"termine-date\">Mi., 07.10.2020<\/p><p class=\"termine-auszug\"><strong>19 Uhr\u00a0\u00a0 Edith-Stein-Haus, Engelgasse, Kaiserslautern<\/strong><strong><\/strong> <strong>Eintritt\u00a0 \u20ac 12 \/ \u20ac 8 (erm.) - inkl. Getr\u00e4nk<\/strong> <strong>Vorverkauf im Weltladen Kaiserslautern<\/strong> Auf Grund der Corona-Abstandsregeln ist die Zuschauerzahl begrenzt! &nbsp; <strong>Am 7. Okt l\u00e4dt der Weltladen Kaiserslautern ein zu einer Weltreise der besonderen Art <\/strong> Wie leben die Menschen weltweit? Was essen sie? Welche Bedeutung hat f\u00fcr sie der Faire Handel? Wie feiern sie ihre Feste? Bestehen kultur\u00fcbergreifende Gemeinsamkeiten? Oder \u00fcberwiegen die Unterschiede? Diese Fragenstehen im Zentrum der Multivisionsshow! Mit wundersch\u00f6nen Fotos auf Gro\u00dfleinwand, inspirierenden Erz\u00e4hlungen und stimmungsvoller Musik nehmen Dr. Jutta Ulmer und Dr. Michael Wolfsteiner die Zuschauer mit auf eine au\u00dfergew\u00f6hnliche Reise um unseren Planeten. In Ghana, Israel\/Pal\u00e4stina, Sri Lanka, Nepal und Ecuador besuchten die beiden Fotojournalisten imposante Heiligt\u00fcmer der f\u00fcnf Weltreligionen. Sie begaben sich zum tiefsten Punkt und ins h\u00f6chste Gebirge der Erde. Ob in trocken-kargen Savannen- und W\u00fcstengebieten, an palmenbestandenen Traumstr\u00e4nden, in steilen Bergd\u00f6rfern oder im wuchernd-gr\u00fcnen Regenwald, [...] <a href=\"https:\/\/weltlaeden.de\/kaiserslautern\/termin\/multivisionsshow-weltreise\/\"><small>[WEITERLESEN]<\/small><\/a><\/p><p class=termine-ort\"><small>Ort: <i>Edith-Stein-Haus, Engelgasse, Kaiserslautern<\/i><\/small><\/p><\/li><\/ul>[\/vc_column][\/vc_row]<\/p>\n<\/div>","protected":false},"excerpt":{"rendered":"<p>[vc_row][vc_column][vc_empty_space height=&#8220;30px&#8220;][vc_column_text] Termine [\/vc_column_text][vc_empty_space height=&#8220;30px&#8220;][\/vc_column][\/vc_row][vc_row][vc_column][vc_column_text] Kommende Termine [\/vc_column_text][vc_empty_space height=&#8220;30px&#8220;][vc_column_text] Vergangene Termine [\/vc_column_text][\/vc_column][\/vc_row]<\/p>\n","protected":false},"author":1,"featured_media":0,"parent":0,"menu_order":5,"comment_status":"closed","ping_status":"closed","template":"","meta":{"footnotes":""},"class_list":["post-23","page","type-page","status-publish","hentry","description-off"],"yoast_head":"<!-- This site is optimized with the Yoast SEO plugin v26.8 - https:\/\/yoast.com\/product\/yoast-seo-wordpress\/ -->\n<title>Termine - Weltladen Kaiserslautern<\/title>\n<meta name=\"robots\" content=\"index, follow, max-snippet:-1, max-image-preview:large, max-video-preview:-1\" \/>\n<link rel=\"canonical\" href=\"https:\/\/weltlaeden.de\/kaiserslautern\/termine\/\" \/>\n<meta property=\"og:locale\" content=\"de_DE\" \/>\n<meta property=\"og:type\" content=\"article\" \/>\n<meta property=\"og:title\" content=\"Termine - Weltladen Kaiserslautern\" \/>\n<meta property=\"og:description\" content=\"[vc_row][vc_column][vc_empty_space height=&#8220;30px&#8220;][vc_column_text] Termine [\/vc_column_text][vc_empty_space height=&#8220;30px&#8220;][\/vc_column][\/vc_row][vc_row][vc_column][vc_column_text] Kommende Termine [\/vc_column_text][vc_empty_space height=&#8220;30px&#8220;][vc_column_text] Vergangene Termine [\/vc_column_text][\/vc_column][\/vc_row]\" \/>\n<meta property=\"og:url\" content=\"https:\/\/weltlaeden.de\/kaiserslautern\/termine\/\" \/>\n<meta property=\"og:site_name\" content=\"Weltladen Kaiserslautern\" \/>\n<meta property=\"article:modified_time\" content=\"2019-09-09T09:48:08+00:00\" \/>\n<meta property=\"og:image\" content=\"https:\/\/weltlaeden.de\/kaiserslautern\/wp-content\/uploads\/sites\/3\/2018\/07\/pocket-watch-1637396_1920_pixabay.png\" \/>\n<meta name=\"twitter:card\" content=\"summary_large_image\" \/>\n<script type=\"application\/ld+json\" class=\"yoast-schema-graph\">{\"@context\":\"https:\/\/schema.org\",\"@graph\":[{\"@type\":\"WebPage\",\"@id\":\"https:\/\/weltlaeden.de\/kaiserslautern\/termine\/\",\"url\":\"https:\/\/weltlaeden.de\/kaiserslautern\/termine\/\",\"name\":\"Termine - Weltladen Kaiserslautern\",\"isPartOf\":{\"@id\":\"https:\/\/weltlaeden.de\/kaiserslautern\/#website\"},\"primaryImageOfPage\":{\"@id\":\"https:\/\/weltlaeden.de\/kaiserslautern\/termine\/#primaryimage\"},\"image\":{\"@id\":\"https:\/\/weltlaeden.de\/kaiserslautern\/termine\/#primaryimage\"},\"thumbnailUrl\":\"https:\/\/weltlaeden.de\/kaiserslautern\/wp-content\/uploads\/sites\/3\/2018\/07\/pocket-watch-1637396_1920_pixabay.png\",\"datePublished\":\"2016-10-14T07:05:21+00:00\",\"dateModified\":\"2019-09-09T09:48:08+00:00\",\"breadcrumb\":{\"@id\":\"https:\/\/weltlaeden.de\/kaiserslautern\/termine\/#breadcrumb\"},\"inLanguage\":\"de\",\"potentialAction\":[{\"@type\":\"ReadAction\",\"target\":[\"https:\/\/weltlaeden.de\/kaiserslautern\/termine\/\"]}]},{\"@type\":\"ImageObject\",\"inLanguage\":\"de\",\"@id\":\"https:\/\/weltlaeden.de\/kaiserslautern\/termine\/#primaryimage\",\"url\":\"https:\/\/weltlaeden.de\/kaiserslautern\/wp-content\/uploads\/sites\/3\/2018\/07\/pocket-watch-1637396_1920_pixabay.png\",\"contentUrl\":\"https:\/\/weltlaeden.de\/kaiserslautern\/wp-content\/uploads\/sites\/3\/2018\/07\/pocket-watch-1637396_1920_pixabay.png\"},{\"@type\":\"BreadcrumbList\",\"@id\":\"https:\/\/weltlaeden.de\/kaiserslautern\/termine\/#breadcrumb\",\"itemListElement\":[{\"@type\":\"ListItem\",\"position\":1,\"name\":\"Startseite\",\"item\":\"https:\/\/weltlaeden.de\/kaiserslautern\/\"},{\"@type\":\"ListItem\",\"position\":2,\"name\":\"Termine\"}]},{\"@type\":\"WebSite\",\"@id\":\"https:\/\/weltlaeden.de\/kaiserslautern\/#website\",\"url\":\"https:\/\/weltlaeden.de\/kaiserslautern\/\",\"name\":\"Weltladen Kaiserslautern\",\"description\":\"Faire Produkte seit 1990\",\"potentialAction\":[{\"@type\":\"SearchAction\",\"target\":{\"@type\":\"EntryPoint\",\"urlTemplate\":\"https:\/\/weltlaeden.de\/kaiserslautern\/?s={search_term_string}\"},\"query-input\":{\"@type\":\"PropertyValueSpecification\",\"valueRequired\":true,\"valueName\":\"search_term_string\"}}],\"inLanguage\":\"de\"}]}<\/script>\n<!-- \/ Yoast SEO plugin. -->","yoast_head_json":{"title":"Termine - Weltladen Kaiserslautern","robots":{"index":"index","follow":"follow","max-snippet":"max-snippet:-1","max-image-preview":"max-image-preview:large","max-video-preview":"max-video-preview:-1"},"canonical":"https:\/\/weltlaeden.de\/kaiserslautern\/termine\/","og_locale":"de_DE","og_type":"article","og_title":"Termine - Weltladen Kaiserslautern","og_description":"[vc_row][vc_column][vc_empty_space height=&#8220;30px&#8220;][vc_column_text] Termine [\/vc_column_text][vc_empty_space height=&#8220;30px&#8220;][\/vc_column][\/vc_row][vc_row][vc_column][vc_column_text] Kommende Termine [\/vc_column_text][vc_empty_space height=&#8220;30px&#8220;][vc_column_text] Vergangene Termine [\/vc_column_text][\/vc_column][\/vc_row]","og_url":"https:\/\/weltlaeden.de\/kaiserslautern\/termine\/","og_site_name":"Weltladen Kaiserslautern","article_modified_time":"2019-09-09T09:48:08+00:00","og_image":[{"url":"https:\/\/weltlaeden.de\/kaiserslautern\/wp-content\/uploads\/sites\/3\/2018\/07\/pocket-watch-1637396_1920_pixabay.png","type":"","width":"","height":""}],"twitter_card":"summary_large_image","schema":{"@context":"https:\/\/schema.org","@graph":[{"@type":"WebPage","@id":"https:\/\/weltlaeden.de\/kaiserslautern\/termine\/","url":"https:\/\/weltlaeden.de\/kaiserslautern\/termine\/","name":"Termine - Weltladen Kaiserslautern","isPartOf":{"@id":"https:\/\/weltlaeden.de\/kaiserslautern\/#website"},"primaryImageOfPage":{"@id":"https:\/\/weltlaeden.de\/kaiserslautern\/termine\/#primaryimage"},"image":{"@id":"https:\/\/weltlaeden.de\/kaiserslautern\/termine\/#primaryimage"},"thumbnailUrl":"https:\/\/weltlaeden.de\/kaiserslautern\/wp-content\/uploads\/sites\/3\/2018\/07\/pocket-watch-1637396_1920_pixabay.png","datePublished":"2016-10-14T07:05:21+00:00","dateModified":"2019-09-09T09:48:08+00:00","breadcrumb":{"@id":"https:\/\/weltlaeden.de\/kaiserslautern\/termine\/#breadcrumb"},"inLanguage":"de","potentialAction":[{"@type":"ReadAction","target":["https:\/\/weltlaeden.de\/kaiserslautern\/termine\/"]}]},{"@type":"ImageObject","inLanguage":"de","@id":"https:\/\/weltlaeden.de\/kaiserslautern\/termine\/#primaryimage","url":"https:\/\/weltlaeden.de\/kaiserslautern\/wp-content\/uploads\/sites\/3\/2018\/07\/pocket-watch-1637396_1920_pixabay.png","contentUrl":"https:\/\/weltlaeden.de\/kaiserslautern\/wp-content\/uploads\/sites\/3\/2018\/07\/pocket-watch-1637396_1920_pixabay.png"},{"@type":"BreadcrumbList","@id":"https:\/\/weltlaeden.de\/kaiserslautern\/termine\/#breadcrumb","itemListElement":[{"@type":"ListItem","position":1,"name":"Startseite","item":"https:\/\/weltlaeden.de\/kaiserslautern\/"},{"@type":"ListItem","position":2,"name":"Termine"}]},{"@type":"WebSite","@id":"https:\/\/weltlaeden.de\/kaiserslautern\/#website","url":"https:\/\/weltlaeden.de\/kaiserslautern\/","name":"Weltladen Kaiserslautern","description":"Faire Produkte seit 1990","potentialAction":[{"@type":"SearchAction","target":{"@type":"EntryPoint","urlTemplate":"https:\/\/weltlaeden.de\/kaiserslautern\/?s={search_term_string}"},"query-input":{"@type":"PropertyValueSpecification","valueRequired":true,"valueName":"search_term_string"}}],"inLanguage":"de"}]}},"_links":{"self":[{"href":"https:\/\/weltlaeden.de\/kaiserslautern\/wp-json\/wp\/v2\/pages\/23","targetHints":{"allow":["GET"]}}],"collection":[{"href":"https:\/\/weltlaeden.de\/kaiserslautern\/wp-json\/wp\/v2\/pages"}],"about":[{"href":"https:\/\/weltlaeden.de\/kaiserslautern\/wp-json\/wp\/v2\/types\/page"}],"author":[{"embeddable":true,"href":"https:\/\/weltlaeden.de\/kaiserslautern\/wp-json\/wp\/v2\/users\/1"}],"replies":[{"embeddable":true,"href":"https:\/\/weltlaeden.de\/kaiserslautern\/wp-json\/wp\/v2\/comments?post=23"}],"version-history":[{"count":15,"href":"https:\/\/weltlaeden.de\/kaiserslautern\/wp-json\/wp\/v2\/pages\/23\/revisions"}],"predecessor-version":[{"id":490,"href":"https:\/\/weltlaeden.de\/kaiserslautern\/wp-json\/wp\/v2\/pages\/23\/revisions\/490"}],"wp:attachment":[{"href":"https:\/\/weltlaeden.de\/kaiserslautern\/wp-json\/wp\/v2\/media?parent=23"}],"curies":[{"name":"wp","href":"https:\/\/api.w.org\/{rel}","templated":true}]}}