{"id":1205,"date":"2021-10-14T22:15:29","date_gmt":"2021-10-14T20:15:29","guid":{"rendered":"https:\/\/weltlaeden.de\/immenstaad\/?page_id=1205"},"modified":"2022-01-07T10:07:37","modified_gmt":"2022-01-07T09:07:37","slug":"fairteiler_inhalt","status":"publish","type":"page","link":"https:\/\/weltlaeden.de\/immenstaad\/fairteiler_inhalt\/","title":{"rendered":"Fairteiler_Inhalt"},"content":{"rendered":"<div class=\"wpb-content-wrapper\"><p>[vc_row][vc_column][vc_empty_space][vc_column_text]<\/p>\n<h1>Was darf alles in den Fairteiler-Schrank?<\/h1>\n<p>[\/vc_column_text][vc_column_text]<\/p>\n<ul>\n<li>Jedes einzelne Lebensmittel muss genie\u00dfbar sein. Nur weitergeben, was man selbst essen w\u00fcrde!<br \/>\nAuge-Nase-Mund-Test: Aussehen, Geruch und ggf. Geschmack pr\u00fcfen<br \/>\n(soweit ohne \u00d6ffnen der Verpackung m\u00f6glich) !<\/li>\n<li>Unverpackte Backwaren m\u00fcssen mit sorgf\u00e4ltig gewaschenen H\u00e4nden in lebensmittelgeeignete Brott\u00fcten oder Plastikt\u00fcten verpackt werden<\/li>\n<li>Unverpackte Lebensmittel d\u00fcrfen nur in sauberen, lebensmittelechten Verpackungen transportiert und gelagert werden.<\/li>\n<li>Ge\u00f6ffnete Verpackungen von Lebensmitteln mit MHD m\u00fcssen gekennzeichnet sein, wann die innerste Verpackung ge\u00f6ffnet wurde.<\/li>\n<li>Selbst hergestellte Speisen m\u00fcssen mit der Zutatenliste und dem Herstellungsdatum gekennzeichnet werden (z.B. bei Marmelade)<\/li>\n<li>Umgef\u00fcllte Lebensmittel m\u00fcssen mit der vollst\u00e4ndigen Zutatenliste und dem Umf\u00fclldatum beschriftet sein. Nicht m\u00f6glich bei Lebensmitteln mit MHD.<\/li>\n<\/ul>\n<p>[\/vc_column_text][vc_row_inner][vc_column_inner width=&#8220;1\/2&#8243;][vc_single_image image=&#8220;1298&#8243; img_size=&#8220;&#8220;][\/vc_column_inner][\/vc_row_inner][vc_empty_space][vc_column_text]<\/p>\n<h1>Was darf nicht in den Fairteiler-Schrank?<\/h1>\n<p>[\/vc_column_text][vc_column_text]<\/p>\n<ul>\n<li>Lebensmittel, die gek\u00fchlt werden m\u00fcssen: d.h. kein Fleisch, Fisch, Milchprodukte, K\u00e4se, Eier, zubereitete Speisen<\/li>\n<li>Lebensmittel mit VD (Verbrauchsdatum)<\/li>\n<li>Lebensmittel mit Schimmel oder faulen Stellen<\/li>\n<li>selbst eingekochte Speisen wie z.B. Marmelade ohne Zutatenliste oder Herstellungs\u00addatum<\/li>\n<li>Lebensmittel mit MHD (Mindesthaltbarkeitsdatum), deren innerste Packung ge\u00f6ffnet ist und nicht angegeben ist, seit wann diese offen ist.<\/li>\n<li>Lebensmittel, die in nicht-lebensmittelechten oder verschmutzten Verpackungen \u00fcbergeben oder darin gelagert wurden<\/li>\n<li>Arzneimittel<\/li>\n<li>selbstgesammelte Pilze<\/li>\n<li>Alkohol, alkoholhaltige Lebensmittel<\/li>\n<li>Energy-Drinks<\/li>\n<li>Tierfutter, wenn das MHD abgelaufen ist oder es gek\u00fchlt werden muss.<\/li>\n<\/ul>\n<p>[\/vc_column_text][vc_row_inner][vc_column_inner width=&#8220;1\/2&#8243;][vc_single_image image=&#8220;1299&#8243; img_size=&#8220;&#8220;][\/vc_column_inner][\/vc_row_inner][vc_empty_space][vc_column_text]<\/p>\n<h6>Quelle der Hygienebestimmungen: foodsharing-Grundlagen 4, Hygieneregeln, Stand: 01.11.2020<\/h6>\n<p><em>\u00a0<\/em>[\/vc_column_text][\/vc_column][\/vc_row]<\/p>\n<\/div>","protected":false},"excerpt":{"rendered":"<p>[vc_row][vc_column][vc_empty_space][vc_column_text] Was darf alles in den Fairteiler-Schrank? [\/vc_column_text][vc_column_text] Jedes einzelne Lebensmittel muss genie\u00dfbar sein. Nur weitergeben, was man selbst essen w\u00fcrde! Auge-Nase-Mund-Test: Aussehen, Geruch und ggf. Geschmack pr\u00fcfen (soweit ohne \u00d6ffnen der Verpackung m\u00f6glich) ! Unverpackte Backwaren m\u00fcssen mit sorgf\u00e4ltig gewaschenen H\u00e4nden in lebensmittelgeeignete Brott\u00fcten oder Plastikt\u00fcten verpackt werden Unverpackte Lebensmittel d\u00fcrfen nur in sauberen,&hellip;<\/p>\n","protected":false},"author":180,"featured_media":0,"parent":0,"menu_order":10,"comment_status":"closed","ping_status":"closed","template":"","meta":{"footnotes":""},"class_list":["post-1205","page","type-page","status-publish","hentry","description-off"],"yoast_head":"<!-- This site is optimized with the Yoast SEO plugin v26.8 - https:\/\/yoast.com\/product\/yoast-seo-wordpress\/ -->\n<title>Fairteiler_Inhalt - Weltladen Immenstaad<\/title>\n<meta name=\"robots\" content=\"index, follow, max-snippet:-1, max-image-preview:large, max-video-preview:-1\" \/>\n<link rel=\"canonical\" href=\"https:\/\/weltlaeden.de\/immenstaad\/fairteiler_inhalt\/\" \/>\n<meta property=\"og:locale\" content=\"de_DE\" \/>\n<meta property=\"og:type\" content=\"article\" \/>\n<meta property=\"og:title\" content=\"Fairteiler_Inhalt - Weltladen Immenstaad\" \/>\n<meta property=\"og:description\" content=\"[vc_row][vc_column][vc_empty_space][vc_column_text] Was darf alles in den Fairteiler-Schrank? [\/vc_column_text][vc_column_text] Jedes einzelne Lebensmittel muss genie\u00dfbar sein. Nur weitergeben, was man selbst essen w\u00fcrde! Auge-Nase-Mund-Test: Aussehen, Geruch und ggf. Geschmack pr\u00fcfen (soweit ohne \u00d6ffnen der Verpackung m\u00f6glich) ! Unverpackte Backwaren m\u00fcssen mit sorgf\u00e4ltig gewaschenen H\u00e4nden in lebensmittelgeeignete Brott\u00fcten oder Plastikt\u00fcten verpackt werden Unverpackte Lebensmittel d\u00fcrfen nur in sauberen,&hellip;\" \/>\n<meta property=\"og:url\" content=\"https:\/\/weltlaeden.de\/immenstaad\/fairteiler_inhalt\/\" \/>\n<meta property=\"og:site_name\" content=\"Weltladen Immenstaad\" \/>\n<meta property=\"article:modified_time\" content=\"2022-01-07T09:07:37+00:00\" \/>\n<meta name=\"twitter:card\" content=\"summary_large_image\" \/>\n<meta name=\"twitter:label1\" content=\"Gesch\u00e4tzte Lesezeit\" \/>\n\t<meta name=\"twitter:data1\" content=\"2\u00a0Minuten\" \/>\n<script type=\"application\/ld+json\" class=\"yoast-schema-graph\">{\"@context\":\"https:\/\/schema.org\",\"@graph\":[{\"@type\":\"WebPage\",\"@id\":\"https:\/\/weltlaeden.de\/immenstaad\/fairteiler_inhalt\/\",\"url\":\"https:\/\/weltlaeden.de\/immenstaad\/fairteiler_inhalt\/\",\"name\":\"Fairteiler_Inhalt - Weltladen Immenstaad\",\"isPartOf\":{\"@id\":\"https:\/\/weltlaeden.de\/immenstaad\/#website\"},\"datePublished\":\"2021-10-14T20:15:29+00:00\",\"dateModified\":\"2022-01-07T09:07:37+00:00\",\"breadcrumb\":{\"@id\":\"https:\/\/weltlaeden.de\/immenstaad\/fairteiler_inhalt\/#breadcrumb\"},\"inLanguage\":\"de\",\"potentialAction\":[{\"@type\":\"ReadAction\",\"target\":[\"https:\/\/weltlaeden.de\/immenstaad\/fairteiler_inhalt\/\"]}]},{\"@type\":\"BreadcrumbList\",\"@id\":\"https:\/\/weltlaeden.de\/immenstaad\/fairteiler_inhalt\/#breadcrumb\",\"itemListElement\":[{\"@type\":\"ListItem\",\"position\":1,\"name\":\"Startseite\",\"item\":\"https:\/\/weltlaeden.de\/immenstaad\/\"},{\"@type\":\"ListItem\",\"position\":2,\"name\":\"Fairteiler_Inhalt\"}]},{\"@type\":\"WebSite\",\"@id\":\"https:\/\/weltlaeden.de\/immenstaad\/#website\",\"url\":\"https:\/\/weltlaeden.de\/immenstaad\/\",\"name\":\"Weltladen Immenstaad\",\"description\":\"Faire Produkte seit 1990\",\"potentialAction\":[{\"@type\":\"SearchAction\",\"target\":{\"@type\":\"EntryPoint\",\"urlTemplate\":\"https:\/\/weltlaeden.de\/immenstaad\/?s={search_term_string}\"},\"query-input\":{\"@type\":\"PropertyValueSpecification\",\"valueRequired\":true,\"valueName\":\"search_term_string\"}}],\"inLanguage\":\"de\"}]}<\/script>\n<!-- \/ Yoast SEO plugin. -->","yoast_head_json":{"title":"Fairteiler_Inhalt - Weltladen Immenstaad","robots":{"index":"index","follow":"follow","max-snippet":"max-snippet:-1","max-image-preview":"max-image-preview:large","max-video-preview":"max-video-preview:-1"},"canonical":"https:\/\/weltlaeden.de\/immenstaad\/fairteiler_inhalt\/","og_locale":"de_DE","og_type":"article","og_title":"Fairteiler_Inhalt - Weltladen Immenstaad","og_description":"[vc_row][vc_column][vc_empty_space][vc_column_text] Was darf alles in den Fairteiler-Schrank? [\/vc_column_text][vc_column_text] Jedes einzelne Lebensmittel muss genie\u00dfbar sein. Nur weitergeben, was man selbst essen w\u00fcrde! Auge-Nase-Mund-Test: Aussehen, Geruch und ggf. Geschmack pr\u00fcfen (soweit ohne \u00d6ffnen der Verpackung m\u00f6glich) ! Unverpackte Backwaren m\u00fcssen mit sorgf\u00e4ltig gewaschenen H\u00e4nden in lebensmittelgeeignete Brott\u00fcten oder Plastikt\u00fcten verpackt werden Unverpackte Lebensmittel d\u00fcrfen nur in sauberen,&hellip;","og_url":"https:\/\/weltlaeden.de\/immenstaad\/fairteiler_inhalt\/","og_site_name":"Weltladen Immenstaad","article_modified_time":"2022-01-07T09:07:37+00:00","twitter_card":"summary_large_image","twitter_misc":{"Gesch\u00e4tzte Lesezeit":"2\u00a0Minuten"},"schema":{"@context":"https:\/\/schema.org","@graph":[{"@type":"WebPage","@id":"https:\/\/weltlaeden.de\/immenstaad\/fairteiler_inhalt\/","url":"https:\/\/weltlaeden.de\/immenstaad\/fairteiler_inhalt\/","name":"Fairteiler_Inhalt - Weltladen Immenstaad","isPartOf":{"@id":"https:\/\/weltlaeden.de\/immenstaad\/#website"},"datePublished":"2021-10-14T20:15:29+00:00","dateModified":"2022-01-07T09:07:37+00:00","breadcrumb":{"@id":"https:\/\/weltlaeden.de\/immenstaad\/fairteiler_inhalt\/#breadcrumb"},"inLanguage":"de","potentialAction":[{"@type":"ReadAction","target":["https:\/\/weltlaeden.de\/immenstaad\/fairteiler_inhalt\/"]}]},{"@type":"BreadcrumbList","@id":"https:\/\/weltlaeden.de\/immenstaad\/fairteiler_inhalt\/#breadcrumb","itemListElement":[{"@type":"ListItem","position":1,"name":"Startseite","item":"https:\/\/weltlaeden.de\/immenstaad\/"},{"@type":"ListItem","position":2,"name":"Fairteiler_Inhalt"}]},{"@type":"WebSite","@id":"https:\/\/weltlaeden.de\/immenstaad\/#website","url":"https:\/\/weltlaeden.de\/immenstaad\/","name":"Weltladen Immenstaad","description":"Faire Produkte seit 1990","potentialAction":[{"@type":"SearchAction","target":{"@type":"EntryPoint","urlTemplate":"https:\/\/weltlaeden.de\/immenstaad\/?s={search_term_string}"},"query-input":{"@type":"PropertyValueSpecification","valueRequired":true,"valueName":"search_term_string"}}],"inLanguage":"de"}]}},"_links":{"self":[{"href":"https:\/\/weltlaeden.de\/immenstaad\/wp-json\/wp\/v2\/pages\/1205","targetHints":{"allow":["GET"]}}],"collection":[{"href":"https:\/\/weltlaeden.de\/immenstaad\/wp-json\/wp\/v2\/pages"}],"about":[{"href":"https:\/\/weltlaeden.de\/immenstaad\/wp-json\/wp\/v2\/types\/page"}],"author":[{"embeddable":true,"href":"https:\/\/weltlaeden.de\/immenstaad\/wp-json\/wp\/v2\/users\/180"}],"replies":[{"embeddable":true,"href":"https:\/\/weltlaeden.de\/immenstaad\/wp-json\/wp\/v2\/comments?post=1205"}],"version-history":[{"count":31,"href":"https:\/\/weltlaeden.de\/immenstaad\/wp-json\/wp\/v2\/pages\/1205\/revisions"}],"predecessor-version":[{"id":1295,"href":"https:\/\/weltlaeden.de\/immenstaad\/wp-json\/wp\/v2\/pages\/1205\/revisions\/1295"}],"wp:attachment":[{"href":"https:\/\/weltlaeden.de\/immenstaad\/wp-json\/wp\/v2\/media?parent=1205"}],"curies":[{"name":"wp","href":"https:\/\/api.w.org\/{rel}","templated":true}]}}