{"id":5023,"date":"2022-03-01T17:41:40","date_gmt":"2022-03-01T16:41:40","guid":{"rendered":"https:\/\/weltlaeden.de\/hofheim\/?page_id=5023"},"modified":"2025-05-09T18:33:45","modified_gmt":"2025-05-09T16:33:45","slug":"unser-laden","status":"publish","type":"page","link":"https:\/\/weltlaeden.de\/hofheim\/unser-laden\/","title":{"rendered":"Unser Laden"},"content":{"rendered":"<div class=\"wpb-content-wrapper\"><p>[vc_row][vc_column]<div class=\"wl_einzelbild\"><p><\/p>\n<div id=\"attachment_7990\" style=\"width: 1034px\" class=\"wp-caption alignleft\"><img loading=\"lazy\" decoding=\"async\" aria-describedby=\"caption-attachment-7990\" class=\"wp-image-7990 size-large\" src=\"https:\/\/weltlaeden.de\/hofheim\/wp-content\/uploads\/sites\/63\/2025\/02\/2025_Weltladen_Hofheim_2-1024x683.jpg\" alt=\"Weltladen Hofheim \u2013 gute Produkte mit echten Geschichten\" width=\"1024\" height=\"683\" srcset=\"https:\/\/weltlaeden.de\/hofheim\/wp-content\/uploads\/sites\/63\/2025\/02\/2025_Weltladen_Hofheim_2-1024x683.jpg 1024w, https:\/\/weltlaeden.de\/hofheim\/wp-content\/uploads\/sites\/63\/2025\/02\/2025_Weltladen_Hofheim_2-300x200.jpg 300w, https:\/\/weltlaeden.de\/hofheim\/wp-content\/uploads\/sites\/63\/2025\/02\/2025_Weltladen_Hofheim_2-768x512.jpg 768w, https:\/\/weltlaeden.de\/hofheim\/wp-content\/uploads\/sites\/63\/2025\/02\/2025_Weltladen_Hofheim_2-1536x1024.jpg 1536w, https:\/\/weltlaeden.de\/hofheim\/wp-content\/uploads\/sites\/63\/2025\/02\/2025_Weltladen_Hofheim_2.jpg 1920w\" sizes=\"auto, (max-width: 1024px) 100vw, 1024px\" \/><p id=\"caption-attachment-7990\" class=\"wp-caption-text\">Foto: \u00a9 Sabine Klein<\/p><\/div>\n<p><\/p><\/div>[\/vc_column][\/vc_row][vc_row][vc_column][vc_empty_space height=&#8220;10px&#8220;][\/vc_column][\/vc_row][vc_row][vc_column][vc_column_text css=&#8220;&#8220;]<\/p>\n<h1>Unser Laden<\/h1>\n<p>Der Verein Faire Welt e.V. betreibt schon seit 1981 den <strong>Weltladen Hofheim. <\/strong>Als Fachgesch\u00e4ft f\u00fcr Fairen Handel bieten wir Ihnen ein vielf\u00e4ltiges Sortiment an fair gehandelten Produkten. Faire Mode zum Wohlf\u00fchlen f\u00fchren wir seit 2022.<\/p>\n<p>Unser Sortiment beziehen wir ausschlie\u00dflich von anerkannten Fair-Handels-Importeuren\u00a0wie z.B. CONTIGO, El Puente, der GEPA, WeltPartner und anderen. Oder von fairen Modelabels wie Greenbomb, Madness, Melawear und anderen. Sie wurden vom Weltladen-Dachverband auf die Einhaltung der Fair-Handels-Kriterien \u00fcberpr\u00fcft, sind von besonderer Qualit\u00e4t und gr\u00f6\u00dftenteils aus \u00f6kologischer Produktion. Damit sind Sie ein St\u00fcck Weltpolitik, denn die Erzeuger:innen erhalten faire Preise f\u00fcr ihre Erzeugnisse.\u00a0Durch Ihren Einkauf im Weltladen tragen Sie dazu bei, die Existenz der Erzeuger:innen zu sichern!<\/p>\n<p>Durch den Verkauf st\u00e4rken wir benachteiligte Produzent:innen vorwiegend aus L\u00e4ndern Asiens, Afrikas und Lateinamerikas. Machen Sie mit Ihrem Einkauf im Weltladen Hofheim einen Unterschied f\u00fcr viele Kleinb\u00e4uer:innen, Arbeiter:innen und Kunsthandwerker:innen sowie deren Familien im Globalen S\u00fcden.<\/p>\n<p>Wir freuen uns auf Ihren Besuch \u2013 hier auf der Webseite und in unserem sch\u00f6nen Laden. Entdecken Sie in Ruhe unsere Kostbarkeiten und erleben Sie Fairen Handel mit allen Sinnen! Unser freundliches Ladenteam ber\u00e4t Sie gerne.[\/vc_column_text][vc_empty_space height=&#8220;10px&#8220;][\/vc_column][\/vc_row][vc_row][vc_column][vc_column_text css=&#8220;&#8220;]<\/p>\n<h1>Feinkost \u2022 Kunsthandwerk \u2022 Geschenke<\/h1>\n<p>[\/vc_column_text][vc_row_inner][vc_column_inner width=&#8220;1\/3&#8243;]<div class=\"wl_einzelbild\"><p><\/p>\n<div id=\"attachment_8001\" style=\"width: 460px\" class=\"wp-caption alignnone\"><img loading=\"lazy\" decoding=\"async\" aria-describedby=\"caption-attachment-8001\" class=\"wp-image-8001\" src=\"https:\/\/weltlaeden.de\/hofheim\/wp-content\/uploads\/sites\/63\/2025\/02\/2025_Kunsthandwerk-1024x683.jpg\" alt=\"Bronzeskulpturen aus Burkina Faso\" width=\"450\" height=\"300\" srcset=\"https:\/\/weltlaeden.de\/hofheim\/wp-content\/uploads\/sites\/63\/2025\/02\/2025_Kunsthandwerk-1024x683.jpg 1024w, https:\/\/weltlaeden.de\/hofheim\/wp-content\/uploads\/sites\/63\/2025\/02\/2025_Kunsthandwerk-300x200.jpg 300w, https:\/\/weltlaeden.de\/hofheim\/wp-content\/uploads\/sites\/63\/2025\/02\/2025_Kunsthandwerk-768x512.jpg 768w, https:\/\/weltlaeden.de\/hofheim\/wp-content\/uploads\/sites\/63\/2025\/02\/2025_Kunsthandwerk-1536x1024.jpg 1536w, https:\/\/weltlaeden.de\/hofheim\/wp-content\/uploads\/sites\/63\/2025\/02\/2025_Kunsthandwerk.jpg 1920w\" sizes=\"auto, (max-width: 450px) 100vw, 450px\" \/><p id=\"caption-attachment-8001\" class=\"wp-caption-text\">Foto: \u00a9 Sabine Klein<\/p><\/div>\n<p><\/p><\/div>[\/vc_column_inner][vc_column_inner width=&#8220;2\/3&#8243;][vc_column_text css=&#8220;.vc_custom_1746808405807{background-color: #ffffff !important;border-radius: 2px !important;}&#8220;]Gehen Sie im Laden auf Entdeckungsreise! In unserem vielf\u00e4ltigen Sortiment finden Sie Produkte der Grundversorgung, au\u00dfergew\u00f6hnliche Produkte f\u00fcr besondere Gelegenheiten und sch\u00f6ne Geschenkideen \u2013 f\u00fcr andere, aber auch einmal f\u00fcr sich selbst.<br \/>\n<a href=\"https:\/\/weltlaeden.de\/hofheim\/unser-laden\/feinkost-kunsthandwerk-geschenke\/\" target=\"_blank\" rel=\"noopener\">\u27a1\ufe0f Mehr erfahren&#8230;<\/a>[\/vc_column_text][\/vc_column_inner][vc_column_inner][vc_empty_space height=&#8220;10px&#8220;][\/vc_column_inner][\/vc_row_inner][vc_column_text css=&#8220;&#8220;]<\/p>\n<h1>FAIR FASHION Damen \u2022 Herren \u2022 Kinder<\/h1>\n<p>[\/vc_column_text][vc_row_inner][vc_column_inner width=&#8220;1\/3&#8243;]<div class=\"wl_einzelbild\"><p><\/p>\n<div id=\"attachment_7617\" style=\"width: 460px\" class=\"wp-caption alignnone\"><img loading=\"lazy\" decoding=\"async\" aria-describedby=\"caption-attachment-7617\" class=\"wp-image-7617\" src=\"https:\/\/weltlaeden.de\/hofheim\/wp-content\/uploads\/sites\/63\/2024\/07\/Fairer-Handel_2024-Probe4266-1024x683.jpg\" alt=\"Fairer Handel schafft Perspektiven: 30.000 Weltladen-Engagierte setzen sich in Deutschland daf\u00fcr ein. Bist du dabei?\" width=\"450\" height=\"300\" srcset=\"https:\/\/weltlaeden.de\/hofheim\/wp-content\/uploads\/sites\/63\/2024\/07\/Fairer-Handel_2024-Probe4266-1024x683.jpg 1024w, https:\/\/weltlaeden.de\/hofheim\/wp-content\/uploads\/sites\/63\/2024\/07\/Fairer-Handel_2024-Probe4266-300x200.jpg 300w, https:\/\/weltlaeden.de\/hofheim\/wp-content\/uploads\/sites\/63\/2024\/07\/Fairer-Handel_2024-Probe4266-768x512.jpg 768w, https:\/\/weltlaeden.de\/hofheim\/wp-content\/uploads\/sites\/63\/2024\/07\/Fairer-Handel_2024-Probe4266-1536x1024.jpg 1536w, https:\/\/weltlaeden.de\/hofheim\/wp-content\/uploads\/sites\/63\/2024\/07\/Fairer-Handel_2024-Probe4266.jpg 1920w\" sizes=\"auto, (max-width: 450px) 100vw, 450px\" \/><p id=\"caption-attachment-7617\" class=\"wp-caption-text\">Foto: \u00a9 Sabine Klein<\/p><\/div>\n<p><\/p><\/div>[\/vc_column_inner][vc_column_inner width=&#8220;2\/3&#8243;][vc_column_text css=&#8220;&#8220;]In unserem Fachbereich finden Sie faire Mode f\u00fcr Damen, Herren &amp; Kinder zum Wohlf\u00fchlen. Alles aus hochwertigen, \u00f6kologisch einwandfreien und zertifizierten Materialien, gefertigt unter fairen und sozial vertr\u00e4glichen Bedingungen. Lassen Sie sich inspirieren, f\u00fchlen Sie sich wohl in ihrer Haut und in ihrer Kleidung!<br \/>\n<a href=\"https:\/\/weltlaeden.de\/hofheim\/unser-laden\/fair-fashion-damen-herren-kinder\/\" target=\"_blank\" rel=\"noopener\">\u27a1\ufe0f Erfahren Sie mehr&#8230;<\/a>[\/vc_column_text][\/vc_column_inner][\/vc_row_inner][\/vc_column][\/vc_row][vc_column][\/vc_column]<\/p>\n<\/div>","protected":false},"excerpt":{"rendered":"<p>[vc_row][vc_column][\/vc_column][\/vc_row][vc_row][vc_column][vc_empty_space height=&#8220;10px&#8220;][\/vc_column][\/vc_row][vc_row][vc_column][vc_column_text css=&#8220;&#8220;] Unser Laden Der Verein Faire Welt e.V. betreibt schon seit 1981 den Weltladen Hofheim. Als Fachgesch\u00e4ft f\u00fcr Fairen Handel bieten wir Ihnen ein vielf\u00e4ltiges Sortiment an fair gehandelten Produkten. Faire Mode zum Wohlf\u00fchlen f\u00fchren wir seit 2022. Unser Sortiment beziehen wir ausschlie\u00dflich von anerkannten Fair-Handels-Importeuren\u00a0wie z.B. CONTIGO, El Puente, der GEPA, WeltPartner&hellip;<\/p>\n","protected":false},"author":93,"featured_media":0,"parent":0,"menu_order":9,"comment_status":"closed","ping_status":"closed","template":"","meta":{"footnotes":""},"class_list":["post-5023","page","type-page","status-publish","hentry","description-off"],"yoast_head":"<!-- This site is optimized with the Yoast SEO plugin v26.8 - https:\/\/yoast.com\/product\/yoast-seo-wordpress\/ -->\n<title>Unser Laden - Weltladen Hofheim<\/title>\n<meta name=\"robots\" content=\"index, follow, max-snippet:-1, max-image-preview:large, max-video-preview:-1\" \/>\n<link rel=\"canonical\" href=\"https:\/\/weltlaeden.de\/hofheim\/unser-laden\/\" \/>\n<meta property=\"og:locale\" content=\"de_DE\" \/>\n<meta property=\"og:type\" content=\"article\" \/>\n<meta property=\"og:title\" content=\"Unser Laden - Weltladen Hofheim\" \/>\n<meta property=\"og:description\" content=\"[vc_row][vc_column][\/vc_column][\/vc_row][vc_row][vc_column][vc_empty_space height=&#8220;10px&#8220;][\/vc_column][\/vc_row][vc_row][vc_column][vc_column_text css=&#8220;&#8220;] Unser Laden Der Verein Faire Welt e.V. betreibt schon seit 1981 den Weltladen Hofheim. Als Fachgesch\u00e4ft f\u00fcr Fairen Handel bieten wir Ihnen ein vielf\u00e4ltiges Sortiment an fair gehandelten Produkten. Faire Mode zum Wohlf\u00fchlen f\u00fchren wir seit 2022. Unser Sortiment beziehen wir ausschlie\u00dflich von anerkannten Fair-Handels-Importeuren\u00a0wie z.B. CONTIGO, El Puente, der GEPA, WeltPartner&hellip;\" \/>\n<meta property=\"og:url\" content=\"https:\/\/weltlaeden.de\/hofheim\/unser-laden\/\" \/>\n<meta property=\"og:site_name\" content=\"Weltladen Hofheim\" \/>\n<meta property=\"article:modified_time\" content=\"2025-05-09T16:33:45+00:00\" \/>\n<meta property=\"og:image\" content=\"https:\/\/weltlaeden.de\/hofheim\/wp-content\/uploads\/sites\/63\/2025\/02\/2025_Weltladen_Hofheim_2.jpg\" \/>\n\t<meta property=\"og:image:width\" content=\"1920\" \/>\n\t<meta property=\"og:image:height\" content=\"1280\" \/>\n\t<meta property=\"og:image:type\" content=\"image\/jpeg\" \/>\n<meta name=\"twitter:card\" content=\"summary_large_image\" \/>\n<meta name=\"twitter:label1\" content=\"Gesch\u00e4tzte Lesezeit\" \/>\n\t<meta name=\"twitter:data1\" content=\"3\u00a0Minuten\" \/>\n<script type=\"application\/ld+json\" class=\"yoast-schema-graph\">{\"@context\":\"https:\/\/schema.org\",\"@graph\":[{\"@type\":\"WebPage\",\"@id\":\"https:\/\/weltlaeden.de\/hofheim\/unser-laden\/\",\"url\":\"https:\/\/weltlaeden.de\/hofheim\/unser-laden\/\",\"name\":\"Unser Laden - Weltladen Hofheim\",\"isPartOf\":{\"@id\":\"https:\/\/weltlaeden.de\/hofheim\/#website\"},\"primaryImageOfPage\":{\"@id\":\"https:\/\/weltlaeden.de\/hofheim\/unser-laden\/#primaryimage\"},\"image\":{\"@id\":\"https:\/\/weltlaeden.de\/hofheim\/unser-laden\/#primaryimage\"},\"thumbnailUrl\":\"https:\/\/weltlaeden.de\/hofheim\/wp-content\/uploads\/sites\/63\/2025\/02\/2025_Weltladen_Hofheim_2-1024x683.jpg\",\"datePublished\":\"2022-03-01T16:41:40+00:00\",\"dateModified\":\"2025-05-09T16:33:45+00:00\",\"breadcrumb\":{\"@id\":\"https:\/\/weltlaeden.de\/hofheim\/unser-laden\/#breadcrumb\"},\"inLanguage\":\"de\",\"potentialAction\":[{\"@type\":\"ReadAction\",\"target\":[\"https:\/\/weltlaeden.de\/hofheim\/unser-laden\/\"]}]},{\"@type\":\"ImageObject\",\"inLanguage\":\"de\",\"@id\":\"https:\/\/weltlaeden.de\/hofheim\/unser-laden\/#primaryimage\",\"url\":\"https:\/\/weltlaeden.de\/hofheim\/wp-content\/uploads\/sites\/63\/2025\/02\/2025_Weltladen_Hofheim_2.jpg\",\"contentUrl\":\"https:\/\/weltlaeden.de\/hofheim\/wp-content\/uploads\/sites\/63\/2025\/02\/2025_Weltladen_Hofheim_2.jpg\",\"width\":1920,\"height\":1280,\"caption\":\"Foto: \u00a9 Sabine Klein\"},{\"@type\":\"BreadcrumbList\",\"@id\":\"https:\/\/weltlaeden.de\/hofheim\/unser-laden\/#breadcrumb\",\"itemListElement\":[{\"@type\":\"ListItem\",\"position\":1,\"name\":\"Startseite\",\"item\":\"https:\/\/weltlaeden.de\/hofheim\/\"},{\"@type\":\"ListItem\",\"position\":2,\"name\":\"Unser Laden\"}]},{\"@type\":\"WebSite\",\"@id\":\"https:\/\/weltlaeden.de\/hofheim\/#website\",\"url\":\"https:\/\/weltlaeden.de\/hofheim\/\",\"name\":\"Vorlage\",\"description\":\"Faire Produkte seit 1981\",\"potentialAction\":[{\"@type\":\"SearchAction\",\"target\":{\"@type\":\"EntryPoint\",\"urlTemplate\":\"https:\/\/weltlaeden.de\/hofheim\/?s={search_term_string}\"},\"query-input\":{\"@type\":\"PropertyValueSpecification\",\"valueRequired\":true,\"valueName\":\"search_term_string\"}}],\"inLanguage\":\"de\"}]}<\/script>\n<!-- \/ Yoast SEO plugin. -->","yoast_head_json":{"title":"Unser Laden - Weltladen Hofheim","robots":{"index":"index","follow":"follow","max-snippet":"max-snippet:-1","max-image-preview":"max-image-preview:large","max-video-preview":"max-video-preview:-1"},"canonical":"https:\/\/weltlaeden.de\/hofheim\/unser-laden\/","og_locale":"de_DE","og_type":"article","og_title":"Unser Laden - Weltladen Hofheim","og_description":"[vc_row][vc_column][\/vc_column][\/vc_row][vc_row][vc_column][vc_empty_space height=&#8220;10px&#8220;][\/vc_column][\/vc_row][vc_row][vc_column][vc_column_text css=&#8220;&#8220;] Unser Laden Der Verein Faire Welt e.V. betreibt schon seit 1981 den Weltladen Hofheim. Als Fachgesch\u00e4ft f\u00fcr Fairen Handel bieten wir Ihnen ein vielf\u00e4ltiges Sortiment an fair gehandelten Produkten. Faire Mode zum Wohlf\u00fchlen f\u00fchren wir seit 2022. Unser Sortiment beziehen wir ausschlie\u00dflich von anerkannten Fair-Handels-Importeuren\u00a0wie z.B. CONTIGO, El Puente, der GEPA, WeltPartner&hellip;","og_url":"https:\/\/weltlaeden.de\/hofheim\/unser-laden\/","og_site_name":"Weltladen Hofheim","article_modified_time":"2025-05-09T16:33:45+00:00","og_image":[{"width":1920,"height":1280,"url":"https:\/\/weltlaeden.de\/hofheim\/wp-content\/uploads\/sites\/63\/2025\/02\/2025_Weltladen_Hofheim_2.jpg","type":"image\/jpeg"}],"twitter_card":"summary_large_image","twitter_misc":{"Gesch\u00e4tzte Lesezeit":"3\u00a0Minuten"},"schema":{"@context":"https:\/\/schema.org","@graph":[{"@type":"WebPage","@id":"https:\/\/weltlaeden.de\/hofheim\/unser-laden\/","url":"https:\/\/weltlaeden.de\/hofheim\/unser-laden\/","name":"Unser Laden - Weltladen Hofheim","isPartOf":{"@id":"https:\/\/weltlaeden.de\/hofheim\/#website"},"primaryImageOfPage":{"@id":"https:\/\/weltlaeden.de\/hofheim\/unser-laden\/#primaryimage"},"image":{"@id":"https:\/\/weltlaeden.de\/hofheim\/unser-laden\/#primaryimage"},"thumbnailUrl":"https:\/\/weltlaeden.de\/hofheim\/wp-content\/uploads\/sites\/63\/2025\/02\/2025_Weltladen_Hofheim_2-1024x683.jpg","datePublished":"2022-03-01T16:41:40+00:00","dateModified":"2025-05-09T16:33:45+00:00","breadcrumb":{"@id":"https:\/\/weltlaeden.de\/hofheim\/unser-laden\/#breadcrumb"},"inLanguage":"de","potentialAction":[{"@type":"ReadAction","target":["https:\/\/weltlaeden.de\/hofheim\/unser-laden\/"]}]},{"@type":"ImageObject","inLanguage":"de","@id":"https:\/\/weltlaeden.de\/hofheim\/unser-laden\/#primaryimage","url":"https:\/\/weltlaeden.de\/hofheim\/wp-content\/uploads\/sites\/63\/2025\/02\/2025_Weltladen_Hofheim_2.jpg","contentUrl":"https:\/\/weltlaeden.de\/hofheim\/wp-content\/uploads\/sites\/63\/2025\/02\/2025_Weltladen_Hofheim_2.jpg","width":1920,"height":1280,"caption":"Foto: \u00a9 Sabine Klein"},{"@type":"BreadcrumbList","@id":"https:\/\/weltlaeden.de\/hofheim\/unser-laden\/#breadcrumb","itemListElement":[{"@type":"ListItem","position":1,"name":"Startseite","item":"https:\/\/weltlaeden.de\/hofheim\/"},{"@type":"ListItem","position":2,"name":"Unser Laden"}]},{"@type":"WebSite","@id":"https:\/\/weltlaeden.de\/hofheim\/#website","url":"https:\/\/weltlaeden.de\/hofheim\/","name":"Vorlage","description":"Faire Produkte seit 1981","potentialAction":[{"@type":"SearchAction","target":{"@type":"EntryPoint","urlTemplate":"https:\/\/weltlaeden.de\/hofheim\/?s={search_term_string}"},"query-input":{"@type":"PropertyValueSpecification","valueRequired":true,"valueName":"search_term_string"}}],"inLanguage":"de"}]}},"_links":{"self":[{"href":"https:\/\/weltlaeden.de\/hofheim\/wp-json\/wp\/v2\/pages\/5023","targetHints":{"allow":["GET"]}}],"collection":[{"href":"https:\/\/weltlaeden.de\/hofheim\/wp-json\/wp\/v2\/pages"}],"about":[{"href":"https:\/\/weltlaeden.de\/hofheim\/wp-json\/wp\/v2\/types\/page"}],"author":[{"embeddable":true,"href":"https:\/\/weltlaeden.de\/hofheim\/wp-json\/wp\/v2\/users\/93"}],"replies":[{"embeddable":true,"href":"https:\/\/weltlaeden.de\/hofheim\/wp-json\/wp\/v2\/comments?post=5023"}],"version-history":[{"count":60,"href":"https:\/\/weltlaeden.de\/hofheim\/wp-json\/wp\/v2\/pages\/5023\/revisions"}],"predecessor-version":[{"id":8605,"href":"https:\/\/weltlaeden.de\/hofheim\/wp-json\/wp\/v2\/pages\/5023\/revisions\/8605"}],"wp:attachment":[{"href":"https:\/\/weltlaeden.de\/hofheim\/wp-json\/wp\/v2\/media?parent=5023"}],"curies":[{"name":"wp","href":"https:\/\/api.w.org\/{rel}","templated":true}]}}