{"id":4936,"date":"2022-02-17T16:01:22","date_gmt":"2022-02-17T15:01:22","guid":{"rendered":"https:\/\/weltlaeden.de\/hofheim\/?page_id=4936"},"modified":"2025-05-09T18:32:52","modified_gmt":"2025-05-09T16:32:52","slug":"handelspartnerinnen","status":"publish","type":"page","link":"https:\/\/weltlaeden.de\/hofheim\/fairer-handel\/handelspartnerinnen\/","title":{"rendered":"Handelspartner:innen"},"content":{"rendered":"<div class=\"wpb-content-wrapper\"><p>[vc_row][vc_column]<div class=\"wl_einzelbild\"><p><img loading=\"lazy\" decoding=\"async\" class=\"size-full wp-image-nsm-3-84 alignnone\" src=\"https:\/\/weltlaeden.de\/vorlage\/wp-content\/uploads\/sites\/3\/2020\/10\/portraet_hero_prokritee_Quelle_Dave-Klassen_1200x500.jpg\" alt=\"\" width=\"1200\" height=\"500\" \/><\/p><\/div>[\/vc_column][\/vc_row][vc_row][vc_column][vc_empty_space height=&#8220;10px&#8220;][\/vc_column][\/vc_row][vc_row][vc_column][vc_column_text]<\/p>\n<h1>Portraits von Handelspartner:innen<\/h1>\n<p>Transparenz und langfristige Handelsbeziehungen sind wichtige Merkmale des Fairen Handels. Im globalen Handel ist es etwas Besonderes, die Menschen hinter den Produkten kennenlernen zu k\u00f6nnen. Erfahren Sie, wo, von wem und wie besondere Lebensmittel oder faszinierendes Kunsthandwerk hergestellt werden.[\/vc_column_text][\/vc_column][\/vc_row][vc_row][vc_column][vc_empty_space height=&#8220;10px&#8220;][\/vc_column][\/vc_row][vc_row][vc_column][vc_column_text css=&#8220;&#8220;]<\/p>\n<h1>fairafric &#8211; Schokolade made in Ghana<\/h1>\n<p>[\/vc_column_text][vc_row_inner][vc_column_inner width=&#8220;1\/3&#8243;]<div class=\"wl_einzelbild\"><p><img loading=\"lazy\" decoding=\"async\" class=\"size-medium wp-image-nsm-3-101 aligncenter\" src=\"https:\/\/weltlaeden.de\/vorlagensammlung\/wp-content\/uploads\/sites\/3\/2021\/02\/fairafric-1_Team-Schokotisch_Quelle_fairafric_1200x800-300x200.jpg\" alt=\"\" width=\"300\" height=\"200\" \/><\/p><\/div>[\/vc_column_inner][vc_column_inner width=&#8220;2\/3&#8243;][vc_column_text css=&#8220;&#8220;]Ghana ist eines der f\u00fchrenden Anbau- und Exportl\u00e4nder von Rohkakao, Schokolade wird dort bisher allerdings kaum produziert. Ein Gro\u00dfteil der Wertsch\u00f6pfung geschieht bei der Verarbeitung in Europa, w\u00e4hrend viele Kakaofarmer*innen in Armut leben. Das deutsch-ghanaische Unternehmen fairafric ist angetreten, das zu \u00e4ndern.<br \/>\n<a href=\"https:\/\/weltlaeden.de\/hofheim\/fairer-handel\/handelspartnerinnen\/fairafric-schokolade-aus-ghana\/\" target=\"_blank\" rel=\"noopener\">\u27a1\ufe0f Erfahren Sie mehr&#8230;<\/a>[\/vc_column_text][\/vc_column_inner][\/vc_row_inner][vc_empty_space height=&#8220;10px&#8220;][\/vc_column][\/vc_row][vc_row][vc_column][vc_column_text css=&#8220;&#8220;]<\/p>\n<h1>SOAP-n-SCENT &#8211; faire\u00a0Seifen\u00a0aus Thailand<\/h1>\n<p>[\/vc_column_text][vc_row_inner][vc_column_inner width=&#8220;1\/3&#8243;]<div class=\"wl_einzelbild\"><p><img loading=\"lazy\" decoding=\"async\" class=\"size-medium wp-image-563 aligncenter\" src=\"https:\/\/weltlaeden.de\/vorlagensammlung\/wp-content\/uploads\/sites\/153\/2021\/03\/Soap-n-scent-1_Verpacken_Quelle_GEPA_600x400-300x200.jpg\" alt=\"\" width=\"300\" height=\"200\" \/><\/p><\/div>[\/vc_column_inner][vc_column_inner width=&#8220;2\/3&#8243;][vc_column_text css=&#8220;.vc_custom_1746808337283{background-color: #ffffff !important;border-radius: 2px !important;}&#8220;]Die Seifenmanufaktur von SOAP-n-SCENT ist eher eine gro\u00dfe K\u00fcche als eine Produktionshalle. Dort arbeiten mehr Menschen als Maschinen. Die Manufaktur in Chiang Mai ist ein heller, fr\u00f6hlicher Ort, an dem die Mitarbeiter*innen mit gro\u00dfer Sorgfalt die Seifen aus pflanzlichen \u00d6len in Handarbeit herstellen.<br \/>\n<a href=\"https:\/\/weltlaeden.de\/hofheim\/fairer-handel\/handelspartnerinnen\/soap-n-scent-faire-seife-aus-thailand\/\" target=\"_blank\" rel=\"noopener\">\u27a1\ufe0f Erfahren Sie mehr&#8230;<\/a>[\/vc_column_text][\/vc_column_inner][\/vc_row_inner][vc_empty_space height=&#8220;10px&#8220;][vc_column_text css=&#8220;&#8220;]<\/p>\n<h1>Turqle Trading &#8211; Gew\u00fcrzmischungen aus S\u00fcdafrika<\/h1>\n<p>[\/vc_column_text][vc_row_inner][vc_column_inner width=&#8220;1\/3&#8243;]<div class=\"wl_einzelbild\"><p><img loading=\"lazy\" decoding=\"async\" class=\"aligncenter size-medium wp-image-nsm-3-109\" src=\"https:\/\/weltlaeden.de\/vorlagensammlung\/wp-content\/uploads\/sites\/3\/2021\/05\/Turqle-Trading-II_Laodicea-Okkers_Quelle_St.-Louis_600x400-300x200.jpg\" alt=\"\" width=\"300\" height=\"200\" \/><\/p><\/div>[\/vc_column_inner][vc_column_inner width=&#8220;2\/3&#8243;][vc_column_text css=&#8220;.vc_custom_1746808353637{background-color: #ffffff !important;border-radius: 2px !important;}&#8220;]Sonnengereifte Tomaten, feurige Chilis und aromatische Gew\u00fcrze sind das Erfolgsrezept von Turqle Trading. Die Organisation unterst\u00fctzt kleine Betriebe beim Export verarbeiteter Lebensmittel und schafft so zukunftsf\u00e4hige Arbeitspl\u00e4tze und mehr lokale Wertsch\u00f6pfung.<br \/>\n<a href=\"https:\/\/weltlaeden.de\/hofheim\/fairer-handel\/handelspartnerinnen\/turqle-trading-gewuerze-und-saucen\/\" target=\"_blank\" rel=\"noopener\">\u27a1\ufe0f Erfahren Sie mehr&#8230;<\/a>[\/vc_column_text][\/vc_column_inner][\/vc_row_inner][vc_empty_space height=&#8220;10px&#8220;][vc_column_text css=&#8220;&#8220;]<\/p>\n<h1>Suntoy &#8211; Sonnengl\u00e4ser made in S\u00fcdafrika<\/h1>\n<p>[\/vc_column_text][vc_row_inner][vc_column_inner width=&#8220;1\/3&#8243;]<div class=\"wl_einzelbild\"><p><img loading=\"lazy\" decoding=\"async\" class=\"aligncenter size-medium wp-image-nsm-3-116\" src=\"https:\/\/weltlaeden.de\/vorlagensammlung\/wp-content\/uploads\/sites\/3\/2021\/12\/Sonnenglas-I_Sonnengl\u00e4ser_Q_Sonnenglas_600x400-300x200.png\" alt=\"\" width=\"300\" height=\"200\" \/><\/p><\/div>[\/vc_column_inner][vc_column_inner width=&#8220;2\/3&#8243;][vc_column_text css=&#8220;.vc_custom_1746808368020{background-color: #ffffff !important;border-radius: 2px !important;}&#8220;]Die handgefertigte Solarlampe ist nicht nur eine stimmungsvolle Dekoration, sondern dient in S\u00fcdafrika als nachhaltige und sichere Lichtquelle f\u00fcr Gebiete ohne Stromanschluss. Die Produktion sichert 75 Arbeitspl\u00e4tze f\u00fcr zuvor arbeitslose M\u00e4nner und Frauen in Johannesburg.<br \/>\n<a href=\"https:\/\/weltlaeden.de\/hofheim\/fairer-handel\/handelspartnerinnen\/sonnenglas-hightech-aus-suedafrika\/\" target=\"_blank\" rel=\"noopener\">\u27a1\ufe0f Erfahren Sie mehr &#8230;<\/a>[\/vc_column_text][\/vc_column_inner][\/vc_row_inner][vc_empty_space height=&#8220;10px&#8220;][vc_separator border_width=&#8220;2&#8243;][vc_column_text]<em>Bildnachweise f\u00fcr diese Seite (von oben nach unten): Dave Klassen, Dave Klassen, Albert Retief, GEPA\/A. Welsing,<\/em> <em>fairafric, GEPA-The Fair Trade Company, St. Louis<\/em>, <em>WeltPartner eG, Sonnenglas<\/em>[\/vc_column_text][\/vc_column][\/vc_row][vc_column][\/vc_column]<\/p>\n<\/div>","protected":false},"excerpt":{"rendered":"<p>[vc_row][vc_column][\/vc_column][\/vc_row][vc_row][vc_column][vc_empty_space height=&#8220;10px&#8220;][\/vc_column][\/vc_row][vc_row][vc_column][vc_column_text] Portraits von Handelspartner:innen Transparenz und langfristige Handelsbeziehungen sind wichtige Merkmale des Fairen Handels. Im globalen Handel ist es etwas Besonderes, die Menschen hinter den Produkten kennenlernen zu k\u00f6nnen. Erfahren Sie, wo, von wem und wie besondere Lebensmittel oder faszinierendes Kunsthandwerk hergestellt werden.[\/vc_column_text][\/vc_column][\/vc_row][vc_row][vc_column][vc_empty_space height=&#8220;10px&#8220;][\/vc_column][\/vc_row][vc_row][vc_column][vc_column_text css=&#8220;&#8220;] fairafric &#8211; Schokolade made in Ghana [\/vc_column_text][vc_row_inner][vc_column_inner width=&#8220;1\/3&#8243;][\/vc_column_inner][vc_column_inner width=&#8220;2\/3&#8243;][vc_column_text&hellip;<\/p>\n","protected":false},"author":93,"featured_media":0,"parent":218,"menu_order":2,"comment_status":"closed","ping_status":"closed","template":"","meta":{"footnotes":""},"class_list":["post-4936","page","type-page","status-publish","hentry","description-off"],"yoast_head":"<!-- This site is optimized with the Yoast SEO plugin v26.8 - https:\/\/yoast.com\/product\/yoast-seo-wordpress\/ -->\n<title>Handelspartner:innen - Weltladen Hofheim<\/title>\n<meta name=\"robots\" content=\"index, follow, max-snippet:-1, max-image-preview:large, max-video-preview:-1\" \/>\n<link rel=\"canonical\" href=\"https:\/\/weltlaeden.de\/hofheim\/fairer-handel\/handelspartnerinnen\/\" \/>\n<meta property=\"og:locale\" content=\"de_DE\" \/>\n<meta property=\"og:type\" content=\"article\" \/>\n<meta property=\"og:title\" content=\"Handelspartner:innen - Weltladen Hofheim\" \/>\n<meta property=\"og:description\" content=\"[vc_row][vc_column][\/vc_column][\/vc_row][vc_row][vc_column][vc_empty_space height=&#8220;10px&#8220;][\/vc_column][\/vc_row][vc_row][vc_column][vc_column_text] Portraits von Handelspartner:innen Transparenz und langfristige Handelsbeziehungen sind wichtige Merkmale des Fairen Handels. Im globalen Handel ist es etwas Besonderes, die Menschen hinter den Produkten kennenlernen zu k\u00f6nnen. Erfahren Sie, wo, von wem und wie besondere Lebensmittel oder faszinierendes Kunsthandwerk hergestellt werden.[\/vc_column_text][\/vc_column][\/vc_row][vc_row][vc_column][vc_empty_space height=&#8220;10px&#8220;][\/vc_column][\/vc_row][vc_row][vc_column][vc_column_text css=&#8220;&#8220;] fairafric &#8211; Schokolade made in Ghana [\/vc_column_text][vc_row_inner][vc_column_inner width=&#8220;1\/3&#8243;][\/vc_column_inner][vc_column_inner width=&#8220;2\/3&#8243;][vc_column_text&hellip;\" \/>\n<meta property=\"og:url\" content=\"https:\/\/weltlaeden.de\/hofheim\/fairer-handel\/handelspartnerinnen\/\" \/>\n<meta property=\"og:site_name\" content=\"Weltladen Hofheim\" \/>\n<meta property=\"article:modified_time\" content=\"2025-05-09T16:32:52+00:00\" \/>\n<meta property=\"og:image\" content=\"https:\/\/weltlaeden.de\/vorlage\/wp-content\/uploads\/sites\/3\/2020\/10\/portraet_hero_prokritee_Quelle_Dave-Klassen_1200x500.jpg\" \/>\n<meta name=\"twitter:card\" content=\"summary_large_image\" \/>\n<meta name=\"twitter:label1\" content=\"Gesch\u00e4tzte Lesezeit\" \/>\n\t<meta name=\"twitter:data1\" content=\"3\u00a0Minuten\" \/>\n<script type=\"application\/ld+json\" class=\"yoast-schema-graph\">{\"@context\":\"https:\/\/schema.org\",\"@graph\":[{\"@type\":\"WebPage\",\"@id\":\"https:\/\/weltlaeden.de\/hofheim\/fairer-handel\/handelspartnerinnen\/\",\"url\":\"https:\/\/weltlaeden.de\/hofheim\/fairer-handel\/handelspartnerinnen\/\",\"name\":\"Handelspartner:innen - Weltladen Hofheim\",\"isPartOf\":{\"@id\":\"https:\/\/weltlaeden.de\/hofheim\/#website\"},\"primaryImageOfPage\":{\"@id\":\"https:\/\/weltlaeden.de\/hofheim\/fairer-handel\/handelspartnerinnen\/#primaryimage\"},\"image\":{\"@id\":\"https:\/\/weltlaeden.de\/hofheim\/fairer-handel\/handelspartnerinnen\/#primaryimage\"},\"thumbnailUrl\":\"https:\/\/weltlaeden.de\/vorlage\/wp-content\/uploads\/sites\/3\/2020\/10\/portraet_hero_prokritee_Quelle_Dave-Klassen_1200x500.jpg\",\"datePublished\":\"2022-02-17T15:01:22+00:00\",\"dateModified\":\"2025-05-09T16:32:52+00:00\",\"breadcrumb\":{\"@id\":\"https:\/\/weltlaeden.de\/hofheim\/fairer-handel\/handelspartnerinnen\/#breadcrumb\"},\"inLanguage\":\"de\",\"potentialAction\":[{\"@type\":\"ReadAction\",\"target\":[\"https:\/\/weltlaeden.de\/hofheim\/fairer-handel\/handelspartnerinnen\/\"]}]},{\"@type\":\"ImageObject\",\"inLanguage\":\"de\",\"@id\":\"https:\/\/weltlaeden.de\/hofheim\/fairer-handel\/handelspartnerinnen\/#primaryimage\",\"url\":\"https:\/\/weltlaeden.de\/vorlage\/wp-content\/uploads\/sites\/3\/2020\/10\/portraet_hero_prokritee_Quelle_Dave-Klassen_1200x500.jpg\",\"contentUrl\":\"https:\/\/weltlaeden.de\/vorlage\/wp-content\/uploads\/sites\/3\/2020\/10\/portraet_hero_prokritee_Quelle_Dave-Klassen_1200x500.jpg\"},{\"@type\":\"BreadcrumbList\",\"@id\":\"https:\/\/weltlaeden.de\/hofheim\/fairer-handel\/handelspartnerinnen\/#breadcrumb\",\"itemListElement\":[{\"@type\":\"ListItem\",\"position\":1,\"name\":\"Startseite\",\"item\":\"https:\/\/weltlaeden.de\/hofheim\/\"},{\"@type\":\"ListItem\",\"position\":2,\"name\":\"Fairer Handel\",\"item\":\"https:\/\/weltlaeden.de\/hofheim\/fairer-handel\/\"},{\"@type\":\"ListItem\",\"position\":3,\"name\":\"Handelspartner:innen\"}]},{\"@type\":\"WebSite\",\"@id\":\"https:\/\/weltlaeden.de\/hofheim\/#website\",\"url\":\"https:\/\/weltlaeden.de\/hofheim\/\",\"name\":\"Vorlage\",\"description\":\"Faire Produkte seit 1981\",\"potentialAction\":[{\"@type\":\"SearchAction\",\"target\":{\"@type\":\"EntryPoint\",\"urlTemplate\":\"https:\/\/weltlaeden.de\/hofheim\/?s={search_term_string}\"},\"query-input\":{\"@type\":\"PropertyValueSpecification\",\"valueRequired\":true,\"valueName\":\"search_term_string\"}}],\"inLanguage\":\"de\"}]}<\/script>\n<!-- \/ Yoast SEO plugin. -->","yoast_head_json":{"title":"Handelspartner:innen - Weltladen Hofheim","robots":{"index":"index","follow":"follow","max-snippet":"max-snippet:-1","max-image-preview":"max-image-preview:large","max-video-preview":"max-video-preview:-1"},"canonical":"https:\/\/weltlaeden.de\/hofheim\/fairer-handel\/handelspartnerinnen\/","og_locale":"de_DE","og_type":"article","og_title":"Handelspartner:innen - Weltladen Hofheim","og_description":"[vc_row][vc_column][\/vc_column][\/vc_row][vc_row][vc_column][vc_empty_space height=&#8220;10px&#8220;][\/vc_column][\/vc_row][vc_row][vc_column][vc_column_text] Portraits von Handelspartner:innen Transparenz und langfristige Handelsbeziehungen sind wichtige Merkmale des Fairen Handels. Im globalen Handel ist es etwas Besonderes, die Menschen hinter den Produkten kennenlernen zu k\u00f6nnen. Erfahren Sie, wo, von wem und wie besondere Lebensmittel oder faszinierendes Kunsthandwerk hergestellt werden.[\/vc_column_text][\/vc_column][\/vc_row][vc_row][vc_column][vc_empty_space height=&#8220;10px&#8220;][\/vc_column][\/vc_row][vc_row][vc_column][vc_column_text css=&#8220;&#8220;] fairafric &#8211; Schokolade made in Ghana [\/vc_column_text][vc_row_inner][vc_column_inner width=&#8220;1\/3&#8243;][\/vc_column_inner][vc_column_inner width=&#8220;2\/3&#8243;][vc_column_text&hellip;","og_url":"https:\/\/weltlaeden.de\/hofheim\/fairer-handel\/handelspartnerinnen\/","og_site_name":"Weltladen Hofheim","article_modified_time":"2025-05-09T16:32:52+00:00","og_image":[{"url":"https:\/\/weltlaeden.de\/vorlage\/wp-content\/uploads\/sites\/3\/2020\/10\/portraet_hero_prokritee_Quelle_Dave-Klassen_1200x500.jpg","type":"","width":"","height":""}],"twitter_card":"summary_large_image","twitter_misc":{"Gesch\u00e4tzte Lesezeit":"3\u00a0Minuten"},"schema":{"@context":"https:\/\/schema.org","@graph":[{"@type":"WebPage","@id":"https:\/\/weltlaeden.de\/hofheim\/fairer-handel\/handelspartnerinnen\/","url":"https:\/\/weltlaeden.de\/hofheim\/fairer-handel\/handelspartnerinnen\/","name":"Handelspartner:innen - Weltladen Hofheim","isPartOf":{"@id":"https:\/\/weltlaeden.de\/hofheim\/#website"},"primaryImageOfPage":{"@id":"https:\/\/weltlaeden.de\/hofheim\/fairer-handel\/handelspartnerinnen\/#primaryimage"},"image":{"@id":"https:\/\/weltlaeden.de\/hofheim\/fairer-handel\/handelspartnerinnen\/#primaryimage"},"thumbnailUrl":"https:\/\/weltlaeden.de\/vorlage\/wp-content\/uploads\/sites\/3\/2020\/10\/portraet_hero_prokritee_Quelle_Dave-Klassen_1200x500.jpg","datePublished":"2022-02-17T15:01:22+00:00","dateModified":"2025-05-09T16:32:52+00:00","breadcrumb":{"@id":"https:\/\/weltlaeden.de\/hofheim\/fairer-handel\/handelspartnerinnen\/#breadcrumb"},"inLanguage":"de","potentialAction":[{"@type":"ReadAction","target":["https:\/\/weltlaeden.de\/hofheim\/fairer-handel\/handelspartnerinnen\/"]}]},{"@type":"ImageObject","inLanguage":"de","@id":"https:\/\/weltlaeden.de\/hofheim\/fairer-handel\/handelspartnerinnen\/#primaryimage","url":"https:\/\/weltlaeden.de\/vorlage\/wp-content\/uploads\/sites\/3\/2020\/10\/portraet_hero_prokritee_Quelle_Dave-Klassen_1200x500.jpg","contentUrl":"https:\/\/weltlaeden.de\/vorlage\/wp-content\/uploads\/sites\/3\/2020\/10\/portraet_hero_prokritee_Quelle_Dave-Klassen_1200x500.jpg"},{"@type":"BreadcrumbList","@id":"https:\/\/weltlaeden.de\/hofheim\/fairer-handel\/handelspartnerinnen\/#breadcrumb","itemListElement":[{"@type":"ListItem","position":1,"name":"Startseite","item":"https:\/\/weltlaeden.de\/hofheim\/"},{"@type":"ListItem","position":2,"name":"Fairer Handel","item":"https:\/\/weltlaeden.de\/hofheim\/fairer-handel\/"},{"@type":"ListItem","position":3,"name":"Handelspartner:innen"}]},{"@type":"WebSite","@id":"https:\/\/weltlaeden.de\/hofheim\/#website","url":"https:\/\/weltlaeden.de\/hofheim\/","name":"Vorlage","description":"Faire Produkte seit 1981","potentialAction":[{"@type":"SearchAction","target":{"@type":"EntryPoint","urlTemplate":"https:\/\/weltlaeden.de\/hofheim\/?s={search_term_string}"},"query-input":{"@type":"PropertyValueSpecification","valueRequired":true,"valueName":"search_term_string"}}],"inLanguage":"de"}]}},"_links":{"self":[{"href":"https:\/\/weltlaeden.de\/hofheim\/wp-json\/wp\/v2\/pages\/4936","targetHints":{"allow":["GET"]}}],"collection":[{"href":"https:\/\/weltlaeden.de\/hofheim\/wp-json\/wp\/v2\/pages"}],"about":[{"href":"https:\/\/weltlaeden.de\/hofheim\/wp-json\/wp\/v2\/types\/page"}],"author":[{"embeddable":true,"href":"https:\/\/weltlaeden.de\/hofheim\/wp-json\/wp\/v2\/users\/93"}],"replies":[{"embeddable":true,"href":"https:\/\/weltlaeden.de\/hofheim\/wp-json\/wp\/v2\/comments?post=4936"}],"version-history":[{"count":23,"href":"https:\/\/weltlaeden.de\/hofheim\/wp-json\/wp\/v2\/pages\/4936\/revisions"}],"predecessor-version":[{"id":8604,"href":"https:\/\/weltlaeden.de\/hofheim\/wp-json\/wp\/v2\/pages\/4936\/revisions\/8604"}],"up":[{"embeddable":true,"href":"https:\/\/weltlaeden.de\/hofheim\/wp-json\/wp\/v2\/pages\/218"}],"wp:attachment":[{"href":"https:\/\/weltlaeden.de\/hofheim\/wp-json\/wp\/v2\/media?parent=4936"}],"curies":[{"name":"wp","href":"https:\/\/api.w.org\/{rel}","templated":true}]}}