{"id":4681,"date":"2022-02-10T18:11:17","date_gmt":"2022-02-10T17:11:17","guid":{"rendered":"https:\/\/weltlaeden.de\/hofheim\/?page_id=4681"},"modified":"2026-02-08T18:36:12","modified_gmt":"2026-02-08T17:36:12","slug":"spendenprojekte","status":"publish","type":"page","link":"https:\/\/weltlaeden.de\/hofheim\/spendenprojekte\/","title":{"rendered":"Spendenprojekte"},"content":{"rendered":"<div class=\"wpb-content-wrapper\"><p>[vc_row][vc_column]<div class=\"wl_einzelbild\"><p><\/p>\n<div id=\"attachment_7601\" style=\"width: 1034px\" class=\"wp-caption alignnone\"><img loading=\"lazy\" decoding=\"async\" aria-describedby=\"caption-attachment-7601\" class=\"size-large wp-image-7601\" src=\"https:\/\/weltlaeden.de\/hofheim\/wp-content\/uploads\/sites\/63\/2024\/07\/money-1024x683.jpg\" alt=\"Der gemeinn\u00fctzige Verein Faire Welt e.V. unterst\u00fctzt seit vielen Jahren kleine Spendenprojekte zur Verbesserung der Lebensbedingungen von Menschen in den L\u00e4ndern des globalen S\u00fcdens. Helfen Sie uns dabei mit Ihrer Spende!\" width=\"1024\" height=\"683\" srcset=\"https:\/\/weltlaeden.de\/hofheim\/wp-content\/uploads\/sites\/63\/2024\/07\/money-1024x683.jpg 1024w, https:\/\/weltlaeden.de\/hofheim\/wp-content\/uploads\/sites\/63\/2024\/07\/money-300x200.jpg 300w, https:\/\/weltlaeden.de\/hofheim\/wp-content\/uploads\/sites\/63\/2024\/07\/money-768x512.jpg 768w, https:\/\/weltlaeden.de\/hofheim\/wp-content\/uploads\/sites\/63\/2024\/07\/money-1536x1024.jpg 1536w, https:\/\/weltlaeden.de\/hofheim\/wp-content\/uploads\/sites\/63\/2024\/07\/money.jpg 1920w\" sizes=\"auto, (max-width: 1024px) 100vw, 1024px\" \/><p id=\"caption-attachment-7601\" class=\"wp-caption-text\">Foto: Bru-nO auf Pixabay<\/p><\/div>\n<p><\/p><\/div>[\/vc_column][\/vc_row][vc_row][vc_column][vc_empty_space height=&#8220;10px&#8220;][\/vc_column][\/vc_row][vc_row][vc_column][vc_column_text css=&#8220;&#8220;]<\/p>\n<h1>\u00dcber unsere Spendenprojekte<\/h1>\n<p>Der gemeinn\u00fctzige Verein Faire Welt e.V. unterst\u00fctzt seit vielen Jahren mit dem Gewinn aus den Hofheimer Weltladen kleine Spendenprojekte zur Verbesserung der Lebensbedingungen von Menschen in den L\u00e4ndern des globalen S\u00fcdens. Im Turnus von 2 Jahren w\u00e4hlen die Vereinsmitglieder gemeinsam ein soziales Projekt, das in den folgenden Jahren finanziell unterst\u00fctzt wird. Wir orientieren uns bei der Auswahl stets am Prinzip \u201eHilfe zur Selbsthilfe\u201c. Die Projekte sind sehr nah an den Bed\u00fcrfnissen der Menschen vor Ort und sind klein. Zu klein, um von gro\u00dfen Organisationen, die sich mit internationaler Zusammenarbeit befassen, unterst\u00fctzt zu werden. Private Spenden sind zus\u00e4tzlich zu der Unterst\u00fctzung durch den Hofheimer Weltladen sehr willkommen![\/vc_column_text][\/vc_column][\/vc_row][vc_row][vc_column][vc_empty_space height=&#8220;10px&#8220;][\/vc_column][\/vc_row][vc_row][vc_column][vc_column_text]<\/p>\n<h1>Spendenkonto<\/h1>\n<p>Faire Welt e.V.<br \/>\nFrankfurter Volksbank eG<br \/>\nIBAN: DE63 5019 0000 0026 1145 00<br \/>\nBIC: FFVBDEFF<\/p>\n<p>Wir lassen Ihnen f\u00fcr Ihre Spende unaufgefordert eine <strong>Spendenquittung<\/strong> zukommen, wenn Sie Ihre Anschrift auf der \u00dcberweisung angeben.\u00a0Dankesch\u00f6n f\u00fcr Ihre Unterst\u00fctzung![\/vc_column_text][\/vc_column][\/vc_row][vc_row][vc_column][vc_empty_space height=&#8220;10px&#8220;][\/vc_column][\/vc_row][vc_row][vc_column][vc_column_text css=&#8220;&#8220;]<\/p>\n<h1>Unsere aktuellen Projekte<\/h1>\n<p>Das Weltladen-Team f\u00f6rdert mit Ihren Spenden und den Erl\u00f6sen aus dem Weltladen aktuell das folgende Projekt:[\/vc_column_text][vc_row_inner][vc_column_inner width=&#8220;1\/3&#8243;]<div class=\"wl_einzelbild\"><p><\/p>\n<div id=\"attachment_6935\" style=\"width: 310px\" class=\"wp-caption alignleft\"><img loading=\"lazy\" decoding=\"async\" aria-describedby=\"caption-attachment-6935\" class=\"wp-image-6935 size-medium\" src=\"https:\/\/weltlaeden.de\/hofheim\/wp-content\/uploads\/sites\/63\/2023\/11\/plantation-scaled-1-300x225.jpg\" alt=\"Junge Frauen und M\u00e4nner pflanzen Olivenb\u00e4ume.\" width=\"300\" height=\"225\" srcset=\"https:\/\/weltlaeden.de\/hofheim\/wp-content\/uploads\/sites\/63\/2023\/11\/plantation-scaled-1-300x225.jpg 300w, https:\/\/weltlaeden.de\/hofheim\/wp-content\/uploads\/sites\/63\/2023\/11\/plantation-scaled-1-1024x768.jpg 1024w, https:\/\/weltlaeden.de\/hofheim\/wp-content\/uploads\/sites\/63\/2023\/11\/plantation-scaled-1-768x576.jpg 768w, https:\/\/weltlaeden.de\/hofheim\/wp-content\/uploads\/sites\/63\/2023\/11\/plantation-scaled-1-1536x1152.jpg 1536w, https:\/\/weltlaeden.de\/hofheim\/wp-content\/uploads\/sites\/63\/2023\/11\/plantation-scaled-1.jpg 1707w\" sizes=\"auto, (max-width: 300px) 100vw, 300px\" \/><p id=\"caption-attachment-6935\" class=\"wp-caption-text\">Foto: \u00a9 Sustainability Week Pakistan<\/p><\/div>\n<p><\/p><\/div>[\/vc_column_inner][vc_column_inner width=&#8220;2\/3&#8243;][vc_column_text css=&#8220;.vc_custom_1702332437967{background-color: #ffffff !important;border-radius: 2px !important;}&#8220;]<\/p>\n<h2>PAKISTAN &#8211; Zukunft durch Olivenanbau: Existenzsicherung und Klimaschutz<\/h2>\n<p>Ziel dieses Projektes ist die Verringerung der Auswirkungen des Klimawandels und die F\u00f6rderung der lokalen Wirtschaft durch Anpflanzung und Veredelung von Olivenb\u00e4umen in Dherai, Region Peschewar. Unterst\u00fctzen Sie\u00a0die Aktivit\u00e4ten junger Pakistani f\u00fcr den Klimaschutz und die Existenzsicherung der Menschen in Dherai.<br \/>\n<a href=\"https:\/\/weltlaeden.de\/hofheim\/spendenprojekte\/pakistan-zukunft-durch-olivenanbau\/\" target=\"_blank\" rel=\"noopener\">\u27a1\ufe0f Erfahren Sie mehr&#8230;<\/a>[\/vc_column_text][\/vc_column_inner][\/vc_row_inner][vc_empty_space height=&#8220;10px&#8220;][\/vc_column][\/vc_row][vc_row][vc_column]<div class=\"wl_einzelbild\"><p>\u00a0<\/p><\/div>[vc_column_text]<\/p>\n<h1 class=\"wpb_text_column wpb_content_element \">Seit 2010 gef\u00f6rderte Projekte<\/h1>\n<p>[\/vc_column_text][vc_row_inner][vc_column_inner width=&#8220;1\/3&#8243;]<div class=\"wl_einzelbild\"><p><\/p>\n<div id=\"attachment_6922\" style=\"width: 310px\" class=\"wp-caption alignleft\"><img loading=\"lazy\" decoding=\"async\" aria-describedby=\"caption-attachment-6922\" class=\"wp-image-6922 size-medium\" src=\"https:\/\/weltlaeden.de\/hofheim\/wp-content\/uploads\/sites\/63\/2023\/11\/Namibia-Kindergruppe-am-Tisch-300x200.jpg\" alt=\"Eine Kindergruppe am Tisch im Kinderheim Maltah\u00f6he in Namibia.\" width=\"300\" height=\"200\" srcset=\"https:\/\/weltlaeden.de\/hofheim\/wp-content\/uploads\/sites\/63\/2023\/11\/Namibia-Kindergruppe-am-Tisch-300x200.jpg 300w, https:\/\/weltlaeden.de\/hofheim\/wp-content\/uploads\/sites\/63\/2023\/11\/Namibia-Kindergruppe-am-Tisch-1024x683.jpg 1024w, https:\/\/weltlaeden.de\/hofheim\/wp-content\/uploads\/sites\/63\/2023\/11\/Namibia-Kindergruppe-am-Tisch-768x512.jpg 768w, https:\/\/weltlaeden.de\/hofheim\/wp-content\/uploads\/sites\/63\/2023\/11\/Namibia-Kindergruppe-am-Tisch-1536x1024.jpg 1536w, https:\/\/weltlaeden.de\/hofheim\/wp-content\/uploads\/sites\/63\/2023\/11\/Namibia-Kindergruppe-am-Tisch.jpg 1920w\" sizes=\"auto, (max-width: 300px) 100vw, 300px\" \/><p id=\"caption-attachment-6922\" class=\"wp-caption-text\">Foto: \u00a9 CommonWaters Namseb<\/p><\/div>\n<p><\/p><\/div>[\/vc_column_inner][vc_column_inner width=&#8220;2\/3&#8243;][vc_column_text css=&#8220;.vc_custom_1770571938759{background-color: #ffffff !important;border-radius: 2px !important;}&#8220;]<\/p>\n<h2>NAMIBIA \u2013 Bildung f\u00fcr Kinder der Nama (2023 bis 2025)<\/h2>\n<p>Durch die Anschaffung von B\u00fcchern sollen Kinder der Nama im Kinderheim Maltah\u00f6he die Chance auf eine selbst\u00e4ndige, bessere Zukunft erhalten. Unterst\u00fctzen Sie die Kinder beim Lernen, um den Teufelskreis aus Armut und fehlenden Bildungschancen zu durchbrechen.<br \/>\n<a href=\"https:\/\/weltlaeden.de\/hofheim\/spendenprojekte\/namibia-bildung-fuer-kinder-der-nama\/\" target=\"_blank\" rel=\"noopener\">\u27a1\ufe0f Lernen Sie das Projekt kennen&#8230;<\/a>[\/vc_column_text][\/vc_column_inner][\/vc_row_inner][vc_row_inner][vc_column_inner width=&#8220;1\/3&#8243;]<div class=\"wl_einzelbild\"><p><\/p>\n<div id=\"attachment_3741\" style=\"width: 310px\" class=\"wp-caption alignleft\"><img loading=\"lazy\" decoding=\"async\" aria-describedby=\"caption-attachment-3741\" class=\"wp-image-3741 size-medium\" src=\"https:\/\/weltlaeden.de\/hofheim\/wp-content\/uploads\/sites\/63\/2021\/08\/seed-harvesting-elders-wfd--300x200.jpg\" alt=\"\" width=\"300\" height=\"200\" srcset=\"https:\/\/weltlaeden.de\/hofheim\/wp-content\/uploads\/sites\/63\/2021\/08\/seed-harvesting-elders-wfd--300x200.jpg 300w, https:\/\/weltlaeden.de\/hofheim\/wp-content\/uploads\/sites\/63\/2021\/08\/seed-harvesting-elders-wfd--768x512.jpg 768w, https:\/\/weltlaeden.de\/hofheim\/wp-content\/uploads\/sites\/63\/2021\/08\/seed-harvesting-elders-wfd--1024x683.jpg 1024w, https:\/\/weltlaeden.de\/hofheim\/wp-content\/uploads\/sites\/63\/2021\/08\/seed-harvesting-elders-wfd-.jpg 1920w\" sizes=\"auto, (max-width: 300px) 100vw, 300px\" \/><p id=\"caption-attachment-3741\" class=\"wp-caption-text\">Foto: \u00a9 Tsuro<\/p><\/div>\n<p><\/p><\/div>[\/vc_column_inner][vc_column_inner width=&#8220;2\/3&#8243;][vc_column_text css=&#8220;.vc_custom_1702332420439{background-color: #ffffff !important;border-radius: 2px !important;}&#8220;]<\/p>\n<h2>SIMBABWE \u2013 nachhaltige Nutzung von Ressourcen\u00a0(2021 &amp; 2022)<\/h2>\n<p>Die einstige Kornkammer Afrikas ist heute auf Nahrungsmittelhilfe angewiesen. Eine Vereinigung von Kleinbauernfamilien wirkt dem Klimawandel entgegen, um ihre Nahrungsmittelproduktion zu sichern.<br \/>\n<a href=\"https:\/\/weltlaeden.de\/hofheim\/spendenprojekte\/simbabwe-nachhaltige-nutzung-von-ressourcen\/\" target=\"_blank\" rel=\"noopener\">\u27a1\ufe0f Weiterlesen&#8230;<\/a>[\/vc_column_text][\/vc_column_inner][\/vc_row_inner][vc_row_inner][vc_column_inner width=&#8220;1\/3&#8243;]<div class=\"wl_einzelbild\"><p><\/p>\n<div id=\"attachment_6193\" style=\"width: 310px\" class=\"wp-caption alignleft\"><img loading=\"lazy\" decoding=\"async\" aria-describedby=\"caption-attachment-6193\" class=\"size-medium wp-image-6193\" src=\"https:\/\/weltlaeden.de\/hofheim\/wp-content\/uploads\/sites\/63\/2023\/01\/hayag_residential_care_project_img_0458-300x200.jpg\" alt=\"\" width=\"300\" height=\"200\" srcset=\"https:\/\/weltlaeden.de\/hofheim\/wp-content\/uploads\/sites\/63\/2023\/01\/hayag_residential_care_project_img_0458-300x200.jpg 300w, https:\/\/weltlaeden.de\/hofheim\/wp-content\/uploads\/sites\/63\/2023\/01\/hayag_residential_care_project_img_0458-1024x683.jpg 1024w, https:\/\/weltlaeden.de\/hofheim\/wp-content\/uploads\/sites\/63\/2023\/01\/hayag_residential_care_project_img_0458-768x512.jpg 768w, https:\/\/weltlaeden.de\/hofheim\/wp-content\/uploads\/sites\/63\/2023\/01\/hayag_residential_care_project_img_0458-1536x1024.jpg 1536w, https:\/\/weltlaeden.de\/hofheim\/wp-content\/uploads\/sites\/63\/2023\/01\/hayag_residential_care_project_img_0458-scaled.jpg 2048w\" sizes=\"auto, (max-width: 300px) 100vw, 300px\" \/><p id=\"caption-attachment-6193\" class=\"wp-caption-text\">Foto: Hayag International e.V.<\/p><\/div>\n<p><\/p><\/div>[\/vc_column_inner][vc_column_inner width=&#8220;2\/3&#8243;][vc_column_text css=&#8220;.vc_custom_1702332406377{background-color: #ffffff !important;border-radius: 2px !important;}&#8220;]<\/p>\n<h2>HAYAG\u00a0\u2013 F\u00fcr eine bessere Welt \u2013 Bildung gegen Armut (2019 &amp; 2020)<\/h2>\n<p>\u201eHAYAG\u201c ist ein Kinder-Hilfsprojekt in den Slums von Cebu City, der zweitgr\u00f6\u00dften Stadt der Philippinen. Die Idee zu HAYAG entstand 2003\/04 in Cebu City.<br \/>\n<a href=\"https:\/\/weltlaeden.de\/hofheim\/spendenprojekte\/hayag-fuer-eine-bessere-welt\/\" target=\"_blank\" rel=\"noopener\">\u27a1\ufe0f Erfahren Sie mehr\u2026<\/a>[\/vc_column_text][\/vc_column_inner][\/vc_row_inner][vc_empty_space height=&#8220;10px&#8220;][vc_row_inner][vc_column_inner width=&#8220;1\/3&#8243;]<div class=\"wl_einzelbild\"><p><\/p>\n<div id=\"attachment_3506\" style=\"width: 310px\" class=\"wp-caption alignleft\"><img loading=\"lazy\" decoding=\"async\" aria-describedby=\"caption-attachment-3506\" class=\"size-medium wp-image-3506\" src=\"https:\/\/weltlaeden.de\/hofheim\/wp-content\/uploads\/sites\/63\/2021\/07\/yakprogramm_tibet-300x212.jpg\" alt=\"\" width=\"300\" height=\"212\" srcset=\"https:\/\/weltlaeden.de\/hofheim\/wp-content\/uploads\/sites\/63\/2021\/07\/yakprogramm_tibet-300x212.jpg 300w, https:\/\/weltlaeden.de\/hofheim\/wp-content\/uploads\/sites\/63\/2021\/07\/yakprogramm_tibet-768x542.jpg 768w, https:\/\/weltlaeden.de\/hofheim\/wp-content\/uploads\/sites\/63\/2021\/07\/yakprogramm_tibet.jpg 1004w\" sizes=\"auto, (max-width: 300px) 100vw, 300px\" \/><p id=\"caption-attachment-3506\" class=\"wp-caption-text\">Foto: Nomadenhilfe e.V.<\/p><\/div>\n<p><\/p><\/div>[\/vc_column_inner][vc_column_inner width=&#8220;2\/3&#8243;][vc_column_text css=&#8220;.vc_custom_1702342225113{background-color: #ffffff !important;border-radius: 2px !important;}&#8220;]<\/p>\n<h2>YAKPROGRAMM \u2013 Hilfe f\u00fcr Nomadenfrauen in Tibet (2017 &amp; 2018)<\/h2>\n<p>Alleinstehende M\u00fctter leben in Tibet h\u00e4ufig in Armut, Einsamkeit und ohne soziale Absicherung. Gemeinsam mit dem Verein Nomadenhilfe e.V. stellen wir den Frauen Yaks zur Verf\u00fcgung, damit sie sich und ihre Kinder versorgen und eine kleine Existenz aufbauen k\u00f6nnen.<br \/>\n<a href=\"https:\/\/weltlaeden.de\/hofheim\/spendenprojekte\/yakprogramm\/\" target=\"_blank\" rel=\"noopener\">\u27a1\ufe0f Eine Entdeckungsreise\u2026<\/a>[\/vc_column_text][\/vc_column_inner][\/vc_row_inner][vc_empty_space height=&#8220;10px&#8220;][vc_row_inner][vc_column_inner width=&#8220;1\/3&#8243;]<div class=\"wl_einzelbild\"><p><img loading=\"lazy\" decoding=\"async\" class=\"alignleft size-medium wp-image-3503\" src=\"https:\/\/weltlaeden.de\/hofheim\/wp-content\/uploads\/sites\/63\/2021\/07\/baeume_fuer_longoi_700x325-300x139.jpg\" alt=\"\" width=\"300\" height=\"139\" srcset=\"https:\/\/weltlaeden.de\/hofheim\/wp-content\/uploads\/sites\/63\/2021\/07\/baeume_fuer_longoi_700x325-300x139.jpg 300w, https:\/\/weltlaeden.de\/hofheim\/wp-content\/uploads\/sites\/63\/2021\/07\/baeume_fuer_longoi_700x325.jpg 700w\" sizes=\"auto, (max-width: 300px) 100vw, 300px\" \/><\/p><\/div>[\/vc_column_inner][vc_column_inner width=&#8220;2\/3&#8243;][vc_column_text css=&#8220;.vc_custom_1702332502801{background-color: #ffffff !important;border-radius: 2px !important;}&#8220;]<\/p>\n<h2>B\u00c4UME F\u00dcR LONGOI \u2013 Ein Wasser-Wald-Projekt in Tanzania (2015 &amp; 2016)<\/h2>\n<p>Im Dorf Longoi (ca. 3.000 Einwohner) in den Usambara Bergen im Nord-Osten Tansanias sollen durch die Pflanzung von B\u00e4umen die nat\u00fcrlichen Wasserkreisl\u00e4ufe wiederhergestellt werden.<br \/>\n<a href=\"https:\/\/weltlaeden.de\/hofheim\/spendenprojekte\/baeume-fuer-longoi\/\" target=\"_blank\" rel=\"noopener\">\u27a1\ufe0f Weiterlesen\u2026<\/a>[\/vc_column_text][\/vc_column_inner][\/vc_row_inner][vc_empty_space height=&#8220;10px&#8220;][vc_row_inner][vc_column_inner width=&#8220;1\/3&#8243;]<div class=\"wl_einzelbild\"><p><img loading=\"lazy\" decoding=\"async\" class=\"alignleft size-medium wp-image-3495\" src=\"https:\/\/weltlaeden.de\/hofheim\/wp-content\/uploads\/sites\/63\/2021\/07\/schenke_eine_ziege_1-300x143.jpg\" alt=\"\" width=\"300\" height=\"143\" srcset=\"https:\/\/weltlaeden.de\/hofheim\/wp-content\/uploads\/sites\/63\/2021\/07\/schenke_eine_ziege_1-300x143.jpg 300w, https:\/\/weltlaeden.de\/hofheim\/wp-content\/uploads\/sites\/63\/2021\/07\/schenke_eine_ziege_1.jpg 700w\" sizes=\"auto, (max-width: 300px) 100vw, 300px\" \/><\/p><\/div>[\/vc_column_inner][vc_column_inner width=&#8220;2\/3&#8243;][vc_column_text css=&#8220;.vc_custom_1702332527675{background-color: #ffffff !important;border-radius: 2px !important;}&#8220;]<\/p>\n<h2>SCHENKE EINE ZIEGE (2012 &#8211; 2014)<\/h2>\n<p>Das ganzheitliche Konzept des Vereins \u201eSchenke eine Ziege e.V.\u201c verf\u00e4hrt nach dem Prinzip \u201eHilfe zur Selbsthilfe\u201c. Warum Familien im S\u00fcdwesten Ugandas eine tr\u00e4chtige Ziege erhalten?<br \/>\n<a href=\"https:\/\/weltlaeden.de\/hofheim\/schenke-eine-ziege\/\" target=\"_blank\" rel=\"noopener\">\u27a1\ufe0f Erfahren Sie mehr\u2026<\/a>[\/vc_column_text][\/vc_column_inner][\/vc_row_inner][vc_empty_space height=&#8220;10px&#8220;][vc_row_inner][vc_column_inner width=&#8220;1\/3&#8243;]<div class=\"wl_einzelbild\"><p><img loading=\"lazy\" decoding=\"async\" class=\"alignleft size-medium wp-image-3486\" src=\"https:\/\/weltlaeden.de\/hofheim\/wp-content\/uploads\/sites\/63\/2021\/07\/kwa_wazee_2-300x100.jpg\" alt=\"\" width=\"300\" height=\"100\" srcset=\"https:\/\/weltlaeden.de\/hofheim\/wp-content\/uploads\/sites\/63\/2021\/07\/kwa_wazee_2-300x100.jpg 300w, https:\/\/weltlaeden.de\/hofheim\/wp-content\/uploads\/sites\/63\/2021\/07\/kwa_wazee_2-768x257.jpg 768w, https:\/\/weltlaeden.de\/hofheim\/wp-content\/uploads\/sites\/63\/2021\/07\/kwa_wazee_2-1024x343.jpg 1024w, https:\/\/weltlaeden.de\/hofheim\/wp-content\/uploads\/sites\/63\/2021\/07\/kwa_wazee_2.jpg 1100w\" sizes=\"auto, (max-width: 300px) 100vw, 300px\" \/><\/p><\/div>[\/vc_column_inner][vc_column_inner width=&#8220;2\/3&#8243;][vc_column_text css=&#8220;.vc_custom_1702332548938{background-color: #ffffff !important;border-radius: 2px !important;}&#8220;]<\/p>\n<h2>KWA WAZEE (2010 &amp; 2011)<\/h2>\n<p>Dieses Spendenprojekt f\u00fchrte uns nach Tansania. Von extremer Armut betroffene Gro\u00dfm\u00fctter und ihre Enkel erhalten durch \u201eKwa Wazee\u201c eine Rente und damit eine neue wirtschaftliche Perspektive.<br \/>\n<a href=\"https:\/\/weltlaeden.de\/hofheim\/spendenprojekte\/kwa-wazee\/\" target=\"_blank\" rel=\"noopener\">\u27a1\ufe0f Gehen Sie auf Entdeckungsreise\u2026<\/a>[\/vc_column_text][\/vc_column_inner][\/vc_row_inner][vc_empty_space height=&#8220;10px&#8220;][\/vc_column][\/vc_row][vc_column][\/vc_column][vc_column_inner width=&#8220;1\/3&#8243;][\/vc_column_inner][vc_column_inner width=&#8220;2\/3&#8243;][\/vc_column_inner]<\/p>\n<\/div>","protected":false},"excerpt":{"rendered":"<p>[vc_row][vc_column][\/vc_column][\/vc_row][vc_row][vc_column][vc_empty_space height=&#8220;10px&#8220;][\/vc_column][\/vc_row][vc_row][vc_column][vc_column_text css=&#8220;&#8220;] \u00dcber unsere Spendenprojekte Der gemeinn\u00fctzige Verein Faire Welt e.V. unterst\u00fctzt seit vielen Jahren mit dem Gewinn aus den Hofheimer Weltladen kleine Spendenprojekte zur Verbesserung der Lebensbedingungen von Menschen in den L\u00e4ndern des globalen S\u00fcdens. Im Turnus von 2 Jahren w\u00e4hlen die Vereinsmitglieder gemeinsam ein soziales Projekt, das in den folgenden Jahren finanziell&hellip;<\/p>\n","protected":false},"author":93,"featured_media":0,"parent":0,"menu_order":12,"comment_status":"closed","ping_status":"closed","template":"","meta":{"footnotes":""},"class_list":["post-4681","page","type-page","status-publish","hentry","description-off"],"yoast_head":"<!-- This site is optimized with the Yoast SEO plugin v26.8 - https:\/\/yoast.com\/product\/yoast-seo-wordpress\/ -->\n<title>Spendenprojekte - Weltladen Hofheim<\/title>\n<meta name=\"robots\" content=\"index, follow, max-snippet:-1, max-image-preview:large, max-video-preview:-1\" \/>\n<link rel=\"canonical\" href=\"https:\/\/weltlaeden.de\/hofheim\/spendenprojekte\/\" \/>\n<meta property=\"og:locale\" content=\"de_DE\" \/>\n<meta property=\"og:type\" content=\"article\" \/>\n<meta property=\"og:title\" content=\"Spendenprojekte - Weltladen Hofheim\" \/>\n<meta property=\"og:description\" content=\"[vc_row][vc_column][\/vc_column][\/vc_row][vc_row][vc_column][vc_empty_space height=&#8220;10px&#8220;][\/vc_column][\/vc_row][vc_row][vc_column][vc_column_text css=&#8220;&#8220;] \u00dcber unsere Spendenprojekte Der gemeinn\u00fctzige Verein Faire Welt e.V. unterst\u00fctzt seit vielen Jahren mit dem Gewinn aus den Hofheimer Weltladen kleine Spendenprojekte zur Verbesserung der Lebensbedingungen von Menschen in den L\u00e4ndern des globalen S\u00fcdens. Im Turnus von 2 Jahren w\u00e4hlen die Vereinsmitglieder gemeinsam ein soziales Projekt, das in den folgenden Jahren finanziell&hellip;\" \/>\n<meta property=\"og:url\" content=\"https:\/\/weltlaeden.de\/hofheim\/spendenprojekte\/\" \/>\n<meta property=\"og:site_name\" content=\"Weltladen Hofheim\" \/>\n<meta property=\"article:modified_time\" content=\"2026-02-08T17:36:12+00:00\" \/>\n<meta property=\"og:image\" content=\"https:\/\/weltlaeden.de\/hofheim\/wp-content\/uploads\/sites\/63\/2024\/07\/money.jpg\" \/>\n\t<meta property=\"og:image:width\" content=\"1920\" \/>\n\t<meta property=\"og:image:height\" content=\"1280\" \/>\n\t<meta property=\"og:image:type\" content=\"image\/jpeg\" \/>\n<meta name=\"twitter:card\" content=\"summary_large_image\" \/>\n<meta name=\"twitter:label1\" content=\"Gesch\u00e4tzte Lesezeit\" \/>\n\t<meta name=\"twitter:data1\" content=\"6\u00a0Minuten\" \/>\n<script type=\"application\/ld+json\" class=\"yoast-schema-graph\">{\"@context\":\"https:\/\/schema.org\",\"@graph\":[{\"@type\":\"WebPage\",\"@id\":\"https:\/\/weltlaeden.de\/hofheim\/spendenprojekte\/\",\"url\":\"https:\/\/weltlaeden.de\/hofheim\/spendenprojekte\/\",\"name\":\"Spendenprojekte - Weltladen Hofheim\",\"isPartOf\":{\"@id\":\"https:\/\/weltlaeden.de\/hofheim\/#website\"},\"primaryImageOfPage\":{\"@id\":\"https:\/\/weltlaeden.de\/hofheim\/spendenprojekte\/#primaryimage\"},\"image\":{\"@id\":\"https:\/\/weltlaeden.de\/hofheim\/spendenprojekte\/#primaryimage\"},\"thumbnailUrl\":\"https:\/\/weltlaeden.de\/hofheim\/wp-content\/uploads\/sites\/63\/2024\/07\/money-1024x683.jpg\",\"datePublished\":\"2022-02-10T17:11:17+00:00\",\"dateModified\":\"2026-02-08T17:36:12+00:00\",\"breadcrumb\":{\"@id\":\"https:\/\/weltlaeden.de\/hofheim\/spendenprojekte\/#breadcrumb\"},\"inLanguage\":\"de\",\"potentialAction\":[{\"@type\":\"ReadAction\",\"target\":[\"https:\/\/weltlaeden.de\/hofheim\/spendenprojekte\/\"]}]},{\"@type\":\"ImageObject\",\"inLanguage\":\"de\",\"@id\":\"https:\/\/weltlaeden.de\/hofheim\/spendenprojekte\/#primaryimage\",\"url\":\"https:\/\/weltlaeden.de\/hofheim\/wp-content\/uploads\/sites\/63\/2024\/07\/money.jpg\",\"contentUrl\":\"https:\/\/weltlaeden.de\/hofheim\/wp-content\/uploads\/sites\/63\/2024\/07\/money.jpg\",\"width\":1920,\"height\":1280,\"caption\":\"Foto: Bru-nO auf Pixabay\"},{\"@type\":\"BreadcrumbList\",\"@id\":\"https:\/\/weltlaeden.de\/hofheim\/spendenprojekte\/#breadcrumb\",\"itemListElement\":[{\"@type\":\"ListItem\",\"position\":1,\"name\":\"Startseite\",\"item\":\"https:\/\/weltlaeden.de\/hofheim\/\"},{\"@type\":\"ListItem\",\"position\":2,\"name\":\"Spendenprojekte\"}]},{\"@type\":\"WebSite\",\"@id\":\"https:\/\/weltlaeden.de\/hofheim\/#website\",\"url\":\"https:\/\/weltlaeden.de\/hofheim\/\",\"name\":\"Vorlage\",\"description\":\"Faire Produkte seit 1981\",\"potentialAction\":[{\"@type\":\"SearchAction\",\"target\":{\"@type\":\"EntryPoint\",\"urlTemplate\":\"https:\/\/weltlaeden.de\/hofheim\/?s={search_term_string}\"},\"query-input\":{\"@type\":\"PropertyValueSpecification\",\"valueRequired\":true,\"valueName\":\"search_term_string\"}}],\"inLanguage\":\"de\"}]}<\/script>\n<!-- \/ Yoast SEO plugin. -->","yoast_head_json":{"title":"Spendenprojekte - Weltladen Hofheim","robots":{"index":"index","follow":"follow","max-snippet":"max-snippet:-1","max-image-preview":"max-image-preview:large","max-video-preview":"max-video-preview:-1"},"canonical":"https:\/\/weltlaeden.de\/hofheim\/spendenprojekte\/","og_locale":"de_DE","og_type":"article","og_title":"Spendenprojekte - Weltladen Hofheim","og_description":"[vc_row][vc_column][\/vc_column][\/vc_row][vc_row][vc_column][vc_empty_space height=&#8220;10px&#8220;][\/vc_column][\/vc_row][vc_row][vc_column][vc_column_text css=&#8220;&#8220;] \u00dcber unsere Spendenprojekte Der gemeinn\u00fctzige Verein Faire Welt e.V. unterst\u00fctzt seit vielen Jahren mit dem Gewinn aus den Hofheimer Weltladen kleine Spendenprojekte zur Verbesserung der Lebensbedingungen von Menschen in den L\u00e4ndern des globalen S\u00fcdens. Im Turnus von 2 Jahren w\u00e4hlen die Vereinsmitglieder gemeinsam ein soziales Projekt, das in den folgenden Jahren finanziell&hellip;","og_url":"https:\/\/weltlaeden.de\/hofheim\/spendenprojekte\/","og_site_name":"Weltladen Hofheim","article_modified_time":"2026-02-08T17:36:12+00:00","og_image":[{"width":1920,"height":1280,"url":"https:\/\/weltlaeden.de\/hofheim\/wp-content\/uploads\/sites\/63\/2024\/07\/money.jpg","type":"image\/jpeg"}],"twitter_card":"summary_large_image","twitter_misc":{"Gesch\u00e4tzte Lesezeit":"6\u00a0Minuten"},"schema":{"@context":"https:\/\/schema.org","@graph":[{"@type":"WebPage","@id":"https:\/\/weltlaeden.de\/hofheim\/spendenprojekte\/","url":"https:\/\/weltlaeden.de\/hofheim\/spendenprojekte\/","name":"Spendenprojekte - Weltladen Hofheim","isPartOf":{"@id":"https:\/\/weltlaeden.de\/hofheim\/#website"},"primaryImageOfPage":{"@id":"https:\/\/weltlaeden.de\/hofheim\/spendenprojekte\/#primaryimage"},"image":{"@id":"https:\/\/weltlaeden.de\/hofheim\/spendenprojekte\/#primaryimage"},"thumbnailUrl":"https:\/\/weltlaeden.de\/hofheim\/wp-content\/uploads\/sites\/63\/2024\/07\/money-1024x683.jpg","datePublished":"2022-02-10T17:11:17+00:00","dateModified":"2026-02-08T17:36:12+00:00","breadcrumb":{"@id":"https:\/\/weltlaeden.de\/hofheim\/spendenprojekte\/#breadcrumb"},"inLanguage":"de","potentialAction":[{"@type":"ReadAction","target":["https:\/\/weltlaeden.de\/hofheim\/spendenprojekte\/"]}]},{"@type":"ImageObject","inLanguage":"de","@id":"https:\/\/weltlaeden.de\/hofheim\/spendenprojekte\/#primaryimage","url":"https:\/\/weltlaeden.de\/hofheim\/wp-content\/uploads\/sites\/63\/2024\/07\/money.jpg","contentUrl":"https:\/\/weltlaeden.de\/hofheim\/wp-content\/uploads\/sites\/63\/2024\/07\/money.jpg","width":1920,"height":1280,"caption":"Foto: Bru-nO auf Pixabay"},{"@type":"BreadcrumbList","@id":"https:\/\/weltlaeden.de\/hofheim\/spendenprojekte\/#breadcrumb","itemListElement":[{"@type":"ListItem","position":1,"name":"Startseite","item":"https:\/\/weltlaeden.de\/hofheim\/"},{"@type":"ListItem","position":2,"name":"Spendenprojekte"}]},{"@type":"WebSite","@id":"https:\/\/weltlaeden.de\/hofheim\/#website","url":"https:\/\/weltlaeden.de\/hofheim\/","name":"Vorlage","description":"Faire Produkte seit 1981","potentialAction":[{"@type":"SearchAction","target":{"@type":"EntryPoint","urlTemplate":"https:\/\/weltlaeden.de\/hofheim\/?s={search_term_string}"},"query-input":{"@type":"PropertyValueSpecification","valueRequired":true,"valueName":"search_term_string"}}],"inLanguage":"de"}]}},"_links":{"self":[{"href":"https:\/\/weltlaeden.de\/hofheim\/wp-json\/wp\/v2\/pages\/4681","targetHints":{"allow":["GET"]}}],"collection":[{"href":"https:\/\/weltlaeden.de\/hofheim\/wp-json\/wp\/v2\/pages"}],"about":[{"href":"https:\/\/weltlaeden.de\/hofheim\/wp-json\/wp\/v2\/types\/page"}],"author":[{"embeddable":true,"href":"https:\/\/weltlaeden.de\/hofheim\/wp-json\/wp\/v2\/users\/93"}],"replies":[{"embeddable":true,"href":"https:\/\/weltlaeden.de\/hofheim\/wp-json\/wp\/v2\/comments?post=4681"}],"version-history":[{"count":94,"href":"https:\/\/weltlaeden.de\/hofheim\/wp-json\/wp\/v2\/pages\/4681\/revisions"}],"predecessor-version":[{"id":4763,"href":"https:\/\/weltlaeden.de\/hofheim\/wp-json\/wp\/v2\/pages\/4681\/revisions\/4763"}],"wp:attachment":[{"href":"https:\/\/weltlaeden.de\/hofheim\/wp-json\/wp\/v2\/media?parent=4681"}],"curies":[{"name":"wp","href":"https:\/\/api.w.org\/{rel}","templated":true}]}}