{"id":714,"date":"2024-01-04T17:16:01","date_gmt":"2024-01-04T16:16:01","guid":{"rendered":"https:\/\/weltlaeden.de\/herrieden\/?page_id=714"},"modified":"2024-02-04T23:11:16","modified_gmt":"2024-02-04T22:11:16","slug":"fairnetzung","status":"publish","type":"page","link":"https:\/\/weltlaeden.de\/herrieden\/fairnetzung\/","title":{"rendered":"FAIRnetzung"},"content":{"rendered":"<div class=\"wpb-content-wrapper\"><p>[vc_row][vc_column][\/vc_column][\/vc_row][vc_row][vc_column]<div class=\"wl_einzelbild\"><p><img loading=\"lazy\" decoding=\"async\" class=\"wp-image-841 size-full aligncenter\" src=\"https:\/\/weltlaeden.de\/herrieden\/wp-content\/uploads\/sites\/209\/2024\/02\/2023-5-12Weltladentag-e1706786047427.jpg\" alt=\"\" width=\"2048\" height=\"885\" srcset=\"https:\/\/weltlaeden.de\/herrieden\/wp-content\/uploads\/sites\/209\/2024\/02\/2023-5-12Weltladentag-e1706786047427.jpg 2048w, https:\/\/weltlaeden.de\/herrieden\/wp-content\/uploads\/sites\/209\/2024\/02\/2023-5-12Weltladentag-e1706786047427-300x130.jpg 300w, https:\/\/weltlaeden.de\/herrieden\/wp-content\/uploads\/sites\/209\/2024\/02\/2023-5-12Weltladentag-e1706786047427-1024x443.jpg 1024w, https:\/\/weltlaeden.de\/herrieden\/wp-content\/uploads\/sites\/209\/2024\/02\/2023-5-12Weltladentag-e1706786047427-768x332.jpg 768w, https:\/\/weltlaeden.de\/herrieden\/wp-content\/uploads\/sites\/209\/2024\/02\/2023-5-12Weltladentag-e1706786047427-1536x664.jpg 1536w\" sizes=\"auto, (max-width: 2048px) 100vw, 2048px\" \/><\/p><\/div>[\/vc_column][\/vc_row][vc_row][vc_column][vc_empty_space height=&#8220;20px&#8220;][vc_column_text]<\/p>\n<h1>Mitgliedschaften<\/h1>\n<p>Einen besonderen Wert legt der \u00f6kumenisch ausgerichtete Verein\u00a0 auf die Zusammenarbeit mit allen \u00f6ffentlichen, kirchlichen und privaten Organisationen sowie der Stadt Herrieden. Auch landes- und bundesweit ist der Eine Welt Verein \u00fcber verschiedene Mitgliedschaften vernetzt.[\/vc_column_text][\/vc_column][\/vc_row][vc_row][vc_column][vc_empty_space height=&#8220;20px&#8220;][vc_column_text]<\/p>\n<h2>Weltladen-Dachverband<\/h2>\n<p>Der Weltladen-Dachverband e.V. ist die bundesweite Interessenvertretung von \u00fcber 800 Weltl\u00e4den und unterst\u00fctzt die Aktionsgruppen in den Bereichen Marketing, Bildung und politische Kampagnen. Als Mitglied haben wir uns der Konvention der Weltl\u00e4den mit gemeinsamen Kriterien f\u00fcr den Fairen Handel &#8222;fair&#8220;pflichtet. Weitere Infos unter <a href=\"http:\/\/www.weltladen.de\">www.weltladen.de.<\/a>[\/vc_column_text][vc_empty_space height=&#8220;20px&#8220;][\/vc_column][\/vc_row][vc_row][vc_column][vc_empty_space height=&#8220;20px&#8220;][vc_column_text]<\/p>\n<h2>Eine-Welt-Netzwerk Bayern<\/h2>\n<p>Seit 2015 sind wir Mitglied des Eine Welt Netzwerk Bayern e.V., ein Dachverband entwicklungspolitischer Gruppen und Einrichtungen, Weltl\u00e4den und lokaler Initiativen. Das Netzwerk bietet Informationen \u00fcber die entwicklungs-politische Arbeit in Bayern und erm\u00f6glicht den gegenseitigen Erfahrungsaustausch der Mitgliedsgruppen. Weitere Infos unter <a href=\"http:\/\/www.eineweltnetzwerkbayern.de\">www.eineweltnetzwerkbayern.de.<\/a>[\/vc_column_text][vc_empty_space height=&#8220;20px&#8220;][\/vc_column][\/vc_row][vc_row][vc_column][vc_empty_space height=&#8220;20px&#8220;][vc_column_text]<\/p>\n<h2>Kampagne Fairtrade-Town<\/h2>\n<p>Der Eine Welt e.V. Herrieden gab den Ansto\u00df f\u00fcr die Auszeichnung der Stadt Herrieden im Jahr 2015 als &#8222;Fairtrade-Town&#8220;. Ziel ist es, den Fairen Handel gemeinsam mit der Bev\u00f6lkerung, mit Unternehmen und Einzelh\u00e4ndlern sowie Verantwortlichen aus der Politik zu beleben und den Eine-Welt-Gedanken in der Stadt Herrieden st\u00e4rker zu verwurzeln. Weitere Infos unter <a href=\"http:\/\/www.herrieden.de\">www.herrieden.de <\/a>und <a href=\"http:\/\/www.fairtrade-towns.de\">www.fairtrade-towns.de.<\/a>[\/vc_column_text][vc_empty_space height=&#8220;20px&#8220;][\/vc_column][\/vc_row][vc_row][vc_column][vc_empty_space height=&#8220;20px&#8220;][vc_column_text]<\/p>\n<h2>Christliche Initiative Romero<\/h2>\n<p>Die CIR ist ein unabh\u00e4ngiger Verein zur F\u00f6rderung der Entwicklungszusammenarbeit, der Fl\u00fcchtlingsarbeit und insbesondere der Verbraucherberatung rund um den Fairen Handel. Der Eine Welt e.V. Herrieden ist Mitglied und profitiert insbesondere durch Informations- und Bildungsarbeit zum Thema Kritischer Konsum und Menschenrechte. Weitere Infos unter <a href=\"http:\/\/www.ci-romero.de\">www.ci-romero.de.<\/a>[\/vc_column_text][vc_empty_space height=&#8220;20px&#8220;][\/vc_column][\/vc_row][vc_row][vc_column][vc_empty_space height=&#8220;20px&#8220;][vc_column_text]<\/p>\n<h2>INKOTA Netzwerk<\/h2>\n<p>Die Entwicklungsorganisation INKOTA unterst\u00fctzt Menschen im globalen S\u00fcden dabei, sich von Hunger und Armut zu befreien. Der Eine Welt Verein nutzt als Mitglied das umfangreiche INKOTA-Netzwerk f\u00fcr die \u00d6ffentlichkeitsarbeit. Beispielsweise wurde in Zusammenarbeit mit der Steuerungsgruppe Faire Stadt Herrieden die Wanderausstellung &#8222;Make chocolate fair&#8220; ausgeliehen und pr\u00e4sentiert. Weitere Informationen finden Sie unter <a href=\"http:\/\/www.inkota.de\">www.inkota.de.<\/a>[\/vc_column_text][vc_empty_space height=&#8220;20px&#8220;][\/vc_column][\/vc_row]<\/p>\n<\/div>","protected":false},"excerpt":{"rendered":"<p>[vc_row][vc_column][\/vc_column][\/vc_row][vc_row][vc_column][\/vc_column][\/vc_row][vc_row][vc_column][vc_empty_space height=&#8220;20px&#8220;][vc_column_text] Mitgliedschaften Einen besonderen Wert legt der \u00f6kumenisch ausgerichtete Verein\u00a0 auf die Zusammenarbeit mit allen \u00f6ffentlichen, kirchlichen und privaten Organisationen sowie der Stadt Herrieden. Auch landes- und bundesweit ist der Eine Welt Verein \u00fcber verschiedene Mitgliedschaften vernetzt.[\/vc_column_text][\/vc_column][\/vc_row][vc_row][vc_column][vc_empty_space height=&#8220;20px&#8220;][vc_column_text] Weltladen-Dachverband Der Weltladen-Dachverband e.V. ist die bundesweite Interessenvertretung von \u00fcber 800 Weltl\u00e4den und unterst\u00fctzt die Aktionsgruppen&hellip;<\/p>\n","protected":false},"author":310,"featured_media":0,"parent":0,"menu_order":8,"comment_status":"closed","ping_status":"closed","template":"","meta":{"footnotes":""},"class_list":["post-714","page","type-page","status-publish","hentry","description-off"],"yoast_head":"<!-- This site is optimized with the Yoast SEO plugin v26.8 - https:\/\/yoast.com\/product\/yoast-seo-wordpress\/ -->\n<title>FAIRnetzung - Eine Welt Verein Herrieden<\/title>\n<meta name=\"robots\" content=\"index, follow, max-snippet:-1, max-image-preview:large, max-video-preview:-1\" \/>\n<link rel=\"canonical\" href=\"https:\/\/weltlaeden.de\/herrieden\/fairnetzung\/\" \/>\n<meta property=\"og:locale\" content=\"de_DE\" \/>\n<meta property=\"og:type\" content=\"article\" \/>\n<meta property=\"og:title\" content=\"FAIRnetzung - Eine Welt Verein Herrieden\" \/>\n<meta property=\"og:description\" content=\"[vc_row][vc_column][\/vc_column][\/vc_row][vc_row][vc_column][\/vc_column][\/vc_row][vc_row][vc_column][vc_empty_space height=&#8220;20px&#8220;][vc_column_text] Mitgliedschaften Einen besonderen Wert legt der \u00f6kumenisch ausgerichtete Verein\u00a0 auf die Zusammenarbeit mit allen \u00f6ffentlichen, kirchlichen und privaten Organisationen sowie der Stadt Herrieden. Auch landes- und bundesweit ist der Eine Welt Verein \u00fcber verschiedene Mitgliedschaften vernetzt.[\/vc_column_text][\/vc_column][\/vc_row][vc_row][vc_column][vc_empty_space height=&#8220;20px&#8220;][vc_column_text] Weltladen-Dachverband Der Weltladen-Dachverband e.V. ist die bundesweite Interessenvertretung von \u00fcber 800 Weltl\u00e4den und unterst\u00fctzt die Aktionsgruppen&hellip;\" \/>\n<meta property=\"og:url\" content=\"https:\/\/weltlaeden.de\/herrieden\/fairnetzung\/\" \/>\n<meta property=\"og:site_name\" content=\"Eine Welt Verein Herrieden\" \/>\n<meta property=\"article:modified_time\" content=\"2024-02-04T22:11:16+00:00\" \/>\n<meta property=\"og:image\" content=\"https:\/\/weltlaeden.de\/herrieden\/wp-content\/uploads\/sites\/209\/2024\/02\/2023-5-12Weltladentag-e1706786047427.jpg\" \/>\n<meta name=\"twitter:card\" content=\"summary_large_image\" \/>\n<meta name=\"twitter:label1\" content=\"Gesch\u00e4tzte Lesezeit\" \/>\n\t<meta name=\"twitter:data1\" content=\"2\u00a0Minuten\" \/>\n<script type=\"application\/ld+json\" class=\"yoast-schema-graph\">{\"@context\":\"https:\/\/schema.org\",\"@graph\":[{\"@type\":\"WebPage\",\"@id\":\"https:\/\/weltlaeden.de\/herrieden\/fairnetzung\/\",\"url\":\"https:\/\/weltlaeden.de\/herrieden\/fairnetzung\/\",\"name\":\"FAIRnetzung - Eine Welt Verein Herrieden\",\"isPartOf\":{\"@id\":\"https:\/\/weltlaeden.de\/herrieden\/#website\"},\"primaryImageOfPage\":{\"@id\":\"https:\/\/weltlaeden.de\/herrieden\/fairnetzung\/#primaryimage\"},\"image\":{\"@id\":\"https:\/\/weltlaeden.de\/herrieden\/fairnetzung\/#primaryimage\"},\"thumbnailUrl\":\"https:\/\/weltlaeden.de\/herrieden\/wp-content\/uploads\/sites\/209\/2024\/02\/2023-5-12Weltladentag-e1706786047427.jpg\",\"datePublished\":\"2024-01-04T16:16:01+00:00\",\"dateModified\":\"2024-02-04T22:11:16+00:00\",\"breadcrumb\":{\"@id\":\"https:\/\/weltlaeden.de\/herrieden\/fairnetzung\/#breadcrumb\"},\"inLanguage\":\"de\",\"potentialAction\":[{\"@type\":\"ReadAction\",\"target\":[\"https:\/\/weltlaeden.de\/herrieden\/fairnetzung\/\"]}]},{\"@type\":\"ImageObject\",\"inLanguage\":\"de\",\"@id\":\"https:\/\/weltlaeden.de\/herrieden\/fairnetzung\/#primaryimage\",\"url\":\"https:\/\/weltlaeden.de\/herrieden\/wp-content\/uploads\/sites\/209\/2024\/02\/2023-5-12Weltladentag-e1706786047427.jpg\",\"contentUrl\":\"https:\/\/weltlaeden.de\/herrieden\/wp-content\/uploads\/sites\/209\/2024\/02\/2023-5-12Weltladentag-e1706786047427.jpg\",\"width\":2048,\"height\":885},{\"@type\":\"BreadcrumbList\",\"@id\":\"https:\/\/weltlaeden.de\/herrieden\/fairnetzung\/#breadcrumb\",\"itemListElement\":[{\"@type\":\"ListItem\",\"position\":1,\"name\":\"Startseite\",\"item\":\"https:\/\/weltlaeden.de\/herrieden\/\"},{\"@type\":\"ListItem\",\"position\":2,\"name\":\"FAIRnetzung\"}]},{\"@type\":\"WebSite\",\"@id\":\"https:\/\/weltlaeden.de\/herrieden\/#website\",\"url\":\"https:\/\/weltlaeden.de\/herrieden\/\",\"name\":\"Eine Welt Verein Herrieden\",\"description\":\"\",\"potentialAction\":[{\"@type\":\"SearchAction\",\"target\":{\"@type\":\"EntryPoint\",\"urlTemplate\":\"https:\/\/weltlaeden.de\/herrieden\/?s={search_term_string}\"},\"query-input\":{\"@type\":\"PropertyValueSpecification\",\"valueRequired\":true,\"valueName\":\"search_term_string\"}}],\"inLanguage\":\"de\"}]}<\/script>\n<!-- \/ Yoast SEO plugin. -->","yoast_head_json":{"title":"FAIRnetzung - Eine Welt Verein Herrieden","robots":{"index":"index","follow":"follow","max-snippet":"max-snippet:-1","max-image-preview":"max-image-preview:large","max-video-preview":"max-video-preview:-1"},"canonical":"https:\/\/weltlaeden.de\/herrieden\/fairnetzung\/","og_locale":"de_DE","og_type":"article","og_title":"FAIRnetzung - Eine Welt Verein Herrieden","og_description":"[vc_row][vc_column][\/vc_column][\/vc_row][vc_row][vc_column][\/vc_column][\/vc_row][vc_row][vc_column][vc_empty_space height=&#8220;20px&#8220;][vc_column_text] Mitgliedschaften Einen besonderen Wert legt der \u00f6kumenisch ausgerichtete Verein\u00a0 auf die Zusammenarbeit mit allen \u00f6ffentlichen, kirchlichen und privaten Organisationen sowie der Stadt Herrieden. Auch landes- und bundesweit ist der Eine Welt Verein \u00fcber verschiedene Mitgliedschaften vernetzt.[\/vc_column_text][\/vc_column][\/vc_row][vc_row][vc_column][vc_empty_space height=&#8220;20px&#8220;][vc_column_text] Weltladen-Dachverband Der Weltladen-Dachverband e.V. ist die bundesweite Interessenvertretung von \u00fcber 800 Weltl\u00e4den und unterst\u00fctzt die Aktionsgruppen&hellip;","og_url":"https:\/\/weltlaeden.de\/herrieden\/fairnetzung\/","og_site_name":"Eine Welt Verein Herrieden","article_modified_time":"2024-02-04T22:11:16+00:00","og_image":[{"url":"https:\/\/weltlaeden.de\/herrieden\/wp-content\/uploads\/sites\/209\/2024\/02\/2023-5-12Weltladentag-e1706786047427.jpg","type":"","width":"","height":""}],"twitter_card":"summary_large_image","twitter_misc":{"Gesch\u00e4tzte Lesezeit":"2\u00a0Minuten"},"schema":{"@context":"https:\/\/schema.org","@graph":[{"@type":"WebPage","@id":"https:\/\/weltlaeden.de\/herrieden\/fairnetzung\/","url":"https:\/\/weltlaeden.de\/herrieden\/fairnetzung\/","name":"FAIRnetzung - Eine Welt Verein Herrieden","isPartOf":{"@id":"https:\/\/weltlaeden.de\/herrieden\/#website"},"primaryImageOfPage":{"@id":"https:\/\/weltlaeden.de\/herrieden\/fairnetzung\/#primaryimage"},"image":{"@id":"https:\/\/weltlaeden.de\/herrieden\/fairnetzung\/#primaryimage"},"thumbnailUrl":"https:\/\/weltlaeden.de\/herrieden\/wp-content\/uploads\/sites\/209\/2024\/02\/2023-5-12Weltladentag-e1706786047427.jpg","datePublished":"2024-01-04T16:16:01+00:00","dateModified":"2024-02-04T22:11:16+00:00","breadcrumb":{"@id":"https:\/\/weltlaeden.de\/herrieden\/fairnetzung\/#breadcrumb"},"inLanguage":"de","potentialAction":[{"@type":"ReadAction","target":["https:\/\/weltlaeden.de\/herrieden\/fairnetzung\/"]}]},{"@type":"ImageObject","inLanguage":"de","@id":"https:\/\/weltlaeden.de\/herrieden\/fairnetzung\/#primaryimage","url":"https:\/\/weltlaeden.de\/herrieden\/wp-content\/uploads\/sites\/209\/2024\/02\/2023-5-12Weltladentag-e1706786047427.jpg","contentUrl":"https:\/\/weltlaeden.de\/herrieden\/wp-content\/uploads\/sites\/209\/2024\/02\/2023-5-12Weltladentag-e1706786047427.jpg","width":2048,"height":885},{"@type":"BreadcrumbList","@id":"https:\/\/weltlaeden.de\/herrieden\/fairnetzung\/#breadcrumb","itemListElement":[{"@type":"ListItem","position":1,"name":"Startseite","item":"https:\/\/weltlaeden.de\/herrieden\/"},{"@type":"ListItem","position":2,"name":"FAIRnetzung"}]},{"@type":"WebSite","@id":"https:\/\/weltlaeden.de\/herrieden\/#website","url":"https:\/\/weltlaeden.de\/herrieden\/","name":"Eine Welt Verein Herrieden","description":"","potentialAction":[{"@type":"SearchAction","target":{"@type":"EntryPoint","urlTemplate":"https:\/\/weltlaeden.de\/herrieden\/?s={search_term_string}"},"query-input":{"@type":"PropertyValueSpecification","valueRequired":true,"valueName":"search_term_string"}}],"inLanguage":"de"}]}},"_links":{"self":[{"href":"https:\/\/weltlaeden.de\/herrieden\/wp-json\/wp\/v2\/pages\/714","targetHints":{"allow":["GET"]}}],"collection":[{"href":"https:\/\/weltlaeden.de\/herrieden\/wp-json\/wp\/v2\/pages"}],"about":[{"href":"https:\/\/weltlaeden.de\/herrieden\/wp-json\/wp\/v2\/types\/page"}],"author":[{"embeddable":true,"href":"https:\/\/weltlaeden.de\/herrieden\/wp-json\/wp\/v2\/users\/310"}],"replies":[{"embeddable":true,"href":"https:\/\/weltlaeden.de\/herrieden\/wp-json\/wp\/v2\/comments?post=714"}],"version-history":[{"count":10,"href":"https:\/\/weltlaeden.de\/herrieden\/wp-json\/wp\/v2\/pages\/714\/revisions"}],"predecessor-version":[{"id":1004,"href":"https:\/\/weltlaeden.de\/herrieden\/wp-json\/wp\/v2\/pages\/714\/revisions\/1004"}],"wp:attachment":[{"href":"https:\/\/weltlaeden.de\/herrieden\/wp-json\/wp\/v2\/media?parent=714"}],"curies":[{"name":"wp","href":"https:\/\/api.w.org\/{rel}","templated":true}]}}