{"id":23,"date":"2016-10-14T09:05:21","date_gmt":"2016-10-14T07:05:21","guid":{"rendered":"https:\/\/wl.heimpixel.de\/vorlage\/termine\/"},"modified":"2024-01-05T21:28:36","modified_gmt":"2024-01-05T20:28:36","slug":"termine","status":"publish","type":"page","link":"https:\/\/weltlaeden.de\/herrieden\/termine\/","title":{"rendered":"Termine"},"content":{"rendered":"<div class=\"wpb-content-wrapper\"><p>[vc_row][vc_column]<div class=\"wl_einzelbild\"><p><img loading=\"lazy\" decoding=\"async\" class=\"aligncenter size-full wp-image-nsm-3-33\" src=\"https:\/\/weltlaeden.de\/herrieden\/wp-content\/uploads\/sites\/3\/2018\/07\/pocket-watch-1637396_1920_pixabay.png\" alt=\"\" width=\"787\" height=\"340\" \/><\/p><\/div>[vc_empty_space height=&#8220;30px&#8220;][vc_column_text]<\/p>\n<h1>Termine<\/h1>\n<h4><\/h4>\n<p>[\/vc_column_text][vc_empty_space height=&#8220;30px&#8220;][\/vc_column][\/vc_row][vc_row][vc_column width=&#8220;2\/3&#8243;][vc_column_text]<\/p>\n<h2>Kommende Termine<\/h2>\n<p>[\/vc_column_text]<ul class=\"termine-page current aktuell\"><li><h5 class=\"termine-titel\"><a href=\"https:\/\/weltlaeden.de\/herrieden\/termin\/bundesweiter-weltladentag-infostand-mit-kaffeeausschank-2\/\">Bundesweiter Weltladentag Infostand mit Kaffeeausschank<\/a><\/h5><p class=\"termine-date\">Fr., 08.05.2026, 14:00<\/p><p class=\"termine-auszug\"><\/li><li><h5 class=\"termine-titel\"><a href=\"https:\/\/weltlaeden.de\/herrieden\/termin\/teamtreffen-15\/\">Teamtreffen<\/a><\/h5><p class=\"termine-date\">Mo., 25.05.2026, 19:00<\/p><p class=\"termine-auszug\"><\/li><li><h5 class=\"termine-titel\"><a href=\"https:\/\/weltlaeden.de\/herrieden\/termin\/teamtreffen-16\/\">Teamtreffen<\/a><\/h5><p class=\"termine-date\">Di., 30.06.2026, 19:00<\/p><p class=\"termine-auszug\"><\/li><li><h5 class=\"termine-titel\"><a href=\"https:\/\/weltlaeden.de\/herrieden\/termin\/teamtreffen-17\/\">Teamtreffen<\/a><\/h5><p class=\"termine-date\">Di., 28.07.2026, 19:00<\/p><p class=\"termine-auszug\"><\/li><li><h5 class=\"termine-titel\"><a href=\"https:\/\/weltlaeden.de\/herrieden\/termin\/faires-fruehstueck-im-pfarrheim\/\">Faires Fr\u00fchst\u00fcck im Pfarrheim<\/a><\/h5><p class=\"termine-date\">Sa., 26.09.2026, 10:00<\/p><p class=\"termine-auszug\"><\/li><li><h5 class=\"termine-titel\"><a href=\"https:\/\/weltlaeden.de\/herrieden\/termin\/misereorgottesdienst-mit-internationalem-gast-im-anschluss-vortrag-und-begegnung\/\">Misereorgottesdienst mit internationalem Gast im Anschluss Vortrag und Begegnung<\/a><\/h5><p class=\"termine-date\">So., 18.10.2026, 10:00<\/p><p class=\"termine-auszug\"><\/li><li><h5 class=\"termine-titel\"><a href=\"https:\/\/weltlaeden.de\/herrieden\/termin\/kathreinmarkt-mit-sonderoeffnung-des-weltladens\/\">Kathreinmarkt mit Sonder\u00f6ffnung des Weltladens<\/a><\/h5><p class=\"termine-date\">So., 22.11.2026, 12:00 bis 22.11.2026, 17:00<\/p><p class=\"termine-auszug\"><\/li><\/ul>[vc_empty_space height=&#8220;30px&#8220;][vc_column_text]<\/p>\n<h2>Vergangene Termine<\/h2>\n<p>[\/vc_column_text]<ul class=\"termine-page past vergangen\"><li><h5 class=\"termine-titel\"><a href=\"https:\/\/weltlaeden.de\/herrieden\/termin\/veranstaltungen-zur-fairen-woche\/\">Veranstaltungen zur Fairen Woche<\/a><\/h5><p class=\"termine-date\">Fr., 11.09.2026 bis 25.02.2026<\/p><p class=\"termine-auszug\"><\/li><li><h5 class=\"termine-titel\"><a href=\"https:\/\/weltlaeden.de\/herrieden\/termin\/teamtreffen-14\/\">Teamtreffen<\/a><\/h5><p class=\"termine-date\">Di., 28.04.2026, 19:00<\/p><p class=\"termine-auszug\"><\/li><li><h5 class=\"termine-titel\"><a href=\"https:\/\/weltlaeden.de\/herrieden\/termin\/teamtreffen-13\/\">Teamtreffen<\/a><\/h5><p class=\"termine-date\">Di., 31.03.2026, 19:00<\/p><p class=\"termine-auszug\"><\/li><li><h5 class=\"termine-titel\"><a href=\"https:\/\/weltlaeden.de\/herrieden\/termin\/misereor-gottesdienst-mitgestaltet-vom-eine-welt-verein\/\">Misereor Gottesdienst mitgestaltet vom Eine Welt Verein<\/a><\/h5><p class=\"termine-date\">So., 22.03.2026, 10:00<\/p><p class=\"termine-auszug\"><\/li><li><h5 class=\"termine-titel\"><a href=\"https:\/\/weltlaeden.de\/herrieden\/termin\/misereor-coffee-stop-vor-dem-weltladen\/\">Misereor Coffee Stop vor dem Weltladen<\/a><\/h5><p class=\"termine-date\">Fr., 20.03.2026, 14:00<\/p><p class=\"termine-auszug\"><\/li><li><h5 class=\"termine-titel\"><a href=\"https:\/\/weltlaeden.de\/herrieden\/termin\/fruehjahrsmarkt-mit-sonderoeffnungszeit-des-weltladens\/\">Fr\u00fchjahrsmarkt mit Sonder\u00f6ffnungszeit des Weltladens<\/a><\/h5><p class=\"termine-date\">So., 15.03.2026, 12:00 bis 15.03.2026, 17:00<\/p><p class=\"termine-auszug\"><\/li><li><h5 class=\"termine-titel\"><a href=\"https:\/\/weltlaeden.de\/herrieden\/termin\/weltgebetstag-der-frauen-im-pfarrheim\/\">Weltgebetstag der Frauen im Pfarrheim<\/a><\/h5><p class=\"termine-date\">Fr., 06.03.2026, 18:30<\/p><p class=\"termine-auszug\">Nach dem Weltgebetstag ist der Laden ge\u00f6ffnet.<\/li><li><h5 class=\"termine-titel\"><a href=\"https:\/\/weltlaeden.de\/herrieden\/termin\/familiengottesdienst-zur-aktion-brot-fuer-die-welt-und-verkauf-von-eine-welt-produkten-2\/\">Gottesdienst zur Aktion \u201eBrot f\u00fcr die Welt\u201c und Verkauf von \u201cEine Welt\u201c Produkten<\/a><\/h5><p class=\"termine-date\">Do., 04.12.2025, 10:00<\/p><p class=\"termine-auszug\"><p class=termine-ort\"><small>Ort: <i>Christuskirche Herrieden<\/i><\/small><\/p><\/li><li><h5 class=\"termine-titel\"><a href=\"https:\/\/weltlaeden.de\/herrieden\/termin\/teamtreffen-12\/\">Teamtreffen<\/a><\/h5><p class=\"termine-date\">Mo., 27.10.2025, 19:00<\/p><p class=\"termine-auszug\"><\/li><li><h5 class=\"termine-titel\"><a href=\"https:\/\/weltlaeden.de\/herrieden\/termin\/gottesdienst-zum-weltmissionswochenende-2\/\">Gottesdienst zum Weltmissionswochenende<\/a><\/h5><p class=\"termine-date\">Sa., 25.10.2025 bis 26.10.2025<\/p><p class=\"termine-auszug\"><\/li><li><h5 class=\"termine-titel\"><a href=\"https:\/\/weltlaeden.de\/herrieden\/termin\/teamtreffen-11\/\">Teamtreffen<\/a><\/h5><p class=\"termine-date\">Mo., 29.09.2025, 19:00<\/p><p class=\"termine-auszug\"><\/li><li><h5 class=\"termine-titel\"><a href=\"https:\/\/weltlaeden.de\/herrieden\/termin\/faires-fruehstueck-zur-fairen-woche\/\">Faires Fr\u00fchst\u00fcck zur fairen Woche<\/a><\/h5><p class=\"termine-date\">Sa., 27.09.2025, 10:00<\/p><p class=\"termine-auszug\"><p class=termine-ort\"><small>Ort: <i>Pfarrheim<\/i><\/small><\/p><\/li><li><h5 class=\"termine-titel\"><a href=\"https:\/\/weltlaeden.de\/herrieden\/termin\/herrieder-veranstaltungen-zur-faire-woche\/\">Herrieder Veranstaltungen zur &#8222;Faire Woche&#8220;<\/a><\/h5><p class=\"termine-date\">Fr., 12.09.2025 bis 26.09.2025<\/p><p class=\"termine-auszug\"><\/li><li><h5 class=\"termine-titel\"><a href=\"https:\/\/weltlaeden.de\/herrieden\/termin\/schuesselfest\/\">Sch\u00fcsselfest<\/a><\/h5><p class=\"termine-date\">Mo., 28.07.2025, 18:00<\/p><p class=\"termine-auszug\"><\/li><li><h5 class=\"termine-titel\"><a href=\"https:\/\/weltlaeden.de\/herrieden\/termin\/teamtreffen-10\/\">Teamtreffen<\/a><\/h5><p class=\"termine-date\">Mo., 30.06.2025, 19:00<\/p><p class=\"termine-auszug\"><\/li><li><h5 class=\"termine-titel\"><a href=\"https:\/\/weltlaeden.de\/herrieden\/termin\/teamtreffen-9\/\">Teamtreffen<\/a><\/h5><p class=\"termine-date\">Mo., 26.05.2025, 19:00<\/p><p class=\"termine-auszug\"><\/li><li><h5 class=\"termine-titel\"><a href=\"https:\/\/weltlaeden.de\/herrieden\/termin\/bundesweiter-weltladentag-infostand-mit-kaffeeausschank\/\">Bundesweiter Weltladentag \u2013 Infostand mit Kaffeeausschank<\/a><\/h5><p class=\"termine-date\">Fr., 09.05.2025, 14:00<\/p><p class=\"termine-auszug\"><p class=termine-ort\"><small>Ort: <i>Marktplatz<\/i><\/small><\/p><\/li><li><h5 class=\"termine-titel\"><a href=\"https:\/\/weltlaeden.de\/herrieden\/termin\/teamtreffen-8\/\">Teamtreffen<\/a><\/h5><p class=\"termine-date\">Mo., 28.04.2025, 19:00<\/p><p class=\"termine-auszug\"><\/li><li><h5 class=\"termine-titel\"><a href=\"https:\/\/weltlaeden.de\/herrieden\/termin\/misereor-gottesdienst-danach-aussenverkauf-am-pfarrsaal-5-fastensonntag-anschliessend-fastenessen\/\">Misereor \u2013 Gottesdienst danach Au\u00dfenverkauf am Pfarrsaal (5.Fastensonntag) anschlie\u00dfend Fastenessen mit dabei: Internationaler Gast aus Sri Lanka<\/a><\/h5><p class=\"termine-date\">So., 06.04.2025, 10:00<\/p><p class=\"termine-auszug\">Sowohl beim Gottesdienst, der inhaltlich und musikalisch vom Eine Welt Verein mitgestaltet wird, als auch beim Fastenessen, wird ein Gast aus Sri Lanka \u00fcber das Heimatland berichten.<p class=termine-ort\"><small>Ort: <i>Stiftsbasilika<\/i><\/small><\/p><\/li><li><h5 class=\"termine-titel\"><a href=\"https:\/\/weltlaeden.de\/herrieden\/termin\/misereor-fastenaktion-coffee-stopp\/\">Misereor Fastenaktion \u2013Coffee-Stopp<\/a><\/h5><p class=\"termine-date\">Fr., 04.04.2025, 14:00<\/p><p class=\"termine-auszug\">Ab 14 Uhr gibt\u00b4s Kaffee mit Infos zur Misereor Fastenaktion<p class=termine-ort\"><small>Ort: <i>Pfarrheim bzw Marktplatz<\/i><\/small><\/p><\/li><li><h5 class=\"termine-titel\"><a href=\"https:\/\/weltlaeden.de\/herrieden\/termin\/teamtreffen-7\/\">Teamtreffen<\/a><\/h5><p class=\"termine-date\">Mo., 31.03.2025, 19:00<\/p><p class=\"termine-auszug\"><\/li><li><h5 class=\"termine-titel\"><a href=\"https:\/\/weltlaeden.de\/herrieden\/termin\/herrieder-fruehjahrsmarkt-mit-sonderoeffnung-weltladen\/\">Herrieder Fr\u00fchjahrsmarkt mit Sonder\u00f6ffnung Weltladen<\/a><\/h5><p class=\"termine-date\">So., 30.03.2025, 12:00 bis 30.03.2025, 17:00<\/p><p class=\"termine-auszug\"><p class=termine-ort\"><small>Ort: <i>Pfarrheim<\/i><\/small><\/p><\/li><li><h5 class=\"termine-titel\"><a href=\"https:\/\/weltlaeden.de\/herrieden\/termin\/jahreshauptversammlung\/\">Jahreshauptversammlung im Pfarrheim<\/a><\/h5><p class=\"termine-date\">So., 16.02.2025, 14:00<\/p><p class=\"termine-auszug\"><p class=termine-ort\"><small>Ort: <i>Pfarrheim<\/i><\/small><\/p><\/li><li><h5 class=\"termine-titel\"><a href=\"https:\/\/weltlaeden.de\/herrieden\/termin\/teamtreffen-2\/\">Teamtreffen<\/a><\/h5><p class=\"termine-date\">Mo., 27.01.2025, 19:00<\/p><p class=\"termine-auszug\"><\/li><li><h5 class=\"termine-titel\"><a href=\"https:\/\/weltlaeden.de\/herrieden\/termin\/weltfriedensgebet\/\">Weltfriedensgebet<\/a><\/h5><p class=\"termine-date\">So., 05.01.2025, 18:00<\/p><p class=\"termine-auszug\">in Kooperation mit \u00d6kumenekreis, SG TSV\/DJK, Frauenbund, Kolping, Netzwerk \u201eWeltoffen Leben\u201c<p class=termine-ort\"><small>Ort: <i>Christuskirche Herrieden<\/i><\/small><\/p><\/li><li><h5 class=\"termine-titel\"><a href=\"https:\/\/weltlaeden.de\/herrieden\/termin\/familiengottesdienst-zur-aktion-brot-fuer-die-welt-und-verkauf-von-eine-welt-produkten\/\">Gottesdienst zur Aktion \u201eBrot f\u00fcr die Welt\u201c und Verkauf von \u201cEine Welt\u201c Produkten<\/a><\/h5><p class=\"termine-date\">So., 01.12.2024, 10:00<\/p><p class=\"termine-auszug\"><p class=termine-ort\"><small>Ort: <i>Christuskirche<\/i><\/small><\/p><\/li><li><h5 class=\"termine-titel\"><a href=\"https:\/\/weltlaeden.de\/herrieden\/termin\/gemuetliches-teamtreffen\/\">Gem\u00fctliches Teamtreffen<\/a><\/h5><p class=\"termine-date\">Mo., 25.11.2024, 19:00<\/p><p class=\"termine-auszug\"><\/li><li><h5 class=\"termine-titel\"><a href=\"https:\/\/weltlaeden.de\/herrieden\/termin\/sonderoeffnung-des-weltladens-zum-kathreinmarkt\/\">Sonder\u00f6ffnung des Weltladens zum Kathreinmarkt<\/a><\/h5><p class=\"termine-date\">So., 24.11.2024, 12:00 bis 24.11.2024, 17:00<\/p><p class=\"termine-auszug\"><p class=termine-ort\"><small>Ort: <i>Weltladen<\/i><\/small><\/p><\/li><li><h5 class=\"termine-titel\"><a href=\"https:\/\/weltlaeden.de\/herrieden\/termin\/teamtreffen-6\/\">Teamtreffen<\/a><\/h5><p class=\"termine-date\">Mo., 28.10.2024, 19:00<\/p><p class=\"termine-auszug\"><p class=termine-ort\"><small>Ort: <i>Pfarrheim<\/i><\/small><\/p><\/li><li><h5 class=\"termine-titel\"><a href=\"https:\/\/weltlaeden.de\/herrieden\/termin\/gottesdienst-zum-weltmissionswochenende\/\">Gottesdienst zum Weltmissionswochenende<\/a><\/h5><p class=\"termine-date\">Sa., 26.10.2024 bis 28.04.2024<\/p><p class=\"termine-auszug\"><p class=termine-ort\"><small>Ort: <i>Herrieden und Au\u00dfenorte<\/i><\/small><\/p><\/li><li><h5 class=\"termine-titel\"><a href=\"https:\/\/weltlaeden.de\/herrieden\/termin\/teamtreffen-5\/\">Teamtreffen<\/a><\/h5><p class=\"termine-date\">Mo., 30.09.2024, 19:00<\/p><p class=\"termine-auszug\"><p class=termine-ort\"><small>Ort: <i>Pfarrheim<\/i><\/small><\/p><\/li><li><h5 class=\"termine-titel\"><a href=\"https:\/\/weltlaeden.de\/herrieden\/termin\/herrieder-veranstaltungen-zur-faire-woche-klimagerechtigkeit\/\">Herrieder Veranstaltungen zur &#8222;Faire Woche&#8220; &#8211; Klimagerechtigkeit<\/a><\/h5><p class=\"termine-date\">Fr., 13.09.2024 bis 27.09.2024<\/p><p class=\"termine-auszug\">Verschiedene Veranstaltungen zur Fairen Woche von Eine Welt e.V., Stadt Herrieden + Fairtrade Steuerungsgruppe. Programm folgt!<\/li><li><h5 class=\"termine-titel\"><a href=\"https:\/\/weltlaeden.de\/herrieden\/termin\/teamtreffen-4\/\">Teamtreffen<\/a><\/h5><p class=\"termine-date\">Mo., 29.07.2024, 19:00<\/p><p class=\"termine-auszug\"><p class=termine-ort\"><small>Ort: <i>Pfarrheim<\/i><\/small><\/p><\/li><li><h5 class=\"termine-titel\"><a href=\"https:\/\/weltlaeden.de\/herrieden\/termin\/besuch-der-fairhandelsmesse-in-augsburg-am-12-13-7\/\">Besuch der Fairhandelsmesse in Augsburg am 12.\/13.7.<\/a><\/h5><p class=\"termine-date\">Fr., 12.07.2024 bis 13.07.2024<\/p><p class=\"termine-auszug\">https:\/\/www.eineweltnetzwerkbayern.de\/fairer-handel\/bewt<p class=termine-ort\"><small>Ort: <i>Augsburg<\/i><\/small><\/p><\/li><li><h5 class=\"termine-titel\"><a href=\"https:\/\/weltlaeden.de\/herrieden\/termin\/teamtreffen-3\/\">Teamtreffen<\/a><\/h5><p class=\"termine-date\">Mo., 24.06.2024, 19:00<\/p><p class=\"termine-auszug\"><p class=termine-ort\"><small>Ort: <i>Pfarrheim<\/i><\/small><\/p><\/li><li><h5 class=\"termine-titel\"><a href=\"https:\/\/weltlaeden.de\/herrieden\/termin\/kaffeeausschank-zum-weltladentag\/\">Infostand mit Kaffeeausschank zum bundesweiten Weltladentag zum Thema &#8222;F\u00fcr Klimasch\u00e4den Verantwortung \u00fcbernehmen&#8220;<\/a><\/h5><p class=\"termine-date\">Fr., 10.05.2024, 15:00<\/p><p class=\"termine-auszug\">Weitere Infos unter: https:\/\/www.weltladen.de\/fuer-weltlaeden\/weltladentag2024\/weltladentag2024-oeffentlichkeitsarbeit\/<p class=termine-ort\"><small>Ort: <i>am Marktplatz vor dem Weltladen<\/i><\/small><\/p><\/li><li><h5 class=\"termine-titel\"><a href=\"https:\/\/weltlaeden.de\/herrieden\/termin\/teamtreffen\/\">Teamtreffen<\/a><\/h5><p class=\"termine-date\">Mo., 29.04.2024, 19:00<\/p><p class=\"termine-auszug\"><p class=termine-ort\"><small>Ort: <i>Pfarrheim<\/i><\/small><\/p><\/li><li><h5 class=\"termine-titel\"><a href=\"https:\/\/weltlaeden.de\/herrieden\/termin\/fairnetzungstreffen\/\">Fairnetzungstreffen<\/a><\/h5><p class=\"termine-date\">Do., 25.04.2024, 18:00 bis 25.04.2024, 20:00<\/p><p class=\"termine-auszug\">Regelm\u00e4\u00dfiger Austausch zwischen Weltl\u00e4den, Fairtrade Steuerungsgruppen und Klimainitiativen aus Landkreis Ansbach und der Region! Der Eine Welt Verein Herrieden ist bereits zum 3. Mal Gastgeber und war Initiator der Treffen, fr\u00fcher als Eine Welt Stammtisch! &nbsp;<p class=termine-ort\"><small>Ort: <i>Herrieden-Pfarrheim-Marktplatz 2<\/i><\/small><\/p><\/li><li><h5 class=\"termine-titel\"><a href=\"https:\/\/weltlaeden.de\/herrieden\/termin\/misereor-gottesdienst-mit-fastenessen\/\">Misereor Gottesdienst mit Fastenessen<\/a><\/h5><p class=\"termine-date\">So., 17.03.2024, 10:00<\/p><p class=\"termine-auszug\">Am Sonntag, 17.3. 2024 um 10 Uhr findet ein Gottesdienst zur Misereor \u2013 Fastenaktion statt, der vom Eine-Welt-Verein gestaltet und musikalisch umrahmt wird.\u00a0 Ab 11:00 im gro\u00dfen Saal des kath. Pfarrheims wird von der kath. Pfarrei St.Vitus und Deocar ein Fastenessen angeboten. Das Essen kann auch nach Hause\u00a0 mitgenommen werden \u2013 bitte geeignete Beh\u00e4ltnisse mitbringen. Bitte melden Sie sich \u2013 wegen der besseren Planbarkeit - mit der Anzahl der Portionen bis Freitag, 15.3. im Pfarramt Tel 09825\/94920 an.<p class=termine-ort\"><small>Ort: <i>Stiftsbasilika und Pfarrheim<\/i><\/small><\/p><\/li><li><h5 class=\"termine-titel\"><a href=\"https:\/\/weltlaeden.de\/herrieden\/termin\/misereor-coffee-stop\/\">Misereor &#8211; Coffee Stop<\/a><\/h5><p class=\"termine-date\">Fr., 15.03.2024, 14:00<\/p><p class=\"termine-auszug\"><strong>Mach mal Pause! Mit einer fairen Tasse Kaffee am Freitag, 15.3. ab 14:00 Uhr am Marktplatz in Herrieden.<\/strong> <strong>Vorort sind Anyela Jimena Guerrero Benavides aus Kolumbien und Dr. Gerhard Rott vom Referat Weltkirche Eichst\u00e4tt<\/strong> Frau Anyela Jimena Guerrero Benavides ist Multiplikatorin der Landpastoral in der Region San Vincente in Kolumbien. Sie setzt sich daf\u00fcr ein, dass die B\u00e4uerinnen und Bauern ein Bewusstsein f\u00fcr ihre Rechte, f\u00fcr gesunde Ern\u00e4hrung und klimafreundlichen Anbau erlernen. Ein besonderes Augenmerk richtet sie dabei auf die Jugendgruppen in der Region. Jugendliche lernen, sich mit ihrem Land und den heimischen Pflanzen und mit den Themen Nachhaltigkeit und Umweltschutz zu besch\u00e4ftigen. So entwickeln sie einen positiven Bezug und eine engere Bindung zu ihrer Herkunft \u2013 und entscheiden sich sp\u00e4ter sogar vielleicht f\u00fcr ein Leben auf dem Land.<p class=termine-ort\"><small>Ort: <i>vor dem Weltladen-bei schlechter Witterung im Pfarrheim<\/i><\/small><\/p><\/li><li><h5 class=\"termine-titel\"><a href=\"https:\/\/weltlaeden.de\/herrieden\/termin\/monatliches-eine-welt-treffen\/\">Eine Welt Treffen<\/a><\/h5><p class=\"termine-date\">Mo., 26.02.2024, 19:00<\/p><p class=\"termine-auszug\">Am letzten Montag im Monat findet im Kath. Pfarrheim unser Eine Welt Treffen statt. Wir planen Veranstaltungen und die Organisation des Weltladenbetriebs oder informieren \u00fcber politische Kampagnen. Die Treffen sind \u00f6ffentlich, Interessierte sind herzlich eingeladen, sich \u00fcber unser Engagement im Eine Welt Verein und Weltladen unverbindlich zu informieren. Nat\u00fcrlich freuen wir uns \u00fcber Unterst\u00fctzung und jede Art von Mithilfe die Welt gerechter zu gestalten.<p class=termine-ort\"><small>Ort: <i>Kath. Pfarrheim-Marktplatz 2<\/i><\/small><\/p><\/li><li><h5 class=\"termine-titel\"><a href=\"https:\/\/weltlaeden.de\/herrieden\/termin\/beispieltermin\/\">Weltfriedensgebet<\/a><\/h5><p class=\"termine-date\">So., 07.01.2024, 18:00<\/p><p class=\"termine-auszug\">veranstaltet vom Eine Welt Verein Herrieden und Netzwerk WELTOFFEN LEBEN Herrieden<p class=termine-ort\"><small>Ort: <i>Christuskirche Herrieden<\/i><\/small><\/p><\/li><\/ul>[\/vc_column][\/vc_row]<\/p>\n<\/div>","protected":false},"excerpt":{"rendered":"<p>[vc_row][vc_column][vc_empty_space height=&#8220;30px&#8220;][vc_column_text] Termine [\/vc_column_text][vc_empty_space height=&#8220;30px&#8220;][\/vc_column][\/vc_row][vc_row][vc_column width=&#8220;2\/3&#8243;][vc_column_text] Kommende Termine [\/vc_column_text][vc_empty_space height=&#8220;30px&#8220;][vc_column_text] Vergangene Termine [\/vc_column_text][\/vc_column][\/vc_row]<\/p>\n","protected":false},"author":1,"featured_media":0,"parent":0,"menu_order":9,"comment_status":"closed","ping_status":"closed","template":"","meta":{"footnotes":""},"class_list":["post-23","page","type-page","status-publish","hentry","description-off"],"yoast_head":"<!-- This site is optimized with the Yoast SEO plugin v26.8 - https:\/\/yoast.com\/product\/yoast-seo-wordpress\/ -->\n<title>Termine - Eine Welt Verein Herrieden<\/title>\n<meta name=\"robots\" content=\"index, follow, max-snippet:-1, max-image-preview:large, max-video-preview:-1\" \/>\n<link rel=\"canonical\" href=\"https:\/\/weltlaeden.de\/herrieden\/termine\/\" \/>\n<meta property=\"og:locale\" content=\"de_DE\" \/>\n<meta property=\"og:type\" content=\"article\" \/>\n<meta property=\"og:title\" content=\"Termine - Eine Welt Verein Herrieden\" \/>\n<meta property=\"og:description\" content=\"[vc_row][vc_column][vc_empty_space height=&#8220;30px&#8220;][vc_column_text] Termine [\/vc_column_text][vc_empty_space height=&#8220;30px&#8220;][\/vc_column][\/vc_row][vc_row][vc_column width=&#8220;2\/3&#8243;][vc_column_text] Kommende Termine [\/vc_column_text][vc_empty_space height=&#8220;30px&#8220;][vc_column_text] Vergangene Termine [\/vc_column_text][\/vc_column][\/vc_row]\" \/>\n<meta property=\"og:url\" content=\"https:\/\/weltlaeden.de\/herrieden\/termine\/\" \/>\n<meta property=\"og:site_name\" content=\"Eine Welt Verein Herrieden\" \/>\n<meta property=\"article:modified_time\" content=\"2024-01-05T20:28:36+00:00\" \/>\n<meta property=\"og:image\" content=\"https:\/\/weltlaeden.de\/herrieden\/wp-content\/uploads\/sites\/3\/2018\/07\/pocket-watch-1637396_1920_pixabay.png\" \/>\n<meta name=\"twitter:card\" content=\"summary_large_image\" \/>\n<script type=\"application\/ld+json\" class=\"yoast-schema-graph\">{\"@context\":\"https:\/\/schema.org\",\"@graph\":[{\"@type\":\"WebPage\",\"@id\":\"https:\/\/weltlaeden.de\/herrieden\/termine\/\",\"url\":\"https:\/\/weltlaeden.de\/herrieden\/termine\/\",\"name\":\"Termine - Eine Welt Verein Herrieden\",\"isPartOf\":{\"@id\":\"https:\/\/weltlaeden.de\/herrieden\/#website\"},\"primaryImageOfPage\":{\"@id\":\"https:\/\/weltlaeden.de\/herrieden\/termine\/#primaryimage\"},\"image\":{\"@id\":\"https:\/\/weltlaeden.de\/herrieden\/termine\/#primaryimage\"},\"thumbnailUrl\":\"https:\/\/weltlaeden.de\/herrieden\/wp-content\/uploads\/sites\/3\/2018\/07\/pocket-watch-1637396_1920_pixabay.png\",\"datePublished\":\"2016-10-14T07:05:21+00:00\",\"dateModified\":\"2024-01-05T20:28:36+00:00\",\"breadcrumb\":{\"@id\":\"https:\/\/weltlaeden.de\/herrieden\/termine\/#breadcrumb\"},\"inLanguage\":\"de\",\"potentialAction\":[{\"@type\":\"ReadAction\",\"target\":[\"https:\/\/weltlaeden.de\/herrieden\/termine\/\"]}]},{\"@type\":\"ImageObject\",\"inLanguage\":\"de\",\"@id\":\"https:\/\/weltlaeden.de\/herrieden\/termine\/#primaryimage\",\"url\":\"https:\/\/weltlaeden.de\/herrieden\/wp-content\/uploads\/sites\/3\/2018\/07\/pocket-watch-1637396_1920_pixabay.png\",\"contentUrl\":\"https:\/\/weltlaeden.de\/herrieden\/wp-content\/uploads\/sites\/3\/2018\/07\/pocket-watch-1637396_1920_pixabay.png\"},{\"@type\":\"BreadcrumbList\",\"@id\":\"https:\/\/weltlaeden.de\/herrieden\/termine\/#breadcrumb\",\"itemListElement\":[{\"@type\":\"ListItem\",\"position\":1,\"name\":\"Startseite\",\"item\":\"https:\/\/weltlaeden.de\/herrieden\/\"},{\"@type\":\"ListItem\",\"position\":2,\"name\":\"Termine\"}]},{\"@type\":\"WebSite\",\"@id\":\"https:\/\/weltlaeden.de\/herrieden\/#website\",\"url\":\"https:\/\/weltlaeden.de\/herrieden\/\",\"name\":\"Eine Welt Verein Herrieden\",\"description\":\"\",\"potentialAction\":[{\"@type\":\"SearchAction\",\"target\":{\"@type\":\"EntryPoint\",\"urlTemplate\":\"https:\/\/weltlaeden.de\/herrieden\/?s={search_term_string}\"},\"query-input\":{\"@type\":\"PropertyValueSpecification\",\"valueRequired\":true,\"valueName\":\"search_term_string\"}}],\"inLanguage\":\"de\"}]}<\/script>\n<!-- \/ Yoast SEO plugin. -->","yoast_head_json":{"title":"Termine - Eine Welt Verein Herrieden","robots":{"index":"index","follow":"follow","max-snippet":"max-snippet:-1","max-image-preview":"max-image-preview:large","max-video-preview":"max-video-preview:-1"},"canonical":"https:\/\/weltlaeden.de\/herrieden\/termine\/","og_locale":"de_DE","og_type":"article","og_title":"Termine - Eine Welt Verein Herrieden","og_description":"[vc_row][vc_column][vc_empty_space height=&#8220;30px&#8220;][vc_column_text] Termine [\/vc_column_text][vc_empty_space height=&#8220;30px&#8220;][\/vc_column][\/vc_row][vc_row][vc_column width=&#8220;2\/3&#8243;][vc_column_text] Kommende Termine [\/vc_column_text][vc_empty_space height=&#8220;30px&#8220;][vc_column_text] Vergangene Termine [\/vc_column_text][\/vc_column][\/vc_row]","og_url":"https:\/\/weltlaeden.de\/herrieden\/termine\/","og_site_name":"Eine Welt Verein Herrieden","article_modified_time":"2024-01-05T20:28:36+00:00","og_image":[{"url":"https:\/\/weltlaeden.de\/herrieden\/wp-content\/uploads\/sites\/3\/2018\/07\/pocket-watch-1637396_1920_pixabay.png","type":"","width":"","height":""}],"twitter_card":"summary_large_image","schema":{"@context":"https:\/\/schema.org","@graph":[{"@type":"WebPage","@id":"https:\/\/weltlaeden.de\/herrieden\/termine\/","url":"https:\/\/weltlaeden.de\/herrieden\/termine\/","name":"Termine - Eine Welt Verein Herrieden","isPartOf":{"@id":"https:\/\/weltlaeden.de\/herrieden\/#website"},"primaryImageOfPage":{"@id":"https:\/\/weltlaeden.de\/herrieden\/termine\/#primaryimage"},"image":{"@id":"https:\/\/weltlaeden.de\/herrieden\/termine\/#primaryimage"},"thumbnailUrl":"https:\/\/weltlaeden.de\/herrieden\/wp-content\/uploads\/sites\/3\/2018\/07\/pocket-watch-1637396_1920_pixabay.png","datePublished":"2016-10-14T07:05:21+00:00","dateModified":"2024-01-05T20:28:36+00:00","breadcrumb":{"@id":"https:\/\/weltlaeden.de\/herrieden\/termine\/#breadcrumb"},"inLanguage":"de","potentialAction":[{"@type":"ReadAction","target":["https:\/\/weltlaeden.de\/herrieden\/termine\/"]}]},{"@type":"ImageObject","inLanguage":"de","@id":"https:\/\/weltlaeden.de\/herrieden\/termine\/#primaryimage","url":"https:\/\/weltlaeden.de\/herrieden\/wp-content\/uploads\/sites\/3\/2018\/07\/pocket-watch-1637396_1920_pixabay.png","contentUrl":"https:\/\/weltlaeden.de\/herrieden\/wp-content\/uploads\/sites\/3\/2018\/07\/pocket-watch-1637396_1920_pixabay.png"},{"@type":"BreadcrumbList","@id":"https:\/\/weltlaeden.de\/herrieden\/termine\/#breadcrumb","itemListElement":[{"@type":"ListItem","position":1,"name":"Startseite","item":"https:\/\/weltlaeden.de\/herrieden\/"},{"@type":"ListItem","position":2,"name":"Termine"}]},{"@type":"WebSite","@id":"https:\/\/weltlaeden.de\/herrieden\/#website","url":"https:\/\/weltlaeden.de\/herrieden\/","name":"Eine Welt Verein Herrieden","description":"","potentialAction":[{"@type":"SearchAction","target":{"@type":"EntryPoint","urlTemplate":"https:\/\/weltlaeden.de\/herrieden\/?s={search_term_string}"},"query-input":{"@type":"PropertyValueSpecification","valueRequired":true,"valueName":"search_term_string"}}],"inLanguage":"de"}]}},"_links":{"self":[{"href":"https:\/\/weltlaeden.de\/herrieden\/wp-json\/wp\/v2\/pages\/23","targetHints":{"allow":["GET"]}}],"collection":[{"href":"https:\/\/weltlaeden.de\/herrieden\/wp-json\/wp\/v2\/pages"}],"about":[{"href":"https:\/\/weltlaeden.de\/herrieden\/wp-json\/wp\/v2\/types\/page"}],"author":[{"embeddable":true,"href":"https:\/\/weltlaeden.de\/herrieden\/wp-json\/wp\/v2\/users\/1"}],"replies":[{"embeddable":true,"href":"https:\/\/weltlaeden.de\/herrieden\/wp-json\/wp\/v2\/comments?post=23"}],"version-history":[{"count":14,"href":"https:\/\/weltlaeden.de\/herrieden\/wp-json\/wp\/v2\/pages\/23\/revisions"}],"predecessor-version":[{"id":414,"href":"https:\/\/weltlaeden.de\/herrieden\/wp-json\/wp\/v2\/pages\/23\/revisions\/414"}],"wp:attachment":[{"href":"https:\/\/weltlaeden.de\/herrieden\/wp-json\/wp\/v2\/media?parent=23"}],"curies":[{"name":"wp","href":"https:\/\/api.w.org\/{rel}","templated":true}]}}