{"id":463,"date":"2019-01-16T19:18:30","date_gmt":"2019-01-16T18:18:30","guid":{"rendered":"https:\/\/weltlaeden.de\/herbolzheim\/?page_id=463"},"modified":"2020-04-02T09:30:23","modified_gmt":"2020-04-02T07:30:23","slug":"pidecafe","status":"publish","type":"page","link":"https:\/\/weltlaeden.de\/herbolzheim\/produkte\/pidecafe\/","title":{"rendered":"Pidecaf\u00e9"},"content":{"rendered":"<div class=\"wpb-content-wrapper\"><p>[vc_row][vc_column][vc_column_text]<\/p>\n<h2>P\u00eddecaf\u00e9 \u00f6ko<\/h2>\n<p><strong><span class=\"groesser\">fair gehandelter Kaffee aus Peru f\u00fcr Baden-W\u00fcrttemberg<\/span><\/strong><\/p>\n<p><span class=\"normal\"><span class=\"theme_sehrgross\">Das Projekt wird in Herbolzheim koordiniert vom \u00f6kumenischen Perukreis e.V. und der Stadt Herbolzheim im Rahmen der lokalen Agenda.<\/span><\/span><\/p>\n<p><span class=\"normal\"><span class=\"theme_sehrgross\">Die hochwertige Bohnenmischung \u201ePidecaf\u00e9 \u00f6ko\u201c der Kleinbauern-Kooperative wird imporitert und vertrieben \u00fcber die GEPA. Dieser hochwertige Kaffee ist mit dem TRANSFAIR Siegel ausgezeichnet.<\/span><\/span><\/p>\n<p><span class=\"normal\"><span class=\"theme_sehrgross\">Der \u00f6kologisch angebaute und fair gehandelte Kaffee ist nicht nur ein Genuss f\u00fcr die Konsumenten, sondern tr\u00e4gt durch die hohe \u00f6kologische Qualit\u00e4t zum Schutz der nat\u00fcrlichen Ressourcen und der Existenzsicherung der Kleinbauern und ihrer Familien bei.<br \/>\nWeitere Informationen <a href=\"http:\/\/www.pidecafe.de\/\" target=\"_blank\" rel=\"noopener\">&gt;&gt;&gt;<\/a><br \/>\n<\/span><\/span><\/p>\n<h2><span class=\"theme_sehrgross\">Was ist &#8222;Pidecafe&#8220;?\u00a0\u00a0 <\/span><\/h2>\n<p><img decoding=\"async\" src=\"https:\/\/www.weltladen.de\/webelements\/filepool\/site_herbolzheim\/pool\/plakat.jpg\" align=\"right\" border=\"0\" hspace=\"5\" vspace=\"5\" \/>Pidecaf\u00e9 steht f\u00fcr Programa Integral para el Desarollo des Cafe en la Grau, d.h. Integriertes Programm zur Entwicklung des Kaffeeanbaus. Die Organisation wurde 1991 als Vertretung und Beratungsorganisation f\u00fcr Kaffeekleinbauern des peruanischen Hochlandes gegr\u00fcndet.<br \/>\nSchon bald erkannten alle Beteiligten, dass nur eine bessere Organisierung und Qualifizierung der B\u00e4uerinnen und Bauern zu einer nachhaltigen, d.h. \u00f6kologischen, wirtschaftlichen und sozial vertr\u00e4glichen Entwicklung beitr\u00e4gt.<br \/>\nDie Genossenschaft ist mehr als eine blo\u00dfe Vermarktungsorganisation:<\/p>\n<ul style=\"list-style-type: circle\">\n<li>sie investiert in die Qualit\u00e4t des Kaffees<\/li>\n<li>sie bildet in Produktionstechniken aus<\/li>\n<li>sie organisiert die Kleinbauern und die Vermarktung des Kaffees<\/li>\n<li>sie sorgt daf\u00fcr, dass Frauen und Kinder in die Entwicklung einbezogen werden<\/li>\n<\/ul>\n<h2>Kaffeevermarktung in Deutschland<\/h2>\n<p><span class=\"normal\">1995 wurde erstmals Pidecaf\u00e9 (8,5 t) \u00fcber die Gepa als Importeur vermarktet. Bereits 1997 konnte ein Container mit sehr guter Qualit\u00e4t \u00fcber Weltl\u00e4den verkauft werden.<br \/>\n2001 sind bereits 4 Container, davon einer aus biologisch-organischem Anbau importiert worden. Immer mehr Kaffeebauern k\u00f6nnen dadurch an den fairen Erzeugerpreisen teilhaben.<br \/>\nIm Schnitt der letzten drei Jahre wurden an die Kaffeebauern ca. 70% mehr als der Weltmarktpreis bezahlt. Nur dadurch ist ein angemessenes Familieneinkommen gew\u00e4hrleistet.<br \/>\n1999 wurde das Pidecaf\u00e9-Projekt mit dem 1. Aesculap-Umweltpreis in Tuttlingen ausgezeichnet. Im Jahr 2000 erkl\u00e4rte die Gepa den Pidecaf\u00e9 zum offiziellen Agenda 21 Kaffee.<\/span><\/p>\n<h2>Lokale Agenda Herbolzheim<\/h2>\n<p>Der Gemeinderat der Stadt Herbolzheim hat beschlossen, sich f\u00fcr die lokale Agenda 21 einzusetzen.<\/p>\n<p><strong>Was hei\u00dft Lokale Agenda 21?<br \/>\n<\/strong>Agenda kann \u00fcbersetzt werden mit \u201edas, was zu tun ist\u201c. Das Ziel ist eine umweltvertr\u00e4gliche, gerechte und lebenswerte Zukunft f\u00fcr uns in Herbolzheim und alle Menschen in der Welt..<br \/>\nAlle sind aufgerufen, ihren Beitrag zu leisten, z.B. durch:<\/p>\n<ul type=\"disc\">\n<li>Armutsbek\u00e4mpfung<\/li>\n<li>Bev\u00f6lkerungs- und Entwicklungspolitik<\/li>\n<li>Ver\u00e4nderung von Konsumgewohnheiten<\/li>\n<li>Landwirtschaft und Bodenschutz<\/li>\n<\/ul>\n<p><strong>Wieso Kaffee?<\/strong><br \/>\nKaffee ist das meistkonsumierte Getr\u00e4nk in Deutschland und aus unserem Alltag kaum mehr wegzudenken. F\u00fcr viele Menschen in den Erzeugerl\u00e4ndern ist er die Grundlage f\u00fcr ihr Leben. Der Kaffee-Weltmarkt ist hart.<br \/>\nDas alles macht Kaffee zu einem guten Beispiel f\u00fcr die Anliegen der Agenda 21. Denn die Herstellungs- und Handelsbedingungen der \u201ebilligen Bohnen\u201c sind weder sozial, gerecht oder umweltvertr\u00e4glich, noch im Sinne eines Handelns f\u00fcr die Generationen von Menschen die nach uns leben wollen.<br \/>\n\u00d6kologisch angebauter und fair gehandelter Kaffee ist dagegen ein Genuss nicht nur f\u00fcr die Kaffee Trinker. Zur hohen Qualit\u00e4t des Kaffees kommen die Schonung der Natur in den Erzeugerl\u00e4ndern und die Sicherung der Lebensgrundlage f\u00fcr die Bauern dort und ihre Familien.<br \/>\nDeshalb wird mit dem Herbolzheimer Kaffee \u2014eine eigene zukunftsf\u00e4hige Kaffeemarke in Herbolzheim eingef\u00fchrt, die an m\u00f6glichst vielen Stellen gekauft und getrunken werden kann.<\/p>\n<p align=\"justify\"><strong>Der Herbolzheimer Agenda-Kaffee<\/strong><br \/>\n<span class=\"normal\">ist eine hochwertige ausgewogene Bohnenmischung von Kleinbauern in Peru, Guatemala und Kolumbien.<\/span><\/p>\n<p>[\/vc_column_text][\/vc_column][\/vc_row]<\/p>\n<\/div>","protected":false},"excerpt":{"rendered":"<p>[vc_row][vc_column][vc_column_text] P\u00eddecaf\u00e9 \u00f6ko fair gehandelter Kaffee aus Peru f\u00fcr Baden-W\u00fcrttemberg Das Projekt wird in Herbolzheim koordiniert vom \u00f6kumenischen Perukreis e.V. und der Stadt Herbolzheim im Rahmen der lokalen Agenda. Die hochwertige Bohnenmischung \u201ePidecaf\u00e9 \u00f6ko\u201c der Kleinbauern-Kooperative wird imporitert und vertrieben \u00fcber die GEPA. Dieser hochwertige Kaffee ist mit dem TRANSFAIR Siegel ausgezeichnet. Der \u00f6kologisch angebaute&hellip;<\/p>\n","protected":false},"author":94,"featured_media":0,"parent":217,"menu_order":5,"comment_status":"closed","ping_status":"closed","template":"","meta":{"footnotes":""},"class_list":["post-463","page","type-page","status-publish","hentry","description-off"],"yoast_head":"<!-- This site is optimized with the Yoast SEO plugin v26.8 - https:\/\/yoast.com\/product\/yoast-seo-wordpress\/ -->\n<title>Pidecaf\u00e9 - Weltladen Herbolzheim<\/title>\n<meta name=\"robots\" content=\"index, follow, max-snippet:-1, max-image-preview:large, max-video-preview:-1\" \/>\n<link rel=\"canonical\" href=\"https:\/\/weltlaeden.de\/herbolzheim\/produkte\/pidecafe\/\" \/>\n<meta property=\"og:locale\" content=\"de_DE\" \/>\n<meta property=\"og:type\" content=\"article\" \/>\n<meta property=\"og:title\" content=\"Pidecaf\u00e9 - Weltladen Herbolzheim\" \/>\n<meta property=\"og:description\" content=\"[vc_row][vc_column][vc_column_text] P\u00eddecaf\u00e9 \u00f6ko fair gehandelter Kaffee aus Peru f\u00fcr Baden-W\u00fcrttemberg Das Projekt wird in Herbolzheim koordiniert vom \u00f6kumenischen Perukreis e.V. und der Stadt Herbolzheim im Rahmen der lokalen Agenda. Die hochwertige Bohnenmischung \u201ePidecaf\u00e9 \u00f6ko\u201c der Kleinbauern-Kooperative wird imporitert und vertrieben \u00fcber die GEPA. Dieser hochwertige Kaffee ist mit dem TRANSFAIR Siegel ausgezeichnet. Der \u00f6kologisch angebaute&hellip;\" \/>\n<meta property=\"og:url\" content=\"https:\/\/weltlaeden.de\/herbolzheim\/produkte\/pidecafe\/\" \/>\n<meta property=\"og:site_name\" content=\"Weltladen Herbolzheim\" \/>\n<meta property=\"article:modified_time\" content=\"2020-04-02T07:30:23+00:00\" \/>\n<meta property=\"og:image\" content=\"https:\/\/www.weltladen.de\/webelements\/filepool\/site_herbolzheim\/pool\/plakat.jpg\" \/>\n<meta name=\"twitter:card\" content=\"summary_large_image\" \/>\n<meta name=\"twitter:label1\" content=\"Gesch\u00e4tzte Lesezeit\" \/>\n\t<meta name=\"twitter:data1\" content=\"3\u00a0Minuten\" \/>\n<script type=\"application\/ld+json\" class=\"yoast-schema-graph\">{\"@context\":\"https:\/\/schema.org\",\"@graph\":[{\"@type\":\"WebPage\",\"@id\":\"https:\/\/weltlaeden.de\/herbolzheim\/produkte\/pidecafe\/\",\"url\":\"https:\/\/weltlaeden.de\/herbolzheim\/produkte\/pidecafe\/\",\"name\":\"Pidecaf\u00e9 - Weltladen Herbolzheim\",\"isPartOf\":{\"@id\":\"https:\/\/weltlaeden.de\/herbolzheim\/#website\"},\"primaryImageOfPage\":{\"@id\":\"https:\/\/weltlaeden.de\/herbolzheim\/produkte\/pidecafe\/#primaryimage\"},\"image\":{\"@id\":\"https:\/\/weltlaeden.de\/herbolzheim\/produkte\/pidecafe\/#primaryimage\"},\"thumbnailUrl\":\"https:\/\/www.weltladen.de\/webelements\/filepool\/site_herbolzheim\/pool\/plakat.jpg\",\"datePublished\":\"2019-01-16T18:18:30+00:00\",\"dateModified\":\"2020-04-02T07:30:23+00:00\",\"breadcrumb\":{\"@id\":\"https:\/\/weltlaeden.de\/herbolzheim\/produkte\/pidecafe\/#breadcrumb\"},\"inLanguage\":\"de\",\"potentialAction\":[{\"@type\":\"ReadAction\",\"target\":[\"https:\/\/weltlaeden.de\/herbolzheim\/produkte\/pidecafe\/\"]}]},{\"@type\":\"ImageObject\",\"inLanguage\":\"de\",\"@id\":\"https:\/\/weltlaeden.de\/herbolzheim\/produkte\/pidecafe\/#primaryimage\",\"url\":\"https:\/\/www.weltladen.de\/webelements\/filepool\/site_herbolzheim\/pool\/plakat.jpg\",\"contentUrl\":\"https:\/\/www.weltladen.de\/webelements\/filepool\/site_herbolzheim\/pool\/plakat.jpg\"},{\"@type\":\"BreadcrumbList\",\"@id\":\"https:\/\/weltlaeden.de\/herbolzheim\/produkte\/pidecafe\/#breadcrumb\",\"itemListElement\":[{\"@type\":\"ListItem\",\"position\":1,\"name\":\"Startseite\",\"item\":\"https:\/\/weltlaeden.de\/herbolzheim\/\"},{\"@type\":\"ListItem\",\"position\":2,\"name\":\"Produkte\",\"item\":\"https:\/\/weltlaeden.de\/herbolzheim\/produkte\/\"},{\"@type\":\"ListItem\",\"position\":3,\"name\":\"Pidecaf\u00e9\"}]},{\"@type\":\"WebSite\",\"@id\":\"https:\/\/weltlaeden.de\/herbolzheim\/#website\",\"url\":\"https:\/\/weltlaeden.de\/herbolzheim\/\",\"name\":\"Vorlage\",\"description\":\"Faire Produkte seit 1990\",\"potentialAction\":[{\"@type\":\"SearchAction\",\"target\":{\"@type\":\"EntryPoint\",\"urlTemplate\":\"https:\/\/weltlaeden.de\/herbolzheim\/?s={search_term_string}\"},\"query-input\":{\"@type\":\"PropertyValueSpecification\",\"valueRequired\":true,\"valueName\":\"search_term_string\"}}],\"inLanguage\":\"de\"}]}<\/script>\n<!-- \/ Yoast SEO plugin. -->","yoast_head_json":{"title":"Pidecaf\u00e9 - Weltladen Herbolzheim","robots":{"index":"index","follow":"follow","max-snippet":"max-snippet:-1","max-image-preview":"max-image-preview:large","max-video-preview":"max-video-preview:-1"},"canonical":"https:\/\/weltlaeden.de\/herbolzheim\/produkte\/pidecafe\/","og_locale":"de_DE","og_type":"article","og_title":"Pidecaf\u00e9 - Weltladen Herbolzheim","og_description":"[vc_row][vc_column][vc_column_text] P\u00eddecaf\u00e9 \u00f6ko fair gehandelter Kaffee aus Peru f\u00fcr Baden-W\u00fcrttemberg Das Projekt wird in Herbolzheim koordiniert vom \u00f6kumenischen Perukreis e.V. und der Stadt Herbolzheim im Rahmen der lokalen Agenda. Die hochwertige Bohnenmischung \u201ePidecaf\u00e9 \u00f6ko\u201c der Kleinbauern-Kooperative wird imporitert und vertrieben \u00fcber die GEPA. Dieser hochwertige Kaffee ist mit dem TRANSFAIR Siegel ausgezeichnet. Der \u00f6kologisch angebaute&hellip;","og_url":"https:\/\/weltlaeden.de\/herbolzheim\/produkte\/pidecafe\/","og_site_name":"Weltladen Herbolzheim","article_modified_time":"2020-04-02T07:30:23+00:00","og_image":[{"url":"https:\/\/www.weltladen.de\/webelements\/filepool\/site_herbolzheim\/pool\/plakat.jpg","type":"","width":"","height":""}],"twitter_card":"summary_large_image","twitter_misc":{"Gesch\u00e4tzte Lesezeit":"3\u00a0Minuten"},"schema":{"@context":"https:\/\/schema.org","@graph":[{"@type":"WebPage","@id":"https:\/\/weltlaeden.de\/herbolzheim\/produkte\/pidecafe\/","url":"https:\/\/weltlaeden.de\/herbolzheim\/produkte\/pidecafe\/","name":"Pidecaf\u00e9 - Weltladen Herbolzheim","isPartOf":{"@id":"https:\/\/weltlaeden.de\/herbolzheim\/#website"},"primaryImageOfPage":{"@id":"https:\/\/weltlaeden.de\/herbolzheim\/produkte\/pidecafe\/#primaryimage"},"image":{"@id":"https:\/\/weltlaeden.de\/herbolzheim\/produkte\/pidecafe\/#primaryimage"},"thumbnailUrl":"https:\/\/www.weltladen.de\/webelements\/filepool\/site_herbolzheim\/pool\/plakat.jpg","datePublished":"2019-01-16T18:18:30+00:00","dateModified":"2020-04-02T07:30:23+00:00","breadcrumb":{"@id":"https:\/\/weltlaeden.de\/herbolzheim\/produkte\/pidecafe\/#breadcrumb"},"inLanguage":"de","potentialAction":[{"@type":"ReadAction","target":["https:\/\/weltlaeden.de\/herbolzheim\/produkte\/pidecafe\/"]}]},{"@type":"ImageObject","inLanguage":"de","@id":"https:\/\/weltlaeden.de\/herbolzheim\/produkte\/pidecafe\/#primaryimage","url":"https:\/\/www.weltladen.de\/webelements\/filepool\/site_herbolzheim\/pool\/plakat.jpg","contentUrl":"https:\/\/www.weltladen.de\/webelements\/filepool\/site_herbolzheim\/pool\/plakat.jpg"},{"@type":"BreadcrumbList","@id":"https:\/\/weltlaeden.de\/herbolzheim\/produkte\/pidecafe\/#breadcrumb","itemListElement":[{"@type":"ListItem","position":1,"name":"Startseite","item":"https:\/\/weltlaeden.de\/herbolzheim\/"},{"@type":"ListItem","position":2,"name":"Produkte","item":"https:\/\/weltlaeden.de\/herbolzheim\/produkte\/"},{"@type":"ListItem","position":3,"name":"Pidecaf\u00e9"}]},{"@type":"WebSite","@id":"https:\/\/weltlaeden.de\/herbolzheim\/#website","url":"https:\/\/weltlaeden.de\/herbolzheim\/","name":"Vorlage","description":"Faire Produkte seit 1990","potentialAction":[{"@type":"SearchAction","target":{"@type":"EntryPoint","urlTemplate":"https:\/\/weltlaeden.de\/herbolzheim\/?s={search_term_string}"},"query-input":{"@type":"PropertyValueSpecification","valueRequired":true,"valueName":"search_term_string"}}],"inLanguage":"de"}]}},"_links":{"self":[{"href":"https:\/\/weltlaeden.de\/herbolzheim\/wp-json\/wp\/v2\/pages\/463","targetHints":{"allow":["GET"]}}],"collection":[{"href":"https:\/\/weltlaeden.de\/herbolzheim\/wp-json\/wp\/v2\/pages"}],"about":[{"href":"https:\/\/weltlaeden.de\/herbolzheim\/wp-json\/wp\/v2\/types\/page"}],"author":[{"embeddable":true,"href":"https:\/\/weltlaeden.de\/herbolzheim\/wp-json\/wp\/v2\/users\/94"}],"replies":[{"embeddable":true,"href":"https:\/\/weltlaeden.de\/herbolzheim\/wp-json\/wp\/v2\/comments?post=463"}],"version-history":[{"count":9,"href":"https:\/\/weltlaeden.de\/herbolzheim\/wp-json\/wp\/v2\/pages\/463\/revisions"}],"predecessor-version":[{"id":542,"href":"https:\/\/weltlaeden.de\/herbolzheim\/wp-json\/wp\/v2\/pages\/463\/revisions\/542"}],"up":[{"embeddable":true,"href":"https:\/\/weltlaeden.de\/herbolzheim\/wp-json\/wp\/v2\/pages\/217"}],"wp:attachment":[{"href":"https:\/\/weltlaeden.de\/herbolzheim\/wp-json\/wp\/v2\/media?parent=463"}],"curies":[{"name":"wp","href":"https:\/\/api.w.org\/{rel}","templated":true}]}}