{"id":219,"date":"2016-10-28T13:34:47","date_gmt":"2016-10-28T11:34:47","guid":{"rendered":"https:\/\/wl.heimpixel.de\/vorlage\/ueber-uns\/"},"modified":"2024-12-14T16:35:15","modified_gmt":"2024-12-14T15:35:15","slug":"ueber-uns","status":"publish","type":"page","link":"https:\/\/weltlaeden.de\/hameln\/ueber-uns\/","title":{"rendered":"\u00dcber uns"},"content":{"rendered":"<div class=\"wpb-content-wrapper\"><p>[vc_row][vc_column]<div class=\"wl_einzelbild\"><p><img loading=\"lazy\" decoding=\"async\" class=\"alignnone size-medium wp-image-579\" src=\"https:\/\/weltlaeden.de\/hameln\/wp-content\/uploads\/sites\/183\/2022\/09\/HdK-Sommer1-270x300.jpg\" alt=\"\" width=\"270\" height=\"300\" srcset=\"https:\/\/weltlaeden.de\/hameln\/wp-content\/uploads\/sites\/183\/2022\/09\/HdK-Sommer1-270x300.jpg 270w, https:\/\/weltlaeden.de\/hameln\/wp-content\/uploads\/sites\/183\/2022\/09\/HdK-Sommer1-923x1024.jpg 923w, https:\/\/weltlaeden.de\/hameln\/wp-content\/uploads\/sites\/183\/2022\/09\/HdK-Sommer1-768x852.jpg 768w, https:\/\/weltlaeden.de\/hameln\/wp-content\/uploads\/sites\/183\/2022\/09\/HdK-Sommer1.jpg 1064w\" sizes=\"auto, (max-width: 270px) 100vw, 270px\" \/><\/p><\/div>[vc_empty_space][vc_column_text]<\/p>\n<h1>Mitmachen im Q&#8217;Antati Weltladen Hameln und im Verein &#8222;Aktion Eine Welt e.V.&#8220;<\/h1>\n<p>[\/vc_column_text][vc_column_text]<strong>Wir suchen<\/strong> Menschen, die Lust haben, sich ehrenamtlich f\u00fcr eine offene, transparente, \u00f6kologische und nachhaltige Form des Wirtschaftens zu engagieren. Ob im Verkauf oder der Informations- oder Bildungsarbeit, gern auch jemanden f\u00fcr die Betreuung unserer Webseite und den Aufbau von Social-Media Seiten.\u00a0 Viele Aufgaben erfordern keine speziellen Vorkenntnisse, sondern nur Deine Bereitschaft, Deine F\u00e4higkeiten einzubringen.<\/p>\n<p><strong>Wir bieten<\/strong> ein nettes Team aus Engagierten mit vielf\u00e4ltigen M\u00f6glichkeiten, sich selbst einzubringen. Eine Gemeinschaft, die Dich herzlich aufnimmt, einarbeitet und bei Fragen zur Verf\u00fcgung steht.<\/p>\n<p><strong>Ansprechpartnerin:<\/strong><br \/>\nDelia Rettig<br \/>\nWeltladen Q&#8217;Antati, Emmernstr.6 31785 Hameln, Tel. 05151\/44208<br \/>\nMailto:Info@weltladen-hameln.de<\/p>\n<p><strong>Wir freuen uns auf Dich!<\/strong>[\/vc_column_text][\/vc_column][\/vc_row]<\/p>\n<h1>\u00dcber den Q&#8217;Antati Weltladen Hameln<\/h1>\n<p>Tr\u00e4ger des Weltladens ist der Verein &#8222;Aktion Eine Welt e.V.&#8220;<\/p>\n<p>Chronik \u201eAktion Eine Welt e.V.&#8220;<\/p>\n<p>24.2.1976<br \/>\nVereinsgr\u00fcndung auf Initiative des evangelischen Jugendwartes Gustav Begemann mit jungen Menschen aus dem Kreis der Evangelischen Jugend Hameln.<\/p>\n<p>1.4.1976<br \/>\nEr\u00f6ffnung des \u201eKolonialwarenladen&#8220;\u00a0 in der Alten Marktstra\u00dfe 19 in Hameln (Nr. 50 im Bundesgebiet)<\/p>\n<p>3.6.1976<br \/>\nAnerkennung des Vereins als gemeinn\u00fctzig<\/p>\n<p>1978<br \/>\nImport von Alpaca-Waren von der Genossenschaft \u201eQ\u00b4Antati&#8220; in La Paz\/Bolivien<\/p>\n<p>Umbenennung des Ladens in \u201eQ\u00b4Antati&#8220; &#8211; Sonnenaufgang<\/p>\n<p>1981<br \/>\nDer ehemalige Zivildienstleistende Manfred Matz h\u00e4lt sich in Nicaragua auf.<br \/>\nDie von ihm an Freunde und Verein geschickten Briefe werden in der Brosch\u00fcre \u201eBriefe aus Mittelamerika&#8220; zusammengefasst und ver\u00f6ffentlicht.<br \/>\nEs findet ein Informationsseminar und eine Aktionswoche zum Thema \u201eZentral- und S\u00fcdamerika&#8220; statt.<br \/>\nDer Verein schickt einen umger\u00fcsteten Dia-Projektor zur Unterst\u00fctzung der Arbeit von italienischen \u00c4rzten nach Terrabona\/Nicaragua.<\/p>\n<p>Aug. 1981<br \/>\nDer Laden zieht in die Kleine Stra\u00dfe 17 um.<\/p>\n<p>1982<br \/>\nErste Besuche aus Terrabona\/Nicaragua<br \/>\nDas Projekt \u201eHameln &#8211; Partner &#8211; Matagalpa&#8220; wird vorgeplant, eine Informationsmappe erstellt<\/p>\n<p>1983<br \/>\nGustav Begemann, Manfred Matz und Freja Lehmkuhle fahren zum Vertragsabschlu\u00df des Projektes \u201eHameln &#8211; Partner &#8211; Matagalpa&#8220; nach Nicaragua<\/p>\n<p>Sommer 83<br \/>\nTeilnahme des Vereins am Kirchentag in Hannover<\/p>\n<p>Nov. 83<br \/>\n1. Workcamp in Nicaragua: Die ersten Auslandsarbeiter (Andreas Bode, Karsten Flentje) treten ihren Dienst im Wasserleitungsbau an.<\/p>\n<p>Nov. 85<br \/>\nEinrichtung einer ABM-Stelle zur Errichtung einer Info- und Medienstelle im Laden, Kleine Stra\u00dfe<\/p>\n<p>1986<br \/>\nEr\u00f6ffnung der Infothek im Mai<br \/>\nDas Spendenaufkommen f\u00fcr das Projekt \u201eHameln &#8211; Partner &#8211; Matagalpa&#8220; betr\u00e4gt ca. 30.000 DM<\/p>\n<p>1987<br \/>\nVerschiedene Jugendbegegnungen in Portugal und Polen werden durchgef\u00fchrt<\/p>\n<p>Erste Planungen f\u00fcr das Werkzeug-Recycling<\/p>\n<p>1988<br \/>\n\u00c4nderung des Vereinsnamen in \u201eAktion Eine Welt &#8211; Verein f\u00fcr interkulturelles Lernen&#8220;<\/p>\n<p>Er\u00f6ffnung des Werkzeug-Recycling in der K\u00f6nigstra\u00dfe 59<\/p>\n<p>Die Jugendgruppe des Vereins trifft sich im Werkzeug-Recycling zu themenbezogenen Veranstaltungen, die unter dem Namen \u201eGlashaus&#8220; laufen.<\/p>\n<p>1990<br \/>\nEnde der T\u00e4tigkeit von Rainer Kluck, der in verschiedenen Funktionen als Hauptamtlicher seit 1984 im Verein t\u00e4tig war und viele Projekte, insbesondere die Jugendarbeit getragen hat.<\/p>\n<p>Umbau des Ladens<\/p>\n<p>1991<br \/>\nIm Werkzeug-Recycling werden ca. 5 Tonnen aufgearbeitete Werkzeuge an 3 Projekte versendet.<\/p>\n<p>1992<br \/>\nDurchf\u00fchrung einer internationalen Werkzeug-Recycling-Konferenz in Hameln durch den Verein<\/p>\n<p>Auslaufen der EU-F\u00f6rderung f\u00fcr das Nicaragua-Projekt<br \/>\nBis 1995 werden noch Spendengelder f\u00fcr den nicaraguanischen Mitarbeiter Carlos Montoya und Materialbeschaffung \u00fcberwiesen.<\/p>\n<p>1993<br \/>\nEinbruch und Brandstiftung im Laden<\/p>\n<p>Beendigung des Werkzeug-Recycling, Fortsetzung f\u00fcr 2 Jahre noch durch die Jugendwerkstatt<\/p>\n<p>1997<br \/>\nErneuter Ladenumbau und Wiederer\u00f6ffnung im Oktober nach 4w\u00f6chiger Umbaupause<\/p>\n<p>Die vielf\u00e4ltigen Projekte in den 90er Jahren wie Infothek, Jugendarbeit, Werkzeug-Recycling waren nur m\u00f6glich durch Unterst\u00fctzung des Arbeitsamtes Hameln in Form von ABM-Stellen.<\/p>\n<p>2004<br \/>\nDie Stadt Hameln verkauft das Haus in der Kleinen Stra\u00dfe 17 und k\u00fcndigt dem Weltladen.<br \/>\nUmzug in die Neue Torstra\u00dfe 7<\/p>\n<p>2008<br \/>\nUmzug in das neu erbaute Haus der Kirche in der Emmernstra\u00dfe \/ Pferdemarkt<\/p>\n<p>&nbsp;<\/p>\n<\/div>","protected":false},"excerpt":{"rendered":"<p>[vc_row][vc_column][vc_empty_space][vc_column_text] Mitmachen im Q&#8217;Antati Weltladen Hameln und im Verein &#8222;Aktion Eine Welt e.V.&#8220; [\/vc_column_text][vc_column_text]Wir suchen Menschen, die Lust haben, sich ehrenamtlich f\u00fcr eine offene, transparente, \u00f6kologische und nachhaltige Form des Wirtschaftens zu engagieren. Ob im Verkauf oder der Informations- oder Bildungsarbeit, gern auch jemanden f\u00fcr die Betreuung unserer Webseite und den Aufbau von Social-Media Seiten.\u00a0&hellip;<\/p>\n","protected":false},"author":1,"featured_media":0,"parent":0,"menu_order":15,"comment_status":"closed","ping_status":"closed","template":"","meta":{"footnotes":""},"class_list":["post-219","page","type-page","status-publish","hentry","description-off"],"yoast_head":"<!-- This site is optimized with the Yoast SEO plugin v26.8 - https:\/\/yoast.com\/product\/yoast-seo-wordpress\/ -->\n<title>\u00dcber uns - Weltladen Hameln<\/title>\n<meta name=\"robots\" content=\"index, follow, max-snippet:-1, max-image-preview:large, max-video-preview:-1\" \/>\n<link rel=\"canonical\" href=\"https:\/\/weltlaeden.de\/hameln\/ueber-uns\/\" \/>\n<meta property=\"og:locale\" content=\"de_DE\" \/>\n<meta property=\"og:type\" content=\"article\" \/>\n<meta property=\"og:title\" content=\"\u00dcber uns - Weltladen Hameln\" \/>\n<meta property=\"og:description\" content=\"[vc_row][vc_column][vc_empty_space][vc_column_text] Mitmachen im Q&#8217;Antati Weltladen Hameln und im Verein &#8222;Aktion Eine Welt e.V.&#8220; [\/vc_column_text][vc_column_text]Wir suchen Menschen, die Lust haben, sich ehrenamtlich f\u00fcr eine offene, transparente, \u00f6kologische und nachhaltige Form des Wirtschaftens zu engagieren. Ob im Verkauf oder der Informations- oder Bildungsarbeit, gern auch jemanden f\u00fcr die Betreuung unserer Webseite und den Aufbau von Social-Media Seiten.\u00a0&hellip;\" \/>\n<meta property=\"og:url\" content=\"https:\/\/weltlaeden.de\/hameln\/ueber-uns\/\" \/>\n<meta property=\"og:site_name\" content=\"Weltladen Hameln\" \/>\n<meta property=\"article:modified_time\" content=\"2024-12-14T15:35:15+00:00\" \/>\n<meta property=\"og:image\" content=\"https:\/\/weltlaeden.de\/hameln\/wp-content\/uploads\/sites\/183\/2022\/09\/HdK-Sommer1.jpg\" \/>\n\t<meta property=\"og:image:width\" content=\"1064\" \/>\n\t<meta property=\"og:image:height\" content=\"1181\" \/>\n\t<meta property=\"og:image:type\" content=\"image\/jpeg\" \/>\n<meta name=\"twitter:card\" content=\"summary_large_image\" \/>\n<meta name=\"twitter:label1\" content=\"Gesch\u00e4tzte Lesezeit\" \/>\n\t<meta name=\"twitter:data1\" content=\"4\u00a0Minuten\" \/>\n<script type=\"application\/ld+json\" class=\"yoast-schema-graph\">{\"@context\":\"https:\/\/schema.org\",\"@graph\":[{\"@type\":\"WebPage\",\"@id\":\"https:\/\/weltlaeden.de\/hameln\/ueber-uns\/\",\"url\":\"https:\/\/weltlaeden.de\/hameln\/ueber-uns\/\",\"name\":\"\u00dcber uns - Weltladen Hameln\",\"isPartOf\":{\"@id\":\"https:\/\/weltlaeden.de\/hameln\/#website\"},\"primaryImageOfPage\":{\"@id\":\"https:\/\/weltlaeden.de\/hameln\/ueber-uns\/#primaryimage\"},\"image\":{\"@id\":\"https:\/\/weltlaeden.de\/hameln\/ueber-uns\/#primaryimage\"},\"thumbnailUrl\":\"https:\/\/weltlaeden.de\/hameln\/wp-content\/uploads\/sites\/183\/2022\/09\/HdK-Sommer1-270x300.jpg\",\"datePublished\":\"2016-10-28T11:34:47+00:00\",\"dateModified\":\"2024-12-14T15:35:15+00:00\",\"breadcrumb\":{\"@id\":\"https:\/\/weltlaeden.de\/hameln\/ueber-uns\/#breadcrumb\"},\"inLanguage\":\"de\",\"potentialAction\":[{\"@type\":\"ReadAction\",\"target\":[\"https:\/\/weltlaeden.de\/hameln\/ueber-uns\/\"]}]},{\"@type\":\"ImageObject\",\"inLanguage\":\"de\",\"@id\":\"https:\/\/weltlaeden.de\/hameln\/ueber-uns\/#primaryimage\",\"url\":\"https:\/\/weltlaeden.de\/hameln\/wp-content\/uploads\/sites\/183\/2022\/09\/HdK-Sommer1.jpg\",\"contentUrl\":\"https:\/\/weltlaeden.de\/hameln\/wp-content\/uploads\/sites\/183\/2022\/09\/HdK-Sommer1.jpg\",\"width\":1064,\"height\":1181},{\"@type\":\"BreadcrumbList\",\"@id\":\"https:\/\/weltlaeden.de\/hameln\/ueber-uns\/#breadcrumb\",\"itemListElement\":[{\"@type\":\"ListItem\",\"position\":1,\"name\":\"Startseite\",\"item\":\"https:\/\/weltlaeden.de\/hameln\/\"},{\"@type\":\"ListItem\",\"position\":2,\"name\":\"\u00dcber uns\"}]},{\"@type\":\"WebSite\",\"@id\":\"https:\/\/weltlaeden.de\/hameln\/#website\",\"url\":\"https:\/\/weltlaeden.de\/hameln\/\",\"name\":\"Weltladen Hameln\",\"description\":\"Faire Produkte seit 1990\",\"potentialAction\":[{\"@type\":\"SearchAction\",\"target\":{\"@type\":\"EntryPoint\",\"urlTemplate\":\"https:\/\/weltlaeden.de\/hameln\/?s={search_term_string}\"},\"query-input\":{\"@type\":\"PropertyValueSpecification\",\"valueRequired\":true,\"valueName\":\"search_term_string\"}}],\"inLanguage\":\"de\"}]}<\/script>\n<!-- \/ Yoast SEO plugin. -->","yoast_head_json":{"title":"\u00dcber uns - Weltladen Hameln","robots":{"index":"index","follow":"follow","max-snippet":"max-snippet:-1","max-image-preview":"max-image-preview:large","max-video-preview":"max-video-preview:-1"},"canonical":"https:\/\/weltlaeden.de\/hameln\/ueber-uns\/","og_locale":"de_DE","og_type":"article","og_title":"\u00dcber uns - Weltladen Hameln","og_description":"[vc_row][vc_column][vc_empty_space][vc_column_text] Mitmachen im Q&#8217;Antati Weltladen Hameln und im Verein &#8222;Aktion Eine Welt e.V.&#8220; [\/vc_column_text][vc_column_text]Wir suchen Menschen, die Lust haben, sich ehrenamtlich f\u00fcr eine offene, transparente, \u00f6kologische und nachhaltige Form des Wirtschaftens zu engagieren. Ob im Verkauf oder der Informations- oder Bildungsarbeit, gern auch jemanden f\u00fcr die Betreuung unserer Webseite und den Aufbau von Social-Media Seiten.\u00a0&hellip;","og_url":"https:\/\/weltlaeden.de\/hameln\/ueber-uns\/","og_site_name":"Weltladen Hameln","article_modified_time":"2024-12-14T15:35:15+00:00","og_image":[{"width":1064,"height":1181,"url":"https:\/\/weltlaeden.de\/hameln\/wp-content\/uploads\/sites\/183\/2022\/09\/HdK-Sommer1.jpg","type":"image\/jpeg"}],"twitter_card":"summary_large_image","twitter_misc":{"Gesch\u00e4tzte Lesezeit":"4\u00a0Minuten"},"schema":{"@context":"https:\/\/schema.org","@graph":[{"@type":"WebPage","@id":"https:\/\/weltlaeden.de\/hameln\/ueber-uns\/","url":"https:\/\/weltlaeden.de\/hameln\/ueber-uns\/","name":"\u00dcber uns - Weltladen Hameln","isPartOf":{"@id":"https:\/\/weltlaeden.de\/hameln\/#website"},"primaryImageOfPage":{"@id":"https:\/\/weltlaeden.de\/hameln\/ueber-uns\/#primaryimage"},"image":{"@id":"https:\/\/weltlaeden.de\/hameln\/ueber-uns\/#primaryimage"},"thumbnailUrl":"https:\/\/weltlaeden.de\/hameln\/wp-content\/uploads\/sites\/183\/2022\/09\/HdK-Sommer1-270x300.jpg","datePublished":"2016-10-28T11:34:47+00:00","dateModified":"2024-12-14T15:35:15+00:00","breadcrumb":{"@id":"https:\/\/weltlaeden.de\/hameln\/ueber-uns\/#breadcrumb"},"inLanguage":"de","potentialAction":[{"@type":"ReadAction","target":["https:\/\/weltlaeden.de\/hameln\/ueber-uns\/"]}]},{"@type":"ImageObject","inLanguage":"de","@id":"https:\/\/weltlaeden.de\/hameln\/ueber-uns\/#primaryimage","url":"https:\/\/weltlaeden.de\/hameln\/wp-content\/uploads\/sites\/183\/2022\/09\/HdK-Sommer1.jpg","contentUrl":"https:\/\/weltlaeden.de\/hameln\/wp-content\/uploads\/sites\/183\/2022\/09\/HdK-Sommer1.jpg","width":1064,"height":1181},{"@type":"BreadcrumbList","@id":"https:\/\/weltlaeden.de\/hameln\/ueber-uns\/#breadcrumb","itemListElement":[{"@type":"ListItem","position":1,"name":"Startseite","item":"https:\/\/weltlaeden.de\/hameln\/"},{"@type":"ListItem","position":2,"name":"\u00dcber uns"}]},{"@type":"WebSite","@id":"https:\/\/weltlaeden.de\/hameln\/#website","url":"https:\/\/weltlaeden.de\/hameln\/","name":"Weltladen Hameln","description":"Faire Produkte seit 1990","potentialAction":[{"@type":"SearchAction","target":{"@type":"EntryPoint","urlTemplate":"https:\/\/weltlaeden.de\/hameln\/?s={search_term_string}"},"query-input":{"@type":"PropertyValueSpecification","valueRequired":true,"valueName":"search_term_string"}}],"inLanguage":"de"}]}},"_links":{"self":[{"href":"https:\/\/weltlaeden.de\/hameln\/wp-json\/wp\/v2\/pages\/219","targetHints":{"allow":["GET"]}}],"collection":[{"href":"https:\/\/weltlaeden.de\/hameln\/wp-json\/wp\/v2\/pages"}],"about":[{"href":"https:\/\/weltlaeden.de\/hameln\/wp-json\/wp\/v2\/types\/page"}],"author":[{"embeddable":true,"href":"https:\/\/weltlaeden.de\/hameln\/wp-json\/wp\/v2\/users\/1"}],"replies":[{"embeddable":true,"href":"https:\/\/weltlaeden.de\/hameln\/wp-json\/wp\/v2\/comments?post=219"}],"version-history":[{"count":22,"href":"https:\/\/weltlaeden.de\/hameln\/wp-json\/wp\/v2\/pages\/219\/revisions"}],"predecessor-version":[{"id":707,"href":"https:\/\/weltlaeden.de\/hameln\/wp-json\/wp\/v2\/pages\/219\/revisions\/707"}],"wp:attachment":[{"href":"https:\/\/weltlaeden.de\/hameln\/wp-json\/wp\/v2\/media?parent=219"}],"curies":[{"name":"wp","href":"https:\/\/api.w.org\/{rel}","templated":true}]}}