{"id":2117,"date":"2024-10-19T17:08:32","date_gmt":"2024-10-19T15:08:32","guid":{"rendered":"https:\/\/weltlaeden.de\/guetersloh\/?page_id=2117"},"modified":"2024-11-07T17:12:45","modified_gmt":"2024-11-07T16:12:45","slug":"fuer-einzelhaendler-faire-orangen-im-advent","status":"publish","type":"page","link":"https:\/\/weltlaeden.de\/guetersloh\/fuer-einzelhaendler-faire-orangen-im-advent\/","title":{"rendered":"f\u00fcr Einzelh\u00e4ndler: faire Orangen im Winter"},"content":{"rendered":"","protected":true},"excerpt":{"rendered":"","protected":true},"author":198,"featured_media":0,"parent":0,"menu_order":0,"comment_status":"closed","ping_status":"closed","template":"","meta":{"footnotes":""},"class_list":["post-2117","page","type-page","status-publish","post-password-required","hentry","description-off"],"yoast_head":"<!-- This site is optimized with the Yoast SEO plugin v26.8 - https:\/\/yoast.com\/product\/yoast-seo-wordpress\/ -->\n<title>f\u00fcr Einzelh\u00e4ndler: faire Orangen im Winter - Weltladen G\u00fctersloh<\/title>\n<meta name=\"robots\" content=\"index, follow, max-snippet:-1, max-image-preview:large, max-video-preview:-1\" \/>\n<link rel=\"canonical\" href=\"https:\/\/weltlaeden.de\/guetersloh\/fuer-einzelhaendler-faire-orangen-im-advent\/\" \/>\n<meta property=\"og:locale\" content=\"de_DE\" \/>\n<meta property=\"og:type\" content=\"article\" \/>\n<meta property=\"og:title\" content=\"f\u00fcr Einzelh\u00e4ndler: faire Orangen im Winter - Weltladen G\u00fctersloh\" \/>\n<meta property=\"og:description\" content=\"Es gibt keinen Textauszug, da dies ein gesch\u00fctzter Beitrag ist.\" \/>\n<meta property=\"og:url\" content=\"https:\/\/weltlaeden.de\/guetersloh\/fuer-einzelhaendler-faire-orangen-im-advent\/\" \/>\n<meta property=\"og:site_name\" content=\"Weltladen G\u00fctersloh\" \/>\n<meta property=\"article:modified_time\" content=\"2024-11-07T16:12:45+00:00\" \/>\n<meta name=\"twitter:card\" content=\"summary_large_image\" \/>\n<meta name=\"twitter:label1\" content=\"Gesch\u00e4tzte Lesezeit\" \/>\n\t<meta name=\"twitter:data1\" content=\"1\u00a0Minute\" \/>\n<script type=\"application\/ld+json\" class=\"yoast-schema-graph\">{\"@context\":\"https:\/\/schema.org\",\"@graph\":[{\"@type\":\"WebPage\",\"@id\":\"https:\/\/weltlaeden.de\/guetersloh\/fuer-einzelhaendler-faire-orangen-im-advent\/\",\"url\":\"https:\/\/weltlaeden.de\/guetersloh\/fuer-einzelhaendler-faire-orangen-im-advent\/\",\"name\":\"f\u00fcr Einzelh\u00e4ndler: faire Orangen im Winter - Weltladen G\u00fctersloh\",\"isPartOf\":{\"@id\":\"https:\/\/weltlaeden.de\/guetersloh\/#website\"},\"datePublished\":\"2024-10-19T15:08:32+00:00\",\"dateModified\":\"2024-11-07T16:12:45+00:00\",\"breadcrumb\":{\"@id\":\"https:\/\/weltlaeden.de\/guetersloh\/fuer-einzelhaendler-faire-orangen-im-advent\/#breadcrumb\"},\"inLanguage\":\"de\"},{\"@type\":\"WebSite\",\"@id\":\"https:\/\/weltlaeden.de\/guetersloh\/#website\",\"url\":\"https:\/\/weltlaeden.de\/guetersloh\/\",\"name\":\"Weltladen G\u00fctersloh\",\"description\":\"Fair erzeugte und gehandelte Lebensmittel wie Kaffee, Kakao, Tee, Schokolade, Gew\u00fcrze, aber auch Taschen und T\u00fccher, Kunstgewerbe und Dekorationsartikel in G\u00fctersloh\",\"publisher\":{\"@id\":\"https:\/\/weltlaeden.de\/guetersloh\/#organization\"},\"potentialAction\":[{\"@type\":\"SearchAction\",\"target\":{\"@type\":\"EntryPoint\",\"urlTemplate\":\"https:\/\/weltlaeden.de\/guetersloh\/?s={search_term_string}\"},\"query-input\":{\"@type\":\"PropertyValueSpecification\",\"valueRequired\":true,\"valueName\":\"search_term_string\"}}],\"inLanguage\":\"de\"},{\"@type\":\"Organization\",\"@id\":\"https:\/\/weltlaeden.de\/guetersloh\/#organization\",\"name\":\"Weltladen G\u00fctersloh\",\"url\":\"https:\/\/weltlaeden.de\/guetersloh\/\",\"logo\":{\"@type\":\"ImageObject\",\"inLanguage\":\"de\",\"@id\":\"https:\/\/weltlaeden.de\/guetersloh\/#\/schema\/logo\/image\/\",\"url\":\"https:\/\/weltlaeden.de\/guetersloh\/wp-content\/uploads\/sites\/108\/2019\/08\/WLFH_Guetersloh_NG_orange_MK.jpg\",\"contentUrl\":\"https:\/\/weltlaeden.de\/guetersloh\/wp-content\/uploads\/sites\/108\/2019\/08\/WLFH_Guetersloh_NG_orange_MK.jpg\",\"width\":2391,\"height\":596,\"caption\":\"Weltladen G\u00fctersloh\"},\"image\":{\"@id\":\"https:\/\/weltlaeden.de\/guetersloh\/#\/schema\/logo\/image\/\"}}]}<\/script>\n<!-- \/ Yoast SEO plugin. -->","yoast_head_json":{"title":"f\u00fcr Einzelh\u00e4ndler: faire Orangen im Winter - Weltladen G\u00fctersloh","robots":{"index":"index","follow":"follow","max-snippet":"max-snippet:-1","max-image-preview":"max-image-preview:large","max-video-preview":"max-video-preview:-1"},"canonical":"https:\/\/weltlaeden.de\/guetersloh\/fuer-einzelhaendler-faire-orangen-im-advent\/","og_locale":"de_DE","og_type":"article","og_title":"f\u00fcr Einzelh\u00e4ndler: faire Orangen im Winter - Weltladen G\u00fctersloh","og_description":"Es gibt keinen Textauszug, da dies ein gesch\u00fctzter Beitrag ist.","og_url":"https:\/\/weltlaeden.de\/guetersloh\/fuer-einzelhaendler-faire-orangen-im-advent\/","og_site_name":"Weltladen G\u00fctersloh","article_modified_time":"2024-11-07T16:12:45+00:00","twitter_card":"summary_large_image","twitter_misc":{"Gesch\u00e4tzte Lesezeit":"1\u00a0Minute"},"schema":{"@context":"https:\/\/schema.org","@graph":[{"@type":"WebPage","@id":"https:\/\/weltlaeden.de\/guetersloh\/fuer-einzelhaendler-faire-orangen-im-advent\/","url":"https:\/\/weltlaeden.de\/guetersloh\/fuer-einzelhaendler-faire-orangen-im-advent\/","name":"f\u00fcr Einzelh\u00e4ndler: faire Orangen im Winter - Weltladen G\u00fctersloh","isPartOf":{"@id":"https:\/\/weltlaeden.de\/guetersloh\/#website"},"datePublished":"2024-10-19T15:08:32+00:00","dateModified":"2024-11-07T16:12:45+00:00","breadcrumb":{"@id":"https:\/\/weltlaeden.de\/guetersloh\/fuer-einzelhaendler-faire-orangen-im-advent\/#breadcrumb"},"inLanguage":"de"},{"@type":"WebSite","@id":"https:\/\/weltlaeden.de\/guetersloh\/#website","url":"https:\/\/weltlaeden.de\/guetersloh\/","name":"Weltladen G\u00fctersloh","description":"Fair erzeugte und gehandelte Lebensmittel wie Kaffee, Kakao, Tee, Schokolade, Gew\u00fcrze, aber auch Taschen und T\u00fccher, Kunstgewerbe und Dekorationsartikel in G\u00fctersloh","publisher":{"@id":"https:\/\/weltlaeden.de\/guetersloh\/#organization"},"potentialAction":[{"@type":"SearchAction","target":{"@type":"EntryPoint","urlTemplate":"https:\/\/weltlaeden.de\/guetersloh\/?s={search_term_string}"},"query-input":{"@type":"PropertyValueSpecification","valueRequired":true,"valueName":"search_term_string"}}],"inLanguage":"de"},{"@type":"Organization","@id":"https:\/\/weltlaeden.de\/guetersloh\/#organization","name":"Weltladen G\u00fctersloh","url":"https:\/\/weltlaeden.de\/guetersloh\/","logo":{"@type":"ImageObject","inLanguage":"de","@id":"https:\/\/weltlaeden.de\/guetersloh\/#\/schema\/logo\/image\/","url":"https:\/\/weltlaeden.de\/guetersloh\/wp-content\/uploads\/sites\/108\/2019\/08\/WLFH_Guetersloh_NG_orange_MK.jpg","contentUrl":"https:\/\/weltlaeden.de\/guetersloh\/wp-content\/uploads\/sites\/108\/2019\/08\/WLFH_Guetersloh_NG_orange_MK.jpg","width":2391,"height":596,"caption":"Weltladen G\u00fctersloh"},"image":{"@id":"https:\/\/weltlaeden.de\/guetersloh\/#\/schema\/logo\/image\/"}}]}},"_links":{"self":[{"href":"https:\/\/weltlaeden.de\/guetersloh\/wp-json\/wp\/v2\/pages\/2117","targetHints":{"allow":["GET"]}}],"collection":[{"href":"https:\/\/weltlaeden.de\/guetersloh\/wp-json\/wp\/v2\/pages"}],"about":[{"href":"https:\/\/weltlaeden.de\/guetersloh\/wp-json\/wp\/v2\/types\/page"}],"author":[{"embeddable":true,"href":"https:\/\/weltlaeden.de\/guetersloh\/wp-json\/wp\/v2\/users\/198"}],"replies":[{"embeddable":true,"href":"https:\/\/weltlaeden.de\/guetersloh\/wp-json\/wp\/v2\/comments?post=2117"}],"version-history":[{"count":4,"href":"https:\/\/weltlaeden.de\/guetersloh\/wp-json\/wp\/v2\/pages\/2117\/revisions"}],"predecessor-version":[{"id":2129,"href":"https:\/\/weltlaeden.de\/guetersloh\/wp-json\/wp\/v2\/pages\/2117\/revisions\/2129"}],"wp:attachment":[{"href":"https:\/\/weltlaeden.de\/guetersloh\/wp-json\/wp\/v2\/media?parent=2117"}],"curies":[{"name":"wp","href":"https:\/\/api.w.org\/{rel}","templated":true}]}}