{"id":1961,"date":"2023-12-19T13:54:54","date_gmt":"2023-12-19T12:54:54","guid":{"rendered":"https:\/\/weltlaeden.de\/guetersloh\/?page_id=1961"},"modified":"2026-01-09T21:28:14","modified_gmt":"2026-01-09T20:28:14","slug":"projekte-des-ewgt","status":"publish","type":"page","link":"https:\/\/weltlaeden.de\/guetersloh\/projekte-des-ewgt\/","title":{"rendered":"Projekte des EWGT"},"content":{"rendered":"<div class=\"wpb-content-wrapper\"><p>[vc_row][vc_column][vc_column_text]<strong>Der Eine-Welt-G\u00fctersloh e.V. ist ein gemeinn\u00fctziger Verein.<\/strong><\/p>\n<p>Er hat sich u.a. die F\u00f6rderung des Fairen Handels zum Ziel gesetzt und betreibt dazu den Weltladen G\u00fctersloh. Die im Weltladen angebotenen Waren werden den <a href=\"https:\/\/www.weltladen.de\/site\/assets\/matterial\/document\/37\/version\/1474\/attachment\/2018_WFTO_Die%20zehn%20Grunds%C3%A4tze%20des%20Fairen%20Handels.pdf\">10 Grunds\u00e4tzen des Fairen Handels<\/a> gerecht.<\/p>\n<p>Daneben setzt er sich aber auch f\u00fcr V\u00f6lkerverst\u00e4ndigung, den Schutz von Natur und Umwelt sowie den fairen Umgang mit allen Menschen ein.<br \/>\nDazu werden unregelm\u00e4\u00dfig verschiedene Informations- und Bildungsveranstaltungen organisiert, um das Bewusstsein f\u00fcr die Zusammenh\u00e4nge zwischen Industriel\u00e4ndern und den L\u00e4ndern des globalen S\u00fcdens zu schaffen.[\/vc_column_text][vc_row_inner][vc_column_inner width=&#8220;1\/3&#8243;][vc_single_image image=&#8220;2170&#8243; img_size=&#8220;medium&#8220; css=&#8220;&#8220;][\/vc_column_inner][vc_column_inner width=&#8220;2\/3&#8243;][vc_column_text css=&#8220;&#8220;]<strong>Projekt &#8222;<a href=\"https:\/\/www.bne-portal.de\/bne\/de\/einstieg\/was-ist-bne\/was-ist-bne.html\">Bildung f\u00fcr nachhaltige Entwicklung&#8220; (BNE)<\/a><\/strong><\/p>\n<p>In Zumannenarbeit mit der <a href=\"https:\/\/www.vhs-gt.de\/\">Volkshochschule G\u00fctersloh<\/a> und dem Ausschuss f\u00fcr Mission, \u00d6kumene und kirchliche Weltverantwortung (M\u00d6We) der Ev. Kirche G\u00fctersloh veranstaltet der Verein regelm\u00e4\u00dfie Vortr\u00e4ge und Seminare.<\/p>\n<p><strong>Die n\u00e4chsten Termine:<\/strong><\/p>\n<p><strong>Dienstag, 24. Februar 2026<\/strong> Vom Wert der Dunkelheit: Lichtverschmutzung, Artenschutz und B\u00fcrgerbelange. Vortrag mit anschlie\u00dfendem Nachtrundgang<\/p>\n<p><strong>Samstag, 28. Februar 2026<\/strong>, Gemeinsames Fastenbrechen mit interkulturellem Buffet und (spiritueller) Gemeinschaft<\/p>\n<p><strong>Dienstag, 17. M\u00e4rz 2026<\/strong>, Alles f\u00fcr das Osterfr\u00fchst\u00fcck: Vegane Aufstriche und Geb\u00e4ck<\/p>\n<p><strong>Dienstag, 24. M\u00e4rz 2026<\/strong>, Wasser f\u00fcr alle?! Perspektiven aus Ghana und Deutschland<\/p>\n<p><strong>Dienstag, 24. April 2026<\/strong>, Nachhaltiger Resen &#8211; Der sch\u00f6nste Urlaub!<\/p>\n<p>siehe auch unter der Termine des Weltladens in der rechten Spalte<\/p>\n<p>[\/vc_column_text][vc_separator color=&#8220;mulled_wine&#8220; css=&#8220;&#8220;][\/vc_column_inner][\/vc_row_inner][vc_row_inner][vc_column_inner width=&#8220;1\/3&#8243;][vc_single_image image=&#8220;2177&#8243; img_size=&#8220;medium&#8220; add_caption=&#8220;yes&#8220; onclick=&#8220;img_link_large&#8220; css=&#8220;&#8220;][vc_single_image image=&#8220;2199&#8243; img_size=&#8220;medium&#8220; onclick=&#8220;img_link_large&#8220; css=&#8220;&#8220;][\/vc_column_inner][vc_column_inner width=&#8220;2\/3&#8243;][vc_column_text css=&#8220;&#8220;]<strong>Zusammenarbeit mit Schulen<\/strong><\/p>\n<p>Insbesondere zu den hiesigen Gymnasien und Gesamtschulen wird durch ein Team zweier Mitarbeiterinnen des Weltladens ein regelm\u00e4\u00dfiger Kontakt gehalten.<br \/>\nDaraus resultierten bereits gemeinsam durchgef\u00fchrte Bildungsangebote in den R\u00e4umen des Weltladens und der jeweiligen Schule.<br \/>\nIm letzten Jahr (2024) wurde z.B. die Problematik globaler Lieferketten am Beispiel der Kakaogewinnung und der Schokoladenproduktion und -vermarktung als Thema gesetzt. Ein Film sorgte anschaulich f\u00fcr erste Informationen und den Einstieg ins Thema. In anschlie\u00dfenden Diskussionsrunden und Erarbeiten weiterer Informationen wurde anhand der Grunds\u00e4tze des Fairen Handels auch ethische Aspekte unseres Konsumverhaltens beleuchtet und Wege aufgezeigt, wie Sch\u00fclerinnen und Sch\u00fcler als Multiplikatoren f\u00fcr eine &#8222;bessere Welt&#8220; erfolgreich sein k\u00f6nnen.<\/p>\n<p>[\/vc_column_text][vc_separator color=&#8220;mulled_wine&#8220; css=&#8220;&#8220;][\/vc_column_inner][\/vc_row_inner][vc_row_inner][vc_column_inner width=&#8220;1\/3&#8243;][vc_single_image image=&#8220;2016&#8243; img_size=&#8220;medium&#8220;][\/vc_column_inner][vc_column_inner width=&#8220;2\/3&#8243;][vc_column_text]<strong>Teil der Fair Trade Steuerungsgruppe<\/strong><\/p>\n<p>G\u00fctersloh ist seit 7 Jahren (Stand 2024) als Fair Trade Stadt, als &#8222;Stadt des fairen Handels&#8220; zertifiziert.<\/p>\n<p>Der Verein Eine-Welt-G\u00fctersloh e.V. ist Mitglied in der <a href=\"https:\/\/www.guetersloh.de\/de\/rathaus\/fachbereiche-und-einrichtungen\/umweltschutz\/fairtradestadt-guetersloh\/aktiv-in-der-steuerungsgruppe-guetersloh.php\">Steuerungsgruppe<\/a>. Diese organisiert beispielsweise in jedem Jahr die Faire Woche in der Stadt[\/vc_column_text][vc_separator color=&#8220;mulled_wine&#8220; css=&#8220;&#8220;][\/vc_column_inner][\/vc_row_inner][vc_row_inner][vc_column_inner width=&#8220;1\/3&#8243;][vc_single_image image=&#8220;2184&#8243; img_size=&#8220;medium&#8220; css=&#8220;&#8220;][\/vc_column_inner][vc_column_inner width=&#8220;2\/3&#8243;][vc_column_text]Der Eine-Welt-G\u00fctersloh e.V. unterst\u00fctzt die <a href=\"https:\/\/klimawoche-guetersloh.de\/2024\/\">Klimawoche G\u00fctersloh<\/a>, das gr\u00f6\u00dfte und wichtigste B\u00fcndnis f\u00fcr Klimaschutz in G\u00fctersloh.[\/vc_column_text][vc_separator color=&#8220;mulled_wine&#8220; css=&#8220;&#8220;][\/vc_column_inner][\/vc_row_inner][\/vc_column][\/vc_row][vc_row][vc_column width=&#8220;1\/3&#8243;][\/vc_column][vc_column width=&#8220;2\/3&#8243;][vc_column_text]<strong>Adivasi Tee Projekt<\/strong><\/p>\n<p>(Text kommt!)[\/vc_column_text][\/vc_column][\/vc_row][vc_row][vc_column width=&#8220;1\/3&#8243;][vc_single_image image=&#8220;1604&#8243;][\/vc_column][vc_column width=&#8220;2\/3&#8243;][vc_separator color=&#8220;mulled_wine&#8220; css=&#8220;&#8220;][vc_column_text]<strong>S\u00fc\u00df statt bitter: Orangenprojekt<\/strong><\/p>\n<p><strong><span dir=\"ltr\" role=\"presentation\">Orangen ohne Sklavere<\/span>i!<\/strong><\/p>\n<p>F\u00fcr frische Orangen in unseren Superm\u00e4rkten werden afrikanische Migranten auf Plantagen in Italien ausgebeutet. Meist von Kleinbauern, die selbst unter gro\u00dfem Preisdruck stehen. Ein Verein in S\u00fcditalien stellt sich dem entgegen und verkauft faire Orangen auch zu uns.<\/p>\n<p>In Italien werden afrikanische Migranten ausgebeutet \u2013 meist von Kleinbauern, die selbst unter dem Preisdruck von Supermarktketten stehen. Sie m\u00fcssen ihre Orangen f\u00fcr einen Preis verkaufen, der kaum die Kosten f\u00fcr das Pfl\u00fccken abdeckt. SOS Rosarno in Kalabrien zeigt, dass es anders geht: Der Verein stellt den direkten Kontakt zwischen Bauern, Arbeitern und Einkaufsgemeinschaften her, ohne Zwischenstufen des Handels. So erhalten Arbeiter und Bauern einen fairen Preis und k\u00f6nnen in W\u00fcrde leben. Zudem unterst\u00fctzt die Orangen-Aktion die Arbeit von \u201eMediterranean Hope\u201c, das Gefl\u00fcchtetenprogramm des Bundes der evangelischen Kirchen in Italien.<\/p>\n<p>Der Eine Welt G\u00fctersloh nimmt regelm\u00e4\u00dfig an Vertriebsaktionen teil und bietet die leckeren Orangen im Weltladen an. F\u00fcr jede verkaufte Kiste spendet er au\u00dferdem 2,&#8211; \u20ac f\u00fcr das Projekt SOS Rosarno.[\/vc_column_text][\/vc_column][\/vc_row]<\/p>\n<\/div>","protected":false},"excerpt":{"rendered":"<p>[vc_row][vc_column][vc_column_text]Der Eine-Welt-G\u00fctersloh e.V. ist ein gemeinn\u00fctziger Verein. Er hat sich u.a. die F\u00f6rderung des Fairen Handels zum Ziel gesetzt und betreibt dazu den Weltladen G\u00fctersloh. Die im Weltladen angebotenen Waren werden den 10 Grunds\u00e4tzen des Fairen Handels gerecht. Daneben setzt er sich aber auch f\u00fcr V\u00f6lkerverst\u00e4ndigung, den Schutz von Natur und Umwelt sowie den fairen&hellip;<\/p>\n","protected":false},"author":198,"featured_media":0,"parent":0,"menu_order":0,"comment_status":"closed","ping_status":"closed","template":"","meta":{"footnotes":""},"class_list":["post-1961","page","type-page","status-publish","hentry","description-off"],"yoast_head":"<!-- This site is optimized with the Yoast SEO plugin v26.8 - https:\/\/yoast.com\/product\/yoast-seo-wordpress\/ -->\n<title>Projekte des EWGT - Weltladen G\u00fctersloh<\/title>\n<meta name=\"robots\" content=\"index, follow, max-snippet:-1, max-image-preview:large, max-video-preview:-1\" \/>\n<link rel=\"canonical\" href=\"https:\/\/weltlaeden.de\/guetersloh\/projekte-des-ewgt\/\" \/>\n<meta property=\"og:locale\" content=\"de_DE\" \/>\n<meta property=\"og:type\" content=\"article\" \/>\n<meta property=\"og:title\" content=\"Projekte des EWGT - Weltladen G\u00fctersloh\" \/>\n<meta property=\"og:description\" content=\"[vc_row][vc_column][vc_column_text]Der Eine-Welt-G\u00fctersloh e.V. ist ein gemeinn\u00fctziger Verein. Er hat sich u.a. die F\u00f6rderung des Fairen Handels zum Ziel gesetzt und betreibt dazu den Weltladen G\u00fctersloh. Die im Weltladen angebotenen Waren werden den 10 Grunds\u00e4tzen des Fairen Handels gerecht. Daneben setzt er sich aber auch f\u00fcr V\u00f6lkerverst\u00e4ndigung, den Schutz von Natur und Umwelt sowie den fairen&hellip;\" \/>\n<meta property=\"og:url\" content=\"https:\/\/weltlaeden.de\/guetersloh\/projekte-des-ewgt\/\" \/>\n<meta property=\"og:site_name\" content=\"Weltladen G\u00fctersloh\" \/>\n<meta property=\"article:modified_time\" content=\"2026-01-09T20:28:14+00:00\" \/>\n<meta name=\"twitter:card\" content=\"summary_large_image\" \/>\n<meta name=\"twitter:label1\" content=\"Gesch\u00e4tzte Lesezeit\" \/>\n\t<meta name=\"twitter:data1\" content=\"5\u00a0Minuten\" \/>\n<script type=\"application\/ld+json\" class=\"yoast-schema-graph\">{\"@context\":\"https:\/\/schema.org\",\"@graph\":[{\"@type\":\"WebPage\",\"@id\":\"https:\/\/weltlaeden.de\/guetersloh\/projekte-des-ewgt\/\",\"url\":\"https:\/\/weltlaeden.de\/guetersloh\/projekte-des-ewgt\/\",\"name\":\"Projekte des EWGT - Weltladen G\u00fctersloh\",\"isPartOf\":{\"@id\":\"https:\/\/weltlaeden.de\/guetersloh\/#website\"},\"datePublished\":\"2023-12-19T12:54:54+00:00\",\"dateModified\":\"2026-01-09T20:28:14+00:00\",\"breadcrumb\":{\"@id\":\"https:\/\/weltlaeden.de\/guetersloh\/projekte-des-ewgt\/#breadcrumb\"},\"inLanguage\":\"de\",\"potentialAction\":[{\"@type\":\"ReadAction\",\"target\":[\"https:\/\/weltlaeden.de\/guetersloh\/projekte-des-ewgt\/\"]}]},{\"@type\":\"BreadcrumbList\",\"@id\":\"https:\/\/weltlaeden.de\/guetersloh\/projekte-des-ewgt\/#breadcrumb\",\"itemListElement\":[{\"@type\":\"ListItem\",\"position\":1,\"name\":\"Startseite\",\"item\":\"https:\/\/weltlaeden.de\/guetersloh\/\"},{\"@type\":\"ListItem\",\"position\":2,\"name\":\"Projekte des EWGT\"}]},{\"@type\":\"WebSite\",\"@id\":\"https:\/\/weltlaeden.de\/guetersloh\/#website\",\"url\":\"https:\/\/weltlaeden.de\/guetersloh\/\",\"name\":\"Weltladen G\u00fctersloh\",\"description\":\"Fair erzeugte und gehandelte Lebensmittel wie Kaffee, Kakao, Tee, Schokolade, Gew\u00fcrze, aber auch Taschen und T\u00fccher, Kunstgewerbe und Dekorationsartikel in G\u00fctersloh\",\"publisher\":{\"@id\":\"https:\/\/weltlaeden.de\/guetersloh\/#organization\"},\"potentialAction\":[{\"@type\":\"SearchAction\",\"target\":{\"@type\":\"EntryPoint\",\"urlTemplate\":\"https:\/\/weltlaeden.de\/guetersloh\/?s={search_term_string}\"},\"query-input\":{\"@type\":\"PropertyValueSpecification\",\"valueRequired\":true,\"valueName\":\"search_term_string\"}}],\"inLanguage\":\"de\"},{\"@type\":\"Organization\",\"@id\":\"https:\/\/weltlaeden.de\/guetersloh\/#organization\",\"name\":\"Weltladen G\u00fctersloh\",\"url\":\"https:\/\/weltlaeden.de\/guetersloh\/\",\"logo\":{\"@type\":\"ImageObject\",\"inLanguage\":\"de\",\"@id\":\"https:\/\/weltlaeden.de\/guetersloh\/#\/schema\/logo\/image\/\",\"url\":\"https:\/\/weltlaeden.de\/guetersloh\/wp-content\/uploads\/sites\/108\/2019\/08\/WLFH_Guetersloh_NG_orange_MK.jpg\",\"contentUrl\":\"https:\/\/weltlaeden.de\/guetersloh\/wp-content\/uploads\/sites\/108\/2019\/08\/WLFH_Guetersloh_NG_orange_MK.jpg\",\"width\":2391,\"height\":596,\"caption\":\"Weltladen G\u00fctersloh\"},\"image\":{\"@id\":\"https:\/\/weltlaeden.de\/guetersloh\/#\/schema\/logo\/image\/\"}}]}<\/script>\n<!-- \/ Yoast SEO plugin. -->","yoast_head_json":{"title":"Projekte des EWGT - Weltladen G\u00fctersloh","robots":{"index":"index","follow":"follow","max-snippet":"max-snippet:-1","max-image-preview":"max-image-preview:large","max-video-preview":"max-video-preview:-1"},"canonical":"https:\/\/weltlaeden.de\/guetersloh\/projekte-des-ewgt\/","og_locale":"de_DE","og_type":"article","og_title":"Projekte des EWGT - Weltladen G\u00fctersloh","og_description":"[vc_row][vc_column][vc_column_text]Der Eine-Welt-G\u00fctersloh e.V. ist ein gemeinn\u00fctziger Verein. Er hat sich u.a. die F\u00f6rderung des Fairen Handels zum Ziel gesetzt und betreibt dazu den Weltladen G\u00fctersloh. Die im Weltladen angebotenen Waren werden den 10 Grunds\u00e4tzen des Fairen Handels gerecht. Daneben setzt er sich aber auch f\u00fcr V\u00f6lkerverst\u00e4ndigung, den Schutz von Natur und Umwelt sowie den fairen&hellip;","og_url":"https:\/\/weltlaeden.de\/guetersloh\/projekte-des-ewgt\/","og_site_name":"Weltladen G\u00fctersloh","article_modified_time":"2026-01-09T20:28:14+00:00","twitter_card":"summary_large_image","twitter_misc":{"Gesch\u00e4tzte Lesezeit":"5\u00a0Minuten"},"schema":{"@context":"https:\/\/schema.org","@graph":[{"@type":"WebPage","@id":"https:\/\/weltlaeden.de\/guetersloh\/projekte-des-ewgt\/","url":"https:\/\/weltlaeden.de\/guetersloh\/projekte-des-ewgt\/","name":"Projekte des EWGT - Weltladen G\u00fctersloh","isPartOf":{"@id":"https:\/\/weltlaeden.de\/guetersloh\/#website"},"datePublished":"2023-12-19T12:54:54+00:00","dateModified":"2026-01-09T20:28:14+00:00","breadcrumb":{"@id":"https:\/\/weltlaeden.de\/guetersloh\/projekte-des-ewgt\/#breadcrumb"},"inLanguage":"de","potentialAction":[{"@type":"ReadAction","target":["https:\/\/weltlaeden.de\/guetersloh\/projekte-des-ewgt\/"]}]},{"@type":"BreadcrumbList","@id":"https:\/\/weltlaeden.de\/guetersloh\/projekte-des-ewgt\/#breadcrumb","itemListElement":[{"@type":"ListItem","position":1,"name":"Startseite","item":"https:\/\/weltlaeden.de\/guetersloh\/"},{"@type":"ListItem","position":2,"name":"Projekte des EWGT"}]},{"@type":"WebSite","@id":"https:\/\/weltlaeden.de\/guetersloh\/#website","url":"https:\/\/weltlaeden.de\/guetersloh\/","name":"Weltladen G\u00fctersloh","description":"Fair erzeugte und gehandelte Lebensmittel wie Kaffee, Kakao, Tee, Schokolade, Gew\u00fcrze, aber auch Taschen und T\u00fccher, Kunstgewerbe und Dekorationsartikel in G\u00fctersloh","publisher":{"@id":"https:\/\/weltlaeden.de\/guetersloh\/#organization"},"potentialAction":[{"@type":"SearchAction","target":{"@type":"EntryPoint","urlTemplate":"https:\/\/weltlaeden.de\/guetersloh\/?s={search_term_string}"},"query-input":{"@type":"PropertyValueSpecification","valueRequired":true,"valueName":"search_term_string"}}],"inLanguage":"de"},{"@type":"Organization","@id":"https:\/\/weltlaeden.de\/guetersloh\/#organization","name":"Weltladen G\u00fctersloh","url":"https:\/\/weltlaeden.de\/guetersloh\/","logo":{"@type":"ImageObject","inLanguage":"de","@id":"https:\/\/weltlaeden.de\/guetersloh\/#\/schema\/logo\/image\/","url":"https:\/\/weltlaeden.de\/guetersloh\/wp-content\/uploads\/sites\/108\/2019\/08\/WLFH_Guetersloh_NG_orange_MK.jpg","contentUrl":"https:\/\/weltlaeden.de\/guetersloh\/wp-content\/uploads\/sites\/108\/2019\/08\/WLFH_Guetersloh_NG_orange_MK.jpg","width":2391,"height":596,"caption":"Weltladen G\u00fctersloh"},"image":{"@id":"https:\/\/weltlaeden.de\/guetersloh\/#\/schema\/logo\/image\/"}}]}},"_links":{"self":[{"href":"https:\/\/weltlaeden.de\/guetersloh\/wp-json\/wp\/v2\/pages\/1961","targetHints":{"allow":["GET"]}}],"collection":[{"href":"https:\/\/weltlaeden.de\/guetersloh\/wp-json\/wp\/v2\/pages"}],"about":[{"href":"https:\/\/weltlaeden.de\/guetersloh\/wp-json\/wp\/v2\/types\/page"}],"author":[{"embeddable":true,"href":"https:\/\/weltlaeden.de\/guetersloh\/wp-json\/wp\/v2\/users\/198"}],"replies":[{"embeddable":true,"href":"https:\/\/weltlaeden.de\/guetersloh\/wp-json\/wp\/v2\/comments?post=1961"}],"version-history":[{"count":41,"href":"https:\/\/weltlaeden.de\/guetersloh\/wp-json\/wp\/v2\/pages\/1961\/revisions"}],"predecessor-version":[{"id":2264,"href":"https:\/\/weltlaeden.de\/guetersloh\/wp-json\/wp\/v2\/pages\/1961\/revisions\/2264"}],"wp:attachment":[{"href":"https:\/\/weltlaeden.de\/guetersloh\/wp-json\/wp\/v2\/media?parent=1961"}],"curies":[{"name":"wp","href":"https:\/\/api.w.org\/{rel}","templated":true}]}}