{"version":"1.0","provider_name":"Weltladen G\u00fctersloh","provider_url":"https:\/\/weltlaeden.de\/guetersloh","title":"Kaffeeverkostung vor dem Weltladen - Weltladen G\u00fctersloh","type":"rich","width":600,"height":338,"html":"<blockquote class=\"wp-embedded-content\" data-secret=\"gBCPGhJoxy\"><a href=\"https:\/\/weltlaeden.de\/guetersloh\/termin\/kaffeeverkostung-vor-dem-weltladen-2\/\">Kaffeeverkostung vor dem Weltladen<\/a><\/blockquote><iframe sandbox=\"allow-scripts\" security=\"restricted\" src=\"https:\/\/weltlaeden.de\/guetersloh\/termin\/kaffeeverkostung-vor-dem-weltladen-2\/embed\/#?secret=gBCPGhJoxy\" width=\"600\" height=\"338\" title=\"&#8222;Kaffeeverkostung vor dem Weltladen&#8220; &#8211; Weltladen G\u00fctersloh\" data-secret=\"gBCPGhJoxy\" frameborder=\"0\" marginwidth=\"0\" marginheight=\"0\" scrolling=\"no\" class=\"wp-embedded-content\"><\/iframe><script>\n\/*! This file is auto-generated *\/\n!function(d,l){\"use strict\";l.querySelector&&d.addEventListener&&\"undefined\"!=typeof URL&&(d.wp=d.wp||{},d.wp.receiveEmbedMessage||(d.wp.receiveEmbedMessage=function(e){var t=e.data;if((t||t.secret||t.message||t.value)&&!\/[^a-zA-Z0-9]\/.test(t.secret)){for(var s,r,n,a=l.querySelectorAll('iframe[data-secret=\"'+t.secret+'\"]'),o=l.querySelectorAll('blockquote[data-secret=\"'+t.secret+'\"]'),c=new RegExp(\"^https?:$\",\"i\"),i=0;i<o.length;i++)o[i].style.display=\"none\";for(i=0;i<a.length;i++)s=a[i],e.source===s.contentWindow&&(s.removeAttribute(\"style\"),\"height\"===t.message?(1e3<(r=parseInt(t.value,10))?r=1e3:~~r<200&&(r=200),s.height=r):\"link\"===t.message&&(r=new URL(s.getAttribute(\"src\")),n=new URL(t.value),c.test(n.protocol))&&n.host===r.host&&l.activeElement===s&&(d.top.location.href=t.value))}},d.addEventListener(\"message\",d.wp.receiveEmbedMessage,!1),l.addEventListener(\"DOMContentLoaded\",function(){for(var e,t,s=l.querySelectorAll(\"iframe.wp-embedded-content\"),r=0;r<s.length;r++)(t=(e=s[r]).getAttribute(\"data-secret\"))||(t=Math.random().toString(36).substring(2,12),e.src+=\"#?secret=\"+t,e.setAttribute(\"data-secret\",t)),e.contentWindow.postMessage({message:\"ready\",secret:t},\"*\")},!1)))}(window,document);\n<\/script>\n","description":"Am Rand der Aktionsfl\u00e4che von &#8222;G\u00fctersloh bl\u00fcht auf&#8220; k\u00f6nnen Sie am Samstag, 22. M\u00e4rz und (verkaufsoffenem) Sonntag, 23. M\u00e4rz verschiedene Kaffeesorten zum Aktionspreis probieren und nat\u00fcrlich f\u00fcr den weiteren Genuss zu hause auch erwerben! Welcher schmeckt Ihnen am besten? Wir sind gespannt!"}