{"version":"1.0","provider_name":"Weltladen G\u00fctersloh","provider_url":"https:\/\/weltlaeden.de\/guetersloh","title":"B\u00fcrgertag 2019 - Weltladen G\u00fctersloh","type":"rich","width":600,"height":338,"html":"<blockquote class=\"wp-embedded-content\" data-secret=\"mwkuxF0Ycf\"><a href=\"https:\/\/weltlaeden.de\/guetersloh\/termin\/beispieltermin\/\">B\u00fcrgertag 2019<\/a><\/blockquote><iframe sandbox=\"allow-scripts\" security=\"restricted\" src=\"https:\/\/weltlaeden.de\/guetersloh\/termin\/beispieltermin\/embed\/#?secret=mwkuxF0Ycf\" width=\"600\" height=\"338\" title=\"&#8222;B\u00fcrgertag 2019&#8220; &#8211; Weltladen G\u00fctersloh\" data-secret=\"mwkuxF0Ycf\" frameborder=\"0\" marginwidth=\"0\" marginheight=\"0\" scrolling=\"no\" class=\"wp-embedded-content\"><\/iframe><script>\n\/*! This file is auto-generated *\/\n!function(d,l){\"use strict\";l.querySelector&&d.addEventListener&&\"undefined\"!=typeof URL&&(d.wp=d.wp||{},d.wp.receiveEmbedMessage||(d.wp.receiveEmbedMessage=function(e){var t=e.data;if((t||t.secret||t.message||t.value)&&!\/[^a-zA-Z0-9]\/.test(t.secret)){for(var s,r,n,a=l.querySelectorAll('iframe[data-secret=\"'+t.secret+'\"]'),o=l.querySelectorAll('blockquote[data-secret=\"'+t.secret+'\"]'),c=new RegExp(\"^https?:$\",\"i\"),i=0;i<o.length;i++)o[i].style.display=\"none\";for(i=0;i<a.length;i++)s=a[i],e.source===s.contentWindow&&(s.removeAttribute(\"style\"),\"height\"===t.message?(1e3<(r=parseInt(t.value,10))?r=1e3:~~r<200&&(r=200),s.height=r):\"link\"===t.message&&(r=new URL(s.getAttribute(\"src\")),n=new URL(t.value),c.test(n.protocol))&&n.host===r.host&&l.activeElement===s&&(d.top.location.href=t.value))}},d.addEventListener(\"message\",d.wp.receiveEmbedMessage,!1),l.addEventListener(\"DOMContentLoaded\",function(){for(var e,t,s=l.querySelectorAll(\"iframe.wp-embedded-content\"),r=0;r<s.length;r++)(t=(e=s[r]).getAttribute(\"data-secret\"))||(t=Math.random().toString(36).substring(2,12),e.src+=\"#?secret=\"+t,e.setAttribute(\"data-secret\",t)),e.contentWindow.postMessage({message:\"ready\",secret:t},\"*\")},!1)))}(window,document);\n<\/script>\n","thumbnail_url":"https:\/\/weltlaeden.de\/guetersloh\/wp-content\/uploads\/sites\/108\/2017\/04\/clothes-1839935_1280-e1492960754277.jpg","thumbnail_width":1280,"thumbnail_height":438,"description":"Fairtrade auf dem B\u00fcrgertag Der Eine-Welt-G\u00fctersloh e.V. stellt sich vor und wirbt um Unterst\u00fctzung f\u00fcr den fairen Handel. Mit einem Ideenradwollen wir creative M\u00f6glichkeiten finden, wie wir pers\u00f6nlich und in unserem Umfeld die Gedanken des fairen Handels verbreiten k\u00f6nnen. Dazu gibt es Eistee aus Zutaten aus dem Weltladen G\u00fctersloh."}