{"id":691,"date":"2023-05-30T16:03:37","date_gmt":"2023-05-30T14:03:37","guid":{"rendered":"https:\/\/weltlaeden.de\/guestrow\/?page_id=691"},"modified":"2024-04-23T12:43:33","modified_gmt":"2024-04-23T10:43:33","slug":"deinjahr","status":"publish","type":"page","link":"https:\/\/weltlaeden.de\/guestrow\/deinjahr\/","title":{"rendered":"Dein Jahr"},"content":{"rendered":"<div class=\"wpb-content-wrapper\"><p>[vc_row][vc_column]<div class=\"wl_einzelbild\"><p><img loading=\"lazy\" decoding=\"async\" class=\"wp-image-631 aligncenter\" src=\"https:\/\/weltlaeden.de\/guestrow\/wp-content\/uploads\/sites\/161\/2021\/05\/P1050856-e1620072143484-300x109.jpg\" alt=\"\" width=\"936\" height=\"340\" srcset=\"https:\/\/weltlaeden.de\/guestrow\/wp-content\/uploads\/sites\/161\/2021\/05\/P1050856-e1620072143484-300x109.jpg 300w, https:\/\/weltlaeden.de\/guestrow\/wp-content\/uploads\/sites\/161\/2021\/05\/P1050856-e1620072143484-768x280.jpg 768w, https:\/\/weltlaeden.de\/guestrow\/wp-content\/uploads\/sites\/161\/2021\/05\/P1050856-e1620072143484-1024x373.jpg 1024w, https:\/\/weltlaeden.de\/guestrow\/wp-content\/uploads\/sites\/161\/2021\/05\/P1050856-e1620072143484.jpg 1920w\" sizes=\"auto, (max-width: 936px) 100vw, 936px\" \/><\/p><\/div>[vc_column_text]<\/p>\n<h1><span style=\"color: #ff9900\"><strong>Wir suchen Dich!<\/strong><br \/>\n<\/span><\/h1>\n<p>[\/vc_column_text][vc_empty_space height=&#8220;10 px&#8220;][vc_column_text]Der Weltladen G\u00fcstrow bietet allj\u00e4hrlich eine Einsatzstelle f\u00fcr <strong>das Freiwillige \u00d6kologische Jahr<\/strong> an.<\/p>\n<p><strong>G\u00f6nn Dir ein Jahr <\/strong><\/p>\n<p><strong>\u2026der Orientierung, des Luftholens und der Erfahrung.<\/strong><\/p>\n<p>W\u00e4hrend des F\u00d6J\u2019s (Freiwilliges \u00d6kologisches Jahr) kannst Du mit Menschen zusammenarbeiten und Dich gleichzeitig f\u00fcr eine gute Sache einsetzen. Denn im Weltladen G\u00fcstrow verkaufen wir ausschlie\u00dflich faire Produkte, deren Erl\u00f6s vor allem den Produzenten in den Ursprungsl\u00e4ndern zu Gute kommt. Du kannst Dich in Ruhe mit unserem vielf\u00e4ltigen Sortiment aus Handwerksprodukten und Lebensmitteln vertraut machen, um dann die KundInnen beraten zu k\u00f6nnen. Wir arbeiten meistens in 2er Teams, so dass Du eine erfahrene Kollegin an deiner Seite hast. <strong>Deine Arbeitszeiten entsprechen unseren \u00d6ffnungszeiten.<\/strong><\/p>\n<p>Neben den einw\u00f6chigen Seminaren, die der IB (internationale Bund, Tr\u00e4ger des F\u00d6Js) f\u00fcr alle F\u00d6Jler organisiert, darfst Du bei unseren Bildungsprojekten mitarbeiten und auch in die \u00d6ffentlichkeitsarbeit \u00fcber Social Media mit reinschnuppern. Zus\u00e4tzlich bekommst Du 24 Tage Urlaub im Jahr.<\/p>\n<p>&nbsp;<\/p>\n<p><strong>Das sagen Ehemalige \u00fcber das F\u00d6J bei uns:<\/strong><\/p>\n<p><em>\u201eMir pers\u00f6nlich hat es geholfen mich nach dem Schulabschluss zu sammeln und Klarheit zu schaffen. Die verschiedenen Komponenten und Eindr\u00fccke haben mir zu einem guten Start bzw. \u00dcbergang in mein eigenes Leben geholfen. Neue Herausforderungen, brachten mich dazu etwas \u00fcber mich hinaus zu wachsen. Ein F\u00d6J im Weltladen (..), m\u00f6chte ich jedem ans Herz legen.\u201c<\/em> <strong>(Aline Lent, F\u00d6Jlerin 2018)<\/strong><\/p>\n<p><em>\u201eIch empfand die Arbeit im Weltladen als abwechslungsreich und ich hatte vielf\u00e4ltige M\u00f6glichkeiten mich zu engagieren. W\u00e4hrend des F\u00d6J bin ich noch selbst\u00e4ndiger geworden und habe mich pers\u00f6nlich weiterentwickelt. <\/em><em>Ich kann es allen weiterempfehlen, die sich beruflich noch orientieren oder sich nach der Schule nicht gleich in eine Ausbildung oder Studium st\u00fcrzen wollen.\u201c<\/em> <strong>(Ulrike Retzlaff, F\u00d6Jlerin 2019)<\/strong><\/p>\n<p>&nbsp;<\/p>\n<p><strong>Du bist<\/strong> mindestens 18 Jahre alt (oder kurz davor) und hast Freude mit Menschen zu arbeiten?<br \/>\nDann schick uns deine Bewerbung an<a href=\"mailto:info@weltladen-guestrow.de\">\u00a0 info@weltladen-guestrow.de<\/a><\/p>\n<p><strong>Deine Ansprechpartnerin:<\/strong><\/p>\n<p>Daniela Kuptz, Weltladen G\u00fcstrow e.V., Markt 22, 18273 G\u00fcstrow<\/p>\n<p>Telefon f\u00fcr R\u00fcckfragen: 0179-4449521<\/p>\n<p><strong>Tr\u00e4ger:<\/strong><\/p>\n<p>IB Westmecklenburg, Dr.-K\u00fclz-Stra\u00dfe 20 , 19053 Schwerin<\/p>\n<p>Telefon: 0385-2074015<\/p>\n<p>Mail: <a href=\"mailto:freiwilligendienste.rostock@ib.de\">freiwilligendienste.rostock@ib.de<\/a><\/p>\n<p><strong>Antworten auf all deine Fragen<\/strong> zum freiwilligen \u00f6kologischen Jahr findest du in den FAQs: <a href=\"https:\/\/ib-freiwilligendienste.de\/standort\/211433\">https:\/\/ib-freiwilligendienste.de\/standort\/211433<\/a><\/p>\n<p>[\/vc_column_text][vc_empty_space height=&#8220;22px&#8220;][vc_empty_space height=&#8220;10px&#8220;]<div class=\"hr-thin style-line accent-border-color\" style=\"width: 100%;border-top-width: 2px;\"><\/div>[vc_column_text]<\/p>\n<p>&nbsp;<\/p>\n<h2><span style=\"color: #ff9900\">Mein F\u00d6J &#8211; Ein Bericht<br \/>\n<\/span><\/h2>\n<p>[\/vc_column_text][vc_column_text]Hallo ich bin Paul Gamper,<\/p>\n<p>19 Jahre alt und seit Anfang September 2020 f\u00fcr ein halbes Jahr im Weltladen G\u00fcstrow. Nach meinem Abitur wollte ich etwas praktisches und sinnvolles machen. In meiner Schulzeit belegte ich einen Projektkurs, welcher sich damit besch\u00e4ftige den Titel Fairtrade-School zu erlangen.<\/p>\n<p>Deshalb war ich mit dem Thema des Weltladenprojektes vertraut und wollte gerne mehr in diesem Bereich arbeiten.<\/p>\n<p>Meine T\u00e4tigkeiten als F\u00d6J-ler sind sehr verschiedenartig. Entsprechend der momentanen Situation, unterst\u00fctze ich vor allem die Mitarbeiter*innen im Weltladen, was vom Kassendienst, Beratung der Kunden bis hin zum Auspacken und Einsortieren neu angekommener Waren reicht. Hinzu kommt das Einarbeiten in verschiedenen Themengebiete, wof\u00fcr mir viele Materialien zur Verf\u00fcgung stehen.<\/p>\n<p>Neben diesen Aufgaben, stehe ich immer bereit, wenn irgendwelche Besorgungen f\u00fcr den Weltladen get\u00e4tigt werden m\u00fcssen. Abseits vom dem habe ich aber auch genug Zeit, um eigene Projekte und Ideen auszuarbeiten, wobei ich auch Unterst\u00fctzung erhalte, mir aber auch viel Freiraum gelassen wird. So konnte ich im Zuge des F\u00d6J-Projekts Socialmedia Werbung f\u00fcr Facebook und Instagram erstellen und frei gestalten Das finale Ergebnis findest du hier:<\/p>\n<p><a href=\"https:\/\/www.facebook.com\/WeltladenGuestrow\/photos\/pcb.1821259288021665\/1821257788021815\"><u>https:\/\/www.facebook.com\/WeltladenGuestrow\/photos\/pcb.1821259288021665\/1821257788021815<\/u><\/a><\/p>\n<p>Paul Gamper[\/vc_column_text][vc_empty_space height=&#8220;10px&#8220;][vc_column_text]<\/p>\n<h2><\/h2>\n<h2><span style=\"color: #ff9900\">Einen weiteren Bericht findest du hier <\/span><\/h2>\n<p>[\/vc_column_text][vc_tta_accordion][vc_tta_section title=&#8220;F\u00d6jlerin Ulrike (2018)&#8220; tab_id=&#8220;1626694491091-c19cb6f4-69dc&#8220;][vc_column_text]Ab Anfang September 2018 habe ich meinen Freiwilligendienst (F\u00d6J) im Weltladen G\u00fcstrow angefangen, weil mich nachhaltige Themen interessieren und ich gerne die Gelegenheit nutze in verschiedene T\u00e4tigkeitsfelder hineinzuschauen. \u00dcber den fairen Handel wusste ich schon <img loading=\"lazy\" decoding=\"async\" class=\"size-medium wp-image-579 alignleft\" src=\"https:\/\/weltlaeden.de\/guestrow\/wp-content\/uploads\/sites\/161\/2021\/05\/F\u00d6J-Ulrike-Retzlaff-300x225.jpg\" alt=\"\" width=\"300\" height=\"225\" srcset=\"https:\/\/weltlaeden.de\/guestrow\/wp-content\/uploads\/sites\/161\/2021\/05\/F\u00d6J-Ulrike-Retzlaff-300x225.jpg 300w, https:\/\/weltlaeden.de\/guestrow\/wp-content\/uploads\/sites\/161\/2021\/05\/F\u00d6J-Ulrike-Retzlaff-768x576.jpg 768w, https:\/\/weltlaeden.de\/guestrow\/wp-content\/uploads\/sites\/161\/2021\/05\/F\u00d6J-Ulrike-Retzlaff-1024x768.jpg 1024w, https:\/\/weltlaeden.de\/guestrow\/wp-content\/uploads\/sites\/161\/2021\/05\/F\u00d6J-Ulrike-Retzlaff.jpg 1920w\" sizes=\"auto, (max-width: 300px) 100vw, 300px\" \/>Grundlegendes, aber mir fehlte der Bezug dazu. Erst durch die Arbeit im Laden habe ich ein Bewusstsein f\u00fcr den Verkauf und den Kauf von fairen Produkten entwickelt.<\/p>\n<p>Im Laden bediente ich schon vom ersten Tag an die Kasse. Zu meinen Aufgaben geh\u00f6rte au\u00dferdem die Beratung von Kund_innen, die Pflege der Ladenfl\u00e4che und die Warenpr\u00e4sentation.<\/p>\n<p>Kurz darauf lernte ich auch die Vorbereitung und die Durchf\u00fchrung von Warenbestellungen.<\/p>\n<p>Teil des F\u00d6J ist au\u00dferdem die Durchf\u00fchrung eines Projekts. In diesem Rahmen organisierte und f\u00fchrte ich einen Aktionstag mit Verk\u00f6stigung durch. Ich betreute einen Stand vor unserem Laden, an dem ich selbst zubereitete Kostproben anbot, die zum Teil aus Produkte aus dem Weltladensortiment enthielten.<\/p>\n<p>Abgesehen von der Ladenarbeit, nahm ich an Planungstreffen der Bildungsgruppe teil, bei dem neue Projekte und Veranstaltungen geplant und besprochen wurden. Wir organisierten u.a. eine Ausstellung von inkota zum Thema Rohstoffgewinnung, welche im Rathaus angeschaut werden konnte. Ich nahm immer an der monatlichen Mitarbeiterversammlung teil, bei der ich auch mal Wissenswertes zu unseren Produkten vermittelte.<\/p>\n<p>Ich empfand die Arbeit im Weltladen als abwechslungsreich und man hat vielf\u00e4ltige M\u00f6glichkeiten sich zu engagieren.<\/p>\n<p>Durch das gro\u00dfe Team an ehrenamtlichen Mitarbeiter_innen habe ich Erfahrungen und Wissen der Dienst\u00e4lteren vermittelt bekommen.<\/p>\n<p>W\u00e4hrend des F\u00d6J bin ich noch selbst\u00e4ndiger geworden und habe mich pers\u00f6nlich weiterentwickelt.<\/p>\n<p>Ich kann es allen weiterempfehlen, die sich beruflich noch orientieren oder sich nach der Schule nicht gleich in eine Ausbildung oder Studium st\u00fcrzen wollen.<\/p>\n<p>Ich kann mir vorstellen mich weiter im Laden ehrenamtlich zu engagieren.[\/vc_column_text][\/vc_tta_section][\/vc_tta_accordion][\/vc_column][\/vc_row]<\/p>\n<\/div>","protected":false},"excerpt":{"rendered":"<p>[vc_row][vc_column][vc_column_text] Wir suchen Dich! [\/vc_column_text][vc_empty_space height=&#8220;10 px&#8220;][vc_column_text]Der Weltladen G\u00fcstrow bietet allj\u00e4hrlich eine Einsatzstelle f\u00fcr das Freiwillige \u00d6kologische Jahr an. G\u00f6nn Dir ein Jahr \u2026der Orientierung, des Luftholens und der Erfahrung. W\u00e4hrend des F\u00d6J\u2019s (Freiwilliges \u00d6kologisches Jahr) kannst Du mit Menschen zusammenarbeiten und Dich gleichzeitig f\u00fcr eine gute Sache einsetzen. Denn im Weltladen G\u00fcstrow verkaufen wir&hellip;<\/p>\n","protected":false},"author":231,"featured_media":0,"parent":0,"menu_order":1,"comment_status":"closed","ping_status":"closed","template":"","meta":{"footnotes":""},"class_list":["post-691","page","type-page","status-publish","hentry","description-off"],"yoast_head":"<!-- This site is optimized with the Yoast SEO plugin v26.8 - https:\/\/yoast.com\/product\/yoast-seo-wordpress\/ -->\n<title>Dein Jahr - Weltladen G\u00fcstrow<\/title>\n<meta name=\"robots\" content=\"index, follow, max-snippet:-1, max-image-preview:large, max-video-preview:-1\" \/>\n<link rel=\"canonical\" href=\"https:\/\/weltlaeden.de\/guestrow\/deinjahr\/\" \/>\n<meta property=\"og:locale\" content=\"de_DE\" \/>\n<meta property=\"og:type\" content=\"article\" \/>\n<meta property=\"og:title\" content=\"Dein Jahr - Weltladen G\u00fcstrow\" \/>\n<meta property=\"og:description\" content=\"[vc_row][vc_column][vc_column_text] Wir suchen Dich! [\/vc_column_text][vc_empty_space height=&#8220;10 px&#8220;][vc_column_text]Der Weltladen G\u00fcstrow bietet allj\u00e4hrlich eine Einsatzstelle f\u00fcr das Freiwillige \u00d6kologische Jahr an. G\u00f6nn Dir ein Jahr \u2026der Orientierung, des Luftholens und der Erfahrung. W\u00e4hrend des F\u00d6J\u2019s (Freiwilliges \u00d6kologisches Jahr) kannst Du mit Menschen zusammenarbeiten und Dich gleichzeitig f\u00fcr eine gute Sache einsetzen. Denn im Weltladen G\u00fcstrow verkaufen wir&hellip;\" \/>\n<meta property=\"og:url\" content=\"https:\/\/weltlaeden.de\/guestrow\/deinjahr\/\" \/>\n<meta property=\"og:site_name\" content=\"Weltladen G\u00fcstrow\" \/>\n<meta property=\"article:modified_time\" content=\"2024-04-23T10:43:33+00:00\" \/>\n<meta property=\"og:image\" content=\"https:\/\/weltlaeden.de\/guestrow\/wp-content\/uploads\/sites\/161\/2021\/05\/P1050856-e1620072143484-300x109.jpg\" \/>\n<meta name=\"twitter:card\" content=\"summary_large_image\" \/>\n<meta name=\"twitter:label1\" content=\"Gesch\u00e4tzte Lesezeit\" \/>\n\t<meta name=\"twitter:data1\" content=\"5\u00a0Minuten\" \/>\n<script type=\"application\/ld+json\" class=\"yoast-schema-graph\">{\"@context\":\"https:\/\/schema.org\",\"@graph\":[{\"@type\":\"WebPage\",\"@id\":\"https:\/\/weltlaeden.de\/guestrow\/deinjahr\/\",\"url\":\"https:\/\/weltlaeden.de\/guestrow\/deinjahr\/\",\"name\":\"Dein Jahr - Weltladen G\u00fcstrow\",\"isPartOf\":{\"@id\":\"https:\/\/weltlaeden.de\/guestrow\/#website\"},\"primaryImageOfPage\":{\"@id\":\"https:\/\/weltlaeden.de\/guestrow\/deinjahr\/#primaryimage\"},\"image\":{\"@id\":\"https:\/\/weltlaeden.de\/guestrow\/deinjahr\/#primaryimage\"},\"thumbnailUrl\":\"https:\/\/weltlaeden.de\/guestrow\/wp-content\/uploads\/sites\/161\/2021\/05\/P1050856-e1620072143484-300x109.jpg\",\"datePublished\":\"2023-05-30T14:03:37+00:00\",\"dateModified\":\"2024-04-23T10:43:33+00:00\",\"breadcrumb\":{\"@id\":\"https:\/\/weltlaeden.de\/guestrow\/deinjahr\/#breadcrumb\"},\"inLanguage\":\"de\",\"potentialAction\":[{\"@type\":\"ReadAction\",\"target\":[\"https:\/\/weltlaeden.de\/guestrow\/deinjahr\/\"]}]},{\"@type\":\"ImageObject\",\"inLanguage\":\"de\",\"@id\":\"https:\/\/weltlaeden.de\/guestrow\/deinjahr\/#primaryimage\",\"url\":\"https:\/\/weltlaeden.de\/guestrow\/wp-content\/uploads\/sites\/161\/2021\/05\/P1050856-e1620072143484.jpg\",\"contentUrl\":\"https:\/\/weltlaeden.de\/guestrow\/wp-content\/uploads\/sites\/161\/2021\/05\/P1050856-e1620072143484.jpg\",\"width\":1920,\"height\":700},{\"@type\":\"BreadcrumbList\",\"@id\":\"https:\/\/weltlaeden.de\/guestrow\/deinjahr\/#breadcrumb\",\"itemListElement\":[{\"@type\":\"ListItem\",\"position\":1,\"name\":\"Startseite\",\"item\":\"https:\/\/weltlaeden.de\/guestrow\/\"},{\"@type\":\"ListItem\",\"position\":2,\"name\":\"Dein Jahr\"}]},{\"@type\":\"WebSite\",\"@id\":\"https:\/\/weltlaeden.de\/guestrow\/#website\",\"url\":\"https:\/\/weltlaeden.de\/guestrow\/\",\"name\":\"Weltladen G\u00fcstrow\",\"description\":\"Faire Produkte seit 1990\",\"potentialAction\":[{\"@type\":\"SearchAction\",\"target\":{\"@type\":\"EntryPoint\",\"urlTemplate\":\"https:\/\/weltlaeden.de\/guestrow\/?s={search_term_string}\"},\"query-input\":{\"@type\":\"PropertyValueSpecification\",\"valueRequired\":true,\"valueName\":\"search_term_string\"}}],\"inLanguage\":\"de\"}]}<\/script>\n<!-- \/ Yoast SEO plugin. -->","yoast_head_json":{"title":"Dein Jahr - Weltladen G\u00fcstrow","robots":{"index":"index","follow":"follow","max-snippet":"max-snippet:-1","max-image-preview":"max-image-preview:large","max-video-preview":"max-video-preview:-1"},"canonical":"https:\/\/weltlaeden.de\/guestrow\/deinjahr\/","og_locale":"de_DE","og_type":"article","og_title":"Dein Jahr - Weltladen G\u00fcstrow","og_description":"[vc_row][vc_column][vc_column_text] Wir suchen Dich! [\/vc_column_text][vc_empty_space height=&#8220;10 px&#8220;][vc_column_text]Der Weltladen G\u00fcstrow bietet allj\u00e4hrlich eine Einsatzstelle f\u00fcr das Freiwillige \u00d6kologische Jahr an. G\u00f6nn Dir ein Jahr \u2026der Orientierung, des Luftholens und der Erfahrung. W\u00e4hrend des F\u00d6J\u2019s (Freiwilliges \u00d6kologisches Jahr) kannst Du mit Menschen zusammenarbeiten und Dich gleichzeitig f\u00fcr eine gute Sache einsetzen. Denn im Weltladen G\u00fcstrow verkaufen wir&hellip;","og_url":"https:\/\/weltlaeden.de\/guestrow\/deinjahr\/","og_site_name":"Weltladen G\u00fcstrow","article_modified_time":"2024-04-23T10:43:33+00:00","og_image":[{"url":"https:\/\/weltlaeden.de\/guestrow\/wp-content\/uploads\/sites\/161\/2021\/05\/P1050856-e1620072143484-300x109.jpg","type":"","width":"","height":""}],"twitter_card":"summary_large_image","twitter_misc":{"Gesch\u00e4tzte Lesezeit":"5\u00a0Minuten"},"schema":{"@context":"https:\/\/schema.org","@graph":[{"@type":"WebPage","@id":"https:\/\/weltlaeden.de\/guestrow\/deinjahr\/","url":"https:\/\/weltlaeden.de\/guestrow\/deinjahr\/","name":"Dein Jahr - Weltladen G\u00fcstrow","isPartOf":{"@id":"https:\/\/weltlaeden.de\/guestrow\/#website"},"primaryImageOfPage":{"@id":"https:\/\/weltlaeden.de\/guestrow\/deinjahr\/#primaryimage"},"image":{"@id":"https:\/\/weltlaeden.de\/guestrow\/deinjahr\/#primaryimage"},"thumbnailUrl":"https:\/\/weltlaeden.de\/guestrow\/wp-content\/uploads\/sites\/161\/2021\/05\/P1050856-e1620072143484-300x109.jpg","datePublished":"2023-05-30T14:03:37+00:00","dateModified":"2024-04-23T10:43:33+00:00","breadcrumb":{"@id":"https:\/\/weltlaeden.de\/guestrow\/deinjahr\/#breadcrumb"},"inLanguage":"de","potentialAction":[{"@type":"ReadAction","target":["https:\/\/weltlaeden.de\/guestrow\/deinjahr\/"]}]},{"@type":"ImageObject","inLanguage":"de","@id":"https:\/\/weltlaeden.de\/guestrow\/deinjahr\/#primaryimage","url":"https:\/\/weltlaeden.de\/guestrow\/wp-content\/uploads\/sites\/161\/2021\/05\/P1050856-e1620072143484.jpg","contentUrl":"https:\/\/weltlaeden.de\/guestrow\/wp-content\/uploads\/sites\/161\/2021\/05\/P1050856-e1620072143484.jpg","width":1920,"height":700},{"@type":"BreadcrumbList","@id":"https:\/\/weltlaeden.de\/guestrow\/deinjahr\/#breadcrumb","itemListElement":[{"@type":"ListItem","position":1,"name":"Startseite","item":"https:\/\/weltlaeden.de\/guestrow\/"},{"@type":"ListItem","position":2,"name":"Dein Jahr"}]},{"@type":"WebSite","@id":"https:\/\/weltlaeden.de\/guestrow\/#website","url":"https:\/\/weltlaeden.de\/guestrow\/","name":"Weltladen G\u00fcstrow","description":"Faire Produkte seit 1990","potentialAction":[{"@type":"SearchAction","target":{"@type":"EntryPoint","urlTemplate":"https:\/\/weltlaeden.de\/guestrow\/?s={search_term_string}"},"query-input":{"@type":"PropertyValueSpecification","valueRequired":true,"valueName":"search_term_string"}}],"inLanguage":"de"}]}},"_links":{"self":[{"href":"https:\/\/weltlaeden.de\/guestrow\/wp-json\/wp\/v2\/pages\/691","targetHints":{"allow":["GET"]}}],"collection":[{"href":"https:\/\/weltlaeden.de\/guestrow\/wp-json\/wp\/v2\/pages"}],"about":[{"href":"https:\/\/weltlaeden.de\/guestrow\/wp-json\/wp\/v2\/types\/page"}],"author":[{"embeddable":true,"href":"https:\/\/weltlaeden.de\/guestrow\/wp-json\/wp\/v2\/users\/231"}],"replies":[{"embeddable":true,"href":"https:\/\/weltlaeden.de\/guestrow\/wp-json\/wp\/v2\/comments?post=691"}],"version-history":[{"count":21,"href":"https:\/\/weltlaeden.de\/guestrow\/wp-json\/wp\/v2\/pages\/691\/revisions"}],"predecessor-version":[{"id":940,"href":"https:\/\/weltlaeden.de\/guestrow\/wp-json\/wp\/v2\/pages\/691\/revisions\/940"}],"wp:attachment":[{"href":"https:\/\/weltlaeden.de\/guestrow\/wp-json\/wp\/v2\/media?parent=691"}],"curies":[{"name":"wp","href":"https:\/\/api.w.org\/{rel}","templated":true}]}}