{"id":622,"date":"2021-05-03T21:46:36","date_gmt":"2021-05-03T19:46:36","guid":{"rendered":"https:\/\/weltlaeden.de\/guestrow\/?page_id=622"},"modified":"2023-07-20T13:09:02","modified_gmt":"2023-07-20T11:09:02","slug":"angebote-fuer-schulen","status":"publish","type":"page","link":"https:\/\/weltlaeden.de\/guestrow\/angebote-fuer-schulen\/","title":{"rendered":"Bildungsangebote"},"content":{"rendered":"<div class=\"wpb-content-wrapper\"><p>[vc_row][vc_column][vc_column_text]<\/p>\n<h1>Bildungsangebote<\/h1>\n<p>[\/vc_column_text][\/vc_column][\/vc_row][vc_row][vc_column][vc_tta_accordion][vc_tta_section title=&#8220;Angebote f\u00fcr Grundschulen, Klassenstufe 3\/4&#8243; tab_id=&#8220;1620124564134-5547ced3-1b2e&#8220;][vc_column_text]<\/p>\n<h2><span style=\"color: #ff9900\">Angebote f\u00fcr Grundschulen, Klassenstufe 3\/4<\/span><\/h2>\n<p>[\/vc_column_text][vc_empty_space height=&#8220;10px&#8220;][vc_column_text]<strong>Was ist eigentlich ein Weltladen?<\/strong><br \/>\nBesuch im Weltladen mit kleiner Bildungseinheit zum Fairen Handel<br \/>\nDauer: 60 Minuten, Unkostenbeitrag 1 \u20ac pro Person, maximal 15 Teilnehmende<\/p>\n<h2><span style=\"color: #ff9900\">Angebote f\u00fcr Sekundarstufe I und II<\/span><\/h2>\n<p>[\/vc_column_text][vc_empty_space height=&#8220;10px&#8220;][vc_column_text]In Kooperation mit dem \u00d6kohaus e. V. Rostock bieten wir f\u00fcr Sch\u00fclerInnen der Sekundarstufen I und II f\u00fcr einen Unkostenbeitrag ab 1,50 \u20ac pro Teilnehmer und eine Projektdauer von 3 bis 5 Unterrichtsstunden folgende Themen an:<\/p>\n<p><strong>Planspiel Kakao<\/strong><br \/>\nDieses Planspiel soll die Spielenden dazu anregen, sich ein Bild \u00fcber die Situation des konventionellen und des fairen Handels mit Kakao zu machen. Dabei ergeben sich entlang der Produktionskette von Kakao unterschiedliche Rollen.<br \/>\nDurch das Spiel erhalten die TeilnehmerInnen einen Einblick in die Strukturen des konventionellen Handels und dessen Auswirkungen f\u00fcr die meisten Kakaobauern auf der Welt.<\/p>\n<p><strong>Welthandel und Fairer Handel<\/strong><br \/>\nKakao und Schokolade sind beliebte Lebensmittel in Deutschland. An diesem Projekttag setzen sich d<img loading=\"lazy\" decoding=\"async\" class=\"size-medium wp-image-625 alignright\" src=\"https:\/\/weltlaeden.de\/guestrow\/wp-content\/uploads\/sites\/161\/2021\/05\/DSC02575-300x225.jpg\" alt=\"\" width=\"300\" height=\"225\" srcset=\"https:\/\/weltlaeden.de\/guestrow\/wp-content\/uploads\/sites\/161\/2021\/05\/DSC02575-300x225.jpg 300w, https:\/\/weltlaeden.de\/guestrow\/wp-content\/uploads\/sites\/161\/2021\/05\/DSC02575-768x576.jpg 768w, https:\/\/weltlaeden.de\/guestrow\/wp-content\/uploads\/sites\/161\/2021\/05\/DSC02575-1024x768.jpg 1024w, https:\/\/weltlaeden.de\/guestrow\/wp-content\/uploads\/sites\/161\/2021\/05\/DSC02575.jpg 1920w\" sizes=\"auto, (max-width: 300px) 100vw, 300px\" \/>ie Sch\u00fcler\/innen mit dem Anbau von Kakao, den Lebensbedingungen von Kakaobauern und dem Handel mit Kakao und Schokolade auseinander.<\/p>\n<p style=\"text-align: justify\"><strong>Wasser. Ein globales Gut?!<\/strong><br \/>\nDas Leben des Menschen h\u00e4ngt vom Wasser ab. Und doch haben noch viele Menschen keinen Zugang zu sauberem Trinkwasser.<br \/>\nIn diesem Projekt erfahren die Sch\u00fcler\/innen warum immer mehr Kriege ums Wasser gef\u00fchrt werden und welche Vor- und Nachteile die Privatisierung von Wasser bergen. Wir diskutieren dar\u00fcber, wie ein Wassermanagement nachhaltig gestaltet werden k\u00f6nnte.<\/p>\n<p><strong>Wer arbeitet f\u00fcr unseren Wohlstand?<\/strong><br \/>\nBilliger, schneller, flexibler \u2026 unter diesem Motto arbeiten Menschen heute auf der ganzen Welt. Die Folgen sind Arbeitslosigkeit, Armut trotz Arbeit und prek\u00e4re Arbeitsverh\u00e4ltnisse. Am Beispiel von Kleidung werden wir uns mit Arbeitsbedingungen von Produzent\/innen auseinandersetzen. Dabei diskutieren wir, wie sich die Liberalisierung des Welthandels aus weltweite Arbeitsstrukturen auswirkt. Anschlie\u00dfend wollen wir Wege f\u00fcr eine zukunftsf\u00e4hige Entwicklung erarbeiten.<\/p>\n<p>Weitere Themen aus dem Feld des Globalen Lernens gerne auf Anfrage. Mehr dazu auch unter <a href=\"http:\/\/www.oekohaus-rostock.de\/bildung\/themen\/\">http:\/\/www.oekohaus-rostock.de\/bildung\/themen\/<\/a>[\/vc_column_text][\/vc_tta_section][\/vc_tta_accordion][vc_empty_space][vc_column_text]<\/p>\n<h2><span style=\"color: #ff9900\">Kontakt Bildungsangebot Weltladen G\u00fcstrow:<\/span><\/h2>\n<p>[\/vc_column_text]<div class=\"hr-thin style-line accent-border-color\" style=\"width: 100%;border-top-width: 1px;\"><\/div>[vc_empty_space height=&#8220;10px&#8220;][vc_column_text]Dorothee Dettmann<\/p>\n<p><a href=\"mailto:bildung@weltladen-guestrow.de\">bildung@weltladen-guestrow.de<\/a>[\/vc_column_text][vc_empty_space height=&#8220;10px&#8220;]<div class=\"hr-thin style-line accent-border-color\" style=\"width: 100%;border-top-width: 1px;\"><\/div>[vc_empty_space height=&#8220;10px&#8220;]<div class=\"wl_einzelbild\"><p><img loading=\"lazy\" decoding=\"async\" class=\"wp-image-631 aligncenter\" src=\"https:\/\/weltlaeden.de\/guestrow\/wp-content\/uploads\/sites\/161\/2021\/05\/P1050856-e1620072143484-300x109.jpg\" alt=\"\" width=\"919\" height=\"334\" srcset=\"https:\/\/weltlaeden.de\/guestrow\/wp-content\/uploads\/sites\/161\/2021\/05\/P1050856-e1620072143484-300x109.jpg 300w, https:\/\/weltlaeden.de\/guestrow\/wp-content\/uploads\/sites\/161\/2021\/05\/P1050856-e1620072143484-768x280.jpg 768w, https:\/\/weltlaeden.de\/guestrow\/wp-content\/uploads\/sites\/161\/2021\/05\/P1050856-e1620072143484-1024x373.jpg 1024w, https:\/\/weltlaeden.de\/guestrow\/wp-content\/uploads\/sites\/161\/2021\/05\/P1050856-e1620072143484.jpg 1920w\" sizes=\"auto, (max-width: 919px) 100vw, 919px\" \/><\/p><\/div>[vc_column_text]<\/p>\n<h1>Ladenf\u00fchrungen<\/h1>\n<p>[\/vc_column_text][vc_column_text]F\u00fcr Angebote f\u00fcr Erwachsenengruppen oder kleine individuelle Ladenf\u00fchrungen sprechen Sie uns bitte gerne an. Wir haben die Erfahrung gemacht, dass eine Gruppe von bis zu maximal 15 Personen gut zur selben Zeit im Laden sein kann.[\/vc_column_text][vc_empty_space height=&#8220;20px&#8220;][vc_column_text]<\/p>\n<h2><span style=\"color: #ff9900\">Kontakt Ladenkoordination Weltladen G\u00fcstrow:<\/span><\/h2>\n<p>[\/vc_column_text][vc_empty_space height=&#8220;20px&#8220;][vc_column_text]Erika Maurer<br \/>\nTelefon: 03843 &#8211; 46 50 95<br \/>\n<a href=\"mailto:info@weltladen-guestrow.de\">info@weltladen-guestrow.de<\/a>[\/vc_column_text][\/vc_column][\/vc_row]<\/p>\n<\/div>","protected":false},"excerpt":{"rendered":"<p>[vc_row][vc_column][vc_column_text] Bildungsangebote [\/vc_column_text][\/vc_column][\/vc_row][vc_row][vc_column][vc_tta_accordion][vc_tta_section title=&#8220;Angebote f\u00fcr Grundschulen, Klassenstufe 3\/4&#8243; tab_id=&#8220;1620124564134-5547ced3-1b2e&#8220;][vc_column_text] Angebote f\u00fcr Grundschulen, Klassenstufe 3\/4 [\/vc_column_text][vc_empty_space height=&#8220;10px&#8220;][vc_column_text]Was ist eigentlich ein Weltladen? Besuch im Weltladen mit kleiner Bildungseinheit zum Fairen Handel Dauer: 60 Minuten, Unkostenbeitrag 1 \u20ac pro Person, maximal 15 Teilnehmende Angebote f\u00fcr Sekundarstufe I und II [\/vc_column_text][vc_empty_space height=&#8220;10px&#8220;][vc_column_text]In Kooperation mit dem \u00d6kohaus e. V. Rostock&hellip;<\/p>\n","protected":false},"author":231,"featured_media":0,"parent":0,"menu_order":3,"comment_status":"closed","ping_status":"closed","template":"","meta":{"footnotes":""},"class_list":["post-622","page","type-page","status-publish","hentry","description-off"],"yoast_head":"<!-- This site is optimized with the Yoast SEO plugin v26.8 - https:\/\/yoast.com\/product\/yoast-seo-wordpress\/ -->\n<title>Bildungsangebote - Weltladen G\u00fcstrow<\/title>\n<meta name=\"robots\" content=\"index, follow, max-snippet:-1, max-image-preview:large, max-video-preview:-1\" \/>\n<link rel=\"canonical\" href=\"https:\/\/weltlaeden.de\/guestrow\/angebote-fuer-schulen\/\" \/>\n<meta property=\"og:locale\" content=\"de_DE\" \/>\n<meta property=\"og:type\" content=\"article\" \/>\n<meta property=\"og:title\" content=\"Bildungsangebote - Weltladen G\u00fcstrow\" \/>\n<meta property=\"og:description\" content=\"[vc_row][vc_column][vc_column_text] Bildungsangebote [\/vc_column_text][\/vc_column][\/vc_row][vc_row][vc_column][vc_tta_accordion][vc_tta_section title=&#8220;Angebote f\u00fcr Grundschulen, Klassenstufe 3\/4&#8243; tab_id=&#8220;1620124564134-5547ced3-1b2e&#8220;][vc_column_text] Angebote f\u00fcr Grundschulen, Klassenstufe 3\/4 [\/vc_column_text][vc_empty_space height=&#8220;10px&#8220;][vc_column_text]Was ist eigentlich ein Weltladen? Besuch im Weltladen mit kleiner Bildungseinheit zum Fairen Handel Dauer: 60 Minuten, Unkostenbeitrag 1 \u20ac pro Person, maximal 15 Teilnehmende Angebote f\u00fcr Sekundarstufe I und II [\/vc_column_text][vc_empty_space height=&#8220;10px&#8220;][vc_column_text]In Kooperation mit dem \u00d6kohaus e. V. Rostock&hellip;\" \/>\n<meta property=\"og:url\" content=\"https:\/\/weltlaeden.de\/guestrow\/angebote-fuer-schulen\/\" \/>\n<meta property=\"og:site_name\" content=\"Weltladen G\u00fcstrow\" \/>\n<meta property=\"article:modified_time\" content=\"2023-07-20T11:09:02+00:00\" \/>\n<meta property=\"og:image\" content=\"https:\/\/weltlaeden.de\/guestrow\/wp-content\/uploads\/sites\/161\/2021\/05\/DSC02575-300x225.jpg\" \/>\n<meta name=\"twitter:card\" content=\"summary_large_image\" \/>\n<meta name=\"twitter:label1\" content=\"Gesch\u00e4tzte Lesezeit\" \/>\n\t<meta name=\"twitter:data1\" content=\"3\u00a0Minuten\" \/>\n<script type=\"application\/ld+json\" class=\"yoast-schema-graph\">{\"@context\":\"https:\/\/schema.org\",\"@graph\":[{\"@type\":\"WebPage\",\"@id\":\"https:\/\/weltlaeden.de\/guestrow\/angebote-fuer-schulen\/\",\"url\":\"https:\/\/weltlaeden.de\/guestrow\/angebote-fuer-schulen\/\",\"name\":\"Bildungsangebote - Weltladen G\u00fcstrow\",\"isPartOf\":{\"@id\":\"https:\/\/weltlaeden.de\/guestrow\/#website\"},\"primaryImageOfPage\":{\"@id\":\"https:\/\/weltlaeden.de\/guestrow\/angebote-fuer-schulen\/#primaryimage\"},\"image\":{\"@id\":\"https:\/\/weltlaeden.de\/guestrow\/angebote-fuer-schulen\/#primaryimage\"},\"thumbnailUrl\":\"https:\/\/weltlaeden.de\/guestrow\/wp-content\/uploads\/sites\/161\/2021\/05\/DSC02575-300x225.jpg\",\"datePublished\":\"2021-05-03T19:46:36+00:00\",\"dateModified\":\"2023-07-20T11:09:02+00:00\",\"breadcrumb\":{\"@id\":\"https:\/\/weltlaeden.de\/guestrow\/angebote-fuer-schulen\/#breadcrumb\"},\"inLanguage\":\"de\",\"potentialAction\":[{\"@type\":\"ReadAction\",\"target\":[\"https:\/\/weltlaeden.de\/guestrow\/angebote-fuer-schulen\/\"]}]},{\"@type\":\"ImageObject\",\"inLanguage\":\"de\",\"@id\":\"https:\/\/weltlaeden.de\/guestrow\/angebote-fuer-schulen\/#primaryimage\",\"url\":\"https:\/\/weltlaeden.de\/guestrow\/wp-content\/uploads\/sites\/161\/2021\/05\/DSC02575.jpg\",\"contentUrl\":\"https:\/\/weltlaeden.de\/guestrow\/wp-content\/uploads\/sites\/161\/2021\/05\/DSC02575.jpg\",\"width\":1920,\"height\":1440},{\"@type\":\"BreadcrumbList\",\"@id\":\"https:\/\/weltlaeden.de\/guestrow\/angebote-fuer-schulen\/#breadcrumb\",\"itemListElement\":[{\"@type\":\"ListItem\",\"position\":1,\"name\":\"Startseite\",\"item\":\"https:\/\/weltlaeden.de\/guestrow\/\"},{\"@type\":\"ListItem\",\"position\":2,\"name\":\"Bildungsangebote\"}]},{\"@type\":\"WebSite\",\"@id\":\"https:\/\/weltlaeden.de\/guestrow\/#website\",\"url\":\"https:\/\/weltlaeden.de\/guestrow\/\",\"name\":\"Weltladen G\u00fcstrow\",\"description\":\"Faire Produkte seit 1990\",\"potentialAction\":[{\"@type\":\"SearchAction\",\"target\":{\"@type\":\"EntryPoint\",\"urlTemplate\":\"https:\/\/weltlaeden.de\/guestrow\/?s={search_term_string}\"},\"query-input\":{\"@type\":\"PropertyValueSpecification\",\"valueRequired\":true,\"valueName\":\"search_term_string\"}}],\"inLanguage\":\"de\"}]}<\/script>\n<!-- \/ Yoast SEO plugin. -->","yoast_head_json":{"title":"Bildungsangebote - Weltladen G\u00fcstrow","robots":{"index":"index","follow":"follow","max-snippet":"max-snippet:-1","max-image-preview":"max-image-preview:large","max-video-preview":"max-video-preview:-1"},"canonical":"https:\/\/weltlaeden.de\/guestrow\/angebote-fuer-schulen\/","og_locale":"de_DE","og_type":"article","og_title":"Bildungsangebote - Weltladen G\u00fcstrow","og_description":"[vc_row][vc_column][vc_column_text] Bildungsangebote [\/vc_column_text][\/vc_column][\/vc_row][vc_row][vc_column][vc_tta_accordion][vc_tta_section title=&#8220;Angebote f\u00fcr Grundschulen, Klassenstufe 3\/4&#8243; tab_id=&#8220;1620124564134-5547ced3-1b2e&#8220;][vc_column_text] Angebote f\u00fcr Grundschulen, Klassenstufe 3\/4 [\/vc_column_text][vc_empty_space height=&#8220;10px&#8220;][vc_column_text]Was ist eigentlich ein Weltladen? Besuch im Weltladen mit kleiner Bildungseinheit zum Fairen Handel Dauer: 60 Minuten, Unkostenbeitrag 1 \u20ac pro Person, maximal 15 Teilnehmende Angebote f\u00fcr Sekundarstufe I und II [\/vc_column_text][vc_empty_space height=&#8220;10px&#8220;][vc_column_text]In Kooperation mit dem \u00d6kohaus e. V. Rostock&hellip;","og_url":"https:\/\/weltlaeden.de\/guestrow\/angebote-fuer-schulen\/","og_site_name":"Weltladen G\u00fcstrow","article_modified_time":"2023-07-20T11:09:02+00:00","og_image":[{"url":"https:\/\/weltlaeden.de\/guestrow\/wp-content\/uploads\/sites\/161\/2021\/05\/DSC02575-300x225.jpg","type":"","width":"","height":""}],"twitter_card":"summary_large_image","twitter_misc":{"Gesch\u00e4tzte Lesezeit":"3\u00a0Minuten"},"schema":{"@context":"https:\/\/schema.org","@graph":[{"@type":"WebPage","@id":"https:\/\/weltlaeden.de\/guestrow\/angebote-fuer-schulen\/","url":"https:\/\/weltlaeden.de\/guestrow\/angebote-fuer-schulen\/","name":"Bildungsangebote - Weltladen G\u00fcstrow","isPartOf":{"@id":"https:\/\/weltlaeden.de\/guestrow\/#website"},"primaryImageOfPage":{"@id":"https:\/\/weltlaeden.de\/guestrow\/angebote-fuer-schulen\/#primaryimage"},"image":{"@id":"https:\/\/weltlaeden.de\/guestrow\/angebote-fuer-schulen\/#primaryimage"},"thumbnailUrl":"https:\/\/weltlaeden.de\/guestrow\/wp-content\/uploads\/sites\/161\/2021\/05\/DSC02575-300x225.jpg","datePublished":"2021-05-03T19:46:36+00:00","dateModified":"2023-07-20T11:09:02+00:00","breadcrumb":{"@id":"https:\/\/weltlaeden.de\/guestrow\/angebote-fuer-schulen\/#breadcrumb"},"inLanguage":"de","potentialAction":[{"@type":"ReadAction","target":["https:\/\/weltlaeden.de\/guestrow\/angebote-fuer-schulen\/"]}]},{"@type":"ImageObject","inLanguage":"de","@id":"https:\/\/weltlaeden.de\/guestrow\/angebote-fuer-schulen\/#primaryimage","url":"https:\/\/weltlaeden.de\/guestrow\/wp-content\/uploads\/sites\/161\/2021\/05\/DSC02575.jpg","contentUrl":"https:\/\/weltlaeden.de\/guestrow\/wp-content\/uploads\/sites\/161\/2021\/05\/DSC02575.jpg","width":1920,"height":1440},{"@type":"BreadcrumbList","@id":"https:\/\/weltlaeden.de\/guestrow\/angebote-fuer-schulen\/#breadcrumb","itemListElement":[{"@type":"ListItem","position":1,"name":"Startseite","item":"https:\/\/weltlaeden.de\/guestrow\/"},{"@type":"ListItem","position":2,"name":"Bildungsangebote"}]},{"@type":"WebSite","@id":"https:\/\/weltlaeden.de\/guestrow\/#website","url":"https:\/\/weltlaeden.de\/guestrow\/","name":"Weltladen G\u00fcstrow","description":"Faire Produkte seit 1990","potentialAction":[{"@type":"SearchAction","target":{"@type":"EntryPoint","urlTemplate":"https:\/\/weltlaeden.de\/guestrow\/?s={search_term_string}"},"query-input":{"@type":"PropertyValueSpecification","valueRequired":true,"valueName":"search_term_string"}}],"inLanguage":"de"}]}},"_links":{"self":[{"href":"https:\/\/weltlaeden.de\/guestrow\/wp-json\/wp\/v2\/pages\/622","targetHints":{"allow":["GET"]}}],"collection":[{"href":"https:\/\/weltlaeden.de\/guestrow\/wp-json\/wp\/v2\/pages"}],"about":[{"href":"https:\/\/weltlaeden.de\/guestrow\/wp-json\/wp\/v2\/types\/page"}],"author":[{"embeddable":true,"href":"https:\/\/weltlaeden.de\/guestrow\/wp-json\/wp\/v2\/users\/231"}],"replies":[{"embeddable":true,"href":"https:\/\/weltlaeden.de\/guestrow\/wp-json\/wp\/v2\/comments?post=622"}],"version-history":[{"count":15,"href":"https:\/\/weltlaeden.de\/guestrow\/wp-json\/wp\/v2\/pages\/622\/revisions"}],"predecessor-version":[{"id":904,"href":"https:\/\/weltlaeden.de\/guestrow\/wp-json\/wp\/v2\/pages\/622\/revisions\/904"}],"wp:attachment":[{"href":"https:\/\/weltlaeden.de\/guestrow\/wp-json\/wp\/v2\/media?parent=622"}],"curies":[{"name":"wp","href":"https:\/\/api.w.org\/{rel}","templated":true}]}}